{"id":70401,"date":"2025-11-25T09:06:32","date_gmt":"2025-11-25T09:06:32","guid":{"rendered":""},"modified":"2025-11-25T09:06:32","modified_gmt":"2025-11-25T09:06:32","slug":"finale-aktion-derecho-mercantil-12a-ed-2023-70401","status":"publish","type":"product","link":"https:\/\/www.casadelectores.com\/index.php\/producto\/finale-aktion-derecho-mercantil-12a-ed-2023-70401\/","title":{"rendered":"Finale Aktion DERECHO MERCANTIL 12\u00aa ED. 2023"},"content":{"rendered":"<p>El presente manual contiene los conceptos fundamentales que dan forma a la asignatura Derecho Mercantil, impartida por la UDIMA en el segundo curso de los grados en Administraci\u00f3n y Direcci\u00f3n de Empresas, Ciencias del Trabajo, Relaciones Laborales y Recursos Humanos, Econom\u00eda y Empresas y Actividades Tur\u00edsticas.A trav\u00e9s de diez cap\u00edtulos se pretende explicar el entorno empresarial, proporcionando una visi\u00f3n general del mismo, mediante la explicaci\u00f3n y el estudio de las normas jur\u00eddicas que regulan la empresa como organizaci\u00f3n dedicada a crear valor para la sociedad en su conjunto. En particular, se hace especial hincapi\u00e9 en temas tales como el empresario individual, la contabilidad formal y material, la tipolog\u00eda societaria, los t\u00edtulos-valores, el estudio general de las obligaciones y contratos mercantiles y, finalmente, las nociones m\u00e1s fundamentales de la instituci\u00f3n del concurso de acreedores.El m\u00e9todo seguido en el manual que se presenta es eminentemente did\u00e1ctico en sus explicaciones y formas, con variados ejemplos y cuadros de puntual precisi\u00f3n al hilo de los aspectos que pueden resultar m\u00e1s complejos, de tal manera que al alumno se le facilita la comprensi\u00f3n de las nociones esenciales de la asignatura. \u00ab,<\/p>\n","protected":false},"excerpt":{"rendered":"<p>El presente manual contiene los conceptos fundamentales que dan forma a la asignatura Derecho Mercantil, impartida por la UDIMA en el segundo curso de los grados en Administraci\u00f3n y Direcci\u00f3n de Empresas, Ciencias del Trabajo, Relaciones Laborales y Recursos Humanos, Econom\u00eda y Empresas y Actividades Tur\u00edsticas.A trav\u00e9s de diez cap\u00edtulos se pretende explicar el entorno&hellip;&nbsp;<a href=\"https:\/\/www.casadelectores.com\/index.php\/producto\/finale-aktion-derecho-mercantil-12a-ed-2023-70401\/\" rel=\"bookmark\"><span class=\"screen-reader-text\">Finale Aktion DERECHO MERCANTIL 12\u00aa ED. 2023<\/span><\/a><\/p>\n","protected":false},"featured_media":70497,"template":"","meta":{"neve_meta_sidebar":"","neve_meta_container":"","neve_meta_enable_content_width":"","neve_meta_content_width":0,"neve_meta_title_alignment":"","neve_meta_author_avatar":"","neve_post_elements_order":"","neve_meta_disable_header":"","neve_meta_disable_footer":"","neve_meta_disable_title":"","_themeisle_gutenberg_block_has_review":false},"product_brand":[],"product_cat":[26],"product_tag":[],"class_list":["post-70401","product","type-product","status-publish","has-post-thumbnail","product_cat-publicaciones-de-libros","first","instock","sale","shipping-taxable","purchasable","product-type-simple"],"yoast_head":"<!-- This site is optimized with the Yoast SEO plugin v26.3 - https:\/\/yoast.com\/wordpress\/plugins\/seo\/ -->\n<title>Finale Aktion DERECHO MERCANTIL 12\u00aa ED. 2023 - casadelectores<\/title>\n<meta name=\"robots\" content=\"index, follow, max-snippet:-1, max-image-preview:large, max-video-preview:-1\" \/>\n<link rel=\"canonical\" href=\"https:\/\/www.casadelectores.com\/index.php\/producto\/finale-aktion-derecho-mercantil-12a-ed-2023-70401\/\" \/>\n<meta property=\"og:locale\" content=\"es_ES\" \/>\n<meta property=\"og:type\" content=\"article\" \/>\n<meta property=\"og:title\" content=\"Finale Aktion DERECHO MERCANTIL 12\u00aa ED. 2023 - casadelectores\" \/>\n<meta property=\"og:description\" content=\"El presente manual contiene los conceptos fundamentales que dan forma a la asignatura Derecho Mercantil, impartida por la UDIMA en el segundo curso de los grados en Administraci\u00f3n y Direcci\u00f3n de Empresas, Ciencias del Trabajo, Relaciones Laborales y Recursos Humanos, Econom\u00eda y Empresas y Actividades Tur\u00edsticas.A trav\u00e9s de diez cap\u00edtulos se pretende explicar el entorno&hellip;&nbsp;Finale Aktion DERECHO MERCANTIL 12\u00aa ED. 2023\" \/>\n<meta property=\"og:url\" content=\"https:\/\/www.casadelectores.com\/index.php\/producto\/finale-aktion-derecho-mercantil-12a-ed-2023-70401\/\" \/>\n<meta property=\"og:site_name\" content=\"casadelectores\" \/>\n<meta property=\"og:image\" content=\"https:\/\/www.casadelectores.com\/wp-content\/uploads\/2025\/SK0210044-DE20251119-101116-0-1763518287-978844544498.webp\" \/>\n\t<meta property=\"og:image:width\" content=\"300\" \/>\n\t<meta property=\"og:image:height\" content=\"423\" \/>\n\t<meta property=\"og:image:type\" content=\"image\/webp\" \/>\n<meta name=\"twitter:card\" content=\"summary_large_image\" \/>\n<meta name=\"twitter:label1\" content=\"Tiempo de lectura\" \/>\n\t<meta name=\"twitter:data1\" content=\"1 minuto\" \/>\n<script type=\"application\/ld+json\" class=\"yoast-schema-graph\">{\"@context\":\"https:\/\/schema.org\",\"@graph\":[{\"@type\":\"WebPage\",\"@id\":\"https:\/\/www.casadelectores.com\/index.php\/producto\/finale-aktion-derecho-mercantil-12a-ed-2023-70401\/\",\"url\":\"https:\/\/www.casadelectores.com\/index.php\/producto\/finale-aktion-derecho-mercantil-12a-ed-2023-70401\/\",\"name\":\"Finale Aktion DERECHO MERCANTIL 12\u00aa ED. 2023 - casadelectores\",\"isPartOf\":{\"@id\":\"https:\/\/www.casadelectores.com\/#website\"},\"primaryImageOfPage\":{\"@id\":\"https:\/\/www.casadelectores.com\/index.php\/producto\/finale-aktion-derecho-mercantil-12a-ed-2023-70401\/#primaryimage\"},\"image\":{\"@id\":\"https:\/\/www.casadelectores.com\/index.php\/producto\/finale-aktion-derecho-mercantil-12a-ed-2023-70401\/#primaryimage\"},\"thumbnailUrl\":\"https:\/\/www.casadelectores.com\/wp-content\/uploads\/2025\/SK0210044-DE20251119-101116-0-1763518287-978844544498.webp\",\"datePublished\":\"2025-11-25T09:06:32+00:00\",\"breadcrumb\":{\"@id\":\"https:\/\/www.casadelectores.com\/index.php\/producto\/finale-aktion-derecho-mercantil-12a-ed-2023-70401\/#breadcrumb\"},\"inLanguage\":\"es\",\"potentialAction\":[{\"@type\":\"ReadAction\",\"target\":[\"https:\/\/www.casadelectores.com\/index.php\/producto\/finale-aktion-derecho-mercantil-12a-ed-2023-70401\/\"]}]},{\"@type\":\"ImageObject\",\"inLanguage\":\"es\",\"@id\":\"https:\/\/www.casadelectores.com\/index.php\/producto\/finale-aktion-derecho-mercantil-12a-ed-2023-70401\/#primaryimage\",\"url\":\"https:\/\/www.casadelectores.com\/wp-content\/uploads\/2025\/SK0210044-DE20251119-101116-0-1763518287-978844544498.webp\",\"contentUrl\":\"https:\/\/www.casadelectores.com\/wp-content\/uploads\/2025\/SK0210044-DE20251119-101116-0-1763518287-978844544498.webp\",\"width\":300,\"height\":423},{\"@type\":\"BreadcrumbList\",\"@id\":\"https:\/\/www.casadelectores.com\/index.php\/producto\/finale-aktion-derecho-mercantil-12a-ed-2023-70401\/#breadcrumb\",\"itemListElement\":[{\"@type\":\"ListItem\",\"position\":1,\"name\":\"Portada\",\"item\":\"https:\/\/www.casadelectores.com\/\"},{\"@type\":\"ListItem\",\"position\":2,\"name\":\"Shop\",\"item\":\"https:\/\/www.casadelectores.com\/index.php\/shop\/\"},{\"@type\":\"ListItem\",\"position\":3,\"name\":\"Finale Aktion DERECHO MERCANTIL 12\u00aa ED. 2023\"}]},{\"@type\":\"WebSite\",\"@id\":\"https:\/\/www.casadelectores.com\/#website\",\"url\":\"https:\/\/www.casadelectores.com\/\",\"name\":\"Enam\u00f3rate de las compras\",\"description\":\"\",\"publisher\":{\"@id\":\"https:\/\/www.casadelectores.com\/#organization\"},\"potentialAction\":[{\"@type\":\"SearchAction\",\"target\":{\"@type\":\"EntryPoint\",\"urlTemplate\":\"https:\/\/www.casadelectores.com\/?s={search_term_string}\"},\"query-input\":{\"@type\":\"PropertyValueSpecification\",\"valueRequired\":true,\"valueName\":\"search_term_string\"}}],\"inLanguage\":\"es\"},{\"@type\":\"Organization\",\"@id\":\"https:\/\/www.casadelectores.com\/#organization\",\"name\":\"Enam\u00f3rate de las compras\",\"url\":\"https:\/\/www.casadelectores.com\/\",\"logo\":{\"@type\":\"ImageObject\",\"inLanguage\":\"es\",\"@id\":\"https:\/\/www.casadelectores.com\/#\/schema\/logo\/image\/\",\"url\":\"https:\/\/www.casadelectores.com\/wp-content\/uploads\/2020\/10\/shop-icon.png\",\"contentUrl\":\"https:\/\/www.casadelectores.com\/wp-content\/uploads\/2020\/10\/shop-icon.png\",\"width\":512,\"height\":512,\"caption\":\"Enam\u00f3rate de las compras\"},\"image\":{\"@id\":\"https:\/\/www.casadelectores.com\/#\/schema\/logo\/image\/\"}}]}<\/script>\n<!-- \/ Yoast SEO plugin. -->","yoast_head_json":{"title":"Finale Aktion DERECHO MERCANTIL 12\u00aa ED. 2023 - casadelectores","robots":{"index":"index","follow":"follow","max-snippet":"max-snippet:-1","max-image-preview":"max-image-preview:large","max-video-preview":"max-video-preview:-1"},"canonical":"https:\/\/www.casadelectores.com\/index.php\/producto\/finale-aktion-derecho-mercantil-12a-ed-2023-70401\/","og_locale":"es_ES","og_type":"article","og_title":"Finale Aktion DERECHO MERCANTIL 12\u00aa ED. 2023 - casadelectores","og_description":"El presente manual contiene los conceptos fundamentales que dan forma a la asignatura Derecho Mercantil, impartida por la UDIMA en el segundo curso de los grados en Administraci\u00f3n y Direcci\u00f3n de Empresas, Ciencias del Trabajo, Relaciones Laborales y Recursos Humanos, Econom\u00eda y Empresas y Actividades Tur\u00edsticas.A trav\u00e9s de diez cap\u00edtulos se pretende explicar el entorno&hellip;&nbsp;Finale Aktion DERECHO MERCANTIL 12\u00aa ED. 2023","og_url":"https:\/\/www.casadelectores.com\/index.php\/producto\/finale-aktion-derecho-mercantil-12a-ed-2023-70401\/","og_site_name":"casadelectores","og_image":[{"width":300,"height":423,"url":"https:\/\/www.casadelectores.com\/wp-content\/uploads\/2025\/SK0210044-DE20251119-101116-0-1763518287-978844544498.webp","type":"image\/webp"}],"twitter_card":"summary_large_image","twitter_misc":{"Tiempo de lectura":"1 minuto"},"schema":{"@context":"https:\/\/schema.org","@graph":[{"@type":"WebPage","@id":"https:\/\/www.casadelectores.com\/index.php\/producto\/finale-aktion-derecho-mercantil-12a-ed-2023-70401\/","url":"https:\/\/www.casadelectores.com\/index.php\/producto\/finale-aktion-derecho-mercantil-12a-ed-2023-70401\/","name":"Finale Aktion DERECHO MERCANTIL 12\u00aa ED. 2023 - casadelectores","isPartOf":{"@id":"https:\/\/www.casadelectores.com\/#website"},"primaryImageOfPage":{"@id":"https:\/\/www.casadelectores.com\/index.php\/producto\/finale-aktion-derecho-mercantil-12a-ed-2023-70401\/#primaryimage"},"image":{"@id":"https:\/\/www.casadelectores.com\/index.php\/producto\/finale-aktion-derecho-mercantil-12a-ed-2023-70401\/#primaryimage"},"thumbnailUrl":"https:\/\/www.casadelectores.com\/wp-content\/uploads\/2025\/SK0210044-DE20251119-101116-0-1763518287-978844544498.webp","datePublished":"2025-11-25T09:06:32+00:00","breadcrumb":{"@id":"https:\/\/www.casadelectores.com\/index.php\/producto\/finale-aktion-derecho-mercantil-12a-ed-2023-70401\/#breadcrumb"},"inLanguage":"es","potentialAction":[{"@type":"ReadAction","target":["https:\/\/www.casadelectores.com\/index.php\/producto\/finale-aktion-derecho-mercantil-12a-ed-2023-70401\/"]}]},{"@type":"ImageObject","inLanguage":"es","@id":"https:\/\/www.casadelectores.com\/index.php\/producto\/finale-aktion-derecho-mercantil-12a-ed-2023-70401\/#primaryimage","url":"https:\/\/www.casadelectores.com\/wp-content\/uploads\/2025\/SK0210044-DE20251119-101116-0-1763518287-978844544498.webp","contentUrl":"https:\/\/www.casadelectores.com\/wp-content\/uploads\/2025\/SK0210044-DE20251119-101116-0-1763518287-978844544498.webp","width":300,"height":423},{"@type":"BreadcrumbList","@id":"https:\/\/www.casadelectores.com\/index.php\/producto\/finale-aktion-derecho-mercantil-12a-ed-2023-70401\/#breadcrumb","itemListElement":[{"@type":"ListItem","position":1,"name":"Portada","item":"https:\/\/www.casadelectores.com\/"},{"@type":"ListItem","position":2,"name":"Shop","item":"https:\/\/www.casadelectores.com\/index.php\/shop\/"},{"@type":"ListItem","position":3,"name":"Finale Aktion DERECHO MERCANTIL 12\u00aa ED. 2023"}]},{"@type":"WebSite","@id":"https:\/\/www.casadelectores.com\/#website","url":"https:\/\/www.casadelectores.com\/","name":"Enam\u00f3rate de las compras","description":"","publisher":{"@id":"https:\/\/www.casadelectores.com\/#organization"},"potentialAction":[{"@type":"SearchAction","target":{"@type":"EntryPoint","urlTemplate":"https:\/\/www.casadelectores.com\/?s={search_term_string}"},"query-input":{"@type":"PropertyValueSpecification","valueRequired":true,"valueName":"search_term_string"}}],"inLanguage":"es"},{"@type":"Organization","@id":"https:\/\/www.casadelectores.com\/#organization","name":"Enam\u00f3rate de las compras","url":"https:\/\/www.casadelectores.com\/","logo":{"@type":"ImageObject","inLanguage":"es","@id":"https:\/\/www.casadelectores.com\/#\/schema\/logo\/image\/","url":"https:\/\/www.casadelectores.com\/wp-content\/uploads\/2020\/10\/shop-icon.png","contentUrl":"https:\/\/www.casadelectores.com\/wp-content\/uploads\/2020\/10\/shop-icon.png","width":512,"height":512,"caption":"Enam\u00f3rate de las compras"},"image":{"@id":"https:\/\/www.casadelectores.com\/#\/schema\/logo\/image\/"}}]}},"_links":{"self":[{"href":"https:\/\/www.casadelectores.com\/index.php\/wp-json\/wp\/v2\/product\/70401","targetHints":{"allow":["GET"]}}],"collection":[{"href":"https:\/\/www.casadelectores.com\/index.php\/wp-json\/wp\/v2\/product"}],"about":[{"href":"https:\/\/www.casadelectores.com\/index.php\/wp-json\/wp\/v2\/types\/product"}],"wp:featuredmedia":[{"embeddable":true,"href":"https:\/\/www.casadelectores.com\/index.php\/wp-json\/wp\/v2\/media\/70497"}],"wp:attachment":[{"href":"https:\/\/www.casadelectores.com\/index.php\/wp-json\/wp\/v2\/media?parent=70401"}],"wp:term":[{"taxonomy":"product_brand","embeddable":true,"href":"https:\/\/www.casadelectores.com\/index.php\/wp-json\/wp\/v2\/product_brand?post=70401"},{"taxonomy":"product_cat","embeddable":true,"href":"https:\/\/www.casadelectores.com\/index.php\/wp-json\/wp\/v2\/product_cat?post=70401"},{"taxonomy":"product_tag","embeddable":true,"href":"https:\/\/www.casadelectores.com\/index.php\/wp-json\/wp\/v2\/product_tag?post=70401"}],"curies":[{"name":"wp","href":"https:\/\/api.w.org\/{rel}","templated":true}]}}