{"id":68260,"date":"2025-11-25T09:06:28","date_gmt":"2025-11-25T09:06:28","guid":{"rendered":""},"modified":"2025-11-25T09:06:28","modified_gmt":"2025-11-25T09:06:28","slug":"exklusiv-el-trabajo-ya-no-es-lo-que-fue-como-pensarlo-de-nuevo-en-un-mundo-que-cambio-y-que-nos-tiene-desconcertados-68260","status":"publish","type":"product","link":"https:\/\/www.casadelectores.com\/index.php\/producto\/exklusiv-el-trabajo-ya-no-es-lo-que-fue-como-pensarlo-de-nuevo-en-un-mundo-que-cambio-y-que-nos-tiene-desconcertados-68260\/","title":{"rendered":"Exklusiv EL TRABAJO YA NO ES LO QUE FUE. C\u00d3MO PENSARLO DE NUEVO EN UN MUNDO QUE CAMBI\u00d3 (Y QUE NOS TIENE DESCONCERTADOS)"},"content":{"rendered":"<p>Si es evidente que el trabajo ya no es lo que fue, \u00bfc\u00f3mo lo pensamos en pleno siglo XXI? \u00bfPodemos hacerlo sin caer en los lugares comunes de la tecnociencia, el teletrabajo o la inteligencia artificial? Este breve y poderoso libro demuestra que, para quebrar esas l\u00f3gicas mercantilistas, es fundamental encarar una discusi\u00f3n pol\u00edtica y filos\u00f3fica alrededor de una pregunta inquietante:\u00bfc\u00f3mo y por qu\u00e9 trabajar hoy?Alain Supiot hace en estas p\u00e1ginas un llamado a dejar de pensar el trabajo como una actividad por la que se recibe un salario para poner en el centro de la cuesti\u00f3n a las personas y asegurarles una protecci\u00f3n que no solo prevea la situaci\u00f3n de desempleo, sino la formaci\u00f3n permanente, las tareas de cuidado y el trabajo comunitario. Y lo hace sin postular el retorno a un mundo de pleno empleo que, a esta altura, se ha vuelto una utop\u00eda, sino en di\u00e1logo con el trabajo precarizado e informal que hoy nos es tan familiar.Especialista en derecho del trabajo, reconocido acad\u00e9mico, Supiot construye una argumentaci\u00f3n persuasiva: el principio de igual dignidad de los seres humanos no puede reducirse a lo que tienen o a lo que son, sino que debe abrirse a lo que hacen. Con todas sus contradicciones, el siglo XXI ofrece la oportunidad de que se vuelva a demostrar un hecho hist\u00f3rico: la exigencia de justicia en el trabajo ha sido siempre un motor del cambio social. \u00ab,<\/p>\n","protected":false},"excerpt":{"rendered":"<p>Si es evidente que el trabajo ya no es lo que fue, \u00bfc\u00f3mo lo pensamos en pleno siglo XXI? \u00bfPodemos hacerlo sin caer en los lugares comunes de la tecnociencia, el teletrabajo o la inteligencia artificial? Este breve y poderoso libro demuestra que, para quebrar esas l\u00f3gicas mercantilistas, es fundamental encarar una discusi\u00f3n pol\u00edtica y&hellip;&nbsp;<a href=\"https:\/\/www.casadelectores.com\/index.php\/producto\/exklusiv-el-trabajo-ya-no-es-lo-que-fue-como-pensarlo-de-nuevo-en-un-mundo-que-cambio-y-que-nos-tiene-desconcertados-68260\/\" rel=\"bookmark\"><span class=\"screen-reader-text\">Exklusiv EL TRABAJO YA NO ES LO QUE FUE. C\u00d3MO PENSARLO DE NUEVO EN UN MUNDO QUE CAMBI\u00d3 (Y QUE NOS TIENE DESCONCERTADOS)<\/span><\/a><\/p>\n","protected":false},"featured_media":68360,"template":"","meta":{"neve_meta_sidebar":"","neve_meta_container":"","neve_meta_enable_content_width":"","neve_meta_content_width":0,"neve_meta_title_alignment":"","neve_meta_author_avatar":"","neve_post_elements_order":"","neve_meta_disable_header":"","neve_meta_disable_footer":"","neve_meta_disable_title":"","_themeisle_gutenberg_block_has_review":false},"product_brand":[],"product_cat":[26],"product_tag":[],"class_list":["post-68260","product","type-product","status-publish","has-post-thumbnail","product_cat-publicaciones-de-libros","first","instock","sale","shipping-taxable","purchasable","product-type-simple"],"yoast_head":"<!-- This site is optimized with the Yoast SEO plugin v26.3 - https:\/\/yoast.com\/wordpress\/plugins\/seo\/ -->\n<title>Exklusiv EL TRABAJO YA NO ES LO QUE FUE. C\u00d3MO PENSARLO DE NUEVO EN UN MUNDO QUE CAMBI\u00d3 (Y QUE NOS TIENE DESCONCERTADOS) - casadelectores<\/title>\n<meta name=\"robots\" content=\"index, follow, max-snippet:-1, max-image-preview:large, max-video-preview:-1\" \/>\n<link rel=\"canonical\" href=\"https:\/\/www.casadelectores.com\/index.php\/producto\/exklusiv-el-trabajo-ya-no-es-lo-que-fue-como-pensarlo-de-nuevo-en-un-mundo-que-cambio-y-que-nos-tiene-desconcertados-68260\/\" \/>\n<meta property=\"og:locale\" content=\"es_ES\" \/>\n<meta property=\"og:type\" content=\"article\" \/>\n<meta property=\"og:title\" content=\"Exklusiv EL TRABAJO YA NO ES LO QUE FUE. C\u00d3MO PENSARLO DE NUEVO EN UN MUNDO QUE CAMBI\u00d3 (Y QUE NOS TIENE DESCONCERTADOS) - casadelectores\" \/>\n<meta property=\"og:description\" content=\"Si es evidente que el trabajo ya no es lo que fue, \u00bfc\u00f3mo lo pensamos en pleno siglo XXI? \u00bfPodemos hacerlo sin caer en los lugares comunes de la tecnociencia, el teletrabajo o la inteligencia artificial? Este breve y poderoso libro demuestra que, para quebrar esas l\u00f3gicas mercantilistas, es fundamental encarar una discusi\u00f3n pol\u00edtica y&hellip;&nbsp;Exklusiv EL TRABAJO YA NO ES LO QUE FUE. C\u00d3MO PENSARLO DE NUEVO EN UN MUNDO QUE CAMBI\u00d3 (Y QUE NOS TIENE DESCONCERTADOS)\" \/>\n<meta property=\"og:url\" content=\"https:\/\/www.casadelectores.com\/index.php\/producto\/exklusiv-el-trabajo-ya-no-es-lo-que-fue-como-pensarlo-de-nuevo-en-un-mundo-que-cambio-y-que-nos-tiene-desconcertados-68260\/\" \/>\n<meta property=\"og:site_name\" content=\"casadelectores\" \/>\n<meta property=\"og:image\" content=\"https:\/\/www.casadelectores.com\/wp-content\/uploads\/2025\/SK0209002-DE20251119-101116-0-1763518287-978841260487.webp\" \/>\n\t<meta property=\"og:image:width\" content=\"300\" \/>\n\t<meta property=\"og:image:height\" content=\"453\" \/>\n\t<meta property=\"og:image:type\" content=\"image\/webp\" \/>\n<meta name=\"twitter:card\" content=\"summary_large_image\" \/>\n<meta name=\"twitter:label1\" content=\"Tiempo de lectura\" \/>\n\t<meta name=\"twitter:data1\" content=\"1 minuto\" \/>\n<script type=\"application\/ld+json\" class=\"yoast-schema-graph\">{\"@context\":\"https:\/\/schema.org\",\"@graph\":[{\"@type\":\"WebPage\",\"@id\":\"https:\/\/www.casadelectores.com\/index.php\/producto\/exklusiv-el-trabajo-ya-no-es-lo-que-fue-como-pensarlo-de-nuevo-en-un-mundo-que-cambio-y-que-nos-tiene-desconcertados-68260\/\",\"url\":\"https:\/\/www.casadelectores.com\/index.php\/producto\/exklusiv-el-trabajo-ya-no-es-lo-que-fue-como-pensarlo-de-nuevo-en-un-mundo-que-cambio-y-que-nos-tiene-desconcertados-68260\/\",\"name\":\"Exklusiv EL TRABAJO YA NO ES LO QUE FUE. C\u00d3MO PENSARLO DE NUEVO EN UN MUNDO QUE CAMBI\u00d3 (Y QUE NOS TIENE DESCONCERTADOS) - casadelectores\",\"isPartOf\":{\"@id\":\"https:\/\/www.casadelectores.com\/#website\"},\"primaryImageOfPage\":{\"@id\":\"https:\/\/www.casadelectores.com\/index.php\/producto\/exklusiv-el-trabajo-ya-no-es-lo-que-fue-como-pensarlo-de-nuevo-en-un-mundo-que-cambio-y-que-nos-tiene-desconcertados-68260\/#primaryimage\"},\"image\":{\"@id\":\"https:\/\/www.casadelectores.com\/index.php\/producto\/exklusiv-el-trabajo-ya-no-es-lo-que-fue-como-pensarlo-de-nuevo-en-un-mundo-que-cambio-y-que-nos-tiene-desconcertados-68260\/#primaryimage\"},\"thumbnailUrl\":\"https:\/\/www.casadelectores.com\/wp-content\/uploads\/2025\/SK0209002-DE20251119-101116-0-1763518287-978841260487.webp\",\"datePublished\":\"2025-11-25T09:06:28+00:00\",\"breadcrumb\":{\"@id\":\"https:\/\/www.casadelectores.com\/index.php\/producto\/exklusiv-el-trabajo-ya-no-es-lo-que-fue-como-pensarlo-de-nuevo-en-un-mundo-que-cambio-y-que-nos-tiene-desconcertados-68260\/#breadcrumb\"},\"inLanguage\":\"es\",\"potentialAction\":[{\"@type\":\"ReadAction\",\"target\":[\"https:\/\/www.casadelectores.com\/index.php\/producto\/exklusiv-el-trabajo-ya-no-es-lo-que-fue-como-pensarlo-de-nuevo-en-un-mundo-que-cambio-y-que-nos-tiene-desconcertados-68260\/\"]}]},{\"@type\":\"ImageObject\",\"inLanguage\":\"es\",\"@id\":\"https:\/\/www.casadelectores.com\/index.php\/producto\/exklusiv-el-trabajo-ya-no-es-lo-que-fue-como-pensarlo-de-nuevo-en-un-mundo-que-cambio-y-que-nos-tiene-desconcertados-68260\/#primaryimage\",\"url\":\"https:\/\/www.casadelectores.com\/wp-content\/uploads\/2025\/SK0209002-DE20251119-101116-0-1763518287-978841260487.webp\",\"contentUrl\":\"https:\/\/www.casadelectores.com\/wp-content\/uploads\/2025\/SK0209002-DE20251119-101116-0-1763518287-978841260487.webp\",\"width\":300,\"height\":453},{\"@type\":\"BreadcrumbList\",\"@id\":\"https:\/\/www.casadelectores.com\/index.php\/producto\/exklusiv-el-trabajo-ya-no-es-lo-que-fue-como-pensarlo-de-nuevo-en-un-mundo-que-cambio-y-que-nos-tiene-desconcertados-68260\/#breadcrumb\",\"itemListElement\":[{\"@type\":\"ListItem\",\"position\":1,\"name\":\"Portada\",\"item\":\"https:\/\/www.casadelectores.com\/\"},{\"@type\":\"ListItem\",\"position\":2,\"name\":\"Shop\",\"item\":\"https:\/\/www.casadelectores.com\/index.php\/shop\/\"},{\"@type\":\"ListItem\",\"position\":3,\"name\":\"Exklusiv EL TRABAJO YA NO ES LO QUE FUE. C\u00d3MO PENSARLO DE NUEVO EN UN MUNDO QUE CAMBI\u00d3 (Y QUE NOS TIENE DESCONCERTADOS)\"}]},{\"@type\":\"WebSite\",\"@id\":\"https:\/\/www.casadelectores.com\/#website\",\"url\":\"https:\/\/www.casadelectores.com\/\",\"name\":\"Enam\u00f3rate de las compras\",\"description\":\"\",\"publisher\":{\"@id\":\"https:\/\/www.casadelectores.com\/#organization\"},\"potentialAction\":[{\"@type\":\"SearchAction\",\"target\":{\"@type\":\"EntryPoint\",\"urlTemplate\":\"https:\/\/www.casadelectores.com\/?s={search_term_string}\"},\"query-input\":{\"@type\":\"PropertyValueSpecification\",\"valueRequired\":true,\"valueName\":\"search_term_string\"}}],\"inLanguage\":\"es\"},{\"@type\":\"Organization\",\"@id\":\"https:\/\/www.casadelectores.com\/#organization\",\"name\":\"Enam\u00f3rate de las compras\",\"url\":\"https:\/\/www.casadelectores.com\/\",\"logo\":{\"@type\":\"ImageObject\",\"inLanguage\":\"es\",\"@id\":\"https:\/\/www.casadelectores.com\/#\/schema\/logo\/image\/\",\"url\":\"https:\/\/www.casadelectores.com\/wp-content\/uploads\/2020\/10\/shop-icon.png\",\"contentUrl\":\"https:\/\/www.casadelectores.com\/wp-content\/uploads\/2020\/10\/shop-icon.png\",\"width\":512,\"height\":512,\"caption\":\"Enam\u00f3rate de las compras\"},\"image\":{\"@id\":\"https:\/\/www.casadelectores.com\/#\/schema\/logo\/image\/\"}}]}<\/script>\n<!-- \/ Yoast SEO plugin. -->","yoast_head_json":{"title":"Exklusiv EL TRABAJO YA NO ES LO QUE FUE. C\u00d3MO PENSARLO DE NUEVO EN UN MUNDO QUE CAMBI\u00d3 (Y QUE NOS TIENE DESCONCERTADOS) - casadelectores","robots":{"index":"index","follow":"follow","max-snippet":"max-snippet:-1","max-image-preview":"max-image-preview:large","max-video-preview":"max-video-preview:-1"},"canonical":"https:\/\/www.casadelectores.com\/index.php\/producto\/exklusiv-el-trabajo-ya-no-es-lo-que-fue-como-pensarlo-de-nuevo-en-un-mundo-que-cambio-y-que-nos-tiene-desconcertados-68260\/","og_locale":"es_ES","og_type":"article","og_title":"Exklusiv EL TRABAJO YA NO ES LO QUE FUE. C\u00d3MO PENSARLO DE NUEVO EN UN MUNDO QUE CAMBI\u00d3 (Y QUE NOS TIENE DESCONCERTADOS) - casadelectores","og_description":"Si es evidente que el trabajo ya no es lo que fue, \u00bfc\u00f3mo lo pensamos en pleno siglo XXI? \u00bfPodemos hacerlo sin caer en los lugares comunes de la tecnociencia, el teletrabajo o la inteligencia artificial? Este breve y poderoso libro demuestra que, para quebrar esas l\u00f3gicas mercantilistas, es fundamental encarar una discusi\u00f3n pol\u00edtica y&hellip;&nbsp;Exklusiv EL TRABAJO YA NO ES LO QUE FUE. C\u00d3MO PENSARLO DE NUEVO EN UN MUNDO QUE CAMBI\u00d3 (Y QUE NOS TIENE DESCONCERTADOS)","og_url":"https:\/\/www.casadelectores.com\/index.php\/producto\/exklusiv-el-trabajo-ya-no-es-lo-que-fue-como-pensarlo-de-nuevo-en-un-mundo-que-cambio-y-que-nos-tiene-desconcertados-68260\/","og_site_name":"casadelectores","og_image":[{"width":300,"height":453,"url":"https:\/\/www.casadelectores.com\/wp-content\/uploads\/2025\/SK0209002-DE20251119-101116-0-1763518287-978841260487.webp","type":"image\/webp"}],"twitter_card":"summary_large_image","twitter_misc":{"Tiempo de lectura":"1 minuto"},"schema":{"@context":"https:\/\/schema.org","@graph":[{"@type":"WebPage","@id":"https:\/\/www.casadelectores.com\/index.php\/producto\/exklusiv-el-trabajo-ya-no-es-lo-que-fue-como-pensarlo-de-nuevo-en-un-mundo-que-cambio-y-que-nos-tiene-desconcertados-68260\/","url":"https:\/\/www.casadelectores.com\/index.php\/producto\/exklusiv-el-trabajo-ya-no-es-lo-que-fue-como-pensarlo-de-nuevo-en-un-mundo-que-cambio-y-que-nos-tiene-desconcertados-68260\/","name":"Exklusiv EL TRABAJO YA NO ES LO QUE FUE. C\u00d3MO PENSARLO DE NUEVO EN UN MUNDO QUE CAMBI\u00d3 (Y QUE NOS TIENE DESCONCERTADOS) - casadelectores","isPartOf":{"@id":"https:\/\/www.casadelectores.com\/#website"},"primaryImageOfPage":{"@id":"https:\/\/www.casadelectores.com\/index.php\/producto\/exklusiv-el-trabajo-ya-no-es-lo-que-fue-como-pensarlo-de-nuevo-en-un-mundo-que-cambio-y-que-nos-tiene-desconcertados-68260\/#primaryimage"},"image":{"@id":"https:\/\/www.casadelectores.com\/index.php\/producto\/exklusiv-el-trabajo-ya-no-es-lo-que-fue-como-pensarlo-de-nuevo-en-un-mundo-que-cambio-y-que-nos-tiene-desconcertados-68260\/#primaryimage"},"thumbnailUrl":"https:\/\/www.casadelectores.com\/wp-content\/uploads\/2025\/SK0209002-DE20251119-101116-0-1763518287-978841260487.webp","datePublished":"2025-11-25T09:06:28+00:00","breadcrumb":{"@id":"https:\/\/www.casadelectores.com\/index.php\/producto\/exklusiv-el-trabajo-ya-no-es-lo-que-fue-como-pensarlo-de-nuevo-en-un-mundo-que-cambio-y-que-nos-tiene-desconcertados-68260\/#breadcrumb"},"inLanguage":"es","potentialAction":[{"@type":"ReadAction","target":["https:\/\/www.casadelectores.com\/index.php\/producto\/exklusiv-el-trabajo-ya-no-es-lo-que-fue-como-pensarlo-de-nuevo-en-un-mundo-que-cambio-y-que-nos-tiene-desconcertados-68260\/"]}]},{"@type":"ImageObject","inLanguage":"es","@id":"https:\/\/www.casadelectores.com\/index.php\/producto\/exklusiv-el-trabajo-ya-no-es-lo-que-fue-como-pensarlo-de-nuevo-en-un-mundo-que-cambio-y-que-nos-tiene-desconcertados-68260\/#primaryimage","url":"https:\/\/www.casadelectores.com\/wp-content\/uploads\/2025\/SK0209002-DE20251119-101116-0-1763518287-978841260487.webp","contentUrl":"https:\/\/www.casadelectores.com\/wp-content\/uploads\/2025\/SK0209002-DE20251119-101116-0-1763518287-978841260487.webp","width":300,"height":453},{"@type":"BreadcrumbList","@id":"https:\/\/www.casadelectores.com\/index.php\/producto\/exklusiv-el-trabajo-ya-no-es-lo-que-fue-como-pensarlo-de-nuevo-en-un-mundo-que-cambio-y-que-nos-tiene-desconcertados-68260\/#breadcrumb","itemListElement":[{"@type":"ListItem","position":1,"name":"Portada","item":"https:\/\/www.casadelectores.com\/"},{"@type":"ListItem","position":2,"name":"Shop","item":"https:\/\/www.casadelectores.com\/index.php\/shop\/"},{"@type":"ListItem","position":3,"name":"Exklusiv EL TRABAJO YA NO ES LO QUE FUE. C\u00d3MO PENSARLO DE NUEVO EN UN MUNDO QUE CAMBI\u00d3 (Y QUE NOS TIENE DESCONCERTADOS)"}]},{"@type":"WebSite","@id":"https:\/\/www.casadelectores.com\/#website","url":"https:\/\/www.casadelectores.com\/","name":"Enam\u00f3rate de las compras","description":"","publisher":{"@id":"https:\/\/www.casadelectores.com\/#organization"},"potentialAction":[{"@type":"SearchAction","target":{"@type":"EntryPoint","urlTemplate":"https:\/\/www.casadelectores.com\/?s={search_term_string}"},"query-input":{"@type":"PropertyValueSpecification","valueRequired":true,"valueName":"search_term_string"}}],"inLanguage":"es"},{"@type":"Organization","@id":"https:\/\/www.casadelectores.com\/#organization","name":"Enam\u00f3rate de las compras","url":"https:\/\/www.casadelectores.com\/","logo":{"@type":"ImageObject","inLanguage":"es","@id":"https:\/\/www.casadelectores.com\/#\/schema\/logo\/image\/","url":"https:\/\/www.casadelectores.com\/wp-content\/uploads\/2020\/10\/shop-icon.png","contentUrl":"https:\/\/www.casadelectores.com\/wp-content\/uploads\/2020\/10\/shop-icon.png","width":512,"height":512,"caption":"Enam\u00f3rate de las compras"},"image":{"@id":"https:\/\/www.casadelectores.com\/#\/schema\/logo\/image\/"}}]}},"_links":{"self":[{"href":"https:\/\/www.casadelectores.com\/index.php\/wp-json\/wp\/v2\/product\/68260","targetHints":{"allow":["GET"]}}],"collection":[{"href":"https:\/\/www.casadelectores.com\/index.php\/wp-json\/wp\/v2\/product"}],"about":[{"href":"https:\/\/www.casadelectores.com\/index.php\/wp-json\/wp\/v2\/types\/product"}],"wp:featuredmedia":[{"embeddable":true,"href":"https:\/\/www.casadelectores.com\/index.php\/wp-json\/wp\/v2\/media\/68360"}],"wp:attachment":[{"href":"https:\/\/www.casadelectores.com\/index.php\/wp-json\/wp\/v2\/media?parent=68260"}],"wp:term":[{"taxonomy":"product_brand","embeddable":true,"href":"https:\/\/www.casadelectores.com\/index.php\/wp-json\/wp\/v2\/product_brand?post=68260"},{"taxonomy":"product_cat","embeddable":true,"href":"https:\/\/www.casadelectores.com\/index.php\/wp-json\/wp\/v2\/product_cat?post=68260"},{"taxonomy":"product_tag","embeddable":true,"href":"https:\/\/www.casadelectores.com\/index.php\/wp-json\/wp\/v2\/product_tag?post=68260"}],"curies":[{"name":"wp","href":"https:\/\/api.w.org\/{rel}","templated":true}]}}