{"id":6803,"date":"2025-11-25T09:04:32","date_gmt":"2025-11-25T09:04:32","guid":{"rendered":""},"modified":"2025-11-25T09:04:32","modified_gmt":"2025-11-25T09:04:32","slug":"fosa-comun-letzte-chance-6803","status":"publish","type":"product","link":"https:\/\/www.casadelectores.com\/index.php\/producto\/fosa-comun-letzte-chance-6803\/","title":{"rendered":"FOSA COM\u00daN Letzte Chance"},"content":{"rendered":"<p>Una de las grandes novelas sobre la transici\u00f3n y la historia de una adolescencia al final del franquismo. Fosa com\u00fan -fosa que alude al lugar del olvido y la injusta arbitrariedad de la memoria- empieza en los a\u00f1os de la transici\u00f3n espa\u00f1ola con la narraci\u00f3n limpia, cercana y divertida de Jaime Arzain, un adolescente en trance de descubrir el amor, el sexo, la amistad, la m\u00fasica o la literatura en una ciudad de provincias castrense mientras el pa\u00eds asiste al desmoronamiento del franquismo, las primeras elecciones constituyentes y los constantes atentados de ETA en un ambiente de miedo, esperanza y desconcierto. A\u00f1os despu\u00e9s, un Arzain maduro vuelve a esa ciudad enterrada para dialogar con las sombras de su pasado, evocando las ruinas de un mundo perdido y enfrent\u00e1ndose a aquel per\u00edodo de su vida recobrado y defraudado al mismo tiempo, como si toda la experiencia cobrara inesperadamente una naturaleza p\u00f3stuma.Finalmente, el propio autor lleva a cabo una exhaustiva y absorbente investigaci\u00f3n del caso que ha asomado a lo largo de toda la novela sin llegar nunca a detallarse: el asesinato en 1975 de una madre y sus cuatro hijos a manos del padre de familia, capit\u00e1n del ej\u00e9rcito. Esta masacre indignamente silenciada abrocha el trasunto de una experiencia moral \u00edntima y colectiva. Fosa com\u00fan, tan llena de humor como de gravedad, confirma que Javier Pastor es uno de los escritores m\u00e1s ambiciosos y radicales de la literatura espa\u00f1ola contempor\u00e1nea. La cr\u00edtica ha dicho sobre el autor y su obra&#8230;\u00abJavier Pastor es uno de los raros escritores espa\u00f1oles contempor\u00e1neos que en cada libro nuevo intenta reinventar la narrativa desafiando los peligros de los territorios inexplorados.\u00bbMarco Kuntz, Quimera \u00abLo que importa, m\u00e1s all\u00e1 del marbete escogido, es que Pastor -escritor necesario, original y perdurable- logra no solo dignificar el propio hecho de la escritura (hay una lengua de much\u00edsimos quilates, un espa\u00f1ol de oro puro en este pal\u00edndromo que es Mate Jaque), sino tambi\u00e9n engrandecer la estatura del lector.\u00bbRicardo Men\u00e9ndez Salm\u00f3n \u00abFosa com\u00fan es una novela que parece inagotable, un poderoso artefacto literario con vida propia y que sit\u00faa a Javier Pastor como uno de los escritores m\u00e1s raros, singulares y extraordinarios de la literatura espa\u00f1ola del momento.\u00bbDiego G\u00e1ndara, La Raz\u00f3n \u00abM\u00e9tanse en la prodigiosa escritura del libro y disfruten con el inagotable fil\u00f3n de los palabros que Javier Pastor ha inventado.\u00bbJos\u00e9 Andr\u00e9s Rojo \u00abHay que destacarla cuidada construcci\u00f3n de Mate Jaque, su originalidad resaltada por una prosa vivaz e imaginativa.\u00bbRicardo Senabre, El Cultural \u00ab,<\/p>\n","protected":false},"excerpt":{"rendered":"<p>Una de las grandes novelas sobre la transici\u00f3n y la historia de una adolescencia al final del franquismo. Fosa com\u00fan -fosa que alude al lugar del olvido y la injusta arbitrariedad de la memoria- empieza en los a\u00f1os de la transici\u00f3n espa\u00f1ola con la narraci\u00f3n limpia, cercana y divertida de Jaime Arzain, un adolescente en&hellip;&nbsp;<a href=\"https:\/\/www.casadelectores.com\/index.php\/producto\/fosa-comun-letzte-chance-6803\/\" rel=\"bookmark\"><span class=\"screen-reader-text\">FOSA COM\u00daN Letzte Chance<\/span><\/a><\/p>\n","protected":false},"featured_media":6903,"template":"","meta":{"neve_meta_sidebar":"","neve_meta_container":"","neve_meta_enable_content_width":"","neve_meta_content_width":0,"neve_meta_title_alignment":"","neve_meta_author_avatar":"","neve_post_elements_order":"","neve_meta_disable_header":"","neve_meta_disable_footer":"","neve_meta_disable_title":"","_themeisle_gutenberg_block_has_review":false},"product_brand":[],"product_cat":[26],"product_tag":[],"class_list":["post-6803","product","type-product","status-publish","has-post-thumbnail","product_cat-publicaciones-de-libros","first","instock","sale","shipping-taxable","purchasable","product-type-simple"],"yoast_head":"<!-- This site is optimized with the Yoast SEO plugin v26.3 - https:\/\/yoast.com\/wordpress\/plugins\/seo\/ -->\n<title>FOSA COM\u00daN Letzte Chance - casadelectores<\/title>\n<meta name=\"robots\" content=\"index, follow, max-snippet:-1, max-image-preview:large, max-video-preview:-1\" \/>\n<link rel=\"canonical\" href=\"https:\/\/www.casadelectores.com\/index.php\/producto\/fosa-comun-letzte-chance-6803\/\" \/>\n<meta property=\"og:locale\" content=\"es_ES\" \/>\n<meta property=\"og:type\" content=\"article\" \/>\n<meta property=\"og:title\" content=\"FOSA COM\u00daN Letzte Chance - casadelectores\" \/>\n<meta property=\"og:description\" content=\"Una de las grandes novelas sobre la transici\u00f3n y la historia de una adolescencia al final del franquismo. Fosa com\u00fan -fosa que alude al lugar del olvido y la injusta arbitrariedad de la memoria- empieza en los a\u00f1os de la transici\u00f3n espa\u00f1ola con la narraci\u00f3n limpia, cercana y divertida de Jaime Arzain, un adolescente en&hellip;&nbsp;FOSA COM\u00daN Letzte Chance\" \/>\n<meta property=\"og:url\" content=\"https:\/\/www.casadelectores.com\/index.php\/producto\/fosa-comun-letzte-chance-6803\/\" \/>\n<meta property=\"og:site_name\" content=\"casadelectores\" \/>\n<meta property=\"og:image\" content=\"https:\/\/www.casadelectores.com\/wp-content\/uploads\/2025\/SK0178476-DE20251119-101116-0-1763518286-978843973087.webp\" \/>\n\t<meta property=\"og:image:width\" content=\"294\" \/>\n\t<meta property=\"og:image:height\" content=\"500\" \/>\n\t<meta property=\"og:image:type\" content=\"image\/webp\" \/>\n<meta name=\"twitter:card\" content=\"summary_large_image\" \/>\n<meta name=\"twitter:label1\" content=\"Tiempo de lectura\" \/>\n\t<meta name=\"twitter:data1\" content=\"2 minutos\" \/>\n<script type=\"application\/ld+json\" class=\"yoast-schema-graph\">{\"@context\":\"https:\/\/schema.org\",\"@graph\":[{\"@type\":\"WebPage\",\"@id\":\"https:\/\/www.casadelectores.com\/index.php\/producto\/fosa-comun-letzte-chance-6803\/\",\"url\":\"https:\/\/www.casadelectores.com\/index.php\/producto\/fosa-comun-letzte-chance-6803\/\",\"name\":\"FOSA COM\u00daN Letzte Chance - casadelectores\",\"isPartOf\":{\"@id\":\"https:\/\/www.casadelectores.com\/#website\"},\"primaryImageOfPage\":{\"@id\":\"https:\/\/www.casadelectores.com\/index.php\/producto\/fosa-comun-letzte-chance-6803\/#primaryimage\"},\"image\":{\"@id\":\"https:\/\/www.casadelectores.com\/index.php\/producto\/fosa-comun-letzte-chance-6803\/#primaryimage\"},\"thumbnailUrl\":\"https:\/\/www.casadelectores.com\/wp-content\/uploads\/2025\/SK0178476-DE20251119-101116-0-1763518286-978843973087.webp\",\"datePublished\":\"2025-11-25T09:04:32+00:00\",\"breadcrumb\":{\"@id\":\"https:\/\/www.casadelectores.com\/index.php\/producto\/fosa-comun-letzte-chance-6803\/#breadcrumb\"},\"inLanguage\":\"es\",\"potentialAction\":[{\"@type\":\"ReadAction\",\"target\":[\"https:\/\/www.casadelectores.com\/index.php\/producto\/fosa-comun-letzte-chance-6803\/\"]}]},{\"@type\":\"ImageObject\",\"inLanguage\":\"es\",\"@id\":\"https:\/\/www.casadelectores.com\/index.php\/producto\/fosa-comun-letzte-chance-6803\/#primaryimage\",\"url\":\"https:\/\/www.casadelectores.com\/wp-content\/uploads\/2025\/SK0178476-DE20251119-101116-0-1763518286-978843973087.webp\",\"contentUrl\":\"https:\/\/www.casadelectores.com\/wp-content\/uploads\/2025\/SK0178476-DE20251119-101116-0-1763518286-978843973087.webp\",\"width\":294,\"height\":500},{\"@type\":\"BreadcrumbList\",\"@id\":\"https:\/\/www.casadelectores.com\/index.php\/producto\/fosa-comun-letzte-chance-6803\/#breadcrumb\",\"itemListElement\":[{\"@type\":\"ListItem\",\"position\":1,\"name\":\"Portada\",\"item\":\"https:\/\/www.casadelectores.com\/\"},{\"@type\":\"ListItem\",\"position\":2,\"name\":\"Shop\",\"item\":\"https:\/\/www.casadelectores.com\/index.php\/shop\/\"},{\"@type\":\"ListItem\",\"position\":3,\"name\":\"FOSA COM\u00daN Letzte Chance\"}]},{\"@type\":\"WebSite\",\"@id\":\"https:\/\/www.casadelectores.com\/#website\",\"url\":\"https:\/\/www.casadelectores.com\/\",\"name\":\"Enam\u00f3rate de las compras\",\"description\":\"\",\"publisher\":{\"@id\":\"https:\/\/www.casadelectores.com\/#organization\"},\"potentialAction\":[{\"@type\":\"SearchAction\",\"target\":{\"@type\":\"EntryPoint\",\"urlTemplate\":\"https:\/\/www.casadelectores.com\/?s={search_term_string}\"},\"query-input\":{\"@type\":\"PropertyValueSpecification\",\"valueRequired\":true,\"valueName\":\"search_term_string\"}}],\"inLanguage\":\"es\"},{\"@type\":\"Organization\",\"@id\":\"https:\/\/www.casadelectores.com\/#organization\",\"name\":\"Enam\u00f3rate de las compras\",\"url\":\"https:\/\/www.casadelectores.com\/\",\"logo\":{\"@type\":\"ImageObject\",\"inLanguage\":\"es\",\"@id\":\"https:\/\/www.casadelectores.com\/#\/schema\/logo\/image\/\",\"url\":\"https:\/\/www.casadelectores.com\/wp-content\/uploads\/2020\/10\/shop-icon.png\",\"contentUrl\":\"https:\/\/www.casadelectores.com\/wp-content\/uploads\/2020\/10\/shop-icon.png\",\"width\":512,\"height\":512,\"caption\":\"Enam\u00f3rate de las compras\"},\"image\":{\"@id\":\"https:\/\/www.casadelectores.com\/#\/schema\/logo\/image\/\"}}]}<\/script>\n<!-- \/ Yoast SEO plugin. -->","yoast_head_json":{"title":"FOSA COM\u00daN Letzte Chance - casadelectores","robots":{"index":"index","follow":"follow","max-snippet":"max-snippet:-1","max-image-preview":"max-image-preview:large","max-video-preview":"max-video-preview:-1"},"canonical":"https:\/\/www.casadelectores.com\/index.php\/producto\/fosa-comun-letzte-chance-6803\/","og_locale":"es_ES","og_type":"article","og_title":"FOSA COM\u00daN Letzte Chance - casadelectores","og_description":"Una de las grandes novelas sobre la transici\u00f3n y la historia de una adolescencia al final del franquismo. Fosa com\u00fan -fosa que alude al lugar del olvido y la injusta arbitrariedad de la memoria- empieza en los a\u00f1os de la transici\u00f3n espa\u00f1ola con la narraci\u00f3n limpia, cercana y divertida de Jaime Arzain, un adolescente en&hellip;&nbsp;FOSA COM\u00daN Letzte Chance","og_url":"https:\/\/www.casadelectores.com\/index.php\/producto\/fosa-comun-letzte-chance-6803\/","og_site_name":"casadelectores","og_image":[{"width":294,"height":500,"url":"https:\/\/www.casadelectores.com\/wp-content\/uploads\/2025\/SK0178476-DE20251119-101116-0-1763518286-978843973087.webp","type":"image\/webp"}],"twitter_card":"summary_large_image","twitter_misc":{"Tiempo de lectura":"2 minutos"},"schema":{"@context":"https:\/\/schema.org","@graph":[{"@type":"WebPage","@id":"https:\/\/www.casadelectores.com\/index.php\/producto\/fosa-comun-letzte-chance-6803\/","url":"https:\/\/www.casadelectores.com\/index.php\/producto\/fosa-comun-letzte-chance-6803\/","name":"FOSA COM\u00daN Letzte Chance - casadelectores","isPartOf":{"@id":"https:\/\/www.casadelectores.com\/#website"},"primaryImageOfPage":{"@id":"https:\/\/www.casadelectores.com\/index.php\/producto\/fosa-comun-letzte-chance-6803\/#primaryimage"},"image":{"@id":"https:\/\/www.casadelectores.com\/index.php\/producto\/fosa-comun-letzte-chance-6803\/#primaryimage"},"thumbnailUrl":"https:\/\/www.casadelectores.com\/wp-content\/uploads\/2025\/SK0178476-DE20251119-101116-0-1763518286-978843973087.webp","datePublished":"2025-11-25T09:04:32+00:00","breadcrumb":{"@id":"https:\/\/www.casadelectores.com\/index.php\/producto\/fosa-comun-letzte-chance-6803\/#breadcrumb"},"inLanguage":"es","potentialAction":[{"@type":"ReadAction","target":["https:\/\/www.casadelectores.com\/index.php\/producto\/fosa-comun-letzte-chance-6803\/"]}]},{"@type":"ImageObject","inLanguage":"es","@id":"https:\/\/www.casadelectores.com\/index.php\/producto\/fosa-comun-letzte-chance-6803\/#primaryimage","url":"https:\/\/www.casadelectores.com\/wp-content\/uploads\/2025\/SK0178476-DE20251119-101116-0-1763518286-978843973087.webp","contentUrl":"https:\/\/www.casadelectores.com\/wp-content\/uploads\/2025\/SK0178476-DE20251119-101116-0-1763518286-978843973087.webp","width":294,"height":500},{"@type":"BreadcrumbList","@id":"https:\/\/www.casadelectores.com\/index.php\/producto\/fosa-comun-letzte-chance-6803\/#breadcrumb","itemListElement":[{"@type":"ListItem","position":1,"name":"Portada","item":"https:\/\/www.casadelectores.com\/"},{"@type":"ListItem","position":2,"name":"Shop","item":"https:\/\/www.casadelectores.com\/index.php\/shop\/"},{"@type":"ListItem","position":3,"name":"FOSA COM\u00daN Letzte Chance"}]},{"@type":"WebSite","@id":"https:\/\/www.casadelectores.com\/#website","url":"https:\/\/www.casadelectores.com\/","name":"Enam\u00f3rate de las compras","description":"","publisher":{"@id":"https:\/\/www.casadelectores.com\/#organization"},"potentialAction":[{"@type":"SearchAction","target":{"@type":"EntryPoint","urlTemplate":"https:\/\/www.casadelectores.com\/?s={search_term_string}"},"query-input":{"@type":"PropertyValueSpecification","valueRequired":true,"valueName":"search_term_string"}}],"inLanguage":"es"},{"@type":"Organization","@id":"https:\/\/www.casadelectores.com\/#organization","name":"Enam\u00f3rate de las compras","url":"https:\/\/www.casadelectores.com\/","logo":{"@type":"ImageObject","inLanguage":"es","@id":"https:\/\/www.casadelectores.com\/#\/schema\/logo\/image\/","url":"https:\/\/www.casadelectores.com\/wp-content\/uploads\/2020\/10\/shop-icon.png","contentUrl":"https:\/\/www.casadelectores.com\/wp-content\/uploads\/2020\/10\/shop-icon.png","width":512,"height":512,"caption":"Enam\u00f3rate de las compras"},"image":{"@id":"https:\/\/www.casadelectores.com\/#\/schema\/logo\/image\/"}}]}},"_links":{"self":[{"href":"https:\/\/www.casadelectores.com\/index.php\/wp-json\/wp\/v2\/product\/6803","targetHints":{"allow":["GET"]}}],"collection":[{"href":"https:\/\/www.casadelectores.com\/index.php\/wp-json\/wp\/v2\/product"}],"about":[{"href":"https:\/\/www.casadelectores.com\/index.php\/wp-json\/wp\/v2\/types\/product"}],"wp:featuredmedia":[{"embeddable":true,"href":"https:\/\/www.casadelectores.com\/index.php\/wp-json\/wp\/v2\/media\/6903"}],"wp:attachment":[{"href":"https:\/\/www.casadelectores.com\/index.php\/wp-json\/wp\/v2\/media?parent=6803"}],"wp:term":[{"taxonomy":"product_brand","embeddable":true,"href":"https:\/\/www.casadelectores.com\/index.php\/wp-json\/wp\/v2\/product_brand?post=6803"},{"taxonomy":"product_cat","embeddable":true,"href":"https:\/\/www.casadelectores.com\/index.php\/wp-json\/wp\/v2\/product_cat?post=6803"},{"taxonomy":"product_tag","embeddable":true,"href":"https:\/\/www.casadelectores.com\/index.php\/wp-json\/wp\/v2\/product_tag?post=6803"}],"curies":[{"name":"wp","href":"https:\/\/api.w.org\/{rel}","templated":true}]}}