{"id":66988,"date":"2025-11-25T09:06:25","date_gmt":"2025-11-25T09:06:25","guid":{"rendered":""},"modified":"2025-11-25T09:06:25","modified_gmt":"2025-11-25T09:06:25","slug":"expressversand-citas-de-stalin-edicion-de-borja-garcia-vazquez-seguido-de-el-estalinismo-revisado-por-slavoj-66988","status":"publish","type":"product","link":"https:\/\/www.casadelectores.com\/index.php\/producto\/expressversand-citas-de-stalin-edicion-de-borja-garcia-vazquez-seguido-de-el-estalinismo-revisado-por-slavoj-66988\/","title":{"rendered":"Expressversand CITAS DE STALIN. EDICI\u00d3N DE BORJA GARC\u00cdA V\u00c1ZQUEZ. SEGUIDO DE EL ESTALINISMO REVISADO, POR SLAVOJ"},"content":{"rendered":"<p>Recopilado y ordenado tem\u00e1ticamente, Citas de Stalin recoge fragmentos tanto de los textos como de los discursos formulados por I\u00f3sif Stalin, quien fuera secretario general del Comit\u00e9 Central del Partido Comunista de la Uni\u00f3n Sovi\u00e9tica desde 1922 hasta 1952. Tras su muerte en 1953 y con los cr\u00edmenes que se le atribu\u00edan como tel\u00f3n de fondo, se silenci\u00f3 su obra y se borr\u00f3 toda huella de su legado. La presente recopilaci\u00f3n, elaborada por el doctor Borja Garc\u00eda V\u00e1zquez, rescata del olvido lo esencial de sus ideas para, de esta manera, poder valorar la figura hist\u00f3rica que dirigi\u00f3 el rumbo del Estado sovi\u00e9tico, y su influencia en los fundamentos y el devenir de aquel importante periodo del comunismo. Adem\u00e1s, esta edici\u00f3n se complementa con un brillante ep\u00edlogo de Slavoj ?i?ek, El estalinismo revisado, o c\u00f3mo Stalin salv\u00f3 la humanidad del hombre, donde hace una atractiva reflexi\u00f3n sobre el lenguaje estalinista. \u00ab,<\/p>\n","protected":false},"excerpt":{"rendered":"<p>Recopilado y ordenado tem\u00e1ticamente, Citas de Stalin recoge fragmentos tanto de los textos como de los discursos formulados por I\u00f3sif Stalin, quien fuera secretario general del Comit\u00e9 Central del Partido Comunista de la Uni\u00f3n Sovi\u00e9tica desde 1922 hasta 1952. Tras su muerte en 1953 y con los cr\u00edmenes que se le atribu\u00edan como tel\u00f3n de&hellip;&nbsp;<a href=\"https:\/\/www.casadelectores.com\/index.php\/producto\/expressversand-citas-de-stalin-edicion-de-borja-garcia-vazquez-seguido-de-el-estalinismo-revisado-por-slavoj-66988\/\" rel=\"bookmark\"><span class=\"screen-reader-text\">Expressversand CITAS DE STALIN. EDICI\u00d3N DE BORJA GARC\u00cdA V\u00c1ZQUEZ. SEGUIDO DE EL ESTALINISMO REVISADO, POR SLAVOJ<\/span><\/a><\/p>\n","protected":false},"featured_media":67088,"template":"","meta":{"neve_meta_sidebar":"","neve_meta_container":"","neve_meta_enable_content_width":"","neve_meta_content_width":0,"neve_meta_title_alignment":"","neve_meta_author_avatar":"","neve_post_elements_order":"","neve_meta_disable_header":"","neve_meta_disable_footer":"","neve_meta_disable_title":"","_themeisle_gutenberg_block_has_review":false},"product_brand":[],"product_cat":[26],"product_tag":[],"class_list":["post-66988","product","type-product","status-publish","has-post-thumbnail","product_cat-publicaciones-de-libros","first","instock","sale","shipping-taxable","purchasable","product-type-simple"],"yoast_head":"<!-- This site is optimized with the Yoast SEO plugin v26.3 - https:\/\/yoast.com\/wordpress\/plugins\/seo\/ -->\n<title>Expressversand CITAS DE STALIN. EDICI\u00d3N DE BORJA GARC\u00cdA V\u00c1ZQUEZ. SEGUIDO DE EL ESTALINISMO REVISADO, POR SLAVOJ - casadelectores<\/title>\n<meta name=\"robots\" content=\"index, follow, max-snippet:-1, max-image-preview:large, max-video-preview:-1\" \/>\n<link rel=\"canonical\" href=\"https:\/\/www.casadelectores.com\/index.php\/producto\/expressversand-citas-de-stalin-edicion-de-borja-garcia-vazquez-seguido-de-el-estalinismo-revisado-por-slavoj-66988\/\" \/>\n<meta property=\"og:locale\" content=\"es_ES\" \/>\n<meta property=\"og:type\" content=\"article\" \/>\n<meta property=\"og:title\" content=\"Expressversand CITAS DE STALIN. EDICI\u00d3N DE BORJA GARC\u00cdA V\u00c1ZQUEZ. SEGUIDO DE EL ESTALINISMO REVISADO, POR SLAVOJ - casadelectores\" \/>\n<meta property=\"og:description\" content=\"Recopilado y ordenado tem\u00e1ticamente, Citas de Stalin recoge fragmentos tanto de los textos como de los discursos formulados por I\u00f3sif Stalin, quien fuera secretario general del Comit\u00e9 Central del Partido Comunista de la Uni\u00f3n Sovi\u00e9tica desde 1922 hasta 1952. Tras su muerte en 1953 y con los cr\u00edmenes que se le atribu\u00edan como tel\u00f3n de&hellip;&nbsp;Expressversand CITAS DE STALIN. EDICI\u00d3N DE BORJA GARC\u00cdA V\u00c1ZQUEZ. SEGUIDO DE EL ESTALINISMO REVISADO, POR SLAVOJ\" \/>\n<meta property=\"og:url\" content=\"https:\/\/www.casadelectores.com\/index.php\/producto\/expressversand-citas-de-stalin-edicion-de-borja-garcia-vazquez-seguido-de-el-estalinismo-revisado-por-slavoj-66988\/\" \/>\n<meta property=\"og:site_name\" content=\"casadelectores\" \/>\n<meta property=\"og:image\" content=\"https:\/\/www.casadelectores.com\/wp-content\/uploads\/2025\/SK0208329-DE20251119-101116-0-1763518287-978844605302.webp\" \/>\n\t<meta property=\"og:image:width\" content=\"233\" \/>\n\t<meta property=\"og:image:height\" content=\"350\" \/>\n\t<meta property=\"og:image:type\" content=\"image\/webp\" \/>\n<meta name=\"twitter:card\" content=\"summary_large_image\" \/>\n<meta name=\"twitter:label1\" content=\"Tiempo de lectura\" \/>\n\t<meta name=\"twitter:data1\" content=\"1 minuto\" \/>\n<script type=\"application\/ld+json\" class=\"yoast-schema-graph\">{\"@context\":\"https:\/\/schema.org\",\"@graph\":[{\"@type\":\"WebPage\",\"@id\":\"https:\/\/www.casadelectores.com\/index.php\/producto\/expressversand-citas-de-stalin-edicion-de-borja-garcia-vazquez-seguido-de-el-estalinismo-revisado-por-slavoj-66988\/\",\"url\":\"https:\/\/www.casadelectores.com\/index.php\/producto\/expressversand-citas-de-stalin-edicion-de-borja-garcia-vazquez-seguido-de-el-estalinismo-revisado-por-slavoj-66988\/\",\"name\":\"Expressversand CITAS DE STALIN. EDICI\u00d3N DE BORJA GARC\u00cdA V\u00c1ZQUEZ. SEGUIDO DE EL ESTALINISMO REVISADO, POR SLAVOJ - casadelectores\",\"isPartOf\":{\"@id\":\"https:\/\/www.casadelectores.com\/#website\"},\"primaryImageOfPage\":{\"@id\":\"https:\/\/www.casadelectores.com\/index.php\/producto\/expressversand-citas-de-stalin-edicion-de-borja-garcia-vazquez-seguido-de-el-estalinismo-revisado-por-slavoj-66988\/#primaryimage\"},\"image\":{\"@id\":\"https:\/\/www.casadelectores.com\/index.php\/producto\/expressversand-citas-de-stalin-edicion-de-borja-garcia-vazquez-seguido-de-el-estalinismo-revisado-por-slavoj-66988\/#primaryimage\"},\"thumbnailUrl\":\"https:\/\/www.casadelectores.com\/wp-content\/uploads\/2025\/SK0208329-DE20251119-101116-0-1763518287-978844605302.webp\",\"datePublished\":\"2025-11-25T09:06:25+00:00\",\"breadcrumb\":{\"@id\":\"https:\/\/www.casadelectores.com\/index.php\/producto\/expressversand-citas-de-stalin-edicion-de-borja-garcia-vazquez-seguido-de-el-estalinismo-revisado-por-slavoj-66988\/#breadcrumb\"},\"inLanguage\":\"es\",\"potentialAction\":[{\"@type\":\"ReadAction\",\"target\":[\"https:\/\/www.casadelectores.com\/index.php\/producto\/expressversand-citas-de-stalin-edicion-de-borja-garcia-vazquez-seguido-de-el-estalinismo-revisado-por-slavoj-66988\/\"]}]},{\"@type\":\"ImageObject\",\"inLanguage\":\"es\",\"@id\":\"https:\/\/www.casadelectores.com\/index.php\/producto\/expressversand-citas-de-stalin-edicion-de-borja-garcia-vazquez-seguido-de-el-estalinismo-revisado-por-slavoj-66988\/#primaryimage\",\"url\":\"https:\/\/www.casadelectores.com\/wp-content\/uploads\/2025\/SK0208329-DE20251119-101116-0-1763518287-978844605302.webp\",\"contentUrl\":\"https:\/\/www.casadelectores.com\/wp-content\/uploads\/2025\/SK0208329-DE20251119-101116-0-1763518287-978844605302.webp\",\"width\":233,\"height\":350},{\"@type\":\"BreadcrumbList\",\"@id\":\"https:\/\/www.casadelectores.com\/index.php\/producto\/expressversand-citas-de-stalin-edicion-de-borja-garcia-vazquez-seguido-de-el-estalinismo-revisado-por-slavoj-66988\/#breadcrumb\",\"itemListElement\":[{\"@type\":\"ListItem\",\"position\":1,\"name\":\"Portada\",\"item\":\"https:\/\/www.casadelectores.com\/\"},{\"@type\":\"ListItem\",\"position\":2,\"name\":\"Shop\",\"item\":\"https:\/\/www.casadelectores.com\/index.php\/shop\/\"},{\"@type\":\"ListItem\",\"position\":3,\"name\":\"Expressversand CITAS DE STALIN. EDICI\u00d3N DE BORJA GARC\u00cdA V\u00c1ZQUEZ. SEGUIDO DE EL ESTALINISMO REVISADO, POR SLAVOJ\"}]},{\"@type\":\"WebSite\",\"@id\":\"https:\/\/www.casadelectores.com\/#website\",\"url\":\"https:\/\/www.casadelectores.com\/\",\"name\":\"Enam\u00f3rate de las compras\",\"description\":\"\",\"publisher\":{\"@id\":\"https:\/\/www.casadelectores.com\/#organization\"},\"potentialAction\":[{\"@type\":\"SearchAction\",\"target\":{\"@type\":\"EntryPoint\",\"urlTemplate\":\"https:\/\/www.casadelectores.com\/?s={search_term_string}\"},\"query-input\":{\"@type\":\"PropertyValueSpecification\",\"valueRequired\":true,\"valueName\":\"search_term_string\"}}],\"inLanguage\":\"es\"},{\"@type\":\"Organization\",\"@id\":\"https:\/\/www.casadelectores.com\/#organization\",\"name\":\"Enam\u00f3rate de las compras\",\"url\":\"https:\/\/www.casadelectores.com\/\",\"logo\":{\"@type\":\"ImageObject\",\"inLanguage\":\"es\",\"@id\":\"https:\/\/www.casadelectores.com\/#\/schema\/logo\/image\/\",\"url\":\"https:\/\/www.casadelectores.com\/wp-content\/uploads\/2020\/10\/shop-icon.png\",\"contentUrl\":\"https:\/\/www.casadelectores.com\/wp-content\/uploads\/2020\/10\/shop-icon.png\",\"width\":512,\"height\":512,\"caption\":\"Enam\u00f3rate de las compras\"},\"image\":{\"@id\":\"https:\/\/www.casadelectores.com\/#\/schema\/logo\/image\/\"}}]}<\/script>\n<!-- \/ Yoast SEO plugin. -->","yoast_head_json":{"title":"Expressversand CITAS DE STALIN. EDICI\u00d3N DE BORJA GARC\u00cdA V\u00c1ZQUEZ. SEGUIDO DE EL ESTALINISMO REVISADO, POR SLAVOJ - casadelectores","robots":{"index":"index","follow":"follow","max-snippet":"max-snippet:-1","max-image-preview":"max-image-preview:large","max-video-preview":"max-video-preview:-1"},"canonical":"https:\/\/www.casadelectores.com\/index.php\/producto\/expressversand-citas-de-stalin-edicion-de-borja-garcia-vazquez-seguido-de-el-estalinismo-revisado-por-slavoj-66988\/","og_locale":"es_ES","og_type":"article","og_title":"Expressversand CITAS DE STALIN. EDICI\u00d3N DE BORJA GARC\u00cdA V\u00c1ZQUEZ. SEGUIDO DE EL ESTALINISMO REVISADO, POR SLAVOJ - casadelectores","og_description":"Recopilado y ordenado tem\u00e1ticamente, Citas de Stalin recoge fragmentos tanto de los textos como de los discursos formulados por I\u00f3sif Stalin, quien fuera secretario general del Comit\u00e9 Central del Partido Comunista de la Uni\u00f3n Sovi\u00e9tica desde 1922 hasta 1952. Tras su muerte en 1953 y con los cr\u00edmenes que se le atribu\u00edan como tel\u00f3n de&hellip;&nbsp;Expressversand CITAS DE STALIN. EDICI\u00d3N DE BORJA GARC\u00cdA V\u00c1ZQUEZ. SEGUIDO DE EL ESTALINISMO REVISADO, POR SLAVOJ","og_url":"https:\/\/www.casadelectores.com\/index.php\/producto\/expressversand-citas-de-stalin-edicion-de-borja-garcia-vazquez-seguido-de-el-estalinismo-revisado-por-slavoj-66988\/","og_site_name":"casadelectores","og_image":[{"width":233,"height":350,"url":"https:\/\/www.casadelectores.com\/wp-content\/uploads\/2025\/SK0208329-DE20251119-101116-0-1763518287-978844605302.webp","type":"image\/webp"}],"twitter_card":"summary_large_image","twitter_misc":{"Tiempo de lectura":"1 minuto"},"schema":{"@context":"https:\/\/schema.org","@graph":[{"@type":"WebPage","@id":"https:\/\/www.casadelectores.com\/index.php\/producto\/expressversand-citas-de-stalin-edicion-de-borja-garcia-vazquez-seguido-de-el-estalinismo-revisado-por-slavoj-66988\/","url":"https:\/\/www.casadelectores.com\/index.php\/producto\/expressversand-citas-de-stalin-edicion-de-borja-garcia-vazquez-seguido-de-el-estalinismo-revisado-por-slavoj-66988\/","name":"Expressversand CITAS DE STALIN. EDICI\u00d3N DE BORJA GARC\u00cdA V\u00c1ZQUEZ. SEGUIDO DE EL ESTALINISMO REVISADO, POR SLAVOJ - casadelectores","isPartOf":{"@id":"https:\/\/www.casadelectores.com\/#website"},"primaryImageOfPage":{"@id":"https:\/\/www.casadelectores.com\/index.php\/producto\/expressversand-citas-de-stalin-edicion-de-borja-garcia-vazquez-seguido-de-el-estalinismo-revisado-por-slavoj-66988\/#primaryimage"},"image":{"@id":"https:\/\/www.casadelectores.com\/index.php\/producto\/expressversand-citas-de-stalin-edicion-de-borja-garcia-vazquez-seguido-de-el-estalinismo-revisado-por-slavoj-66988\/#primaryimage"},"thumbnailUrl":"https:\/\/www.casadelectores.com\/wp-content\/uploads\/2025\/SK0208329-DE20251119-101116-0-1763518287-978844605302.webp","datePublished":"2025-11-25T09:06:25+00:00","breadcrumb":{"@id":"https:\/\/www.casadelectores.com\/index.php\/producto\/expressversand-citas-de-stalin-edicion-de-borja-garcia-vazquez-seguido-de-el-estalinismo-revisado-por-slavoj-66988\/#breadcrumb"},"inLanguage":"es","potentialAction":[{"@type":"ReadAction","target":["https:\/\/www.casadelectores.com\/index.php\/producto\/expressversand-citas-de-stalin-edicion-de-borja-garcia-vazquez-seguido-de-el-estalinismo-revisado-por-slavoj-66988\/"]}]},{"@type":"ImageObject","inLanguage":"es","@id":"https:\/\/www.casadelectores.com\/index.php\/producto\/expressversand-citas-de-stalin-edicion-de-borja-garcia-vazquez-seguido-de-el-estalinismo-revisado-por-slavoj-66988\/#primaryimage","url":"https:\/\/www.casadelectores.com\/wp-content\/uploads\/2025\/SK0208329-DE20251119-101116-0-1763518287-978844605302.webp","contentUrl":"https:\/\/www.casadelectores.com\/wp-content\/uploads\/2025\/SK0208329-DE20251119-101116-0-1763518287-978844605302.webp","width":233,"height":350},{"@type":"BreadcrumbList","@id":"https:\/\/www.casadelectores.com\/index.php\/producto\/expressversand-citas-de-stalin-edicion-de-borja-garcia-vazquez-seguido-de-el-estalinismo-revisado-por-slavoj-66988\/#breadcrumb","itemListElement":[{"@type":"ListItem","position":1,"name":"Portada","item":"https:\/\/www.casadelectores.com\/"},{"@type":"ListItem","position":2,"name":"Shop","item":"https:\/\/www.casadelectores.com\/index.php\/shop\/"},{"@type":"ListItem","position":3,"name":"Expressversand CITAS DE STALIN. EDICI\u00d3N DE BORJA GARC\u00cdA V\u00c1ZQUEZ. SEGUIDO DE EL ESTALINISMO REVISADO, POR SLAVOJ"}]},{"@type":"WebSite","@id":"https:\/\/www.casadelectores.com\/#website","url":"https:\/\/www.casadelectores.com\/","name":"Enam\u00f3rate de las compras","description":"","publisher":{"@id":"https:\/\/www.casadelectores.com\/#organization"},"potentialAction":[{"@type":"SearchAction","target":{"@type":"EntryPoint","urlTemplate":"https:\/\/www.casadelectores.com\/?s={search_term_string}"},"query-input":{"@type":"PropertyValueSpecification","valueRequired":true,"valueName":"search_term_string"}}],"inLanguage":"es"},{"@type":"Organization","@id":"https:\/\/www.casadelectores.com\/#organization","name":"Enam\u00f3rate de las compras","url":"https:\/\/www.casadelectores.com\/","logo":{"@type":"ImageObject","inLanguage":"es","@id":"https:\/\/www.casadelectores.com\/#\/schema\/logo\/image\/","url":"https:\/\/www.casadelectores.com\/wp-content\/uploads\/2020\/10\/shop-icon.png","contentUrl":"https:\/\/www.casadelectores.com\/wp-content\/uploads\/2020\/10\/shop-icon.png","width":512,"height":512,"caption":"Enam\u00f3rate de las compras"},"image":{"@id":"https:\/\/www.casadelectores.com\/#\/schema\/logo\/image\/"}}]}},"_links":{"self":[{"href":"https:\/\/www.casadelectores.com\/index.php\/wp-json\/wp\/v2\/product\/66988","targetHints":{"allow":["GET"]}}],"collection":[{"href":"https:\/\/www.casadelectores.com\/index.php\/wp-json\/wp\/v2\/product"}],"about":[{"href":"https:\/\/www.casadelectores.com\/index.php\/wp-json\/wp\/v2\/types\/product"}],"wp:featuredmedia":[{"embeddable":true,"href":"https:\/\/www.casadelectores.com\/index.php\/wp-json\/wp\/v2\/media\/67088"}],"wp:attachment":[{"href":"https:\/\/www.casadelectores.com\/index.php\/wp-json\/wp\/v2\/media?parent=66988"}],"wp:term":[{"taxonomy":"product_brand","embeddable":true,"href":"https:\/\/www.casadelectores.com\/index.php\/wp-json\/wp\/v2\/product_brand?post=66988"},{"taxonomy":"product_cat","embeddable":true,"href":"https:\/\/www.casadelectores.com\/index.php\/wp-json\/wp\/v2\/product_cat?post=66988"},{"taxonomy":"product_tag","embeddable":true,"href":"https:\/\/www.casadelectores.com\/index.php\/wp-json\/wp\/v2\/product_tag?post=66988"}],"curies":[{"name":"wp","href":"https:\/\/api.w.org\/{rel}","templated":true}]}}