{"id":66766,"date":"2025-11-25T09:06:25","date_gmt":"2025-11-25T09:06:25","guid":{"rendered":""},"modified":"2025-11-25T09:06:25","modified_gmt":"2025-11-25T09:06:25","slug":"estudos-sobre-gramatica-e-sociolinguistica-galego-portuguesa-nur-heute-66766","status":"publish","type":"product","link":"https:\/\/www.casadelectores.com\/index.php\/producto\/estudos-sobre-gramatica-e-sociolinguistica-galego-portuguesa-nur-heute-66766\/","title":{"rendered":"ESTUDOS SOBRE GRAM\u00c1TICA E SOCIOLING\u00dc\u00cdSTICA GALEGO-PORTUGUESA Nur Heute"},"content":{"rendered":"<p>O conxunto de traballos reunidos en Estudos sobre gram\u00e1tica e socioling\u00fc\u00edstica galego-portuguesa pon de manifesto a relevancia das achegas de Xos\u00e9 Ram\u00f3n Freixeiro Mato, profesor em\u00e9rito da UDC e membro de ILLA, no campo dos estudos gramaticais e socioling\u00fc\u00edsticos. As colaboraci\u00f3ns enm\u00e1rcanse en diversos eixos cronolol\u00f3xicos (diacr\u00f3nico e sincronico) e en diferentes disciplinas e li\u00f1as de investigaci\u00f3n (morfolox\u00eda, ling\u00fc\u00edstica textual, sintaxe, planificaci\u00f3n ling\u00fc\u00edstica, traduci\u00f3n etc.). Na obra colaboran membros de ILLA (Carlos-Caetano Biscainho-Fernandes, Manuel Ferreiro, Mar\u00eda Pilar Garc\u00eda Negro, Xo\u00e1n Lu\u00eds L\u00f3pez Vi\u00f1as e Xos\u00e9 Manuel S\u00e1nchez Rei, coordinador do volume), profesorado das universidades galegas (Robert Neal Baxter, Carlos Garrido, Xavier Guinovart, Mar\u00eda Jes\u00fas Lorenzo-Modia, Ram\u00f3n Mari\u00f1o, Jos\u00e9 Lu\u00eds Rodr\u00edguez, Roberto Samartim),  portuguesas (Isabel Duarte, Maria Aldina Marques ?colaboradora de ILLA?, Nat\u00e1lia Pires, Helena Rebelo, Olinda Santana e Jos\u00e9 Teixeira), e doutros lugares do mundo (Sandra P\u00e9rez L\u00f3pez da Universidade de Bras\u00edlia, Aur\u00e9lia Merlan da Universidade de Munique), ben como d \u00ab,<\/p>\n","protected":false},"excerpt":{"rendered":"<p>O conxunto de traballos reunidos en Estudos sobre gram\u00e1tica e socioling\u00fc\u00edstica galego-portuguesa pon de manifesto a relevancia das achegas de Xos\u00e9 Ram\u00f3n Freixeiro Mato, profesor em\u00e9rito da UDC e membro de ILLA, no campo dos estudos gramaticais e socioling\u00fc\u00edsticos. As colaboraci\u00f3ns enm\u00e1rcanse en diversos eixos cronolol\u00f3xicos (diacr\u00f3nico e sincronico) e en diferentes disciplinas e li\u00f1as&hellip;&nbsp;<a href=\"https:\/\/www.casadelectores.com\/index.php\/producto\/estudos-sobre-gramatica-e-sociolinguistica-galego-portuguesa-nur-heute-66766\/\" rel=\"bookmark\"><span class=\"screen-reader-text\">ESTUDOS SOBRE GRAM\u00c1TICA E SOCIOLING\u00dc\u00cdSTICA GALEGO-PORTUGUESA Nur Heute<\/span><\/a><\/p>\n","protected":false},"featured_media":66866,"template":"","meta":{"neve_meta_sidebar":"","neve_meta_container":"","neve_meta_enable_content_width":"","neve_meta_content_width":0,"neve_meta_title_alignment":"","neve_meta_author_avatar":"","neve_post_elements_order":"","neve_meta_disable_header":"","neve_meta_disable_footer":"","neve_meta_disable_title":"","_themeisle_gutenberg_block_has_review":false},"product_brand":[],"product_cat":[26],"product_tag":[],"class_list":["post-66766","product","type-product","status-publish","has-post-thumbnail","product_cat-publicaciones-de-libros","first","instock","sale","shipping-taxable","purchasable","product-type-simple"],"yoast_head":"<!-- This site is optimized with the Yoast SEO plugin v26.3 - https:\/\/yoast.com\/wordpress\/plugins\/seo\/ -->\n<title>ESTUDOS SOBRE GRAM\u00c1TICA E SOCIOLING\u00dc\u00cdSTICA GALEGO-PORTUGUESA Nur Heute - casadelectores<\/title>\n<meta name=\"robots\" content=\"index, follow, max-snippet:-1, max-image-preview:large, max-video-preview:-1\" \/>\n<link rel=\"canonical\" href=\"https:\/\/www.casadelectores.com\/index.php\/producto\/estudos-sobre-gramatica-e-sociolinguistica-galego-portuguesa-nur-heute-66766\/\" \/>\n<meta property=\"og:locale\" content=\"es_ES\" \/>\n<meta property=\"og:type\" content=\"article\" \/>\n<meta property=\"og:title\" content=\"ESTUDOS SOBRE GRAM\u00c1TICA E SOCIOLING\u00dc\u00cdSTICA GALEGO-PORTUGUESA Nur Heute - casadelectores\" \/>\n<meta property=\"og:description\" content=\"O conxunto de traballos reunidos en Estudos sobre gram\u00e1tica e socioling\u00fc\u00edstica galego-portuguesa pon de manifesto a relevancia das achegas de Xos\u00e9 Ram\u00f3n Freixeiro Mato, profesor em\u00e9rito da UDC e membro de ILLA, no campo dos estudos gramaticais e socioling\u00fc\u00edsticos. As colaboraci\u00f3ns enm\u00e1rcanse en diversos eixos cronolol\u00f3xicos (diacr\u00f3nico e sincronico) e en diferentes disciplinas e li\u00f1as&hellip;&nbsp;ESTUDOS SOBRE GRAM\u00c1TICA E SOCIOLING\u00dc\u00cdSTICA GALEGO-PORTUGUESA Nur Heute\" \/>\n<meta property=\"og:url\" content=\"https:\/\/www.casadelectores.com\/index.php\/producto\/estudos-sobre-gramatica-e-sociolinguistica-galego-portuguesa-nur-heute-66766\/\" \/>\n<meta property=\"og:site_name\" content=\"casadelectores\" \/>\n<meta property=\"og:image\" content=\"https:\/\/www.casadelectores.com\/wp-content\/uploads\/2025\/SK0208207-DE20251119-101116-0-1763518287-NOportada.webp\" \/>\n\t<meta property=\"og:image:width\" content=\"190\" \/>\n\t<meta property=\"og:image:height\" content=\"285\" \/>\n\t<meta property=\"og:image:type\" content=\"image\/webp\" \/>\n<meta name=\"twitter:card\" content=\"summary_large_image\" \/>\n<meta name=\"twitter:label1\" content=\"Tiempo de lectura\" \/>\n\t<meta name=\"twitter:data1\" content=\"1 minuto\" \/>\n<script type=\"application\/ld+json\" class=\"yoast-schema-graph\">{\"@context\":\"https:\/\/schema.org\",\"@graph\":[{\"@type\":\"WebPage\",\"@id\":\"https:\/\/www.casadelectores.com\/index.php\/producto\/estudos-sobre-gramatica-e-sociolinguistica-galego-portuguesa-nur-heute-66766\/\",\"url\":\"https:\/\/www.casadelectores.com\/index.php\/producto\/estudos-sobre-gramatica-e-sociolinguistica-galego-portuguesa-nur-heute-66766\/\",\"name\":\"ESTUDOS SOBRE GRAM\u00c1TICA E SOCIOLING\u00dc\u00cdSTICA GALEGO-PORTUGUESA Nur Heute - casadelectores\",\"isPartOf\":{\"@id\":\"https:\/\/www.casadelectores.com\/#website\"},\"primaryImageOfPage\":{\"@id\":\"https:\/\/www.casadelectores.com\/index.php\/producto\/estudos-sobre-gramatica-e-sociolinguistica-galego-portuguesa-nur-heute-66766\/#primaryimage\"},\"image\":{\"@id\":\"https:\/\/www.casadelectores.com\/index.php\/producto\/estudos-sobre-gramatica-e-sociolinguistica-galego-portuguesa-nur-heute-66766\/#primaryimage\"},\"thumbnailUrl\":\"https:\/\/www.casadelectores.com\/wp-content\/uploads\/2025\/SK0208207-DE20251119-101116-0-1763518287-NOportada.webp\",\"datePublished\":\"2025-11-25T09:06:25+00:00\",\"breadcrumb\":{\"@id\":\"https:\/\/www.casadelectores.com\/index.php\/producto\/estudos-sobre-gramatica-e-sociolinguistica-galego-portuguesa-nur-heute-66766\/#breadcrumb\"},\"inLanguage\":\"es\",\"potentialAction\":[{\"@type\":\"ReadAction\",\"target\":[\"https:\/\/www.casadelectores.com\/index.php\/producto\/estudos-sobre-gramatica-e-sociolinguistica-galego-portuguesa-nur-heute-66766\/\"]}]},{\"@type\":\"ImageObject\",\"inLanguage\":\"es\",\"@id\":\"https:\/\/www.casadelectores.com\/index.php\/producto\/estudos-sobre-gramatica-e-sociolinguistica-galego-portuguesa-nur-heute-66766\/#primaryimage\",\"url\":\"https:\/\/www.casadelectores.com\/wp-content\/uploads\/2025\/SK0208207-DE20251119-101116-0-1763518287-NOportada.webp\",\"contentUrl\":\"https:\/\/www.casadelectores.com\/wp-content\/uploads\/2025\/SK0208207-DE20251119-101116-0-1763518287-NOportada.webp\",\"width\":190,\"height\":285},{\"@type\":\"BreadcrumbList\",\"@id\":\"https:\/\/www.casadelectores.com\/index.php\/producto\/estudos-sobre-gramatica-e-sociolinguistica-galego-portuguesa-nur-heute-66766\/#breadcrumb\",\"itemListElement\":[{\"@type\":\"ListItem\",\"position\":1,\"name\":\"Portada\",\"item\":\"https:\/\/www.casadelectores.com\/\"},{\"@type\":\"ListItem\",\"position\":2,\"name\":\"Shop\",\"item\":\"https:\/\/www.casadelectores.com\/index.php\/shop\/\"},{\"@type\":\"ListItem\",\"position\":3,\"name\":\"ESTUDOS SOBRE GRAM\u00c1TICA E SOCIOLING\u00dc\u00cdSTICA GALEGO-PORTUGUESA Nur Heute\"}]},{\"@type\":\"WebSite\",\"@id\":\"https:\/\/www.casadelectores.com\/#website\",\"url\":\"https:\/\/www.casadelectores.com\/\",\"name\":\"Enam\u00f3rate de las compras\",\"description\":\"\",\"publisher\":{\"@id\":\"https:\/\/www.casadelectores.com\/#organization\"},\"potentialAction\":[{\"@type\":\"SearchAction\",\"target\":{\"@type\":\"EntryPoint\",\"urlTemplate\":\"https:\/\/www.casadelectores.com\/?s={search_term_string}\"},\"query-input\":{\"@type\":\"PropertyValueSpecification\",\"valueRequired\":true,\"valueName\":\"search_term_string\"}}],\"inLanguage\":\"es\"},{\"@type\":\"Organization\",\"@id\":\"https:\/\/www.casadelectores.com\/#organization\",\"name\":\"Enam\u00f3rate de las compras\",\"url\":\"https:\/\/www.casadelectores.com\/\",\"logo\":{\"@type\":\"ImageObject\",\"inLanguage\":\"es\",\"@id\":\"https:\/\/www.casadelectores.com\/#\/schema\/logo\/image\/\",\"url\":\"https:\/\/www.casadelectores.com\/wp-content\/uploads\/2020\/10\/shop-icon.png\",\"contentUrl\":\"https:\/\/www.casadelectores.com\/wp-content\/uploads\/2020\/10\/shop-icon.png\",\"width\":512,\"height\":512,\"caption\":\"Enam\u00f3rate de las compras\"},\"image\":{\"@id\":\"https:\/\/www.casadelectores.com\/#\/schema\/logo\/image\/\"}}]}<\/script>\n<!-- \/ Yoast SEO plugin. -->","yoast_head_json":{"title":"ESTUDOS SOBRE GRAM\u00c1TICA E SOCIOLING\u00dc\u00cdSTICA GALEGO-PORTUGUESA Nur Heute - casadelectores","robots":{"index":"index","follow":"follow","max-snippet":"max-snippet:-1","max-image-preview":"max-image-preview:large","max-video-preview":"max-video-preview:-1"},"canonical":"https:\/\/www.casadelectores.com\/index.php\/producto\/estudos-sobre-gramatica-e-sociolinguistica-galego-portuguesa-nur-heute-66766\/","og_locale":"es_ES","og_type":"article","og_title":"ESTUDOS SOBRE GRAM\u00c1TICA E SOCIOLING\u00dc\u00cdSTICA GALEGO-PORTUGUESA Nur Heute - casadelectores","og_description":"O conxunto de traballos reunidos en Estudos sobre gram\u00e1tica e socioling\u00fc\u00edstica galego-portuguesa pon de manifesto a relevancia das achegas de Xos\u00e9 Ram\u00f3n Freixeiro Mato, profesor em\u00e9rito da UDC e membro de ILLA, no campo dos estudos gramaticais e socioling\u00fc\u00edsticos. As colaboraci\u00f3ns enm\u00e1rcanse en diversos eixos cronolol\u00f3xicos (diacr\u00f3nico e sincronico) e en diferentes disciplinas e li\u00f1as&hellip;&nbsp;ESTUDOS SOBRE GRAM\u00c1TICA E SOCIOLING\u00dc\u00cdSTICA GALEGO-PORTUGUESA Nur Heute","og_url":"https:\/\/www.casadelectores.com\/index.php\/producto\/estudos-sobre-gramatica-e-sociolinguistica-galego-portuguesa-nur-heute-66766\/","og_site_name":"casadelectores","og_image":[{"width":190,"height":285,"url":"https:\/\/www.casadelectores.com\/wp-content\/uploads\/2025\/SK0208207-DE20251119-101116-0-1763518287-NOportada.webp","type":"image\/webp"}],"twitter_card":"summary_large_image","twitter_misc":{"Tiempo de lectura":"1 minuto"},"schema":{"@context":"https:\/\/schema.org","@graph":[{"@type":"WebPage","@id":"https:\/\/www.casadelectores.com\/index.php\/producto\/estudos-sobre-gramatica-e-sociolinguistica-galego-portuguesa-nur-heute-66766\/","url":"https:\/\/www.casadelectores.com\/index.php\/producto\/estudos-sobre-gramatica-e-sociolinguistica-galego-portuguesa-nur-heute-66766\/","name":"ESTUDOS SOBRE GRAM\u00c1TICA E SOCIOLING\u00dc\u00cdSTICA GALEGO-PORTUGUESA Nur Heute - casadelectores","isPartOf":{"@id":"https:\/\/www.casadelectores.com\/#website"},"primaryImageOfPage":{"@id":"https:\/\/www.casadelectores.com\/index.php\/producto\/estudos-sobre-gramatica-e-sociolinguistica-galego-portuguesa-nur-heute-66766\/#primaryimage"},"image":{"@id":"https:\/\/www.casadelectores.com\/index.php\/producto\/estudos-sobre-gramatica-e-sociolinguistica-galego-portuguesa-nur-heute-66766\/#primaryimage"},"thumbnailUrl":"https:\/\/www.casadelectores.com\/wp-content\/uploads\/2025\/SK0208207-DE20251119-101116-0-1763518287-NOportada.webp","datePublished":"2025-11-25T09:06:25+00:00","breadcrumb":{"@id":"https:\/\/www.casadelectores.com\/index.php\/producto\/estudos-sobre-gramatica-e-sociolinguistica-galego-portuguesa-nur-heute-66766\/#breadcrumb"},"inLanguage":"es","potentialAction":[{"@type":"ReadAction","target":["https:\/\/www.casadelectores.com\/index.php\/producto\/estudos-sobre-gramatica-e-sociolinguistica-galego-portuguesa-nur-heute-66766\/"]}]},{"@type":"ImageObject","inLanguage":"es","@id":"https:\/\/www.casadelectores.com\/index.php\/producto\/estudos-sobre-gramatica-e-sociolinguistica-galego-portuguesa-nur-heute-66766\/#primaryimage","url":"https:\/\/www.casadelectores.com\/wp-content\/uploads\/2025\/SK0208207-DE20251119-101116-0-1763518287-NOportada.webp","contentUrl":"https:\/\/www.casadelectores.com\/wp-content\/uploads\/2025\/SK0208207-DE20251119-101116-0-1763518287-NOportada.webp","width":190,"height":285},{"@type":"BreadcrumbList","@id":"https:\/\/www.casadelectores.com\/index.php\/producto\/estudos-sobre-gramatica-e-sociolinguistica-galego-portuguesa-nur-heute-66766\/#breadcrumb","itemListElement":[{"@type":"ListItem","position":1,"name":"Portada","item":"https:\/\/www.casadelectores.com\/"},{"@type":"ListItem","position":2,"name":"Shop","item":"https:\/\/www.casadelectores.com\/index.php\/shop\/"},{"@type":"ListItem","position":3,"name":"ESTUDOS SOBRE GRAM\u00c1TICA E SOCIOLING\u00dc\u00cdSTICA GALEGO-PORTUGUESA Nur Heute"}]},{"@type":"WebSite","@id":"https:\/\/www.casadelectores.com\/#website","url":"https:\/\/www.casadelectores.com\/","name":"Enam\u00f3rate de las compras","description":"","publisher":{"@id":"https:\/\/www.casadelectores.com\/#organization"},"potentialAction":[{"@type":"SearchAction","target":{"@type":"EntryPoint","urlTemplate":"https:\/\/www.casadelectores.com\/?s={search_term_string}"},"query-input":{"@type":"PropertyValueSpecification","valueRequired":true,"valueName":"search_term_string"}}],"inLanguage":"es"},{"@type":"Organization","@id":"https:\/\/www.casadelectores.com\/#organization","name":"Enam\u00f3rate de las compras","url":"https:\/\/www.casadelectores.com\/","logo":{"@type":"ImageObject","inLanguage":"es","@id":"https:\/\/www.casadelectores.com\/#\/schema\/logo\/image\/","url":"https:\/\/www.casadelectores.com\/wp-content\/uploads\/2020\/10\/shop-icon.png","contentUrl":"https:\/\/www.casadelectores.com\/wp-content\/uploads\/2020\/10\/shop-icon.png","width":512,"height":512,"caption":"Enam\u00f3rate de las compras"},"image":{"@id":"https:\/\/www.casadelectores.com\/#\/schema\/logo\/image\/"}}]}},"_links":{"self":[{"href":"https:\/\/www.casadelectores.com\/index.php\/wp-json\/wp\/v2\/product\/66766","targetHints":{"allow":["GET"]}}],"collection":[{"href":"https:\/\/www.casadelectores.com\/index.php\/wp-json\/wp\/v2\/product"}],"about":[{"href":"https:\/\/www.casadelectores.com\/index.php\/wp-json\/wp\/v2\/types\/product"}],"wp:featuredmedia":[{"embeddable":true,"href":"https:\/\/www.casadelectores.com\/index.php\/wp-json\/wp\/v2\/media\/66866"}],"wp:attachment":[{"href":"https:\/\/www.casadelectores.com\/index.php\/wp-json\/wp\/v2\/media?parent=66766"}],"wp:term":[{"taxonomy":"product_brand","embeddable":true,"href":"https:\/\/www.casadelectores.com\/index.php\/wp-json\/wp\/v2\/product_brand?post=66766"},{"taxonomy":"product_cat","embeddable":true,"href":"https:\/\/www.casadelectores.com\/index.php\/wp-json\/wp\/v2\/product_cat?post=66766"},{"taxonomy":"product_tag","embeddable":true,"href":"https:\/\/www.casadelectores.com\/index.php\/wp-json\/wp\/v2\/product_tag?post=66766"}],"curies":[{"name":"wp","href":"https:\/\/api.w.org\/{rel}","templated":true}]}}