{"id":60200,"date":"2025-11-25T09:06:10","date_gmt":"2025-11-25T09:06:10","guid":{"rendered":""},"modified":"2025-11-25T09:06:10","modified_gmt":"2025-11-25T09:06:10","slug":"finale-aktion-a-por-todas-2-primaria-3-trimestre-savia-60200","status":"publish","type":"product","link":"https:\/\/www.casadelectores.com\/index.php\/producto\/finale-aktion-a-por-todas-2-primaria-3-trimestre-savia-60200\/","title":{"rendered":"Finale Aktion \u00a1A POR TODAS! 2 PRIMARIA, 3 TRIMESTRE. SAVIA"},"content":{"rendered":"<p>El proyecto Savia para Globalizado es una propuesta integradora para los alumnos de 2.\u00ba de Primaria que engloba en una misma unidad did\u00e1ctica las \u00e1reas de Lengua, Matem\u00e1ticas, Ciencias de la Naturaleza y Sociales.El libro \u00a1A por todas! tiene un formato trimestral. Se basa en actividades contextualizadas y cercanas, y propone apoyo visual con im\u00e1genes y reales, seguimiento del aprendizaje y propuestas de trabajo globalizadas.El libro del alumno incluye: &#8211; Cuaderno de lectura LA PANDILLA DE LA ARDILLA: Conoce las nuevas aventuras de Nora, Aitor, Ismael, Irene y Rasi. Los cuentos de la pandilla en formato trimestral y con un audio asociado (en el Material para el profesor). &#8211; Cuaderno TALLER DE MATEM\u00c1TICAS MANIPULATIVAS. \u00ab,<\/p>\n","protected":false},"excerpt":{"rendered":"<p>El proyecto Savia para Globalizado es una propuesta integradora para los alumnos de 2.\u00ba de Primaria que engloba en una misma unidad did\u00e1ctica las \u00e1reas de Lengua, Matem\u00e1ticas, Ciencias de la Naturaleza y Sociales.El libro \u00a1A por todas! tiene un formato trimestral. Se basa en actividades contextualizadas y cercanas, y propone apoyo visual con im\u00e1genes&hellip;&nbsp;<a href=\"https:\/\/www.casadelectores.com\/index.php\/producto\/finale-aktion-a-por-todas-2-primaria-3-trimestre-savia-60200\/\" rel=\"bookmark\"><span class=\"screen-reader-text\">Finale Aktion \u00a1A POR TODAS! 2 PRIMARIA, 3 TRIMESTRE. SAVIA<\/span><\/a><\/p>\n","protected":false},"featured_media":60300,"template":"","meta":{"neve_meta_sidebar":"","neve_meta_container":"","neve_meta_enable_content_width":"","neve_meta_content_width":0,"neve_meta_title_alignment":"","neve_meta_author_avatar":"","neve_post_elements_order":"","neve_meta_disable_header":"","neve_meta_disable_footer":"","neve_meta_disable_title":"","_themeisle_gutenberg_block_has_review":false},"product_brand":[],"product_cat":[26],"product_tag":[],"class_list":["post-60200","product","type-product","status-publish","has-post-thumbnail","product_cat-publicaciones-de-libros","first","instock","sale","shipping-taxable","purchasable","product-type-simple"],"yoast_head":"<!-- This site is optimized with the Yoast SEO plugin v26.3 - https:\/\/yoast.com\/wordpress\/plugins\/seo\/ -->\n<title>Finale Aktion \u00a1A POR TODAS! 2 PRIMARIA, 3 TRIMESTRE. SAVIA - casadelectores<\/title>\n<meta name=\"robots\" content=\"index, follow, max-snippet:-1, max-image-preview:large, max-video-preview:-1\" \/>\n<link rel=\"canonical\" href=\"https:\/\/www.casadelectores.com\/index.php\/producto\/finale-aktion-a-por-todas-2-primaria-3-trimestre-savia-60200\/\" \/>\n<meta property=\"og:locale\" content=\"es_ES\" \/>\n<meta property=\"og:type\" content=\"article\" \/>\n<meta property=\"og:title\" content=\"Finale Aktion \u00a1A POR TODAS! 2 PRIMARIA, 3 TRIMESTRE. SAVIA - casadelectores\" \/>\n<meta property=\"og:description\" content=\"El proyecto Savia para Globalizado es una propuesta integradora para los alumnos de 2.\u00ba de Primaria que engloba en una misma unidad did\u00e1ctica las \u00e1reas de Lengua, Matem\u00e1ticas, Ciencias de la Naturaleza y Sociales.El libro \u00a1A por todas! tiene un formato trimestral. Se basa en actividades contextualizadas y cercanas, y propone apoyo visual con im\u00e1genes&hellip;&nbsp;Finale Aktion \u00a1A POR TODAS! 2 PRIMARIA, 3 TRIMESTRE. SAVIA\" \/>\n<meta property=\"og:url\" content=\"https:\/\/www.casadelectores.com\/index.php\/producto\/finale-aktion-a-por-todas-2-primaria-3-trimestre-savia-60200\/\" \/>\n<meta property=\"og:site_name\" content=\"casadelectores\" \/>\n<meta property=\"og:image\" content=\"https:\/\/www.casadelectores.com\/wp-content\/uploads\/2025\/SK0204932-DE20251119-101116-0-1763518287-978846757514.webp\" \/>\n\t<meta property=\"og:image:width\" content=\"300\" \/>\n\t<meta property=\"og:image:height\" content=\"382\" \/>\n\t<meta property=\"og:image:type\" content=\"image\/webp\" \/>\n<meta name=\"twitter:card\" content=\"summary_large_image\" \/>\n<meta name=\"twitter:label1\" content=\"Tiempo de lectura\" \/>\n\t<meta name=\"twitter:data1\" content=\"1 minuto\" \/>\n<script type=\"application\/ld+json\" class=\"yoast-schema-graph\">{\"@context\":\"https:\/\/schema.org\",\"@graph\":[{\"@type\":\"WebPage\",\"@id\":\"https:\/\/www.casadelectores.com\/index.php\/producto\/finale-aktion-a-por-todas-2-primaria-3-trimestre-savia-60200\/\",\"url\":\"https:\/\/www.casadelectores.com\/index.php\/producto\/finale-aktion-a-por-todas-2-primaria-3-trimestre-savia-60200\/\",\"name\":\"Finale Aktion \u00a1A POR TODAS! 2 PRIMARIA, 3 TRIMESTRE. SAVIA - casadelectores\",\"isPartOf\":{\"@id\":\"https:\/\/www.casadelectores.com\/#website\"},\"primaryImageOfPage\":{\"@id\":\"https:\/\/www.casadelectores.com\/index.php\/producto\/finale-aktion-a-por-todas-2-primaria-3-trimestre-savia-60200\/#primaryimage\"},\"image\":{\"@id\":\"https:\/\/www.casadelectores.com\/index.php\/producto\/finale-aktion-a-por-todas-2-primaria-3-trimestre-savia-60200\/#primaryimage\"},\"thumbnailUrl\":\"https:\/\/www.casadelectores.com\/wp-content\/uploads\/2025\/SK0204932-DE20251119-101116-0-1763518287-978846757514.webp\",\"datePublished\":\"2025-11-25T09:06:10+00:00\",\"breadcrumb\":{\"@id\":\"https:\/\/www.casadelectores.com\/index.php\/producto\/finale-aktion-a-por-todas-2-primaria-3-trimestre-savia-60200\/#breadcrumb\"},\"inLanguage\":\"es\",\"potentialAction\":[{\"@type\":\"ReadAction\",\"target\":[\"https:\/\/www.casadelectores.com\/index.php\/producto\/finale-aktion-a-por-todas-2-primaria-3-trimestre-savia-60200\/\"]}]},{\"@type\":\"ImageObject\",\"inLanguage\":\"es\",\"@id\":\"https:\/\/www.casadelectores.com\/index.php\/producto\/finale-aktion-a-por-todas-2-primaria-3-trimestre-savia-60200\/#primaryimage\",\"url\":\"https:\/\/www.casadelectores.com\/wp-content\/uploads\/2025\/SK0204932-DE20251119-101116-0-1763518287-978846757514.webp\",\"contentUrl\":\"https:\/\/www.casadelectores.com\/wp-content\/uploads\/2025\/SK0204932-DE20251119-101116-0-1763518287-978846757514.webp\",\"width\":300,\"height\":382},{\"@type\":\"BreadcrumbList\",\"@id\":\"https:\/\/www.casadelectores.com\/index.php\/producto\/finale-aktion-a-por-todas-2-primaria-3-trimestre-savia-60200\/#breadcrumb\",\"itemListElement\":[{\"@type\":\"ListItem\",\"position\":1,\"name\":\"Portada\",\"item\":\"https:\/\/www.casadelectores.com\/\"},{\"@type\":\"ListItem\",\"position\":2,\"name\":\"Shop\",\"item\":\"https:\/\/www.casadelectores.com\/index.php\/shop\/\"},{\"@type\":\"ListItem\",\"position\":3,\"name\":\"Finale Aktion \u00a1A POR TODAS! 2 PRIMARIA, 3 TRIMESTRE. SAVIA\"}]},{\"@type\":\"WebSite\",\"@id\":\"https:\/\/www.casadelectores.com\/#website\",\"url\":\"https:\/\/www.casadelectores.com\/\",\"name\":\"Enam\u00f3rate de las compras\",\"description\":\"\",\"publisher\":{\"@id\":\"https:\/\/www.casadelectores.com\/#organization\"},\"potentialAction\":[{\"@type\":\"SearchAction\",\"target\":{\"@type\":\"EntryPoint\",\"urlTemplate\":\"https:\/\/www.casadelectores.com\/?s={search_term_string}\"},\"query-input\":{\"@type\":\"PropertyValueSpecification\",\"valueRequired\":true,\"valueName\":\"search_term_string\"}}],\"inLanguage\":\"es\"},{\"@type\":\"Organization\",\"@id\":\"https:\/\/www.casadelectores.com\/#organization\",\"name\":\"Enam\u00f3rate de las compras\",\"url\":\"https:\/\/www.casadelectores.com\/\",\"logo\":{\"@type\":\"ImageObject\",\"inLanguage\":\"es\",\"@id\":\"https:\/\/www.casadelectores.com\/#\/schema\/logo\/image\/\",\"url\":\"https:\/\/www.casadelectores.com\/wp-content\/uploads\/2020\/10\/shop-icon.png\",\"contentUrl\":\"https:\/\/www.casadelectores.com\/wp-content\/uploads\/2020\/10\/shop-icon.png\",\"width\":512,\"height\":512,\"caption\":\"Enam\u00f3rate de las compras\"},\"image\":{\"@id\":\"https:\/\/www.casadelectores.com\/#\/schema\/logo\/image\/\"}}]}<\/script>\n<!-- \/ Yoast SEO plugin. -->","yoast_head_json":{"title":"Finale Aktion \u00a1A POR TODAS! 2 PRIMARIA, 3 TRIMESTRE. SAVIA - casadelectores","robots":{"index":"index","follow":"follow","max-snippet":"max-snippet:-1","max-image-preview":"max-image-preview:large","max-video-preview":"max-video-preview:-1"},"canonical":"https:\/\/www.casadelectores.com\/index.php\/producto\/finale-aktion-a-por-todas-2-primaria-3-trimestre-savia-60200\/","og_locale":"es_ES","og_type":"article","og_title":"Finale Aktion \u00a1A POR TODAS! 2 PRIMARIA, 3 TRIMESTRE. SAVIA - casadelectores","og_description":"El proyecto Savia para Globalizado es una propuesta integradora para los alumnos de 2.\u00ba de Primaria que engloba en una misma unidad did\u00e1ctica las \u00e1reas de Lengua, Matem\u00e1ticas, Ciencias de la Naturaleza y Sociales.El libro \u00a1A por todas! tiene un formato trimestral. Se basa en actividades contextualizadas y cercanas, y propone apoyo visual con im\u00e1genes&hellip;&nbsp;Finale Aktion \u00a1A POR TODAS! 2 PRIMARIA, 3 TRIMESTRE. SAVIA","og_url":"https:\/\/www.casadelectores.com\/index.php\/producto\/finale-aktion-a-por-todas-2-primaria-3-trimestre-savia-60200\/","og_site_name":"casadelectores","og_image":[{"width":300,"height":382,"url":"https:\/\/www.casadelectores.com\/wp-content\/uploads\/2025\/SK0204932-DE20251119-101116-0-1763518287-978846757514.webp","type":"image\/webp"}],"twitter_card":"summary_large_image","twitter_misc":{"Tiempo de lectura":"1 minuto"},"schema":{"@context":"https:\/\/schema.org","@graph":[{"@type":"WebPage","@id":"https:\/\/www.casadelectores.com\/index.php\/producto\/finale-aktion-a-por-todas-2-primaria-3-trimestre-savia-60200\/","url":"https:\/\/www.casadelectores.com\/index.php\/producto\/finale-aktion-a-por-todas-2-primaria-3-trimestre-savia-60200\/","name":"Finale Aktion \u00a1A POR TODAS! 2 PRIMARIA, 3 TRIMESTRE. SAVIA - casadelectores","isPartOf":{"@id":"https:\/\/www.casadelectores.com\/#website"},"primaryImageOfPage":{"@id":"https:\/\/www.casadelectores.com\/index.php\/producto\/finale-aktion-a-por-todas-2-primaria-3-trimestre-savia-60200\/#primaryimage"},"image":{"@id":"https:\/\/www.casadelectores.com\/index.php\/producto\/finale-aktion-a-por-todas-2-primaria-3-trimestre-savia-60200\/#primaryimage"},"thumbnailUrl":"https:\/\/www.casadelectores.com\/wp-content\/uploads\/2025\/SK0204932-DE20251119-101116-0-1763518287-978846757514.webp","datePublished":"2025-11-25T09:06:10+00:00","breadcrumb":{"@id":"https:\/\/www.casadelectores.com\/index.php\/producto\/finale-aktion-a-por-todas-2-primaria-3-trimestre-savia-60200\/#breadcrumb"},"inLanguage":"es","potentialAction":[{"@type":"ReadAction","target":["https:\/\/www.casadelectores.com\/index.php\/producto\/finale-aktion-a-por-todas-2-primaria-3-trimestre-savia-60200\/"]}]},{"@type":"ImageObject","inLanguage":"es","@id":"https:\/\/www.casadelectores.com\/index.php\/producto\/finale-aktion-a-por-todas-2-primaria-3-trimestre-savia-60200\/#primaryimage","url":"https:\/\/www.casadelectores.com\/wp-content\/uploads\/2025\/SK0204932-DE20251119-101116-0-1763518287-978846757514.webp","contentUrl":"https:\/\/www.casadelectores.com\/wp-content\/uploads\/2025\/SK0204932-DE20251119-101116-0-1763518287-978846757514.webp","width":300,"height":382},{"@type":"BreadcrumbList","@id":"https:\/\/www.casadelectores.com\/index.php\/producto\/finale-aktion-a-por-todas-2-primaria-3-trimestre-savia-60200\/#breadcrumb","itemListElement":[{"@type":"ListItem","position":1,"name":"Portada","item":"https:\/\/www.casadelectores.com\/"},{"@type":"ListItem","position":2,"name":"Shop","item":"https:\/\/www.casadelectores.com\/index.php\/shop\/"},{"@type":"ListItem","position":3,"name":"Finale Aktion \u00a1A POR TODAS! 2 PRIMARIA, 3 TRIMESTRE. SAVIA"}]},{"@type":"WebSite","@id":"https:\/\/www.casadelectores.com\/#website","url":"https:\/\/www.casadelectores.com\/","name":"Enam\u00f3rate de las compras","description":"","publisher":{"@id":"https:\/\/www.casadelectores.com\/#organization"},"potentialAction":[{"@type":"SearchAction","target":{"@type":"EntryPoint","urlTemplate":"https:\/\/www.casadelectores.com\/?s={search_term_string}"},"query-input":{"@type":"PropertyValueSpecification","valueRequired":true,"valueName":"search_term_string"}}],"inLanguage":"es"},{"@type":"Organization","@id":"https:\/\/www.casadelectores.com\/#organization","name":"Enam\u00f3rate de las compras","url":"https:\/\/www.casadelectores.com\/","logo":{"@type":"ImageObject","inLanguage":"es","@id":"https:\/\/www.casadelectores.com\/#\/schema\/logo\/image\/","url":"https:\/\/www.casadelectores.com\/wp-content\/uploads\/2020\/10\/shop-icon.png","contentUrl":"https:\/\/www.casadelectores.com\/wp-content\/uploads\/2020\/10\/shop-icon.png","width":512,"height":512,"caption":"Enam\u00f3rate de las compras"},"image":{"@id":"https:\/\/www.casadelectores.com\/#\/schema\/logo\/image\/"}}]}},"_links":{"self":[{"href":"https:\/\/www.casadelectores.com\/index.php\/wp-json\/wp\/v2\/product\/60200","targetHints":{"allow":["GET"]}}],"collection":[{"href":"https:\/\/www.casadelectores.com\/index.php\/wp-json\/wp\/v2\/product"}],"about":[{"href":"https:\/\/www.casadelectores.com\/index.php\/wp-json\/wp\/v2\/types\/product"}],"wp:featuredmedia":[{"embeddable":true,"href":"https:\/\/www.casadelectores.com\/index.php\/wp-json\/wp\/v2\/media\/60300"}],"wp:attachment":[{"href":"https:\/\/www.casadelectores.com\/index.php\/wp-json\/wp\/v2\/media?parent=60200"}],"wp:term":[{"taxonomy":"product_brand","embeddable":true,"href":"https:\/\/www.casadelectores.com\/index.php\/wp-json\/wp\/v2\/product_brand?post=60200"},{"taxonomy":"product_cat","embeddable":true,"href":"https:\/\/www.casadelectores.com\/index.php\/wp-json\/wp\/v2\/product_cat?post=60200"},{"taxonomy":"product_tag","embeddable":true,"href":"https:\/\/www.casadelectores.com\/index.php\/wp-json\/wp\/v2\/product_tag?post=60200"}],"curies":[{"name":"wp","href":"https:\/\/api.w.org\/{rel}","templated":true}]}}