{"id":56590,"date":"2025-11-25T09:06:04","date_gmt":"2025-11-25T09:06:04","guid":{"rendered":""},"modified":"2025-11-25T09:06:04","modified_gmt":"2025-11-25T09:06:04","slug":"finale-aktion-la-grammaire-sans-probleme-a1-a2-livre-de-l-eleve-cd-56590","status":"publish","type":"product","link":"https:\/\/www.casadelectores.com\/index.php\/producto\/finale-aktion-la-grammaire-sans-probleme-a1-a2-livre-de-l-eleve-cd-56590\/","title":{"rendered":"Finale Aktion LA GRAMMAIRE SANS PROBL\u00c8ME! A1-A2 LIVRE DE L&#8217;\u00c9L\u00c8VE + CD"},"content":{"rendered":"<p>\u00a1Una gram\u00e1tica espec\u00edficamente pensada para adolescentes que estudian franc\u00e9s (nivel A1-A2)!  Una herramienta imprescindible para la clase y perfecta para el trabajo aut\u00f3nomo Temas propios del mundo adolescente Reglas gramaticales y explicaciones sencillas y precisas, ejemplos y m\u00e1s de 200 actividades para practicar Se indican de forma exacta los niveles del MCER que permite trabajar cada ejercicio Evaluaciones frecuentes para hacer balance de los conocimientos adquiridos Un diccionario para entender los t\u00e9rminos de gram\u00e1tica Tablas de conjugaci\u00f3n, un \u00edndice gramatical, una secci\u00f3n dedicada a la construcci\u00f3n de los verbos, las soluciones de los ejercicios y las transcripciones de los audios Un CD con todos los audios de comprensi\u00f3n oral \u00ab,<\/p>\n","protected":false},"excerpt":{"rendered":"<p>\u00a1Una gram\u00e1tica espec\u00edficamente pensada para adolescentes que estudian franc\u00e9s (nivel A1-A2)! Una herramienta imprescindible para la clase y perfecta para el trabajo aut\u00f3nomo Temas propios del mundo adolescente Reglas gramaticales y explicaciones sencillas y precisas, ejemplos y m\u00e1s de 200 actividades para practicar Se indican de forma exacta los niveles del MCER que permite trabajar&hellip;&nbsp;<a href=\"https:\/\/www.casadelectores.com\/index.php\/producto\/finale-aktion-la-grammaire-sans-probleme-a1-a2-livre-de-l-eleve-cd-56590\/\" rel=\"bookmark\"><span class=\"screen-reader-text\">Finale Aktion LA GRAMMAIRE SANS PROBL\u00c8ME! A1-A2 LIVRE DE L&#8217;\u00c9L\u00c8VE + CD<\/span><\/a><\/p>\n","protected":false},"featured_media":56690,"template":"","meta":{"neve_meta_sidebar":"","neve_meta_container":"","neve_meta_enable_content_width":"","neve_meta_content_width":0,"neve_meta_title_alignment":"","neve_meta_author_avatar":"","neve_post_elements_order":"","neve_meta_disable_header":"","neve_meta_disable_footer":"","neve_meta_disable_title":"","_themeisle_gutenberg_block_has_review":false},"product_brand":[],"product_cat":[26],"product_tag":[],"class_list":["post-56590","product","type-product","status-publish","has-post-thumbnail","product_cat-publicaciones-de-libros","first","instock","sale","shipping-taxable","purchasable","product-type-simple"],"yoast_head":"<!-- This site is optimized with the Yoast SEO plugin v26.3 - https:\/\/yoast.com\/wordpress\/plugins\/seo\/ -->\n<title>Finale Aktion LA GRAMMAIRE SANS PROBL\u00c8ME! A1-A2 LIVRE DE L&#039;\u00c9L\u00c8VE + CD - casadelectores<\/title>\n<meta name=\"robots\" content=\"index, follow, max-snippet:-1, max-image-preview:large, max-video-preview:-1\" \/>\n<link rel=\"canonical\" href=\"https:\/\/www.casadelectores.com\/index.php\/producto\/finale-aktion-la-grammaire-sans-probleme-a1-a2-livre-de-l-eleve-cd-56590\/\" \/>\n<meta property=\"og:locale\" content=\"es_ES\" \/>\n<meta property=\"og:type\" content=\"article\" \/>\n<meta property=\"og:title\" content=\"Finale Aktion LA GRAMMAIRE SANS PROBL\u00c8ME! A1-A2 LIVRE DE L&#039;\u00c9L\u00c8VE + CD - casadelectores\" \/>\n<meta property=\"og:description\" content=\"\u00a1Una gram\u00e1tica espec\u00edficamente pensada para adolescentes que estudian franc\u00e9s (nivel A1-A2)! Una herramienta imprescindible para la clase y perfecta para el trabajo aut\u00f3nomo Temas propios del mundo adolescente Reglas gramaticales y explicaciones sencillas y precisas, ejemplos y m\u00e1s de 200 actividades para practicar Se indican de forma exacta los niveles del MCER que permite trabajar&hellip;&nbsp;Finale Aktion LA GRAMMAIRE SANS PROBL\u00c8ME! A1-A2 LIVRE DE L&#8217;\u00c9L\u00c8VE + CD\" \/>\n<meta property=\"og:url\" content=\"https:\/\/www.casadelectores.com\/index.php\/producto\/finale-aktion-la-grammaire-sans-probleme-a1-a2-livre-de-l-eleve-cd-56590\/\" \/>\n<meta property=\"og:site_name\" content=\"casadelectores\" \/>\n<meta property=\"og:image\" content=\"https:\/\/www.casadelectores.com\/wp-content\/uploads\/2025\/SK0203120-DE20251119-101116-0-1763518287-978841627355.webp\" \/>\n\t<meta property=\"og:image:width\" content=\"200\" \/>\n\t<meta property=\"og:image:height\" content=\"283\" \/>\n\t<meta property=\"og:image:type\" content=\"image\/webp\" \/>\n<meta name=\"twitter:card\" content=\"summary_large_image\" \/>\n<meta name=\"twitter:label1\" content=\"Tiempo de lectura\" \/>\n\t<meta name=\"twitter:data1\" content=\"1 minuto\" \/>\n<script type=\"application\/ld+json\" class=\"yoast-schema-graph\">{\"@context\":\"https:\/\/schema.org\",\"@graph\":[{\"@type\":\"WebPage\",\"@id\":\"https:\/\/www.casadelectores.com\/index.php\/producto\/finale-aktion-la-grammaire-sans-probleme-a1-a2-livre-de-l-eleve-cd-56590\/\",\"url\":\"https:\/\/www.casadelectores.com\/index.php\/producto\/finale-aktion-la-grammaire-sans-probleme-a1-a2-livre-de-l-eleve-cd-56590\/\",\"name\":\"Finale Aktion LA GRAMMAIRE SANS PROBL\u00c8ME! A1-A2 LIVRE DE L'\u00c9L\u00c8VE + CD - casadelectores\",\"isPartOf\":{\"@id\":\"https:\/\/www.casadelectores.com\/#website\"},\"primaryImageOfPage\":{\"@id\":\"https:\/\/www.casadelectores.com\/index.php\/producto\/finale-aktion-la-grammaire-sans-probleme-a1-a2-livre-de-l-eleve-cd-56590\/#primaryimage\"},\"image\":{\"@id\":\"https:\/\/www.casadelectores.com\/index.php\/producto\/finale-aktion-la-grammaire-sans-probleme-a1-a2-livre-de-l-eleve-cd-56590\/#primaryimage\"},\"thumbnailUrl\":\"https:\/\/www.casadelectores.com\/wp-content\/uploads\/2025\/SK0203120-DE20251119-101116-0-1763518287-978841627355.webp\",\"datePublished\":\"2025-11-25T09:06:04+00:00\",\"breadcrumb\":{\"@id\":\"https:\/\/www.casadelectores.com\/index.php\/producto\/finale-aktion-la-grammaire-sans-probleme-a1-a2-livre-de-l-eleve-cd-56590\/#breadcrumb\"},\"inLanguage\":\"es\",\"potentialAction\":[{\"@type\":\"ReadAction\",\"target\":[\"https:\/\/www.casadelectores.com\/index.php\/producto\/finale-aktion-la-grammaire-sans-probleme-a1-a2-livre-de-l-eleve-cd-56590\/\"]}]},{\"@type\":\"ImageObject\",\"inLanguage\":\"es\",\"@id\":\"https:\/\/www.casadelectores.com\/index.php\/producto\/finale-aktion-la-grammaire-sans-probleme-a1-a2-livre-de-l-eleve-cd-56590\/#primaryimage\",\"url\":\"https:\/\/www.casadelectores.com\/wp-content\/uploads\/2025\/SK0203120-DE20251119-101116-0-1763518287-978841627355.webp\",\"contentUrl\":\"https:\/\/www.casadelectores.com\/wp-content\/uploads\/2025\/SK0203120-DE20251119-101116-0-1763518287-978841627355.webp\",\"width\":200,\"height\":283},{\"@type\":\"BreadcrumbList\",\"@id\":\"https:\/\/www.casadelectores.com\/index.php\/producto\/finale-aktion-la-grammaire-sans-probleme-a1-a2-livre-de-l-eleve-cd-56590\/#breadcrumb\",\"itemListElement\":[{\"@type\":\"ListItem\",\"position\":1,\"name\":\"Portada\",\"item\":\"https:\/\/www.casadelectores.com\/\"},{\"@type\":\"ListItem\",\"position\":2,\"name\":\"Shop\",\"item\":\"https:\/\/www.casadelectores.com\/index.php\/shop\/\"},{\"@type\":\"ListItem\",\"position\":3,\"name\":\"Finale Aktion LA GRAMMAIRE SANS PROBL\u00c8ME! A1-A2 LIVRE DE L&#8217;\u00c9L\u00c8VE + CD\"}]},{\"@type\":\"WebSite\",\"@id\":\"https:\/\/www.casadelectores.com\/#website\",\"url\":\"https:\/\/www.casadelectores.com\/\",\"name\":\"Enam\u00f3rate de las compras\",\"description\":\"\",\"publisher\":{\"@id\":\"https:\/\/www.casadelectores.com\/#organization\"},\"potentialAction\":[{\"@type\":\"SearchAction\",\"target\":{\"@type\":\"EntryPoint\",\"urlTemplate\":\"https:\/\/www.casadelectores.com\/?s={search_term_string}\"},\"query-input\":{\"@type\":\"PropertyValueSpecification\",\"valueRequired\":true,\"valueName\":\"search_term_string\"}}],\"inLanguage\":\"es\"},{\"@type\":\"Organization\",\"@id\":\"https:\/\/www.casadelectores.com\/#organization\",\"name\":\"Enam\u00f3rate de las compras\",\"url\":\"https:\/\/www.casadelectores.com\/\",\"logo\":{\"@type\":\"ImageObject\",\"inLanguage\":\"es\",\"@id\":\"https:\/\/www.casadelectores.com\/#\/schema\/logo\/image\/\",\"url\":\"https:\/\/www.casadelectores.com\/wp-content\/uploads\/2020\/10\/shop-icon.png\",\"contentUrl\":\"https:\/\/www.casadelectores.com\/wp-content\/uploads\/2020\/10\/shop-icon.png\",\"width\":512,\"height\":512,\"caption\":\"Enam\u00f3rate de las compras\"},\"image\":{\"@id\":\"https:\/\/www.casadelectores.com\/#\/schema\/logo\/image\/\"}}]}<\/script>\n<!-- \/ Yoast SEO plugin. -->","yoast_head_json":{"title":"Finale Aktion LA GRAMMAIRE SANS PROBL\u00c8ME! A1-A2 LIVRE DE L'\u00c9L\u00c8VE + CD - casadelectores","robots":{"index":"index","follow":"follow","max-snippet":"max-snippet:-1","max-image-preview":"max-image-preview:large","max-video-preview":"max-video-preview:-1"},"canonical":"https:\/\/www.casadelectores.com\/index.php\/producto\/finale-aktion-la-grammaire-sans-probleme-a1-a2-livre-de-l-eleve-cd-56590\/","og_locale":"es_ES","og_type":"article","og_title":"Finale Aktion LA GRAMMAIRE SANS PROBL\u00c8ME! A1-A2 LIVRE DE L'\u00c9L\u00c8VE + CD - casadelectores","og_description":"\u00a1Una gram\u00e1tica espec\u00edficamente pensada para adolescentes que estudian franc\u00e9s (nivel A1-A2)! Una herramienta imprescindible para la clase y perfecta para el trabajo aut\u00f3nomo Temas propios del mundo adolescente Reglas gramaticales y explicaciones sencillas y precisas, ejemplos y m\u00e1s de 200 actividades para practicar Se indican de forma exacta los niveles del MCER que permite trabajar&hellip;&nbsp;Finale Aktion LA GRAMMAIRE SANS PROBL\u00c8ME! A1-A2 LIVRE DE L&#8217;\u00c9L\u00c8VE + CD","og_url":"https:\/\/www.casadelectores.com\/index.php\/producto\/finale-aktion-la-grammaire-sans-probleme-a1-a2-livre-de-l-eleve-cd-56590\/","og_site_name":"casadelectores","og_image":[{"width":200,"height":283,"url":"https:\/\/www.casadelectores.com\/wp-content\/uploads\/2025\/SK0203120-DE20251119-101116-0-1763518287-978841627355.webp","type":"image\/webp"}],"twitter_card":"summary_large_image","twitter_misc":{"Tiempo de lectura":"1 minuto"},"schema":{"@context":"https:\/\/schema.org","@graph":[{"@type":"WebPage","@id":"https:\/\/www.casadelectores.com\/index.php\/producto\/finale-aktion-la-grammaire-sans-probleme-a1-a2-livre-de-l-eleve-cd-56590\/","url":"https:\/\/www.casadelectores.com\/index.php\/producto\/finale-aktion-la-grammaire-sans-probleme-a1-a2-livre-de-l-eleve-cd-56590\/","name":"Finale Aktion LA GRAMMAIRE SANS PROBL\u00c8ME! A1-A2 LIVRE DE L'\u00c9L\u00c8VE + CD - casadelectores","isPartOf":{"@id":"https:\/\/www.casadelectores.com\/#website"},"primaryImageOfPage":{"@id":"https:\/\/www.casadelectores.com\/index.php\/producto\/finale-aktion-la-grammaire-sans-probleme-a1-a2-livre-de-l-eleve-cd-56590\/#primaryimage"},"image":{"@id":"https:\/\/www.casadelectores.com\/index.php\/producto\/finale-aktion-la-grammaire-sans-probleme-a1-a2-livre-de-l-eleve-cd-56590\/#primaryimage"},"thumbnailUrl":"https:\/\/www.casadelectores.com\/wp-content\/uploads\/2025\/SK0203120-DE20251119-101116-0-1763518287-978841627355.webp","datePublished":"2025-11-25T09:06:04+00:00","breadcrumb":{"@id":"https:\/\/www.casadelectores.com\/index.php\/producto\/finale-aktion-la-grammaire-sans-probleme-a1-a2-livre-de-l-eleve-cd-56590\/#breadcrumb"},"inLanguage":"es","potentialAction":[{"@type":"ReadAction","target":["https:\/\/www.casadelectores.com\/index.php\/producto\/finale-aktion-la-grammaire-sans-probleme-a1-a2-livre-de-l-eleve-cd-56590\/"]}]},{"@type":"ImageObject","inLanguage":"es","@id":"https:\/\/www.casadelectores.com\/index.php\/producto\/finale-aktion-la-grammaire-sans-probleme-a1-a2-livre-de-l-eleve-cd-56590\/#primaryimage","url":"https:\/\/www.casadelectores.com\/wp-content\/uploads\/2025\/SK0203120-DE20251119-101116-0-1763518287-978841627355.webp","contentUrl":"https:\/\/www.casadelectores.com\/wp-content\/uploads\/2025\/SK0203120-DE20251119-101116-0-1763518287-978841627355.webp","width":200,"height":283},{"@type":"BreadcrumbList","@id":"https:\/\/www.casadelectores.com\/index.php\/producto\/finale-aktion-la-grammaire-sans-probleme-a1-a2-livre-de-l-eleve-cd-56590\/#breadcrumb","itemListElement":[{"@type":"ListItem","position":1,"name":"Portada","item":"https:\/\/www.casadelectores.com\/"},{"@type":"ListItem","position":2,"name":"Shop","item":"https:\/\/www.casadelectores.com\/index.php\/shop\/"},{"@type":"ListItem","position":3,"name":"Finale Aktion LA GRAMMAIRE SANS PROBL\u00c8ME! A1-A2 LIVRE DE L&#8217;\u00c9L\u00c8VE + CD"}]},{"@type":"WebSite","@id":"https:\/\/www.casadelectores.com\/#website","url":"https:\/\/www.casadelectores.com\/","name":"Enam\u00f3rate de las compras","description":"","publisher":{"@id":"https:\/\/www.casadelectores.com\/#organization"},"potentialAction":[{"@type":"SearchAction","target":{"@type":"EntryPoint","urlTemplate":"https:\/\/www.casadelectores.com\/?s={search_term_string}"},"query-input":{"@type":"PropertyValueSpecification","valueRequired":true,"valueName":"search_term_string"}}],"inLanguage":"es"},{"@type":"Organization","@id":"https:\/\/www.casadelectores.com\/#organization","name":"Enam\u00f3rate de las compras","url":"https:\/\/www.casadelectores.com\/","logo":{"@type":"ImageObject","inLanguage":"es","@id":"https:\/\/www.casadelectores.com\/#\/schema\/logo\/image\/","url":"https:\/\/www.casadelectores.com\/wp-content\/uploads\/2020\/10\/shop-icon.png","contentUrl":"https:\/\/www.casadelectores.com\/wp-content\/uploads\/2020\/10\/shop-icon.png","width":512,"height":512,"caption":"Enam\u00f3rate de las compras"},"image":{"@id":"https:\/\/www.casadelectores.com\/#\/schema\/logo\/image\/"}}]}},"_links":{"self":[{"href":"https:\/\/www.casadelectores.com\/index.php\/wp-json\/wp\/v2\/product\/56590","targetHints":{"allow":["GET"]}}],"collection":[{"href":"https:\/\/www.casadelectores.com\/index.php\/wp-json\/wp\/v2\/product"}],"about":[{"href":"https:\/\/www.casadelectores.com\/index.php\/wp-json\/wp\/v2\/types\/product"}],"wp:featuredmedia":[{"embeddable":true,"href":"https:\/\/www.casadelectores.com\/index.php\/wp-json\/wp\/v2\/media\/56690"}],"wp:attachment":[{"href":"https:\/\/www.casadelectores.com\/index.php\/wp-json\/wp\/v2\/media?parent=56590"}],"wp:term":[{"taxonomy":"product_brand","embeddable":true,"href":"https:\/\/www.casadelectores.com\/index.php\/wp-json\/wp\/v2\/product_brand?post=56590"},{"taxonomy":"product_cat","embeddable":true,"href":"https:\/\/www.casadelectores.com\/index.php\/wp-json\/wp\/v2\/product_cat?post=56590"},{"taxonomy":"product_tag","embeddable":true,"href":"https:\/\/www.casadelectores.com\/index.php\/wp-json\/wp\/v2\/product_tag?post=56590"}],"curies":[{"name":"wp","href":"https:\/\/api.w.org\/{rel}","templated":true}]}}