{"id":54842,"date":"2025-11-25T09:06:01","date_gmt":"2025-11-25T09:06:01","guid":{"rendered":""},"modified":"2025-11-25T09:06:01","modified_gmt":"2025-11-25T09:06:01","slug":"finale-aktion-magos-y-genios-5-anos-3er-trimestre-educacion-infantil-54842","status":"publish","type":"product","link":"https:\/\/www.casadelectores.com\/index.php\/producto\/finale-aktion-magos-y-genios-5-anos-3er-trimestre-educacion-infantil-54842\/","title":{"rendered":"Finale Aktion MAGOS Y GENIOS 5 A\u00d1OS. 3ER TRIMESTRE. EDUCACI\u00d3N INFANTIL"},"content":{"rendered":"<p>ESPOY, otro geniecillo, con 5 a\u00f1os ya casi es mago por eso, aparece con su monopat\u00edn en un soplo de viento sin saber c\u00f3mo.Lleva siempre una gorra de la que se escapan unos mechones de pelo traviesos. Sus ojos, de color arena, r\u00eden mientras juegan con las pecas de sus mofletes, tiene una risa redondita y feliz.Vive en una casa de vientos, ?el C\u00e1lido del Sur?, ?el Soplo de Brisa?, ?la ola del Viento Norte? y ?el Suave de la Ma\u00f1ana?. Todos ellos, adem\u00e1s son sus amigos, lo abrazan, lo quieren, le cantan. Pero el m\u00e1s importante para \u00e9l, es el viejo mago del Viento.Tambi\u00e9n est\u00e1n su amigo el mago Poc, que lo protege y ayuda, Dunia, la geniecilla de la lluvia, Polter el geniecillo m\u00e1s peque\u00f1o de todos o el fantasma Puf, Puf.  Todos juntos viven grandes aventuras. Algunas veces el mago de las Tormentas les manda vientos y rayos peligrosos, pero siempre les ayuda su gran amigo el viejo mago del Viento. \u00ab,<\/p>\n","protected":false},"excerpt":{"rendered":"<p>ESPOY, otro geniecillo, con 5 a\u00f1os ya casi es mago por eso, aparece con su monopat\u00edn en un soplo de viento sin saber c\u00f3mo.Lleva siempre una gorra de la que se escapan unos mechones de pelo traviesos. Sus ojos, de color arena, r\u00eden mientras juegan con las pecas de sus mofletes, tiene una risa redondita&hellip;&nbsp;<a href=\"https:\/\/www.casadelectores.com\/index.php\/producto\/finale-aktion-magos-y-genios-5-anos-3er-trimestre-educacion-infantil-54842\/\" rel=\"bookmark\"><span class=\"screen-reader-text\">Finale Aktion MAGOS Y GENIOS 5 A\u00d1OS. 3ER TRIMESTRE. EDUCACI\u00d3N INFANTIL<\/span><\/a><\/p>\n","protected":false},"featured_media":54942,"template":"","meta":{"neve_meta_sidebar":"","neve_meta_container":"","neve_meta_enable_content_width":"","neve_meta_content_width":0,"neve_meta_title_alignment":"","neve_meta_author_avatar":"","neve_post_elements_order":"","neve_meta_disable_header":"","neve_meta_disable_footer":"","neve_meta_disable_title":"","_themeisle_gutenberg_block_has_review":false},"product_brand":[],"product_cat":[26],"product_tag":[],"class_list":["post-54842","product","type-product","status-publish","has-post-thumbnail","product_cat-publicaciones-de-libros","first","instock","sale","shipping-taxable","purchasable","product-type-simple"],"yoast_head":"<!-- This site is optimized with the Yoast SEO plugin v26.3 - https:\/\/yoast.com\/wordpress\/plugins\/seo\/ -->\n<title>Finale Aktion MAGOS Y GENIOS 5 A\u00d1OS. 3ER TRIMESTRE. EDUCACI\u00d3N INFANTIL - casadelectores<\/title>\n<meta name=\"robots\" content=\"index, follow, max-snippet:-1, max-image-preview:large, max-video-preview:-1\" \/>\n<link rel=\"canonical\" href=\"https:\/\/www.casadelectores.com\/index.php\/producto\/finale-aktion-magos-y-genios-5-anos-3er-trimestre-educacion-infantil-54842\/\" \/>\n<meta property=\"og:locale\" content=\"es_ES\" \/>\n<meta property=\"og:type\" content=\"article\" \/>\n<meta property=\"og:title\" content=\"Finale Aktion MAGOS Y GENIOS 5 A\u00d1OS. 3ER TRIMESTRE. EDUCACI\u00d3N INFANTIL - casadelectores\" \/>\n<meta property=\"og:description\" content=\"ESPOY, otro geniecillo, con 5 a\u00f1os ya casi es mago por eso, aparece con su monopat\u00edn en un soplo de viento sin saber c\u00f3mo.Lleva siempre una gorra de la que se escapan unos mechones de pelo traviesos. Sus ojos, de color arena, r\u00eden mientras juegan con las pecas de sus mofletes, tiene una risa redondita&hellip;&nbsp;Finale Aktion MAGOS Y GENIOS 5 A\u00d1OS. 3ER TRIMESTRE. EDUCACI\u00d3N INFANTIL\" \/>\n<meta property=\"og:url\" content=\"https:\/\/www.casadelectores.com\/index.php\/producto\/finale-aktion-magos-y-genios-5-anos-3er-trimestre-educacion-infantil-54842\/\" \/>\n<meta property=\"og:site_name\" content=\"casadelectores\" \/>\n<meta property=\"og:image\" content=\"https:\/\/www.casadelectores.com\/wp-content\/uploads\/2025\/SK0202272-DE20251119-101116-0-1763518287-978842418939.webp\" \/>\n\t<meta property=\"og:image:width\" content=\"100\" \/>\n\t<meta property=\"og:image:height\" content=\"150\" \/>\n\t<meta property=\"og:image:type\" content=\"image\/webp\" \/>\n<meta name=\"twitter:card\" content=\"summary_large_image\" \/>\n<meta name=\"twitter:label1\" content=\"Tiempo de lectura\" \/>\n\t<meta name=\"twitter:data1\" content=\"1 minuto\" \/>\n<script type=\"application\/ld+json\" class=\"yoast-schema-graph\">{\"@context\":\"https:\/\/schema.org\",\"@graph\":[{\"@type\":\"WebPage\",\"@id\":\"https:\/\/www.casadelectores.com\/index.php\/producto\/finale-aktion-magos-y-genios-5-anos-3er-trimestre-educacion-infantil-54842\/\",\"url\":\"https:\/\/www.casadelectores.com\/index.php\/producto\/finale-aktion-magos-y-genios-5-anos-3er-trimestre-educacion-infantil-54842\/\",\"name\":\"Finale Aktion MAGOS Y GENIOS 5 A\u00d1OS. 3ER TRIMESTRE. EDUCACI\u00d3N INFANTIL - casadelectores\",\"isPartOf\":{\"@id\":\"https:\/\/www.casadelectores.com\/#website\"},\"primaryImageOfPage\":{\"@id\":\"https:\/\/www.casadelectores.com\/index.php\/producto\/finale-aktion-magos-y-genios-5-anos-3er-trimestre-educacion-infantil-54842\/#primaryimage\"},\"image\":{\"@id\":\"https:\/\/www.casadelectores.com\/index.php\/producto\/finale-aktion-magos-y-genios-5-anos-3er-trimestre-educacion-infantil-54842\/#primaryimage\"},\"thumbnailUrl\":\"https:\/\/www.casadelectores.com\/wp-content\/uploads\/2025\/SK0202272-DE20251119-101116-0-1763518287-978842418939.webp\",\"datePublished\":\"2025-11-25T09:06:01+00:00\",\"breadcrumb\":{\"@id\":\"https:\/\/www.casadelectores.com\/index.php\/producto\/finale-aktion-magos-y-genios-5-anos-3er-trimestre-educacion-infantil-54842\/#breadcrumb\"},\"inLanguage\":\"es\",\"potentialAction\":[{\"@type\":\"ReadAction\",\"target\":[\"https:\/\/www.casadelectores.com\/index.php\/producto\/finale-aktion-magos-y-genios-5-anos-3er-trimestre-educacion-infantil-54842\/\"]}]},{\"@type\":\"ImageObject\",\"inLanguage\":\"es\",\"@id\":\"https:\/\/www.casadelectores.com\/index.php\/producto\/finale-aktion-magos-y-genios-5-anos-3er-trimestre-educacion-infantil-54842\/#primaryimage\",\"url\":\"https:\/\/www.casadelectores.com\/wp-content\/uploads\/2025\/SK0202272-DE20251119-101116-0-1763518287-978842418939.webp\",\"contentUrl\":\"https:\/\/www.casadelectores.com\/wp-content\/uploads\/2025\/SK0202272-DE20251119-101116-0-1763518287-978842418939.webp\",\"width\":100,\"height\":150},{\"@type\":\"BreadcrumbList\",\"@id\":\"https:\/\/www.casadelectores.com\/index.php\/producto\/finale-aktion-magos-y-genios-5-anos-3er-trimestre-educacion-infantil-54842\/#breadcrumb\",\"itemListElement\":[{\"@type\":\"ListItem\",\"position\":1,\"name\":\"Portada\",\"item\":\"https:\/\/www.casadelectores.com\/\"},{\"@type\":\"ListItem\",\"position\":2,\"name\":\"Shop\",\"item\":\"https:\/\/www.casadelectores.com\/index.php\/shop\/\"},{\"@type\":\"ListItem\",\"position\":3,\"name\":\"Finale Aktion MAGOS Y GENIOS 5 A\u00d1OS. 3ER TRIMESTRE. EDUCACI\u00d3N INFANTIL\"}]},{\"@type\":\"WebSite\",\"@id\":\"https:\/\/www.casadelectores.com\/#website\",\"url\":\"https:\/\/www.casadelectores.com\/\",\"name\":\"Enam\u00f3rate de las compras\",\"description\":\"\",\"publisher\":{\"@id\":\"https:\/\/www.casadelectores.com\/#organization\"},\"potentialAction\":[{\"@type\":\"SearchAction\",\"target\":{\"@type\":\"EntryPoint\",\"urlTemplate\":\"https:\/\/www.casadelectores.com\/?s={search_term_string}\"},\"query-input\":{\"@type\":\"PropertyValueSpecification\",\"valueRequired\":true,\"valueName\":\"search_term_string\"}}],\"inLanguage\":\"es\"},{\"@type\":\"Organization\",\"@id\":\"https:\/\/www.casadelectores.com\/#organization\",\"name\":\"Enam\u00f3rate de las compras\",\"url\":\"https:\/\/www.casadelectores.com\/\",\"logo\":{\"@type\":\"ImageObject\",\"inLanguage\":\"es\",\"@id\":\"https:\/\/www.casadelectores.com\/#\/schema\/logo\/image\/\",\"url\":\"https:\/\/www.casadelectores.com\/wp-content\/uploads\/2020\/10\/shop-icon.png\",\"contentUrl\":\"https:\/\/www.casadelectores.com\/wp-content\/uploads\/2020\/10\/shop-icon.png\",\"width\":512,\"height\":512,\"caption\":\"Enam\u00f3rate de las compras\"},\"image\":{\"@id\":\"https:\/\/www.casadelectores.com\/#\/schema\/logo\/image\/\"}}]}<\/script>\n<!-- \/ Yoast SEO plugin. -->","yoast_head_json":{"title":"Finale Aktion MAGOS Y GENIOS 5 A\u00d1OS. 3ER TRIMESTRE. EDUCACI\u00d3N INFANTIL - casadelectores","robots":{"index":"index","follow":"follow","max-snippet":"max-snippet:-1","max-image-preview":"max-image-preview:large","max-video-preview":"max-video-preview:-1"},"canonical":"https:\/\/www.casadelectores.com\/index.php\/producto\/finale-aktion-magos-y-genios-5-anos-3er-trimestre-educacion-infantil-54842\/","og_locale":"es_ES","og_type":"article","og_title":"Finale Aktion MAGOS Y GENIOS 5 A\u00d1OS. 3ER TRIMESTRE. EDUCACI\u00d3N INFANTIL - casadelectores","og_description":"ESPOY, otro geniecillo, con 5 a\u00f1os ya casi es mago por eso, aparece con su monopat\u00edn en un soplo de viento sin saber c\u00f3mo.Lleva siempre una gorra de la que se escapan unos mechones de pelo traviesos. Sus ojos, de color arena, r\u00eden mientras juegan con las pecas de sus mofletes, tiene una risa redondita&hellip;&nbsp;Finale Aktion MAGOS Y GENIOS 5 A\u00d1OS. 3ER TRIMESTRE. EDUCACI\u00d3N INFANTIL","og_url":"https:\/\/www.casadelectores.com\/index.php\/producto\/finale-aktion-magos-y-genios-5-anos-3er-trimestre-educacion-infantil-54842\/","og_site_name":"casadelectores","og_image":[{"width":100,"height":150,"url":"https:\/\/www.casadelectores.com\/wp-content\/uploads\/2025\/SK0202272-DE20251119-101116-0-1763518287-978842418939.webp","type":"image\/webp"}],"twitter_card":"summary_large_image","twitter_misc":{"Tiempo de lectura":"1 minuto"},"schema":{"@context":"https:\/\/schema.org","@graph":[{"@type":"WebPage","@id":"https:\/\/www.casadelectores.com\/index.php\/producto\/finale-aktion-magos-y-genios-5-anos-3er-trimestre-educacion-infantil-54842\/","url":"https:\/\/www.casadelectores.com\/index.php\/producto\/finale-aktion-magos-y-genios-5-anos-3er-trimestre-educacion-infantil-54842\/","name":"Finale Aktion MAGOS Y GENIOS 5 A\u00d1OS. 3ER TRIMESTRE. EDUCACI\u00d3N INFANTIL - casadelectores","isPartOf":{"@id":"https:\/\/www.casadelectores.com\/#website"},"primaryImageOfPage":{"@id":"https:\/\/www.casadelectores.com\/index.php\/producto\/finale-aktion-magos-y-genios-5-anos-3er-trimestre-educacion-infantil-54842\/#primaryimage"},"image":{"@id":"https:\/\/www.casadelectores.com\/index.php\/producto\/finale-aktion-magos-y-genios-5-anos-3er-trimestre-educacion-infantil-54842\/#primaryimage"},"thumbnailUrl":"https:\/\/www.casadelectores.com\/wp-content\/uploads\/2025\/SK0202272-DE20251119-101116-0-1763518287-978842418939.webp","datePublished":"2025-11-25T09:06:01+00:00","breadcrumb":{"@id":"https:\/\/www.casadelectores.com\/index.php\/producto\/finale-aktion-magos-y-genios-5-anos-3er-trimestre-educacion-infantil-54842\/#breadcrumb"},"inLanguage":"es","potentialAction":[{"@type":"ReadAction","target":["https:\/\/www.casadelectores.com\/index.php\/producto\/finale-aktion-magos-y-genios-5-anos-3er-trimestre-educacion-infantil-54842\/"]}]},{"@type":"ImageObject","inLanguage":"es","@id":"https:\/\/www.casadelectores.com\/index.php\/producto\/finale-aktion-magos-y-genios-5-anos-3er-trimestre-educacion-infantil-54842\/#primaryimage","url":"https:\/\/www.casadelectores.com\/wp-content\/uploads\/2025\/SK0202272-DE20251119-101116-0-1763518287-978842418939.webp","contentUrl":"https:\/\/www.casadelectores.com\/wp-content\/uploads\/2025\/SK0202272-DE20251119-101116-0-1763518287-978842418939.webp","width":100,"height":150},{"@type":"BreadcrumbList","@id":"https:\/\/www.casadelectores.com\/index.php\/producto\/finale-aktion-magos-y-genios-5-anos-3er-trimestre-educacion-infantil-54842\/#breadcrumb","itemListElement":[{"@type":"ListItem","position":1,"name":"Portada","item":"https:\/\/www.casadelectores.com\/"},{"@type":"ListItem","position":2,"name":"Shop","item":"https:\/\/www.casadelectores.com\/index.php\/shop\/"},{"@type":"ListItem","position":3,"name":"Finale Aktion MAGOS Y GENIOS 5 A\u00d1OS. 3ER TRIMESTRE. EDUCACI\u00d3N INFANTIL"}]},{"@type":"WebSite","@id":"https:\/\/www.casadelectores.com\/#website","url":"https:\/\/www.casadelectores.com\/","name":"Enam\u00f3rate de las compras","description":"","publisher":{"@id":"https:\/\/www.casadelectores.com\/#organization"},"potentialAction":[{"@type":"SearchAction","target":{"@type":"EntryPoint","urlTemplate":"https:\/\/www.casadelectores.com\/?s={search_term_string}"},"query-input":{"@type":"PropertyValueSpecification","valueRequired":true,"valueName":"search_term_string"}}],"inLanguage":"es"},{"@type":"Organization","@id":"https:\/\/www.casadelectores.com\/#organization","name":"Enam\u00f3rate de las compras","url":"https:\/\/www.casadelectores.com\/","logo":{"@type":"ImageObject","inLanguage":"es","@id":"https:\/\/www.casadelectores.com\/#\/schema\/logo\/image\/","url":"https:\/\/www.casadelectores.com\/wp-content\/uploads\/2020\/10\/shop-icon.png","contentUrl":"https:\/\/www.casadelectores.com\/wp-content\/uploads\/2020\/10\/shop-icon.png","width":512,"height":512,"caption":"Enam\u00f3rate de las compras"},"image":{"@id":"https:\/\/www.casadelectores.com\/#\/schema\/logo\/image\/"}}]}},"_links":{"self":[{"href":"https:\/\/www.casadelectores.com\/index.php\/wp-json\/wp\/v2\/product\/54842","targetHints":{"allow":["GET"]}}],"collection":[{"href":"https:\/\/www.casadelectores.com\/index.php\/wp-json\/wp\/v2\/product"}],"about":[{"href":"https:\/\/www.casadelectores.com\/index.php\/wp-json\/wp\/v2\/types\/product"}],"wp:featuredmedia":[{"embeddable":true,"href":"https:\/\/www.casadelectores.com\/index.php\/wp-json\/wp\/v2\/media\/54942"}],"wp:attachment":[{"href":"https:\/\/www.casadelectores.com\/index.php\/wp-json\/wp\/v2\/media?parent=54842"}],"wp:term":[{"taxonomy":"product_brand","embeddable":true,"href":"https:\/\/www.casadelectores.com\/index.php\/wp-json\/wp\/v2\/product_brand?post=54842"},{"taxonomy":"product_cat","embeddable":true,"href":"https:\/\/www.casadelectores.com\/index.php\/wp-json\/wp\/v2\/product_cat?post=54842"},{"taxonomy":"product_tag","embeddable":true,"href":"https:\/\/www.casadelectores.com\/index.php\/wp-json\/wp\/v2\/product_tag?post=54842"}],"curies":[{"name":"wp","href":"https:\/\/api.w.org\/{rel}","templated":true}]}}