{"id":54823,"date":"2025-11-25T09:06:01","date_gmt":"2025-11-25T09:06:01","guid":{"rendered":""},"modified":"2025-11-25T09:06:01","modified_gmt":"2025-11-25T09:06:01","slug":"exklusiv-lecturas-4o-primaria-proyecto-everest-primaria-54823","status":"publish","type":"product","link":"https:\/\/www.casadelectores.com\/index.php\/producto\/exklusiv-lecturas-4o-primaria-proyecto-everest-primaria-54823\/","title":{"rendered":"Exklusiv LECTURAS 4\u00ba PRIMARIA. PROYECTO EVEREST PRIMARIA"},"content":{"rendered":"<p>El protagonista y sus amigos plantean cuestiones propias de la edad, como son el orgullo que sienten por los padres pero tambi\u00e9n las contradicciones sobre las actitudes de los mayores, la colaboraci\u00f3n entre los amigos, la resoluci\u00f3n de los conflictos independientemente de la reacci\u00f3n de los adultos, la propuesta e iniciativa de algunas actuaciones, la generosidad entre los amigos&#8230;Dentro de cada unidad van intercaladas diferentes tipos de lecturas, como son: poes\u00edas, textos informativos, cuentos, teatro, carta, biograf\u00edas, diario, autobiograf\u00edas&#8230; Muchas de ellas han sido extra\u00eddas de libros de colecciones de Everest y Gaviota y otras han sido elaboradas por la propia autora \u00ab,<\/p>\n","protected":false},"excerpt":{"rendered":"<p>El protagonista y sus amigos plantean cuestiones propias de la edad, como son el orgullo que sienten por los padres pero tambi\u00e9n las contradicciones sobre las actitudes de los mayores, la colaboraci\u00f3n entre los amigos, la resoluci\u00f3n de los conflictos independientemente de la reacci\u00f3n de los adultos, la propuesta e iniciativa de algunas actuaciones, la&hellip;&nbsp;<a href=\"https:\/\/www.casadelectores.com\/index.php\/producto\/exklusiv-lecturas-4o-primaria-proyecto-everest-primaria-54823\/\" rel=\"bookmark\"><span class=\"screen-reader-text\">Exklusiv LECTURAS 4\u00ba PRIMARIA. PROYECTO EVEREST PRIMARIA<\/span><\/a><\/p>\n","protected":false},"featured_media":54923,"template":"","meta":{"neve_meta_sidebar":"","neve_meta_container":"","neve_meta_enable_content_width":"","neve_meta_content_width":0,"neve_meta_title_alignment":"","neve_meta_author_avatar":"","neve_post_elements_order":"","neve_meta_disable_header":"","neve_meta_disable_footer":"","neve_meta_disable_title":"","_themeisle_gutenberg_block_has_review":false},"product_brand":[],"product_cat":[26],"product_tag":[],"class_list":["post-54823","product","type-product","status-publish","has-post-thumbnail","product_cat-publicaciones-de-libros","first","instock","sale","shipping-taxable","purchasable","product-type-simple"],"yoast_head":"<!-- This site is optimized with the Yoast SEO plugin v26.3 - https:\/\/yoast.com\/wordpress\/plugins\/seo\/ -->\n<title>Exklusiv LECTURAS 4\u00ba PRIMARIA. PROYECTO EVEREST PRIMARIA - casadelectores<\/title>\n<meta name=\"robots\" content=\"index, follow, max-snippet:-1, max-image-preview:large, max-video-preview:-1\" \/>\n<link rel=\"canonical\" href=\"https:\/\/www.casadelectores.com\/index.php\/producto\/exklusiv-lecturas-4o-primaria-proyecto-everest-primaria-54823\/\" \/>\n<meta property=\"og:locale\" content=\"es_ES\" \/>\n<meta property=\"og:type\" content=\"article\" \/>\n<meta property=\"og:title\" content=\"Exklusiv LECTURAS 4\u00ba PRIMARIA. PROYECTO EVEREST PRIMARIA - casadelectores\" \/>\n<meta property=\"og:description\" content=\"El protagonista y sus amigos plantean cuestiones propias de la edad, como son el orgullo que sienten por los padres pero tambi\u00e9n las contradicciones sobre las actitudes de los mayores, la colaboraci\u00f3n entre los amigos, la resoluci\u00f3n de los conflictos independientemente de la reacci\u00f3n de los adultos, la propuesta e iniciativa de algunas actuaciones, la&hellip;&nbsp;Exklusiv LECTURAS 4\u00ba PRIMARIA. PROYECTO EVEREST PRIMARIA\" \/>\n<meta property=\"og:url\" content=\"https:\/\/www.casadelectores.com\/index.php\/producto\/exklusiv-lecturas-4o-primaria-proyecto-everest-primaria-54823\/\" \/>\n<meta property=\"og:site_name\" content=\"casadelectores\" \/>\n<meta property=\"og:image\" content=\"https:\/\/www.casadelectores.com\/wp-content\/uploads\/2025\/SK0202253-DE20251119-101116-0-1763518287-978842417398.webp\" \/>\n\t<meta property=\"og:image:width\" content=\"300\" \/>\n\t<meta property=\"og:image:height\" content=\"396\" \/>\n\t<meta property=\"og:image:type\" content=\"image\/webp\" \/>\n<meta name=\"twitter:card\" content=\"summary_large_image\" \/>\n<meta name=\"twitter:label1\" content=\"Tiempo de lectura\" \/>\n\t<meta name=\"twitter:data1\" content=\"1 minuto\" \/>\n<script type=\"application\/ld+json\" class=\"yoast-schema-graph\">{\"@context\":\"https:\/\/schema.org\",\"@graph\":[{\"@type\":\"WebPage\",\"@id\":\"https:\/\/www.casadelectores.com\/index.php\/producto\/exklusiv-lecturas-4o-primaria-proyecto-everest-primaria-54823\/\",\"url\":\"https:\/\/www.casadelectores.com\/index.php\/producto\/exklusiv-lecturas-4o-primaria-proyecto-everest-primaria-54823\/\",\"name\":\"Exklusiv LECTURAS 4\u00ba PRIMARIA. PROYECTO EVEREST PRIMARIA - casadelectores\",\"isPartOf\":{\"@id\":\"https:\/\/www.casadelectores.com\/#website\"},\"primaryImageOfPage\":{\"@id\":\"https:\/\/www.casadelectores.com\/index.php\/producto\/exklusiv-lecturas-4o-primaria-proyecto-everest-primaria-54823\/#primaryimage\"},\"image\":{\"@id\":\"https:\/\/www.casadelectores.com\/index.php\/producto\/exklusiv-lecturas-4o-primaria-proyecto-everest-primaria-54823\/#primaryimage\"},\"thumbnailUrl\":\"https:\/\/www.casadelectores.com\/wp-content\/uploads\/2025\/SK0202253-DE20251119-101116-0-1763518287-978842417398.webp\",\"datePublished\":\"2025-11-25T09:06:01+00:00\",\"breadcrumb\":{\"@id\":\"https:\/\/www.casadelectores.com\/index.php\/producto\/exklusiv-lecturas-4o-primaria-proyecto-everest-primaria-54823\/#breadcrumb\"},\"inLanguage\":\"es\",\"potentialAction\":[{\"@type\":\"ReadAction\",\"target\":[\"https:\/\/www.casadelectores.com\/index.php\/producto\/exklusiv-lecturas-4o-primaria-proyecto-everest-primaria-54823\/\"]}]},{\"@type\":\"ImageObject\",\"inLanguage\":\"es\",\"@id\":\"https:\/\/www.casadelectores.com\/index.php\/producto\/exklusiv-lecturas-4o-primaria-proyecto-everest-primaria-54823\/#primaryimage\",\"url\":\"https:\/\/www.casadelectores.com\/wp-content\/uploads\/2025\/SK0202253-DE20251119-101116-0-1763518287-978842417398.webp\",\"contentUrl\":\"https:\/\/www.casadelectores.com\/wp-content\/uploads\/2025\/SK0202253-DE20251119-101116-0-1763518287-978842417398.webp\",\"width\":300,\"height\":396},{\"@type\":\"BreadcrumbList\",\"@id\":\"https:\/\/www.casadelectores.com\/index.php\/producto\/exklusiv-lecturas-4o-primaria-proyecto-everest-primaria-54823\/#breadcrumb\",\"itemListElement\":[{\"@type\":\"ListItem\",\"position\":1,\"name\":\"Portada\",\"item\":\"https:\/\/www.casadelectores.com\/\"},{\"@type\":\"ListItem\",\"position\":2,\"name\":\"Shop\",\"item\":\"https:\/\/www.casadelectores.com\/index.php\/shop\/\"},{\"@type\":\"ListItem\",\"position\":3,\"name\":\"Exklusiv LECTURAS 4\u00ba PRIMARIA. PROYECTO EVEREST PRIMARIA\"}]},{\"@type\":\"WebSite\",\"@id\":\"https:\/\/www.casadelectores.com\/#website\",\"url\":\"https:\/\/www.casadelectores.com\/\",\"name\":\"Enam\u00f3rate de las compras\",\"description\":\"\",\"publisher\":{\"@id\":\"https:\/\/www.casadelectores.com\/#organization\"},\"potentialAction\":[{\"@type\":\"SearchAction\",\"target\":{\"@type\":\"EntryPoint\",\"urlTemplate\":\"https:\/\/www.casadelectores.com\/?s={search_term_string}\"},\"query-input\":{\"@type\":\"PropertyValueSpecification\",\"valueRequired\":true,\"valueName\":\"search_term_string\"}}],\"inLanguage\":\"es\"},{\"@type\":\"Organization\",\"@id\":\"https:\/\/www.casadelectores.com\/#organization\",\"name\":\"Enam\u00f3rate de las compras\",\"url\":\"https:\/\/www.casadelectores.com\/\",\"logo\":{\"@type\":\"ImageObject\",\"inLanguage\":\"es\",\"@id\":\"https:\/\/www.casadelectores.com\/#\/schema\/logo\/image\/\",\"url\":\"https:\/\/www.casadelectores.com\/wp-content\/uploads\/2020\/10\/shop-icon.png\",\"contentUrl\":\"https:\/\/www.casadelectores.com\/wp-content\/uploads\/2020\/10\/shop-icon.png\",\"width\":512,\"height\":512,\"caption\":\"Enam\u00f3rate de las compras\"},\"image\":{\"@id\":\"https:\/\/www.casadelectores.com\/#\/schema\/logo\/image\/\"}}]}<\/script>\n<!-- \/ Yoast SEO plugin. -->","yoast_head_json":{"title":"Exklusiv LECTURAS 4\u00ba PRIMARIA. PROYECTO EVEREST PRIMARIA - casadelectores","robots":{"index":"index","follow":"follow","max-snippet":"max-snippet:-1","max-image-preview":"max-image-preview:large","max-video-preview":"max-video-preview:-1"},"canonical":"https:\/\/www.casadelectores.com\/index.php\/producto\/exklusiv-lecturas-4o-primaria-proyecto-everest-primaria-54823\/","og_locale":"es_ES","og_type":"article","og_title":"Exklusiv LECTURAS 4\u00ba PRIMARIA. PROYECTO EVEREST PRIMARIA - casadelectores","og_description":"El protagonista y sus amigos plantean cuestiones propias de la edad, como son el orgullo que sienten por los padres pero tambi\u00e9n las contradicciones sobre las actitudes de los mayores, la colaboraci\u00f3n entre los amigos, la resoluci\u00f3n de los conflictos independientemente de la reacci\u00f3n de los adultos, la propuesta e iniciativa de algunas actuaciones, la&hellip;&nbsp;Exklusiv LECTURAS 4\u00ba PRIMARIA. PROYECTO EVEREST PRIMARIA","og_url":"https:\/\/www.casadelectores.com\/index.php\/producto\/exklusiv-lecturas-4o-primaria-proyecto-everest-primaria-54823\/","og_site_name":"casadelectores","og_image":[{"width":300,"height":396,"url":"https:\/\/www.casadelectores.com\/wp-content\/uploads\/2025\/SK0202253-DE20251119-101116-0-1763518287-978842417398.webp","type":"image\/webp"}],"twitter_card":"summary_large_image","twitter_misc":{"Tiempo de lectura":"1 minuto"},"schema":{"@context":"https:\/\/schema.org","@graph":[{"@type":"WebPage","@id":"https:\/\/www.casadelectores.com\/index.php\/producto\/exklusiv-lecturas-4o-primaria-proyecto-everest-primaria-54823\/","url":"https:\/\/www.casadelectores.com\/index.php\/producto\/exklusiv-lecturas-4o-primaria-proyecto-everest-primaria-54823\/","name":"Exklusiv LECTURAS 4\u00ba PRIMARIA. PROYECTO EVEREST PRIMARIA - casadelectores","isPartOf":{"@id":"https:\/\/www.casadelectores.com\/#website"},"primaryImageOfPage":{"@id":"https:\/\/www.casadelectores.com\/index.php\/producto\/exklusiv-lecturas-4o-primaria-proyecto-everest-primaria-54823\/#primaryimage"},"image":{"@id":"https:\/\/www.casadelectores.com\/index.php\/producto\/exklusiv-lecturas-4o-primaria-proyecto-everest-primaria-54823\/#primaryimage"},"thumbnailUrl":"https:\/\/www.casadelectores.com\/wp-content\/uploads\/2025\/SK0202253-DE20251119-101116-0-1763518287-978842417398.webp","datePublished":"2025-11-25T09:06:01+00:00","breadcrumb":{"@id":"https:\/\/www.casadelectores.com\/index.php\/producto\/exklusiv-lecturas-4o-primaria-proyecto-everest-primaria-54823\/#breadcrumb"},"inLanguage":"es","potentialAction":[{"@type":"ReadAction","target":["https:\/\/www.casadelectores.com\/index.php\/producto\/exklusiv-lecturas-4o-primaria-proyecto-everest-primaria-54823\/"]}]},{"@type":"ImageObject","inLanguage":"es","@id":"https:\/\/www.casadelectores.com\/index.php\/producto\/exklusiv-lecturas-4o-primaria-proyecto-everest-primaria-54823\/#primaryimage","url":"https:\/\/www.casadelectores.com\/wp-content\/uploads\/2025\/SK0202253-DE20251119-101116-0-1763518287-978842417398.webp","contentUrl":"https:\/\/www.casadelectores.com\/wp-content\/uploads\/2025\/SK0202253-DE20251119-101116-0-1763518287-978842417398.webp","width":300,"height":396},{"@type":"BreadcrumbList","@id":"https:\/\/www.casadelectores.com\/index.php\/producto\/exklusiv-lecturas-4o-primaria-proyecto-everest-primaria-54823\/#breadcrumb","itemListElement":[{"@type":"ListItem","position":1,"name":"Portada","item":"https:\/\/www.casadelectores.com\/"},{"@type":"ListItem","position":2,"name":"Shop","item":"https:\/\/www.casadelectores.com\/index.php\/shop\/"},{"@type":"ListItem","position":3,"name":"Exklusiv LECTURAS 4\u00ba PRIMARIA. PROYECTO EVEREST PRIMARIA"}]},{"@type":"WebSite","@id":"https:\/\/www.casadelectores.com\/#website","url":"https:\/\/www.casadelectores.com\/","name":"Enam\u00f3rate de las compras","description":"","publisher":{"@id":"https:\/\/www.casadelectores.com\/#organization"},"potentialAction":[{"@type":"SearchAction","target":{"@type":"EntryPoint","urlTemplate":"https:\/\/www.casadelectores.com\/?s={search_term_string}"},"query-input":{"@type":"PropertyValueSpecification","valueRequired":true,"valueName":"search_term_string"}}],"inLanguage":"es"},{"@type":"Organization","@id":"https:\/\/www.casadelectores.com\/#organization","name":"Enam\u00f3rate de las compras","url":"https:\/\/www.casadelectores.com\/","logo":{"@type":"ImageObject","inLanguage":"es","@id":"https:\/\/www.casadelectores.com\/#\/schema\/logo\/image\/","url":"https:\/\/www.casadelectores.com\/wp-content\/uploads\/2020\/10\/shop-icon.png","contentUrl":"https:\/\/www.casadelectores.com\/wp-content\/uploads\/2020\/10\/shop-icon.png","width":512,"height":512,"caption":"Enam\u00f3rate de las compras"},"image":{"@id":"https:\/\/www.casadelectores.com\/#\/schema\/logo\/image\/"}}]}},"_links":{"self":[{"href":"https:\/\/www.casadelectores.com\/index.php\/wp-json\/wp\/v2\/product\/54823","targetHints":{"allow":["GET"]}}],"collection":[{"href":"https:\/\/www.casadelectores.com\/index.php\/wp-json\/wp\/v2\/product"}],"about":[{"href":"https:\/\/www.casadelectores.com\/index.php\/wp-json\/wp\/v2\/types\/product"}],"wp:featuredmedia":[{"embeddable":true,"href":"https:\/\/www.casadelectores.com\/index.php\/wp-json\/wp\/v2\/media\/54923"}],"wp:attachment":[{"href":"https:\/\/www.casadelectores.com\/index.php\/wp-json\/wp\/v2\/media?parent=54823"}],"wp:term":[{"taxonomy":"product_brand","embeddable":true,"href":"https:\/\/www.casadelectores.com\/index.php\/wp-json\/wp\/v2\/product_brand?post=54823"},{"taxonomy":"product_cat","embeddable":true,"href":"https:\/\/www.casadelectores.com\/index.php\/wp-json\/wp\/v2\/product_cat?post=54823"},{"taxonomy":"product_tag","embeddable":true,"href":"https:\/\/www.casadelectores.com\/index.php\/wp-json\/wp\/v2\/product_tag?post=54823"}],"curies":[{"name":"wp","href":"https:\/\/api.w.org\/{rel}","templated":true}]}}