{"id":50031,"date":"2025-11-25T09:05:51","date_gmt":"2025-11-25T09:05:51","guid":{"rendered":""},"modified":"2025-11-25T09:05:51","modified_gmt":"2025-11-25T09:05:51","slug":"en-el-brocal-del-tiempo-antologia-echt-50031","status":"publish","type":"product","link":"https:\/\/www.casadelectores.com\/index.php\/producto\/en-el-brocal-del-tiempo-antologia-echt-50031\/","title":{"rendered":"EN EL BROCAL DEL TIEMPO. ANTOLOG\u00cdA Echt"},"content":{"rendered":"<p>Esta antolog\u00eda titulada En el brocal del pozo re\u00fane la esencia de la poes\u00eda de Juana Castro, cuya trayectoria comenz\u00f3 en el a\u00f1o 1978. Su obra ocupa un lugar indiscutible en la poes\u00eda espa\u00f1ola donde lo femenino afecta tangencialmente todo su recorrido como escritora. La conciencia feminista es mostrada con met\u00e1foras de una exquisitez ins\u00f3lita. Durante m\u00e1s de treinta a\u00f1os  Juana Castro ha frecuentado un solo tema modul\u00e1ndolo a gusto del tiempo en que fue escrito: la experiencia de ser mujer desde diversas perspectivas y simbolizaciones siempre contraviniendo la cultura patriarcal. En ese territorio es \u00fanica, de ah\u00ed que su poes\u00eda sea objeto de estudio en prestigiosas universidades norteamericanas. El cr\u00edtico John C. Wilcox ha escrito con acierto en  un ensayo sobre su poes\u00eda que la autora nos ofrece la intrahistoria de la mujer analfabeta de finales del s. XIX y principios del XX. En la fusi\u00f3n entre lo hist\u00f3rico y lo biol\u00f3gico la mujer siente menos pudor en acercarse a un yo que se mira muy de cerca y no precisamente para que el espejo le devuelva una imagen aumentada de su perplejidad. Los temas recurrentes d \u00ab,<\/p>\n","protected":false},"excerpt":{"rendered":"<p>Esta antolog\u00eda titulada En el brocal del pozo re\u00fane la esencia de la poes\u00eda de Juana Castro, cuya trayectoria comenz\u00f3 en el a\u00f1o 1978. Su obra ocupa un lugar indiscutible en la poes\u00eda espa\u00f1ola donde lo femenino afecta tangencialmente todo su recorrido como escritora. La conciencia feminista es mostrada con met\u00e1foras de una exquisitez ins\u00f3lita.&hellip;&nbsp;<a href=\"https:\/\/www.casadelectores.com\/index.php\/producto\/en-el-brocal-del-tiempo-antologia-echt-50031\/\" rel=\"bookmark\"><span class=\"screen-reader-text\">EN EL BROCAL DEL TIEMPO. ANTOLOG\u00cdA Echt<\/span><\/a><\/p>\n","protected":false},"featured_media":50131,"template":"","meta":{"neve_meta_sidebar":"","neve_meta_container":"","neve_meta_enable_content_width":"","neve_meta_content_width":0,"neve_meta_title_alignment":"","neve_meta_author_avatar":"","neve_post_elements_order":"","neve_meta_disable_header":"","neve_meta_disable_footer":"","neve_meta_disable_title":"","_themeisle_gutenberg_block_has_review":false},"product_brand":[],"product_cat":[26],"product_tag":[],"class_list":["post-50031","product","type-product","status-publish","has-post-thumbnail","product_cat-publicaciones-de-libros","first","instock","sale","shipping-taxable","purchasable","product-type-simple"],"yoast_head":"<!-- This site is optimized with the Yoast SEO plugin v26.3 - https:\/\/yoast.com\/wordpress\/plugins\/seo\/ -->\n<title>EN EL BROCAL DEL TIEMPO. ANTOLOG\u00cdA Echt - casadelectores<\/title>\n<meta name=\"robots\" content=\"index, follow, max-snippet:-1, max-image-preview:large, max-video-preview:-1\" \/>\n<link rel=\"canonical\" href=\"https:\/\/www.casadelectores.com\/index.php\/producto\/en-el-brocal-del-tiempo-antologia-echt-50031\/\" \/>\n<meta property=\"og:locale\" content=\"es_ES\" \/>\n<meta property=\"og:type\" content=\"article\" \/>\n<meta property=\"og:title\" content=\"EN EL BROCAL DEL TIEMPO. ANTOLOG\u00cdA Echt - casadelectores\" \/>\n<meta property=\"og:description\" content=\"Esta antolog\u00eda titulada En el brocal del pozo re\u00fane la esencia de la poes\u00eda de Juana Castro, cuya trayectoria comenz\u00f3 en el a\u00f1o 1978. Su obra ocupa un lugar indiscutible en la poes\u00eda espa\u00f1ola donde lo femenino afecta tangencialmente todo su recorrido como escritora. La conciencia feminista es mostrada con met\u00e1foras de una exquisitez ins\u00f3lita.&hellip;&nbsp;EN EL BROCAL DEL TIEMPO. ANTOLOG\u00cdA Echt\" \/>\n<meta property=\"og:url\" content=\"https:\/\/www.casadelectores.com\/index.php\/producto\/en-el-brocal-del-tiempo-antologia-echt-50031\/\" \/>\n<meta property=\"og:site_name\" content=\"casadelectores\" \/>\n<meta property=\"og:image\" content=\"https:\/\/www.casadelectores.com\/wp-content\/uploads\/2025\/SK0199846-DE20251119-101116-0-1763518286-978841938737.webp\" \/>\n\t<meta property=\"og:image:width\" content=\"300\" \/>\n\t<meta property=\"og:image:height\" content=\"461\" \/>\n\t<meta property=\"og:image:type\" content=\"image\/webp\" \/>\n<meta name=\"twitter:card\" content=\"summary_large_image\" \/>\n<meta name=\"twitter:label1\" content=\"Tiempo de lectura\" \/>\n\t<meta name=\"twitter:data1\" content=\"1 minuto\" \/>\n<script type=\"application\/ld+json\" class=\"yoast-schema-graph\">{\"@context\":\"https:\/\/schema.org\",\"@graph\":[{\"@type\":\"WebPage\",\"@id\":\"https:\/\/www.casadelectores.com\/index.php\/producto\/en-el-brocal-del-tiempo-antologia-echt-50031\/\",\"url\":\"https:\/\/www.casadelectores.com\/index.php\/producto\/en-el-brocal-del-tiempo-antologia-echt-50031\/\",\"name\":\"EN EL BROCAL DEL TIEMPO. ANTOLOG\u00cdA Echt - casadelectores\",\"isPartOf\":{\"@id\":\"https:\/\/www.casadelectores.com\/#website\"},\"primaryImageOfPage\":{\"@id\":\"https:\/\/www.casadelectores.com\/index.php\/producto\/en-el-brocal-del-tiempo-antologia-echt-50031\/#primaryimage\"},\"image\":{\"@id\":\"https:\/\/www.casadelectores.com\/index.php\/producto\/en-el-brocal-del-tiempo-antologia-echt-50031\/#primaryimage\"},\"thumbnailUrl\":\"https:\/\/www.casadelectores.com\/wp-content\/uploads\/2025\/SK0199846-DE20251119-101116-0-1763518286-978841938737.webp\",\"datePublished\":\"2025-11-25T09:05:51+00:00\",\"breadcrumb\":{\"@id\":\"https:\/\/www.casadelectores.com\/index.php\/producto\/en-el-brocal-del-tiempo-antologia-echt-50031\/#breadcrumb\"},\"inLanguage\":\"es\",\"potentialAction\":[{\"@type\":\"ReadAction\",\"target\":[\"https:\/\/www.casadelectores.com\/index.php\/producto\/en-el-brocal-del-tiempo-antologia-echt-50031\/\"]}]},{\"@type\":\"ImageObject\",\"inLanguage\":\"es\",\"@id\":\"https:\/\/www.casadelectores.com\/index.php\/producto\/en-el-brocal-del-tiempo-antologia-echt-50031\/#primaryimage\",\"url\":\"https:\/\/www.casadelectores.com\/wp-content\/uploads\/2025\/SK0199846-DE20251119-101116-0-1763518286-978841938737.webp\",\"contentUrl\":\"https:\/\/www.casadelectores.com\/wp-content\/uploads\/2025\/SK0199846-DE20251119-101116-0-1763518286-978841938737.webp\",\"width\":300,\"height\":461},{\"@type\":\"BreadcrumbList\",\"@id\":\"https:\/\/www.casadelectores.com\/index.php\/producto\/en-el-brocal-del-tiempo-antologia-echt-50031\/#breadcrumb\",\"itemListElement\":[{\"@type\":\"ListItem\",\"position\":1,\"name\":\"Portada\",\"item\":\"https:\/\/www.casadelectores.com\/\"},{\"@type\":\"ListItem\",\"position\":2,\"name\":\"Shop\",\"item\":\"https:\/\/www.casadelectores.com\/index.php\/shop\/\"},{\"@type\":\"ListItem\",\"position\":3,\"name\":\"EN EL BROCAL DEL TIEMPO. ANTOLOG\u00cdA Echt\"}]},{\"@type\":\"WebSite\",\"@id\":\"https:\/\/www.casadelectores.com\/#website\",\"url\":\"https:\/\/www.casadelectores.com\/\",\"name\":\"Enam\u00f3rate de las compras\",\"description\":\"\",\"publisher\":{\"@id\":\"https:\/\/www.casadelectores.com\/#organization\"},\"potentialAction\":[{\"@type\":\"SearchAction\",\"target\":{\"@type\":\"EntryPoint\",\"urlTemplate\":\"https:\/\/www.casadelectores.com\/?s={search_term_string}\"},\"query-input\":{\"@type\":\"PropertyValueSpecification\",\"valueRequired\":true,\"valueName\":\"search_term_string\"}}],\"inLanguage\":\"es\"},{\"@type\":\"Organization\",\"@id\":\"https:\/\/www.casadelectores.com\/#organization\",\"name\":\"Enam\u00f3rate de las compras\",\"url\":\"https:\/\/www.casadelectores.com\/\",\"logo\":{\"@type\":\"ImageObject\",\"inLanguage\":\"es\",\"@id\":\"https:\/\/www.casadelectores.com\/#\/schema\/logo\/image\/\",\"url\":\"https:\/\/www.casadelectores.com\/wp-content\/uploads\/2020\/10\/shop-icon.png\",\"contentUrl\":\"https:\/\/www.casadelectores.com\/wp-content\/uploads\/2020\/10\/shop-icon.png\",\"width\":512,\"height\":512,\"caption\":\"Enam\u00f3rate de las compras\"},\"image\":{\"@id\":\"https:\/\/www.casadelectores.com\/#\/schema\/logo\/image\/\"}}]}<\/script>\n<!-- \/ Yoast SEO plugin. -->","yoast_head_json":{"title":"EN EL BROCAL DEL TIEMPO. ANTOLOG\u00cdA Echt - casadelectores","robots":{"index":"index","follow":"follow","max-snippet":"max-snippet:-1","max-image-preview":"max-image-preview:large","max-video-preview":"max-video-preview:-1"},"canonical":"https:\/\/www.casadelectores.com\/index.php\/producto\/en-el-brocal-del-tiempo-antologia-echt-50031\/","og_locale":"es_ES","og_type":"article","og_title":"EN EL BROCAL DEL TIEMPO. ANTOLOG\u00cdA Echt - casadelectores","og_description":"Esta antolog\u00eda titulada En el brocal del pozo re\u00fane la esencia de la poes\u00eda de Juana Castro, cuya trayectoria comenz\u00f3 en el a\u00f1o 1978. Su obra ocupa un lugar indiscutible en la poes\u00eda espa\u00f1ola donde lo femenino afecta tangencialmente todo su recorrido como escritora. La conciencia feminista es mostrada con met\u00e1foras de una exquisitez ins\u00f3lita.&hellip;&nbsp;EN EL BROCAL DEL TIEMPO. ANTOLOG\u00cdA Echt","og_url":"https:\/\/www.casadelectores.com\/index.php\/producto\/en-el-brocal-del-tiempo-antologia-echt-50031\/","og_site_name":"casadelectores","og_image":[{"width":300,"height":461,"url":"https:\/\/www.casadelectores.com\/wp-content\/uploads\/2025\/SK0199846-DE20251119-101116-0-1763518286-978841938737.webp","type":"image\/webp"}],"twitter_card":"summary_large_image","twitter_misc":{"Tiempo de lectura":"1 minuto"},"schema":{"@context":"https:\/\/schema.org","@graph":[{"@type":"WebPage","@id":"https:\/\/www.casadelectores.com\/index.php\/producto\/en-el-brocal-del-tiempo-antologia-echt-50031\/","url":"https:\/\/www.casadelectores.com\/index.php\/producto\/en-el-brocal-del-tiempo-antologia-echt-50031\/","name":"EN EL BROCAL DEL TIEMPO. ANTOLOG\u00cdA Echt - casadelectores","isPartOf":{"@id":"https:\/\/www.casadelectores.com\/#website"},"primaryImageOfPage":{"@id":"https:\/\/www.casadelectores.com\/index.php\/producto\/en-el-brocal-del-tiempo-antologia-echt-50031\/#primaryimage"},"image":{"@id":"https:\/\/www.casadelectores.com\/index.php\/producto\/en-el-brocal-del-tiempo-antologia-echt-50031\/#primaryimage"},"thumbnailUrl":"https:\/\/www.casadelectores.com\/wp-content\/uploads\/2025\/SK0199846-DE20251119-101116-0-1763518286-978841938737.webp","datePublished":"2025-11-25T09:05:51+00:00","breadcrumb":{"@id":"https:\/\/www.casadelectores.com\/index.php\/producto\/en-el-brocal-del-tiempo-antologia-echt-50031\/#breadcrumb"},"inLanguage":"es","potentialAction":[{"@type":"ReadAction","target":["https:\/\/www.casadelectores.com\/index.php\/producto\/en-el-brocal-del-tiempo-antologia-echt-50031\/"]}]},{"@type":"ImageObject","inLanguage":"es","@id":"https:\/\/www.casadelectores.com\/index.php\/producto\/en-el-brocal-del-tiempo-antologia-echt-50031\/#primaryimage","url":"https:\/\/www.casadelectores.com\/wp-content\/uploads\/2025\/SK0199846-DE20251119-101116-0-1763518286-978841938737.webp","contentUrl":"https:\/\/www.casadelectores.com\/wp-content\/uploads\/2025\/SK0199846-DE20251119-101116-0-1763518286-978841938737.webp","width":300,"height":461},{"@type":"BreadcrumbList","@id":"https:\/\/www.casadelectores.com\/index.php\/producto\/en-el-brocal-del-tiempo-antologia-echt-50031\/#breadcrumb","itemListElement":[{"@type":"ListItem","position":1,"name":"Portada","item":"https:\/\/www.casadelectores.com\/"},{"@type":"ListItem","position":2,"name":"Shop","item":"https:\/\/www.casadelectores.com\/index.php\/shop\/"},{"@type":"ListItem","position":3,"name":"EN EL BROCAL DEL TIEMPO. ANTOLOG\u00cdA Echt"}]},{"@type":"WebSite","@id":"https:\/\/www.casadelectores.com\/#website","url":"https:\/\/www.casadelectores.com\/","name":"Enam\u00f3rate de las compras","description":"","publisher":{"@id":"https:\/\/www.casadelectores.com\/#organization"},"potentialAction":[{"@type":"SearchAction","target":{"@type":"EntryPoint","urlTemplate":"https:\/\/www.casadelectores.com\/?s={search_term_string}"},"query-input":{"@type":"PropertyValueSpecification","valueRequired":true,"valueName":"search_term_string"}}],"inLanguage":"es"},{"@type":"Organization","@id":"https:\/\/www.casadelectores.com\/#organization","name":"Enam\u00f3rate de las compras","url":"https:\/\/www.casadelectores.com\/","logo":{"@type":"ImageObject","inLanguage":"es","@id":"https:\/\/www.casadelectores.com\/#\/schema\/logo\/image\/","url":"https:\/\/www.casadelectores.com\/wp-content\/uploads\/2020\/10\/shop-icon.png","contentUrl":"https:\/\/www.casadelectores.com\/wp-content\/uploads\/2020\/10\/shop-icon.png","width":512,"height":512,"caption":"Enam\u00f3rate de las compras"},"image":{"@id":"https:\/\/www.casadelectores.com\/#\/schema\/logo\/image\/"}}]}},"_links":{"self":[{"href":"https:\/\/www.casadelectores.com\/index.php\/wp-json\/wp\/v2\/product\/50031","targetHints":{"allow":["GET"]}}],"collection":[{"href":"https:\/\/www.casadelectores.com\/index.php\/wp-json\/wp\/v2\/product"}],"about":[{"href":"https:\/\/www.casadelectores.com\/index.php\/wp-json\/wp\/v2\/types\/product"}],"wp:featuredmedia":[{"embeddable":true,"href":"https:\/\/www.casadelectores.com\/index.php\/wp-json\/wp\/v2\/media\/50131"}],"wp:attachment":[{"href":"https:\/\/www.casadelectores.com\/index.php\/wp-json\/wp\/v2\/media?parent=50031"}],"wp:term":[{"taxonomy":"product_brand","embeddable":true,"href":"https:\/\/www.casadelectores.com\/index.php\/wp-json\/wp\/v2\/product_brand?post=50031"},{"taxonomy":"product_cat","embeddable":true,"href":"https:\/\/www.casadelectores.com\/index.php\/wp-json\/wp\/v2\/product_cat?post=50031"},{"taxonomy":"product_tag","embeddable":true,"href":"https:\/\/www.casadelectores.com\/index.php\/wp-json\/wp\/v2\/product_tag?post=50031"}],"curies":[{"name":"wp","href":"https:\/\/api.w.org\/{rel}","templated":true}]}}