{"id":49285,"date":"2025-11-25T09:05:49","date_gmt":"2025-11-25T09:05:49","guid":{"rendered":""},"modified":"2025-11-25T09:05:49","modified_gmt":"2025-11-25T09:05:49","slug":"estructura-modular-metodologias-activas-y-compromiso-social-en-innovacion-educa-la-experiencia-de-la-facultad-de-educacion-de-bilbao-upv-ehu-2011-2021-solange-der-vorrat-reicht-49285","status":"publish","type":"product","link":"https:\/\/www.casadelectores.com\/index.php\/producto\/estructura-modular-metodologias-activas-y-compromiso-social-en-innovacion-educa-la-experiencia-de-la-facultad-de-educacion-de-bilbao-upv-ehu-2011-2021-solange-der-vorrat-reicht-49285\/","title":{"rendered":"ESTRUCTURA MODULAR, METODOLOG\u00cdAS ACTIVAS Y COMPROMISO SOCIAL EN INNOVACI\u00d3N EDUCA. LA EXPERIENCIA DE LA FACULTAD DE EDUCACI\u00d3N DE BILBAO, UPV\/EHU (2011-2021) Solange Der Vorrat Reicht"},"content":{"rendered":"<p>Por medio del Congreso Internacional de Innovaci\u00f3n Educativa en Educaci\u00f3n Superior, que se celebr\u00f3 en abril de 2022 en la Facultad de Educaci\u00f3n de Bilbao (UPV\/EHU), se conmemor\u00f3 el d\u00e9cimo aniversario de la implantaci\u00f3n de un modelo de innovaci\u00f3n docente interdisciplinar e integrado en los t\u00edtulos de Educaci\u00f3n de las tres facultades de Educaci\u00f3n de la UPV\/EHU.  En este contexto, que podemos definir como exitoso, se re\u00fanen en esta monograf\u00eda una serie de trabajos revisados por pares que ejemplifican las l\u00edneas maestras de este proyecto de innovaci\u00f3n docente, cuyos objetivos son difundir las diferentes innovaciones educativas impulsadas dentro y fuera de los m\u00f3dulos en las facultades de Educaci\u00f3n de la UPV\/EHU y poner en valor la colaboraci\u00f3n entre la universidad y los agentes socioeducativos a trav\u00e9s de la innovaci\u00f3n social y educativa basada en una estructura modular e interdisciplinares. \u00ab,<\/p>\n","protected":false},"excerpt":{"rendered":"<p>Por medio del Congreso Internacional de Innovaci\u00f3n Educativa en Educaci\u00f3n Superior, que se celebr\u00f3 en abril de 2022 en la Facultad de Educaci\u00f3n de Bilbao (UPV\/EHU), se conmemor\u00f3 el d\u00e9cimo aniversario de la implantaci\u00f3n de un modelo de innovaci\u00f3n docente interdisciplinar e integrado en los t\u00edtulos de Educaci\u00f3n de las tres facultades de Educaci\u00f3n de&hellip;&nbsp;<a href=\"https:\/\/www.casadelectores.com\/index.php\/producto\/estructura-modular-metodologias-activas-y-compromiso-social-en-innovacion-educa-la-experiencia-de-la-facultad-de-educacion-de-bilbao-upv-ehu-2011-2021-solange-der-vorrat-reicht-49285\/\" rel=\"bookmark\"><span class=\"screen-reader-text\">ESTRUCTURA MODULAR, METODOLOG\u00cdAS ACTIVAS Y COMPROMISO SOCIAL EN INNOVACI\u00d3N EDUCA. LA EXPERIENCIA DE LA FACULTAD DE EDUCACI\u00d3N DE BILBAO, UPV\/EHU (2011-2021) Solange Der Vorrat Reicht<\/span><\/a><\/p>\n","protected":false},"featured_media":49385,"template":"","meta":{"neve_meta_sidebar":"","neve_meta_container":"","neve_meta_enable_content_width":"","neve_meta_content_width":0,"neve_meta_title_alignment":"","neve_meta_author_avatar":"","neve_post_elements_order":"","neve_meta_disable_header":"","neve_meta_disable_footer":"","neve_meta_disable_title":"","_themeisle_gutenberg_block_has_review":false},"product_brand":[],"product_cat":[26],"product_tag":[],"class_list":["post-49285","product","type-product","status-publish","has-post-thumbnail","product_cat-publicaciones-de-libros","first","instock","sale","shipping-taxable","purchasable","product-type-simple"],"yoast_head":"<!-- This site is optimized with the Yoast SEO plugin v26.3 - https:\/\/yoast.com\/wordpress\/plugins\/seo\/ -->\n<title>ESTRUCTURA MODULAR, METODOLOG\u00cdAS ACTIVAS Y COMPROMISO SOCIAL EN INNOVACI\u00d3N EDUCA. LA EXPERIENCIA DE LA FACULTAD DE EDUCACI\u00d3N DE BILBAO, UPV\/EHU (2011-2021) Solange Der Vorrat Reicht - casadelectores<\/title>\n<meta name=\"robots\" content=\"index, follow, max-snippet:-1, max-image-preview:large, max-video-preview:-1\" \/>\n<link rel=\"canonical\" href=\"https:\/\/www.casadelectores.com\/index.php\/producto\/estructura-modular-metodologias-activas-y-compromiso-social-en-innovacion-educa-la-experiencia-de-la-facultad-de-educacion-de-bilbao-upv-ehu-2011-2021-solange-der-vorrat-reicht-49285\/\" \/>\n<meta property=\"og:locale\" content=\"es_ES\" \/>\n<meta property=\"og:type\" content=\"article\" \/>\n<meta property=\"og:title\" content=\"ESTRUCTURA MODULAR, METODOLOG\u00cdAS ACTIVAS Y COMPROMISO SOCIAL EN INNOVACI\u00d3N EDUCA. LA EXPERIENCIA DE LA FACULTAD DE EDUCACI\u00d3N DE BILBAO, UPV\/EHU (2011-2021) Solange Der Vorrat Reicht - casadelectores\" \/>\n<meta property=\"og:description\" content=\"Por medio del Congreso Internacional de Innovaci\u00f3n Educativa en Educaci\u00f3n Superior, que se celebr\u00f3 en abril de 2022 en la Facultad de Educaci\u00f3n de Bilbao (UPV\/EHU), se conmemor\u00f3 el d\u00e9cimo aniversario de la implantaci\u00f3n de un modelo de innovaci\u00f3n docente interdisciplinar e integrado en los t\u00edtulos de Educaci\u00f3n de las tres facultades de Educaci\u00f3n de&hellip;&nbsp;ESTRUCTURA MODULAR, METODOLOG\u00cdAS ACTIVAS Y COMPROMISO SOCIAL EN INNOVACI\u00d3N EDUCA. LA EXPERIENCIA DE LA FACULTAD DE EDUCACI\u00d3N DE BILBAO, UPV\/EHU (2011-2021) Solange Der Vorrat Reicht\" \/>\n<meta property=\"og:url\" content=\"https:\/\/www.casadelectores.com\/index.php\/producto\/estructura-modular-metodologias-activas-y-compromiso-social-en-innovacion-educa-la-experiencia-de-la-facultad-de-educacion-de-bilbao-upv-ehu-2011-2021-solange-der-vorrat-reicht-49285\/\" \/>\n<meta property=\"og:site_name\" content=\"casadelectores\" \/>\n<meta property=\"og:image\" content=\"https:\/\/www.casadelectores.com\/wp-content\/uploads\/2025\/SK0199499-DE20251119-101116-0-1763518286-978841950637.webp\" \/>\n\t<meta property=\"og:image:width\" content=\"300\" \/>\n\t<meta property=\"og:image:height\" content=\"460\" \/>\n\t<meta property=\"og:image:type\" content=\"image\/webp\" \/>\n<meta name=\"twitter:card\" content=\"summary_large_image\" \/>\n<meta name=\"twitter:label1\" content=\"Tiempo de lectura\" \/>\n\t<meta name=\"twitter:data1\" content=\"1 minuto\" \/>\n<script type=\"application\/ld+json\" class=\"yoast-schema-graph\">{\"@context\":\"https:\/\/schema.org\",\"@graph\":[{\"@type\":\"WebPage\",\"@id\":\"https:\/\/www.casadelectores.com\/index.php\/producto\/estructura-modular-metodologias-activas-y-compromiso-social-en-innovacion-educa-la-experiencia-de-la-facultad-de-educacion-de-bilbao-upv-ehu-2011-2021-solange-der-vorrat-reicht-49285\/\",\"url\":\"https:\/\/www.casadelectores.com\/index.php\/producto\/estructura-modular-metodologias-activas-y-compromiso-social-en-innovacion-educa-la-experiencia-de-la-facultad-de-educacion-de-bilbao-upv-ehu-2011-2021-solange-der-vorrat-reicht-49285\/\",\"name\":\"ESTRUCTURA MODULAR, METODOLOG\u00cdAS ACTIVAS Y COMPROMISO SOCIAL EN INNOVACI\u00d3N EDUCA. LA EXPERIENCIA DE LA FACULTAD DE EDUCACI\u00d3N DE BILBAO, UPV\/EHU (2011-2021) Solange Der Vorrat Reicht - casadelectores\",\"isPartOf\":{\"@id\":\"https:\/\/www.casadelectores.com\/#website\"},\"primaryImageOfPage\":{\"@id\":\"https:\/\/www.casadelectores.com\/index.php\/producto\/estructura-modular-metodologias-activas-y-compromiso-social-en-innovacion-educa-la-experiencia-de-la-facultad-de-educacion-de-bilbao-upv-ehu-2011-2021-solange-der-vorrat-reicht-49285\/#primaryimage\"},\"image\":{\"@id\":\"https:\/\/www.casadelectores.com\/index.php\/producto\/estructura-modular-metodologias-activas-y-compromiso-social-en-innovacion-educa-la-experiencia-de-la-facultad-de-educacion-de-bilbao-upv-ehu-2011-2021-solange-der-vorrat-reicht-49285\/#primaryimage\"},\"thumbnailUrl\":\"https:\/\/www.casadelectores.com\/wp-content\/uploads\/2025\/SK0199499-DE20251119-101116-0-1763518286-978841950637.webp\",\"datePublished\":\"2025-11-25T09:05:49+00:00\",\"breadcrumb\":{\"@id\":\"https:\/\/www.casadelectores.com\/index.php\/producto\/estructura-modular-metodologias-activas-y-compromiso-social-en-innovacion-educa-la-experiencia-de-la-facultad-de-educacion-de-bilbao-upv-ehu-2011-2021-solange-der-vorrat-reicht-49285\/#breadcrumb\"},\"inLanguage\":\"es\",\"potentialAction\":[{\"@type\":\"ReadAction\",\"target\":[\"https:\/\/www.casadelectores.com\/index.php\/producto\/estructura-modular-metodologias-activas-y-compromiso-social-en-innovacion-educa-la-experiencia-de-la-facultad-de-educacion-de-bilbao-upv-ehu-2011-2021-solange-der-vorrat-reicht-49285\/\"]}]},{\"@type\":\"ImageObject\",\"inLanguage\":\"es\",\"@id\":\"https:\/\/www.casadelectores.com\/index.php\/producto\/estructura-modular-metodologias-activas-y-compromiso-social-en-innovacion-educa-la-experiencia-de-la-facultad-de-educacion-de-bilbao-upv-ehu-2011-2021-solange-der-vorrat-reicht-49285\/#primaryimage\",\"url\":\"https:\/\/www.casadelectores.com\/wp-content\/uploads\/2025\/SK0199499-DE20251119-101116-0-1763518286-978841950637.webp\",\"contentUrl\":\"https:\/\/www.casadelectores.com\/wp-content\/uploads\/2025\/SK0199499-DE20251119-101116-0-1763518286-978841950637.webp\",\"width\":300,\"height\":460},{\"@type\":\"BreadcrumbList\",\"@id\":\"https:\/\/www.casadelectores.com\/index.php\/producto\/estructura-modular-metodologias-activas-y-compromiso-social-en-innovacion-educa-la-experiencia-de-la-facultad-de-educacion-de-bilbao-upv-ehu-2011-2021-solange-der-vorrat-reicht-49285\/#breadcrumb\",\"itemListElement\":[{\"@type\":\"ListItem\",\"position\":1,\"name\":\"Portada\",\"item\":\"https:\/\/www.casadelectores.com\/\"},{\"@type\":\"ListItem\",\"position\":2,\"name\":\"Shop\",\"item\":\"https:\/\/www.casadelectores.com\/index.php\/shop\/\"},{\"@type\":\"ListItem\",\"position\":3,\"name\":\"ESTRUCTURA MODULAR, METODOLOG\u00cdAS ACTIVAS Y COMPROMISO SOCIAL EN INNOVACI\u00d3N EDUCA. LA EXPERIENCIA DE LA FACULTAD DE EDUCACI\u00d3N DE BILBAO, UPV\/EHU (2011-2021) Solange Der Vorrat Reicht\"}]},{\"@type\":\"WebSite\",\"@id\":\"https:\/\/www.casadelectores.com\/#website\",\"url\":\"https:\/\/www.casadelectores.com\/\",\"name\":\"Enam\u00f3rate de las compras\",\"description\":\"\",\"publisher\":{\"@id\":\"https:\/\/www.casadelectores.com\/#organization\"},\"potentialAction\":[{\"@type\":\"SearchAction\",\"target\":{\"@type\":\"EntryPoint\",\"urlTemplate\":\"https:\/\/www.casadelectores.com\/?s={search_term_string}\"},\"query-input\":{\"@type\":\"PropertyValueSpecification\",\"valueRequired\":true,\"valueName\":\"search_term_string\"}}],\"inLanguage\":\"es\"},{\"@type\":\"Organization\",\"@id\":\"https:\/\/www.casadelectores.com\/#organization\",\"name\":\"Enam\u00f3rate de las compras\",\"url\":\"https:\/\/www.casadelectores.com\/\",\"logo\":{\"@type\":\"ImageObject\",\"inLanguage\":\"es\",\"@id\":\"https:\/\/www.casadelectores.com\/#\/schema\/logo\/image\/\",\"url\":\"https:\/\/www.casadelectores.com\/wp-content\/uploads\/2020\/10\/shop-icon.png\",\"contentUrl\":\"https:\/\/www.casadelectores.com\/wp-content\/uploads\/2020\/10\/shop-icon.png\",\"width\":512,\"height\":512,\"caption\":\"Enam\u00f3rate de las compras\"},\"image\":{\"@id\":\"https:\/\/www.casadelectores.com\/#\/schema\/logo\/image\/\"}}]}<\/script>\n<!-- \/ Yoast SEO plugin. -->","yoast_head_json":{"title":"ESTRUCTURA MODULAR, METODOLOG\u00cdAS ACTIVAS Y COMPROMISO SOCIAL EN INNOVACI\u00d3N EDUCA. LA EXPERIENCIA DE LA FACULTAD DE EDUCACI\u00d3N DE BILBAO, UPV\/EHU (2011-2021) Solange Der Vorrat Reicht - casadelectores","robots":{"index":"index","follow":"follow","max-snippet":"max-snippet:-1","max-image-preview":"max-image-preview:large","max-video-preview":"max-video-preview:-1"},"canonical":"https:\/\/www.casadelectores.com\/index.php\/producto\/estructura-modular-metodologias-activas-y-compromiso-social-en-innovacion-educa-la-experiencia-de-la-facultad-de-educacion-de-bilbao-upv-ehu-2011-2021-solange-der-vorrat-reicht-49285\/","og_locale":"es_ES","og_type":"article","og_title":"ESTRUCTURA MODULAR, METODOLOG\u00cdAS ACTIVAS Y COMPROMISO SOCIAL EN INNOVACI\u00d3N EDUCA. LA EXPERIENCIA DE LA FACULTAD DE EDUCACI\u00d3N DE BILBAO, UPV\/EHU (2011-2021) Solange Der Vorrat Reicht - casadelectores","og_description":"Por medio del Congreso Internacional de Innovaci\u00f3n Educativa en Educaci\u00f3n Superior, que se celebr\u00f3 en abril de 2022 en la Facultad de Educaci\u00f3n de Bilbao (UPV\/EHU), se conmemor\u00f3 el d\u00e9cimo aniversario de la implantaci\u00f3n de un modelo de innovaci\u00f3n docente interdisciplinar e integrado en los t\u00edtulos de Educaci\u00f3n de las tres facultades de Educaci\u00f3n de&hellip;&nbsp;ESTRUCTURA MODULAR, METODOLOG\u00cdAS ACTIVAS Y COMPROMISO SOCIAL EN INNOVACI\u00d3N EDUCA. LA EXPERIENCIA DE LA FACULTAD DE EDUCACI\u00d3N DE BILBAO, UPV\/EHU (2011-2021) Solange Der Vorrat Reicht","og_url":"https:\/\/www.casadelectores.com\/index.php\/producto\/estructura-modular-metodologias-activas-y-compromiso-social-en-innovacion-educa-la-experiencia-de-la-facultad-de-educacion-de-bilbao-upv-ehu-2011-2021-solange-der-vorrat-reicht-49285\/","og_site_name":"casadelectores","og_image":[{"width":300,"height":460,"url":"https:\/\/www.casadelectores.com\/wp-content\/uploads\/2025\/SK0199499-DE20251119-101116-0-1763518286-978841950637.webp","type":"image\/webp"}],"twitter_card":"summary_large_image","twitter_misc":{"Tiempo de lectura":"1 minuto"},"schema":{"@context":"https:\/\/schema.org","@graph":[{"@type":"WebPage","@id":"https:\/\/www.casadelectores.com\/index.php\/producto\/estructura-modular-metodologias-activas-y-compromiso-social-en-innovacion-educa-la-experiencia-de-la-facultad-de-educacion-de-bilbao-upv-ehu-2011-2021-solange-der-vorrat-reicht-49285\/","url":"https:\/\/www.casadelectores.com\/index.php\/producto\/estructura-modular-metodologias-activas-y-compromiso-social-en-innovacion-educa-la-experiencia-de-la-facultad-de-educacion-de-bilbao-upv-ehu-2011-2021-solange-der-vorrat-reicht-49285\/","name":"ESTRUCTURA MODULAR, METODOLOG\u00cdAS ACTIVAS Y COMPROMISO SOCIAL EN INNOVACI\u00d3N EDUCA. LA EXPERIENCIA DE LA FACULTAD DE EDUCACI\u00d3N DE BILBAO, UPV\/EHU (2011-2021) Solange Der Vorrat Reicht - casadelectores","isPartOf":{"@id":"https:\/\/www.casadelectores.com\/#website"},"primaryImageOfPage":{"@id":"https:\/\/www.casadelectores.com\/index.php\/producto\/estructura-modular-metodologias-activas-y-compromiso-social-en-innovacion-educa-la-experiencia-de-la-facultad-de-educacion-de-bilbao-upv-ehu-2011-2021-solange-der-vorrat-reicht-49285\/#primaryimage"},"image":{"@id":"https:\/\/www.casadelectores.com\/index.php\/producto\/estructura-modular-metodologias-activas-y-compromiso-social-en-innovacion-educa-la-experiencia-de-la-facultad-de-educacion-de-bilbao-upv-ehu-2011-2021-solange-der-vorrat-reicht-49285\/#primaryimage"},"thumbnailUrl":"https:\/\/www.casadelectores.com\/wp-content\/uploads\/2025\/SK0199499-DE20251119-101116-0-1763518286-978841950637.webp","datePublished":"2025-11-25T09:05:49+00:00","breadcrumb":{"@id":"https:\/\/www.casadelectores.com\/index.php\/producto\/estructura-modular-metodologias-activas-y-compromiso-social-en-innovacion-educa-la-experiencia-de-la-facultad-de-educacion-de-bilbao-upv-ehu-2011-2021-solange-der-vorrat-reicht-49285\/#breadcrumb"},"inLanguage":"es","potentialAction":[{"@type":"ReadAction","target":["https:\/\/www.casadelectores.com\/index.php\/producto\/estructura-modular-metodologias-activas-y-compromiso-social-en-innovacion-educa-la-experiencia-de-la-facultad-de-educacion-de-bilbao-upv-ehu-2011-2021-solange-der-vorrat-reicht-49285\/"]}]},{"@type":"ImageObject","inLanguage":"es","@id":"https:\/\/www.casadelectores.com\/index.php\/producto\/estructura-modular-metodologias-activas-y-compromiso-social-en-innovacion-educa-la-experiencia-de-la-facultad-de-educacion-de-bilbao-upv-ehu-2011-2021-solange-der-vorrat-reicht-49285\/#primaryimage","url":"https:\/\/www.casadelectores.com\/wp-content\/uploads\/2025\/SK0199499-DE20251119-101116-0-1763518286-978841950637.webp","contentUrl":"https:\/\/www.casadelectores.com\/wp-content\/uploads\/2025\/SK0199499-DE20251119-101116-0-1763518286-978841950637.webp","width":300,"height":460},{"@type":"BreadcrumbList","@id":"https:\/\/www.casadelectores.com\/index.php\/producto\/estructura-modular-metodologias-activas-y-compromiso-social-en-innovacion-educa-la-experiencia-de-la-facultad-de-educacion-de-bilbao-upv-ehu-2011-2021-solange-der-vorrat-reicht-49285\/#breadcrumb","itemListElement":[{"@type":"ListItem","position":1,"name":"Portada","item":"https:\/\/www.casadelectores.com\/"},{"@type":"ListItem","position":2,"name":"Shop","item":"https:\/\/www.casadelectores.com\/index.php\/shop\/"},{"@type":"ListItem","position":3,"name":"ESTRUCTURA MODULAR, METODOLOG\u00cdAS ACTIVAS Y COMPROMISO SOCIAL EN INNOVACI\u00d3N EDUCA. LA EXPERIENCIA DE LA FACULTAD DE EDUCACI\u00d3N DE BILBAO, UPV\/EHU (2011-2021) Solange Der Vorrat Reicht"}]},{"@type":"WebSite","@id":"https:\/\/www.casadelectores.com\/#website","url":"https:\/\/www.casadelectores.com\/","name":"Enam\u00f3rate de las compras","description":"","publisher":{"@id":"https:\/\/www.casadelectores.com\/#organization"},"potentialAction":[{"@type":"SearchAction","target":{"@type":"EntryPoint","urlTemplate":"https:\/\/www.casadelectores.com\/?s={search_term_string}"},"query-input":{"@type":"PropertyValueSpecification","valueRequired":true,"valueName":"search_term_string"}}],"inLanguage":"es"},{"@type":"Organization","@id":"https:\/\/www.casadelectores.com\/#organization","name":"Enam\u00f3rate de las compras","url":"https:\/\/www.casadelectores.com\/","logo":{"@type":"ImageObject","inLanguage":"es","@id":"https:\/\/www.casadelectores.com\/#\/schema\/logo\/image\/","url":"https:\/\/www.casadelectores.com\/wp-content\/uploads\/2020\/10\/shop-icon.png","contentUrl":"https:\/\/www.casadelectores.com\/wp-content\/uploads\/2020\/10\/shop-icon.png","width":512,"height":512,"caption":"Enam\u00f3rate de las compras"},"image":{"@id":"https:\/\/www.casadelectores.com\/#\/schema\/logo\/image\/"}}]}},"_links":{"self":[{"href":"https:\/\/www.casadelectores.com\/index.php\/wp-json\/wp\/v2\/product\/49285","targetHints":{"allow":["GET"]}}],"collection":[{"href":"https:\/\/www.casadelectores.com\/index.php\/wp-json\/wp\/v2\/product"}],"about":[{"href":"https:\/\/www.casadelectores.com\/index.php\/wp-json\/wp\/v2\/types\/product"}],"wp:featuredmedia":[{"embeddable":true,"href":"https:\/\/www.casadelectores.com\/index.php\/wp-json\/wp\/v2\/media\/49385"}],"wp:attachment":[{"href":"https:\/\/www.casadelectores.com\/index.php\/wp-json\/wp\/v2\/media?parent=49285"}],"wp:term":[{"taxonomy":"product_brand","embeddable":true,"href":"https:\/\/www.casadelectores.com\/index.php\/wp-json\/wp\/v2\/product_brand?post=49285"},{"taxonomy":"product_cat","embeddable":true,"href":"https:\/\/www.casadelectores.com\/index.php\/wp-json\/wp\/v2\/product_cat?post=49285"},{"taxonomy":"product_tag","embeddable":true,"href":"https:\/\/www.casadelectores.com\/index.php\/wp-json\/wp\/v2\/product_tag?post=49285"}],"curies":[{"name":"wp","href":"https:\/\/api.w.org\/{rel}","templated":true}]}}