{"id":48267,"date":"2025-11-25T09:05:48","date_gmt":"2025-11-25T09:05:48","guid":{"rendered":""},"modified":"2025-11-25T09:05:48","modified_gmt":"2025-11-25T09:05:48","slug":"expressversand-la-guerra-de-los-espiritus-no-01-03-los-caballeros-de-neraka-48267","status":"publish","type":"product","link":"https:\/\/www.casadelectores.com\/index.php\/producto\/expressversand-la-guerra-de-los-espiritus-no-01-03-los-caballeros-de-neraka-48267\/","title":{"rendered":"Expressversand LA GUERRA DE LOS ESP\u00cdRITUS N\u00ba 01\/03 LOS CABALLEROS DE NERAKA"},"content":{"rendered":"<p>\u00a1Bienvenidos al universo Dragonlance!Han transcurrido casi cuarenta a\u00f1os desde la devastadora Guerra de Caos, cuando los dioses abandonaron Krynn. Dragones crueles y poderosos se han repartido el dominio del continente de Ansalon y exigen tributo a los pueblos que han esclavizado. Sin embargo, para bien o para mal, un cambio se avecina en el mundo. Una violenta tormenta m\u00e1gica azota Ansalon y ocasiona inundaciones, incendios, muerte y destrucci\u00f3n.En medio del caos desatado surge una joven misteriosa cuyo destino est\u00e1 estrechamente vinculado al de Krynn, ya que s\u00f3lo ella conoce la verdad sobre el futuro. Un futuro que est\u00e1 relacionado de manera inextricable con un misterio aterrador del pasado de Krynn. \u00ab,<\/p>\n","protected":false},"excerpt":{"rendered":"<p>\u00a1Bienvenidos al universo Dragonlance!Han transcurrido casi cuarenta a\u00f1os desde la devastadora Guerra de Caos, cuando los dioses abandonaron Krynn. Dragones crueles y poderosos se han repartido el dominio del continente de Ansalon y exigen tributo a los pueblos que han esclavizado. Sin embargo, para bien o para mal, un cambio se avecina en el mundo.&hellip;&nbsp;<a href=\"https:\/\/www.casadelectores.com\/index.php\/producto\/expressversand-la-guerra-de-los-espiritus-no-01-03-los-caballeros-de-neraka-48267\/\" rel=\"bookmark\"><span class=\"screen-reader-text\">Expressversand LA GUERRA DE LOS ESP\u00cdRITUS N\u00ba 01\/03 LOS CABALLEROS DE NERAKA<\/span><\/a><\/p>\n","protected":false},"featured_media":48367,"template":"","meta":{"neve_meta_sidebar":"","neve_meta_container":"","neve_meta_enable_content_width":"","neve_meta_content_width":0,"neve_meta_title_alignment":"","neve_meta_author_avatar":"","neve_post_elements_order":"","neve_meta_disable_header":"","neve_meta_disable_footer":"","neve_meta_disable_title":"","_themeisle_gutenberg_block_has_review":false},"product_brand":[],"product_cat":[26],"product_tag":[],"class_list":["post-48267","product","type-product","status-publish","has-post-thumbnail","product_cat-publicaciones-de-libros","first","instock","sale","shipping-taxable","purchasable","product-type-simple"],"yoast_head":"<!-- This site is optimized with the Yoast SEO plugin v26.3 - https:\/\/yoast.com\/wordpress\/plugins\/seo\/ -->\n<title>Expressversand LA GUERRA DE LOS ESP\u00cdRITUS N\u00ba 01\/03 LOS CABALLEROS DE NERAKA - casadelectores<\/title>\n<meta name=\"robots\" content=\"index, follow, max-snippet:-1, max-image-preview:large, max-video-preview:-1\" \/>\n<link rel=\"canonical\" href=\"https:\/\/www.casadelectores.com\/index.php\/producto\/expressversand-la-guerra-de-los-espiritus-no-01-03-los-caballeros-de-neraka-48267\/\" \/>\n<meta property=\"og:locale\" content=\"es_ES\" \/>\n<meta property=\"og:type\" content=\"article\" \/>\n<meta property=\"og:title\" content=\"Expressversand LA GUERRA DE LOS ESP\u00cdRITUS N\u00ba 01\/03 LOS CABALLEROS DE NERAKA - casadelectores\" \/>\n<meta property=\"og:description\" content=\"\u00a1Bienvenidos al universo Dragonlance!Han transcurrido casi cuarenta a\u00f1os desde la devastadora Guerra de Caos, cuando los dioses abandonaron Krynn. Dragones crueles y poderosos se han repartido el dominio del continente de Ansalon y exigen tributo a los pueblos que han esclavizado. Sin embargo, para bien o para mal, un cambio se avecina en el mundo.&hellip;&nbsp;Expressversand LA GUERRA DE LOS ESP\u00cdRITUS N\u00ba 01\/03 LOS CABALLEROS DE NERAKA\" \/>\n<meta property=\"og:url\" content=\"https:\/\/www.casadelectores.com\/index.php\/producto\/expressversand-la-guerra-de-los-espiritus-no-01-03-los-caballeros-de-neraka-48267\/\" \/>\n<meta property=\"og:site_name\" content=\"casadelectores\" \/>\n<meta property=\"og:image\" content=\"https:\/\/www.casadelectores.com\/wp-content\/uploads\/2025\/SK0198979-DE20251119-101116-0-1763518286-978844501146.webp\" \/>\n\t<meta property=\"og:image:width\" content=\"300\" \/>\n\t<meta property=\"og:image:height\" content=\"482\" \/>\n\t<meta property=\"og:image:type\" content=\"image\/webp\" \/>\n<meta name=\"twitter:card\" content=\"summary_large_image\" \/>\n<meta name=\"twitter:label1\" content=\"Tiempo de lectura\" \/>\n\t<meta name=\"twitter:data1\" content=\"1 minuto\" \/>\n<script type=\"application\/ld+json\" class=\"yoast-schema-graph\">{\"@context\":\"https:\/\/schema.org\",\"@graph\":[{\"@type\":\"WebPage\",\"@id\":\"https:\/\/www.casadelectores.com\/index.php\/producto\/expressversand-la-guerra-de-los-espiritus-no-01-03-los-caballeros-de-neraka-48267\/\",\"url\":\"https:\/\/www.casadelectores.com\/index.php\/producto\/expressversand-la-guerra-de-los-espiritus-no-01-03-los-caballeros-de-neraka-48267\/\",\"name\":\"Expressversand LA GUERRA DE LOS ESP\u00cdRITUS N\u00ba 01\/03 LOS CABALLEROS DE NERAKA - casadelectores\",\"isPartOf\":{\"@id\":\"https:\/\/www.casadelectores.com\/#website\"},\"primaryImageOfPage\":{\"@id\":\"https:\/\/www.casadelectores.com\/index.php\/producto\/expressversand-la-guerra-de-los-espiritus-no-01-03-los-caballeros-de-neraka-48267\/#primaryimage\"},\"image\":{\"@id\":\"https:\/\/www.casadelectores.com\/index.php\/producto\/expressversand-la-guerra-de-los-espiritus-no-01-03-los-caballeros-de-neraka-48267\/#primaryimage\"},\"thumbnailUrl\":\"https:\/\/www.casadelectores.com\/wp-content\/uploads\/2025\/SK0198979-DE20251119-101116-0-1763518286-978844501146.webp\",\"datePublished\":\"2025-11-25T09:05:48+00:00\",\"breadcrumb\":{\"@id\":\"https:\/\/www.casadelectores.com\/index.php\/producto\/expressversand-la-guerra-de-los-espiritus-no-01-03-los-caballeros-de-neraka-48267\/#breadcrumb\"},\"inLanguage\":\"es\",\"potentialAction\":[{\"@type\":\"ReadAction\",\"target\":[\"https:\/\/www.casadelectores.com\/index.php\/producto\/expressversand-la-guerra-de-los-espiritus-no-01-03-los-caballeros-de-neraka-48267\/\"]}]},{\"@type\":\"ImageObject\",\"inLanguage\":\"es\",\"@id\":\"https:\/\/www.casadelectores.com\/index.php\/producto\/expressversand-la-guerra-de-los-espiritus-no-01-03-los-caballeros-de-neraka-48267\/#primaryimage\",\"url\":\"https:\/\/www.casadelectores.com\/wp-content\/uploads\/2025\/SK0198979-DE20251119-101116-0-1763518286-978844501146.webp\",\"contentUrl\":\"https:\/\/www.casadelectores.com\/wp-content\/uploads\/2025\/SK0198979-DE20251119-101116-0-1763518286-978844501146.webp\",\"width\":300,\"height\":482},{\"@type\":\"BreadcrumbList\",\"@id\":\"https:\/\/www.casadelectores.com\/index.php\/producto\/expressversand-la-guerra-de-los-espiritus-no-01-03-los-caballeros-de-neraka-48267\/#breadcrumb\",\"itemListElement\":[{\"@type\":\"ListItem\",\"position\":1,\"name\":\"Portada\",\"item\":\"https:\/\/www.casadelectores.com\/\"},{\"@type\":\"ListItem\",\"position\":2,\"name\":\"Shop\",\"item\":\"https:\/\/www.casadelectores.com\/index.php\/shop\/\"},{\"@type\":\"ListItem\",\"position\":3,\"name\":\"Expressversand LA GUERRA DE LOS ESP\u00cdRITUS N\u00ba 01\/03 LOS CABALLEROS DE NERAKA\"}]},{\"@type\":\"WebSite\",\"@id\":\"https:\/\/www.casadelectores.com\/#website\",\"url\":\"https:\/\/www.casadelectores.com\/\",\"name\":\"Enam\u00f3rate de las compras\",\"description\":\"\",\"publisher\":{\"@id\":\"https:\/\/www.casadelectores.com\/#organization\"},\"potentialAction\":[{\"@type\":\"SearchAction\",\"target\":{\"@type\":\"EntryPoint\",\"urlTemplate\":\"https:\/\/www.casadelectores.com\/?s={search_term_string}\"},\"query-input\":{\"@type\":\"PropertyValueSpecification\",\"valueRequired\":true,\"valueName\":\"search_term_string\"}}],\"inLanguage\":\"es\"},{\"@type\":\"Organization\",\"@id\":\"https:\/\/www.casadelectores.com\/#organization\",\"name\":\"Enam\u00f3rate de las compras\",\"url\":\"https:\/\/www.casadelectores.com\/\",\"logo\":{\"@type\":\"ImageObject\",\"inLanguage\":\"es\",\"@id\":\"https:\/\/www.casadelectores.com\/#\/schema\/logo\/image\/\",\"url\":\"https:\/\/www.casadelectores.com\/wp-content\/uploads\/2020\/10\/shop-icon.png\",\"contentUrl\":\"https:\/\/www.casadelectores.com\/wp-content\/uploads\/2020\/10\/shop-icon.png\",\"width\":512,\"height\":512,\"caption\":\"Enam\u00f3rate de las compras\"},\"image\":{\"@id\":\"https:\/\/www.casadelectores.com\/#\/schema\/logo\/image\/\"}}]}<\/script>\n<!-- \/ Yoast SEO plugin. -->","yoast_head_json":{"title":"Expressversand LA GUERRA DE LOS ESP\u00cdRITUS N\u00ba 01\/03 LOS CABALLEROS DE NERAKA - casadelectores","robots":{"index":"index","follow":"follow","max-snippet":"max-snippet:-1","max-image-preview":"max-image-preview:large","max-video-preview":"max-video-preview:-1"},"canonical":"https:\/\/www.casadelectores.com\/index.php\/producto\/expressversand-la-guerra-de-los-espiritus-no-01-03-los-caballeros-de-neraka-48267\/","og_locale":"es_ES","og_type":"article","og_title":"Expressversand LA GUERRA DE LOS ESP\u00cdRITUS N\u00ba 01\/03 LOS CABALLEROS DE NERAKA - casadelectores","og_description":"\u00a1Bienvenidos al universo Dragonlance!Han transcurrido casi cuarenta a\u00f1os desde la devastadora Guerra de Caos, cuando los dioses abandonaron Krynn. Dragones crueles y poderosos se han repartido el dominio del continente de Ansalon y exigen tributo a los pueblos que han esclavizado. Sin embargo, para bien o para mal, un cambio se avecina en el mundo.&hellip;&nbsp;Expressversand LA GUERRA DE LOS ESP\u00cdRITUS N\u00ba 01\/03 LOS CABALLEROS DE NERAKA","og_url":"https:\/\/www.casadelectores.com\/index.php\/producto\/expressversand-la-guerra-de-los-espiritus-no-01-03-los-caballeros-de-neraka-48267\/","og_site_name":"casadelectores","og_image":[{"width":300,"height":482,"url":"https:\/\/www.casadelectores.com\/wp-content\/uploads\/2025\/SK0198979-DE20251119-101116-0-1763518286-978844501146.webp","type":"image\/webp"}],"twitter_card":"summary_large_image","twitter_misc":{"Tiempo de lectura":"1 minuto"},"schema":{"@context":"https:\/\/schema.org","@graph":[{"@type":"WebPage","@id":"https:\/\/www.casadelectores.com\/index.php\/producto\/expressversand-la-guerra-de-los-espiritus-no-01-03-los-caballeros-de-neraka-48267\/","url":"https:\/\/www.casadelectores.com\/index.php\/producto\/expressversand-la-guerra-de-los-espiritus-no-01-03-los-caballeros-de-neraka-48267\/","name":"Expressversand LA GUERRA DE LOS ESP\u00cdRITUS N\u00ba 01\/03 LOS CABALLEROS DE NERAKA - casadelectores","isPartOf":{"@id":"https:\/\/www.casadelectores.com\/#website"},"primaryImageOfPage":{"@id":"https:\/\/www.casadelectores.com\/index.php\/producto\/expressversand-la-guerra-de-los-espiritus-no-01-03-los-caballeros-de-neraka-48267\/#primaryimage"},"image":{"@id":"https:\/\/www.casadelectores.com\/index.php\/producto\/expressversand-la-guerra-de-los-espiritus-no-01-03-los-caballeros-de-neraka-48267\/#primaryimage"},"thumbnailUrl":"https:\/\/www.casadelectores.com\/wp-content\/uploads\/2025\/SK0198979-DE20251119-101116-0-1763518286-978844501146.webp","datePublished":"2025-11-25T09:05:48+00:00","breadcrumb":{"@id":"https:\/\/www.casadelectores.com\/index.php\/producto\/expressversand-la-guerra-de-los-espiritus-no-01-03-los-caballeros-de-neraka-48267\/#breadcrumb"},"inLanguage":"es","potentialAction":[{"@type":"ReadAction","target":["https:\/\/www.casadelectores.com\/index.php\/producto\/expressversand-la-guerra-de-los-espiritus-no-01-03-los-caballeros-de-neraka-48267\/"]}]},{"@type":"ImageObject","inLanguage":"es","@id":"https:\/\/www.casadelectores.com\/index.php\/producto\/expressversand-la-guerra-de-los-espiritus-no-01-03-los-caballeros-de-neraka-48267\/#primaryimage","url":"https:\/\/www.casadelectores.com\/wp-content\/uploads\/2025\/SK0198979-DE20251119-101116-0-1763518286-978844501146.webp","contentUrl":"https:\/\/www.casadelectores.com\/wp-content\/uploads\/2025\/SK0198979-DE20251119-101116-0-1763518286-978844501146.webp","width":300,"height":482},{"@type":"BreadcrumbList","@id":"https:\/\/www.casadelectores.com\/index.php\/producto\/expressversand-la-guerra-de-los-espiritus-no-01-03-los-caballeros-de-neraka-48267\/#breadcrumb","itemListElement":[{"@type":"ListItem","position":1,"name":"Portada","item":"https:\/\/www.casadelectores.com\/"},{"@type":"ListItem","position":2,"name":"Shop","item":"https:\/\/www.casadelectores.com\/index.php\/shop\/"},{"@type":"ListItem","position":3,"name":"Expressversand LA GUERRA DE LOS ESP\u00cdRITUS N\u00ba 01\/03 LOS CABALLEROS DE NERAKA"}]},{"@type":"WebSite","@id":"https:\/\/www.casadelectores.com\/#website","url":"https:\/\/www.casadelectores.com\/","name":"Enam\u00f3rate de las compras","description":"","publisher":{"@id":"https:\/\/www.casadelectores.com\/#organization"},"potentialAction":[{"@type":"SearchAction","target":{"@type":"EntryPoint","urlTemplate":"https:\/\/www.casadelectores.com\/?s={search_term_string}"},"query-input":{"@type":"PropertyValueSpecification","valueRequired":true,"valueName":"search_term_string"}}],"inLanguage":"es"},{"@type":"Organization","@id":"https:\/\/www.casadelectores.com\/#organization","name":"Enam\u00f3rate de las compras","url":"https:\/\/www.casadelectores.com\/","logo":{"@type":"ImageObject","inLanguage":"es","@id":"https:\/\/www.casadelectores.com\/#\/schema\/logo\/image\/","url":"https:\/\/www.casadelectores.com\/wp-content\/uploads\/2020\/10\/shop-icon.png","contentUrl":"https:\/\/www.casadelectores.com\/wp-content\/uploads\/2020\/10\/shop-icon.png","width":512,"height":512,"caption":"Enam\u00f3rate de las compras"},"image":{"@id":"https:\/\/www.casadelectores.com\/#\/schema\/logo\/image\/"}}]}},"_links":{"self":[{"href":"https:\/\/www.casadelectores.com\/index.php\/wp-json\/wp\/v2\/product\/48267","targetHints":{"allow":["GET"]}}],"collection":[{"href":"https:\/\/www.casadelectores.com\/index.php\/wp-json\/wp\/v2\/product"}],"about":[{"href":"https:\/\/www.casadelectores.com\/index.php\/wp-json\/wp\/v2\/types\/product"}],"wp:featuredmedia":[{"embeddable":true,"href":"https:\/\/www.casadelectores.com\/index.php\/wp-json\/wp\/v2\/media\/48367"}],"wp:attachment":[{"href":"https:\/\/www.casadelectores.com\/index.php\/wp-json\/wp\/v2\/media?parent=48267"}],"wp:term":[{"taxonomy":"product_brand","embeddable":true,"href":"https:\/\/www.casadelectores.com\/index.php\/wp-json\/wp\/v2\/product_brand?post=48267"},{"taxonomy":"product_cat","embeddable":true,"href":"https:\/\/www.casadelectores.com\/index.php\/wp-json\/wp\/v2\/product_cat?post=48267"},{"taxonomy":"product_tag","embeddable":true,"href":"https:\/\/www.casadelectores.com\/index.php\/wp-json\/wp\/v2\/product_tag?post=48267"}],"curies":[{"name":"wp","href":"https:\/\/api.w.org\/{rel}","templated":true}]}}