{"id":4760,"date":"2025-11-25T09:04:29","date_gmt":"2025-11-25T09:04:29","guid":{"rendered":""},"modified":"2025-11-25T09:04:29","modified_gmt":"2025-11-25T09:04:29","slug":"encerrados-en-la-casa-de-atras-la-impactante-historia-del-chico-que-amo-a-ana-frank-neu-im-sortiment-4760","status":"publish","type":"product","link":"https:\/\/www.casadelectores.com\/index.php\/producto\/encerrados-en-la-casa-de-atras-la-impactante-historia-del-chico-que-amo-a-ana-frank-neu-im-sortiment-4760\/","title":{"rendered":"ENCERRADOS EN LA CASA DE ATR\u00c1S. LA IMPACTANTE HISTORIA DEL CHICO QUE AM\u00d3 A ANA FRANK Neu Im Sortiment"},"content":{"rendered":"<p>Novela centrada en la figura de Peter, que lucha por encontrar su identidad, prepararse en lo posible para el futuro y que asiste, tan asombrado como cualquier otro adolescente, a su propio despertar al amor y a la sexualidad. La autora describe con \u00e9xito las conflictivas emociones que se producen en lostres adolescentes (Ana, su hermana Margot y Peter) obligados a convivir d\u00eda tras d\u00eda en un espacio que tiene mucho de celda carcelaria. A trav\u00e9s de los ojos de Peter, la autora construye la imagen que complementa la que Ana Frank nos dio de s\u00ed misma a trav\u00e9s de su Diario.Durante los dos a\u00f1os largos que dur\u00f3 su reclusi\u00f3n voluntaria, Ana Frank, la ni\u00f1a jud\u00eda alemana cuyo Diario habr\u00eda de hacerla mundialmente famosa, convivi\u00f3 con siete personas m\u00e1s mientras se escond\u00eda en Amsterdam de la persecuci\u00f3n nazi. Como es sabido, un delator los vendi\u00f3 a la Gestapo y murieron pr\u00e1cticamente todos en campos de concentraci\u00f3n; Ana falleci\u00f3 en Belsen, de tifus, cuando faltaba muy poco para que llegaran las tropas de liberaci\u00f3n. Ten\u00eda quince a\u00f1os. \u00ab,<\/p>\n","protected":false},"excerpt":{"rendered":"<p>Novela centrada en la figura de Peter, que lucha por encontrar su identidad, prepararse en lo posible para el futuro y que asiste, tan asombrado como cualquier otro adolescente, a su propio despertar al amor y a la sexualidad. La autora describe con \u00e9xito las conflictivas emociones que se producen en lostres adolescentes (Ana, su&hellip;&nbsp;<a href=\"https:\/\/www.casadelectores.com\/index.php\/producto\/encerrados-en-la-casa-de-atras-la-impactante-historia-del-chico-que-amo-a-ana-frank-neu-im-sortiment-4760\/\" rel=\"bookmark\"><span class=\"screen-reader-text\">ENCERRADOS EN LA CASA DE ATR\u00c1S. LA IMPACTANTE HISTORIA DEL CHICO QUE AM\u00d3 A ANA FRANK Neu Im Sortiment<\/span><\/a><\/p>\n","protected":false},"featured_media":4860,"template":"","meta":{"neve_meta_sidebar":"","neve_meta_container":"","neve_meta_enable_content_width":"","neve_meta_content_width":0,"neve_meta_title_alignment":"","neve_meta_author_avatar":"","neve_post_elements_order":"","neve_meta_disable_header":"","neve_meta_disable_footer":"","neve_meta_disable_title":"","_themeisle_gutenberg_block_has_review":false},"product_brand":[],"product_cat":[26],"product_tag":[],"class_list":["post-4760","product","type-product","status-publish","has-post-thumbnail","product_cat-publicaciones-de-libros","first","instock","sale","shipping-taxable","purchasable","product-type-simple"],"yoast_head":"<!-- This site is optimized with the Yoast SEO plugin v26.3 - https:\/\/yoast.com\/wordpress\/plugins\/seo\/ -->\n<title>ENCERRADOS EN LA CASA DE ATR\u00c1S. LA IMPACTANTE HISTORIA DEL CHICO QUE AM\u00d3 A ANA FRANK Neu Im Sortiment - casadelectores<\/title>\n<meta name=\"robots\" content=\"index, follow, max-snippet:-1, max-image-preview:large, max-video-preview:-1\" \/>\n<link rel=\"canonical\" href=\"https:\/\/www.casadelectores.com\/index.php\/producto\/encerrados-en-la-casa-de-atras-la-impactante-historia-del-chico-que-amo-a-ana-frank-neu-im-sortiment-4760\/\" \/>\n<meta property=\"og:locale\" content=\"es_ES\" \/>\n<meta property=\"og:type\" content=\"article\" \/>\n<meta property=\"og:title\" content=\"ENCERRADOS EN LA CASA DE ATR\u00c1S. LA IMPACTANTE HISTORIA DEL CHICO QUE AM\u00d3 A ANA FRANK Neu Im Sortiment - casadelectores\" \/>\n<meta property=\"og:description\" content=\"Novela centrada en la figura de Peter, que lucha por encontrar su identidad, prepararse en lo posible para el futuro y que asiste, tan asombrado como cualquier otro adolescente, a su propio despertar al amor y a la sexualidad. La autora describe con \u00e9xito las conflictivas emociones que se producen en lostres adolescentes (Ana, su&hellip;&nbsp;ENCERRADOS EN LA CASA DE ATR\u00c1S. LA IMPACTANTE HISTORIA DEL CHICO QUE AM\u00d3 A ANA FRANK Neu Im Sortiment\" \/>\n<meta property=\"og:url\" content=\"https:\/\/www.casadelectores.com\/index.php\/producto\/encerrados-en-la-casa-de-atras-la-impactante-historia-del-chico-que-amo-a-ana-frank-neu-im-sortiment-4760\/\" \/>\n<meta property=\"og:site_name\" content=\"casadelectores\" \/>\n<meta property=\"og:image\" content=\"https:\/\/www.casadelectores.com\/wp-content\/uploads\/2025\/SK0177383-DE20251119-101116-0-1763518286-978844414884.webp\" \/>\n\t<meta property=\"og:image:width\" content=\"300\" \/>\n\t<meta property=\"og:image:height\" content=\"462\" \/>\n\t<meta property=\"og:image:type\" content=\"image\/webp\" \/>\n<meta name=\"twitter:card\" content=\"summary_large_image\" \/>\n<meta name=\"twitter:label1\" content=\"Tiempo de lectura\" \/>\n\t<meta name=\"twitter:data1\" content=\"1 minuto\" \/>\n<script type=\"application\/ld+json\" class=\"yoast-schema-graph\">{\"@context\":\"https:\/\/schema.org\",\"@graph\":[{\"@type\":\"WebPage\",\"@id\":\"https:\/\/www.casadelectores.com\/index.php\/producto\/encerrados-en-la-casa-de-atras-la-impactante-historia-del-chico-que-amo-a-ana-frank-neu-im-sortiment-4760\/\",\"url\":\"https:\/\/www.casadelectores.com\/index.php\/producto\/encerrados-en-la-casa-de-atras-la-impactante-historia-del-chico-que-amo-a-ana-frank-neu-im-sortiment-4760\/\",\"name\":\"ENCERRADOS EN LA CASA DE ATR\u00c1S. LA IMPACTANTE HISTORIA DEL CHICO QUE AM\u00d3 A ANA FRANK Neu Im Sortiment - casadelectores\",\"isPartOf\":{\"@id\":\"https:\/\/www.casadelectores.com\/#website\"},\"primaryImageOfPage\":{\"@id\":\"https:\/\/www.casadelectores.com\/index.php\/producto\/encerrados-en-la-casa-de-atras-la-impactante-historia-del-chico-que-amo-a-ana-frank-neu-im-sortiment-4760\/#primaryimage\"},\"image\":{\"@id\":\"https:\/\/www.casadelectores.com\/index.php\/producto\/encerrados-en-la-casa-de-atras-la-impactante-historia-del-chico-que-amo-a-ana-frank-neu-im-sortiment-4760\/#primaryimage\"},\"thumbnailUrl\":\"https:\/\/www.casadelectores.com\/wp-content\/uploads\/2025\/SK0177383-DE20251119-101116-0-1763518286-978844414884.webp\",\"datePublished\":\"2025-11-25T09:04:29+00:00\",\"breadcrumb\":{\"@id\":\"https:\/\/www.casadelectores.com\/index.php\/producto\/encerrados-en-la-casa-de-atras-la-impactante-historia-del-chico-que-amo-a-ana-frank-neu-im-sortiment-4760\/#breadcrumb\"},\"inLanguage\":\"es\",\"potentialAction\":[{\"@type\":\"ReadAction\",\"target\":[\"https:\/\/www.casadelectores.com\/index.php\/producto\/encerrados-en-la-casa-de-atras-la-impactante-historia-del-chico-que-amo-a-ana-frank-neu-im-sortiment-4760\/\"]}]},{\"@type\":\"ImageObject\",\"inLanguage\":\"es\",\"@id\":\"https:\/\/www.casadelectores.com\/index.php\/producto\/encerrados-en-la-casa-de-atras-la-impactante-historia-del-chico-que-amo-a-ana-frank-neu-im-sortiment-4760\/#primaryimage\",\"url\":\"https:\/\/www.casadelectores.com\/wp-content\/uploads\/2025\/SK0177383-DE20251119-101116-0-1763518286-978844414884.webp\",\"contentUrl\":\"https:\/\/www.casadelectores.com\/wp-content\/uploads\/2025\/SK0177383-DE20251119-101116-0-1763518286-978844414884.webp\",\"width\":300,\"height\":462},{\"@type\":\"BreadcrumbList\",\"@id\":\"https:\/\/www.casadelectores.com\/index.php\/producto\/encerrados-en-la-casa-de-atras-la-impactante-historia-del-chico-que-amo-a-ana-frank-neu-im-sortiment-4760\/#breadcrumb\",\"itemListElement\":[{\"@type\":\"ListItem\",\"position\":1,\"name\":\"Portada\",\"item\":\"https:\/\/www.casadelectores.com\/\"},{\"@type\":\"ListItem\",\"position\":2,\"name\":\"Shop\",\"item\":\"https:\/\/www.casadelectores.com\/index.php\/shop\/\"},{\"@type\":\"ListItem\",\"position\":3,\"name\":\"ENCERRADOS EN LA CASA DE ATR\u00c1S. LA IMPACTANTE HISTORIA DEL CHICO QUE AM\u00d3 A ANA FRANK Neu Im Sortiment\"}]},{\"@type\":\"WebSite\",\"@id\":\"https:\/\/www.casadelectores.com\/#website\",\"url\":\"https:\/\/www.casadelectores.com\/\",\"name\":\"Enam\u00f3rate de las compras\",\"description\":\"\",\"publisher\":{\"@id\":\"https:\/\/www.casadelectores.com\/#organization\"},\"potentialAction\":[{\"@type\":\"SearchAction\",\"target\":{\"@type\":\"EntryPoint\",\"urlTemplate\":\"https:\/\/www.casadelectores.com\/?s={search_term_string}\"},\"query-input\":{\"@type\":\"PropertyValueSpecification\",\"valueRequired\":true,\"valueName\":\"search_term_string\"}}],\"inLanguage\":\"es\"},{\"@type\":\"Organization\",\"@id\":\"https:\/\/www.casadelectores.com\/#organization\",\"name\":\"Enam\u00f3rate de las compras\",\"url\":\"https:\/\/www.casadelectores.com\/\",\"logo\":{\"@type\":\"ImageObject\",\"inLanguage\":\"es\",\"@id\":\"https:\/\/www.casadelectores.com\/#\/schema\/logo\/image\/\",\"url\":\"https:\/\/www.casadelectores.com\/wp-content\/uploads\/2020\/10\/shop-icon.png\",\"contentUrl\":\"https:\/\/www.casadelectores.com\/wp-content\/uploads\/2020\/10\/shop-icon.png\",\"width\":512,\"height\":512,\"caption\":\"Enam\u00f3rate de las compras\"},\"image\":{\"@id\":\"https:\/\/www.casadelectores.com\/#\/schema\/logo\/image\/\"}}]}<\/script>\n<!-- \/ Yoast SEO plugin. -->","yoast_head_json":{"title":"ENCERRADOS EN LA CASA DE ATR\u00c1S. LA IMPACTANTE HISTORIA DEL CHICO QUE AM\u00d3 A ANA FRANK Neu Im Sortiment - casadelectores","robots":{"index":"index","follow":"follow","max-snippet":"max-snippet:-1","max-image-preview":"max-image-preview:large","max-video-preview":"max-video-preview:-1"},"canonical":"https:\/\/www.casadelectores.com\/index.php\/producto\/encerrados-en-la-casa-de-atras-la-impactante-historia-del-chico-que-amo-a-ana-frank-neu-im-sortiment-4760\/","og_locale":"es_ES","og_type":"article","og_title":"ENCERRADOS EN LA CASA DE ATR\u00c1S. LA IMPACTANTE HISTORIA DEL CHICO QUE AM\u00d3 A ANA FRANK Neu Im Sortiment - casadelectores","og_description":"Novela centrada en la figura de Peter, que lucha por encontrar su identidad, prepararse en lo posible para el futuro y que asiste, tan asombrado como cualquier otro adolescente, a su propio despertar al amor y a la sexualidad. La autora describe con \u00e9xito las conflictivas emociones que se producen en lostres adolescentes (Ana, su&hellip;&nbsp;ENCERRADOS EN LA CASA DE ATR\u00c1S. LA IMPACTANTE HISTORIA DEL CHICO QUE AM\u00d3 A ANA FRANK Neu Im Sortiment","og_url":"https:\/\/www.casadelectores.com\/index.php\/producto\/encerrados-en-la-casa-de-atras-la-impactante-historia-del-chico-que-amo-a-ana-frank-neu-im-sortiment-4760\/","og_site_name":"casadelectores","og_image":[{"width":300,"height":462,"url":"https:\/\/www.casadelectores.com\/wp-content\/uploads\/2025\/SK0177383-DE20251119-101116-0-1763518286-978844414884.webp","type":"image\/webp"}],"twitter_card":"summary_large_image","twitter_misc":{"Tiempo de lectura":"1 minuto"},"schema":{"@context":"https:\/\/schema.org","@graph":[{"@type":"WebPage","@id":"https:\/\/www.casadelectores.com\/index.php\/producto\/encerrados-en-la-casa-de-atras-la-impactante-historia-del-chico-que-amo-a-ana-frank-neu-im-sortiment-4760\/","url":"https:\/\/www.casadelectores.com\/index.php\/producto\/encerrados-en-la-casa-de-atras-la-impactante-historia-del-chico-que-amo-a-ana-frank-neu-im-sortiment-4760\/","name":"ENCERRADOS EN LA CASA DE ATR\u00c1S. LA IMPACTANTE HISTORIA DEL CHICO QUE AM\u00d3 A ANA FRANK Neu Im Sortiment - casadelectores","isPartOf":{"@id":"https:\/\/www.casadelectores.com\/#website"},"primaryImageOfPage":{"@id":"https:\/\/www.casadelectores.com\/index.php\/producto\/encerrados-en-la-casa-de-atras-la-impactante-historia-del-chico-que-amo-a-ana-frank-neu-im-sortiment-4760\/#primaryimage"},"image":{"@id":"https:\/\/www.casadelectores.com\/index.php\/producto\/encerrados-en-la-casa-de-atras-la-impactante-historia-del-chico-que-amo-a-ana-frank-neu-im-sortiment-4760\/#primaryimage"},"thumbnailUrl":"https:\/\/www.casadelectores.com\/wp-content\/uploads\/2025\/SK0177383-DE20251119-101116-0-1763518286-978844414884.webp","datePublished":"2025-11-25T09:04:29+00:00","breadcrumb":{"@id":"https:\/\/www.casadelectores.com\/index.php\/producto\/encerrados-en-la-casa-de-atras-la-impactante-historia-del-chico-que-amo-a-ana-frank-neu-im-sortiment-4760\/#breadcrumb"},"inLanguage":"es","potentialAction":[{"@type":"ReadAction","target":["https:\/\/www.casadelectores.com\/index.php\/producto\/encerrados-en-la-casa-de-atras-la-impactante-historia-del-chico-que-amo-a-ana-frank-neu-im-sortiment-4760\/"]}]},{"@type":"ImageObject","inLanguage":"es","@id":"https:\/\/www.casadelectores.com\/index.php\/producto\/encerrados-en-la-casa-de-atras-la-impactante-historia-del-chico-que-amo-a-ana-frank-neu-im-sortiment-4760\/#primaryimage","url":"https:\/\/www.casadelectores.com\/wp-content\/uploads\/2025\/SK0177383-DE20251119-101116-0-1763518286-978844414884.webp","contentUrl":"https:\/\/www.casadelectores.com\/wp-content\/uploads\/2025\/SK0177383-DE20251119-101116-0-1763518286-978844414884.webp","width":300,"height":462},{"@type":"BreadcrumbList","@id":"https:\/\/www.casadelectores.com\/index.php\/producto\/encerrados-en-la-casa-de-atras-la-impactante-historia-del-chico-que-amo-a-ana-frank-neu-im-sortiment-4760\/#breadcrumb","itemListElement":[{"@type":"ListItem","position":1,"name":"Portada","item":"https:\/\/www.casadelectores.com\/"},{"@type":"ListItem","position":2,"name":"Shop","item":"https:\/\/www.casadelectores.com\/index.php\/shop\/"},{"@type":"ListItem","position":3,"name":"ENCERRADOS EN LA CASA DE ATR\u00c1S. LA IMPACTANTE HISTORIA DEL CHICO QUE AM\u00d3 A ANA FRANK Neu Im Sortiment"}]},{"@type":"WebSite","@id":"https:\/\/www.casadelectores.com\/#website","url":"https:\/\/www.casadelectores.com\/","name":"Enam\u00f3rate de las compras","description":"","publisher":{"@id":"https:\/\/www.casadelectores.com\/#organization"},"potentialAction":[{"@type":"SearchAction","target":{"@type":"EntryPoint","urlTemplate":"https:\/\/www.casadelectores.com\/?s={search_term_string}"},"query-input":{"@type":"PropertyValueSpecification","valueRequired":true,"valueName":"search_term_string"}}],"inLanguage":"es"},{"@type":"Organization","@id":"https:\/\/www.casadelectores.com\/#organization","name":"Enam\u00f3rate de las compras","url":"https:\/\/www.casadelectores.com\/","logo":{"@type":"ImageObject","inLanguage":"es","@id":"https:\/\/www.casadelectores.com\/#\/schema\/logo\/image\/","url":"https:\/\/www.casadelectores.com\/wp-content\/uploads\/2020\/10\/shop-icon.png","contentUrl":"https:\/\/www.casadelectores.com\/wp-content\/uploads\/2020\/10\/shop-icon.png","width":512,"height":512,"caption":"Enam\u00f3rate de las compras"},"image":{"@id":"https:\/\/www.casadelectores.com\/#\/schema\/logo\/image\/"}}]}},"_links":{"self":[{"href":"https:\/\/www.casadelectores.com\/index.php\/wp-json\/wp\/v2\/product\/4760","targetHints":{"allow":["GET"]}}],"collection":[{"href":"https:\/\/www.casadelectores.com\/index.php\/wp-json\/wp\/v2\/product"}],"about":[{"href":"https:\/\/www.casadelectores.com\/index.php\/wp-json\/wp\/v2\/types\/product"}],"wp:featuredmedia":[{"embeddable":true,"href":"https:\/\/www.casadelectores.com\/index.php\/wp-json\/wp\/v2\/media\/4860"}],"wp:attachment":[{"href":"https:\/\/www.casadelectores.com\/index.php\/wp-json\/wp\/v2\/media?parent=4760"}],"wp:term":[{"taxonomy":"product_brand","embeddable":true,"href":"https:\/\/www.casadelectores.com\/index.php\/wp-json\/wp\/v2\/product_brand?post=4760"},{"taxonomy":"product_cat","embeddable":true,"href":"https:\/\/www.casadelectores.com\/index.php\/wp-json\/wp\/v2\/product_cat?post=4760"},{"taxonomy":"product_tag","embeddable":true,"href":"https:\/\/www.casadelectores.com\/index.php\/wp-json\/wp\/v2\/product_tag?post=4760"}],"curies":[{"name":"wp","href":"https:\/\/api.w.org\/{rel}","templated":true}]}}