{"id":47495,"date":"2025-11-25T09:05:46","date_gmt":"2025-11-25T09:05:46","guid":{"rendered":""},"modified":"2025-11-25T09:05:46","modified_gmt":"2025-11-25T09:05:46","slug":"escuela-y-transformacion-social-otra-mirada-de-la-organizacion-educativa-abverkauf-47495","status":"publish","type":"product","link":"https:\/\/www.casadelectores.com\/index.php\/producto\/escuela-y-transformacion-social-otra-mirada-de-la-organizacion-educativa-abverkauf-47495\/","title":{"rendered":"ESCUELA Y TRANSFORMACI\u00d3N SOCIAL. OTRA MIRADA DE LA ORGANIZACI\u00d3N EDUCATIVA Abverkauf"},"content":{"rendered":"<p>Hablar de escuela hoy d\u00eda es, al mismo tiempo, un reto y un compromiso. El escenario sociocultural y pol\u00edtico que vivimos est\u00e1 poniendo en cuesti\u00f3n las estructuras sobre las que hemos ido construyendo la sociedad actual, heredadas del proyecto de modernidad y repensadas por la propuesta neoliberal hegem\u00f3nica vigente. Esto supone un giro en las formas de entender las instituciones educativas y su organizaci\u00f3n que se ve en la necesidad de afrontar la complejidad y la globalizaci\u00f3n que representa este escenario. Lo cual nos obliga a reflexionar sobre la respuesta de la escuela, especialmente pensando en las necesidades educativas de la poblaci\u00f3n a la que acoge.  A su vez, las propias instituciones educativas est\u00e1n observando cambios importantes que demanda la trasformaci\u00f3n que est\u00e1n sufriendo los planteamientos educativos, tanto desde lo curricular como desde el rol docente. Ello supone cambios en el dise\u00f1o institucional, pero tambi\u00e9n otras formas de entender la gesti\u00f3n educativa, que tengan en cuenta la entrada de nuevos actores, as\u00ed como la presencia y desarrollo de otros recursos educativos. Sobre todo, la entrada de la sociedad virtual y la consiguiente reconsideraci\u00f3n de otras ecolog\u00edas de aprendizaje en el sistema educativo, entre otras cuestiones, est\u00e1n planteando nuevos retos en los centros educativos. En esta obra se pretende aportar un punto de vista diferente y alternativo que renueve los contenidos y los problemas de la organizaci\u00f3n y gesti\u00f3n de la escuela a partir de estos nuevos retos y condiciones que se le presentan. Est\u00e1 destinada especialmente a los profesionales de la educaci\u00f3n y al profesorado en formaci\u00f3n, en tanto que ofrece perspectivas innovadoras sobre organizaci\u00f3n de centros educativos. \u00ab,<\/p>\n","protected":false},"excerpt":{"rendered":"<p>Hablar de escuela hoy d\u00eda es, al mismo tiempo, un reto y un compromiso. El escenario sociocultural y pol\u00edtico que vivimos est\u00e1 poniendo en cuesti\u00f3n las estructuras sobre las que hemos ido construyendo la sociedad actual, heredadas del proyecto de modernidad y repensadas por la propuesta neoliberal hegem\u00f3nica vigente. Esto supone un giro en las&hellip;&nbsp;<a href=\"https:\/\/www.casadelectores.com\/index.php\/producto\/escuela-y-transformacion-social-otra-mirada-de-la-organizacion-educativa-abverkauf-47495\/\" rel=\"bookmark\"><span class=\"screen-reader-text\">ESCUELA Y TRANSFORMACI\u00d3N SOCIAL. OTRA MIRADA DE LA ORGANIZACI\u00d3N EDUCATIVA Abverkauf<\/span><\/a><\/p>\n","protected":false},"featured_media":47595,"template":"","meta":{"neve_meta_sidebar":"","neve_meta_container":"","neve_meta_enable_content_width":"","neve_meta_content_width":0,"neve_meta_title_alignment":"","neve_meta_author_avatar":"","neve_post_elements_order":"","neve_meta_disable_header":"","neve_meta_disable_footer":"","neve_meta_disable_title":"","_themeisle_gutenberg_block_has_review":false},"product_brand":[],"product_cat":[26],"product_tag":[],"class_list":["post-47495","product","type-product","status-publish","has-post-thumbnail","product_cat-publicaciones-de-libros","first","instock","sale","shipping-taxable","purchasable","product-type-simple"],"yoast_head":"<!-- This site is optimized with the Yoast SEO plugin v26.3 - https:\/\/yoast.com\/wordpress\/plugins\/seo\/ -->\n<title>ESCUELA Y TRANSFORMACI\u00d3N SOCIAL. OTRA MIRADA DE LA ORGANIZACI\u00d3N EDUCATIVA Abverkauf - casadelectores<\/title>\n<meta name=\"robots\" content=\"index, follow, max-snippet:-1, max-image-preview:large, max-video-preview:-1\" \/>\n<link rel=\"canonical\" href=\"https:\/\/www.casadelectores.com\/index.php\/producto\/escuela-y-transformacion-social-otra-mirada-de-la-organizacion-educativa-abverkauf-47495\/\" \/>\n<meta property=\"og:locale\" content=\"es_ES\" \/>\n<meta property=\"og:type\" content=\"article\" \/>\n<meta property=\"og:title\" content=\"ESCUELA Y TRANSFORMACI\u00d3N SOCIAL. OTRA MIRADA DE LA ORGANIZACI\u00d3N EDUCATIVA Abverkauf - casadelectores\" \/>\n<meta property=\"og:description\" content=\"Hablar de escuela hoy d\u00eda es, al mismo tiempo, un reto y un compromiso. El escenario sociocultural y pol\u00edtico que vivimos est\u00e1 poniendo en cuesti\u00f3n las estructuras sobre las que hemos ido construyendo la sociedad actual, heredadas del proyecto de modernidad y repensadas por la propuesta neoliberal hegem\u00f3nica vigente. Esto supone un giro en las&hellip;&nbsp;ESCUELA Y TRANSFORMACI\u00d3N SOCIAL. OTRA MIRADA DE LA ORGANIZACI\u00d3N EDUCATIVA Abverkauf\" \/>\n<meta property=\"og:url\" content=\"https:\/\/www.casadelectores.com\/index.php\/producto\/escuela-y-transformacion-social-otra-mirada-de-la-organizacion-educativa-abverkauf-47495\/\" \/>\n<meta property=\"og:site_name\" content=\"casadelectores\" \/>\n<meta property=\"og:image\" content=\"https:\/\/www.casadelectores.com\/wp-content\/uploads\/2025\/SK0198596-DE20251119-101116-0-1763518286-978841881967.webp\" \/>\n\t<meta property=\"og:image:width\" content=\"300\" \/>\n\t<meta property=\"og:image:height\" content=\"460\" \/>\n\t<meta property=\"og:image:type\" content=\"image\/webp\" \/>\n<meta name=\"twitter:card\" content=\"summary_large_image\" \/>\n<meta name=\"twitter:label1\" content=\"Tiempo de lectura\" \/>\n\t<meta name=\"twitter:data1\" content=\"1 minuto\" \/>\n<script type=\"application\/ld+json\" class=\"yoast-schema-graph\">{\"@context\":\"https:\/\/schema.org\",\"@graph\":[{\"@type\":\"WebPage\",\"@id\":\"https:\/\/www.casadelectores.com\/index.php\/producto\/escuela-y-transformacion-social-otra-mirada-de-la-organizacion-educativa-abverkauf-47495\/\",\"url\":\"https:\/\/www.casadelectores.com\/index.php\/producto\/escuela-y-transformacion-social-otra-mirada-de-la-organizacion-educativa-abverkauf-47495\/\",\"name\":\"ESCUELA Y TRANSFORMACI\u00d3N SOCIAL. OTRA MIRADA DE LA ORGANIZACI\u00d3N EDUCATIVA Abverkauf - casadelectores\",\"isPartOf\":{\"@id\":\"https:\/\/www.casadelectores.com\/#website\"},\"primaryImageOfPage\":{\"@id\":\"https:\/\/www.casadelectores.com\/index.php\/producto\/escuela-y-transformacion-social-otra-mirada-de-la-organizacion-educativa-abverkauf-47495\/#primaryimage\"},\"image\":{\"@id\":\"https:\/\/www.casadelectores.com\/index.php\/producto\/escuela-y-transformacion-social-otra-mirada-de-la-organizacion-educativa-abverkauf-47495\/#primaryimage\"},\"thumbnailUrl\":\"https:\/\/www.casadelectores.com\/wp-content\/uploads\/2025\/SK0198596-DE20251119-101116-0-1763518286-978841881967.webp\",\"datePublished\":\"2025-11-25T09:05:46+00:00\",\"breadcrumb\":{\"@id\":\"https:\/\/www.casadelectores.com\/index.php\/producto\/escuela-y-transformacion-social-otra-mirada-de-la-organizacion-educativa-abverkauf-47495\/#breadcrumb\"},\"inLanguage\":\"es\",\"potentialAction\":[{\"@type\":\"ReadAction\",\"target\":[\"https:\/\/www.casadelectores.com\/index.php\/producto\/escuela-y-transformacion-social-otra-mirada-de-la-organizacion-educativa-abverkauf-47495\/\"]}]},{\"@type\":\"ImageObject\",\"inLanguage\":\"es\",\"@id\":\"https:\/\/www.casadelectores.com\/index.php\/producto\/escuela-y-transformacion-social-otra-mirada-de-la-organizacion-educativa-abverkauf-47495\/#primaryimage\",\"url\":\"https:\/\/www.casadelectores.com\/wp-content\/uploads\/2025\/SK0198596-DE20251119-101116-0-1763518286-978841881967.webp\",\"contentUrl\":\"https:\/\/www.casadelectores.com\/wp-content\/uploads\/2025\/SK0198596-DE20251119-101116-0-1763518286-978841881967.webp\",\"width\":300,\"height\":460},{\"@type\":\"BreadcrumbList\",\"@id\":\"https:\/\/www.casadelectores.com\/index.php\/producto\/escuela-y-transformacion-social-otra-mirada-de-la-organizacion-educativa-abverkauf-47495\/#breadcrumb\",\"itemListElement\":[{\"@type\":\"ListItem\",\"position\":1,\"name\":\"Portada\",\"item\":\"https:\/\/www.casadelectores.com\/\"},{\"@type\":\"ListItem\",\"position\":2,\"name\":\"Shop\",\"item\":\"https:\/\/www.casadelectores.com\/index.php\/shop\/\"},{\"@type\":\"ListItem\",\"position\":3,\"name\":\"ESCUELA Y TRANSFORMACI\u00d3N SOCIAL. OTRA MIRADA DE LA ORGANIZACI\u00d3N EDUCATIVA Abverkauf\"}]},{\"@type\":\"WebSite\",\"@id\":\"https:\/\/www.casadelectores.com\/#website\",\"url\":\"https:\/\/www.casadelectores.com\/\",\"name\":\"Enam\u00f3rate de las compras\",\"description\":\"\",\"publisher\":{\"@id\":\"https:\/\/www.casadelectores.com\/#organization\"},\"potentialAction\":[{\"@type\":\"SearchAction\",\"target\":{\"@type\":\"EntryPoint\",\"urlTemplate\":\"https:\/\/www.casadelectores.com\/?s={search_term_string}\"},\"query-input\":{\"@type\":\"PropertyValueSpecification\",\"valueRequired\":true,\"valueName\":\"search_term_string\"}}],\"inLanguage\":\"es\"},{\"@type\":\"Organization\",\"@id\":\"https:\/\/www.casadelectores.com\/#organization\",\"name\":\"Enam\u00f3rate de las compras\",\"url\":\"https:\/\/www.casadelectores.com\/\",\"logo\":{\"@type\":\"ImageObject\",\"inLanguage\":\"es\",\"@id\":\"https:\/\/www.casadelectores.com\/#\/schema\/logo\/image\/\",\"url\":\"https:\/\/www.casadelectores.com\/wp-content\/uploads\/2020\/10\/shop-icon.png\",\"contentUrl\":\"https:\/\/www.casadelectores.com\/wp-content\/uploads\/2020\/10\/shop-icon.png\",\"width\":512,\"height\":512,\"caption\":\"Enam\u00f3rate de las compras\"},\"image\":{\"@id\":\"https:\/\/www.casadelectores.com\/#\/schema\/logo\/image\/\"}}]}<\/script>\n<!-- \/ Yoast SEO plugin. -->","yoast_head_json":{"title":"ESCUELA Y TRANSFORMACI\u00d3N SOCIAL. OTRA MIRADA DE LA ORGANIZACI\u00d3N EDUCATIVA Abverkauf - casadelectores","robots":{"index":"index","follow":"follow","max-snippet":"max-snippet:-1","max-image-preview":"max-image-preview:large","max-video-preview":"max-video-preview:-1"},"canonical":"https:\/\/www.casadelectores.com\/index.php\/producto\/escuela-y-transformacion-social-otra-mirada-de-la-organizacion-educativa-abverkauf-47495\/","og_locale":"es_ES","og_type":"article","og_title":"ESCUELA Y TRANSFORMACI\u00d3N SOCIAL. OTRA MIRADA DE LA ORGANIZACI\u00d3N EDUCATIVA Abverkauf - casadelectores","og_description":"Hablar de escuela hoy d\u00eda es, al mismo tiempo, un reto y un compromiso. El escenario sociocultural y pol\u00edtico que vivimos est\u00e1 poniendo en cuesti\u00f3n las estructuras sobre las que hemos ido construyendo la sociedad actual, heredadas del proyecto de modernidad y repensadas por la propuesta neoliberal hegem\u00f3nica vigente. Esto supone un giro en las&hellip;&nbsp;ESCUELA Y TRANSFORMACI\u00d3N SOCIAL. OTRA MIRADA DE LA ORGANIZACI\u00d3N EDUCATIVA Abverkauf","og_url":"https:\/\/www.casadelectores.com\/index.php\/producto\/escuela-y-transformacion-social-otra-mirada-de-la-organizacion-educativa-abverkauf-47495\/","og_site_name":"casadelectores","og_image":[{"width":300,"height":460,"url":"https:\/\/www.casadelectores.com\/wp-content\/uploads\/2025\/SK0198596-DE20251119-101116-0-1763518286-978841881967.webp","type":"image\/webp"}],"twitter_card":"summary_large_image","twitter_misc":{"Tiempo de lectura":"1 minuto"},"schema":{"@context":"https:\/\/schema.org","@graph":[{"@type":"WebPage","@id":"https:\/\/www.casadelectores.com\/index.php\/producto\/escuela-y-transformacion-social-otra-mirada-de-la-organizacion-educativa-abverkauf-47495\/","url":"https:\/\/www.casadelectores.com\/index.php\/producto\/escuela-y-transformacion-social-otra-mirada-de-la-organizacion-educativa-abverkauf-47495\/","name":"ESCUELA Y TRANSFORMACI\u00d3N SOCIAL. OTRA MIRADA DE LA ORGANIZACI\u00d3N EDUCATIVA Abverkauf - casadelectores","isPartOf":{"@id":"https:\/\/www.casadelectores.com\/#website"},"primaryImageOfPage":{"@id":"https:\/\/www.casadelectores.com\/index.php\/producto\/escuela-y-transformacion-social-otra-mirada-de-la-organizacion-educativa-abverkauf-47495\/#primaryimage"},"image":{"@id":"https:\/\/www.casadelectores.com\/index.php\/producto\/escuela-y-transformacion-social-otra-mirada-de-la-organizacion-educativa-abverkauf-47495\/#primaryimage"},"thumbnailUrl":"https:\/\/www.casadelectores.com\/wp-content\/uploads\/2025\/SK0198596-DE20251119-101116-0-1763518286-978841881967.webp","datePublished":"2025-11-25T09:05:46+00:00","breadcrumb":{"@id":"https:\/\/www.casadelectores.com\/index.php\/producto\/escuela-y-transformacion-social-otra-mirada-de-la-organizacion-educativa-abverkauf-47495\/#breadcrumb"},"inLanguage":"es","potentialAction":[{"@type":"ReadAction","target":["https:\/\/www.casadelectores.com\/index.php\/producto\/escuela-y-transformacion-social-otra-mirada-de-la-organizacion-educativa-abverkauf-47495\/"]}]},{"@type":"ImageObject","inLanguage":"es","@id":"https:\/\/www.casadelectores.com\/index.php\/producto\/escuela-y-transformacion-social-otra-mirada-de-la-organizacion-educativa-abverkauf-47495\/#primaryimage","url":"https:\/\/www.casadelectores.com\/wp-content\/uploads\/2025\/SK0198596-DE20251119-101116-0-1763518286-978841881967.webp","contentUrl":"https:\/\/www.casadelectores.com\/wp-content\/uploads\/2025\/SK0198596-DE20251119-101116-0-1763518286-978841881967.webp","width":300,"height":460},{"@type":"BreadcrumbList","@id":"https:\/\/www.casadelectores.com\/index.php\/producto\/escuela-y-transformacion-social-otra-mirada-de-la-organizacion-educativa-abverkauf-47495\/#breadcrumb","itemListElement":[{"@type":"ListItem","position":1,"name":"Portada","item":"https:\/\/www.casadelectores.com\/"},{"@type":"ListItem","position":2,"name":"Shop","item":"https:\/\/www.casadelectores.com\/index.php\/shop\/"},{"@type":"ListItem","position":3,"name":"ESCUELA Y TRANSFORMACI\u00d3N SOCIAL. OTRA MIRADA DE LA ORGANIZACI\u00d3N EDUCATIVA Abverkauf"}]},{"@type":"WebSite","@id":"https:\/\/www.casadelectores.com\/#website","url":"https:\/\/www.casadelectores.com\/","name":"Enam\u00f3rate de las compras","description":"","publisher":{"@id":"https:\/\/www.casadelectores.com\/#organization"},"potentialAction":[{"@type":"SearchAction","target":{"@type":"EntryPoint","urlTemplate":"https:\/\/www.casadelectores.com\/?s={search_term_string}"},"query-input":{"@type":"PropertyValueSpecification","valueRequired":true,"valueName":"search_term_string"}}],"inLanguage":"es"},{"@type":"Organization","@id":"https:\/\/www.casadelectores.com\/#organization","name":"Enam\u00f3rate de las compras","url":"https:\/\/www.casadelectores.com\/","logo":{"@type":"ImageObject","inLanguage":"es","@id":"https:\/\/www.casadelectores.com\/#\/schema\/logo\/image\/","url":"https:\/\/www.casadelectores.com\/wp-content\/uploads\/2020\/10\/shop-icon.png","contentUrl":"https:\/\/www.casadelectores.com\/wp-content\/uploads\/2020\/10\/shop-icon.png","width":512,"height":512,"caption":"Enam\u00f3rate de las compras"},"image":{"@id":"https:\/\/www.casadelectores.com\/#\/schema\/logo\/image\/"}}]}},"_links":{"self":[{"href":"https:\/\/www.casadelectores.com\/index.php\/wp-json\/wp\/v2\/product\/47495","targetHints":{"allow":["GET"]}}],"collection":[{"href":"https:\/\/www.casadelectores.com\/index.php\/wp-json\/wp\/v2\/product"}],"about":[{"href":"https:\/\/www.casadelectores.com\/index.php\/wp-json\/wp\/v2\/types\/product"}],"wp:featuredmedia":[{"embeddable":true,"href":"https:\/\/www.casadelectores.com\/index.php\/wp-json\/wp\/v2\/media\/47595"}],"wp:attachment":[{"href":"https:\/\/www.casadelectores.com\/index.php\/wp-json\/wp\/v2\/media?parent=47495"}],"wp:term":[{"taxonomy":"product_brand","embeddable":true,"href":"https:\/\/www.casadelectores.com\/index.php\/wp-json\/wp\/v2\/product_brand?post=47495"},{"taxonomy":"product_cat","embeddable":true,"href":"https:\/\/www.casadelectores.com\/index.php\/wp-json\/wp\/v2\/product_cat?post=47495"},{"taxonomy":"product_tag","embeddable":true,"href":"https:\/\/www.casadelectores.com\/index.php\/wp-json\/wp\/v2\/product_tag?post=47495"}],"curies":[{"name":"wp","href":"https:\/\/api.w.org\/{rel}","templated":true}]}}