{"id":46090,"date":"2025-11-25T09:05:44","date_gmt":"2025-11-25T09:05:44","guid":{"rendered":""},"modified":"2025-11-25T09:05:44","modified_gmt":"2025-11-25T09:05:44","slug":"garantierte-lieferung-el-mundo-de-hoy-reflexiones-politicamente-incorrectas-46090","status":"publish","type":"product","link":"https:\/\/www.casadelectores.com\/index.php\/producto\/garantierte-lieferung-el-mundo-de-hoy-reflexiones-politicamente-incorrectas-46090\/","title":{"rendered":"Garantierte Lieferung EL MUNDO DE HOY. REFLEXIONES POL\u00cdTICAMENTE INCORRECTAS"},"content":{"rendered":"<p>>S\u00ed, el ser humano es sensible a la verdad. Lo que ocurre es que en el mundo de hoy la verdad queda oculta en ocasiones por m\u00faltiples velos que la desdibujan y le quitan su diamantino fulgor. La verdad es la luz que ilumina los caminos de la justicia, la que permite saber a qu\u00e9 atenerse a hombres y mujeres, y la que posibilita la construcci\u00f3n de la vida sobre s\u00f3lidos cimientos.Sin embargo, enfrent\u00e1ndose a la verdad, o por lo menos borde\u00e1ndola en ocasiones, surgieron los valores  pol\u00edticamente correctos , es decir, aquellos que se admiten socialmente sin levantar sospechas de un pensar objetivo y libre, de forma que estos valores crecen siempre dentro de unos l\u00edmites perfectamente preestablecidos por la ortodoxia pol\u00edtica y cultural imperantes.Este libro,  El Mundo de Hoy. Reflexiones Pol\u00edticamente Incorrectas  parte de que la verdad y la libertad son los factores sobre los que debe sustentarse una vida humana digna. Y as\u00ed, con estas dos importantes aspiraciones humanas, a la vez instrumentos y a la vez objetivos, muestra el libro un pensamiento Pol\u00edticamente Incorrecto que busca la verdad haciendo siempre un uso leg\u00edtimo de la libertad. En consecuencia el pensamiento  pol\u00edticamente incorrecto  no es trasgresor  per se , ni se opone a nada por principio, solo pretende contemplar y admitir la realidad en su totalidad para as\u00ed identificar cuestiones concretas y obrar consecuentemente. La democracia  la gran creadora de los valores pol\u00edticamente correctos en nuestro tiempo- no se puede aplicar a todo. A la ciencia, por ejemplo, y en consecuencia quedan parcelas de verdad y de libertad en la realidad que deben ser buscadas y ejercitadas sin cortapisas. En esta l\u00ednea, pues, se han elaborado estas Reflexiones Pol\u00edticamente Incorrectas, verdaderos mini ensayos, sobre el mundo de hoy, un mundo confuso tal vez, donde reinan en exceso el eufemismo y la tiran\u00eda de lo pol\u00edticamente correcto.Sin embargo, el pensamiento pol\u00edticamente incorrecto viene en realidad de muy lejos: Montaigne, Quevedo, Cadalso, Larra, etc\u00e9tera, lo ejercieron valientemente ya en el tiempo que les toc\u00f3 vivir. El autor de este libro, Carlos Balt\u00e9s, invita al lector a proseguir esa tradici\u00f3n de pensamiento libre y liberador. \u00ab,<\/p>\n","protected":false},"excerpt":{"rendered":"<p>>S\u00ed, el ser humano es sensible a la verdad. Lo que ocurre es que en el mundo de hoy la verdad queda oculta en ocasiones por m\u00faltiples velos que la desdibujan y le quitan su diamantino fulgor. La verdad es la luz que ilumina los caminos de la justicia, la que permite saber a qu\u00e9&hellip;&nbsp;<a href=\"https:\/\/www.casadelectores.com\/index.php\/producto\/garantierte-lieferung-el-mundo-de-hoy-reflexiones-politicamente-incorrectas-46090\/\" rel=\"bookmark\"><span class=\"screen-reader-text\">Garantierte Lieferung EL MUNDO DE HOY. REFLEXIONES POL\u00cdTICAMENTE INCORRECTAS<\/span><\/a><\/p>\n","protected":false},"featured_media":46190,"template":"","meta":{"neve_meta_sidebar":"","neve_meta_container":"","neve_meta_enable_content_width":"","neve_meta_content_width":0,"neve_meta_title_alignment":"","neve_meta_author_avatar":"","neve_post_elements_order":"","neve_meta_disable_header":"","neve_meta_disable_footer":"","neve_meta_disable_title":"","_themeisle_gutenberg_block_has_review":false},"product_brand":[],"product_cat":[26],"product_tag":[],"class_list":["post-46090","product","type-product","status-publish","has-post-thumbnail","product_cat-publicaciones-de-libros","first","instock","sale","shipping-taxable","purchasable","product-type-simple"],"yoast_head":"<!-- This site is optimized with the Yoast SEO plugin v26.3 - https:\/\/yoast.com\/wordpress\/plugins\/seo\/ -->\n<title>Garantierte Lieferung EL MUNDO DE HOY. REFLEXIONES POL\u00cdTICAMENTE INCORRECTAS - casadelectores<\/title>\n<meta name=\"robots\" content=\"index, follow, max-snippet:-1, max-image-preview:large, max-video-preview:-1\" \/>\n<link rel=\"canonical\" href=\"https:\/\/www.casadelectores.com\/index.php\/producto\/garantierte-lieferung-el-mundo-de-hoy-reflexiones-politicamente-incorrectas-46090\/\" \/>\n<meta property=\"og:locale\" content=\"es_ES\" \/>\n<meta property=\"og:type\" content=\"article\" \/>\n<meta property=\"og:title\" content=\"Garantierte Lieferung EL MUNDO DE HOY. REFLEXIONES POL\u00cdTICAMENTE INCORRECTAS - casadelectores\" \/>\n<meta property=\"og:description\" content=\"&gt;S\u00ed, el ser humano es sensible a la verdad. Lo que ocurre es que en el mundo de hoy la verdad queda oculta en ocasiones por m\u00faltiples velos que la desdibujan y le quitan su diamantino fulgor. La verdad es la luz que ilumina los caminos de la justicia, la que permite saber a qu\u00e9&hellip;&nbsp;Garantierte Lieferung EL MUNDO DE HOY. REFLEXIONES POL\u00cdTICAMENTE INCORRECTAS\" \/>\n<meta property=\"og:url\" content=\"https:\/\/www.casadelectores.com\/index.php\/producto\/garantierte-lieferung-el-mundo-de-hoy-reflexiones-politicamente-incorrectas-46090\/\" \/>\n<meta property=\"og:site_name\" content=\"casadelectores\" \/>\n<meta property=\"og:image\" content=\"https:\/\/www.casadelectores.com\/wp-content\/uploads\/2025\/SK0197843-DE20251119-101116-0-1763518286-NOportada.webp\" \/>\n\t<meta property=\"og:image:width\" content=\"190\" \/>\n\t<meta property=\"og:image:height\" content=\"285\" \/>\n\t<meta property=\"og:image:type\" content=\"image\/webp\" \/>\n<meta name=\"twitter:card\" content=\"summary_large_image\" \/>\n<meta name=\"twitter:label1\" content=\"Tiempo de lectura\" \/>\n\t<meta name=\"twitter:data1\" content=\"2 minutos\" \/>\n<script type=\"application\/ld+json\" class=\"yoast-schema-graph\">{\"@context\":\"https:\/\/schema.org\",\"@graph\":[{\"@type\":\"WebPage\",\"@id\":\"https:\/\/www.casadelectores.com\/index.php\/producto\/garantierte-lieferung-el-mundo-de-hoy-reflexiones-politicamente-incorrectas-46090\/\",\"url\":\"https:\/\/www.casadelectores.com\/index.php\/producto\/garantierte-lieferung-el-mundo-de-hoy-reflexiones-politicamente-incorrectas-46090\/\",\"name\":\"Garantierte Lieferung EL MUNDO DE HOY. REFLEXIONES POL\u00cdTICAMENTE INCORRECTAS - casadelectores\",\"isPartOf\":{\"@id\":\"https:\/\/www.casadelectores.com\/#website\"},\"primaryImageOfPage\":{\"@id\":\"https:\/\/www.casadelectores.com\/index.php\/producto\/garantierte-lieferung-el-mundo-de-hoy-reflexiones-politicamente-incorrectas-46090\/#primaryimage\"},\"image\":{\"@id\":\"https:\/\/www.casadelectores.com\/index.php\/producto\/garantierte-lieferung-el-mundo-de-hoy-reflexiones-politicamente-incorrectas-46090\/#primaryimage\"},\"thumbnailUrl\":\"https:\/\/www.casadelectores.com\/wp-content\/uploads\/2025\/SK0197843-DE20251119-101116-0-1763518286-NOportada.webp\",\"datePublished\":\"2025-11-25T09:05:44+00:00\",\"breadcrumb\":{\"@id\":\"https:\/\/www.casadelectores.com\/index.php\/producto\/garantierte-lieferung-el-mundo-de-hoy-reflexiones-politicamente-incorrectas-46090\/#breadcrumb\"},\"inLanguage\":\"es\",\"potentialAction\":[{\"@type\":\"ReadAction\",\"target\":[\"https:\/\/www.casadelectores.com\/index.php\/producto\/garantierte-lieferung-el-mundo-de-hoy-reflexiones-politicamente-incorrectas-46090\/\"]}]},{\"@type\":\"ImageObject\",\"inLanguage\":\"es\",\"@id\":\"https:\/\/www.casadelectores.com\/index.php\/producto\/garantierte-lieferung-el-mundo-de-hoy-reflexiones-politicamente-incorrectas-46090\/#primaryimage\",\"url\":\"https:\/\/www.casadelectores.com\/wp-content\/uploads\/2025\/SK0197843-DE20251119-101116-0-1763518286-NOportada.webp\",\"contentUrl\":\"https:\/\/www.casadelectores.com\/wp-content\/uploads\/2025\/SK0197843-DE20251119-101116-0-1763518286-NOportada.webp\",\"width\":190,\"height\":285},{\"@type\":\"BreadcrumbList\",\"@id\":\"https:\/\/www.casadelectores.com\/index.php\/producto\/garantierte-lieferung-el-mundo-de-hoy-reflexiones-politicamente-incorrectas-46090\/#breadcrumb\",\"itemListElement\":[{\"@type\":\"ListItem\",\"position\":1,\"name\":\"Portada\",\"item\":\"https:\/\/www.casadelectores.com\/\"},{\"@type\":\"ListItem\",\"position\":2,\"name\":\"Shop\",\"item\":\"https:\/\/www.casadelectores.com\/index.php\/shop\/\"},{\"@type\":\"ListItem\",\"position\":3,\"name\":\"Garantierte Lieferung EL MUNDO DE HOY. REFLEXIONES POL\u00cdTICAMENTE INCORRECTAS\"}]},{\"@type\":\"WebSite\",\"@id\":\"https:\/\/www.casadelectores.com\/#website\",\"url\":\"https:\/\/www.casadelectores.com\/\",\"name\":\"Enam\u00f3rate de las compras\",\"description\":\"\",\"publisher\":{\"@id\":\"https:\/\/www.casadelectores.com\/#organization\"},\"potentialAction\":[{\"@type\":\"SearchAction\",\"target\":{\"@type\":\"EntryPoint\",\"urlTemplate\":\"https:\/\/www.casadelectores.com\/?s={search_term_string}\"},\"query-input\":{\"@type\":\"PropertyValueSpecification\",\"valueRequired\":true,\"valueName\":\"search_term_string\"}}],\"inLanguage\":\"es\"},{\"@type\":\"Organization\",\"@id\":\"https:\/\/www.casadelectores.com\/#organization\",\"name\":\"Enam\u00f3rate de las compras\",\"url\":\"https:\/\/www.casadelectores.com\/\",\"logo\":{\"@type\":\"ImageObject\",\"inLanguage\":\"es\",\"@id\":\"https:\/\/www.casadelectores.com\/#\/schema\/logo\/image\/\",\"url\":\"https:\/\/www.casadelectores.com\/wp-content\/uploads\/2020\/10\/shop-icon.png\",\"contentUrl\":\"https:\/\/www.casadelectores.com\/wp-content\/uploads\/2020\/10\/shop-icon.png\",\"width\":512,\"height\":512,\"caption\":\"Enam\u00f3rate de las compras\"},\"image\":{\"@id\":\"https:\/\/www.casadelectores.com\/#\/schema\/logo\/image\/\"}}]}<\/script>\n<!-- \/ Yoast SEO plugin. -->","yoast_head_json":{"title":"Garantierte Lieferung EL MUNDO DE HOY. REFLEXIONES POL\u00cdTICAMENTE INCORRECTAS - casadelectores","robots":{"index":"index","follow":"follow","max-snippet":"max-snippet:-1","max-image-preview":"max-image-preview:large","max-video-preview":"max-video-preview:-1"},"canonical":"https:\/\/www.casadelectores.com\/index.php\/producto\/garantierte-lieferung-el-mundo-de-hoy-reflexiones-politicamente-incorrectas-46090\/","og_locale":"es_ES","og_type":"article","og_title":"Garantierte Lieferung EL MUNDO DE HOY. REFLEXIONES POL\u00cdTICAMENTE INCORRECTAS - casadelectores","og_description":">S\u00ed, el ser humano es sensible a la verdad. Lo que ocurre es que en el mundo de hoy la verdad queda oculta en ocasiones por m\u00faltiples velos que la desdibujan y le quitan su diamantino fulgor. La verdad es la luz que ilumina los caminos de la justicia, la que permite saber a qu\u00e9&hellip;&nbsp;Garantierte Lieferung EL MUNDO DE HOY. REFLEXIONES POL\u00cdTICAMENTE INCORRECTAS","og_url":"https:\/\/www.casadelectores.com\/index.php\/producto\/garantierte-lieferung-el-mundo-de-hoy-reflexiones-politicamente-incorrectas-46090\/","og_site_name":"casadelectores","og_image":[{"width":190,"height":285,"url":"https:\/\/www.casadelectores.com\/wp-content\/uploads\/2025\/SK0197843-DE20251119-101116-0-1763518286-NOportada.webp","type":"image\/webp"}],"twitter_card":"summary_large_image","twitter_misc":{"Tiempo de lectura":"2 minutos"},"schema":{"@context":"https:\/\/schema.org","@graph":[{"@type":"WebPage","@id":"https:\/\/www.casadelectores.com\/index.php\/producto\/garantierte-lieferung-el-mundo-de-hoy-reflexiones-politicamente-incorrectas-46090\/","url":"https:\/\/www.casadelectores.com\/index.php\/producto\/garantierte-lieferung-el-mundo-de-hoy-reflexiones-politicamente-incorrectas-46090\/","name":"Garantierte Lieferung EL MUNDO DE HOY. REFLEXIONES POL\u00cdTICAMENTE INCORRECTAS - casadelectores","isPartOf":{"@id":"https:\/\/www.casadelectores.com\/#website"},"primaryImageOfPage":{"@id":"https:\/\/www.casadelectores.com\/index.php\/producto\/garantierte-lieferung-el-mundo-de-hoy-reflexiones-politicamente-incorrectas-46090\/#primaryimage"},"image":{"@id":"https:\/\/www.casadelectores.com\/index.php\/producto\/garantierte-lieferung-el-mundo-de-hoy-reflexiones-politicamente-incorrectas-46090\/#primaryimage"},"thumbnailUrl":"https:\/\/www.casadelectores.com\/wp-content\/uploads\/2025\/SK0197843-DE20251119-101116-0-1763518286-NOportada.webp","datePublished":"2025-11-25T09:05:44+00:00","breadcrumb":{"@id":"https:\/\/www.casadelectores.com\/index.php\/producto\/garantierte-lieferung-el-mundo-de-hoy-reflexiones-politicamente-incorrectas-46090\/#breadcrumb"},"inLanguage":"es","potentialAction":[{"@type":"ReadAction","target":["https:\/\/www.casadelectores.com\/index.php\/producto\/garantierte-lieferung-el-mundo-de-hoy-reflexiones-politicamente-incorrectas-46090\/"]}]},{"@type":"ImageObject","inLanguage":"es","@id":"https:\/\/www.casadelectores.com\/index.php\/producto\/garantierte-lieferung-el-mundo-de-hoy-reflexiones-politicamente-incorrectas-46090\/#primaryimage","url":"https:\/\/www.casadelectores.com\/wp-content\/uploads\/2025\/SK0197843-DE20251119-101116-0-1763518286-NOportada.webp","contentUrl":"https:\/\/www.casadelectores.com\/wp-content\/uploads\/2025\/SK0197843-DE20251119-101116-0-1763518286-NOportada.webp","width":190,"height":285},{"@type":"BreadcrumbList","@id":"https:\/\/www.casadelectores.com\/index.php\/producto\/garantierte-lieferung-el-mundo-de-hoy-reflexiones-politicamente-incorrectas-46090\/#breadcrumb","itemListElement":[{"@type":"ListItem","position":1,"name":"Portada","item":"https:\/\/www.casadelectores.com\/"},{"@type":"ListItem","position":2,"name":"Shop","item":"https:\/\/www.casadelectores.com\/index.php\/shop\/"},{"@type":"ListItem","position":3,"name":"Garantierte Lieferung EL MUNDO DE HOY. REFLEXIONES POL\u00cdTICAMENTE INCORRECTAS"}]},{"@type":"WebSite","@id":"https:\/\/www.casadelectores.com\/#website","url":"https:\/\/www.casadelectores.com\/","name":"Enam\u00f3rate de las compras","description":"","publisher":{"@id":"https:\/\/www.casadelectores.com\/#organization"},"potentialAction":[{"@type":"SearchAction","target":{"@type":"EntryPoint","urlTemplate":"https:\/\/www.casadelectores.com\/?s={search_term_string}"},"query-input":{"@type":"PropertyValueSpecification","valueRequired":true,"valueName":"search_term_string"}}],"inLanguage":"es"},{"@type":"Organization","@id":"https:\/\/www.casadelectores.com\/#organization","name":"Enam\u00f3rate de las compras","url":"https:\/\/www.casadelectores.com\/","logo":{"@type":"ImageObject","inLanguage":"es","@id":"https:\/\/www.casadelectores.com\/#\/schema\/logo\/image\/","url":"https:\/\/www.casadelectores.com\/wp-content\/uploads\/2020\/10\/shop-icon.png","contentUrl":"https:\/\/www.casadelectores.com\/wp-content\/uploads\/2020\/10\/shop-icon.png","width":512,"height":512,"caption":"Enam\u00f3rate de las compras"},"image":{"@id":"https:\/\/www.casadelectores.com\/#\/schema\/logo\/image\/"}}]}},"_links":{"self":[{"href":"https:\/\/www.casadelectores.com\/index.php\/wp-json\/wp\/v2\/product\/46090","targetHints":{"allow":["GET"]}}],"collection":[{"href":"https:\/\/www.casadelectores.com\/index.php\/wp-json\/wp\/v2\/product"}],"about":[{"href":"https:\/\/www.casadelectores.com\/index.php\/wp-json\/wp\/v2\/types\/product"}],"wp:featuredmedia":[{"embeddable":true,"href":"https:\/\/www.casadelectores.com\/index.php\/wp-json\/wp\/v2\/media\/46190"}],"wp:attachment":[{"href":"https:\/\/www.casadelectores.com\/index.php\/wp-json\/wp\/v2\/media?parent=46090"}],"wp:term":[{"taxonomy":"product_brand","embeddable":true,"href":"https:\/\/www.casadelectores.com\/index.php\/wp-json\/wp\/v2\/product_brand?post=46090"},{"taxonomy":"product_cat","embeddable":true,"href":"https:\/\/www.casadelectores.com\/index.php\/wp-json\/wp\/v2\/product_cat?post=46090"},{"taxonomy":"product_tag","embeddable":true,"href":"https:\/\/www.casadelectores.com\/index.php\/wp-json\/wp\/v2\/product_tag?post=46090"}],"curies":[{"name":"wp","href":"https:\/\/api.w.org\/{rel}","templated":true}]}}