{"id":45643,"date":"2025-11-25T09:05:43","date_gmt":"2025-11-25T09:05:43","guid":{"rendered":""},"modified":"2025-11-25T09:05:43","modified_gmt":"2025-11-25T09:05:43","slug":"exklusiv-jovenes-creyentes-y-decision-vocacional-45643","status":"publish","type":"product","link":"https:\/\/www.casadelectores.com\/index.php\/producto\/exklusiv-jovenes-creyentes-y-decision-vocacional-45643\/","title":{"rendered":"Exklusiv J\u00d3VENES CREYENTES Y DECISI\u00d3N VOCACIONAL"},"content":{"rendered":"<p>Tienes en tus manos una nueva publicaci\u00f3n del Centro Nacional Salesiano de Pastoral Juvenil (Madrid) en la que ofrecemos la reflexi\u00f3n fruto del seminario de animaci\u00f3n vocacional celebrado en Tur\u00edn en el mes de octubre de 2022, con la participaci\u00f3n de agentes de pastoral de Italia, Espa\u00f1a, Portugal y Medio Oriente. Una propuesta audaz desde la perspectiva del acompa\u00f1amiento de j\u00f3venes que caminan hacia la maduraci\u00f3n en el camino de la fe. Solo desde la experiencia creyente y una personalidad madura se puede avanzar en el discernimiento y la decisi\u00f3n vocacional.Ofrecemos una perspectiva diferente que puede inspirar el trabajo pastoral en el \u00e1mbito de la animaci\u00f3n vocacional y la personalizaci\u00f3n creyente. Apostamos por los itinerarios y los procesos, con experiencias significativas que marquen el camino, y adultos en la fe que acompa\u00f1an en libertad, abren horizontes y favorecen el discernimiento.Cada cap\u00edtulo va acompa\u00f1ado con pautas de reflexi\u00f3n y pistas para el di\u00e1logo que convierten el texto en una excelente herramienta para el trabajo con equipos de pastoral, educadores y animadores de la fe. \u00ab,<\/p>\n","protected":false},"excerpt":{"rendered":"<p>Tienes en tus manos una nueva publicaci\u00f3n del Centro Nacional Salesiano de Pastoral Juvenil (Madrid) en la que ofrecemos la reflexi\u00f3n fruto del seminario de animaci\u00f3n vocacional celebrado en Tur\u00edn en el mes de octubre de 2022, con la participaci\u00f3n de agentes de pastoral de Italia, Espa\u00f1a, Portugal y Medio Oriente. Una propuesta audaz desde&hellip;&nbsp;<a href=\"https:\/\/www.casadelectores.com\/index.php\/producto\/exklusiv-jovenes-creyentes-y-decision-vocacional-45643\/\" rel=\"bookmark\"><span class=\"screen-reader-text\">Exklusiv J\u00d3VENES CREYENTES Y DECISI\u00d3N VOCACIONAL<\/span><\/a><\/p>\n","protected":false},"featured_media":45743,"template":"","meta":{"neve_meta_sidebar":"","neve_meta_container":"","neve_meta_enable_content_width":"","neve_meta_content_width":0,"neve_meta_title_alignment":"","neve_meta_author_avatar":"","neve_post_elements_order":"","neve_meta_disable_header":"","neve_meta_disable_footer":"","neve_meta_disable_title":"","_themeisle_gutenberg_block_has_review":false},"product_brand":[],"product_cat":[26],"product_tag":[],"class_list":["post-45643","product","type-product","status-publish","has-post-thumbnail","product_cat-publicaciones-de-libros","first","instock","sale","shipping-taxable","purchasable","product-type-simple"],"yoast_head":"<!-- This site is optimized with the Yoast SEO plugin v26.3 - https:\/\/yoast.com\/wordpress\/plugins\/seo\/ -->\n<title>Exklusiv J\u00d3VENES CREYENTES Y DECISI\u00d3N VOCACIONAL - casadelectores<\/title>\n<meta name=\"robots\" content=\"index, follow, max-snippet:-1, max-image-preview:large, max-video-preview:-1\" \/>\n<link rel=\"canonical\" href=\"https:\/\/www.casadelectores.com\/index.php\/producto\/exklusiv-jovenes-creyentes-y-decision-vocacional-45643\/\" \/>\n<meta property=\"og:locale\" content=\"es_ES\" \/>\n<meta property=\"og:type\" content=\"article\" \/>\n<meta property=\"og:title\" content=\"Exklusiv J\u00d3VENES CREYENTES Y DECISI\u00d3N VOCACIONAL - casadelectores\" \/>\n<meta property=\"og:description\" content=\"Tienes en tus manos una nueva publicaci\u00f3n del Centro Nacional Salesiano de Pastoral Juvenil (Madrid) en la que ofrecemos la reflexi\u00f3n fruto del seminario de animaci\u00f3n vocacional celebrado en Tur\u00edn en el mes de octubre de 2022, con la participaci\u00f3n de agentes de pastoral de Italia, Espa\u00f1a, Portugal y Medio Oriente. Una propuesta audaz desde&hellip;&nbsp;Exklusiv J\u00d3VENES CREYENTES Y DECISI\u00d3N VOCACIONAL\" \/>\n<meta property=\"og:url\" content=\"https:\/\/www.casadelectores.com\/index.php\/producto\/exklusiv-jovenes-creyentes-y-decision-vocacional-45643\/\" \/>\n<meta property=\"og:site_name\" content=\"casadelectores\" \/>\n<meta property=\"og:image\" content=\"https:\/\/www.casadelectores.com\/wp-content\/uploads\/2025\/SK0197547-DE20251119-101116-0-1763518286-978841379162.webp\" \/>\n\t<meta property=\"og:image:width\" content=\"300\" \/>\n\t<meta property=\"og:image:height\" content=\"424\" \/>\n\t<meta property=\"og:image:type\" content=\"image\/webp\" \/>\n<meta name=\"twitter:card\" content=\"summary_large_image\" \/>\n<meta name=\"twitter:label1\" content=\"Tiempo de lectura\" \/>\n\t<meta name=\"twitter:data1\" content=\"1 minuto\" \/>\n<script type=\"application\/ld+json\" class=\"yoast-schema-graph\">{\"@context\":\"https:\/\/schema.org\",\"@graph\":[{\"@type\":\"WebPage\",\"@id\":\"https:\/\/www.casadelectores.com\/index.php\/producto\/exklusiv-jovenes-creyentes-y-decision-vocacional-45643\/\",\"url\":\"https:\/\/www.casadelectores.com\/index.php\/producto\/exklusiv-jovenes-creyentes-y-decision-vocacional-45643\/\",\"name\":\"Exklusiv J\u00d3VENES CREYENTES Y DECISI\u00d3N VOCACIONAL - casadelectores\",\"isPartOf\":{\"@id\":\"https:\/\/www.casadelectores.com\/#website\"},\"primaryImageOfPage\":{\"@id\":\"https:\/\/www.casadelectores.com\/index.php\/producto\/exklusiv-jovenes-creyentes-y-decision-vocacional-45643\/#primaryimage\"},\"image\":{\"@id\":\"https:\/\/www.casadelectores.com\/index.php\/producto\/exklusiv-jovenes-creyentes-y-decision-vocacional-45643\/#primaryimage\"},\"thumbnailUrl\":\"https:\/\/www.casadelectores.com\/wp-content\/uploads\/2025\/SK0197547-DE20251119-101116-0-1763518286-978841379162.webp\",\"datePublished\":\"2025-11-25T09:05:43+00:00\",\"breadcrumb\":{\"@id\":\"https:\/\/www.casadelectores.com\/index.php\/producto\/exklusiv-jovenes-creyentes-y-decision-vocacional-45643\/#breadcrumb\"},\"inLanguage\":\"es\",\"potentialAction\":[{\"@type\":\"ReadAction\",\"target\":[\"https:\/\/www.casadelectores.com\/index.php\/producto\/exklusiv-jovenes-creyentes-y-decision-vocacional-45643\/\"]}]},{\"@type\":\"ImageObject\",\"inLanguage\":\"es\",\"@id\":\"https:\/\/www.casadelectores.com\/index.php\/producto\/exklusiv-jovenes-creyentes-y-decision-vocacional-45643\/#primaryimage\",\"url\":\"https:\/\/www.casadelectores.com\/wp-content\/uploads\/2025\/SK0197547-DE20251119-101116-0-1763518286-978841379162.webp\",\"contentUrl\":\"https:\/\/www.casadelectores.com\/wp-content\/uploads\/2025\/SK0197547-DE20251119-101116-0-1763518286-978841379162.webp\",\"width\":300,\"height\":424},{\"@type\":\"BreadcrumbList\",\"@id\":\"https:\/\/www.casadelectores.com\/index.php\/producto\/exklusiv-jovenes-creyentes-y-decision-vocacional-45643\/#breadcrumb\",\"itemListElement\":[{\"@type\":\"ListItem\",\"position\":1,\"name\":\"Portada\",\"item\":\"https:\/\/www.casadelectores.com\/\"},{\"@type\":\"ListItem\",\"position\":2,\"name\":\"Shop\",\"item\":\"https:\/\/www.casadelectores.com\/index.php\/shop\/\"},{\"@type\":\"ListItem\",\"position\":3,\"name\":\"Exklusiv J\u00d3VENES CREYENTES Y DECISI\u00d3N VOCACIONAL\"}]},{\"@type\":\"WebSite\",\"@id\":\"https:\/\/www.casadelectores.com\/#website\",\"url\":\"https:\/\/www.casadelectores.com\/\",\"name\":\"Enam\u00f3rate de las compras\",\"description\":\"\",\"publisher\":{\"@id\":\"https:\/\/www.casadelectores.com\/#organization\"},\"potentialAction\":[{\"@type\":\"SearchAction\",\"target\":{\"@type\":\"EntryPoint\",\"urlTemplate\":\"https:\/\/www.casadelectores.com\/?s={search_term_string}\"},\"query-input\":{\"@type\":\"PropertyValueSpecification\",\"valueRequired\":true,\"valueName\":\"search_term_string\"}}],\"inLanguage\":\"es\"},{\"@type\":\"Organization\",\"@id\":\"https:\/\/www.casadelectores.com\/#organization\",\"name\":\"Enam\u00f3rate de las compras\",\"url\":\"https:\/\/www.casadelectores.com\/\",\"logo\":{\"@type\":\"ImageObject\",\"inLanguage\":\"es\",\"@id\":\"https:\/\/www.casadelectores.com\/#\/schema\/logo\/image\/\",\"url\":\"https:\/\/www.casadelectores.com\/wp-content\/uploads\/2020\/10\/shop-icon.png\",\"contentUrl\":\"https:\/\/www.casadelectores.com\/wp-content\/uploads\/2020\/10\/shop-icon.png\",\"width\":512,\"height\":512,\"caption\":\"Enam\u00f3rate de las compras\"},\"image\":{\"@id\":\"https:\/\/www.casadelectores.com\/#\/schema\/logo\/image\/\"}}]}<\/script>\n<!-- \/ Yoast SEO plugin. -->","yoast_head_json":{"title":"Exklusiv J\u00d3VENES CREYENTES Y DECISI\u00d3N VOCACIONAL - casadelectores","robots":{"index":"index","follow":"follow","max-snippet":"max-snippet:-1","max-image-preview":"max-image-preview:large","max-video-preview":"max-video-preview:-1"},"canonical":"https:\/\/www.casadelectores.com\/index.php\/producto\/exklusiv-jovenes-creyentes-y-decision-vocacional-45643\/","og_locale":"es_ES","og_type":"article","og_title":"Exklusiv J\u00d3VENES CREYENTES Y DECISI\u00d3N VOCACIONAL - casadelectores","og_description":"Tienes en tus manos una nueva publicaci\u00f3n del Centro Nacional Salesiano de Pastoral Juvenil (Madrid) en la que ofrecemos la reflexi\u00f3n fruto del seminario de animaci\u00f3n vocacional celebrado en Tur\u00edn en el mes de octubre de 2022, con la participaci\u00f3n de agentes de pastoral de Italia, Espa\u00f1a, Portugal y Medio Oriente. Una propuesta audaz desde&hellip;&nbsp;Exklusiv J\u00d3VENES CREYENTES Y DECISI\u00d3N VOCACIONAL","og_url":"https:\/\/www.casadelectores.com\/index.php\/producto\/exklusiv-jovenes-creyentes-y-decision-vocacional-45643\/","og_site_name":"casadelectores","og_image":[{"width":300,"height":424,"url":"https:\/\/www.casadelectores.com\/wp-content\/uploads\/2025\/SK0197547-DE20251119-101116-0-1763518286-978841379162.webp","type":"image\/webp"}],"twitter_card":"summary_large_image","twitter_misc":{"Tiempo de lectura":"1 minuto"},"schema":{"@context":"https:\/\/schema.org","@graph":[{"@type":"WebPage","@id":"https:\/\/www.casadelectores.com\/index.php\/producto\/exklusiv-jovenes-creyentes-y-decision-vocacional-45643\/","url":"https:\/\/www.casadelectores.com\/index.php\/producto\/exklusiv-jovenes-creyentes-y-decision-vocacional-45643\/","name":"Exklusiv J\u00d3VENES CREYENTES Y DECISI\u00d3N VOCACIONAL - casadelectores","isPartOf":{"@id":"https:\/\/www.casadelectores.com\/#website"},"primaryImageOfPage":{"@id":"https:\/\/www.casadelectores.com\/index.php\/producto\/exklusiv-jovenes-creyentes-y-decision-vocacional-45643\/#primaryimage"},"image":{"@id":"https:\/\/www.casadelectores.com\/index.php\/producto\/exklusiv-jovenes-creyentes-y-decision-vocacional-45643\/#primaryimage"},"thumbnailUrl":"https:\/\/www.casadelectores.com\/wp-content\/uploads\/2025\/SK0197547-DE20251119-101116-0-1763518286-978841379162.webp","datePublished":"2025-11-25T09:05:43+00:00","breadcrumb":{"@id":"https:\/\/www.casadelectores.com\/index.php\/producto\/exklusiv-jovenes-creyentes-y-decision-vocacional-45643\/#breadcrumb"},"inLanguage":"es","potentialAction":[{"@type":"ReadAction","target":["https:\/\/www.casadelectores.com\/index.php\/producto\/exklusiv-jovenes-creyentes-y-decision-vocacional-45643\/"]}]},{"@type":"ImageObject","inLanguage":"es","@id":"https:\/\/www.casadelectores.com\/index.php\/producto\/exklusiv-jovenes-creyentes-y-decision-vocacional-45643\/#primaryimage","url":"https:\/\/www.casadelectores.com\/wp-content\/uploads\/2025\/SK0197547-DE20251119-101116-0-1763518286-978841379162.webp","contentUrl":"https:\/\/www.casadelectores.com\/wp-content\/uploads\/2025\/SK0197547-DE20251119-101116-0-1763518286-978841379162.webp","width":300,"height":424},{"@type":"BreadcrumbList","@id":"https:\/\/www.casadelectores.com\/index.php\/producto\/exklusiv-jovenes-creyentes-y-decision-vocacional-45643\/#breadcrumb","itemListElement":[{"@type":"ListItem","position":1,"name":"Portada","item":"https:\/\/www.casadelectores.com\/"},{"@type":"ListItem","position":2,"name":"Shop","item":"https:\/\/www.casadelectores.com\/index.php\/shop\/"},{"@type":"ListItem","position":3,"name":"Exklusiv J\u00d3VENES CREYENTES Y DECISI\u00d3N VOCACIONAL"}]},{"@type":"WebSite","@id":"https:\/\/www.casadelectores.com\/#website","url":"https:\/\/www.casadelectores.com\/","name":"Enam\u00f3rate de las compras","description":"","publisher":{"@id":"https:\/\/www.casadelectores.com\/#organization"},"potentialAction":[{"@type":"SearchAction","target":{"@type":"EntryPoint","urlTemplate":"https:\/\/www.casadelectores.com\/?s={search_term_string}"},"query-input":{"@type":"PropertyValueSpecification","valueRequired":true,"valueName":"search_term_string"}}],"inLanguage":"es"},{"@type":"Organization","@id":"https:\/\/www.casadelectores.com\/#organization","name":"Enam\u00f3rate de las compras","url":"https:\/\/www.casadelectores.com\/","logo":{"@type":"ImageObject","inLanguage":"es","@id":"https:\/\/www.casadelectores.com\/#\/schema\/logo\/image\/","url":"https:\/\/www.casadelectores.com\/wp-content\/uploads\/2020\/10\/shop-icon.png","contentUrl":"https:\/\/www.casadelectores.com\/wp-content\/uploads\/2020\/10\/shop-icon.png","width":512,"height":512,"caption":"Enam\u00f3rate de las compras"},"image":{"@id":"https:\/\/www.casadelectores.com\/#\/schema\/logo\/image\/"}}]}},"_links":{"self":[{"href":"https:\/\/www.casadelectores.com\/index.php\/wp-json\/wp\/v2\/product\/45643","targetHints":{"allow":["GET"]}}],"collection":[{"href":"https:\/\/www.casadelectores.com\/index.php\/wp-json\/wp\/v2\/product"}],"about":[{"href":"https:\/\/www.casadelectores.com\/index.php\/wp-json\/wp\/v2\/types\/product"}],"wp:featuredmedia":[{"embeddable":true,"href":"https:\/\/www.casadelectores.com\/index.php\/wp-json\/wp\/v2\/media\/45743"}],"wp:attachment":[{"href":"https:\/\/www.casadelectores.com\/index.php\/wp-json\/wp\/v2\/media?parent=45643"}],"wp:term":[{"taxonomy":"product_brand","embeddable":true,"href":"https:\/\/www.casadelectores.com\/index.php\/wp-json\/wp\/v2\/product_brand?post=45643"},{"taxonomy":"product_cat","embeddable":true,"href":"https:\/\/www.casadelectores.com\/index.php\/wp-json\/wp\/v2\/product_cat?post=45643"},{"taxonomy":"product_tag","embeddable":true,"href":"https:\/\/www.casadelectores.com\/index.php\/wp-json\/wp\/v2\/product_tag?post=45643"}],"curies":[{"name":"wp","href":"https:\/\/api.w.org\/{rel}","templated":true}]}}