{"id":45628,"date":"2025-11-25T09:05:43","date_gmt":"2025-11-25T09:05:43","guid":{"rendered":""},"modified":"2025-11-25T09:05:43","modified_gmt":"2025-11-25T09:05:43","slug":"filosofia-en-el-jardin-la-naturaleza-como-invitacion-al-pensamiento-y-la-escritura-billig-45628","status":"publish","type":"product","link":"https:\/\/www.casadelectores.com\/index.php\/producto\/filosofia-en-el-jardin-la-naturaleza-como-invitacion-al-pensamiento-y-la-escritura-billig-45628\/","title":{"rendered":"FILOSOFIA EN EL JARDIN. LA NATURALEZA COMO INVITACI\u00d3N AL PENSAMIENTO Y LA ESCRITURA Billig"},"content":{"rendered":"<p>Los jardines pueden consolar, calmar y elevar el \u00e1nimo, pero tambi\u00e9n pueden desconcertar y provocar, y este es el valor filos\u00f3fico que se ha perpetuado hasta la era contempor\u00e1nea.Esta fascinante obra explora la relaci\u00f3n \u00edntima de grandes figuras hist\u00f3ricas \u0097entre otros, Proust, Rousseau, Orwell o Dickinson\u0097 con los jardines que tanto amaban y revela los profundos pensamientos que se llevaron a cabo al aire libre. Los jardines son una manifestaci\u00f3n de la naturaleza al tiempo que son una met\u00e1fora de la condici\u00f3n humana, de all\u00ed su esencia filos\u00f3fica y la belleza de este libro. \u00ab,<\/p>\n","protected":false},"excerpt":{"rendered":"<p>Los jardines pueden consolar, calmar y elevar el \u00e1nimo, pero tambi\u00e9n pueden desconcertar y provocar, y este es el valor filos\u00f3fico que se ha perpetuado hasta la era contempor\u00e1nea.Esta fascinante obra explora la relaci\u00f3n \u00edntima de grandes figuras hist\u00f3ricas \u0097entre otros, Proust, Rousseau, Orwell o Dickinson\u0097 con los jardines que tanto amaban y revela los&hellip;&nbsp;<a href=\"https:\/\/www.casadelectores.com\/index.php\/producto\/filosofia-en-el-jardin-la-naturaleza-como-invitacion-al-pensamiento-y-la-escritura-billig-45628\/\" rel=\"bookmark\"><span class=\"screen-reader-text\">FILOSOFIA EN EL JARDIN. LA NATURALEZA COMO INVITACI\u00d3N AL PENSAMIENTO Y LA ESCRITURA Billig<\/span><\/a><\/p>\n","protected":false},"featured_media":45728,"template":"","meta":{"neve_meta_sidebar":"","neve_meta_container":"","neve_meta_enable_content_width":"","neve_meta_content_width":0,"neve_meta_title_alignment":"","neve_meta_author_avatar":"","neve_post_elements_order":"","neve_meta_disable_header":"","neve_meta_disable_footer":"","neve_meta_disable_title":"","_themeisle_gutenberg_block_has_review":false},"product_brand":[],"product_cat":[26],"product_tag":[],"class_list":["post-45628","product","type-product","status-publish","has-post-thumbnail","product_cat-publicaciones-de-libros","first","instock","sale","shipping-taxable","purchasable","product-type-simple"],"yoast_head":"<!-- This site is optimized with the Yoast SEO plugin v26.3 - https:\/\/yoast.com\/wordpress\/plugins\/seo\/ -->\n<title>FILOSOFIA EN EL JARDIN. LA NATURALEZA COMO INVITACI\u00d3N AL PENSAMIENTO Y LA ESCRITURA Billig - casadelectores<\/title>\n<meta name=\"robots\" content=\"index, follow, max-snippet:-1, max-image-preview:large, max-video-preview:-1\" \/>\n<link rel=\"canonical\" href=\"https:\/\/www.casadelectores.com\/index.php\/producto\/filosofia-en-el-jardin-la-naturaleza-como-invitacion-al-pensamiento-y-la-escritura-billig-45628\/\" \/>\n<meta property=\"og:locale\" content=\"es_ES\" \/>\n<meta property=\"og:type\" content=\"article\" \/>\n<meta property=\"og:title\" content=\"FILOSOFIA EN EL JARDIN. LA NATURALEZA COMO INVITACI\u00d3N AL PENSAMIENTO Y LA ESCRITURA Billig - casadelectores\" \/>\n<meta property=\"og:description\" content=\"Los jardines pueden consolar, calmar y elevar el \u00e1nimo, pero tambi\u00e9n pueden desconcertar y provocar, y este es el valor filos\u00f3fico que se ha perpetuado hasta la era contempor\u00e1nea.Esta fascinante obra explora la relaci\u00f3n \u00edntima de grandes figuras hist\u00f3ricas \u0097entre otros, Proust, Rousseau, Orwell o Dickinson\u0097 con los jardines que tanto amaban y revela los&hellip;&nbsp;FILOSOFIA EN EL JARDIN. LA NATURALEZA COMO INVITACI\u00d3N AL PENSAMIENTO Y LA ESCRITURA Billig\" \/>\n<meta property=\"og:url\" content=\"https:\/\/www.casadelectores.com\/index.php\/producto\/filosofia-en-el-jardin-la-naturaleza-como-invitacion-al-pensamiento-y-la-escritura-billig-45628\/\" \/>\n<meta property=\"og:site_name\" content=\"casadelectores\" \/>\n<meta property=\"og:image\" content=\"https:\/\/www.casadelectores.com\/wp-content\/uploads\/2025\/SK0197532-DE20251119-101116-0-1763518286-978843443650.webp\" \/>\n\t<meta property=\"og:image:width\" content=\"300\" \/>\n\t<meta property=\"og:image:height\" content=\"469\" \/>\n\t<meta property=\"og:image:type\" content=\"image\/webp\" \/>\n<meta name=\"twitter:card\" content=\"summary_large_image\" \/>\n<meta name=\"twitter:label1\" content=\"Tiempo de lectura\" \/>\n\t<meta name=\"twitter:data1\" content=\"1 minuto\" \/>\n<script type=\"application\/ld+json\" class=\"yoast-schema-graph\">{\"@context\":\"https:\/\/schema.org\",\"@graph\":[{\"@type\":\"WebPage\",\"@id\":\"https:\/\/www.casadelectores.com\/index.php\/producto\/filosofia-en-el-jardin-la-naturaleza-como-invitacion-al-pensamiento-y-la-escritura-billig-45628\/\",\"url\":\"https:\/\/www.casadelectores.com\/index.php\/producto\/filosofia-en-el-jardin-la-naturaleza-como-invitacion-al-pensamiento-y-la-escritura-billig-45628\/\",\"name\":\"FILOSOFIA EN EL JARDIN. LA NATURALEZA COMO INVITACI\u00d3N AL PENSAMIENTO Y LA ESCRITURA Billig - casadelectores\",\"isPartOf\":{\"@id\":\"https:\/\/www.casadelectores.com\/#website\"},\"primaryImageOfPage\":{\"@id\":\"https:\/\/www.casadelectores.com\/index.php\/producto\/filosofia-en-el-jardin-la-naturaleza-como-invitacion-al-pensamiento-y-la-escritura-billig-45628\/#primaryimage\"},\"image\":{\"@id\":\"https:\/\/www.casadelectores.com\/index.php\/producto\/filosofia-en-el-jardin-la-naturaleza-como-invitacion-al-pensamiento-y-la-escritura-billig-45628\/#primaryimage\"},\"thumbnailUrl\":\"https:\/\/www.casadelectores.com\/wp-content\/uploads\/2025\/SK0197532-DE20251119-101116-0-1763518286-978843443650.webp\",\"datePublished\":\"2025-11-25T09:05:43+00:00\",\"breadcrumb\":{\"@id\":\"https:\/\/www.casadelectores.com\/index.php\/producto\/filosofia-en-el-jardin-la-naturaleza-como-invitacion-al-pensamiento-y-la-escritura-billig-45628\/#breadcrumb\"},\"inLanguage\":\"es\",\"potentialAction\":[{\"@type\":\"ReadAction\",\"target\":[\"https:\/\/www.casadelectores.com\/index.php\/producto\/filosofia-en-el-jardin-la-naturaleza-como-invitacion-al-pensamiento-y-la-escritura-billig-45628\/\"]}]},{\"@type\":\"ImageObject\",\"inLanguage\":\"es\",\"@id\":\"https:\/\/www.casadelectores.com\/index.php\/producto\/filosofia-en-el-jardin-la-naturaleza-como-invitacion-al-pensamiento-y-la-escritura-billig-45628\/#primaryimage\",\"url\":\"https:\/\/www.casadelectores.com\/wp-content\/uploads\/2025\/SK0197532-DE20251119-101116-0-1763518286-978843443650.webp\",\"contentUrl\":\"https:\/\/www.casadelectores.com\/wp-content\/uploads\/2025\/SK0197532-DE20251119-101116-0-1763518286-978843443650.webp\",\"width\":300,\"height\":469},{\"@type\":\"BreadcrumbList\",\"@id\":\"https:\/\/www.casadelectores.com\/index.php\/producto\/filosofia-en-el-jardin-la-naturaleza-como-invitacion-al-pensamiento-y-la-escritura-billig-45628\/#breadcrumb\",\"itemListElement\":[{\"@type\":\"ListItem\",\"position\":1,\"name\":\"Portada\",\"item\":\"https:\/\/www.casadelectores.com\/\"},{\"@type\":\"ListItem\",\"position\":2,\"name\":\"Shop\",\"item\":\"https:\/\/www.casadelectores.com\/index.php\/shop\/\"},{\"@type\":\"ListItem\",\"position\":3,\"name\":\"FILOSOFIA EN EL JARDIN. LA NATURALEZA COMO INVITACI\u00d3N AL PENSAMIENTO Y LA ESCRITURA Billig\"}]},{\"@type\":\"WebSite\",\"@id\":\"https:\/\/www.casadelectores.com\/#website\",\"url\":\"https:\/\/www.casadelectores.com\/\",\"name\":\"Enam\u00f3rate de las compras\",\"description\":\"\",\"publisher\":{\"@id\":\"https:\/\/www.casadelectores.com\/#organization\"},\"potentialAction\":[{\"@type\":\"SearchAction\",\"target\":{\"@type\":\"EntryPoint\",\"urlTemplate\":\"https:\/\/www.casadelectores.com\/?s={search_term_string}\"},\"query-input\":{\"@type\":\"PropertyValueSpecification\",\"valueRequired\":true,\"valueName\":\"search_term_string\"}}],\"inLanguage\":\"es\"},{\"@type\":\"Organization\",\"@id\":\"https:\/\/www.casadelectores.com\/#organization\",\"name\":\"Enam\u00f3rate de las compras\",\"url\":\"https:\/\/www.casadelectores.com\/\",\"logo\":{\"@type\":\"ImageObject\",\"inLanguage\":\"es\",\"@id\":\"https:\/\/www.casadelectores.com\/#\/schema\/logo\/image\/\",\"url\":\"https:\/\/www.casadelectores.com\/wp-content\/uploads\/2020\/10\/shop-icon.png\",\"contentUrl\":\"https:\/\/www.casadelectores.com\/wp-content\/uploads\/2020\/10\/shop-icon.png\",\"width\":512,\"height\":512,\"caption\":\"Enam\u00f3rate de las compras\"},\"image\":{\"@id\":\"https:\/\/www.casadelectores.com\/#\/schema\/logo\/image\/\"}}]}<\/script>\n<!-- \/ Yoast SEO plugin. -->","yoast_head_json":{"title":"FILOSOFIA EN EL JARDIN. LA NATURALEZA COMO INVITACI\u00d3N AL PENSAMIENTO Y LA ESCRITURA Billig - casadelectores","robots":{"index":"index","follow":"follow","max-snippet":"max-snippet:-1","max-image-preview":"max-image-preview:large","max-video-preview":"max-video-preview:-1"},"canonical":"https:\/\/www.casadelectores.com\/index.php\/producto\/filosofia-en-el-jardin-la-naturaleza-como-invitacion-al-pensamiento-y-la-escritura-billig-45628\/","og_locale":"es_ES","og_type":"article","og_title":"FILOSOFIA EN EL JARDIN. LA NATURALEZA COMO INVITACI\u00d3N AL PENSAMIENTO Y LA ESCRITURA Billig - casadelectores","og_description":"Los jardines pueden consolar, calmar y elevar el \u00e1nimo, pero tambi\u00e9n pueden desconcertar y provocar, y este es el valor filos\u00f3fico que se ha perpetuado hasta la era contempor\u00e1nea.Esta fascinante obra explora la relaci\u00f3n \u00edntima de grandes figuras hist\u00f3ricas \u0097entre otros, Proust, Rousseau, Orwell o Dickinson\u0097 con los jardines que tanto amaban y revela los&hellip;&nbsp;FILOSOFIA EN EL JARDIN. LA NATURALEZA COMO INVITACI\u00d3N AL PENSAMIENTO Y LA ESCRITURA Billig","og_url":"https:\/\/www.casadelectores.com\/index.php\/producto\/filosofia-en-el-jardin-la-naturaleza-como-invitacion-al-pensamiento-y-la-escritura-billig-45628\/","og_site_name":"casadelectores","og_image":[{"width":300,"height":469,"url":"https:\/\/www.casadelectores.com\/wp-content\/uploads\/2025\/SK0197532-DE20251119-101116-0-1763518286-978843443650.webp","type":"image\/webp"}],"twitter_card":"summary_large_image","twitter_misc":{"Tiempo de lectura":"1 minuto"},"schema":{"@context":"https:\/\/schema.org","@graph":[{"@type":"WebPage","@id":"https:\/\/www.casadelectores.com\/index.php\/producto\/filosofia-en-el-jardin-la-naturaleza-como-invitacion-al-pensamiento-y-la-escritura-billig-45628\/","url":"https:\/\/www.casadelectores.com\/index.php\/producto\/filosofia-en-el-jardin-la-naturaleza-como-invitacion-al-pensamiento-y-la-escritura-billig-45628\/","name":"FILOSOFIA EN EL JARDIN. LA NATURALEZA COMO INVITACI\u00d3N AL PENSAMIENTO Y LA ESCRITURA Billig - casadelectores","isPartOf":{"@id":"https:\/\/www.casadelectores.com\/#website"},"primaryImageOfPage":{"@id":"https:\/\/www.casadelectores.com\/index.php\/producto\/filosofia-en-el-jardin-la-naturaleza-como-invitacion-al-pensamiento-y-la-escritura-billig-45628\/#primaryimage"},"image":{"@id":"https:\/\/www.casadelectores.com\/index.php\/producto\/filosofia-en-el-jardin-la-naturaleza-como-invitacion-al-pensamiento-y-la-escritura-billig-45628\/#primaryimage"},"thumbnailUrl":"https:\/\/www.casadelectores.com\/wp-content\/uploads\/2025\/SK0197532-DE20251119-101116-0-1763518286-978843443650.webp","datePublished":"2025-11-25T09:05:43+00:00","breadcrumb":{"@id":"https:\/\/www.casadelectores.com\/index.php\/producto\/filosofia-en-el-jardin-la-naturaleza-como-invitacion-al-pensamiento-y-la-escritura-billig-45628\/#breadcrumb"},"inLanguage":"es","potentialAction":[{"@type":"ReadAction","target":["https:\/\/www.casadelectores.com\/index.php\/producto\/filosofia-en-el-jardin-la-naturaleza-como-invitacion-al-pensamiento-y-la-escritura-billig-45628\/"]}]},{"@type":"ImageObject","inLanguage":"es","@id":"https:\/\/www.casadelectores.com\/index.php\/producto\/filosofia-en-el-jardin-la-naturaleza-como-invitacion-al-pensamiento-y-la-escritura-billig-45628\/#primaryimage","url":"https:\/\/www.casadelectores.com\/wp-content\/uploads\/2025\/SK0197532-DE20251119-101116-0-1763518286-978843443650.webp","contentUrl":"https:\/\/www.casadelectores.com\/wp-content\/uploads\/2025\/SK0197532-DE20251119-101116-0-1763518286-978843443650.webp","width":300,"height":469},{"@type":"BreadcrumbList","@id":"https:\/\/www.casadelectores.com\/index.php\/producto\/filosofia-en-el-jardin-la-naturaleza-como-invitacion-al-pensamiento-y-la-escritura-billig-45628\/#breadcrumb","itemListElement":[{"@type":"ListItem","position":1,"name":"Portada","item":"https:\/\/www.casadelectores.com\/"},{"@type":"ListItem","position":2,"name":"Shop","item":"https:\/\/www.casadelectores.com\/index.php\/shop\/"},{"@type":"ListItem","position":3,"name":"FILOSOFIA EN EL JARDIN. LA NATURALEZA COMO INVITACI\u00d3N AL PENSAMIENTO Y LA ESCRITURA Billig"}]},{"@type":"WebSite","@id":"https:\/\/www.casadelectores.com\/#website","url":"https:\/\/www.casadelectores.com\/","name":"Enam\u00f3rate de las compras","description":"","publisher":{"@id":"https:\/\/www.casadelectores.com\/#organization"},"potentialAction":[{"@type":"SearchAction","target":{"@type":"EntryPoint","urlTemplate":"https:\/\/www.casadelectores.com\/?s={search_term_string}"},"query-input":{"@type":"PropertyValueSpecification","valueRequired":true,"valueName":"search_term_string"}}],"inLanguage":"es"},{"@type":"Organization","@id":"https:\/\/www.casadelectores.com\/#organization","name":"Enam\u00f3rate de las compras","url":"https:\/\/www.casadelectores.com\/","logo":{"@type":"ImageObject","inLanguage":"es","@id":"https:\/\/www.casadelectores.com\/#\/schema\/logo\/image\/","url":"https:\/\/www.casadelectores.com\/wp-content\/uploads\/2020\/10\/shop-icon.png","contentUrl":"https:\/\/www.casadelectores.com\/wp-content\/uploads\/2020\/10\/shop-icon.png","width":512,"height":512,"caption":"Enam\u00f3rate de las compras"},"image":{"@id":"https:\/\/www.casadelectores.com\/#\/schema\/logo\/image\/"}}]}},"_links":{"self":[{"href":"https:\/\/www.casadelectores.com\/index.php\/wp-json\/wp\/v2\/product\/45628","targetHints":{"allow":["GET"]}}],"collection":[{"href":"https:\/\/www.casadelectores.com\/index.php\/wp-json\/wp\/v2\/product"}],"about":[{"href":"https:\/\/www.casadelectores.com\/index.php\/wp-json\/wp\/v2\/types\/product"}],"wp:featuredmedia":[{"embeddable":true,"href":"https:\/\/www.casadelectores.com\/index.php\/wp-json\/wp\/v2\/media\/45728"}],"wp:attachment":[{"href":"https:\/\/www.casadelectores.com\/index.php\/wp-json\/wp\/v2\/media?parent=45628"}],"wp:term":[{"taxonomy":"product_brand","embeddable":true,"href":"https:\/\/www.casadelectores.com\/index.php\/wp-json\/wp\/v2\/product_brand?post=45628"},{"taxonomy":"product_cat","embeddable":true,"href":"https:\/\/www.casadelectores.com\/index.php\/wp-json\/wp\/v2\/product_cat?post=45628"},{"taxonomy":"product_tag","embeddable":true,"href":"https:\/\/www.casadelectores.com\/index.php\/wp-json\/wp\/v2\/product_tag?post=45628"}],"curies":[{"name":"wp","href":"https:\/\/api.w.org\/{rel}","templated":true}]}}