{"id":44856,"date":"2025-11-25T09:05:43","date_gmt":"2025-11-25T09:05:43","guid":{"rendered":""},"modified":"2025-11-25T09:05:43","modified_gmt":"2025-11-25T09:05:43","slug":"en-el-corazon-de-la-iglesia-100-anos-de-la-consagracion-de-espana-al-corazon-de-jesus-top-seller-44856","status":"publish","type":"product","link":"https:\/\/www.casadelectores.com\/index.php\/producto\/en-el-corazon-de-la-iglesia-100-anos-de-la-consagracion-de-espana-al-corazon-de-jesus-top-seller-44856\/","title":{"rendered":"EN EL CORAZ\u00d3N DE LA IGLESIA. 100 A\u00d1OS DE LA CONSAGRACI\u00d3N DE ESPA\u00d1A AL CORAZ\u00d3N DE JES\u00daS Top-Seller"},"content":{"rendered":"<p>La celebraci\u00f3n del Centenario de la Consagraci\u00f3n de Espa\u00f1a al Coraz\u00f3n de Jes\u00fas nos ofrece la oportunidad de volvernos al misterio del amor de Dios simbolizado en el coraz\u00f3n entregado y traspasado de Cristo.  Aunque ocurri\u00f3 en 1919, en un momento de crisis econ\u00f3mica, pol\u00edtica e incluso religiosa, la espiritualidad en torno al Coraz\u00f3n de Jes\u00fas es de plena actualidad, porque el amor no pasa nunca, y debe convertirse en un impulso a la tarea evangelizadora de la Iglesia en estos momentos.  Este libro nos acerca a conocer esta realidad de la vida cristiana que tiene mucho que aportar, y que est\u00e1 arraigada en lo m\u00e1s profundo de la tradici\u00f3n de la Iglesia. \u00ab,<\/p>\n","protected":false},"excerpt":{"rendered":"<p>La celebraci\u00f3n del Centenario de la Consagraci\u00f3n de Espa\u00f1a al Coraz\u00f3n de Jes\u00fas nos ofrece la oportunidad de volvernos al misterio del amor de Dios simbolizado en el coraz\u00f3n entregado y traspasado de Cristo. Aunque ocurri\u00f3 en 1919, en un momento de crisis econ\u00f3mica, pol\u00edtica e incluso religiosa, la espiritualidad en torno al Coraz\u00f3n de&hellip;&nbsp;<a href=\"https:\/\/www.casadelectores.com\/index.php\/producto\/en-el-corazon-de-la-iglesia-100-anos-de-la-consagracion-de-espana-al-corazon-de-jesus-top-seller-44856\/\" rel=\"bookmark\"><span class=\"screen-reader-text\">EN EL CORAZ\u00d3N DE LA IGLESIA. 100 A\u00d1OS DE LA CONSAGRACI\u00d3N DE ESPA\u00d1A AL CORAZ\u00d3N DE JES\u00daS Top-Seller<\/span><\/a><\/p>\n","protected":false},"featured_media":44956,"template":"","meta":{"neve_meta_sidebar":"","neve_meta_container":"","neve_meta_enable_content_width":"","neve_meta_content_width":0,"neve_meta_title_alignment":"","neve_meta_author_avatar":"","neve_post_elements_order":"","neve_meta_disable_header":"","neve_meta_disable_footer":"","neve_meta_disable_title":"","_themeisle_gutenberg_block_has_review":false},"product_brand":[],"product_cat":[26],"product_tag":[],"class_list":["post-44856","product","type-product","status-publish","has-post-thumbnail","product_cat-publicaciones-de-libros","first","instock","sale","shipping-taxable","purchasable","product-type-simple"],"yoast_head":"<!-- This site is optimized with the Yoast SEO plugin v26.3 - https:\/\/yoast.com\/wordpress\/plugins\/seo\/ -->\n<title>EN EL CORAZ\u00d3N DE LA IGLESIA. 100 A\u00d1OS DE LA CONSAGRACI\u00d3N DE ESPA\u00d1A AL CORAZ\u00d3N DE JES\u00daS Top-Seller - casadelectores<\/title>\n<meta name=\"robots\" content=\"index, follow, max-snippet:-1, max-image-preview:large, max-video-preview:-1\" \/>\n<link rel=\"canonical\" href=\"https:\/\/www.casadelectores.com\/index.php\/producto\/en-el-corazon-de-la-iglesia-100-anos-de-la-consagracion-de-espana-al-corazon-de-jesus-top-seller-44856\/\" \/>\n<meta property=\"og:locale\" content=\"es_ES\" \/>\n<meta property=\"og:type\" content=\"article\" \/>\n<meta property=\"og:title\" content=\"EN EL CORAZ\u00d3N DE LA IGLESIA. 100 A\u00d1OS DE LA CONSAGRACI\u00d3N DE ESPA\u00d1A AL CORAZ\u00d3N DE JES\u00daS Top-Seller - casadelectores\" \/>\n<meta property=\"og:description\" content=\"La celebraci\u00f3n del Centenario de la Consagraci\u00f3n de Espa\u00f1a al Coraz\u00f3n de Jes\u00fas nos ofrece la oportunidad de volvernos al misterio del amor de Dios simbolizado en el coraz\u00f3n entregado y traspasado de Cristo. Aunque ocurri\u00f3 en 1919, en un momento de crisis econ\u00f3mica, pol\u00edtica e incluso religiosa, la espiritualidad en torno al Coraz\u00f3n de&hellip;&nbsp;EN EL CORAZ\u00d3N DE LA IGLESIA. 100 A\u00d1OS DE LA CONSAGRACI\u00d3N DE ESPA\u00d1A AL CORAZ\u00d3N DE JES\u00daS Top-Seller\" \/>\n<meta property=\"og:url\" content=\"https:\/\/www.casadelectores.com\/index.php\/producto\/en-el-corazon-de-la-iglesia-100-anos-de-la-consagracion-de-espana-al-corazon-de-jesus-top-seller-44856\/\" \/>\n<meta property=\"og:site_name\" content=\"casadelectores\" \/>\n<meta property=\"og:image\" content=\"https:\/\/www.casadelectores.com\/wp-content\/uploads\/2025\/SK0196745-DE20251119-101116-0-1763518286-978849061867.webp\" \/>\n\t<meta property=\"og:image:width\" content=\"300\" \/>\n\t<meta property=\"og:image:height\" content=\"478\" \/>\n\t<meta property=\"og:image:type\" content=\"image\/webp\" \/>\n<meta name=\"twitter:card\" content=\"summary_large_image\" \/>\n<meta name=\"twitter:label1\" content=\"Tiempo de lectura\" \/>\n\t<meta name=\"twitter:data1\" content=\"1 minuto\" \/>\n<script type=\"application\/ld+json\" class=\"yoast-schema-graph\">{\"@context\":\"https:\/\/schema.org\",\"@graph\":[{\"@type\":\"WebPage\",\"@id\":\"https:\/\/www.casadelectores.com\/index.php\/producto\/en-el-corazon-de-la-iglesia-100-anos-de-la-consagracion-de-espana-al-corazon-de-jesus-top-seller-44856\/\",\"url\":\"https:\/\/www.casadelectores.com\/index.php\/producto\/en-el-corazon-de-la-iglesia-100-anos-de-la-consagracion-de-espana-al-corazon-de-jesus-top-seller-44856\/\",\"name\":\"EN EL CORAZ\u00d3N DE LA IGLESIA. 100 A\u00d1OS DE LA CONSAGRACI\u00d3N DE ESPA\u00d1A AL CORAZ\u00d3N DE JES\u00daS Top-Seller - casadelectores\",\"isPartOf\":{\"@id\":\"https:\/\/www.casadelectores.com\/#website\"},\"primaryImageOfPage\":{\"@id\":\"https:\/\/www.casadelectores.com\/index.php\/producto\/en-el-corazon-de-la-iglesia-100-anos-de-la-consagracion-de-espana-al-corazon-de-jesus-top-seller-44856\/#primaryimage\"},\"image\":{\"@id\":\"https:\/\/www.casadelectores.com\/index.php\/producto\/en-el-corazon-de-la-iglesia-100-anos-de-la-consagracion-de-espana-al-corazon-de-jesus-top-seller-44856\/#primaryimage\"},\"thumbnailUrl\":\"https:\/\/www.casadelectores.com\/wp-content\/uploads\/2025\/SK0196745-DE20251119-101116-0-1763518286-978849061867.webp\",\"datePublished\":\"2025-11-25T09:05:43+00:00\",\"breadcrumb\":{\"@id\":\"https:\/\/www.casadelectores.com\/index.php\/producto\/en-el-corazon-de-la-iglesia-100-anos-de-la-consagracion-de-espana-al-corazon-de-jesus-top-seller-44856\/#breadcrumb\"},\"inLanguage\":\"es\",\"potentialAction\":[{\"@type\":\"ReadAction\",\"target\":[\"https:\/\/www.casadelectores.com\/index.php\/producto\/en-el-corazon-de-la-iglesia-100-anos-de-la-consagracion-de-espana-al-corazon-de-jesus-top-seller-44856\/\"]}]},{\"@type\":\"ImageObject\",\"inLanguage\":\"es\",\"@id\":\"https:\/\/www.casadelectores.com\/index.php\/producto\/en-el-corazon-de-la-iglesia-100-anos-de-la-consagracion-de-espana-al-corazon-de-jesus-top-seller-44856\/#primaryimage\",\"url\":\"https:\/\/www.casadelectores.com\/wp-content\/uploads\/2025\/SK0196745-DE20251119-101116-0-1763518286-978849061867.webp\",\"contentUrl\":\"https:\/\/www.casadelectores.com\/wp-content\/uploads\/2025\/SK0196745-DE20251119-101116-0-1763518286-978849061867.webp\",\"width\":300,\"height\":478},{\"@type\":\"BreadcrumbList\",\"@id\":\"https:\/\/www.casadelectores.com\/index.php\/producto\/en-el-corazon-de-la-iglesia-100-anos-de-la-consagracion-de-espana-al-corazon-de-jesus-top-seller-44856\/#breadcrumb\",\"itemListElement\":[{\"@type\":\"ListItem\",\"position\":1,\"name\":\"Portada\",\"item\":\"https:\/\/www.casadelectores.com\/\"},{\"@type\":\"ListItem\",\"position\":2,\"name\":\"Shop\",\"item\":\"https:\/\/www.casadelectores.com\/index.php\/shop\/\"},{\"@type\":\"ListItem\",\"position\":3,\"name\":\"EN EL CORAZ\u00d3N DE LA IGLESIA. 100 A\u00d1OS DE LA CONSAGRACI\u00d3N DE ESPA\u00d1A AL CORAZ\u00d3N DE JES\u00daS Top-Seller\"}]},{\"@type\":\"WebSite\",\"@id\":\"https:\/\/www.casadelectores.com\/#website\",\"url\":\"https:\/\/www.casadelectores.com\/\",\"name\":\"Enam\u00f3rate de las compras\",\"description\":\"\",\"publisher\":{\"@id\":\"https:\/\/www.casadelectores.com\/#organization\"},\"potentialAction\":[{\"@type\":\"SearchAction\",\"target\":{\"@type\":\"EntryPoint\",\"urlTemplate\":\"https:\/\/www.casadelectores.com\/?s={search_term_string}\"},\"query-input\":{\"@type\":\"PropertyValueSpecification\",\"valueRequired\":true,\"valueName\":\"search_term_string\"}}],\"inLanguage\":\"es\"},{\"@type\":\"Organization\",\"@id\":\"https:\/\/www.casadelectores.com\/#organization\",\"name\":\"Enam\u00f3rate de las compras\",\"url\":\"https:\/\/www.casadelectores.com\/\",\"logo\":{\"@type\":\"ImageObject\",\"inLanguage\":\"es\",\"@id\":\"https:\/\/www.casadelectores.com\/#\/schema\/logo\/image\/\",\"url\":\"https:\/\/www.casadelectores.com\/wp-content\/uploads\/2020\/10\/shop-icon.png\",\"contentUrl\":\"https:\/\/www.casadelectores.com\/wp-content\/uploads\/2020\/10\/shop-icon.png\",\"width\":512,\"height\":512,\"caption\":\"Enam\u00f3rate de las compras\"},\"image\":{\"@id\":\"https:\/\/www.casadelectores.com\/#\/schema\/logo\/image\/\"}}]}<\/script>\n<!-- \/ Yoast SEO plugin. -->","yoast_head_json":{"title":"EN EL CORAZ\u00d3N DE LA IGLESIA. 100 A\u00d1OS DE LA CONSAGRACI\u00d3N DE ESPA\u00d1A AL CORAZ\u00d3N DE JES\u00daS Top-Seller - casadelectores","robots":{"index":"index","follow":"follow","max-snippet":"max-snippet:-1","max-image-preview":"max-image-preview:large","max-video-preview":"max-video-preview:-1"},"canonical":"https:\/\/www.casadelectores.com\/index.php\/producto\/en-el-corazon-de-la-iglesia-100-anos-de-la-consagracion-de-espana-al-corazon-de-jesus-top-seller-44856\/","og_locale":"es_ES","og_type":"article","og_title":"EN EL CORAZ\u00d3N DE LA IGLESIA. 100 A\u00d1OS DE LA CONSAGRACI\u00d3N DE ESPA\u00d1A AL CORAZ\u00d3N DE JES\u00daS Top-Seller - casadelectores","og_description":"La celebraci\u00f3n del Centenario de la Consagraci\u00f3n de Espa\u00f1a al Coraz\u00f3n de Jes\u00fas nos ofrece la oportunidad de volvernos al misterio del amor de Dios simbolizado en el coraz\u00f3n entregado y traspasado de Cristo. Aunque ocurri\u00f3 en 1919, en un momento de crisis econ\u00f3mica, pol\u00edtica e incluso religiosa, la espiritualidad en torno al Coraz\u00f3n de&hellip;&nbsp;EN EL CORAZ\u00d3N DE LA IGLESIA. 100 A\u00d1OS DE LA CONSAGRACI\u00d3N DE ESPA\u00d1A AL CORAZ\u00d3N DE JES\u00daS Top-Seller","og_url":"https:\/\/www.casadelectores.com\/index.php\/producto\/en-el-corazon-de-la-iglesia-100-anos-de-la-consagracion-de-espana-al-corazon-de-jesus-top-seller-44856\/","og_site_name":"casadelectores","og_image":[{"width":300,"height":478,"url":"https:\/\/www.casadelectores.com\/wp-content\/uploads\/2025\/SK0196745-DE20251119-101116-0-1763518286-978849061867.webp","type":"image\/webp"}],"twitter_card":"summary_large_image","twitter_misc":{"Tiempo de lectura":"1 minuto"},"schema":{"@context":"https:\/\/schema.org","@graph":[{"@type":"WebPage","@id":"https:\/\/www.casadelectores.com\/index.php\/producto\/en-el-corazon-de-la-iglesia-100-anos-de-la-consagracion-de-espana-al-corazon-de-jesus-top-seller-44856\/","url":"https:\/\/www.casadelectores.com\/index.php\/producto\/en-el-corazon-de-la-iglesia-100-anos-de-la-consagracion-de-espana-al-corazon-de-jesus-top-seller-44856\/","name":"EN EL CORAZ\u00d3N DE LA IGLESIA. 100 A\u00d1OS DE LA CONSAGRACI\u00d3N DE ESPA\u00d1A AL CORAZ\u00d3N DE JES\u00daS Top-Seller - casadelectores","isPartOf":{"@id":"https:\/\/www.casadelectores.com\/#website"},"primaryImageOfPage":{"@id":"https:\/\/www.casadelectores.com\/index.php\/producto\/en-el-corazon-de-la-iglesia-100-anos-de-la-consagracion-de-espana-al-corazon-de-jesus-top-seller-44856\/#primaryimage"},"image":{"@id":"https:\/\/www.casadelectores.com\/index.php\/producto\/en-el-corazon-de-la-iglesia-100-anos-de-la-consagracion-de-espana-al-corazon-de-jesus-top-seller-44856\/#primaryimage"},"thumbnailUrl":"https:\/\/www.casadelectores.com\/wp-content\/uploads\/2025\/SK0196745-DE20251119-101116-0-1763518286-978849061867.webp","datePublished":"2025-11-25T09:05:43+00:00","breadcrumb":{"@id":"https:\/\/www.casadelectores.com\/index.php\/producto\/en-el-corazon-de-la-iglesia-100-anos-de-la-consagracion-de-espana-al-corazon-de-jesus-top-seller-44856\/#breadcrumb"},"inLanguage":"es","potentialAction":[{"@type":"ReadAction","target":["https:\/\/www.casadelectores.com\/index.php\/producto\/en-el-corazon-de-la-iglesia-100-anos-de-la-consagracion-de-espana-al-corazon-de-jesus-top-seller-44856\/"]}]},{"@type":"ImageObject","inLanguage":"es","@id":"https:\/\/www.casadelectores.com\/index.php\/producto\/en-el-corazon-de-la-iglesia-100-anos-de-la-consagracion-de-espana-al-corazon-de-jesus-top-seller-44856\/#primaryimage","url":"https:\/\/www.casadelectores.com\/wp-content\/uploads\/2025\/SK0196745-DE20251119-101116-0-1763518286-978849061867.webp","contentUrl":"https:\/\/www.casadelectores.com\/wp-content\/uploads\/2025\/SK0196745-DE20251119-101116-0-1763518286-978849061867.webp","width":300,"height":478},{"@type":"BreadcrumbList","@id":"https:\/\/www.casadelectores.com\/index.php\/producto\/en-el-corazon-de-la-iglesia-100-anos-de-la-consagracion-de-espana-al-corazon-de-jesus-top-seller-44856\/#breadcrumb","itemListElement":[{"@type":"ListItem","position":1,"name":"Portada","item":"https:\/\/www.casadelectores.com\/"},{"@type":"ListItem","position":2,"name":"Shop","item":"https:\/\/www.casadelectores.com\/index.php\/shop\/"},{"@type":"ListItem","position":3,"name":"EN EL CORAZ\u00d3N DE LA IGLESIA. 100 A\u00d1OS DE LA CONSAGRACI\u00d3N DE ESPA\u00d1A AL CORAZ\u00d3N DE JES\u00daS Top-Seller"}]},{"@type":"WebSite","@id":"https:\/\/www.casadelectores.com\/#website","url":"https:\/\/www.casadelectores.com\/","name":"Enam\u00f3rate de las compras","description":"","publisher":{"@id":"https:\/\/www.casadelectores.com\/#organization"},"potentialAction":[{"@type":"SearchAction","target":{"@type":"EntryPoint","urlTemplate":"https:\/\/www.casadelectores.com\/?s={search_term_string}"},"query-input":{"@type":"PropertyValueSpecification","valueRequired":true,"valueName":"search_term_string"}}],"inLanguage":"es"},{"@type":"Organization","@id":"https:\/\/www.casadelectores.com\/#organization","name":"Enam\u00f3rate de las compras","url":"https:\/\/www.casadelectores.com\/","logo":{"@type":"ImageObject","inLanguage":"es","@id":"https:\/\/www.casadelectores.com\/#\/schema\/logo\/image\/","url":"https:\/\/www.casadelectores.com\/wp-content\/uploads\/2020\/10\/shop-icon.png","contentUrl":"https:\/\/www.casadelectores.com\/wp-content\/uploads\/2020\/10\/shop-icon.png","width":512,"height":512,"caption":"Enam\u00f3rate de las compras"},"image":{"@id":"https:\/\/www.casadelectores.com\/#\/schema\/logo\/image\/"}}]}},"_links":{"self":[{"href":"https:\/\/www.casadelectores.com\/index.php\/wp-json\/wp\/v2\/product\/44856","targetHints":{"allow":["GET"]}}],"collection":[{"href":"https:\/\/www.casadelectores.com\/index.php\/wp-json\/wp\/v2\/product"}],"about":[{"href":"https:\/\/www.casadelectores.com\/index.php\/wp-json\/wp\/v2\/types\/product"}],"wp:featuredmedia":[{"embeddable":true,"href":"https:\/\/www.casadelectores.com\/index.php\/wp-json\/wp\/v2\/media\/44956"}],"wp:attachment":[{"href":"https:\/\/www.casadelectores.com\/index.php\/wp-json\/wp\/v2\/media?parent=44856"}],"wp:term":[{"taxonomy":"product_brand","embeddable":true,"href":"https:\/\/www.casadelectores.com\/index.php\/wp-json\/wp\/v2\/product_brand?post=44856"},{"taxonomy":"product_cat","embeddable":true,"href":"https:\/\/www.casadelectores.com\/index.php\/wp-json\/wp\/v2\/product_cat?post=44856"},{"taxonomy":"product_tag","embeddable":true,"href":"https:\/\/www.casadelectores.com\/index.php\/wp-json\/wp\/v2\/product_tag?post=44856"}],"curies":[{"name":"wp","href":"https:\/\/api.w.org\/{rel}","templated":true}]}}