{"id":44286,"date":"2025-11-25T09:05:43","date_gmt":"2025-11-25T09:05:43","guid":{"rendered":""},"modified":"2025-11-25T09:05:43","modified_gmt":"2025-11-25T09:05:43","slug":"entre-la-palabra-y-el-cielo-memorias-de-un-ciudadano-del-cielo-y-poesia-de-otro-mundo-top-preis-44286","status":"publish","type":"product","link":"https:\/\/www.casadelectores.com\/index.php\/producto\/entre-la-palabra-y-el-cielo-memorias-de-un-ciudadano-del-cielo-y-poesia-de-otro-mundo-top-preis-44286\/","title":{"rendered":"ENTRE LA PALABRA Y EL CIELO. (MEMORIAS DE UN CIUDADANO DEL CIELO Y POES\u00cdA DE OTRO MUNDO) Top-Preis"},"content":{"rendered":"<p>La poes\u00eda que habita Entre la palabra y el cielo es un profundo di\u00e1logo entre la suma expresi\u00f3n simb\u00f3lica del ser humano y los extensos dominios celestes, cual si de un homenaje a los anhelos de transcendencia a otro mundo mejor, m\u00e1s sublime y de inmensa belleza, se tratara. El significado de sus versos, escritos durante varios a\u00f1os, intentan seguir la estela de su obra antecesora (En la inmensidad del camino celeste, ed. Verbum, Madrid, 2020) y transmitir una renovada acepci\u00f3n del amor simb\u00f3lico, dedicado a aquella enigm\u00e1tica musa, desde el punto de vista del idealismo transcendental, nunca distante de un enfoque neoplat\u00f3nico acorde al canon de la antigua cultura cristiana. Adem\u00e1s de los versos que tratan del citado tema a modo de poes\u00eda metaf\u00edsica, no se dejan de lado aspectos de compromiso social sobre asuntos que se omiten o se soslayan del debate de las ideas en la cultura dominante de la contemporaneidad. Por tales motivos, la presente obra nos invita a deleitarnos en una l\u00edrica que procura recordar el buen hacer \u00e9tico y est\u00e9tico de la poes\u00eda que comprende del Medievo al Renacimiento, consagrada por po \u00ab,<\/p>\n","protected":false},"excerpt":{"rendered":"<p>La poes\u00eda que habita Entre la palabra y el cielo es un profundo di\u00e1logo entre la suma expresi\u00f3n simb\u00f3lica del ser humano y los extensos dominios celestes, cual si de un homenaje a los anhelos de transcendencia a otro mundo mejor, m\u00e1s sublime y de inmensa belleza, se tratara. El significado de sus versos, escritos&hellip;&nbsp;<a href=\"https:\/\/www.casadelectores.com\/index.php\/producto\/entre-la-palabra-y-el-cielo-memorias-de-un-ciudadano-del-cielo-y-poesia-de-otro-mundo-top-preis-44286\/\" rel=\"bookmark\"><span class=\"screen-reader-text\">ENTRE LA PALABRA Y EL CIELO. (MEMORIAS DE UN CIUDADANO DEL CIELO Y POES\u00cdA DE OTRO MUNDO) Top-Preis<\/span><\/a><\/p>\n","protected":false},"featured_media":44386,"template":"","meta":{"neve_meta_sidebar":"","neve_meta_container":"","neve_meta_enable_content_width":"","neve_meta_content_width":0,"neve_meta_title_alignment":"","neve_meta_author_avatar":"","neve_post_elements_order":"","neve_meta_disable_header":"","neve_meta_disable_footer":"","neve_meta_disable_title":"","_themeisle_gutenberg_block_has_review":false},"product_brand":[],"product_cat":[26],"product_tag":[],"class_list":["post-44286","product","type-product","status-publish","has-post-thumbnail","product_cat-publicaciones-de-libros","first","instock","sale","shipping-taxable","purchasable","product-type-simple"],"yoast_head":"<!-- This site is optimized with the Yoast SEO plugin v26.3 - https:\/\/yoast.com\/wordpress\/plugins\/seo\/ -->\n<title>ENTRE LA PALABRA Y EL CIELO. (MEMORIAS DE UN CIUDADANO DEL CIELO Y POES\u00cdA DE OTRO MUNDO) Top-Preis - casadelectores<\/title>\n<meta name=\"robots\" content=\"index, follow, max-snippet:-1, max-image-preview:large, max-video-preview:-1\" \/>\n<link rel=\"canonical\" href=\"https:\/\/www.casadelectores.com\/index.php\/producto\/entre-la-palabra-y-el-cielo-memorias-de-un-ciudadano-del-cielo-y-poesia-de-otro-mundo-top-preis-44286\/\" \/>\n<meta property=\"og:locale\" content=\"es_ES\" \/>\n<meta property=\"og:type\" content=\"article\" \/>\n<meta property=\"og:title\" content=\"ENTRE LA PALABRA Y EL CIELO. (MEMORIAS DE UN CIUDADANO DEL CIELO Y POES\u00cdA DE OTRO MUNDO) Top-Preis - casadelectores\" \/>\n<meta property=\"og:description\" content=\"La poes\u00eda que habita Entre la palabra y el cielo es un profundo di\u00e1logo entre la suma expresi\u00f3n simb\u00f3lica del ser humano y los extensos dominios celestes, cual si de un homenaje a los anhelos de transcendencia a otro mundo mejor, m\u00e1s sublime y de inmensa belleza, se tratara. El significado de sus versos, escritos&hellip;&nbsp;ENTRE LA PALABRA Y EL CIELO. (MEMORIAS DE UN CIUDADANO DEL CIELO Y POES\u00cdA DE OTRO MUNDO) Top-Preis\" \/>\n<meta property=\"og:url\" content=\"https:\/\/www.casadelectores.com\/index.php\/producto\/entre-la-palabra-y-el-cielo-memorias-de-un-ciudadano-del-cielo-y-poesia-de-otro-mundo-top-preis-44286\/\" \/>\n<meta property=\"og:site_name\" content=\"casadelectores\" \/>\n<meta property=\"og:image\" content=\"https:\/\/www.casadelectores.com\/wp-content\/uploads\/2025\/SK0196575-DE20251119-101116-0-1763518286-978841337901.webp\" \/>\n\t<meta property=\"og:image:width\" content=\"300\" \/>\n\t<meta property=\"og:image:height\" content=\"416\" \/>\n\t<meta property=\"og:image:type\" content=\"image\/webp\" \/>\n<meta name=\"twitter:card\" content=\"summary_large_image\" \/>\n<meta name=\"twitter:label1\" content=\"Tiempo de lectura\" \/>\n\t<meta name=\"twitter:data1\" content=\"1 minuto\" \/>\n<script type=\"application\/ld+json\" class=\"yoast-schema-graph\">{\"@context\":\"https:\/\/schema.org\",\"@graph\":[{\"@type\":\"WebPage\",\"@id\":\"https:\/\/www.casadelectores.com\/index.php\/producto\/entre-la-palabra-y-el-cielo-memorias-de-un-ciudadano-del-cielo-y-poesia-de-otro-mundo-top-preis-44286\/\",\"url\":\"https:\/\/www.casadelectores.com\/index.php\/producto\/entre-la-palabra-y-el-cielo-memorias-de-un-ciudadano-del-cielo-y-poesia-de-otro-mundo-top-preis-44286\/\",\"name\":\"ENTRE LA PALABRA Y EL CIELO. (MEMORIAS DE UN CIUDADANO DEL CIELO Y POES\u00cdA DE OTRO MUNDO) Top-Preis - casadelectores\",\"isPartOf\":{\"@id\":\"https:\/\/www.casadelectores.com\/#website\"},\"primaryImageOfPage\":{\"@id\":\"https:\/\/www.casadelectores.com\/index.php\/producto\/entre-la-palabra-y-el-cielo-memorias-de-un-ciudadano-del-cielo-y-poesia-de-otro-mundo-top-preis-44286\/#primaryimage\"},\"image\":{\"@id\":\"https:\/\/www.casadelectores.com\/index.php\/producto\/entre-la-palabra-y-el-cielo-memorias-de-un-ciudadano-del-cielo-y-poesia-de-otro-mundo-top-preis-44286\/#primaryimage\"},\"thumbnailUrl\":\"https:\/\/www.casadelectores.com\/wp-content\/uploads\/2025\/SK0196575-DE20251119-101116-0-1763518286-978841337901.webp\",\"datePublished\":\"2025-11-25T09:05:43+00:00\",\"breadcrumb\":{\"@id\":\"https:\/\/www.casadelectores.com\/index.php\/producto\/entre-la-palabra-y-el-cielo-memorias-de-un-ciudadano-del-cielo-y-poesia-de-otro-mundo-top-preis-44286\/#breadcrumb\"},\"inLanguage\":\"es\",\"potentialAction\":[{\"@type\":\"ReadAction\",\"target\":[\"https:\/\/www.casadelectores.com\/index.php\/producto\/entre-la-palabra-y-el-cielo-memorias-de-un-ciudadano-del-cielo-y-poesia-de-otro-mundo-top-preis-44286\/\"]}]},{\"@type\":\"ImageObject\",\"inLanguage\":\"es\",\"@id\":\"https:\/\/www.casadelectores.com\/index.php\/producto\/entre-la-palabra-y-el-cielo-memorias-de-un-ciudadano-del-cielo-y-poesia-de-otro-mundo-top-preis-44286\/#primaryimage\",\"url\":\"https:\/\/www.casadelectores.com\/wp-content\/uploads\/2025\/SK0196575-DE20251119-101116-0-1763518286-978841337901.webp\",\"contentUrl\":\"https:\/\/www.casadelectores.com\/wp-content\/uploads\/2025\/SK0196575-DE20251119-101116-0-1763518286-978841337901.webp\",\"width\":300,\"height\":416},{\"@type\":\"BreadcrumbList\",\"@id\":\"https:\/\/www.casadelectores.com\/index.php\/producto\/entre-la-palabra-y-el-cielo-memorias-de-un-ciudadano-del-cielo-y-poesia-de-otro-mundo-top-preis-44286\/#breadcrumb\",\"itemListElement\":[{\"@type\":\"ListItem\",\"position\":1,\"name\":\"Portada\",\"item\":\"https:\/\/www.casadelectores.com\/\"},{\"@type\":\"ListItem\",\"position\":2,\"name\":\"Shop\",\"item\":\"https:\/\/www.casadelectores.com\/index.php\/shop\/\"},{\"@type\":\"ListItem\",\"position\":3,\"name\":\"ENTRE LA PALABRA Y EL CIELO. (MEMORIAS DE UN CIUDADANO DEL CIELO Y POES\u00cdA DE OTRO MUNDO) Top-Preis\"}]},{\"@type\":\"WebSite\",\"@id\":\"https:\/\/www.casadelectores.com\/#website\",\"url\":\"https:\/\/www.casadelectores.com\/\",\"name\":\"Enam\u00f3rate de las compras\",\"description\":\"\",\"publisher\":{\"@id\":\"https:\/\/www.casadelectores.com\/#organization\"},\"potentialAction\":[{\"@type\":\"SearchAction\",\"target\":{\"@type\":\"EntryPoint\",\"urlTemplate\":\"https:\/\/www.casadelectores.com\/?s={search_term_string}\"},\"query-input\":{\"@type\":\"PropertyValueSpecification\",\"valueRequired\":true,\"valueName\":\"search_term_string\"}}],\"inLanguage\":\"es\"},{\"@type\":\"Organization\",\"@id\":\"https:\/\/www.casadelectores.com\/#organization\",\"name\":\"Enam\u00f3rate de las compras\",\"url\":\"https:\/\/www.casadelectores.com\/\",\"logo\":{\"@type\":\"ImageObject\",\"inLanguage\":\"es\",\"@id\":\"https:\/\/www.casadelectores.com\/#\/schema\/logo\/image\/\",\"url\":\"https:\/\/www.casadelectores.com\/wp-content\/uploads\/2020\/10\/shop-icon.png\",\"contentUrl\":\"https:\/\/www.casadelectores.com\/wp-content\/uploads\/2020\/10\/shop-icon.png\",\"width\":512,\"height\":512,\"caption\":\"Enam\u00f3rate de las compras\"},\"image\":{\"@id\":\"https:\/\/www.casadelectores.com\/#\/schema\/logo\/image\/\"}}]}<\/script>\n<!-- \/ Yoast SEO plugin. -->","yoast_head_json":{"title":"ENTRE LA PALABRA Y EL CIELO. (MEMORIAS DE UN CIUDADANO DEL CIELO Y POES\u00cdA DE OTRO MUNDO) Top-Preis - casadelectores","robots":{"index":"index","follow":"follow","max-snippet":"max-snippet:-1","max-image-preview":"max-image-preview:large","max-video-preview":"max-video-preview:-1"},"canonical":"https:\/\/www.casadelectores.com\/index.php\/producto\/entre-la-palabra-y-el-cielo-memorias-de-un-ciudadano-del-cielo-y-poesia-de-otro-mundo-top-preis-44286\/","og_locale":"es_ES","og_type":"article","og_title":"ENTRE LA PALABRA Y EL CIELO. (MEMORIAS DE UN CIUDADANO DEL CIELO Y POES\u00cdA DE OTRO MUNDO) Top-Preis - casadelectores","og_description":"La poes\u00eda que habita Entre la palabra y el cielo es un profundo di\u00e1logo entre la suma expresi\u00f3n simb\u00f3lica del ser humano y los extensos dominios celestes, cual si de un homenaje a los anhelos de transcendencia a otro mundo mejor, m\u00e1s sublime y de inmensa belleza, se tratara. El significado de sus versos, escritos&hellip;&nbsp;ENTRE LA PALABRA Y EL CIELO. (MEMORIAS DE UN CIUDADANO DEL CIELO Y POES\u00cdA DE OTRO MUNDO) Top-Preis","og_url":"https:\/\/www.casadelectores.com\/index.php\/producto\/entre-la-palabra-y-el-cielo-memorias-de-un-ciudadano-del-cielo-y-poesia-de-otro-mundo-top-preis-44286\/","og_site_name":"casadelectores","og_image":[{"width":300,"height":416,"url":"https:\/\/www.casadelectores.com\/wp-content\/uploads\/2025\/SK0196575-DE20251119-101116-0-1763518286-978841337901.webp","type":"image\/webp"}],"twitter_card":"summary_large_image","twitter_misc":{"Tiempo de lectura":"1 minuto"},"schema":{"@context":"https:\/\/schema.org","@graph":[{"@type":"WebPage","@id":"https:\/\/www.casadelectores.com\/index.php\/producto\/entre-la-palabra-y-el-cielo-memorias-de-un-ciudadano-del-cielo-y-poesia-de-otro-mundo-top-preis-44286\/","url":"https:\/\/www.casadelectores.com\/index.php\/producto\/entre-la-palabra-y-el-cielo-memorias-de-un-ciudadano-del-cielo-y-poesia-de-otro-mundo-top-preis-44286\/","name":"ENTRE LA PALABRA Y EL CIELO. (MEMORIAS DE UN CIUDADANO DEL CIELO Y POES\u00cdA DE OTRO MUNDO) Top-Preis - casadelectores","isPartOf":{"@id":"https:\/\/www.casadelectores.com\/#website"},"primaryImageOfPage":{"@id":"https:\/\/www.casadelectores.com\/index.php\/producto\/entre-la-palabra-y-el-cielo-memorias-de-un-ciudadano-del-cielo-y-poesia-de-otro-mundo-top-preis-44286\/#primaryimage"},"image":{"@id":"https:\/\/www.casadelectores.com\/index.php\/producto\/entre-la-palabra-y-el-cielo-memorias-de-un-ciudadano-del-cielo-y-poesia-de-otro-mundo-top-preis-44286\/#primaryimage"},"thumbnailUrl":"https:\/\/www.casadelectores.com\/wp-content\/uploads\/2025\/SK0196575-DE20251119-101116-0-1763518286-978841337901.webp","datePublished":"2025-11-25T09:05:43+00:00","breadcrumb":{"@id":"https:\/\/www.casadelectores.com\/index.php\/producto\/entre-la-palabra-y-el-cielo-memorias-de-un-ciudadano-del-cielo-y-poesia-de-otro-mundo-top-preis-44286\/#breadcrumb"},"inLanguage":"es","potentialAction":[{"@type":"ReadAction","target":["https:\/\/www.casadelectores.com\/index.php\/producto\/entre-la-palabra-y-el-cielo-memorias-de-un-ciudadano-del-cielo-y-poesia-de-otro-mundo-top-preis-44286\/"]}]},{"@type":"ImageObject","inLanguage":"es","@id":"https:\/\/www.casadelectores.com\/index.php\/producto\/entre-la-palabra-y-el-cielo-memorias-de-un-ciudadano-del-cielo-y-poesia-de-otro-mundo-top-preis-44286\/#primaryimage","url":"https:\/\/www.casadelectores.com\/wp-content\/uploads\/2025\/SK0196575-DE20251119-101116-0-1763518286-978841337901.webp","contentUrl":"https:\/\/www.casadelectores.com\/wp-content\/uploads\/2025\/SK0196575-DE20251119-101116-0-1763518286-978841337901.webp","width":300,"height":416},{"@type":"BreadcrumbList","@id":"https:\/\/www.casadelectores.com\/index.php\/producto\/entre-la-palabra-y-el-cielo-memorias-de-un-ciudadano-del-cielo-y-poesia-de-otro-mundo-top-preis-44286\/#breadcrumb","itemListElement":[{"@type":"ListItem","position":1,"name":"Portada","item":"https:\/\/www.casadelectores.com\/"},{"@type":"ListItem","position":2,"name":"Shop","item":"https:\/\/www.casadelectores.com\/index.php\/shop\/"},{"@type":"ListItem","position":3,"name":"ENTRE LA PALABRA Y EL CIELO. (MEMORIAS DE UN CIUDADANO DEL CIELO Y POES\u00cdA DE OTRO MUNDO) Top-Preis"}]},{"@type":"WebSite","@id":"https:\/\/www.casadelectores.com\/#website","url":"https:\/\/www.casadelectores.com\/","name":"Enam\u00f3rate de las compras","description":"","publisher":{"@id":"https:\/\/www.casadelectores.com\/#organization"},"potentialAction":[{"@type":"SearchAction","target":{"@type":"EntryPoint","urlTemplate":"https:\/\/www.casadelectores.com\/?s={search_term_string}"},"query-input":{"@type":"PropertyValueSpecification","valueRequired":true,"valueName":"search_term_string"}}],"inLanguage":"es"},{"@type":"Organization","@id":"https:\/\/www.casadelectores.com\/#organization","name":"Enam\u00f3rate de las compras","url":"https:\/\/www.casadelectores.com\/","logo":{"@type":"ImageObject","inLanguage":"es","@id":"https:\/\/www.casadelectores.com\/#\/schema\/logo\/image\/","url":"https:\/\/www.casadelectores.com\/wp-content\/uploads\/2020\/10\/shop-icon.png","contentUrl":"https:\/\/www.casadelectores.com\/wp-content\/uploads\/2020\/10\/shop-icon.png","width":512,"height":512,"caption":"Enam\u00f3rate de las compras"},"image":{"@id":"https:\/\/www.casadelectores.com\/#\/schema\/logo\/image\/"}}]}},"_links":{"self":[{"href":"https:\/\/www.casadelectores.com\/index.php\/wp-json\/wp\/v2\/product\/44286","targetHints":{"allow":["GET"]}}],"collection":[{"href":"https:\/\/www.casadelectores.com\/index.php\/wp-json\/wp\/v2\/product"}],"about":[{"href":"https:\/\/www.casadelectores.com\/index.php\/wp-json\/wp\/v2\/types\/product"}],"wp:featuredmedia":[{"embeddable":true,"href":"https:\/\/www.casadelectores.com\/index.php\/wp-json\/wp\/v2\/media\/44386"}],"wp:attachment":[{"href":"https:\/\/www.casadelectores.com\/index.php\/wp-json\/wp\/v2\/media?parent=44286"}],"wp:term":[{"taxonomy":"product_brand","embeddable":true,"href":"https:\/\/www.casadelectores.com\/index.php\/wp-json\/wp\/v2\/product_brand?post=44286"},{"taxonomy":"product_cat","embeddable":true,"href":"https:\/\/www.casadelectores.com\/index.php\/wp-json\/wp\/v2\/product_cat?post=44286"},{"taxonomy":"product_tag","embeddable":true,"href":"https:\/\/www.casadelectores.com\/index.php\/wp-json\/wp\/v2\/product_tag?post=44286"}],"curies":[{"name":"wp","href":"https:\/\/api.w.org\/{rel}","templated":true}]}}