{"id":42875,"date":"2025-11-25T09:05:43","date_gmt":"2025-11-25T09:05:43","guid":{"rendered":""},"modified":"2025-11-25T09:05:43","modified_gmt":"2025-11-25T09:05:43","slug":"finale-aktion-instantaneas-de-un-cambio-javier-echevarria-prelado-del-opus-dei-42875","status":"publish","type":"product","link":"https:\/\/www.casadelectores.com\/index.php\/producto\/finale-aktion-instantaneas-de-un-cambio-javier-echevarria-prelado-del-opus-dei-42875\/","title":{"rendered":"Finale Aktion INSTANT\u00c1NEAS DE UN CAMBIO. JAVIER ECHEVARR\u00cdA, PRELADO DEL OPUS DEI"},"content":{"rendered":"<p>A la muerte de \u00c1lvaro del Portillo, la prelatura se enfrentaba con el reto de continuar siendo fiel al esp\u00edritu de su Fundador, en las circunstancias actuales de su tiempo, extendida ya su labor por todo el mundo y en medio de las culturas m\u00e1s diversas.  \u00bfTen\u00eda el Opus Dei hombres capaces de llevar adelante esa tarea, encargada por Dios a Josemar\u00eda Escriv\u00e1? \u00bfQu\u00e9 disposiciones de esp\u00edritu, y qu\u00e9 cualidades humanas se requer\u00edan para abordarla? \u00bfCambiar\u00eda algo en esa nueva etapa?  Javier Echevarr\u00eda recibi\u00f3 el encargo de sucederles al frente de la Prelatura y la misi\u00f3n de sacar adelante la labor del Opus Dios en la Iglesia y en un buen n\u00famero de pa\u00edses de los cinco continentes. \u00bfEstaba preparado en aquel momento para una tarea semejante? \u00bfQu\u00e9 cambios de car\u00e1cter, de esp\u00edritu, de disposiciones personales experiment\u00f3 Javier Echevarr\u00eda al ser elegido Prelado? \u00bfLleg\u00f3 a ser Padre para los fieles de la Obra?  El deseo del autor es ofrecer en este libro una semblanza de su figura, que plasme lo que se atreve a llamar su conversi\u00f3n en Padre. Sin dar una respuesta exhaustiva a estas preguntas, estas p\u00e1ginas nos invitan a conocer, a modo de Instant\u00e1neas de un cambio, a Javier Echevarr\u00eda a lo largo de su vida en el Opus Dei. \u00ab,<\/p>\n","protected":false},"excerpt":{"rendered":"<p>A la muerte de \u00c1lvaro del Portillo, la prelatura se enfrentaba con el reto de continuar siendo fiel al esp\u00edritu de su Fundador, en las circunstancias actuales de su tiempo, extendida ya su labor por todo el mundo y en medio de las culturas m\u00e1s diversas. \u00bfTen\u00eda el Opus Dei hombres capaces de llevar adelante&hellip;&nbsp;<a href=\"https:\/\/www.casadelectores.com\/index.php\/producto\/finale-aktion-instantaneas-de-un-cambio-javier-echevarria-prelado-del-opus-dei-42875\/\" rel=\"bookmark\"><span class=\"screen-reader-text\">Finale Aktion INSTANT\u00c1NEAS DE UN CAMBIO. JAVIER ECHEVARR\u00cdA, PRELADO DEL OPUS DEI<\/span><\/a><\/p>\n","protected":false},"featured_media":42975,"template":"","meta":{"neve_meta_sidebar":"","neve_meta_container":"","neve_meta_enable_content_width":"","neve_meta_content_width":0,"neve_meta_title_alignment":"","neve_meta_author_avatar":"","neve_post_elements_order":"","neve_meta_disable_header":"","neve_meta_disable_footer":"","neve_meta_disable_title":"","_themeisle_gutenberg_block_has_review":false},"product_brand":[],"product_cat":[26],"product_tag":[],"class_list":["post-42875","product","type-product","status-publish","has-post-thumbnail","product_cat-publicaciones-de-libros","first","instock","sale","shipping-taxable","purchasable","product-type-simple"],"yoast_head":"<!-- This site is optimized with the Yoast SEO plugin v26.3 - https:\/\/yoast.com\/wordpress\/plugins\/seo\/ -->\n<title>Finale Aktion INSTANT\u00c1NEAS DE UN CAMBIO. JAVIER ECHEVARR\u00cdA, PRELADO DEL OPUS DEI - casadelectores<\/title>\n<meta name=\"robots\" content=\"index, follow, max-snippet:-1, max-image-preview:large, max-video-preview:-1\" \/>\n<link rel=\"canonical\" href=\"https:\/\/www.casadelectores.com\/index.php\/producto\/finale-aktion-instantaneas-de-un-cambio-javier-echevarria-prelado-del-opus-dei-42875\/\" \/>\n<meta property=\"og:locale\" content=\"es_ES\" \/>\n<meta property=\"og:type\" content=\"article\" \/>\n<meta property=\"og:title\" content=\"Finale Aktion INSTANT\u00c1NEAS DE UN CAMBIO. JAVIER ECHEVARR\u00cdA, PRELADO DEL OPUS DEI - casadelectores\" \/>\n<meta property=\"og:description\" content=\"A la muerte de \u00c1lvaro del Portillo, la prelatura se enfrentaba con el reto de continuar siendo fiel al esp\u00edritu de su Fundador, en las circunstancias actuales de su tiempo, extendida ya su labor por todo el mundo y en medio de las culturas m\u00e1s diversas. \u00bfTen\u00eda el Opus Dei hombres capaces de llevar adelante&hellip;&nbsp;Finale Aktion INSTANT\u00c1NEAS DE UN CAMBIO. JAVIER ECHEVARR\u00cdA, PRELADO DEL OPUS DEI\" \/>\n<meta property=\"og:url\" content=\"https:\/\/www.casadelectores.com\/index.php\/producto\/finale-aktion-instantaneas-de-un-cambio-javier-echevarria-prelado-del-opus-dei-42875\/\" \/>\n<meta property=\"og:site_name\" content=\"casadelectores\" \/>\n<meta property=\"og:image\" content=\"https:\/\/www.casadelectores.com\/wp-content\/uploads\/2025\/SK0196242-DE20251119-101116-0-1763518286-978849061758.webp\" \/>\n\t<meta property=\"og:image:width\" content=\"300\" \/>\n\t<meta property=\"og:image:height\" content=\"478\" \/>\n\t<meta property=\"og:image:type\" content=\"image\/webp\" \/>\n<meta name=\"twitter:card\" content=\"summary_large_image\" \/>\n<meta name=\"twitter:label1\" content=\"Tiempo de lectura\" \/>\n\t<meta name=\"twitter:data1\" content=\"1 minuto\" \/>\n<script type=\"application\/ld+json\" class=\"yoast-schema-graph\">{\"@context\":\"https:\/\/schema.org\",\"@graph\":[{\"@type\":\"WebPage\",\"@id\":\"https:\/\/www.casadelectores.com\/index.php\/producto\/finale-aktion-instantaneas-de-un-cambio-javier-echevarria-prelado-del-opus-dei-42875\/\",\"url\":\"https:\/\/www.casadelectores.com\/index.php\/producto\/finale-aktion-instantaneas-de-un-cambio-javier-echevarria-prelado-del-opus-dei-42875\/\",\"name\":\"Finale Aktion INSTANT\u00c1NEAS DE UN CAMBIO. JAVIER ECHEVARR\u00cdA, PRELADO DEL OPUS DEI - casadelectores\",\"isPartOf\":{\"@id\":\"https:\/\/www.casadelectores.com\/#website\"},\"primaryImageOfPage\":{\"@id\":\"https:\/\/www.casadelectores.com\/index.php\/producto\/finale-aktion-instantaneas-de-un-cambio-javier-echevarria-prelado-del-opus-dei-42875\/#primaryimage\"},\"image\":{\"@id\":\"https:\/\/www.casadelectores.com\/index.php\/producto\/finale-aktion-instantaneas-de-un-cambio-javier-echevarria-prelado-del-opus-dei-42875\/#primaryimage\"},\"thumbnailUrl\":\"https:\/\/www.casadelectores.com\/wp-content\/uploads\/2025\/SK0196242-DE20251119-101116-0-1763518286-978849061758.webp\",\"datePublished\":\"2025-11-25T09:05:43+00:00\",\"breadcrumb\":{\"@id\":\"https:\/\/www.casadelectores.com\/index.php\/producto\/finale-aktion-instantaneas-de-un-cambio-javier-echevarria-prelado-del-opus-dei-42875\/#breadcrumb\"},\"inLanguage\":\"es\",\"potentialAction\":[{\"@type\":\"ReadAction\",\"target\":[\"https:\/\/www.casadelectores.com\/index.php\/producto\/finale-aktion-instantaneas-de-un-cambio-javier-echevarria-prelado-del-opus-dei-42875\/\"]}]},{\"@type\":\"ImageObject\",\"inLanguage\":\"es\",\"@id\":\"https:\/\/www.casadelectores.com\/index.php\/producto\/finale-aktion-instantaneas-de-un-cambio-javier-echevarria-prelado-del-opus-dei-42875\/#primaryimage\",\"url\":\"https:\/\/www.casadelectores.com\/wp-content\/uploads\/2025\/SK0196242-DE20251119-101116-0-1763518286-978849061758.webp\",\"contentUrl\":\"https:\/\/www.casadelectores.com\/wp-content\/uploads\/2025\/SK0196242-DE20251119-101116-0-1763518286-978849061758.webp\",\"width\":300,\"height\":478},{\"@type\":\"BreadcrumbList\",\"@id\":\"https:\/\/www.casadelectores.com\/index.php\/producto\/finale-aktion-instantaneas-de-un-cambio-javier-echevarria-prelado-del-opus-dei-42875\/#breadcrumb\",\"itemListElement\":[{\"@type\":\"ListItem\",\"position\":1,\"name\":\"Portada\",\"item\":\"https:\/\/www.casadelectores.com\/\"},{\"@type\":\"ListItem\",\"position\":2,\"name\":\"Shop\",\"item\":\"https:\/\/www.casadelectores.com\/index.php\/shop\/\"},{\"@type\":\"ListItem\",\"position\":3,\"name\":\"Finale Aktion INSTANT\u00c1NEAS DE UN CAMBIO. JAVIER ECHEVARR\u00cdA, PRELADO DEL OPUS DEI\"}]},{\"@type\":\"WebSite\",\"@id\":\"https:\/\/www.casadelectores.com\/#website\",\"url\":\"https:\/\/www.casadelectores.com\/\",\"name\":\"Enam\u00f3rate de las compras\",\"description\":\"\",\"publisher\":{\"@id\":\"https:\/\/www.casadelectores.com\/#organization\"},\"potentialAction\":[{\"@type\":\"SearchAction\",\"target\":{\"@type\":\"EntryPoint\",\"urlTemplate\":\"https:\/\/www.casadelectores.com\/?s={search_term_string}\"},\"query-input\":{\"@type\":\"PropertyValueSpecification\",\"valueRequired\":true,\"valueName\":\"search_term_string\"}}],\"inLanguage\":\"es\"},{\"@type\":\"Organization\",\"@id\":\"https:\/\/www.casadelectores.com\/#organization\",\"name\":\"Enam\u00f3rate de las compras\",\"url\":\"https:\/\/www.casadelectores.com\/\",\"logo\":{\"@type\":\"ImageObject\",\"inLanguage\":\"es\",\"@id\":\"https:\/\/www.casadelectores.com\/#\/schema\/logo\/image\/\",\"url\":\"https:\/\/www.casadelectores.com\/wp-content\/uploads\/2020\/10\/shop-icon.png\",\"contentUrl\":\"https:\/\/www.casadelectores.com\/wp-content\/uploads\/2020\/10\/shop-icon.png\",\"width\":512,\"height\":512,\"caption\":\"Enam\u00f3rate de las compras\"},\"image\":{\"@id\":\"https:\/\/www.casadelectores.com\/#\/schema\/logo\/image\/\"}}]}<\/script>\n<!-- \/ Yoast SEO plugin. -->","yoast_head_json":{"title":"Finale Aktion INSTANT\u00c1NEAS DE UN CAMBIO. JAVIER ECHEVARR\u00cdA, PRELADO DEL OPUS DEI - casadelectores","robots":{"index":"index","follow":"follow","max-snippet":"max-snippet:-1","max-image-preview":"max-image-preview:large","max-video-preview":"max-video-preview:-1"},"canonical":"https:\/\/www.casadelectores.com\/index.php\/producto\/finale-aktion-instantaneas-de-un-cambio-javier-echevarria-prelado-del-opus-dei-42875\/","og_locale":"es_ES","og_type":"article","og_title":"Finale Aktion INSTANT\u00c1NEAS DE UN CAMBIO. JAVIER ECHEVARR\u00cdA, PRELADO DEL OPUS DEI - casadelectores","og_description":"A la muerte de \u00c1lvaro del Portillo, la prelatura se enfrentaba con el reto de continuar siendo fiel al esp\u00edritu de su Fundador, en las circunstancias actuales de su tiempo, extendida ya su labor por todo el mundo y en medio de las culturas m\u00e1s diversas. \u00bfTen\u00eda el Opus Dei hombres capaces de llevar adelante&hellip;&nbsp;Finale Aktion INSTANT\u00c1NEAS DE UN CAMBIO. JAVIER ECHEVARR\u00cdA, PRELADO DEL OPUS DEI","og_url":"https:\/\/www.casadelectores.com\/index.php\/producto\/finale-aktion-instantaneas-de-un-cambio-javier-echevarria-prelado-del-opus-dei-42875\/","og_site_name":"casadelectores","og_image":[{"width":300,"height":478,"url":"https:\/\/www.casadelectores.com\/wp-content\/uploads\/2025\/SK0196242-DE20251119-101116-0-1763518286-978849061758.webp","type":"image\/webp"}],"twitter_card":"summary_large_image","twitter_misc":{"Tiempo de lectura":"1 minuto"},"schema":{"@context":"https:\/\/schema.org","@graph":[{"@type":"WebPage","@id":"https:\/\/www.casadelectores.com\/index.php\/producto\/finale-aktion-instantaneas-de-un-cambio-javier-echevarria-prelado-del-opus-dei-42875\/","url":"https:\/\/www.casadelectores.com\/index.php\/producto\/finale-aktion-instantaneas-de-un-cambio-javier-echevarria-prelado-del-opus-dei-42875\/","name":"Finale Aktion INSTANT\u00c1NEAS DE UN CAMBIO. JAVIER ECHEVARR\u00cdA, PRELADO DEL OPUS DEI - casadelectores","isPartOf":{"@id":"https:\/\/www.casadelectores.com\/#website"},"primaryImageOfPage":{"@id":"https:\/\/www.casadelectores.com\/index.php\/producto\/finale-aktion-instantaneas-de-un-cambio-javier-echevarria-prelado-del-opus-dei-42875\/#primaryimage"},"image":{"@id":"https:\/\/www.casadelectores.com\/index.php\/producto\/finale-aktion-instantaneas-de-un-cambio-javier-echevarria-prelado-del-opus-dei-42875\/#primaryimage"},"thumbnailUrl":"https:\/\/www.casadelectores.com\/wp-content\/uploads\/2025\/SK0196242-DE20251119-101116-0-1763518286-978849061758.webp","datePublished":"2025-11-25T09:05:43+00:00","breadcrumb":{"@id":"https:\/\/www.casadelectores.com\/index.php\/producto\/finale-aktion-instantaneas-de-un-cambio-javier-echevarria-prelado-del-opus-dei-42875\/#breadcrumb"},"inLanguage":"es","potentialAction":[{"@type":"ReadAction","target":["https:\/\/www.casadelectores.com\/index.php\/producto\/finale-aktion-instantaneas-de-un-cambio-javier-echevarria-prelado-del-opus-dei-42875\/"]}]},{"@type":"ImageObject","inLanguage":"es","@id":"https:\/\/www.casadelectores.com\/index.php\/producto\/finale-aktion-instantaneas-de-un-cambio-javier-echevarria-prelado-del-opus-dei-42875\/#primaryimage","url":"https:\/\/www.casadelectores.com\/wp-content\/uploads\/2025\/SK0196242-DE20251119-101116-0-1763518286-978849061758.webp","contentUrl":"https:\/\/www.casadelectores.com\/wp-content\/uploads\/2025\/SK0196242-DE20251119-101116-0-1763518286-978849061758.webp","width":300,"height":478},{"@type":"BreadcrumbList","@id":"https:\/\/www.casadelectores.com\/index.php\/producto\/finale-aktion-instantaneas-de-un-cambio-javier-echevarria-prelado-del-opus-dei-42875\/#breadcrumb","itemListElement":[{"@type":"ListItem","position":1,"name":"Portada","item":"https:\/\/www.casadelectores.com\/"},{"@type":"ListItem","position":2,"name":"Shop","item":"https:\/\/www.casadelectores.com\/index.php\/shop\/"},{"@type":"ListItem","position":3,"name":"Finale Aktion INSTANT\u00c1NEAS DE UN CAMBIO. JAVIER ECHEVARR\u00cdA, PRELADO DEL OPUS DEI"}]},{"@type":"WebSite","@id":"https:\/\/www.casadelectores.com\/#website","url":"https:\/\/www.casadelectores.com\/","name":"Enam\u00f3rate de las compras","description":"","publisher":{"@id":"https:\/\/www.casadelectores.com\/#organization"},"potentialAction":[{"@type":"SearchAction","target":{"@type":"EntryPoint","urlTemplate":"https:\/\/www.casadelectores.com\/?s={search_term_string}"},"query-input":{"@type":"PropertyValueSpecification","valueRequired":true,"valueName":"search_term_string"}}],"inLanguage":"es"},{"@type":"Organization","@id":"https:\/\/www.casadelectores.com\/#organization","name":"Enam\u00f3rate de las compras","url":"https:\/\/www.casadelectores.com\/","logo":{"@type":"ImageObject","inLanguage":"es","@id":"https:\/\/www.casadelectores.com\/#\/schema\/logo\/image\/","url":"https:\/\/www.casadelectores.com\/wp-content\/uploads\/2020\/10\/shop-icon.png","contentUrl":"https:\/\/www.casadelectores.com\/wp-content\/uploads\/2020\/10\/shop-icon.png","width":512,"height":512,"caption":"Enam\u00f3rate de las compras"},"image":{"@id":"https:\/\/www.casadelectores.com\/#\/schema\/logo\/image\/"}}]}},"_links":{"self":[{"href":"https:\/\/www.casadelectores.com\/index.php\/wp-json\/wp\/v2\/product\/42875","targetHints":{"allow":["GET"]}}],"collection":[{"href":"https:\/\/www.casadelectores.com\/index.php\/wp-json\/wp\/v2\/product"}],"about":[{"href":"https:\/\/www.casadelectores.com\/index.php\/wp-json\/wp\/v2\/types\/product"}],"wp:featuredmedia":[{"embeddable":true,"href":"https:\/\/www.casadelectores.com\/index.php\/wp-json\/wp\/v2\/media\/42975"}],"wp:attachment":[{"href":"https:\/\/www.casadelectores.com\/index.php\/wp-json\/wp\/v2\/media?parent=42875"}],"wp:term":[{"taxonomy":"product_brand","embeddable":true,"href":"https:\/\/www.casadelectores.com\/index.php\/wp-json\/wp\/v2\/product_brand?post=42875"},{"taxonomy":"product_cat","embeddable":true,"href":"https:\/\/www.casadelectores.com\/index.php\/wp-json\/wp\/v2\/product_cat?post=42875"},{"taxonomy":"product_tag","embeddable":true,"href":"https:\/\/www.casadelectores.com\/index.php\/wp-json\/wp\/v2\/product_tag?post=42875"}],"curies":[{"name":"wp","href":"https:\/\/api.w.org\/{rel}","templated":true}]}}