{"id":42838,"date":"2025-11-25T09:05:43","date_gmt":"2025-11-25T09:05:43","guid":{"rendered":""},"modified":"2025-11-25T09:05:43","modified_gmt":"2025-11-25T09:05:43","slug":"fill-de-l-italia-premi-ramon-llull-2019-abverkauf-42838","status":"publish","type":"product","link":"https:\/\/www.casadelectores.com\/index.php\/producto\/fill-de-l-italia-premi-ramon-llull-2019-abverkauf-42838\/","title":{"rendered":"FILL DE L&#8217;ITALIA (PREMI RAMON LLULL 2019) Abverkauf"},"content":{"rendered":"<p>Quan la recerca de la identitat esdev\u00e9 un viatge apassionant.En Mateu creix en una fam\u00edlia trencada que no se sent seva. Des de petit lluita per deixar enrere els crits, les baralles i la mis\u00e8ria de la Mina, la casa m\u00e9s pobra de Caldes de Malavella, la que tothom evita. Aviat descobreix que els seus or\u00edgens s&#8217;amaguen darrere d&#8217;un secret del qual ning\u00fa parla per\u00f2 que coneix tothom: el poble est\u00e0 marcat per l&#8217;odissea d&#8217;un miler de joves mariners italians que s&#8217;hi van refugiar en plena Segona Guerra Mundial. S\u00f3n els supervivents de l&#8217;enfonsament del cuirassat Roma, bombardejat pels alemanys el 9 de setembre de 1943 en venjan\u00e7a per l&#8217;armistici entre It\u00e0lia i els aliats. Seixanta anys despr\u00e9s, en Mateu decideix buscar el seu pare i comen\u00e7a a fer -se preguntes: qui era aquell noi que xiulava can\u00e7ons napolitanes i duia a rentar la roba a la seva mare? Quins eren els somnis de la Joana, que plantava clavells de poeta per escapar d&#8217;un marit bosquet\u00e0 que no parava mai a casa? El fill de l&#8217;itali\u00e0 \u00e9s un viatge a la recerca de la pr\u00f2pia identitat i la hist\u00f2ria extraordin\u00e0ria d&#8217;un amor prohibit en plena postguerra. \u00abTotes aquelles flors li encantaven, per\u00f2 a la Joana la tornaven boja els seus clavells de poeta, els que plantava al repl\u00e0 de la porta que baixava a la riera, en aquelles cinc o sis llaunes gegants d&#8217;olives que havia arreplegat de les escombraries dels balnearis. En guardava la grana com un tresor en una capsa de galetes Trias, que amagava tot l&#8217;hivern a la cuina, al fons del prestatge que havia improvisat a sota de la pica. Quan arribava la primavera, rescatava la capsa i replantava algunes llavors en les llaunes, amb tanta delicadesa com si plant\u00e9s el jard\u00ed d&#8217;un palau\u00bb.Amb la col\u00b7laboraci\u00f3 de la Generalitat de Catalunya, Departament de Cultura. \u00ab,<\/p>\n","protected":false},"excerpt":{"rendered":"<p>Quan la recerca de la identitat esdev\u00e9 un viatge apassionant.En Mateu creix en una fam\u00edlia trencada que no se sent seva. Des de petit lluita per deixar enrere els crits, les baralles i la mis\u00e8ria de la Mina, la casa m\u00e9s pobra de Caldes de Malavella, la que tothom evita. Aviat descobreix que els seus&hellip;&nbsp;<a href=\"https:\/\/www.casadelectores.com\/index.php\/producto\/fill-de-l-italia-premi-ramon-llull-2019-abverkauf-42838\/\" rel=\"bookmark\"><span class=\"screen-reader-text\">FILL DE L&#8217;ITALIA (PREMI RAMON LLULL 2019) Abverkauf<\/span><\/a><\/p>\n","protected":false},"featured_media":42938,"template":"","meta":{"neve_meta_sidebar":"","neve_meta_container":"","neve_meta_enable_content_width":"","neve_meta_content_width":0,"neve_meta_title_alignment":"","neve_meta_author_avatar":"","neve_post_elements_order":"","neve_meta_disable_header":"","neve_meta_disable_footer":"","neve_meta_disable_title":"","_themeisle_gutenberg_block_has_review":false},"product_brand":[],"product_cat":[26],"product_tag":[],"class_list":["post-42838","product","type-product","status-publish","has-post-thumbnail","product_cat-publicaciones-de-libros","first","instock","sale","shipping-taxable","purchasable","product-type-simple"],"yoast_head":"<!-- This site is optimized with the Yoast SEO plugin v26.3 - https:\/\/yoast.com\/wordpress\/plugins\/seo\/ -->\n<title>FILL DE L&#039;ITALIA (PREMI RAMON LLULL 2019) Abverkauf - casadelectores<\/title>\n<meta name=\"robots\" content=\"index, follow, max-snippet:-1, max-image-preview:large, max-video-preview:-1\" \/>\n<link rel=\"canonical\" href=\"https:\/\/www.casadelectores.com\/index.php\/producto\/fill-de-l-italia-premi-ramon-llull-2019-abverkauf-42838\/\" \/>\n<meta property=\"og:locale\" content=\"es_ES\" \/>\n<meta property=\"og:type\" content=\"article\" \/>\n<meta property=\"og:title\" content=\"FILL DE L&#039;ITALIA (PREMI RAMON LLULL 2019) Abverkauf - casadelectores\" \/>\n<meta property=\"og:description\" content=\"Quan la recerca de la identitat esdev\u00e9 un viatge apassionant.En Mateu creix en una fam\u00edlia trencada que no se sent seva. Des de petit lluita per deixar enrere els crits, les baralles i la mis\u00e8ria de la Mina, la casa m\u00e9s pobra de Caldes de Malavella, la que tothom evita. Aviat descobreix que els seus&hellip;&nbsp;FILL DE L&#8217;ITALIA (PREMI RAMON LLULL 2019) Abverkauf\" \/>\n<meta property=\"og:url\" content=\"https:\/\/www.casadelectores.com\/index.php\/producto\/fill-de-l-italia-premi-ramon-llull-2019-abverkauf-42838\/\" \/>\n<meta property=\"og:site_name\" content=\"casadelectores\" \/>\n<meta property=\"og:image\" content=\"https:\/\/www.casadelectores.com\/wp-content\/uploads\/2025\/SK0196199-DE20251119-101116-0-1763518286-978846642482.webp\" \/>\n\t<meta property=\"og:image:width\" content=\"300\" \/>\n\t<meta property=\"og:image:height\" content=\"452\" \/>\n\t<meta property=\"og:image:type\" content=\"image\/webp\" \/>\n<meta name=\"twitter:card\" content=\"summary_large_image\" \/>\n<meta name=\"twitter:label1\" content=\"Tiempo de lectura\" \/>\n\t<meta name=\"twitter:data1\" content=\"2 minutos\" \/>\n<script type=\"application\/ld+json\" class=\"yoast-schema-graph\">{\"@context\":\"https:\/\/schema.org\",\"@graph\":[{\"@type\":\"WebPage\",\"@id\":\"https:\/\/www.casadelectores.com\/index.php\/producto\/fill-de-l-italia-premi-ramon-llull-2019-abverkauf-42838\/\",\"url\":\"https:\/\/www.casadelectores.com\/index.php\/producto\/fill-de-l-italia-premi-ramon-llull-2019-abverkauf-42838\/\",\"name\":\"FILL DE L'ITALIA (PREMI RAMON LLULL 2019) Abverkauf - casadelectores\",\"isPartOf\":{\"@id\":\"https:\/\/www.casadelectores.com\/#website\"},\"primaryImageOfPage\":{\"@id\":\"https:\/\/www.casadelectores.com\/index.php\/producto\/fill-de-l-italia-premi-ramon-llull-2019-abverkauf-42838\/#primaryimage\"},\"image\":{\"@id\":\"https:\/\/www.casadelectores.com\/index.php\/producto\/fill-de-l-italia-premi-ramon-llull-2019-abverkauf-42838\/#primaryimage\"},\"thumbnailUrl\":\"https:\/\/www.casadelectores.com\/wp-content\/uploads\/2025\/SK0196199-DE20251119-101116-0-1763518286-978846642482.webp\",\"datePublished\":\"2025-11-25T09:05:43+00:00\",\"breadcrumb\":{\"@id\":\"https:\/\/www.casadelectores.com\/index.php\/producto\/fill-de-l-italia-premi-ramon-llull-2019-abverkauf-42838\/#breadcrumb\"},\"inLanguage\":\"es\",\"potentialAction\":[{\"@type\":\"ReadAction\",\"target\":[\"https:\/\/www.casadelectores.com\/index.php\/producto\/fill-de-l-italia-premi-ramon-llull-2019-abverkauf-42838\/\"]}]},{\"@type\":\"ImageObject\",\"inLanguage\":\"es\",\"@id\":\"https:\/\/www.casadelectores.com\/index.php\/producto\/fill-de-l-italia-premi-ramon-llull-2019-abverkauf-42838\/#primaryimage\",\"url\":\"https:\/\/www.casadelectores.com\/wp-content\/uploads\/2025\/SK0196199-DE20251119-101116-0-1763518286-978846642482.webp\",\"contentUrl\":\"https:\/\/www.casadelectores.com\/wp-content\/uploads\/2025\/SK0196199-DE20251119-101116-0-1763518286-978846642482.webp\",\"width\":300,\"height\":452},{\"@type\":\"BreadcrumbList\",\"@id\":\"https:\/\/www.casadelectores.com\/index.php\/producto\/fill-de-l-italia-premi-ramon-llull-2019-abverkauf-42838\/#breadcrumb\",\"itemListElement\":[{\"@type\":\"ListItem\",\"position\":1,\"name\":\"Portada\",\"item\":\"https:\/\/www.casadelectores.com\/\"},{\"@type\":\"ListItem\",\"position\":2,\"name\":\"Shop\",\"item\":\"https:\/\/www.casadelectores.com\/index.php\/shop\/\"},{\"@type\":\"ListItem\",\"position\":3,\"name\":\"FILL DE L&#8217;ITALIA (PREMI RAMON LLULL 2019) Abverkauf\"}]},{\"@type\":\"WebSite\",\"@id\":\"https:\/\/www.casadelectores.com\/#website\",\"url\":\"https:\/\/www.casadelectores.com\/\",\"name\":\"Enam\u00f3rate de las compras\",\"description\":\"\",\"publisher\":{\"@id\":\"https:\/\/www.casadelectores.com\/#organization\"},\"potentialAction\":[{\"@type\":\"SearchAction\",\"target\":{\"@type\":\"EntryPoint\",\"urlTemplate\":\"https:\/\/www.casadelectores.com\/?s={search_term_string}\"},\"query-input\":{\"@type\":\"PropertyValueSpecification\",\"valueRequired\":true,\"valueName\":\"search_term_string\"}}],\"inLanguage\":\"es\"},{\"@type\":\"Organization\",\"@id\":\"https:\/\/www.casadelectores.com\/#organization\",\"name\":\"Enam\u00f3rate de las compras\",\"url\":\"https:\/\/www.casadelectores.com\/\",\"logo\":{\"@type\":\"ImageObject\",\"inLanguage\":\"es\",\"@id\":\"https:\/\/www.casadelectores.com\/#\/schema\/logo\/image\/\",\"url\":\"https:\/\/www.casadelectores.com\/wp-content\/uploads\/2020\/10\/shop-icon.png\",\"contentUrl\":\"https:\/\/www.casadelectores.com\/wp-content\/uploads\/2020\/10\/shop-icon.png\",\"width\":512,\"height\":512,\"caption\":\"Enam\u00f3rate de las compras\"},\"image\":{\"@id\":\"https:\/\/www.casadelectores.com\/#\/schema\/logo\/image\/\"}}]}<\/script>\n<!-- \/ Yoast SEO plugin. -->","yoast_head_json":{"title":"FILL DE L'ITALIA (PREMI RAMON LLULL 2019) Abverkauf - casadelectores","robots":{"index":"index","follow":"follow","max-snippet":"max-snippet:-1","max-image-preview":"max-image-preview:large","max-video-preview":"max-video-preview:-1"},"canonical":"https:\/\/www.casadelectores.com\/index.php\/producto\/fill-de-l-italia-premi-ramon-llull-2019-abverkauf-42838\/","og_locale":"es_ES","og_type":"article","og_title":"FILL DE L'ITALIA (PREMI RAMON LLULL 2019) Abverkauf - casadelectores","og_description":"Quan la recerca de la identitat esdev\u00e9 un viatge apassionant.En Mateu creix en una fam\u00edlia trencada que no se sent seva. Des de petit lluita per deixar enrere els crits, les baralles i la mis\u00e8ria de la Mina, la casa m\u00e9s pobra de Caldes de Malavella, la que tothom evita. Aviat descobreix que els seus&hellip;&nbsp;FILL DE L&#8217;ITALIA (PREMI RAMON LLULL 2019) Abverkauf","og_url":"https:\/\/www.casadelectores.com\/index.php\/producto\/fill-de-l-italia-premi-ramon-llull-2019-abverkauf-42838\/","og_site_name":"casadelectores","og_image":[{"width":300,"height":452,"url":"https:\/\/www.casadelectores.com\/wp-content\/uploads\/2025\/SK0196199-DE20251119-101116-0-1763518286-978846642482.webp","type":"image\/webp"}],"twitter_card":"summary_large_image","twitter_misc":{"Tiempo de lectura":"2 minutos"},"schema":{"@context":"https:\/\/schema.org","@graph":[{"@type":"WebPage","@id":"https:\/\/www.casadelectores.com\/index.php\/producto\/fill-de-l-italia-premi-ramon-llull-2019-abverkauf-42838\/","url":"https:\/\/www.casadelectores.com\/index.php\/producto\/fill-de-l-italia-premi-ramon-llull-2019-abverkauf-42838\/","name":"FILL DE L'ITALIA (PREMI RAMON LLULL 2019) Abverkauf - casadelectores","isPartOf":{"@id":"https:\/\/www.casadelectores.com\/#website"},"primaryImageOfPage":{"@id":"https:\/\/www.casadelectores.com\/index.php\/producto\/fill-de-l-italia-premi-ramon-llull-2019-abverkauf-42838\/#primaryimage"},"image":{"@id":"https:\/\/www.casadelectores.com\/index.php\/producto\/fill-de-l-italia-premi-ramon-llull-2019-abverkauf-42838\/#primaryimage"},"thumbnailUrl":"https:\/\/www.casadelectores.com\/wp-content\/uploads\/2025\/SK0196199-DE20251119-101116-0-1763518286-978846642482.webp","datePublished":"2025-11-25T09:05:43+00:00","breadcrumb":{"@id":"https:\/\/www.casadelectores.com\/index.php\/producto\/fill-de-l-italia-premi-ramon-llull-2019-abverkauf-42838\/#breadcrumb"},"inLanguage":"es","potentialAction":[{"@type":"ReadAction","target":["https:\/\/www.casadelectores.com\/index.php\/producto\/fill-de-l-italia-premi-ramon-llull-2019-abverkauf-42838\/"]}]},{"@type":"ImageObject","inLanguage":"es","@id":"https:\/\/www.casadelectores.com\/index.php\/producto\/fill-de-l-italia-premi-ramon-llull-2019-abverkauf-42838\/#primaryimage","url":"https:\/\/www.casadelectores.com\/wp-content\/uploads\/2025\/SK0196199-DE20251119-101116-0-1763518286-978846642482.webp","contentUrl":"https:\/\/www.casadelectores.com\/wp-content\/uploads\/2025\/SK0196199-DE20251119-101116-0-1763518286-978846642482.webp","width":300,"height":452},{"@type":"BreadcrumbList","@id":"https:\/\/www.casadelectores.com\/index.php\/producto\/fill-de-l-italia-premi-ramon-llull-2019-abverkauf-42838\/#breadcrumb","itemListElement":[{"@type":"ListItem","position":1,"name":"Portada","item":"https:\/\/www.casadelectores.com\/"},{"@type":"ListItem","position":2,"name":"Shop","item":"https:\/\/www.casadelectores.com\/index.php\/shop\/"},{"@type":"ListItem","position":3,"name":"FILL DE L&#8217;ITALIA (PREMI RAMON LLULL 2019) Abverkauf"}]},{"@type":"WebSite","@id":"https:\/\/www.casadelectores.com\/#website","url":"https:\/\/www.casadelectores.com\/","name":"Enam\u00f3rate de las compras","description":"","publisher":{"@id":"https:\/\/www.casadelectores.com\/#organization"},"potentialAction":[{"@type":"SearchAction","target":{"@type":"EntryPoint","urlTemplate":"https:\/\/www.casadelectores.com\/?s={search_term_string}"},"query-input":{"@type":"PropertyValueSpecification","valueRequired":true,"valueName":"search_term_string"}}],"inLanguage":"es"},{"@type":"Organization","@id":"https:\/\/www.casadelectores.com\/#organization","name":"Enam\u00f3rate de las compras","url":"https:\/\/www.casadelectores.com\/","logo":{"@type":"ImageObject","inLanguage":"es","@id":"https:\/\/www.casadelectores.com\/#\/schema\/logo\/image\/","url":"https:\/\/www.casadelectores.com\/wp-content\/uploads\/2020\/10\/shop-icon.png","contentUrl":"https:\/\/www.casadelectores.com\/wp-content\/uploads\/2020\/10\/shop-icon.png","width":512,"height":512,"caption":"Enam\u00f3rate de las compras"},"image":{"@id":"https:\/\/www.casadelectores.com\/#\/schema\/logo\/image\/"}}]}},"_links":{"self":[{"href":"https:\/\/www.casadelectores.com\/index.php\/wp-json\/wp\/v2\/product\/42838","targetHints":{"allow":["GET"]}}],"collection":[{"href":"https:\/\/www.casadelectores.com\/index.php\/wp-json\/wp\/v2\/product"}],"about":[{"href":"https:\/\/www.casadelectores.com\/index.php\/wp-json\/wp\/v2\/types\/product"}],"wp:featuredmedia":[{"embeddable":true,"href":"https:\/\/www.casadelectores.com\/index.php\/wp-json\/wp\/v2\/media\/42938"}],"wp:attachment":[{"href":"https:\/\/www.casadelectores.com\/index.php\/wp-json\/wp\/v2\/media?parent=42838"}],"wp:term":[{"taxonomy":"product_brand","embeddable":true,"href":"https:\/\/www.casadelectores.com\/index.php\/wp-json\/wp\/v2\/product_brand?post=42838"},{"taxonomy":"product_cat","embeddable":true,"href":"https:\/\/www.casadelectores.com\/index.php\/wp-json\/wp\/v2\/product_cat?post=42838"},{"taxonomy":"product_tag","embeddable":true,"href":"https:\/\/www.casadelectores.com\/index.php\/wp-json\/wp\/v2\/product_tag?post=42838"}],"curies":[{"name":"wp","href":"https:\/\/api.w.org\/{rel}","templated":true}]}}