{"id":42632,"date":"2025-11-25T09:05:43","date_gmt":"2025-11-25T09:05:43","guid":{"rendered":""},"modified":"2025-11-25T09:05:43","modified_gmt":"2025-11-25T09:05:43","slug":"finale-aktion-artemides-zatti-salesiano-coadjutor-en-bicicleta-hacia-el-cielo-42632","status":"publish","type":"product","link":"https:\/\/www.casadelectores.com\/index.php\/producto\/finale-aktion-artemides-zatti-salesiano-coadjutor-en-bicicleta-hacia-el-cielo-42632\/","title":{"rendered":"Finale Aktion ART\u00c9MIDES ZATTI. SALESIANO COADJUTOR EN BICICLETA HACIA EL CIELO"},"content":{"rendered":"<p>\u00abEs motivo de inmensa alegr\u00eda y gratitud a Dios la canonizaci\u00f3n del beato Art\u00e9mides Zatti, profeso de la Sociedad Salesiana de San Juan Bosco, nacido el 12 de octubre de 1880 en Boretto (Italia) y fallecido el 15 de marzo de 1951 en Viedma (Argentina), que el papa Francisco ha realizado el domingo 9 de octubre de 2022. En la Familia Salesiana, en la Iglesia argentina (en particular en la di\u00f3cesis de Viedma), en Italia, en su ciudad natal Boretto y en la di\u00f3cesis de Reggio Emilia, este es un evento de gracia que compromete a renovar prop\u00f3sitos de santidad inspirados en el testimonio evang\u00e9lico y salesiano del nuevo santo Art\u00e9mides Zatti.La biograf\u00eda editada por don Pierluigi Cameroni, Postulador General, es una publicaci\u00f3n que ayuda a conocer la historia humana y espiritual de este hijo de Don Bosco. En estas p\u00e1ginas se describen los lugares donde vivi\u00f3 Art\u00e9mides, los gestos y el lenguaje con los que encarn\u00f3 el mensaje de la compasi\u00f3n evang\u00e9lica y de la alegr\u00eda salesiana. La lectura de este texto nos ofrece algunas l\u00edneas interpretativas de la historia de santidad de Art\u00e9mides Zatti, hombre de coraz\u00f3n sensible a la gracia, de o\u00eddos atentos a la voz de Dios y a su voluntad, de ojos abiertos a las necesidades y miserias de tantos hermanos y hermanas\u00bb (Del Prefacio de don \u00c1ngel Fern\u00e1ndez Artime, Rector Mayor). \u00ab,<\/p>\n","protected":false},"excerpt":{"rendered":"<p>\u00abEs motivo de inmensa alegr\u00eda y gratitud a Dios la canonizaci\u00f3n del beato Art\u00e9mides Zatti, profeso de la Sociedad Salesiana de San Juan Bosco, nacido el 12 de octubre de 1880 en Boretto (Italia) y fallecido el 15 de marzo de 1951 en Viedma (Argentina), que el papa Francisco ha realizado el domingo 9 de&hellip;&nbsp;<a href=\"https:\/\/www.casadelectores.com\/index.php\/producto\/finale-aktion-artemides-zatti-salesiano-coadjutor-en-bicicleta-hacia-el-cielo-42632\/\" rel=\"bookmark\"><span class=\"screen-reader-text\">Finale Aktion ART\u00c9MIDES ZATTI. SALESIANO COADJUTOR EN BICICLETA HACIA EL CIELO<\/span><\/a><\/p>\n","protected":false},"featured_media":42732,"template":"","meta":{"neve_meta_sidebar":"","neve_meta_container":"","neve_meta_enable_content_width":"","neve_meta_content_width":0,"neve_meta_title_alignment":"","neve_meta_author_avatar":"","neve_post_elements_order":"","neve_meta_disable_header":"","neve_meta_disable_footer":"","neve_meta_disable_title":"","_themeisle_gutenberg_block_has_review":false},"product_brand":[],"product_cat":[26],"product_tag":[],"class_list":["post-42632","product","type-product","status-publish","has-post-thumbnail","product_cat-publicaciones-de-libros","first","instock","sale","shipping-taxable","purchasable","product-type-simple"],"yoast_head":"<!-- This site is optimized with the Yoast SEO plugin v26.3 - https:\/\/yoast.com\/wordpress\/plugins\/seo\/ -->\n<title>Finale Aktion ART\u00c9MIDES ZATTI. SALESIANO COADJUTOR EN BICICLETA HACIA EL CIELO - casadelectores<\/title>\n<meta name=\"robots\" content=\"index, follow, max-snippet:-1, max-image-preview:large, max-video-preview:-1\" \/>\n<link rel=\"canonical\" href=\"https:\/\/www.casadelectores.com\/index.php\/producto\/finale-aktion-artemides-zatti-salesiano-coadjutor-en-bicicleta-hacia-el-cielo-42632\/\" \/>\n<meta property=\"og:locale\" content=\"es_ES\" \/>\n<meta property=\"og:type\" content=\"article\" \/>\n<meta property=\"og:title\" content=\"Finale Aktion ART\u00c9MIDES ZATTI. SALESIANO COADJUTOR EN BICICLETA HACIA EL CIELO - casadelectores\" \/>\n<meta property=\"og:description\" content=\"\u00abEs motivo de inmensa alegr\u00eda y gratitud a Dios la canonizaci\u00f3n del beato Art\u00e9mides Zatti, profeso de la Sociedad Salesiana de San Juan Bosco, nacido el 12 de octubre de 1880 en Boretto (Italia) y fallecido el 15 de marzo de 1951 en Viedma (Argentina), que el papa Francisco ha realizado el domingo 9 de&hellip;&nbsp;Finale Aktion ART\u00c9MIDES ZATTI. SALESIANO COADJUTOR EN BICICLETA HACIA EL CIELO\" \/>\n<meta property=\"og:url\" content=\"https:\/\/www.casadelectores.com\/index.php\/producto\/finale-aktion-artemides-zatti-salesiano-coadjutor-en-bicicleta-hacia-el-cielo-42632\/\" \/>\n<meta property=\"og:site_name\" content=\"casadelectores\" \/>\n<meta property=\"og:image\" content=\"https:\/\/www.casadelectores.com\/wp-content\/uploads\/2025\/SK0195830-DE20251119-101116-0-1763518286-978841379801.webp\" \/>\n\t<meta property=\"og:image:width\" content=\"300\" \/>\n\t<meta property=\"og:image:height\" content=\"435\" \/>\n\t<meta property=\"og:image:type\" content=\"image\/webp\" \/>\n<meta name=\"twitter:card\" content=\"summary_large_image\" \/>\n<meta name=\"twitter:label1\" content=\"Tiempo de lectura\" \/>\n\t<meta name=\"twitter:data1\" content=\"1 minuto\" \/>\n<script type=\"application\/ld+json\" class=\"yoast-schema-graph\">{\"@context\":\"https:\/\/schema.org\",\"@graph\":[{\"@type\":\"WebPage\",\"@id\":\"https:\/\/www.casadelectores.com\/index.php\/producto\/finale-aktion-artemides-zatti-salesiano-coadjutor-en-bicicleta-hacia-el-cielo-42632\/\",\"url\":\"https:\/\/www.casadelectores.com\/index.php\/producto\/finale-aktion-artemides-zatti-salesiano-coadjutor-en-bicicleta-hacia-el-cielo-42632\/\",\"name\":\"Finale Aktion ART\u00c9MIDES ZATTI. SALESIANO COADJUTOR EN BICICLETA HACIA EL CIELO - casadelectores\",\"isPartOf\":{\"@id\":\"https:\/\/www.casadelectores.com\/#website\"},\"primaryImageOfPage\":{\"@id\":\"https:\/\/www.casadelectores.com\/index.php\/producto\/finale-aktion-artemides-zatti-salesiano-coadjutor-en-bicicleta-hacia-el-cielo-42632\/#primaryimage\"},\"image\":{\"@id\":\"https:\/\/www.casadelectores.com\/index.php\/producto\/finale-aktion-artemides-zatti-salesiano-coadjutor-en-bicicleta-hacia-el-cielo-42632\/#primaryimage\"},\"thumbnailUrl\":\"https:\/\/www.casadelectores.com\/wp-content\/uploads\/2025\/SK0195830-DE20251119-101116-0-1763518286-978841379801.webp\",\"datePublished\":\"2025-11-25T09:05:43+00:00\",\"breadcrumb\":{\"@id\":\"https:\/\/www.casadelectores.com\/index.php\/producto\/finale-aktion-artemides-zatti-salesiano-coadjutor-en-bicicleta-hacia-el-cielo-42632\/#breadcrumb\"},\"inLanguage\":\"es\",\"potentialAction\":[{\"@type\":\"ReadAction\",\"target\":[\"https:\/\/www.casadelectores.com\/index.php\/producto\/finale-aktion-artemides-zatti-salesiano-coadjutor-en-bicicleta-hacia-el-cielo-42632\/\"]}]},{\"@type\":\"ImageObject\",\"inLanguage\":\"es\",\"@id\":\"https:\/\/www.casadelectores.com\/index.php\/producto\/finale-aktion-artemides-zatti-salesiano-coadjutor-en-bicicleta-hacia-el-cielo-42632\/#primaryimage\",\"url\":\"https:\/\/www.casadelectores.com\/wp-content\/uploads\/2025\/SK0195830-DE20251119-101116-0-1763518286-978841379801.webp\",\"contentUrl\":\"https:\/\/www.casadelectores.com\/wp-content\/uploads\/2025\/SK0195830-DE20251119-101116-0-1763518286-978841379801.webp\",\"width\":300,\"height\":435},{\"@type\":\"BreadcrumbList\",\"@id\":\"https:\/\/www.casadelectores.com\/index.php\/producto\/finale-aktion-artemides-zatti-salesiano-coadjutor-en-bicicleta-hacia-el-cielo-42632\/#breadcrumb\",\"itemListElement\":[{\"@type\":\"ListItem\",\"position\":1,\"name\":\"Portada\",\"item\":\"https:\/\/www.casadelectores.com\/\"},{\"@type\":\"ListItem\",\"position\":2,\"name\":\"Shop\",\"item\":\"https:\/\/www.casadelectores.com\/index.php\/shop\/\"},{\"@type\":\"ListItem\",\"position\":3,\"name\":\"Finale Aktion ART\u00c9MIDES ZATTI. SALESIANO COADJUTOR EN BICICLETA HACIA EL CIELO\"}]},{\"@type\":\"WebSite\",\"@id\":\"https:\/\/www.casadelectores.com\/#website\",\"url\":\"https:\/\/www.casadelectores.com\/\",\"name\":\"Enam\u00f3rate de las compras\",\"description\":\"\",\"publisher\":{\"@id\":\"https:\/\/www.casadelectores.com\/#organization\"},\"potentialAction\":[{\"@type\":\"SearchAction\",\"target\":{\"@type\":\"EntryPoint\",\"urlTemplate\":\"https:\/\/www.casadelectores.com\/?s={search_term_string}\"},\"query-input\":{\"@type\":\"PropertyValueSpecification\",\"valueRequired\":true,\"valueName\":\"search_term_string\"}}],\"inLanguage\":\"es\"},{\"@type\":\"Organization\",\"@id\":\"https:\/\/www.casadelectores.com\/#organization\",\"name\":\"Enam\u00f3rate de las compras\",\"url\":\"https:\/\/www.casadelectores.com\/\",\"logo\":{\"@type\":\"ImageObject\",\"inLanguage\":\"es\",\"@id\":\"https:\/\/www.casadelectores.com\/#\/schema\/logo\/image\/\",\"url\":\"https:\/\/www.casadelectores.com\/wp-content\/uploads\/2020\/10\/shop-icon.png\",\"contentUrl\":\"https:\/\/www.casadelectores.com\/wp-content\/uploads\/2020\/10\/shop-icon.png\",\"width\":512,\"height\":512,\"caption\":\"Enam\u00f3rate de las compras\"},\"image\":{\"@id\":\"https:\/\/www.casadelectores.com\/#\/schema\/logo\/image\/\"}}]}<\/script>\n<!-- \/ Yoast SEO plugin. -->","yoast_head_json":{"title":"Finale Aktion ART\u00c9MIDES ZATTI. SALESIANO COADJUTOR EN BICICLETA HACIA EL CIELO - casadelectores","robots":{"index":"index","follow":"follow","max-snippet":"max-snippet:-1","max-image-preview":"max-image-preview:large","max-video-preview":"max-video-preview:-1"},"canonical":"https:\/\/www.casadelectores.com\/index.php\/producto\/finale-aktion-artemides-zatti-salesiano-coadjutor-en-bicicleta-hacia-el-cielo-42632\/","og_locale":"es_ES","og_type":"article","og_title":"Finale Aktion ART\u00c9MIDES ZATTI. SALESIANO COADJUTOR EN BICICLETA HACIA EL CIELO - casadelectores","og_description":"\u00abEs motivo de inmensa alegr\u00eda y gratitud a Dios la canonizaci\u00f3n del beato Art\u00e9mides Zatti, profeso de la Sociedad Salesiana de San Juan Bosco, nacido el 12 de octubre de 1880 en Boretto (Italia) y fallecido el 15 de marzo de 1951 en Viedma (Argentina), que el papa Francisco ha realizado el domingo 9 de&hellip;&nbsp;Finale Aktion ART\u00c9MIDES ZATTI. SALESIANO COADJUTOR EN BICICLETA HACIA EL CIELO","og_url":"https:\/\/www.casadelectores.com\/index.php\/producto\/finale-aktion-artemides-zatti-salesiano-coadjutor-en-bicicleta-hacia-el-cielo-42632\/","og_site_name":"casadelectores","og_image":[{"width":300,"height":435,"url":"https:\/\/www.casadelectores.com\/wp-content\/uploads\/2025\/SK0195830-DE20251119-101116-0-1763518286-978841379801.webp","type":"image\/webp"}],"twitter_card":"summary_large_image","twitter_misc":{"Tiempo de lectura":"1 minuto"},"schema":{"@context":"https:\/\/schema.org","@graph":[{"@type":"WebPage","@id":"https:\/\/www.casadelectores.com\/index.php\/producto\/finale-aktion-artemides-zatti-salesiano-coadjutor-en-bicicleta-hacia-el-cielo-42632\/","url":"https:\/\/www.casadelectores.com\/index.php\/producto\/finale-aktion-artemides-zatti-salesiano-coadjutor-en-bicicleta-hacia-el-cielo-42632\/","name":"Finale Aktion ART\u00c9MIDES ZATTI. SALESIANO COADJUTOR EN BICICLETA HACIA EL CIELO - casadelectores","isPartOf":{"@id":"https:\/\/www.casadelectores.com\/#website"},"primaryImageOfPage":{"@id":"https:\/\/www.casadelectores.com\/index.php\/producto\/finale-aktion-artemides-zatti-salesiano-coadjutor-en-bicicleta-hacia-el-cielo-42632\/#primaryimage"},"image":{"@id":"https:\/\/www.casadelectores.com\/index.php\/producto\/finale-aktion-artemides-zatti-salesiano-coadjutor-en-bicicleta-hacia-el-cielo-42632\/#primaryimage"},"thumbnailUrl":"https:\/\/www.casadelectores.com\/wp-content\/uploads\/2025\/SK0195830-DE20251119-101116-0-1763518286-978841379801.webp","datePublished":"2025-11-25T09:05:43+00:00","breadcrumb":{"@id":"https:\/\/www.casadelectores.com\/index.php\/producto\/finale-aktion-artemides-zatti-salesiano-coadjutor-en-bicicleta-hacia-el-cielo-42632\/#breadcrumb"},"inLanguage":"es","potentialAction":[{"@type":"ReadAction","target":["https:\/\/www.casadelectores.com\/index.php\/producto\/finale-aktion-artemides-zatti-salesiano-coadjutor-en-bicicleta-hacia-el-cielo-42632\/"]}]},{"@type":"ImageObject","inLanguage":"es","@id":"https:\/\/www.casadelectores.com\/index.php\/producto\/finale-aktion-artemides-zatti-salesiano-coadjutor-en-bicicleta-hacia-el-cielo-42632\/#primaryimage","url":"https:\/\/www.casadelectores.com\/wp-content\/uploads\/2025\/SK0195830-DE20251119-101116-0-1763518286-978841379801.webp","contentUrl":"https:\/\/www.casadelectores.com\/wp-content\/uploads\/2025\/SK0195830-DE20251119-101116-0-1763518286-978841379801.webp","width":300,"height":435},{"@type":"BreadcrumbList","@id":"https:\/\/www.casadelectores.com\/index.php\/producto\/finale-aktion-artemides-zatti-salesiano-coadjutor-en-bicicleta-hacia-el-cielo-42632\/#breadcrumb","itemListElement":[{"@type":"ListItem","position":1,"name":"Portada","item":"https:\/\/www.casadelectores.com\/"},{"@type":"ListItem","position":2,"name":"Shop","item":"https:\/\/www.casadelectores.com\/index.php\/shop\/"},{"@type":"ListItem","position":3,"name":"Finale Aktion ART\u00c9MIDES ZATTI. SALESIANO COADJUTOR EN BICICLETA HACIA EL CIELO"}]},{"@type":"WebSite","@id":"https:\/\/www.casadelectores.com\/#website","url":"https:\/\/www.casadelectores.com\/","name":"Enam\u00f3rate de las compras","description":"","publisher":{"@id":"https:\/\/www.casadelectores.com\/#organization"},"potentialAction":[{"@type":"SearchAction","target":{"@type":"EntryPoint","urlTemplate":"https:\/\/www.casadelectores.com\/?s={search_term_string}"},"query-input":{"@type":"PropertyValueSpecification","valueRequired":true,"valueName":"search_term_string"}}],"inLanguage":"es"},{"@type":"Organization","@id":"https:\/\/www.casadelectores.com\/#organization","name":"Enam\u00f3rate de las compras","url":"https:\/\/www.casadelectores.com\/","logo":{"@type":"ImageObject","inLanguage":"es","@id":"https:\/\/www.casadelectores.com\/#\/schema\/logo\/image\/","url":"https:\/\/www.casadelectores.com\/wp-content\/uploads\/2020\/10\/shop-icon.png","contentUrl":"https:\/\/www.casadelectores.com\/wp-content\/uploads\/2020\/10\/shop-icon.png","width":512,"height":512,"caption":"Enam\u00f3rate de las compras"},"image":{"@id":"https:\/\/www.casadelectores.com\/#\/schema\/logo\/image\/"}}]}},"_links":{"self":[{"href":"https:\/\/www.casadelectores.com\/index.php\/wp-json\/wp\/v2\/product\/42632","targetHints":{"allow":["GET"]}}],"collection":[{"href":"https:\/\/www.casadelectores.com\/index.php\/wp-json\/wp\/v2\/product"}],"about":[{"href":"https:\/\/www.casadelectores.com\/index.php\/wp-json\/wp\/v2\/types\/product"}],"wp:featuredmedia":[{"embeddable":true,"href":"https:\/\/www.casadelectores.com\/index.php\/wp-json\/wp\/v2\/media\/42732"}],"wp:attachment":[{"href":"https:\/\/www.casadelectores.com\/index.php\/wp-json\/wp\/v2\/media?parent=42632"}],"wp:term":[{"taxonomy":"product_brand","embeddable":true,"href":"https:\/\/www.casadelectores.com\/index.php\/wp-json\/wp\/v2\/product_brand?post=42632"},{"taxonomy":"product_cat","embeddable":true,"href":"https:\/\/www.casadelectores.com\/index.php\/wp-json\/wp\/v2\/product_cat?post=42632"},{"taxonomy":"product_tag","embeddable":true,"href":"https:\/\/www.casadelectores.com\/index.php\/wp-json\/wp\/v2\/product_tag?post=42632"}],"curies":[{"name":"wp","href":"https:\/\/api.w.org\/{rel}","templated":true}]}}