{"id":42427,"date":"2025-11-25T09:05:43","date_gmt":"2025-11-25T09:05:43","guid":{"rendered":""},"modified":"2025-11-25T09:05:43","modified_gmt":"2025-11-25T09:05:43","slug":"finale-aktion-pio-x-en-los-origenes-del-catolicismo-contemporaneo-42427","status":"publish","type":"product","link":"https:\/\/www.casadelectores.com\/index.php\/producto\/finale-aktion-pio-x-en-los-origenes-del-catolicismo-contemporaneo-42427\/","title":{"rendered":"Finale Aktion P\u00cdO X. EN LOS OR\u00cdGENES DEL CATOLICISMO CONTEMPOR\u00c1NEO"},"content":{"rendered":"<p>\u00bfUn conservador o un reformador? \u00bfUn reaccionario o un revolucionario? En torno a P\u00edo X (1903-1914), el primer Papa del siglo XX, sigue cerni\u00e9ndose todav\u00eda hoy una sombra compleja y alargada, con su consiguiente controversia. Libro ganador del XLVII premio Acqui Storia en Italia.  Fue, sin duda, el pont\u00edfice que conden\u00f3 el modernismo, y tambi\u00e9n el que leg\u00f3 dos memorables instrumentos -uno jur\u00eddico, el C\u00f3digo de Derecho Can\u00f3nico; otro doctrinal, el Catecismo que lleva su nombre-, al tiempo que, con la supresi\u00f3n del derecho de veto, liber\u00f3 a la Iglesia del abrazo letal de las grandes potencias. Y, adem\u00e1s, tuvo la iniciativa de reformar oportuna y radicalmente la Curia Romana, y la liturgia, y la m\u00fasica sacra y&#8230; hasta la piedad eucar\u00edstica de ni\u00f1os y mayores.  \u00bfAnte qui\u00e9n estamos, pues: un nost\u00e1lgico del pasado o un precursor del futuro? Gianpaolo Romanato responde a la pregunta con un ameno paseo por la vida de Jos\u00e9 Sarto, desde sus humildes ra\u00edces en la campi\u00f1a v\u00e9neta hasta la silla romana de Pedro. Con penetrante mirada de historiador, el profesor Romanato expone, documenta, contrasta y enjuicia con rigor y perspectiva el itinerario vital de un hombre y de un papa que sigue sin dejar a nadie indiferente. Una extraordinaria biograf\u00eda. \u00bfLa biograf\u00eda definitiva de P\u00edo X? Muy probablemente.  Gianpaolo Romanato (Rovigo [V\u00e9neto], 1947) es profesor de Historia Contempor\u00e1nea en la Universidad de Padua (Italia) y miembro del Comit\u00e9 Pontificio de Ciencias Hist\u00f3ricas (Vaticano). Es autor de veinte libros, junto a numerosos art\u00edculos en revistas especializadas y prensa diaria. Dentro del g\u00e9nero biogr\u00e1fico ha escrito sobre Daniel Comboni -fundador de los Misioneros Combonianos-, Giacomo Matteotti, Adolfo Rossi y, singularmente, sobre P\u00edo X, a quien ha dedicado incontables horas de investigaci\u00f3n. La presente biograf\u00eda le granje\u00f3 el Premio Acqui Storia 2014. \u00ab,<\/p>\n","protected":false},"excerpt":{"rendered":"<p>\u00bfUn conservador o un reformador? \u00bfUn reaccionario o un revolucionario? En torno a P\u00edo X (1903-1914), el primer Papa del siglo XX, sigue cerni\u00e9ndose todav\u00eda hoy una sombra compleja y alargada, con su consiguiente controversia. Libro ganador del XLVII premio Acqui Storia en Italia. Fue, sin duda, el pont\u00edfice que conden\u00f3 el modernismo, y tambi\u00e9n&hellip;&nbsp;<a href=\"https:\/\/www.casadelectores.com\/index.php\/producto\/finale-aktion-pio-x-en-los-origenes-del-catolicismo-contemporaneo-42427\/\" rel=\"bookmark\"><span class=\"screen-reader-text\">Finale Aktion P\u00cdO X. EN LOS OR\u00cdGENES DEL CATOLICISMO CONTEMPOR\u00c1NEO<\/span><\/a><\/p>\n","protected":false},"featured_media":42527,"template":"","meta":{"neve_meta_sidebar":"","neve_meta_container":"","neve_meta_enable_content_width":"","neve_meta_content_width":0,"neve_meta_title_alignment":"","neve_meta_author_avatar":"","neve_post_elements_order":"","neve_meta_disable_header":"","neve_meta_disable_footer":"","neve_meta_disable_title":"","_themeisle_gutenberg_block_has_review":false},"product_brand":[],"product_cat":[26],"product_tag":[],"class_list":["post-42427","product","type-product","status-publish","has-post-thumbnail","product_cat-publicaciones-de-libros","first","instock","sale","shipping-taxable","purchasable","product-type-simple"],"yoast_head":"<!-- This site is optimized with the Yoast SEO plugin v26.3 - https:\/\/yoast.com\/wordpress\/plugins\/seo\/ -->\n<title>Finale Aktion P\u00cdO X. EN LOS OR\u00cdGENES DEL CATOLICISMO CONTEMPOR\u00c1NEO - casadelectores<\/title>\n<meta name=\"robots\" content=\"index, follow, max-snippet:-1, max-image-preview:large, max-video-preview:-1\" \/>\n<link rel=\"canonical\" href=\"https:\/\/www.casadelectores.com\/index.php\/producto\/finale-aktion-pio-x-en-los-origenes-del-catolicismo-contemporaneo-42427\/\" \/>\n<meta property=\"og:locale\" content=\"es_ES\" \/>\n<meta property=\"og:type\" content=\"article\" \/>\n<meta property=\"og:title\" content=\"Finale Aktion P\u00cdO X. EN LOS OR\u00cdGENES DEL CATOLICISMO CONTEMPOR\u00c1NEO - casadelectores\" \/>\n<meta property=\"og:description\" content=\"\u00bfUn conservador o un reformador? \u00bfUn reaccionario o un revolucionario? En torno a P\u00edo X (1903-1914), el primer Papa del siglo XX, sigue cerni\u00e9ndose todav\u00eda hoy una sombra compleja y alargada, con su consiguiente controversia. Libro ganador del XLVII premio Acqui Storia en Italia. Fue, sin duda, el pont\u00edfice que conden\u00f3 el modernismo, y tambi\u00e9n&hellip;&nbsp;Finale Aktion P\u00cdO X. EN LOS OR\u00cdGENES DEL CATOLICISMO CONTEMPOR\u00c1NEO\" \/>\n<meta property=\"og:url\" content=\"https:\/\/www.casadelectores.com\/index.php\/producto\/finale-aktion-pio-x-en-los-origenes-del-catolicismo-contemporaneo-42427\/\" \/>\n<meta property=\"og:site_name\" content=\"casadelectores\" \/>\n<meta property=\"og:image\" content=\"https:\/\/www.casadelectores.com\/wp-content\/uploads\/2025\/SK0196058-DE20251119-101116-0-1763518286-978849061730.webp\" \/>\n\t<meta property=\"og:image:width\" content=\"300\" \/>\n\t<meta property=\"og:image:height\" content=\"450\" \/>\n\t<meta property=\"og:image:type\" content=\"image\/webp\" \/>\n<meta name=\"twitter:card\" content=\"summary_large_image\" \/>\n<meta name=\"twitter:label1\" content=\"Tiempo de lectura\" \/>\n\t<meta name=\"twitter:data1\" content=\"2 minutos\" \/>\n<script type=\"application\/ld+json\" class=\"yoast-schema-graph\">{\"@context\":\"https:\/\/schema.org\",\"@graph\":[{\"@type\":\"WebPage\",\"@id\":\"https:\/\/www.casadelectores.com\/index.php\/producto\/finale-aktion-pio-x-en-los-origenes-del-catolicismo-contemporaneo-42427\/\",\"url\":\"https:\/\/www.casadelectores.com\/index.php\/producto\/finale-aktion-pio-x-en-los-origenes-del-catolicismo-contemporaneo-42427\/\",\"name\":\"Finale Aktion P\u00cdO X. EN LOS OR\u00cdGENES DEL CATOLICISMO CONTEMPOR\u00c1NEO - casadelectores\",\"isPartOf\":{\"@id\":\"https:\/\/www.casadelectores.com\/#website\"},\"primaryImageOfPage\":{\"@id\":\"https:\/\/www.casadelectores.com\/index.php\/producto\/finale-aktion-pio-x-en-los-origenes-del-catolicismo-contemporaneo-42427\/#primaryimage\"},\"image\":{\"@id\":\"https:\/\/www.casadelectores.com\/index.php\/producto\/finale-aktion-pio-x-en-los-origenes-del-catolicismo-contemporaneo-42427\/#primaryimage\"},\"thumbnailUrl\":\"https:\/\/www.casadelectores.com\/wp-content\/uploads\/2025\/SK0196058-DE20251119-101116-0-1763518286-978849061730.webp\",\"datePublished\":\"2025-11-25T09:05:43+00:00\",\"breadcrumb\":{\"@id\":\"https:\/\/www.casadelectores.com\/index.php\/producto\/finale-aktion-pio-x-en-los-origenes-del-catolicismo-contemporaneo-42427\/#breadcrumb\"},\"inLanguage\":\"es\",\"potentialAction\":[{\"@type\":\"ReadAction\",\"target\":[\"https:\/\/www.casadelectores.com\/index.php\/producto\/finale-aktion-pio-x-en-los-origenes-del-catolicismo-contemporaneo-42427\/\"]}]},{\"@type\":\"ImageObject\",\"inLanguage\":\"es\",\"@id\":\"https:\/\/www.casadelectores.com\/index.php\/producto\/finale-aktion-pio-x-en-los-origenes-del-catolicismo-contemporaneo-42427\/#primaryimage\",\"url\":\"https:\/\/www.casadelectores.com\/wp-content\/uploads\/2025\/SK0196058-DE20251119-101116-0-1763518286-978849061730.webp\",\"contentUrl\":\"https:\/\/www.casadelectores.com\/wp-content\/uploads\/2025\/SK0196058-DE20251119-101116-0-1763518286-978849061730.webp\",\"width\":300,\"height\":450},{\"@type\":\"BreadcrumbList\",\"@id\":\"https:\/\/www.casadelectores.com\/index.php\/producto\/finale-aktion-pio-x-en-los-origenes-del-catolicismo-contemporaneo-42427\/#breadcrumb\",\"itemListElement\":[{\"@type\":\"ListItem\",\"position\":1,\"name\":\"Portada\",\"item\":\"https:\/\/www.casadelectores.com\/\"},{\"@type\":\"ListItem\",\"position\":2,\"name\":\"Shop\",\"item\":\"https:\/\/www.casadelectores.com\/index.php\/shop\/\"},{\"@type\":\"ListItem\",\"position\":3,\"name\":\"Finale Aktion P\u00cdO X. EN LOS OR\u00cdGENES DEL CATOLICISMO CONTEMPOR\u00c1NEO\"}]},{\"@type\":\"WebSite\",\"@id\":\"https:\/\/www.casadelectores.com\/#website\",\"url\":\"https:\/\/www.casadelectores.com\/\",\"name\":\"Enam\u00f3rate de las compras\",\"description\":\"\",\"publisher\":{\"@id\":\"https:\/\/www.casadelectores.com\/#organization\"},\"potentialAction\":[{\"@type\":\"SearchAction\",\"target\":{\"@type\":\"EntryPoint\",\"urlTemplate\":\"https:\/\/www.casadelectores.com\/?s={search_term_string}\"},\"query-input\":{\"@type\":\"PropertyValueSpecification\",\"valueRequired\":true,\"valueName\":\"search_term_string\"}}],\"inLanguage\":\"es\"},{\"@type\":\"Organization\",\"@id\":\"https:\/\/www.casadelectores.com\/#organization\",\"name\":\"Enam\u00f3rate de las compras\",\"url\":\"https:\/\/www.casadelectores.com\/\",\"logo\":{\"@type\":\"ImageObject\",\"inLanguage\":\"es\",\"@id\":\"https:\/\/www.casadelectores.com\/#\/schema\/logo\/image\/\",\"url\":\"https:\/\/www.casadelectores.com\/wp-content\/uploads\/2020\/10\/shop-icon.png\",\"contentUrl\":\"https:\/\/www.casadelectores.com\/wp-content\/uploads\/2020\/10\/shop-icon.png\",\"width\":512,\"height\":512,\"caption\":\"Enam\u00f3rate de las compras\"},\"image\":{\"@id\":\"https:\/\/www.casadelectores.com\/#\/schema\/logo\/image\/\"}}]}<\/script>\n<!-- \/ Yoast SEO plugin. -->","yoast_head_json":{"title":"Finale Aktion P\u00cdO X. EN LOS OR\u00cdGENES DEL CATOLICISMO CONTEMPOR\u00c1NEO - casadelectores","robots":{"index":"index","follow":"follow","max-snippet":"max-snippet:-1","max-image-preview":"max-image-preview:large","max-video-preview":"max-video-preview:-1"},"canonical":"https:\/\/www.casadelectores.com\/index.php\/producto\/finale-aktion-pio-x-en-los-origenes-del-catolicismo-contemporaneo-42427\/","og_locale":"es_ES","og_type":"article","og_title":"Finale Aktion P\u00cdO X. EN LOS OR\u00cdGENES DEL CATOLICISMO CONTEMPOR\u00c1NEO - casadelectores","og_description":"\u00bfUn conservador o un reformador? \u00bfUn reaccionario o un revolucionario? En torno a P\u00edo X (1903-1914), el primer Papa del siglo XX, sigue cerni\u00e9ndose todav\u00eda hoy una sombra compleja y alargada, con su consiguiente controversia. Libro ganador del XLVII premio Acqui Storia en Italia. Fue, sin duda, el pont\u00edfice que conden\u00f3 el modernismo, y tambi\u00e9n&hellip;&nbsp;Finale Aktion P\u00cdO X. EN LOS OR\u00cdGENES DEL CATOLICISMO CONTEMPOR\u00c1NEO","og_url":"https:\/\/www.casadelectores.com\/index.php\/producto\/finale-aktion-pio-x-en-los-origenes-del-catolicismo-contemporaneo-42427\/","og_site_name":"casadelectores","og_image":[{"width":300,"height":450,"url":"https:\/\/www.casadelectores.com\/wp-content\/uploads\/2025\/SK0196058-DE20251119-101116-0-1763518286-978849061730.webp","type":"image\/webp"}],"twitter_card":"summary_large_image","twitter_misc":{"Tiempo de lectura":"2 minutos"},"schema":{"@context":"https:\/\/schema.org","@graph":[{"@type":"WebPage","@id":"https:\/\/www.casadelectores.com\/index.php\/producto\/finale-aktion-pio-x-en-los-origenes-del-catolicismo-contemporaneo-42427\/","url":"https:\/\/www.casadelectores.com\/index.php\/producto\/finale-aktion-pio-x-en-los-origenes-del-catolicismo-contemporaneo-42427\/","name":"Finale Aktion P\u00cdO X. EN LOS OR\u00cdGENES DEL CATOLICISMO CONTEMPOR\u00c1NEO - casadelectores","isPartOf":{"@id":"https:\/\/www.casadelectores.com\/#website"},"primaryImageOfPage":{"@id":"https:\/\/www.casadelectores.com\/index.php\/producto\/finale-aktion-pio-x-en-los-origenes-del-catolicismo-contemporaneo-42427\/#primaryimage"},"image":{"@id":"https:\/\/www.casadelectores.com\/index.php\/producto\/finale-aktion-pio-x-en-los-origenes-del-catolicismo-contemporaneo-42427\/#primaryimage"},"thumbnailUrl":"https:\/\/www.casadelectores.com\/wp-content\/uploads\/2025\/SK0196058-DE20251119-101116-0-1763518286-978849061730.webp","datePublished":"2025-11-25T09:05:43+00:00","breadcrumb":{"@id":"https:\/\/www.casadelectores.com\/index.php\/producto\/finale-aktion-pio-x-en-los-origenes-del-catolicismo-contemporaneo-42427\/#breadcrumb"},"inLanguage":"es","potentialAction":[{"@type":"ReadAction","target":["https:\/\/www.casadelectores.com\/index.php\/producto\/finale-aktion-pio-x-en-los-origenes-del-catolicismo-contemporaneo-42427\/"]}]},{"@type":"ImageObject","inLanguage":"es","@id":"https:\/\/www.casadelectores.com\/index.php\/producto\/finale-aktion-pio-x-en-los-origenes-del-catolicismo-contemporaneo-42427\/#primaryimage","url":"https:\/\/www.casadelectores.com\/wp-content\/uploads\/2025\/SK0196058-DE20251119-101116-0-1763518286-978849061730.webp","contentUrl":"https:\/\/www.casadelectores.com\/wp-content\/uploads\/2025\/SK0196058-DE20251119-101116-0-1763518286-978849061730.webp","width":300,"height":450},{"@type":"BreadcrumbList","@id":"https:\/\/www.casadelectores.com\/index.php\/producto\/finale-aktion-pio-x-en-los-origenes-del-catolicismo-contemporaneo-42427\/#breadcrumb","itemListElement":[{"@type":"ListItem","position":1,"name":"Portada","item":"https:\/\/www.casadelectores.com\/"},{"@type":"ListItem","position":2,"name":"Shop","item":"https:\/\/www.casadelectores.com\/index.php\/shop\/"},{"@type":"ListItem","position":3,"name":"Finale Aktion P\u00cdO X. EN LOS OR\u00cdGENES DEL CATOLICISMO CONTEMPOR\u00c1NEO"}]},{"@type":"WebSite","@id":"https:\/\/www.casadelectores.com\/#website","url":"https:\/\/www.casadelectores.com\/","name":"Enam\u00f3rate de las compras","description":"","publisher":{"@id":"https:\/\/www.casadelectores.com\/#organization"},"potentialAction":[{"@type":"SearchAction","target":{"@type":"EntryPoint","urlTemplate":"https:\/\/www.casadelectores.com\/?s={search_term_string}"},"query-input":{"@type":"PropertyValueSpecification","valueRequired":true,"valueName":"search_term_string"}}],"inLanguage":"es"},{"@type":"Organization","@id":"https:\/\/www.casadelectores.com\/#organization","name":"Enam\u00f3rate de las compras","url":"https:\/\/www.casadelectores.com\/","logo":{"@type":"ImageObject","inLanguage":"es","@id":"https:\/\/www.casadelectores.com\/#\/schema\/logo\/image\/","url":"https:\/\/www.casadelectores.com\/wp-content\/uploads\/2020\/10\/shop-icon.png","contentUrl":"https:\/\/www.casadelectores.com\/wp-content\/uploads\/2020\/10\/shop-icon.png","width":512,"height":512,"caption":"Enam\u00f3rate de las compras"},"image":{"@id":"https:\/\/www.casadelectores.com\/#\/schema\/logo\/image\/"}}]}},"_links":{"self":[{"href":"https:\/\/www.casadelectores.com\/index.php\/wp-json\/wp\/v2\/product\/42427","targetHints":{"allow":["GET"]}}],"collection":[{"href":"https:\/\/www.casadelectores.com\/index.php\/wp-json\/wp\/v2\/product"}],"about":[{"href":"https:\/\/www.casadelectores.com\/index.php\/wp-json\/wp\/v2\/types\/product"}],"wp:featuredmedia":[{"embeddable":true,"href":"https:\/\/www.casadelectores.com\/index.php\/wp-json\/wp\/v2\/media\/42527"}],"wp:attachment":[{"href":"https:\/\/www.casadelectores.com\/index.php\/wp-json\/wp\/v2\/media?parent=42427"}],"wp:term":[{"taxonomy":"product_brand","embeddable":true,"href":"https:\/\/www.casadelectores.com\/index.php\/wp-json\/wp\/v2\/product_brand?post=42427"},{"taxonomy":"product_cat","embeddable":true,"href":"https:\/\/www.casadelectores.com\/index.php\/wp-json\/wp\/v2\/product_cat?post=42427"},{"taxonomy":"product_tag","embeddable":true,"href":"https:\/\/www.casadelectores.com\/index.php\/wp-json\/wp\/v2\/product_tag?post=42427"}],"curies":[{"name":"wp","href":"https:\/\/api.w.org\/{rel}","templated":true}]}}