{"id":42426,"date":"2025-11-25T09:05:43","date_gmt":"2025-11-25T09:05:43","guid":{"rendered":""},"modified":"2025-11-25T09:05:43","modified_gmt":"2025-11-25T09:05:43","slug":"en-todas-las-circunstancias-la-intercesion-del-beato-alvaro-del-portillo-heute-kaufen-42426","status":"publish","type":"product","link":"https:\/\/www.casadelectores.com\/index.php\/producto\/en-todas-las-circunstancias-la-intercesion-del-beato-alvaro-del-portillo-heute-kaufen-42426\/","title":{"rendered":"EN TODAS LAS CIRCUNSTANCIAS. LA INTERCESI\u00d3N DEL BEATO \u00c1LVARO DEL PORTILLO Heute Kaufen"},"content":{"rendered":"<p>El obispo \u00c1lvaro del Portillo (1914-1994), primer sucesor de san Josemar\u00eda al frente del Opus Dei, fue beatificado en Madrid el 27 de septiembre de 2014. Ahora, al cabo de pocos a\u00f1os, unos cuantos factores parecen indicar que el Se\u00f1or quiere que el beato \u00c1lvaro sea, adem\u00e1s, declarado santo. Para mostrarlo, siempre a la espera del juicio definitivo de la Iglesia, aqu\u00ed est\u00e1 este libro, editado por el postulador de su causa de canonizaci\u00f3n.  Estas p\u00e1ginas recogen una selecci\u00f3n de los numerosos relatos de favores recibidos de Dios, en muy diferentes circunstancias, a trav\u00e9s de la intercesi\u00f3n del beato \u00c1lvaro. Llegados de distintas naciones, constituyen un signo elocuente de c\u00f3mo tantas personas han encontrado, en este obispo comprensivo y amable, un intercesor y un amigo. Previamente, el primer cap\u00edtulo cuenta en detalle el milagro de la curaci\u00f3n del ni\u00f1o chileno que le llev\u00f3 a la beatificaci\u00f3n. Junto a la homil\u00eda del cardenal Amato en esa ceremonia y unos breves textos de la predicaci\u00f3n del beato \u00c1lvaro, diversas fotograf\u00edas ilustran los rasgos serenos de su personalidad.  Para los lectores, estas p\u00e1ginas quieren ser un motivo de esperanza, as\u00ed como un est\u00edmulo y una invitaci\u00f3n a recurrir a la protecci\u00f3n del beato \u00c1lvaro del Portillo. \u00ab,<\/p>\n","protected":false},"excerpt":{"rendered":"<p>El obispo \u00c1lvaro del Portillo (1914-1994), primer sucesor de san Josemar\u00eda al frente del Opus Dei, fue beatificado en Madrid el 27 de septiembre de 2014. Ahora, al cabo de pocos a\u00f1os, unos cuantos factores parecen indicar que el Se\u00f1or quiere que el beato \u00c1lvaro sea, adem\u00e1s, declarado santo. Para mostrarlo, siempre a la espera&hellip;&nbsp;<a href=\"https:\/\/www.casadelectores.com\/index.php\/producto\/en-todas-las-circunstancias-la-intercesion-del-beato-alvaro-del-portillo-heute-kaufen-42426\/\" rel=\"bookmark\"><span class=\"screen-reader-text\">EN TODAS LAS CIRCUNSTANCIAS. LA INTERCESI\u00d3N DEL BEATO \u00c1LVARO DEL PORTILLO Heute Kaufen<\/span><\/a><\/p>\n","protected":false},"featured_media":42526,"template":"","meta":{"neve_meta_sidebar":"","neve_meta_container":"","neve_meta_enable_content_width":"","neve_meta_content_width":0,"neve_meta_title_alignment":"","neve_meta_author_avatar":"","neve_post_elements_order":"","neve_meta_disable_header":"","neve_meta_disable_footer":"","neve_meta_disable_title":"","_themeisle_gutenberg_block_has_review":false},"product_brand":[],"product_cat":[26],"product_tag":[],"class_list":["post-42426","product","type-product","status-publish","has-post-thumbnail","product_cat-publicaciones-de-libros","first","instock","sale","shipping-taxable","purchasable","product-type-simple"],"yoast_head":"<!-- This site is optimized with the Yoast SEO plugin v26.3 - https:\/\/yoast.com\/wordpress\/plugins\/seo\/ -->\n<title>EN TODAS LAS CIRCUNSTANCIAS. LA INTERCESI\u00d3N DEL BEATO \u00c1LVARO DEL PORTILLO Heute Kaufen - casadelectores<\/title>\n<meta name=\"robots\" content=\"index, follow, max-snippet:-1, max-image-preview:large, max-video-preview:-1\" \/>\n<link rel=\"canonical\" href=\"https:\/\/www.casadelectores.com\/index.php\/producto\/en-todas-las-circunstancias-la-intercesion-del-beato-alvaro-del-portillo-heute-kaufen-42426\/\" \/>\n<meta property=\"og:locale\" content=\"es_ES\" \/>\n<meta property=\"og:type\" content=\"article\" \/>\n<meta property=\"og:title\" content=\"EN TODAS LAS CIRCUNSTANCIAS. LA INTERCESI\u00d3N DEL BEATO \u00c1LVARO DEL PORTILLO Heute Kaufen - casadelectores\" \/>\n<meta property=\"og:description\" content=\"El obispo \u00c1lvaro del Portillo (1914-1994), primer sucesor de san Josemar\u00eda al frente del Opus Dei, fue beatificado en Madrid el 27 de septiembre de 2014. Ahora, al cabo de pocos a\u00f1os, unos cuantos factores parecen indicar que el Se\u00f1or quiere que el beato \u00c1lvaro sea, adem\u00e1s, declarado santo. Para mostrarlo, siempre a la espera&hellip;&nbsp;EN TODAS LAS CIRCUNSTANCIAS. LA INTERCESI\u00d3N DEL BEATO \u00c1LVARO DEL PORTILLO Heute Kaufen\" \/>\n<meta property=\"og:url\" content=\"https:\/\/www.casadelectores.com\/index.php\/producto\/en-todas-las-circunstancias-la-intercesion-del-beato-alvaro-del-portillo-heute-kaufen-42426\/\" \/>\n<meta property=\"og:site_name\" content=\"casadelectores\" \/>\n<meta property=\"og:image\" content=\"https:\/\/www.casadelectores.com\/wp-content\/uploads\/2025\/SK0196057-DE20251119-101116-0-1763518286-978849061718.webp\" \/>\n\t<meta property=\"og:image:width\" content=\"300\" \/>\n\t<meta property=\"og:image:height\" content=\"478\" \/>\n\t<meta property=\"og:image:type\" content=\"image\/webp\" \/>\n<meta name=\"twitter:card\" content=\"summary_large_image\" \/>\n<meta name=\"twitter:label1\" content=\"Tiempo de lectura\" \/>\n\t<meta name=\"twitter:data1\" content=\"1 minuto\" \/>\n<script type=\"application\/ld+json\" class=\"yoast-schema-graph\">{\"@context\":\"https:\/\/schema.org\",\"@graph\":[{\"@type\":\"WebPage\",\"@id\":\"https:\/\/www.casadelectores.com\/index.php\/producto\/en-todas-las-circunstancias-la-intercesion-del-beato-alvaro-del-portillo-heute-kaufen-42426\/\",\"url\":\"https:\/\/www.casadelectores.com\/index.php\/producto\/en-todas-las-circunstancias-la-intercesion-del-beato-alvaro-del-portillo-heute-kaufen-42426\/\",\"name\":\"EN TODAS LAS CIRCUNSTANCIAS. LA INTERCESI\u00d3N DEL BEATO \u00c1LVARO DEL PORTILLO Heute Kaufen - casadelectores\",\"isPartOf\":{\"@id\":\"https:\/\/www.casadelectores.com\/#website\"},\"primaryImageOfPage\":{\"@id\":\"https:\/\/www.casadelectores.com\/index.php\/producto\/en-todas-las-circunstancias-la-intercesion-del-beato-alvaro-del-portillo-heute-kaufen-42426\/#primaryimage\"},\"image\":{\"@id\":\"https:\/\/www.casadelectores.com\/index.php\/producto\/en-todas-las-circunstancias-la-intercesion-del-beato-alvaro-del-portillo-heute-kaufen-42426\/#primaryimage\"},\"thumbnailUrl\":\"https:\/\/www.casadelectores.com\/wp-content\/uploads\/2025\/SK0196057-DE20251119-101116-0-1763518286-978849061718.webp\",\"datePublished\":\"2025-11-25T09:05:43+00:00\",\"breadcrumb\":{\"@id\":\"https:\/\/www.casadelectores.com\/index.php\/producto\/en-todas-las-circunstancias-la-intercesion-del-beato-alvaro-del-portillo-heute-kaufen-42426\/#breadcrumb\"},\"inLanguage\":\"es\",\"potentialAction\":[{\"@type\":\"ReadAction\",\"target\":[\"https:\/\/www.casadelectores.com\/index.php\/producto\/en-todas-las-circunstancias-la-intercesion-del-beato-alvaro-del-portillo-heute-kaufen-42426\/\"]}]},{\"@type\":\"ImageObject\",\"inLanguage\":\"es\",\"@id\":\"https:\/\/www.casadelectores.com\/index.php\/producto\/en-todas-las-circunstancias-la-intercesion-del-beato-alvaro-del-portillo-heute-kaufen-42426\/#primaryimage\",\"url\":\"https:\/\/www.casadelectores.com\/wp-content\/uploads\/2025\/SK0196057-DE20251119-101116-0-1763518286-978849061718.webp\",\"contentUrl\":\"https:\/\/www.casadelectores.com\/wp-content\/uploads\/2025\/SK0196057-DE20251119-101116-0-1763518286-978849061718.webp\",\"width\":300,\"height\":478},{\"@type\":\"BreadcrumbList\",\"@id\":\"https:\/\/www.casadelectores.com\/index.php\/producto\/en-todas-las-circunstancias-la-intercesion-del-beato-alvaro-del-portillo-heute-kaufen-42426\/#breadcrumb\",\"itemListElement\":[{\"@type\":\"ListItem\",\"position\":1,\"name\":\"Portada\",\"item\":\"https:\/\/www.casadelectores.com\/\"},{\"@type\":\"ListItem\",\"position\":2,\"name\":\"Shop\",\"item\":\"https:\/\/www.casadelectores.com\/index.php\/shop\/\"},{\"@type\":\"ListItem\",\"position\":3,\"name\":\"EN TODAS LAS CIRCUNSTANCIAS. LA INTERCESI\u00d3N DEL BEATO \u00c1LVARO DEL PORTILLO Heute Kaufen\"}]},{\"@type\":\"WebSite\",\"@id\":\"https:\/\/www.casadelectores.com\/#website\",\"url\":\"https:\/\/www.casadelectores.com\/\",\"name\":\"Enam\u00f3rate de las compras\",\"description\":\"\",\"publisher\":{\"@id\":\"https:\/\/www.casadelectores.com\/#organization\"},\"potentialAction\":[{\"@type\":\"SearchAction\",\"target\":{\"@type\":\"EntryPoint\",\"urlTemplate\":\"https:\/\/www.casadelectores.com\/?s={search_term_string}\"},\"query-input\":{\"@type\":\"PropertyValueSpecification\",\"valueRequired\":true,\"valueName\":\"search_term_string\"}}],\"inLanguage\":\"es\"},{\"@type\":\"Organization\",\"@id\":\"https:\/\/www.casadelectores.com\/#organization\",\"name\":\"Enam\u00f3rate de las compras\",\"url\":\"https:\/\/www.casadelectores.com\/\",\"logo\":{\"@type\":\"ImageObject\",\"inLanguage\":\"es\",\"@id\":\"https:\/\/www.casadelectores.com\/#\/schema\/logo\/image\/\",\"url\":\"https:\/\/www.casadelectores.com\/wp-content\/uploads\/2020\/10\/shop-icon.png\",\"contentUrl\":\"https:\/\/www.casadelectores.com\/wp-content\/uploads\/2020\/10\/shop-icon.png\",\"width\":512,\"height\":512,\"caption\":\"Enam\u00f3rate de las compras\"},\"image\":{\"@id\":\"https:\/\/www.casadelectores.com\/#\/schema\/logo\/image\/\"}}]}<\/script>\n<!-- \/ Yoast SEO plugin. -->","yoast_head_json":{"title":"EN TODAS LAS CIRCUNSTANCIAS. LA INTERCESI\u00d3N DEL BEATO \u00c1LVARO DEL PORTILLO Heute Kaufen - casadelectores","robots":{"index":"index","follow":"follow","max-snippet":"max-snippet:-1","max-image-preview":"max-image-preview:large","max-video-preview":"max-video-preview:-1"},"canonical":"https:\/\/www.casadelectores.com\/index.php\/producto\/en-todas-las-circunstancias-la-intercesion-del-beato-alvaro-del-portillo-heute-kaufen-42426\/","og_locale":"es_ES","og_type":"article","og_title":"EN TODAS LAS CIRCUNSTANCIAS. LA INTERCESI\u00d3N DEL BEATO \u00c1LVARO DEL PORTILLO Heute Kaufen - casadelectores","og_description":"El obispo \u00c1lvaro del Portillo (1914-1994), primer sucesor de san Josemar\u00eda al frente del Opus Dei, fue beatificado en Madrid el 27 de septiembre de 2014. Ahora, al cabo de pocos a\u00f1os, unos cuantos factores parecen indicar que el Se\u00f1or quiere que el beato \u00c1lvaro sea, adem\u00e1s, declarado santo. Para mostrarlo, siempre a la espera&hellip;&nbsp;EN TODAS LAS CIRCUNSTANCIAS. LA INTERCESI\u00d3N DEL BEATO \u00c1LVARO DEL PORTILLO Heute Kaufen","og_url":"https:\/\/www.casadelectores.com\/index.php\/producto\/en-todas-las-circunstancias-la-intercesion-del-beato-alvaro-del-portillo-heute-kaufen-42426\/","og_site_name":"casadelectores","og_image":[{"width":300,"height":478,"url":"https:\/\/www.casadelectores.com\/wp-content\/uploads\/2025\/SK0196057-DE20251119-101116-0-1763518286-978849061718.webp","type":"image\/webp"}],"twitter_card":"summary_large_image","twitter_misc":{"Tiempo de lectura":"1 minuto"},"schema":{"@context":"https:\/\/schema.org","@graph":[{"@type":"WebPage","@id":"https:\/\/www.casadelectores.com\/index.php\/producto\/en-todas-las-circunstancias-la-intercesion-del-beato-alvaro-del-portillo-heute-kaufen-42426\/","url":"https:\/\/www.casadelectores.com\/index.php\/producto\/en-todas-las-circunstancias-la-intercesion-del-beato-alvaro-del-portillo-heute-kaufen-42426\/","name":"EN TODAS LAS CIRCUNSTANCIAS. LA INTERCESI\u00d3N DEL BEATO \u00c1LVARO DEL PORTILLO Heute Kaufen - casadelectores","isPartOf":{"@id":"https:\/\/www.casadelectores.com\/#website"},"primaryImageOfPage":{"@id":"https:\/\/www.casadelectores.com\/index.php\/producto\/en-todas-las-circunstancias-la-intercesion-del-beato-alvaro-del-portillo-heute-kaufen-42426\/#primaryimage"},"image":{"@id":"https:\/\/www.casadelectores.com\/index.php\/producto\/en-todas-las-circunstancias-la-intercesion-del-beato-alvaro-del-portillo-heute-kaufen-42426\/#primaryimage"},"thumbnailUrl":"https:\/\/www.casadelectores.com\/wp-content\/uploads\/2025\/SK0196057-DE20251119-101116-0-1763518286-978849061718.webp","datePublished":"2025-11-25T09:05:43+00:00","breadcrumb":{"@id":"https:\/\/www.casadelectores.com\/index.php\/producto\/en-todas-las-circunstancias-la-intercesion-del-beato-alvaro-del-portillo-heute-kaufen-42426\/#breadcrumb"},"inLanguage":"es","potentialAction":[{"@type":"ReadAction","target":["https:\/\/www.casadelectores.com\/index.php\/producto\/en-todas-las-circunstancias-la-intercesion-del-beato-alvaro-del-portillo-heute-kaufen-42426\/"]}]},{"@type":"ImageObject","inLanguage":"es","@id":"https:\/\/www.casadelectores.com\/index.php\/producto\/en-todas-las-circunstancias-la-intercesion-del-beato-alvaro-del-portillo-heute-kaufen-42426\/#primaryimage","url":"https:\/\/www.casadelectores.com\/wp-content\/uploads\/2025\/SK0196057-DE20251119-101116-0-1763518286-978849061718.webp","contentUrl":"https:\/\/www.casadelectores.com\/wp-content\/uploads\/2025\/SK0196057-DE20251119-101116-0-1763518286-978849061718.webp","width":300,"height":478},{"@type":"BreadcrumbList","@id":"https:\/\/www.casadelectores.com\/index.php\/producto\/en-todas-las-circunstancias-la-intercesion-del-beato-alvaro-del-portillo-heute-kaufen-42426\/#breadcrumb","itemListElement":[{"@type":"ListItem","position":1,"name":"Portada","item":"https:\/\/www.casadelectores.com\/"},{"@type":"ListItem","position":2,"name":"Shop","item":"https:\/\/www.casadelectores.com\/index.php\/shop\/"},{"@type":"ListItem","position":3,"name":"EN TODAS LAS CIRCUNSTANCIAS. LA INTERCESI\u00d3N DEL BEATO \u00c1LVARO DEL PORTILLO Heute Kaufen"}]},{"@type":"WebSite","@id":"https:\/\/www.casadelectores.com\/#website","url":"https:\/\/www.casadelectores.com\/","name":"Enam\u00f3rate de las compras","description":"","publisher":{"@id":"https:\/\/www.casadelectores.com\/#organization"},"potentialAction":[{"@type":"SearchAction","target":{"@type":"EntryPoint","urlTemplate":"https:\/\/www.casadelectores.com\/?s={search_term_string}"},"query-input":{"@type":"PropertyValueSpecification","valueRequired":true,"valueName":"search_term_string"}}],"inLanguage":"es"},{"@type":"Organization","@id":"https:\/\/www.casadelectores.com\/#organization","name":"Enam\u00f3rate de las compras","url":"https:\/\/www.casadelectores.com\/","logo":{"@type":"ImageObject","inLanguage":"es","@id":"https:\/\/www.casadelectores.com\/#\/schema\/logo\/image\/","url":"https:\/\/www.casadelectores.com\/wp-content\/uploads\/2020\/10\/shop-icon.png","contentUrl":"https:\/\/www.casadelectores.com\/wp-content\/uploads\/2020\/10\/shop-icon.png","width":512,"height":512,"caption":"Enam\u00f3rate de las compras"},"image":{"@id":"https:\/\/www.casadelectores.com\/#\/schema\/logo\/image\/"}}]}},"_links":{"self":[{"href":"https:\/\/www.casadelectores.com\/index.php\/wp-json\/wp\/v2\/product\/42426","targetHints":{"allow":["GET"]}}],"collection":[{"href":"https:\/\/www.casadelectores.com\/index.php\/wp-json\/wp\/v2\/product"}],"about":[{"href":"https:\/\/www.casadelectores.com\/index.php\/wp-json\/wp\/v2\/types\/product"}],"wp:featuredmedia":[{"embeddable":true,"href":"https:\/\/www.casadelectores.com\/index.php\/wp-json\/wp\/v2\/media\/42526"}],"wp:attachment":[{"href":"https:\/\/www.casadelectores.com\/index.php\/wp-json\/wp\/v2\/media?parent=42426"}],"wp:term":[{"taxonomy":"product_brand","embeddable":true,"href":"https:\/\/www.casadelectores.com\/index.php\/wp-json\/wp\/v2\/product_brand?post=42426"},{"taxonomy":"product_cat","embeddable":true,"href":"https:\/\/www.casadelectores.com\/index.php\/wp-json\/wp\/v2\/product_cat?post=42426"},{"taxonomy":"product_tag","embeddable":true,"href":"https:\/\/www.casadelectores.com\/index.php\/wp-json\/wp\/v2\/product_tag?post=42426"}],"curies":[{"name":"wp","href":"https:\/\/api.w.org\/{rel}","templated":true}]}}