{"id":40889,"date":"2025-11-25T09:05:34","date_gmt":"2025-11-25T09:05:34","guid":{"rendered":""},"modified":"2025-11-25T09:05:34","modified_gmt":"2025-11-25T09:05:34","slug":"estuche-matilde-asensi-el-ultimo-caton-el-regreso-del-caton-asensi-matilde-versand-am-gleichen-tag-40889","status":"publish","type":"product","link":"https:\/\/www.casadelectores.com\/index.php\/producto\/estuche-matilde-asensi-el-ultimo-caton-el-regreso-del-caton-asensi-matilde-versand-am-gleichen-tag-40889\/","title":{"rendered":"ESTUCHE MATILDE ASENSI: EL \u00daLTIMO CAT\u00d3N + EL REGRESO DEL CAT\u00d3N, ASENSI, MATILDE Versand Am Gleichen Tag"},"content":{"rendered":"<p>El regreso de Cat\u00f3n \u00bfQu\u00e9 pueden tener en com\u00fan la Ruta de la Seda, las alcantarillas de Estambul, Marco Polo, Mongolia y Tierra Santa? Eso es lo que los protagonistas de El \u00faltimo Cat\u00f3n, Ottavia Salina y Farag Boswell, tendr\u00e1n que averiguar poniendo de nuevo sus vidas en peligro para resolver un misterio que arranca en el siglo I de nuestra era. Escrita con rigor, con un ritmo que mantiene en vilo a los lectores p\u00e1gina a p\u00e1gina y cap\u00edtulo a cap\u00edtulo hasta el final, El regreso del Cat\u00f3n es una combinaci\u00f3n magistral de aventura e historia con la que Matilde Asensi nos atrapa de nuevo para no dejarnos escapar hasta la \u00faltima palabra. El \u00faltimo Cat\u00f3nCon m\u00e1s de tres millones de ejemplares vendidos, El \u00faltimo Cat\u00f3n se ha convertido en la novela m\u00e1s relevante hasta el momento de Matilde Asensi y, sin duda, en una de las obras de referencia de la narrativa espa\u00f1ola. Desde el archivo secreto de la ciudad del Vaticano, la hermana Ottavia Salina, pale\u00f3grafa de prestigio internacional, se enfrenta a un extra\u00f1o enigma: descifrar los tatuajes aparecidos en el cad\u00e1ver de un et\u00edope. Con la ayuda de un capit\u00e1n de la guardia suiza y un arque\u00f3logo de Alejandr\u00eda, Ottavia tendr\u00e1 que descubrir qui\u00e9n est\u00e1 detr\u00e1s del robo en las iglesias de todo el mundo de las reliquias de la Vera Cruz, la cruz de Cristo. Siete pruebas basadas en el purgatorio de la Divina comedia de Dante Alighieri tienen las llaves para abrir las puertas. La expiaci\u00f3n de los siete pecados capitales se realizar\u00e1 en las siete ciudades que ostentan la fama de practicarlos: Roma por su soberbia, R\u00e1vena por su envidia, Jerusal\u00e9n por su ira, Atenas por su pereza, Constantinopla por su avaricia, Alejandr\u00eda por su gula y Antioqu\u00eda por su lujuria.<\/p>\n","protected":false},"excerpt":{"rendered":"<p>El regreso de Cat\u00f3n \u00bfQu\u00e9 pueden tener en com\u00fan la Ruta de la Seda, las alcantarillas de Estambul, Marco Polo, Mongolia y Tierra Santa? Eso es lo que los protagonistas de El \u00faltimo Cat\u00f3n, Ottavia Salina y Farag Boswell, tendr\u00e1n que averiguar poniendo de nuevo sus vidas en peligro para resolver un misterio que arranca&hellip;&nbsp;<a href=\"https:\/\/www.casadelectores.com\/index.php\/producto\/estuche-matilde-asensi-el-ultimo-caton-el-regreso-del-caton-asensi-matilde-versand-am-gleichen-tag-40889\/\" rel=\"bookmark\"><span class=\"screen-reader-text\">ESTUCHE MATILDE ASENSI: EL \u00daLTIMO CAT\u00d3N + EL REGRESO DEL CAT\u00d3N, ASENSI, MATILDE Versand Am Gleichen Tag<\/span><\/a><\/p>\n","protected":false},"featured_media":40989,"template":"","meta":{"neve_meta_sidebar":"","neve_meta_container":"","neve_meta_enable_content_width":"","neve_meta_content_width":0,"neve_meta_title_alignment":"","neve_meta_author_avatar":"","neve_post_elements_order":"","neve_meta_disable_header":"","neve_meta_disable_footer":"","neve_meta_disable_title":"","_themeisle_gutenberg_block_has_review":false},"product_brand":[],"product_cat":[26],"product_tag":[],"class_list":["post-40889","product","type-product","status-publish","has-post-thumbnail","product_cat-publicaciones-de-libros","first","instock","sale","shipping-taxable","purchasable","product-type-simple"],"yoast_head":"<!-- This site is optimized with the Yoast SEO plugin v26.3 - https:\/\/yoast.com\/wordpress\/plugins\/seo\/ -->\n<title>ESTUCHE MATILDE ASENSI: EL \u00daLTIMO CAT\u00d3N + EL REGRESO DEL CAT\u00d3N, ASENSI, MATILDE Versand Am Gleichen Tag - casadelectores<\/title>\n<meta name=\"robots\" content=\"index, follow, max-snippet:-1, max-image-preview:large, max-video-preview:-1\" \/>\n<link rel=\"canonical\" href=\"https:\/\/www.casadelectores.com\/index.php\/producto\/estuche-matilde-asensi-el-ultimo-caton-el-regreso-del-caton-asensi-matilde-versand-am-gleichen-tag-40889\/\" \/>\n<meta property=\"og:locale\" content=\"es_ES\" \/>\n<meta property=\"og:type\" content=\"article\" \/>\n<meta property=\"og:title\" content=\"ESTUCHE MATILDE ASENSI: EL \u00daLTIMO CAT\u00d3N + EL REGRESO DEL CAT\u00d3N, ASENSI, MATILDE Versand Am Gleichen Tag - casadelectores\" \/>\n<meta property=\"og:description\" content=\"El regreso de Cat\u00f3n \u00bfQu\u00e9 pueden tener en com\u00fan la Ruta de la Seda, las alcantarillas de Estambul, Marco Polo, Mongolia y Tierra Santa? Eso es lo que los protagonistas de El \u00faltimo Cat\u00f3n, Ottavia Salina y Farag Boswell, tendr\u00e1n que averiguar poniendo de nuevo sus vidas en peligro para resolver un misterio que arranca&hellip;&nbsp;ESTUCHE MATILDE ASENSI: EL \u00daLTIMO CAT\u00d3N + EL REGRESO DEL CAT\u00d3N, ASENSI, MATILDE Versand Am Gleichen Tag\" \/>\n<meta property=\"og:url\" content=\"https:\/\/www.casadelectores.com\/index.php\/producto\/estuche-matilde-asensi-el-ultimo-caton-el-regreso-del-caton-asensi-matilde-versand-am-gleichen-tag-40889\/\" \/>\n<meta property=\"og:site_name\" content=\"casadelectores\" \/>\n<meta property=\"og:image\" content=\"https:\/\/www.casadelectores.com\/wp-content\/uploads\/2025\/SK0019793-DE20251119-101215-0-1763518342-978840814921.webp\" \/>\n\t<meta property=\"og:image:width\" content=\"300\" \/>\n\t<meta property=\"og:image:height\" content=\"443\" \/>\n\t<meta property=\"og:image:type\" content=\"image\/webp\" \/>\n<meta name=\"twitter:card\" content=\"summary_large_image\" \/>\n<meta name=\"twitter:label1\" content=\"Tiempo de lectura\" \/>\n\t<meta name=\"twitter:data1\" content=\"2 minutos\" \/>\n<script type=\"application\/ld+json\" class=\"yoast-schema-graph\">{\"@context\":\"https:\/\/schema.org\",\"@graph\":[{\"@type\":\"WebPage\",\"@id\":\"https:\/\/www.casadelectores.com\/index.php\/producto\/estuche-matilde-asensi-el-ultimo-caton-el-regreso-del-caton-asensi-matilde-versand-am-gleichen-tag-40889\/\",\"url\":\"https:\/\/www.casadelectores.com\/index.php\/producto\/estuche-matilde-asensi-el-ultimo-caton-el-regreso-del-caton-asensi-matilde-versand-am-gleichen-tag-40889\/\",\"name\":\"ESTUCHE MATILDE ASENSI: EL \u00daLTIMO CAT\u00d3N + EL REGRESO DEL CAT\u00d3N, ASENSI, MATILDE Versand Am Gleichen Tag - casadelectores\",\"isPartOf\":{\"@id\":\"https:\/\/www.casadelectores.com\/#website\"},\"primaryImageOfPage\":{\"@id\":\"https:\/\/www.casadelectores.com\/index.php\/producto\/estuche-matilde-asensi-el-ultimo-caton-el-regreso-del-caton-asensi-matilde-versand-am-gleichen-tag-40889\/#primaryimage\"},\"image\":{\"@id\":\"https:\/\/www.casadelectores.com\/index.php\/producto\/estuche-matilde-asensi-el-ultimo-caton-el-regreso-del-caton-asensi-matilde-versand-am-gleichen-tag-40889\/#primaryimage\"},\"thumbnailUrl\":\"https:\/\/www.casadelectores.com\/wp-content\/uploads\/2025\/SK0019793-DE20251119-101215-0-1763518342-978840814921.webp\",\"datePublished\":\"2025-11-25T09:05:34+00:00\",\"breadcrumb\":{\"@id\":\"https:\/\/www.casadelectores.com\/index.php\/producto\/estuche-matilde-asensi-el-ultimo-caton-el-regreso-del-caton-asensi-matilde-versand-am-gleichen-tag-40889\/#breadcrumb\"},\"inLanguage\":\"es\",\"potentialAction\":[{\"@type\":\"ReadAction\",\"target\":[\"https:\/\/www.casadelectores.com\/index.php\/producto\/estuche-matilde-asensi-el-ultimo-caton-el-regreso-del-caton-asensi-matilde-versand-am-gleichen-tag-40889\/\"]}]},{\"@type\":\"ImageObject\",\"inLanguage\":\"es\",\"@id\":\"https:\/\/www.casadelectores.com\/index.php\/producto\/estuche-matilde-asensi-el-ultimo-caton-el-regreso-del-caton-asensi-matilde-versand-am-gleichen-tag-40889\/#primaryimage\",\"url\":\"https:\/\/www.casadelectores.com\/wp-content\/uploads\/2025\/SK0019793-DE20251119-101215-0-1763518342-978840814921.webp\",\"contentUrl\":\"https:\/\/www.casadelectores.com\/wp-content\/uploads\/2025\/SK0019793-DE20251119-101215-0-1763518342-978840814921.webp\",\"width\":300,\"height\":443},{\"@type\":\"BreadcrumbList\",\"@id\":\"https:\/\/www.casadelectores.com\/index.php\/producto\/estuche-matilde-asensi-el-ultimo-caton-el-regreso-del-caton-asensi-matilde-versand-am-gleichen-tag-40889\/#breadcrumb\",\"itemListElement\":[{\"@type\":\"ListItem\",\"position\":1,\"name\":\"Portada\",\"item\":\"https:\/\/www.casadelectores.com\/\"},{\"@type\":\"ListItem\",\"position\":2,\"name\":\"Shop\",\"item\":\"https:\/\/www.casadelectores.com\/index.php\/shop\/\"},{\"@type\":\"ListItem\",\"position\":3,\"name\":\"ESTUCHE MATILDE ASENSI: EL \u00daLTIMO CAT\u00d3N + EL REGRESO DEL CAT\u00d3N, ASENSI, MATILDE Versand Am Gleichen Tag\"}]},{\"@type\":\"WebSite\",\"@id\":\"https:\/\/www.casadelectores.com\/#website\",\"url\":\"https:\/\/www.casadelectores.com\/\",\"name\":\"Enam\u00f3rate de las compras\",\"description\":\"\",\"publisher\":{\"@id\":\"https:\/\/www.casadelectores.com\/#organization\"},\"potentialAction\":[{\"@type\":\"SearchAction\",\"target\":{\"@type\":\"EntryPoint\",\"urlTemplate\":\"https:\/\/www.casadelectores.com\/?s={search_term_string}\"},\"query-input\":{\"@type\":\"PropertyValueSpecification\",\"valueRequired\":true,\"valueName\":\"search_term_string\"}}],\"inLanguage\":\"es\"},{\"@type\":\"Organization\",\"@id\":\"https:\/\/www.casadelectores.com\/#organization\",\"name\":\"Enam\u00f3rate de las compras\",\"url\":\"https:\/\/www.casadelectores.com\/\",\"logo\":{\"@type\":\"ImageObject\",\"inLanguage\":\"es\",\"@id\":\"https:\/\/www.casadelectores.com\/#\/schema\/logo\/image\/\",\"url\":\"https:\/\/www.casadelectores.com\/wp-content\/uploads\/2020\/10\/shop-icon.png\",\"contentUrl\":\"https:\/\/www.casadelectores.com\/wp-content\/uploads\/2020\/10\/shop-icon.png\",\"width\":512,\"height\":512,\"caption\":\"Enam\u00f3rate de las compras\"},\"image\":{\"@id\":\"https:\/\/www.casadelectores.com\/#\/schema\/logo\/image\/\"}}]}<\/script>\n<!-- \/ Yoast SEO plugin. -->","yoast_head_json":{"title":"ESTUCHE MATILDE ASENSI: EL \u00daLTIMO CAT\u00d3N + EL REGRESO DEL CAT\u00d3N, ASENSI, MATILDE Versand Am Gleichen Tag - casadelectores","robots":{"index":"index","follow":"follow","max-snippet":"max-snippet:-1","max-image-preview":"max-image-preview:large","max-video-preview":"max-video-preview:-1"},"canonical":"https:\/\/www.casadelectores.com\/index.php\/producto\/estuche-matilde-asensi-el-ultimo-caton-el-regreso-del-caton-asensi-matilde-versand-am-gleichen-tag-40889\/","og_locale":"es_ES","og_type":"article","og_title":"ESTUCHE MATILDE ASENSI: EL \u00daLTIMO CAT\u00d3N + EL REGRESO DEL CAT\u00d3N, ASENSI, MATILDE Versand Am Gleichen Tag - casadelectores","og_description":"El regreso de Cat\u00f3n \u00bfQu\u00e9 pueden tener en com\u00fan la Ruta de la Seda, las alcantarillas de Estambul, Marco Polo, Mongolia y Tierra Santa? Eso es lo que los protagonistas de El \u00faltimo Cat\u00f3n, Ottavia Salina y Farag Boswell, tendr\u00e1n que averiguar poniendo de nuevo sus vidas en peligro para resolver un misterio que arranca&hellip;&nbsp;ESTUCHE MATILDE ASENSI: EL \u00daLTIMO CAT\u00d3N + EL REGRESO DEL CAT\u00d3N, ASENSI, MATILDE Versand Am Gleichen Tag","og_url":"https:\/\/www.casadelectores.com\/index.php\/producto\/estuche-matilde-asensi-el-ultimo-caton-el-regreso-del-caton-asensi-matilde-versand-am-gleichen-tag-40889\/","og_site_name":"casadelectores","og_image":[{"width":300,"height":443,"url":"https:\/\/www.casadelectores.com\/wp-content\/uploads\/2025\/SK0019793-DE20251119-101215-0-1763518342-978840814921.webp","type":"image\/webp"}],"twitter_card":"summary_large_image","twitter_misc":{"Tiempo de lectura":"2 minutos"},"schema":{"@context":"https:\/\/schema.org","@graph":[{"@type":"WebPage","@id":"https:\/\/www.casadelectores.com\/index.php\/producto\/estuche-matilde-asensi-el-ultimo-caton-el-regreso-del-caton-asensi-matilde-versand-am-gleichen-tag-40889\/","url":"https:\/\/www.casadelectores.com\/index.php\/producto\/estuche-matilde-asensi-el-ultimo-caton-el-regreso-del-caton-asensi-matilde-versand-am-gleichen-tag-40889\/","name":"ESTUCHE MATILDE ASENSI: EL \u00daLTIMO CAT\u00d3N + EL REGRESO DEL CAT\u00d3N, ASENSI, MATILDE Versand Am Gleichen Tag - casadelectores","isPartOf":{"@id":"https:\/\/www.casadelectores.com\/#website"},"primaryImageOfPage":{"@id":"https:\/\/www.casadelectores.com\/index.php\/producto\/estuche-matilde-asensi-el-ultimo-caton-el-regreso-del-caton-asensi-matilde-versand-am-gleichen-tag-40889\/#primaryimage"},"image":{"@id":"https:\/\/www.casadelectores.com\/index.php\/producto\/estuche-matilde-asensi-el-ultimo-caton-el-regreso-del-caton-asensi-matilde-versand-am-gleichen-tag-40889\/#primaryimage"},"thumbnailUrl":"https:\/\/www.casadelectores.com\/wp-content\/uploads\/2025\/SK0019793-DE20251119-101215-0-1763518342-978840814921.webp","datePublished":"2025-11-25T09:05:34+00:00","breadcrumb":{"@id":"https:\/\/www.casadelectores.com\/index.php\/producto\/estuche-matilde-asensi-el-ultimo-caton-el-regreso-del-caton-asensi-matilde-versand-am-gleichen-tag-40889\/#breadcrumb"},"inLanguage":"es","potentialAction":[{"@type":"ReadAction","target":["https:\/\/www.casadelectores.com\/index.php\/producto\/estuche-matilde-asensi-el-ultimo-caton-el-regreso-del-caton-asensi-matilde-versand-am-gleichen-tag-40889\/"]}]},{"@type":"ImageObject","inLanguage":"es","@id":"https:\/\/www.casadelectores.com\/index.php\/producto\/estuche-matilde-asensi-el-ultimo-caton-el-regreso-del-caton-asensi-matilde-versand-am-gleichen-tag-40889\/#primaryimage","url":"https:\/\/www.casadelectores.com\/wp-content\/uploads\/2025\/SK0019793-DE20251119-101215-0-1763518342-978840814921.webp","contentUrl":"https:\/\/www.casadelectores.com\/wp-content\/uploads\/2025\/SK0019793-DE20251119-101215-0-1763518342-978840814921.webp","width":300,"height":443},{"@type":"BreadcrumbList","@id":"https:\/\/www.casadelectores.com\/index.php\/producto\/estuche-matilde-asensi-el-ultimo-caton-el-regreso-del-caton-asensi-matilde-versand-am-gleichen-tag-40889\/#breadcrumb","itemListElement":[{"@type":"ListItem","position":1,"name":"Portada","item":"https:\/\/www.casadelectores.com\/"},{"@type":"ListItem","position":2,"name":"Shop","item":"https:\/\/www.casadelectores.com\/index.php\/shop\/"},{"@type":"ListItem","position":3,"name":"ESTUCHE MATILDE ASENSI: EL \u00daLTIMO CAT\u00d3N + EL REGRESO DEL CAT\u00d3N, ASENSI, MATILDE Versand Am Gleichen Tag"}]},{"@type":"WebSite","@id":"https:\/\/www.casadelectores.com\/#website","url":"https:\/\/www.casadelectores.com\/","name":"Enam\u00f3rate de las compras","description":"","publisher":{"@id":"https:\/\/www.casadelectores.com\/#organization"},"potentialAction":[{"@type":"SearchAction","target":{"@type":"EntryPoint","urlTemplate":"https:\/\/www.casadelectores.com\/?s={search_term_string}"},"query-input":{"@type":"PropertyValueSpecification","valueRequired":true,"valueName":"search_term_string"}}],"inLanguage":"es"},{"@type":"Organization","@id":"https:\/\/www.casadelectores.com\/#organization","name":"Enam\u00f3rate de las compras","url":"https:\/\/www.casadelectores.com\/","logo":{"@type":"ImageObject","inLanguage":"es","@id":"https:\/\/www.casadelectores.com\/#\/schema\/logo\/image\/","url":"https:\/\/www.casadelectores.com\/wp-content\/uploads\/2020\/10\/shop-icon.png","contentUrl":"https:\/\/www.casadelectores.com\/wp-content\/uploads\/2020\/10\/shop-icon.png","width":512,"height":512,"caption":"Enam\u00f3rate de las compras"},"image":{"@id":"https:\/\/www.casadelectores.com\/#\/schema\/logo\/image\/"}}]}},"_links":{"self":[{"href":"https:\/\/www.casadelectores.com\/index.php\/wp-json\/wp\/v2\/product\/40889","targetHints":{"allow":["GET"]}}],"collection":[{"href":"https:\/\/www.casadelectores.com\/index.php\/wp-json\/wp\/v2\/product"}],"about":[{"href":"https:\/\/www.casadelectores.com\/index.php\/wp-json\/wp\/v2\/types\/product"}],"wp:featuredmedia":[{"embeddable":true,"href":"https:\/\/www.casadelectores.com\/index.php\/wp-json\/wp\/v2\/media\/40989"}],"wp:attachment":[{"href":"https:\/\/www.casadelectores.com\/index.php\/wp-json\/wp\/v2\/media?parent=40889"}],"wp:term":[{"taxonomy":"product_brand","embeddable":true,"href":"https:\/\/www.casadelectores.com\/index.php\/wp-json\/wp\/v2\/product_brand?post=40889"},{"taxonomy":"product_cat","embeddable":true,"href":"https:\/\/www.casadelectores.com\/index.php\/wp-json\/wp\/v2\/product_cat?post=40889"},{"taxonomy":"product_tag","embeddable":true,"href":"https:\/\/www.casadelectores.com\/index.php\/wp-json\/wp\/v2\/product_tag?post=40889"}],"curies":[{"name":"wp","href":"https:\/\/api.w.org\/{rel}","templated":true}]}}