{"id":40450,"date":"2025-11-25T09:05:34","date_gmt":"2025-11-25T09:05:34","guid":{"rendered":""},"modified":"2025-11-25T09:05:34","modified_gmt":"2025-11-25T09:05:34","slug":"finale-aktion-sonambulos-rustica-como-europa-fue-a-la-guerra-en-1914-clark-christopher-40450","status":"publish","type":"product","link":"https:\/\/www.casadelectores.com\/index.php\/producto\/finale-aktion-sonambulos-rustica-como-europa-fue-a-la-guerra-en-1914-clark-christopher-40450\/","title":{"rendered":"Finale Aktion SON\u00c1MBULOS- R\u00daSTICA. C\u00d3MO EUROPA FUE A LA GUERRA EN 1914, CLARK, CHRISTOPHER"},"content":{"rendered":"<p>La ma\u00f1ana del 28 de junio de 1914, cuando el archiduque de Austria, Francisco Fernando, y su esposa, Sof\u00eda Chotek, llegaron a la estaci\u00f3n de tren de Sarajevo, en Europa reinaba la paz. Treinta y siete d\u00edas despu\u00e9s, el continente estaba en guerra. La contienda tendr\u00eda como resultado veinte millones de muertos, destruir\u00eda tres imperios y alterar\u00eda de forma permanente la historia mundial. Son\u00e1mbulos revela con todo detalle c\u00f3mo se desat\u00f3 la crisis que condujo a la Primera Guerra Mundial. Bas\u00e1ndose en fuentes primarias, traza los caminos que llevaron a la guerra con una narrativa llena de acci\u00f3n que cubre minuto a minuto todo lo que ocurri\u00f3 en los centros clave de Viena, Berl\u00edn, San Petersburgo, Par\u00eds, Londres y Belgrado. Christopher Clark repasa las d\u00e9cadas de historia que conformaron los acontecimientos de 1914, y analiza los mutuos malentendidos y los gestos involuntarios que hicieron que se desatara la crisis en pocas semanas. Basado en una meticulosa investigaci\u00f3n y brillantemente escrito, este libro es un an\u00e1lisis magistral de uno de los dramas m\u00e1s importantes de los tiempos modernos. Ofrece una nueva visi\u00f3n de la Primera Guerra Mundial en la que no se priman las batallas y las atrocidades de la propia contienda, sino los complejos acontecimientos y relaciones que llevaron a un grupo de l\u00edderes bien intencionados a un conflicto brutal y sangriento.<\/p>\n","protected":false},"excerpt":{"rendered":"<p>La ma\u00f1ana del 28 de junio de 1914, cuando el archiduque de Austria, Francisco Fernando, y su esposa, Sof\u00eda Chotek, llegaron a la estaci\u00f3n de tren de Sarajevo, en Europa reinaba la paz. Treinta y siete d\u00edas despu\u00e9s, el continente estaba en guerra. La contienda tendr\u00eda como resultado veinte millones de muertos, destruir\u00eda tres imperios&hellip;&nbsp;<a href=\"https:\/\/www.casadelectores.com\/index.php\/producto\/finale-aktion-sonambulos-rustica-como-europa-fue-a-la-guerra-en-1914-clark-christopher-40450\/\" rel=\"bookmark\"><span class=\"screen-reader-text\">Finale Aktion SON\u00c1MBULOS- R\u00daSTICA. C\u00d3MO EUROPA FUE A LA GUERRA EN 1914, CLARK, CHRISTOPHER<\/span><\/a><\/p>\n","protected":false},"featured_media":40550,"template":"","meta":{"neve_meta_sidebar":"","neve_meta_container":"","neve_meta_enable_content_width":"","neve_meta_content_width":0,"neve_meta_title_alignment":"","neve_meta_author_avatar":"","neve_post_elements_order":"","neve_meta_disable_header":"","neve_meta_disable_footer":"","neve_meta_disable_title":"","_themeisle_gutenberg_block_has_review":false},"product_brand":[],"product_cat":[26],"product_tag":[],"class_list":["post-40450","product","type-product","status-publish","has-post-thumbnail","product_cat-publicaciones-de-libros","first","instock","sale","shipping-taxable","purchasable","product-type-simple"],"yoast_head":"<!-- This site is optimized with the Yoast SEO plugin v26.3 - https:\/\/yoast.com\/wordpress\/plugins\/seo\/ -->\n<title>Finale Aktion SON\u00c1MBULOS- R\u00daSTICA. C\u00d3MO EUROPA FUE A LA GUERRA EN 1914, CLARK, CHRISTOPHER - casadelectores<\/title>\n<meta name=\"robots\" content=\"index, follow, max-snippet:-1, max-image-preview:large, max-video-preview:-1\" \/>\n<link rel=\"canonical\" href=\"https:\/\/www.casadelectores.com\/index.php\/producto\/finale-aktion-sonambulos-rustica-como-europa-fue-a-la-guerra-en-1914-clark-christopher-40450\/\" \/>\n<meta property=\"og:locale\" content=\"es_ES\" \/>\n<meta property=\"og:type\" content=\"article\" \/>\n<meta property=\"og:title\" content=\"Finale Aktion SON\u00c1MBULOS- R\u00daSTICA. C\u00d3MO EUROPA FUE A LA GUERRA EN 1914, CLARK, CHRISTOPHER - casadelectores\" \/>\n<meta property=\"og:description\" content=\"La ma\u00f1ana del 28 de junio de 1914, cuando el archiduque de Austria, Francisco Fernando, y su esposa, Sof\u00eda Chotek, llegaron a la estaci\u00f3n de tren de Sarajevo, en Europa reinaba la paz. Treinta y siete d\u00edas despu\u00e9s, el continente estaba en guerra. La contienda tendr\u00eda como resultado veinte millones de muertos, destruir\u00eda tres imperios&hellip;&nbsp;Finale Aktion SON\u00c1MBULOS- R\u00daSTICA. C\u00d3MO EUROPA FUE A LA GUERRA EN 1914, CLARK, CHRISTOPHER\" \/>\n<meta property=\"og:url\" content=\"https:\/\/www.casadelectores.com\/index.php\/producto\/finale-aktion-sonambulos-rustica-como-europa-fue-a-la-guerra-en-1914-clark-christopher-40450\/\" \/>\n<meta property=\"og:site_name\" content=\"casadelectores\" \/>\n<meta property=\"og:image\" content=\"https:\/\/www.casadelectores.com\/wp-content\/uploads\/2025\/SK0019228-DE20251119-101215-0-1763518342-978841625295.webp\" \/>\n\t<meta property=\"og:image:width\" content=\"300\" \/>\n\t<meta property=\"og:image:height\" content=\"497\" \/>\n\t<meta property=\"og:image:type\" content=\"image\/webp\" \/>\n<meta name=\"twitter:card\" content=\"summary_large_image\" \/>\n<meta name=\"twitter:label1\" content=\"Tiempo de lectura\" \/>\n\t<meta name=\"twitter:data1\" content=\"1 minuto\" \/>\n<script type=\"application\/ld+json\" class=\"yoast-schema-graph\">{\"@context\":\"https:\/\/schema.org\",\"@graph\":[{\"@type\":\"WebPage\",\"@id\":\"https:\/\/www.casadelectores.com\/index.php\/producto\/finale-aktion-sonambulos-rustica-como-europa-fue-a-la-guerra-en-1914-clark-christopher-40450\/\",\"url\":\"https:\/\/www.casadelectores.com\/index.php\/producto\/finale-aktion-sonambulos-rustica-como-europa-fue-a-la-guerra-en-1914-clark-christopher-40450\/\",\"name\":\"Finale Aktion SON\u00c1MBULOS- R\u00daSTICA. C\u00d3MO EUROPA FUE A LA GUERRA EN 1914, CLARK, CHRISTOPHER - casadelectores\",\"isPartOf\":{\"@id\":\"https:\/\/www.casadelectores.com\/#website\"},\"primaryImageOfPage\":{\"@id\":\"https:\/\/www.casadelectores.com\/index.php\/producto\/finale-aktion-sonambulos-rustica-como-europa-fue-a-la-guerra-en-1914-clark-christopher-40450\/#primaryimage\"},\"image\":{\"@id\":\"https:\/\/www.casadelectores.com\/index.php\/producto\/finale-aktion-sonambulos-rustica-como-europa-fue-a-la-guerra-en-1914-clark-christopher-40450\/#primaryimage\"},\"thumbnailUrl\":\"https:\/\/www.casadelectores.com\/wp-content\/uploads\/2025\/SK0019228-DE20251119-101215-0-1763518342-978841625295.webp\",\"datePublished\":\"2025-11-25T09:05:34+00:00\",\"breadcrumb\":{\"@id\":\"https:\/\/www.casadelectores.com\/index.php\/producto\/finale-aktion-sonambulos-rustica-como-europa-fue-a-la-guerra-en-1914-clark-christopher-40450\/#breadcrumb\"},\"inLanguage\":\"es\",\"potentialAction\":[{\"@type\":\"ReadAction\",\"target\":[\"https:\/\/www.casadelectores.com\/index.php\/producto\/finale-aktion-sonambulos-rustica-como-europa-fue-a-la-guerra-en-1914-clark-christopher-40450\/\"]}]},{\"@type\":\"ImageObject\",\"inLanguage\":\"es\",\"@id\":\"https:\/\/www.casadelectores.com\/index.php\/producto\/finale-aktion-sonambulos-rustica-como-europa-fue-a-la-guerra-en-1914-clark-christopher-40450\/#primaryimage\",\"url\":\"https:\/\/www.casadelectores.com\/wp-content\/uploads\/2025\/SK0019228-DE20251119-101215-0-1763518342-978841625295.webp\",\"contentUrl\":\"https:\/\/www.casadelectores.com\/wp-content\/uploads\/2025\/SK0019228-DE20251119-101215-0-1763518342-978841625295.webp\",\"width\":300,\"height\":497},{\"@type\":\"BreadcrumbList\",\"@id\":\"https:\/\/www.casadelectores.com\/index.php\/producto\/finale-aktion-sonambulos-rustica-como-europa-fue-a-la-guerra-en-1914-clark-christopher-40450\/#breadcrumb\",\"itemListElement\":[{\"@type\":\"ListItem\",\"position\":1,\"name\":\"Portada\",\"item\":\"https:\/\/www.casadelectores.com\/\"},{\"@type\":\"ListItem\",\"position\":2,\"name\":\"Shop\",\"item\":\"https:\/\/www.casadelectores.com\/index.php\/shop\/\"},{\"@type\":\"ListItem\",\"position\":3,\"name\":\"Finale Aktion SON\u00c1MBULOS- R\u00daSTICA. C\u00d3MO EUROPA FUE A LA GUERRA EN 1914, CLARK, CHRISTOPHER\"}]},{\"@type\":\"WebSite\",\"@id\":\"https:\/\/www.casadelectores.com\/#website\",\"url\":\"https:\/\/www.casadelectores.com\/\",\"name\":\"Enam\u00f3rate de las compras\",\"description\":\"\",\"publisher\":{\"@id\":\"https:\/\/www.casadelectores.com\/#organization\"},\"potentialAction\":[{\"@type\":\"SearchAction\",\"target\":{\"@type\":\"EntryPoint\",\"urlTemplate\":\"https:\/\/www.casadelectores.com\/?s={search_term_string}\"},\"query-input\":{\"@type\":\"PropertyValueSpecification\",\"valueRequired\":true,\"valueName\":\"search_term_string\"}}],\"inLanguage\":\"es\"},{\"@type\":\"Organization\",\"@id\":\"https:\/\/www.casadelectores.com\/#organization\",\"name\":\"Enam\u00f3rate de las compras\",\"url\":\"https:\/\/www.casadelectores.com\/\",\"logo\":{\"@type\":\"ImageObject\",\"inLanguage\":\"es\",\"@id\":\"https:\/\/www.casadelectores.com\/#\/schema\/logo\/image\/\",\"url\":\"https:\/\/www.casadelectores.com\/wp-content\/uploads\/2020\/10\/shop-icon.png\",\"contentUrl\":\"https:\/\/www.casadelectores.com\/wp-content\/uploads\/2020\/10\/shop-icon.png\",\"width\":512,\"height\":512,\"caption\":\"Enam\u00f3rate de las compras\"},\"image\":{\"@id\":\"https:\/\/www.casadelectores.com\/#\/schema\/logo\/image\/\"}}]}<\/script>\n<!-- \/ Yoast SEO plugin. -->","yoast_head_json":{"title":"Finale Aktion SON\u00c1MBULOS- R\u00daSTICA. C\u00d3MO EUROPA FUE A LA GUERRA EN 1914, CLARK, CHRISTOPHER - casadelectores","robots":{"index":"index","follow":"follow","max-snippet":"max-snippet:-1","max-image-preview":"max-image-preview:large","max-video-preview":"max-video-preview:-1"},"canonical":"https:\/\/www.casadelectores.com\/index.php\/producto\/finale-aktion-sonambulos-rustica-como-europa-fue-a-la-guerra-en-1914-clark-christopher-40450\/","og_locale":"es_ES","og_type":"article","og_title":"Finale Aktion SON\u00c1MBULOS- R\u00daSTICA. C\u00d3MO EUROPA FUE A LA GUERRA EN 1914, CLARK, CHRISTOPHER - casadelectores","og_description":"La ma\u00f1ana del 28 de junio de 1914, cuando el archiduque de Austria, Francisco Fernando, y su esposa, Sof\u00eda Chotek, llegaron a la estaci\u00f3n de tren de Sarajevo, en Europa reinaba la paz. Treinta y siete d\u00edas despu\u00e9s, el continente estaba en guerra. La contienda tendr\u00eda como resultado veinte millones de muertos, destruir\u00eda tres imperios&hellip;&nbsp;Finale Aktion SON\u00c1MBULOS- R\u00daSTICA. C\u00d3MO EUROPA FUE A LA GUERRA EN 1914, CLARK, CHRISTOPHER","og_url":"https:\/\/www.casadelectores.com\/index.php\/producto\/finale-aktion-sonambulos-rustica-como-europa-fue-a-la-guerra-en-1914-clark-christopher-40450\/","og_site_name":"casadelectores","og_image":[{"width":300,"height":497,"url":"https:\/\/www.casadelectores.com\/wp-content\/uploads\/2025\/SK0019228-DE20251119-101215-0-1763518342-978841625295.webp","type":"image\/webp"}],"twitter_card":"summary_large_image","twitter_misc":{"Tiempo de lectura":"1 minuto"},"schema":{"@context":"https:\/\/schema.org","@graph":[{"@type":"WebPage","@id":"https:\/\/www.casadelectores.com\/index.php\/producto\/finale-aktion-sonambulos-rustica-como-europa-fue-a-la-guerra-en-1914-clark-christopher-40450\/","url":"https:\/\/www.casadelectores.com\/index.php\/producto\/finale-aktion-sonambulos-rustica-como-europa-fue-a-la-guerra-en-1914-clark-christopher-40450\/","name":"Finale Aktion SON\u00c1MBULOS- R\u00daSTICA. C\u00d3MO EUROPA FUE A LA GUERRA EN 1914, CLARK, CHRISTOPHER - casadelectores","isPartOf":{"@id":"https:\/\/www.casadelectores.com\/#website"},"primaryImageOfPage":{"@id":"https:\/\/www.casadelectores.com\/index.php\/producto\/finale-aktion-sonambulos-rustica-como-europa-fue-a-la-guerra-en-1914-clark-christopher-40450\/#primaryimage"},"image":{"@id":"https:\/\/www.casadelectores.com\/index.php\/producto\/finale-aktion-sonambulos-rustica-como-europa-fue-a-la-guerra-en-1914-clark-christopher-40450\/#primaryimage"},"thumbnailUrl":"https:\/\/www.casadelectores.com\/wp-content\/uploads\/2025\/SK0019228-DE20251119-101215-0-1763518342-978841625295.webp","datePublished":"2025-11-25T09:05:34+00:00","breadcrumb":{"@id":"https:\/\/www.casadelectores.com\/index.php\/producto\/finale-aktion-sonambulos-rustica-como-europa-fue-a-la-guerra-en-1914-clark-christopher-40450\/#breadcrumb"},"inLanguage":"es","potentialAction":[{"@type":"ReadAction","target":["https:\/\/www.casadelectores.com\/index.php\/producto\/finale-aktion-sonambulos-rustica-como-europa-fue-a-la-guerra-en-1914-clark-christopher-40450\/"]}]},{"@type":"ImageObject","inLanguage":"es","@id":"https:\/\/www.casadelectores.com\/index.php\/producto\/finale-aktion-sonambulos-rustica-como-europa-fue-a-la-guerra-en-1914-clark-christopher-40450\/#primaryimage","url":"https:\/\/www.casadelectores.com\/wp-content\/uploads\/2025\/SK0019228-DE20251119-101215-0-1763518342-978841625295.webp","contentUrl":"https:\/\/www.casadelectores.com\/wp-content\/uploads\/2025\/SK0019228-DE20251119-101215-0-1763518342-978841625295.webp","width":300,"height":497},{"@type":"BreadcrumbList","@id":"https:\/\/www.casadelectores.com\/index.php\/producto\/finale-aktion-sonambulos-rustica-como-europa-fue-a-la-guerra-en-1914-clark-christopher-40450\/#breadcrumb","itemListElement":[{"@type":"ListItem","position":1,"name":"Portada","item":"https:\/\/www.casadelectores.com\/"},{"@type":"ListItem","position":2,"name":"Shop","item":"https:\/\/www.casadelectores.com\/index.php\/shop\/"},{"@type":"ListItem","position":3,"name":"Finale Aktion SON\u00c1MBULOS- R\u00daSTICA. C\u00d3MO EUROPA FUE A LA GUERRA EN 1914, CLARK, CHRISTOPHER"}]},{"@type":"WebSite","@id":"https:\/\/www.casadelectores.com\/#website","url":"https:\/\/www.casadelectores.com\/","name":"Enam\u00f3rate de las compras","description":"","publisher":{"@id":"https:\/\/www.casadelectores.com\/#organization"},"potentialAction":[{"@type":"SearchAction","target":{"@type":"EntryPoint","urlTemplate":"https:\/\/www.casadelectores.com\/?s={search_term_string}"},"query-input":{"@type":"PropertyValueSpecification","valueRequired":true,"valueName":"search_term_string"}}],"inLanguage":"es"},{"@type":"Organization","@id":"https:\/\/www.casadelectores.com\/#organization","name":"Enam\u00f3rate de las compras","url":"https:\/\/www.casadelectores.com\/","logo":{"@type":"ImageObject","inLanguage":"es","@id":"https:\/\/www.casadelectores.com\/#\/schema\/logo\/image\/","url":"https:\/\/www.casadelectores.com\/wp-content\/uploads\/2020\/10\/shop-icon.png","contentUrl":"https:\/\/www.casadelectores.com\/wp-content\/uploads\/2020\/10\/shop-icon.png","width":512,"height":512,"caption":"Enam\u00f3rate de las compras"},"image":{"@id":"https:\/\/www.casadelectores.com\/#\/schema\/logo\/image\/"}}]}},"_links":{"self":[{"href":"https:\/\/www.casadelectores.com\/index.php\/wp-json\/wp\/v2\/product\/40450","targetHints":{"allow":["GET"]}}],"collection":[{"href":"https:\/\/www.casadelectores.com\/index.php\/wp-json\/wp\/v2\/product"}],"about":[{"href":"https:\/\/www.casadelectores.com\/index.php\/wp-json\/wp\/v2\/types\/product"}],"wp:featuredmedia":[{"embeddable":true,"href":"https:\/\/www.casadelectores.com\/index.php\/wp-json\/wp\/v2\/media\/40550"}],"wp:attachment":[{"href":"https:\/\/www.casadelectores.com\/index.php\/wp-json\/wp\/v2\/media?parent=40450"}],"wp:term":[{"taxonomy":"product_brand","embeddable":true,"href":"https:\/\/www.casadelectores.com\/index.php\/wp-json\/wp\/v2\/product_brand?post=40450"},{"taxonomy":"product_cat","embeddable":true,"href":"https:\/\/www.casadelectores.com\/index.php\/wp-json\/wp\/v2\/product_cat?post=40450"},{"taxonomy":"product_tag","embeddable":true,"href":"https:\/\/www.casadelectores.com\/index.php\/wp-json\/wp\/v2\/product_tag?post=40450"}],"curies":[{"name":"wp","href":"https:\/\/api.w.org\/{rel}","templated":true}]}}