{"id":39810,"date":"2025-11-25T09:05:34","date_gmt":"2025-11-25T09:05:34","guid":{"rendered":""},"modified":"2025-11-25T09:05:34","modified_gmt":"2025-11-25T09:05:34","slug":"federica-montseny-una-anarquista-en-el-poder-lozano-irene-beliebt-39810","status":"publish","type":"product","link":"https:\/\/www.casadelectores.com\/index.php\/producto\/federica-montseny-una-anarquista-en-el-poder-lozano-irene-beliebt-39810\/","title":{"rendered":"FEDERICA MONTSENY. UNA ANARQUISTA EN EL PODER, LOZANO, IRENE Beliebt"},"content":{"rendered":"<p>Carism\u00e1tica oradora, en\u00e9rgica articulista y apasionada mujer, se convirti\u00f3 en una popular l\u00edder de la CNT en los convulsos a\u00f1os treinta del siglo XX. Hija de dos activos intelectuales libertarios, anarquista convencida, en la encrucijada de noviembre de 1<\/p>\n","protected":false},"excerpt":{"rendered":"<p>Carism\u00e1tica oradora, en\u00e9rgica articulista y apasionada mujer, se convirti\u00f3 en una popular l\u00edder de la CNT en los convulsos a\u00f1os treinta del siglo XX. Hija de dos activos intelectuales libertarios, anarquista convencida, en la encrucijada de noviembre de 1<\/p>\n","protected":false},"featured_media":39910,"template":"","meta":{"neve_meta_sidebar":"","neve_meta_container":"","neve_meta_enable_content_width":"","neve_meta_content_width":0,"neve_meta_title_alignment":"","neve_meta_author_avatar":"","neve_post_elements_order":"","neve_meta_disable_header":"","neve_meta_disable_footer":"","neve_meta_disable_title":"","_themeisle_gutenberg_block_has_review":false},"product_brand":[],"product_cat":[26],"product_tag":[],"class_list":["post-39810","product","type-product","status-publish","has-post-thumbnail","product_cat-publicaciones-de-libros","first","instock","sale","shipping-taxable","purchasable","product-type-simple"],"yoast_head":"<!-- This site is optimized with the Yoast SEO plugin v26.3 - https:\/\/yoast.com\/wordpress\/plugins\/seo\/ -->\n<title>FEDERICA MONTSENY. UNA ANARQUISTA EN EL PODER, LOZANO, IRENE Beliebt - casadelectores<\/title>\n<meta name=\"robots\" content=\"index, follow, max-snippet:-1, max-image-preview:large, max-video-preview:-1\" \/>\n<link rel=\"canonical\" href=\"https:\/\/www.casadelectores.com\/index.php\/producto\/federica-montseny-una-anarquista-en-el-poder-lozano-irene-beliebt-39810\/\" \/>\n<meta property=\"og:locale\" content=\"es_ES\" \/>\n<meta property=\"og:type\" content=\"article\" \/>\n<meta property=\"og:title\" content=\"FEDERICA MONTSENY. UNA ANARQUISTA EN EL PODER, LOZANO, IRENE Beliebt - casadelectores\" \/>\n<meta property=\"og:description\" content=\"Carism\u00e1tica oradora, en\u00e9rgica articulista y apasionada mujer, se convirti\u00f3 en una popular l\u00edder de la CNT en los convulsos a\u00f1os treinta del siglo XX. Hija de dos activos intelectuales libertarios, anarquista convencida, en la encrucijada de noviembre de 1\" \/>\n<meta property=\"og:url\" content=\"https:\/\/www.casadelectores.com\/index.php\/producto\/federica-montseny-una-anarquista-en-el-poder-lozano-irene-beliebt-39810\/\" \/>\n<meta property=\"og:site_name\" content=\"casadelectores\" \/>\n<meta property=\"og:image\" content=\"https:\/\/www.casadelectores.com\/wp-content\/uploads\/2025\/SK0019289-DE20251119-101215-0-1763518342-978846701693.webp\" \/>\n\t<meta property=\"og:image:width\" content=\"95\" \/>\n\t<meta property=\"og:image:height\" content=\"151\" \/>\n\t<meta property=\"og:image:type\" content=\"image\/webp\" \/>\n<meta name=\"twitter:card\" content=\"summary_large_image\" \/>\n<script type=\"application\/ld+json\" class=\"yoast-schema-graph\">{\"@context\":\"https:\/\/schema.org\",\"@graph\":[{\"@type\":\"WebPage\",\"@id\":\"https:\/\/www.casadelectores.com\/index.php\/producto\/federica-montseny-una-anarquista-en-el-poder-lozano-irene-beliebt-39810\/\",\"url\":\"https:\/\/www.casadelectores.com\/index.php\/producto\/federica-montseny-una-anarquista-en-el-poder-lozano-irene-beliebt-39810\/\",\"name\":\"FEDERICA MONTSENY. UNA ANARQUISTA EN EL PODER, LOZANO, IRENE Beliebt - casadelectores\",\"isPartOf\":{\"@id\":\"https:\/\/www.casadelectores.com\/#website\"},\"primaryImageOfPage\":{\"@id\":\"https:\/\/www.casadelectores.com\/index.php\/producto\/federica-montseny-una-anarquista-en-el-poder-lozano-irene-beliebt-39810\/#primaryimage\"},\"image\":{\"@id\":\"https:\/\/www.casadelectores.com\/index.php\/producto\/federica-montseny-una-anarquista-en-el-poder-lozano-irene-beliebt-39810\/#primaryimage\"},\"thumbnailUrl\":\"https:\/\/www.casadelectores.com\/wp-content\/uploads\/2025\/SK0019289-DE20251119-101215-0-1763518342-978846701693.webp\",\"datePublished\":\"2025-11-25T09:05:34+00:00\",\"breadcrumb\":{\"@id\":\"https:\/\/www.casadelectores.com\/index.php\/producto\/federica-montseny-una-anarquista-en-el-poder-lozano-irene-beliebt-39810\/#breadcrumb\"},\"inLanguage\":\"es\",\"potentialAction\":[{\"@type\":\"ReadAction\",\"target\":[\"https:\/\/www.casadelectores.com\/index.php\/producto\/federica-montseny-una-anarquista-en-el-poder-lozano-irene-beliebt-39810\/\"]}]},{\"@type\":\"ImageObject\",\"inLanguage\":\"es\",\"@id\":\"https:\/\/www.casadelectores.com\/index.php\/producto\/federica-montseny-una-anarquista-en-el-poder-lozano-irene-beliebt-39810\/#primaryimage\",\"url\":\"https:\/\/www.casadelectores.com\/wp-content\/uploads\/2025\/SK0019289-DE20251119-101215-0-1763518342-978846701693.webp\",\"contentUrl\":\"https:\/\/www.casadelectores.com\/wp-content\/uploads\/2025\/SK0019289-DE20251119-101215-0-1763518342-978846701693.webp\",\"width\":95,\"height\":151},{\"@type\":\"BreadcrumbList\",\"@id\":\"https:\/\/www.casadelectores.com\/index.php\/producto\/federica-montseny-una-anarquista-en-el-poder-lozano-irene-beliebt-39810\/#breadcrumb\",\"itemListElement\":[{\"@type\":\"ListItem\",\"position\":1,\"name\":\"Portada\",\"item\":\"https:\/\/www.casadelectores.com\/\"},{\"@type\":\"ListItem\",\"position\":2,\"name\":\"Shop\",\"item\":\"https:\/\/www.casadelectores.com\/index.php\/shop\/\"},{\"@type\":\"ListItem\",\"position\":3,\"name\":\"FEDERICA MONTSENY. UNA ANARQUISTA EN EL PODER, LOZANO, IRENE Beliebt\"}]},{\"@type\":\"WebSite\",\"@id\":\"https:\/\/www.casadelectores.com\/#website\",\"url\":\"https:\/\/www.casadelectores.com\/\",\"name\":\"Enam\u00f3rate de las compras\",\"description\":\"\",\"publisher\":{\"@id\":\"https:\/\/www.casadelectores.com\/#organization\"},\"potentialAction\":[{\"@type\":\"SearchAction\",\"target\":{\"@type\":\"EntryPoint\",\"urlTemplate\":\"https:\/\/www.casadelectores.com\/?s={search_term_string}\"},\"query-input\":{\"@type\":\"PropertyValueSpecification\",\"valueRequired\":true,\"valueName\":\"search_term_string\"}}],\"inLanguage\":\"es\"},{\"@type\":\"Organization\",\"@id\":\"https:\/\/www.casadelectores.com\/#organization\",\"name\":\"Enam\u00f3rate de las compras\",\"url\":\"https:\/\/www.casadelectores.com\/\",\"logo\":{\"@type\":\"ImageObject\",\"inLanguage\":\"es\",\"@id\":\"https:\/\/www.casadelectores.com\/#\/schema\/logo\/image\/\",\"url\":\"https:\/\/www.casadelectores.com\/wp-content\/uploads\/2020\/10\/shop-icon.png\",\"contentUrl\":\"https:\/\/www.casadelectores.com\/wp-content\/uploads\/2020\/10\/shop-icon.png\",\"width\":512,\"height\":512,\"caption\":\"Enam\u00f3rate de las compras\"},\"image\":{\"@id\":\"https:\/\/www.casadelectores.com\/#\/schema\/logo\/image\/\"}}]}<\/script>\n<!-- \/ Yoast SEO plugin. -->","yoast_head_json":{"title":"FEDERICA MONTSENY. UNA ANARQUISTA EN EL PODER, LOZANO, IRENE Beliebt - casadelectores","robots":{"index":"index","follow":"follow","max-snippet":"max-snippet:-1","max-image-preview":"max-image-preview:large","max-video-preview":"max-video-preview:-1"},"canonical":"https:\/\/www.casadelectores.com\/index.php\/producto\/federica-montseny-una-anarquista-en-el-poder-lozano-irene-beliebt-39810\/","og_locale":"es_ES","og_type":"article","og_title":"FEDERICA MONTSENY. UNA ANARQUISTA EN EL PODER, LOZANO, IRENE Beliebt - casadelectores","og_description":"Carism\u00e1tica oradora, en\u00e9rgica articulista y apasionada mujer, se convirti\u00f3 en una popular l\u00edder de la CNT en los convulsos a\u00f1os treinta del siglo XX. Hija de dos activos intelectuales libertarios, anarquista convencida, en la encrucijada de noviembre de 1","og_url":"https:\/\/www.casadelectores.com\/index.php\/producto\/federica-montseny-una-anarquista-en-el-poder-lozano-irene-beliebt-39810\/","og_site_name":"casadelectores","og_image":[{"width":95,"height":151,"url":"https:\/\/www.casadelectores.com\/wp-content\/uploads\/2025\/SK0019289-DE20251119-101215-0-1763518342-978846701693.webp","type":"image\/webp"}],"twitter_card":"summary_large_image","schema":{"@context":"https:\/\/schema.org","@graph":[{"@type":"WebPage","@id":"https:\/\/www.casadelectores.com\/index.php\/producto\/federica-montseny-una-anarquista-en-el-poder-lozano-irene-beliebt-39810\/","url":"https:\/\/www.casadelectores.com\/index.php\/producto\/federica-montseny-una-anarquista-en-el-poder-lozano-irene-beliebt-39810\/","name":"FEDERICA MONTSENY. UNA ANARQUISTA EN EL PODER, LOZANO, IRENE Beliebt - casadelectores","isPartOf":{"@id":"https:\/\/www.casadelectores.com\/#website"},"primaryImageOfPage":{"@id":"https:\/\/www.casadelectores.com\/index.php\/producto\/federica-montseny-una-anarquista-en-el-poder-lozano-irene-beliebt-39810\/#primaryimage"},"image":{"@id":"https:\/\/www.casadelectores.com\/index.php\/producto\/federica-montseny-una-anarquista-en-el-poder-lozano-irene-beliebt-39810\/#primaryimage"},"thumbnailUrl":"https:\/\/www.casadelectores.com\/wp-content\/uploads\/2025\/SK0019289-DE20251119-101215-0-1763518342-978846701693.webp","datePublished":"2025-11-25T09:05:34+00:00","breadcrumb":{"@id":"https:\/\/www.casadelectores.com\/index.php\/producto\/federica-montseny-una-anarquista-en-el-poder-lozano-irene-beliebt-39810\/#breadcrumb"},"inLanguage":"es","potentialAction":[{"@type":"ReadAction","target":["https:\/\/www.casadelectores.com\/index.php\/producto\/federica-montseny-una-anarquista-en-el-poder-lozano-irene-beliebt-39810\/"]}]},{"@type":"ImageObject","inLanguage":"es","@id":"https:\/\/www.casadelectores.com\/index.php\/producto\/federica-montseny-una-anarquista-en-el-poder-lozano-irene-beliebt-39810\/#primaryimage","url":"https:\/\/www.casadelectores.com\/wp-content\/uploads\/2025\/SK0019289-DE20251119-101215-0-1763518342-978846701693.webp","contentUrl":"https:\/\/www.casadelectores.com\/wp-content\/uploads\/2025\/SK0019289-DE20251119-101215-0-1763518342-978846701693.webp","width":95,"height":151},{"@type":"BreadcrumbList","@id":"https:\/\/www.casadelectores.com\/index.php\/producto\/federica-montseny-una-anarquista-en-el-poder-lozano-irene-beliebt-39810\/#breadcrumb","itemListElement":[{"@type":"ListItem","position":1,"name":"Portada","item":"https:\/\/www.casadelectores.com\/"},{"@type":"ListItem","position":2,"name":"Shop","item":"https:\/\/www.casadelectores.com\/index.php\/shop\/"},{"@type":"ListItem","position":3,"name":"FEDERICA MONTSENY. UNA ANARQUISTA EN EL PODER, LOZANO, IRENE Beliebt"}]},{"@type":"WebSite","@id":"https:\/\/www.casadelectores.com\/#website","url":"https:\/\/www.casadelectores.com\/","name":"Enam\u00f3rate de las compras","description":"","publisher":{"@id":"https:\/\/www.casadelectores.com\/#organization"},"potentialAction":[{"@type":"SearchAction","target":{"@type":"EntryPoint","urlTemplate":"https:\/\/www.casadelectores.com\/?s={search_term_string}"},"query-input":{"@type":"PropertyValueSpecification","valueRequired":true,"valueName":"search_term_string"}}],"inLanguage":"es"},{"@type":"Organization","@id":"https:\/\/www.casadelectores.com\/#organization","name":"Enam\u00f3rate de las compras","url":"https:\/\/www.casadelectores.com\/","logo":{"@type":"ImageObject","inLanguage":"es","@id":"https:\/\/www.casadelectores.com\/#\/schema\/logo\/image\/","url":"https:\/\/www.casadelectores.com\/wp-content\/uploads\/2020\/10\/shop-icon.png","contentUrl":"https:\/\/www.casadelectores.com\/wp-content\/uploads\/2020\/10\/shop-icon.png","width":512,"height":512,"caption":"Enam\u00f3rate de las compras"},"image":{"@id":"https:\/\/www.casadelectores.com\/#\/schema\/logo\/image\/"}}]}},"_links":{"self":[{"href":"https:\/\/www.casadelectores.com\/index.php\/wp-json\/wp\/v2\/product\/39810","targetHints":{"allow":["GET"]}}],"collection":[{"href":"https:\/\/www.casadelectores.com\/index.php\/wp-json\/wp\/v2\/product"}],"about":[{"href":"https:\/\/www.casadelectores.com\/index.php\/wp-json\/wp\/v2\/types\/product"}],"wp:featuredmedia":[{"embeddable":true,"href":"https:\/\/www.casadelectores.com\/index.php\/wp-json\/wp\/v2\/media\/39910"}],"wp:attachment":[{"href":"https:\/\/www.casadelectores.com\/index.php\/wp-json\/wp\/v2\/media?parent=39810"}],"wp:term":[{"taxonomy":"product_brand","embeddable":true,"href":"https:\/\/www.casadelectores.com\/index.php\/wp-json\/wp\/v2\/product_brand?post=39810"},{"taxonomy":"product_cat","embeddable":true,"href":"https:\/\/www.casadelectores.com\/index.php\/wp-json\/wp\/v2\/product_cat?post=39810"},{"taxonomy":"product_tag","embeddable":true,"href":"https:\/\/www.casadelectores.com\/index.php\/wp-json\/wp\/v2\/product_tag?post=39810"}],"curies":[{"name":"wp","href":"https:\/\/api.w.org\/{rel}","templated":true}]}}