{"id":39432,"date":"2025-11-25T09:05:34","date_gmt":"2025-11-25T09:05:34","guid":{"rendered":""},"modified":"2025-11-25T09:05:34","modified_gmt":"2025-11-25T09:05:34","slug":"en-los-origenes-de-la-humanidad-coppens-yves-picq-pascal-picq-pascal-neue-ware-39432","status":"publish","type":"product","link":"https:\/\/www.casadelectores.com\/index.php\/producto\/en-los-origenes-de-la-humanidad-coppens-yves-picq-pascal-picq-pascal-neue-ware-39432\/","title":{"rendered":"EN LOS OR\u00cdGENES DE LA HUMANIDAD, COPPENS, YVES; PICQ,  PASCAL; PICQ, PASCAL Neue Ware"},"content":{"rendered":"<p>Tomo I:De la aparici\u00f3n de la vida al hombre moderno.El hombre moderno -Homo sapiens- aparece como el \u00faltimo representante de una l\u00ednea evolutiva de monos antropomorfos africanos, a los que se da el nombre de hom\u00ednidos. Pero hace solo 400 siglos, nuestros antepasados croma\u00f1ones y los hombres de Neandertal cohabitaban en las tierras de Europa despu\u00e9s de haberse codeado durante m\u00e1s de 50.000 a\u00f1os en el Cercano Oriente. Mucho antes, hace unos 2 millones de a\u00f1os, en \u00c1frica, otros hombres de especies distintas y sus parientes par\u00e1ntropos (o \u00abcasi hombres\u00bb) evolucionaban en las mismas comunidades ecol\u00f3gicas. Todos andaban erguidos, pose\u00edan un cerebro voluminoso, tallaban la piedra y consum\u00edan carne. Antes a\u00fan, el peque\u00f1o mundo de Lucy se iba poblando de otras especies de australopitecos, distribuidos por todo el continente africano. Y despu\u00e9s, nuestros or\u00edgenes se dispersan en la profundidad de los tiempos geol\u00f3gicos, iluminados por algunos f\u00f3siles.Esta obra, a la luz de los descubrimientos m\u00e1s recientes, recompone el improbable fresco de nuestra historia desde hace m\u00e1s de 50 millones de a\u00f1os. Y lo que aparece dibujado no es un \u00e1rbol de la evoluci\u00f3n que tiende al advenimiento del Homo sapiens, sino un matorral, podado por los cambios del entorno, que solo ha podido conservar una rama de nuestra familia evolutiva. El hombre moderno no ha hecho m\u00e1s que comenzar a tomar conciencia de su lugar en la historia de la vida.Tomo II: Lo propio del hombre.El pensamiento occidental ha construido una imagen del hombre que lo sit\u00faa en la cima de la escala de las especies o, desde Lamarck y Darwin, en la copa del \u00e1rbol de la evoluci\u00f3n. De este modo, se le ha dotado de caracteres exclusivos que supuestamente lo distinguen del mundo animal: la bipedaci\u00f3n, la mano, la herramienta, el reparto de alimentos, la pol\u00edtica, la conciencia de s\u00ed mismo, la empat\u00eda, la simpat\u00eda, las nociones del bien y el mal.Desde hace unas d\u00e9cadas, la etolog\u00eda de campo, las observaciones en semicautividad y los estudios de psicolog\u00eda animal  como los dedicados a ense\u00f1ar el lenguaje a los grandes monos, nos revelan que nuestros hermanos de evoluci\u00f3n, los chimpanc\u00e9s, los bonobos, los orangutanes y algunos otros abarcan facetas enteras de nuestra humanidad.As\u00ed pues, lo importante hoy es redefinir al hombre a la luz de los conocimientos adquiridos sobre nuestro lugar en la naturaleza, resultado ella misma de una larga historia evolutiva. La indagaci\u00f3n cient\u00edfica del verdadero conocimiento del hombre apenas ha comenzado.<\/p>\n","protected":false},"excerpt":{"rendered":"<p>Tomo I:De la aparici\u00f3n de la vida al hombre moderno.El hombre moderno -Homo sapiens- aparece como el \u00faltimo representante de una l\u00ednea evolutiva de monos antropomorfos africanos, a los que se da el nombre de hom\u00ednidos. Pero hace solo 400 siglos, nuestros antepasados croma\u00f1ones y los hombres de Neandertal cohabitaban en las tierras de Europa&hellip;&nbsp;<a href=\"https:\/\/www.casadelectores.com\/index.php\/producto\/en-los-origenes-de-la-humanidad-coppens-yves-picq-pascal-picq-pascal-neue-ware-39432\/\" rel=\"bookmark\"><span class=\"screen-reader-text\">EN LOS OR\u00cdGENES DE LA HUMANIDAD, COPPENS, YVES; PICQ,  PASCAL; PICQ, PASCAL Neue Ware<\/span><\/a><\/p>\n","protected":false},"featured_media":39532,"template":"","meta":{"neve_meta_sidebar":"","neve_meta_container":"","neve_meta_enable_content_width":"","neve_meta_content_width":0,"neve_meta_title_alignment":"","neve_meta_author_avatar":"","neve_post_elements_order":"","neve_meta_disable_header":"","neve_meta_disable_footer":"","neve_meta_disable_title":"","_themeisle_gutenberg_block_has_review":false},"product_brand":[],"product_cat":[26],"product_tag":[],"class_list":["post-39432","product","type-product","status-publish","has-post-thumbnail","product_cat-publicaciones-de-libros","first","instock","sale","shipping-taxable","purchasable","product-type-simple"],"yoast_head":"<!-- This site is optimized with the Yoast SEO plugin v26.3 - https:\/\/yoast.com\/wordpress\/plugins\/seo\/ -->\n<title>EN LOS OR\u00cdGENES DE LA HUMANIDAD, COPPENS, YVES; PICQ, PASCAL; PICQ, PASCAL Neue Ware - casadelectores<\/title>\n<meta name=\"robots\" content=\"index, follow, max-snippet:-1, max-image-preview:large, max-video-preview:-1\" \/>\n<link rel=\"canonical\" href=\"https:\/\/www.casadelectores.com\/index.php\/producto\/en-los-origenes-de-la-humanidad-coppens-yves-picq-pascal-picq-pascal-neue-ware-39432\/\" \/>\n<meta property=\"og:locale\" content=\"es_ES\" \/>\n<meta property=\"og:type\" content=\"article\" \/>\n<meta property=\"og:title\" content=\"EN LOS OR\u00cdGENES DE LA HUMANIDAD, COPPENS, YVES; PICQ, PASCAL; PICQ, PASCAL Neue Ware - casadelectores\" \/>\n<meta property=\"og:description\" content=\"Tomo I:De la aparici\u00f3n de la vida al hombre moderno.El hombre moderno -Homo sapiens- aparece como el \u00faltimo representante de una l\u00ednea evolutiva de monos antropomorfos africanos, a los que se da el nombre de hom\u00ednidos. Pero hace solo 400 siglos, nuestros antepasados croma\u00f1ones y los hombres de Neandertal cohabitaban en las tierras de Europa&hellip;&nbsp;EN LOS OR\u00cdGENES DE LA HUMANIDAD, COPPENS, YVES; PICQ, PASCAL; PICQ, PASCAL Neue Ware\" \/>\n<meta property=\"og:url\" content=\"https:\/\/www.casadelectores.com\/index.php\/producto\/en-los-origenes-de-la-humanidad-coppens-yves-picq-pascal-picq-pascal-neue-ware-39432\/\" \/>\n<meta property=\"og:site_name\" content=\"casadelectores\" \/>\n<meta property=\"og:image\" content=\"https:\/\/www.casadelectores.com\/wp-content\/uploads\/2025\/SK0018996-DE20251119-101215-0-1763518342-978846701611.webp\" \/>\n\t<meta property=\"og:image:width\" content=\"95\" \/>\n\t<meta property=\"og:image:height\" content=\"151\" \/>\n\t<meta property=\"og:image:type\" content=\"image\/webp\" \/>\n<meta name=\"twitter:card\" content=\"summary_large_image\" \/>\n<meta name=\"twitter:label1\" content=\"Tiempo de lectura\" \/>\n\t<meta name=\"twitter:data1\" content=\"2 minutos\" \/>\n<script type=\"application\/ld+json\" class=\"yoast-schema-graph\">{\"@context\":\"https:\/\/schema.org\",\"@graph\":[{\"@type\":\"WebPage\",\"@id\":\"https:\/\/www.casadelectores.com\/index.php\/producto\/en-los-origenes-de-la-humanidad-coppens-yves-picq-pascal-picq-pascal-neue-ware-39432\/\",\"url\":\"https:\/\/www.casadelectores.com\/index.php\/producto\/en-los-origenes-de-la-humanidad-coppens-yves-picq-pascal-picq-pascal-neue-ware-39432\/\",\"name\":\"EN LOS OR\u00cdGENES DE LA HUMANIDAD, COPPENS, YVES; PICQ, PASCAL; PICQ, PASCAL Neue Ware - casadelectores\",\"isPartOf\":{\"@id\":\"https:\/\/www.casadelectores.com\/#website\"},\"primaryImageOfPage\":{\"@id\":\"https:\/\/www.casadelectores.com\/index.php\/producto\/en-los-origenes-de-la-humanidad-coppens-yves-picq-pascal-picq-pascal-neue-ware-39432\/#primaryimage\"},\"image\":{\"@id\":\"https:\/\/www.casadelectores.com\/index.php\/producto\/en-los-origenes-de-la-humanidad-coppens-yves-picq-pascal-picq-pascal-neue-ware-39432\/#primaryimage\"},\"thumbnailUrl\":\"https:\/\/www.casadelectores.com\/wp-content\/uploads\/2025\/SK0018996-DE20251119-101215-0-1763518342-978846701611.webp\",\"datePublished\":\"2025-11-25T09:05:34+00:00\",\"breadcrumb\":{\"@id\":\"https:\/\/www.casadelectores.com\/index.php\/producto\/en-los-origenes-de-la-humanidad-coppens-yves-picq-pascal-picq-pascal-neue-ware-39432\/#breadcrumb\"},\"inLanguage\":\"es\",\"potentialAction\":[{\"@type\":\"ReadAction\",\"target\":[\"https:\/\/www.casadelectores.com\/index.php\/producto\/en-los-origenes-de-la-humanidad-coppens-yves-picq-pascal-picq-pascal-neue-ware-39432\/\"]}]},{\"@type\":\"ImageObject\",\"inLanguage\":\"es\",\"@id\":\"https:\/\/www.casadelectores.com\/index.php\/producto\/en-los-origenes-de-la-humanidad-coppens-yves-picq-pascal-picq-pascal-neue-ware-39432\/#primaryimage\",\"url\":\"https:\/\/www.casadelectores.com\/wp-content\/uploads\/2025\/SK0018996-DE20251119-101215-0-1763518342-978846701611.webp\",\"contentUrl\":\"https:\/\/www.casadelectores.com\/wp-content\/uploads\/2025\/SK0018996-DE20251119-101215-0-1763518342-978846701611.webp\",\"width\":95,\"height\":151},{\"@type\":\"BreadcrumbList\",\"@id\":\"https:\/\/www.casadelectores.com\/index.php\/producto\/en-los-origenes-de-la-humanidad-coppens-yves-picq-pascal-picq-pascal-neue-ware-39432\/#breadcrumb\",\"itemListElement\":[{\"@type\":\"ListItem\",\"position\":1,\"name\":\"Portada\",\"item\":\"https:\/\/www.casadelectores.com\/\"},{\"@type\":\"ListItem\",\"position\":2,\"name\":\"Shop\",\"item\":\"https:\/\/www.casadelectores.com\/index.php\/shop\/\"},{\"@type\":\"ListItem\",\"position\":3,\"name\":\"EN LOS OR\u00cdGENES DE LA HUMANIDAD, COPPENS, YVES; PICQ, PASCAL; PICQ, PASCAL Neue Ware\"}]},{\"@type\":\"WebSite\",\"@id\":\"https:\/\/www.casadelectores.com\/#website\",\"url\":\"https:\/\/www.casadelectores.com\/\",\"name\":\"Enam\u00f3rate de las compras\",\"description\":\"\",\"publisher\":{\"@id\":\"https:\/\/www.casadelectores.com\/#organization\"},\"potentialAction\":[{\"@type\":\"SearchAction\",\"target\":{\"@type\":\"EntryPoint\",\"urlTemplate\":\"https:\/\/www.casadelectores.com\/?s={search_term_string}\"},\"query-input\":{\"@type\":\"PropertyValueSpecification\",\"valueRequired\":true,\"valueName\":\"search_term_string\"}}],\"inLanguage\":\"es\"},{\"@type\":\"Organization\",\"@id\":\"https:\/\/www.casadelectores.com\/#organization\",\"name\":\"Enam\u00f3rate de las compras\",\"url\":\"https:\/\/www.casadelectores.com\/\",\"logo\":{\"@type\":\"ImageObject\",\"inLanguage\":\"es\",\"@id\":\"https:\/\/www.casadelectores.com\/#\/schema\/logo\/image\/\",\"url\":\"https:\/\/www.casadelectores.com\/wp-content\/uploads\/2020\/10\/shop-icon.png\",\"contentUrl\":\"https:\/\/www.casadelectores.com\/wp-content\/uploads\/2020\/10\/shop-icon.png\",\"width\":512,\"height\":512,\"caption\":\"Enam\u00f3rate de las compras\"},\"image\":{\"@id\":\"https:\/\/www.casadelectores.com\/#\/schema\/logo\/image\/\"}}]}<\/script>\n<!-- \/ Yoast SEO plugin. -->","yoast_head_json":{"title":"EN LOS OR\u00cdGENES DE LA HUMANIDAD, COPPENS, YVES; PICQ, PASCAL; PICQ, PASCAL Neue Ware - casadelectores","robots":{"index":"index","follow":"follow","max-snippet":"max-snippet:-1","max-image-preview":"max-image-preview:large","max-video-preview":"max-video-preview:-1"},"canonical":"https:\/\/www.casadelectores.com\/index.php\/producto\/en-los-origenes-de-la-humanidad-coppens-yves-picq-pascal-picq-pascal-neue-ware-39432\/","og_locale":"es_ES","og_type":"article","og_title":"EN LOS OR\u00cdGENES DE LA HUMANIDAD, COPPENS, YVES; PICQ, PASCAL; PICQ, PASCAL Neue Ware - casadelectores","og_description":"Tomo I:De la aparici\u00f3n de la vida al hombre moderno.El hombre moderno -Homo sapiens- aparece como el \u00faltimo representante de una l\u00ednea evolutiva de monos antropomorfos africanos, a los que se da el nombre de hom\u00ednidos. Pero hace solo 400 siglos, nuestros antepasados croma\u00f1ones y los hombres de Neandertal cohabitaban en las tierras de Europa&hellip;&nbsp;EN LOS OR\u00cdGENES DE LA HUMANIDAD, COPPENS, YVES; PICQ, PASCAL; PICQ, PASCAL Neue Ware","og_url":"https:\/\/www.casadelectores.com\/index.php\/producto\/en-los-origenes-de-la-humanidad-coppens-yves-picq-pascal-picq-pascal-neue-ware-39432\/","og_site_name":"casadelectores","og_image":[{"width":95,"height":151,"url":"https:\/\/www.casadelectores.com\/wp-content\/uploads\/2025\/SK0018996-DE20251119-101215-0-1763518342-978846701611.webp","type":"image\/webp"}],"twitter_card":"summary_large_image","twitter_misc":{"Tiempo de lectura":"2 minutos"},"schema":{"@context":"https:\/\/schema.org","@graph":[{"@type":"WebPage","@id":"https:\/\/www.casadelectores.com\/index.php\/producto\/en-los-origenes-de-la-humanidad-coppens-yves-picq-pascal-picq-pascal-neue-ware-39432\/","url":"https:\/\/www.casadelectores.com\/index.php\/producto\/en-los-origenes-de-la-humanidad-coppens-yves-picq-pascal-picq-pascal-neue-ware-39432\/","name":"EN LOS OR\u00cdGENES DE LA HUMANIDAD, COPPENS, YVES; PICQ, PASCAL; PICQ, PASCAL Neue Ware - casadelectores","isPartOf":{"@id":"https:\/\/www.casadelectores.com\/#website"},"primaryImageOfPage":{"@id":"https:\/\/www.casadelectores.com\/index.php\/producto\/en-los-origenes-de-la-humanidad-coppens-yves-picq-pascal-picq-pascal-neue-ware-39432\/#primaryimage"},"image":{"@id":"https:\/\/www.casadelectores.com\/index.php\/producto\/en-los-origenes-de-la-humanidad-coppens-yves-picq-pascal-picq-pascal-neue-ware-39432\/#primaryimage"},"thumbnailUrl":"https:\/\/www.casadelectores.com\/wp-content\/uploads\/2025\/SK0018996-DE20251119-101215-0-1763518342-978846701611.webp","datePublished":"2025-11-25T09:05:34+00:00","breadcrumb":{"@id":"https:\/\/www.casadelectores.com\/index.php\/producto\/en-los-origenes-de-la-humanidad-coppens-yves-picq-pascal-picq-pascal-neue-ware-39432\/#breadcrumb"},"inLanguage":"es","potentialAction":[{"@type":"ReadAction","target":["https:\/\/www.casadelectores.com\/index.php\/producto\/en-los-origenes-de-la-humanidad-coppens-yves-picq-pascal-picq-pascal-neue-ware-39432\/"]}]},{"@type":"ImageObject","inLanguage":"es","@id":"https:\/\/www.casadelectores.com\/index.php\/producto\/en-los-origenes-de-la-humanidad-coppens-yves-picq-pascal-picq-pascal-neue-ware-39432\/#primaryimage","url":"https:\/\/www.casadelectores.com\/wp-content\/uploads\/2025\/SK0018996-DE20251119-101215-0-1763518342-978846701611.webp","contentUrl":"https:\/\/www.casadelectores.com\/wp-content\/uploads\/2025\/SK0018996-DE20251119-101215-0-1763518342-978846701611.webp","width":95,"height":151},{"@type":"BreadcrumbList","@id":"https:\/\/www.casadelectores.com\/index.php\/producto\/en-los-origenes-de-la-humanidad-coppens-yves-picq-pascal-picq-pascal-neue-ware-39432\/#breadcrumb","itemListElement":[{"@type":"ListItem","position":1,"name":"Portada","item":"https:\/\/www.casadelectores.com\/"},{"@type":"ListItem","position":2,"name":"Shop","item":"https:\/\/www.casadelectores.com\/index.php\/shop\/"},{"@type":"ListItem","position":3,"name":"EN LOS OR\u00cdGENES DE LA HUMANIDAD, COPPENS, YVES; PICQ, PASCAL; PICQ, PASCAL Neue Ware"}]},{"@type":"WebSite","@id":"https:\/\/www.casadelectores.com\/#website","url":"https:\/\/www.casadelectores.com\/","name":"Enam\u00f3rate de las compras","description":"","publisher":{"@id":"https:\/\/www.casadelectores.com\/#organization"},"potentialAction":[{"@type":"SearchAction","target":{"@type":"EntryPoint","urlTemplate":"https:\/\/www.casadelectores.com\/?s={search_term_string}"},"query-input":{"@type":"PropertyValueSpecification","valueRequired":true,"valueName":"search_term_string"}}],"inLanguage":"es"},{"@type":"Organization","@id":"https:\/\/www.casadelectores.com\/#organization","name":"Enam\u00f3rate de las compras","url":"https:\/\/www.casadelectores.com\/","logo":{"@type":"ImageObject","inLanguage":"es","@id":"https:\/\/www.casadelectores.com\/#\/schema\/logo\/image\/","url":"https:\/\/www.casadelectores.com\/wp-content\/uploads\/2020\/10\/shop-icon.png","contentUrl":"https:\/\/www.casadelectores.com\/wp-content\/uploads\/2020\/10\/shop-icon.png","width":512,"height":512,"caption":"Enam\u00f3rate de las compras"},"image":{"@id":"https:\/\/www.casadelectores.com\/#\/schema\/logo\/image\/"}}]}},"_links":{"self":[{"href":"https:\/\/www.casadelectores.com\/index.php\/wp-json\/wp\/v2\/product\/39432","targetHints":{"allow":["GET"]}}],"collection":[{"href":"https:\/\/www.casadelectores.com\/index.php\/wp-json\/wp\/v2\/product"}],"about":[{"href":"https:\/\/www.casadelectores.com\/index.php\/wp-json\/wp\/v2\/types\/product"}],"wp:featuredmedia":[{"embeddable":true,"href":"https:\/\/www.casadelectores.com\/index.php\/wp-json\/wp\/v2\/media\/39532"}],"wp:attachment":[{"href":"https:\/\/www.casadelectores.com\/index.php\/wp-json\/wp\/v2\/media?parent=39432"}],"wp:term":[{"taxonomy":"product_brand","embeddable":true,"href":"https:\/\/www.casadelectores.com\/index.php\/wp-json\/wp\/v2\/product_brand?post=39432"},{"taxonomy":"product_cat","embeddable":true,"href":"https:\/\/www.casadelectores.com\/index.php\/wp-json\/wp\/v2\/product_cat?post=39432"},{"taxonomy":"product_tag","embeddable":true,"href":"https:\/\/www.casadelectores.com\/index.php\/wp-json\/wp\/v2\/product_tag?post=39432"}],"curies":[{"name":"wp","href":"https:\/\/api.w.org\/{rel}","templated":true}]}}