{"id":39393,"date":"2025-11-25T09:05:34","date_gmt":"2025-11-25T09:05:34","guid":{"rendered":""},"modified":"2025-11-25T09:05:34","modified_gmt":"2025-11-25T09:05:34","slug":"expulsados-desterrados-desplazados-migraciones-forzadas-en-america-latina-y-africa-lienhard-martin-coord-lienhard-martin-sofort-bestellen-39393","status":"publish","type":"product","link":"https:\/\/www.casadelectores.com\/index.php\/producto\/expulsados-desterrados-desplazados-migraciones-forzadas-en-america-latina-y-africa-lienhard-martin-coord-lienhard-martin-sofort-bestellen-39393\/","title":{"rendered":"EXPULSADOS, DESTERRADOS, DESPLAZADOS. MIGRACIONES FORZADAS EN AM\u00c9RICA LATINA Y \u00c1FRICA, LIENHARD, MART\u00cdN (COORD.); LIENHARD, MART\u00cdN Sofort Bestellen"},"content":{"rendered":"<p>Causado a menudo por situaciones de guerra o de conflicto armado, pero tambi\u00e9n por la implementaci\u00f3n inescrupulosa de megaproyectos hidr\u00e1ulicos, extractivos, industriales, agr\u00edcolas o infraestructurales, el desplazamiento brutal de poblaciones viene provocando, en muchas \u00e1reas latinoamericanas y africanas, graves problemas econ\u00f3micos, sociales, culturales y educativos. Los trabajos reunidos en este volumen constituyen un acercamiento m\u00faltiple e interdisciplinar a la realidad de las \u00abmigraciones forzadas\u00bb, sus causas y sus consecuencias. Particular atenci\u00f3n se dedica a las estrategias de resistencia, sobrevivencia y reorganizaci\u00f3n de las propias colectividades afectadas por procesos de expulsi\u00f3n o de relocalizaci\u00f3n.Causado ami\u00fade por situa\u00e7\u00f5es de guerra ou de conflito armado, mas tamb\u00e9m pela implementa\u00e7\u00e3o inescrupulosa de megaprojetos hidr\u00e1ulicos, extrativos, industriais, agr\u00edcolas ou infraestruturais, o deslocamento brutal de popula\u00e7\u00f5es provocou e continua provocando, em muitas \u00e1reas latino-americanas e africanas, graves problemas econ\u00f4micos, sociais, culturais e educativos. Os trabalhos reunidos neste volume constituem um acercamento m\u00faltiplo e interdisciplinar \u00e0 realidade das ?migra\u00e7\u00f5es for\u00e7adas\u00bb, \u00e0s suas causas e \u00e0s suas consequ\u00eancias. Uma aten\u00e7\u00e3o particular dedica-se \u00e0s estrat\u00e9gias de resist\u00eancia, sobreviv\u00eancia e reorganiza\u00e7\u00e3o das pr\u00f3prias coletividades afetadas por processos de expuls\u00e3o ou de relocaliza\u00e7\u00e3o.<\/p>\n","protected":false},"excerpt":{"rendered":"<p>Causado a menudo por situaciones de guerra o de conflicto armado, pero tambi\u00e9n por la implementaci\u00f3n inescrupulosa de megaproyectos hidr\u00e1ulicos, extractivos, industriales, agr\u00edcolas o infraestructurales, el desplazamiento brutal de poblaciones viene provocando, en muchas \u00e1reas latinoamericanas y africanas, graves problemas econ\u00f3micos, sociales, culturales y educativos. Los trabajos reunidos en este volumen constituyen un acercamiento m\u00faltiple&hellip;&nbsp;<a href=\"https:\/\/www.casadelectores.com\/index.php\/producto\/expulsados-desterrados-desplazados-migraciones-forzadas-en-america-latina-y-africa-lienhard-martin-coord-lienhard-martin-sofort-bestellen-39393\/\" rel=\"bookmark\"><span class=\"screen-reader-text\">EXPULSADOS, DESTERRADOS, DESPLAZADOS. MIGRACIONES FORZADAS EN AM\u00c9RICA LATINA Y \u00c1FRICA, LIENHARD, MART\u00cdN (COORD.); LIENHARD, MART\u00cdN Sofort Bestellen<\/span><\/a><\/p>\n","protected":false},"featured_media":39493,"template":"","meta":{"neve_meta_sidebar":"","neve_meta_container":"","neve_meta_enable_content_width":"","neve_meta_content_width":0,"neve_meta_title_alignment":"","neve_meta_author_avatar":"","neve_post_elements_order":"","neve_meta_disable_header":"","neve_meta_disable_footer":"","neve_meta_disable_title":"","_themeisle_gutenberg_block_has_review":false},"product_brand":[],"product_cat":[26],"product_tag":[],"class_list":["post-39393","product","type-product","status-publish","has-post-thumbnail","product_cat-publicaciones-de-libros","first","instock","sale","shipping-taxable","purchasable","product-type-simple"],"yoast_head":"<!-- This site is optimized with the Yoast SEO plugin v26.3 - https:\/\/yoast.com\/wordpress\/plugins\/seo\/ -->\n<title>EXPULSADOS, DESTERRADOS, DESPLAZADOS. MIGRACIONES FORZADAS EN AM\u00c9RICA LATINA Y \u00c1FRICA, LIENHARD, MART\u00cdN (COORD.); LIENHARD, MART\u00cdN Sofort Bestellen - casadelectores<\/title>\n<meta name=\"robots\" content=\"index, follow, max-snippet:-1, max-image-preview:large, max-video-preview:-1\" \/>\n<link rel=\"canonical\" href=\"https:\/\/www.casadelectores.com\/index.php\/producto\/expulsados-desterrados-desplazados-migraciones-forzadas-en-america-latina-y-africa-lienhard-martin-coord-lienhard-martin-sofort-bestellen-39393\/\" \/>\n<meta property=\"og:locale\" content=\"es_ES\" \/>\n<meta property=\"og:type\" content=\"article\" \/>\n<meta property=\"og:title\" content=\"EXPULSADOS, DESTERRADOS, DESPLAZADOS. MIGRACIONES FORZADAS EN AM\u00c9RICA LATINA Y \u00c1FRICA, LIENHARD, MART\u00cdN (COORD.); LIENHARD, MART\u00cdN Sofort Bestellen - casadelectores\" \/>\n<meta property=\"og:description\" content=\"Causado a menudo por situaciones de guerra o de conflicto armado, pero tambi\u00e9n por la implementaci\u00f3n inescrupulosa de megaproyectos hidr\u00e1ulicos, extractivos, industriales, agr\u00edcolas o infraestructurales, el desplazamiento brutal de poblaciones viene provocando, en muchas \u00e1reas latinoamericanas y africanas, graves problemas econ\u00f3micos, sociales, culturales y educativos. Los trabajos reunidos en este volumen constituyen un acercamiento m\u00faltiple&hellip;&nbsp;EXPULSADOS, DESTERRADOS, DESPLAZADOS. MIGRACIONES FORZADAS EN AM\u00c9RICA LATINA Y \u00c1FRICA, LIENHARD, MART\u00cdN (COORD.); LIENHARD, MART\u00cdN Sofort Bestellen\" \/>\n<meta property=\"og:url\" content=\"https:\/\/www.casadelectores.com\/index.php\/producto\/expulsados-desterrados-desplazados-migraciones-forzadas-en-america-latina-y-africa-lienhard-martin-coord-lienhard-martin-sofort-bestellen-39393\/\" \/>\n<meta property=\"og:site_name\" content=\"casadelectores\" \/>\n<meta property=\"og:image\" content=\"https:\/\/www.casadelectores.com\/wp-content\/uploads\/2025\/SK0018955-DE20251119-101215-0-1763518342-978848489563.webp\" \/>\n\t<meta property=\"og:image:width\" content=\"240\" \/>\n\t<meta property=\"og:image:height\" content=\"367\" \/>\n\t<meta property=\"og:image:type\" content=\"image\/webp\" \/>\n<meta name=\"twitter:card\" content=\"summary_large_image\" \/>\n<meta name=\"twitter:label1\" content=\"Tiempo de lectura\" \/>\n\t<meta name=\"twitter:data1\" content=\"1 minuto\" \/>\n<script type=\"application\/ld+json\" class=\"yoast-schema-graph\">{\"@context\":\"https:\/\/schema.org\",\"@graph\":[{\"@type\":\"WebPage\",\"@id\":\"https:\/\/www.casadelectores.com\/index.php\/producto\/expulsados-desterrados-desplazados-migraciones-forzadas-en-america-latina-y-africa-lienhard-martin-coord-lienhard-martin-sofort-bestellen-39393\/\",\"url\":\"https:\/\/www.casadelectores.com\/index.php\/producto\/expulsados-desterrados-desplazados-migraciones-forzadas-en-america-latina-y-africa-lienhard-martin-coord-lienhard-martin-sofort-bestellen-39393\/\",\"name\":\"EXPULSADOS, DESTERRADOS, DESPLAZADOS. MIGRACIONES FORZADAS EN AM\u00c9RICA LATINA Y \u00c1FRICA, LIENHARD, MART\u00cdN (COORD.); LIENHARD, MART\u00cdN Sofort Bestellen - casadelectores\",\"isPartOf\":{\"@id\":\"https:\/\/www.casadelectores.com\/#website\"},\"primaryImageOfPage\":{\"@id\":\"https:\/\/www.casadelectores.com\/index.php\/producto\/expulsados-desterrados-desplazados-migraciones-forzadas-en-america-latina-y-africa-lienhard-martin-coord-lienhard-martin-sofort-bestellen-39393\/#primaryimage\"},\"image\":{\"@id\":\"https:\/\/www.casadelectores.com\/index.php\/producto\/expulsados-desterrados-desplazados-migraciones-forzadas-en-america-latina-y-africa-lienhard-martin-coord-lienhard-martin-sofort-bestellen-39393\/#primaryimage\"},\"thumbnailUrl\":\"https:\/\/www.casadelectores.com\/wp-content\/uploads\/2025\/SK0018955-DE20251119-101215-0-1763518342-978848489563.webp\",\"datePublished\":\"2025-11-25T09:05:34+00:00\",\"breadcrumb\":{\"@id\":\"https:\/\/www.casadelectores.com\/index.php\/producto\/expulsados-desterrados-desplazados-migraciones-forzadas-en-america-latina-y-africa-lienhard-martin-coord-lienhard-martin-sofort-bestellen-39393\/#breadcrumb\"},\"inLanguage\":\"es\",\"potentialAction\":[{\"@type\":\"ReadAction\",\"target\":[\"https:\/\/www.casadelectores.com\/index.php\/producto\/expulsados-desterrados-desplazados-migraciones-forzadas-en-america-latina-y-africa-lienhard-martin-coord-lienhard-martin-sofort-bestellen-39393\/\"]}]},{\"@type\":\"ImageObject\",\"inLanguage\":\"es\",\"@id\":\"https:\/\/www.casadelectores.com\/index.php\/producto\/expulsados-desterrados-desplazados-migraciones-forzadas-en-america-latina-y-africa-lienhard-martin-coord-lienhard-martin-sofort-bestellen-39393\/#primaryimage\",\"url\":\"https:\/\/www.casadelectores.com\/wp-content\/uploads\/2025\/SK0018955-DE20251119-101215-0-1763518342-978848489563.webp\",\"contentUrl\":\"https:\/\/www.casadelectores.com\/wp-content\/uploads\/2025\/SK0018955-DE20251119-101215-0-1763518342-978848489563.webp\",\"width\":240,\"height\":367},{\"@type\":\"BreadcrumbList\",\"@id\":\"https:\/\/www.casadelectores.com\/index.php\/producto\/expulsados-desterrados-desplazados-migraciones-forzadas-en-america-latina-y-africa-lienhard-martin-coord-lienhard-martin-sofort-bestellen-39393\/#breadcrumb\",\"itemListElement\":[{\"@type\":\"ListItem\",\"position\":1,\"name\":\"Portada\",\"item\":\"https:\/\/www.casadelectores.com\/\"},{\"@type\":\"ListItem\",\"position\":2,\"name\":\"Shop\",\"item\":\"https:\/\/www.casadelectores.com\/index.php\/shop\/\"},{\"@type\":\"ListItem\",\"position\":3,\"name\":\"EXPULSADOS, DESTERRADOS, DESPLAZADOS. MIGRACIONES FORZADAS EN AM\u00c9RICA LATINA Y \u00c1FRICA, LIENHARD, MART\u00cdN (COORD.); LIENHARD, MART\u00cdN Sofort Bestellen\"}]},{\"@type\":\"WebSite\",\"@id\":\"https:\/\/www.casadelectores.com\/#website\",\"url\":\"https:\/\/www.casadelectores.com\/\",\"name\":\"Enam\u00f3rate de las compras\",\"description\":\"\",\"publisher\":{\"@id\":\"https:\/\/www.casadelectores.com\/#organization\"},\"potentialAction\":[{\"@type\":\"SearchAction\",\"target\":{\"@type\":\"EntryPoint\",\"urlTemplate\":\"https:\/\/www.casadelectores.com\/?s={search_term_string}\"},\"query-input\":{\"@type\":\"PropertyValueSpecification\",\"valueRequired\":true,\"valueName\":\"search_term_string\"}}],\"inLanguage\":\"es\"},{\"@type\":\"Organization\",\"@id\":\"https:\/\/www.casadelectores.com\/#organization\",\"name\":\"Enam\u00f3rate de las compras\",\"url\":\"https:\/\/www.casadelectores.com\/\",\"logo\":{\"@type\":\"ImageObject\",\"inLanguage\":\"es\",\"@id\":\"https:\/\/www.casadelectores.com\/#\/schema\/logo\/image\/\",\"url\":\"https:\/\/www.casadelectores.com\/wp-content\/uploads\/2020\/10\/shop-icon.png\",\"contentUrl\":\"https:\/\/www.casadelectores.com\/wp-content\/uploads\/2020\/10\/shop-icon.png\",\"width\":512,\"height\":512,\"caption\":\"Enam\u00f3rate de las compras\"},\"image\":{\"@id\":\"https:\/\/www.casadelectores.com\/#\/schema\/logo\/image\/\"}}]}<\/script>\n<!-- \/ Yoast SEO plugin. -->","yoast_head_json":{"title":"EXPULSADOS, DESTERRADOS, DESPLAZADOS. MIGRACIONES FORZADAS EN AM\u00c9RICA LATINA Y \u00c1FRICA, LIENHARD, MART\u00cdN (COORD.); LIENHARD, MART\u00cdN Sofort Bestellen - casadelectores","robots":{"index":"index","follow":"follow","max-snippet":"max-snippet:-1","max-image-preview":"max-image-preview:large","max-video-preview":"max-video-preview:-1"},"canonical":"https:\/\/www.casadelectores.com\/index.php\/producto\/expulsados-desterrados-desplazados-migraciones-forzadas-en-america-latina-y-africa-lienhard-martin-coord-lienhard-martin-sofort-bestellen-39393\/","og_locale":"es_ES","og_type":"article","og_title":"EXPULSADOS, DESTERRADOS, DESPLAZADOS. MIGRACIONES FORZADAS EN AM\u00c9RICA LATINA Y \u00c1FRICA, LIENHARD, MART\u00cdN (COORD.); LIENHARD, MART\u00cdN Sofort Bestellen - casadelectores","og_description":"Causado a menudo por situaciones de guerra o de conflicto armado, pero tambi\u00e9n por la implementaci\u00f3n inescrupulosa de megaproyectos hidr\u00e1ulicos, extractivos, industriales, agr\u00edcolas o infraestructurales, el desplazamiento brutal de poblaciones viene provocando, en muchas \u00e1reas latinoamericanas y africanas, graves problemas econ\u00f3micos, sociales, culturales y educativos. Los trabajos reunidos en este volumen constituyen un acercamiento m\u00faltiple&hellip;&nbsp;EXPULSADOS, DESTERRADOS, DESPLAZADOS. MIGRACIONES FORZADAS EN AM\u00c9RICA LATINA Y \u00c1FRICA, LIENHARD, MART\u00cdN (COORD.); LIENHARD, MART\u00cdN Sofort Bestellen","og_url":"https:\/\/www.casadelectores.com\/index.php\/producto\/expulsados-desterrados-desplazados-migraciones-forzadas-en-america-latina-y-africa-lienhard-martin-coord-lienhard-martin-sofort-bestellen-39393\/","og_site_name":"casadelectores","og_image":[{"width":240,"height":367,"url":"https:\/\/www.casadelectores.com\/wp-content\/uploads\/2025\/SK0018955-DE20251119-101215-0-1763518342-978848489563.webp","type":"image\/webp"}],"twitter_card":"summary_large_image","twitter_misc":{"Tiempo de lectura":"1 minuto"},"schema":{"@context":"https:\/\/schema.org","@graph":[{"@type":"WebPage","@id":"https:\/\/www.casadelectores.com\/index.php\/producto\/expulsados-desterrados-desplazados-migraciones-forzadas-en-america-latina-y-africa-lienhard-martin-coord-lienhard-martin-sofort-bestellen-39393\/","url":"https:\/\/www.casadelectores.com\/index.php\/producto\/expulsados-desterrados-desplazados-migraciones-forzadas-en-america-latina-y-africa-lienhard-martin-coord-lienhard-martin-sofort-bestellen-39393\/","name":"EXPULSADOS, DESTERRADOS, DESPLAZADOS. MIGRACIONES FORZADAS EN AM\u00c9RICA LATINA Y \u00c1FRICA, LIENHARD, MART\u00cdN (COORD.); LIENHARD, MART\u00cdN Sofort Bestellen - casadelectores","isPartOf":{"@id":"https:\/\/www.casadelectores.com\/#website"},"primaryImageOfPage":{"@id":"https:\/\/www.casadelectores.com\/index.php\/producto\/expulsados-desterrados-desplazados-migraciones-forzadas-en-america-latina-y-africa-lienhard-martin-coord-lienhard-martin-sofort-bestellen-39393\/#primaryimage"},"image":{"@id":"https:\/\/www.casadelectores.com\/index.php\/producto\/expulsados-desterrados-desplazados-migraciones-forzadas-en-america-latina-y-africa-lienhard-martin-coord-lienhard-martin-sofort-bestellen-39393\/#primaryimage"},"thumbnailUrl":"https:\/\/www.casadelectores.com\/wp-content\/uploads\/2025\/SK0018955-DE20251119-101215-0-1763518342-978848489563.webp","datePublished":"2025-11-25T09:05:34+00:00","breadcrumb":{"@id":"https:\/\/www.casadelectores.com\/index.php\/producto\/expulsados-desterrados-desplazados-migraciones-forzadas-en-america-latina-y-africa-lienhard-martin-coord-lienhard-martin-sofort-bestellen-39393\/#breadcrumb"},"inLanguage":"es","potentialAction":[{"@type":"ReadAction","target":["https:\/\/www.casadelectores.com\/index.php\/producto\/expulsados-desterrados-desplazados-migraciones-forzadas-en-america-latina-y-africa-lienhard-martin-coord-lienhard-martin-sofort-bestellen-39393\/"]}]},{"@type":"ImageObject","inLanguage":"es","@id":"https:\/\/www.casadelectores.com\/index.php\/producto\/expulsados-desterrados-desplazados-migraciones-forzadas-en-america-latina-y-africa-lienhard-martin-coord-lienhard-martin-sofort-bestellen-39393\/#primaryimage","url":"https:\/\/www.casadelectores.com\/wp-content\/uploads\/2025\/SK0018955-DE20251119-101215-0-1763518342-978848489563.webp","contentUrl":"https:\/\/www.casadelectores.com\/wp-content\/uploads\/2025\/SK0018955-DE20251119-101215-0-1763518342-978848489563.webp","width":240,"height":367},{"@type":"BreadcrumbList","@id":"https:\/\/www.casadelectores.com\/index.php\/producto\/expulsados-desterrados-desplazados-migraciones-forzadas-en-america-latina-y-africa-lienhard-martin-coord-lienhard-martin-sofort-bestellen-39393\/#breadcrumb","itemListElement":[{"@type":"ListItem","position":1,"name":"Portada","item":"https:\/\/www.casadelectores.com\/"},{"@type":"ListItem","position":2,"name":"Shop","item":"https:\/\/www.casadelectores.com\/index.php\/shop\/"},{"@type":"ListItem","position":3,"name":"EXPULSADOS, DESTERRADOS, DESPLAZADOS. MIGRACIONES FORZADAS EN AM\u00c9RICA LATINA Y \u00c1FRICA, LIENHARD, MART\u00cdN (COORD.); LIENHARD, MART\u00cdN Sofort Bestellen"}]},{"@type":"WebSite","@id":"https:\/\/www.casadelectores.com\/#website","url":"https:\/\/www.casadelectores.com\/","name":"Enam\u00f3rate de las compras","description":"","publisher":{"@id":"https:\/\/www.casadelectores.com\/#organization"},"potentialAction":[{"@type":"SearchAction","target":{"@type":"EntryPoint","urlTemplate":"https:\/\/www.casadelectores.com\/?s={search_term_string}"},"query-input":{"@type":"PropertyValueSpecification","valueRequired":true,"valueName":"search_term_string"}}],"inLanguage":"es"},{"@type":"Organization","@id":"https:\/\/www.casadelectores.com\/#organization","name":"Enam\u00f3rate de las compras","url":"https:\/\/www.casadelectores.com\/","logo":{"@type":"ImageObject","inLanguage":"es","@id":"https:\/\/www.casadelectores.com\/#\/schema\/logo\/image\/","url":"https:\/\/www.casadelectores.com\/wp-content\/uploads\/2020\/10\/shop-icon.png","contentUrl":"https:\/\/www.casadelectores.com\/wp-content\/uploads\/2020\/10\/shop-icon.png","width":512,"height":512,"caption":"Enam\u00f3rate de las compras"},"image":{"@id":"https:\/\/www.casadelectores.com\/#\/schema\/logo\/image\/"}}]}},"_links":{"self":[{"href":"https:\/\/www.casadelectores.com\/index.php\/wp-json\/wp\/v2\/product\/39393","targetHints":{"allow":["GET"]}}],"collection":[{"href":"https:\/\/www.casadelectores.com\/index.php\/wp-json\/wp\/v2\/product"}],"about":[{"href":"https:\/\/www.casadelectores.com\/index.php\/wp-json\/wp\/v2\/types\/product"}],"wp:featuredmedia":[{"embeddable":true,"href":"https:\/\/www.casadelectores.com\/index.php\/wp-json\/wp\/v2\/media\/39493"}],"wp:attachment":[{"href":"https:\/\/www.casadelectores.com\/index.php\/wp-json\/wp\/v2\/media?parent=39393"}],"wp:term":[{"taxonomy":"product_brand","embeddable":true,"href":"https:\/\/www.casadelectores.com\/index.php\/wp-json\/wp\/v2\/product_brand?post=39393"},{"taxonomy":"product_cat","embeddable":true,"href":"https:\/\/www.casadelectores.com\/index.php\/wp-json\/wp\/v2\/product_cat?post=39393"},{"taxonomy":"product_tag","embeddable":true,"href":"https:\/\/www.casadelectores.com\/index.php\/wp-json\/wp\/v2\/product_tag?post=39393"}],"curies":[{"name":"wp","href":"https:\/\/api.w.org\/{rel}","templated":true}]}}