{"id":39003,"date":"2025-11-25T09:05:34","date_gmt":"2025-11-25T09:05:34","guid":{"rendered":""},"modified":"2025-11-25T09:05:34","modified_gmt":"2025-11-25T09:05:34","slug":"franco-con-franqueza-anecdotario-privado-del-personaje-mas-publico-zavala-jose-maria-neuheit-39003","status":"publish","type":"product","link":"https:\/\/www.casadelectores.com\/index.php\/producto\/franco-con-franqueza-anecdotario-privado-del-personaje-mas-publico-zavala-jose-maria-neuheit-39003\/","title":{"rendered":"FRANCO CON FRANQUEZA. ANECDOTARIO PRIVADO DEL PERSONAJE M\u00c1S P\u00daBLICO, ZAVALA, JOS\u00c9 MAR\u00cdA Neuheit"},"content":{"rendered":"<p>Si cre\u00edas saberlo todo sobre Franco, este libro confirmar\u00e1 que,  todav\u00eda a d\u00eda de hoy, permanecen ocultos o silenciados muchos aspectos esenciales de su vida.Pese a ser el personaje espa\u00f1ol m\u00e1s biografiado del siglo XX, Francisco  Franco Bahamonde sigue siendo en la actualidad un completo desconocido en muchos aspectos de su vida p\u00fablica y privada.\u00bfConoc\u00eda la verdadera relaci\u00f3n del Caudillo con su hermano  bastardo Eugenio Franco Puey, fruto de las veleidades amorosas del padre con una dulce manile\u00f1a de tan solo catorce a\u00f1os?\u00bfEstaba al corriente de los pormenores de la relaci\u00f3n con su primera novia, Sof\u00eda Subir\u00e1n?\u00bfSab\u00eda de la traum\u00e1tica p\u00e9rdida de un test\u00edculo en la Guerra de  \u00c1frica, o de las dudas que suscit\u00f3 luego este aciago suceso sobre la paternidad de su \u00fanica hija, Carmen Franco Polo?\u00bfHab\u00eda o\u00eddo alguna vez que Franco gan\u00f3 casi un mill\u00f3n de pesetas  en 1967 con una quiniela futbol\u00edstica de la liga italiana, o a cu\u00e1nto ascend\u00eda el importe de su \u00faltima n\u00f3mina como militar?\u00bfY qu\u00e9 decir sobre los esc\u00e1ndalos silenciados durante su r\u00e9gimen,  como la retirada de Miguel Primo de Rivera, hermano de Jos\u00e9  Antonio,  como embajador en Londres tras verse envuelto en un caso de flagrante adulterio?\u00bfO el tumulto financiero en que se vio involucrado en Estados  Unidos Gonzalo de Borb\u00f3n, nieto del rey Alfonso XIII, junto al sobrino  de Nixon, el primog\u00e9nito del presidente Roosevelt y el cu\u00f1ado de Fidel Castro?\u00bfY el accidente nuclear en la Ciudad Universitaria de Madrid, en noviembre de 1970?En Franco con franqueza, Jos\u00e9 Mar\u00eda Zavala, convertido en autorde referencia para la divulgaci\u00f3n hist\u00f3rica en Espa\u00f1a, ilumina ahoralas grandes simas y claroscuros de una figura tan controvertida.<\/p>\n","protected":false},"excerpt":{"rendered":"<p>Si cre\u00edas saberlo todo sobre Franco, este libro confirmar\u00e1 que, todav\u00eda a d\u00eda de hoy, permanecen ocultos o silenciados muchos aspectos esenciales de su vida.Pese a ser el personaje espa\u00f1ol m\u00e1s biografiado del siglo XX, Francisco Franco Bahamonde sigue siendo en la actualidad un completo desconocido en muchos aspectos de su vida p\u00fablica y privada.\u00bfConoc\u00eda&hellip;&nbsp;<a href=\"https:\/\/www.casadelectores.com\/index.php\/producto\/franco-con-franqueza-anecdotario-privado-del-personaje-mas-publico-zavala-jose-maria-neuheit-39003\/\" rel=\"bookmark\"><span class=\"screen-reader-text\">FRANCO CON FRANQUEZA. ANECDOTARIO PRIVADO DEL PERSONAJE M\u00c1S P\u00daBLICO, ZAVALA, JOS\u00c9 MAR\u00cdA Neuheit<\/span><\/a><\/p>\n","protected":false},"featured_media":39103,"template":"","meta":{"neve_meta_sidebar":"","neve_meta_container":"","neve_meta_enable_content_width":"","neve_meta_content_width":0,"neve_meta_title_alignment":"","neve_meta_author_avatar":"","neve_post_elements_order":"","neve_meta_disable_header":"","neve_meta_disable_footer":"","neve_meta_disable_title":"","_themeisle_gutenberg_block_has_review":false},"product_brand":[],"product_cat":[26],"product_tag":[],"class_list":["post-39003","product","type-product","status-publish","has-post-thumbnail","product_cat-publicaciones-de-libros","first","instock","sale","shipping-taxable","purchasable","product-type-simple"],"yoast_head":"<!-- This site is optimized with the Yoast SEO plugin v26.3 - https:\/\/yoast.com\/wordpress\/plugins\/seo\/ -->\n<title>FRANCO CON FRANQUEZA. ANECDOTARIO PRIVADO DEL PERSONAJE M\u00c1S P\u00daBLICO, ZAVALA, JOS\u00c9 MAR\u00cdA Neuheit - casadelectores<\/title>\n<meta name=\"robots\" content=\"index, follow, max-snippet:-1, max-image-preview:large, max-video-preview:-1\" \/>\n<link rel=\"canonical\" href=\"https:\/\/www.casadelectores.com\/index.php\/producto\/franco-con-franqueza-anecdotario-privado-del-personaje-mas-publico-zavala-jose-maria-neuheit-39003\/\" \/>\n<meta property=\"og:locale\" content=\"es_ES\" \/>\n<meta property=\"og:type\" content=\"article\" \/>\n<meta property=\"og:title\" content=\"FRANCO CON FRANQUEZA. ANECDOTARIO PRIVADO DEL PERSONAJE M\u00c1S P\u00daBLICO, ZAVALA, JOS\u00c9 MAR\u00cdA Neuheit - casadelectores\" \/>\n<meta property=\"og:description\" content=\"Si cre\u00edas saberlo todo sobre Franco, este libro confirmar\u00e1 que, todav\u00eda a d\u00eda de hoy, permanecen ocultos o silenciados muchos aspectos esenciales de su vida.Pese a ser el personaje espa\u00f1ol m\u00e1s biografiado del siglo XX, Francisco Franco Bahamonde sigue siendo en la actualidad un completo desconocido en muchos aspectos de su vida p\u00fablica y privada.\u00bfConoc\u00eda&hellip;&nbsp;FRANCO CON FRANQUEZA. ANECDOTARIO PRIVADO DEL PERSONAJE M\u00c1S P\u00daBLICO, ZAVALA, JOS\u00c9 MAR\u00cdA Neuheit\" \/>\n<meta property=\"og:url\" content=\"https:\/\/www.casadelectores.com\/index.php\/producto\/franco-con-franqueza-anecdotario-privado-del-personaje-mas-publico-zavala-jose-maria-neuheit-39003\/\" \/>\n<meta property=\"og:site_name\" content=\"casadelectores\" \/>\n<meta property=\"og:image\" content=\"https:\/\/www.casadelectores.com\/wp-content\/uploads\/2025\/SK0018864-DE20251119-101215-0-1763518342-978840101546.webp\" \/>\n\t<meta property=\"og:image:width\" content=\"300\" \/>\n\t<meta property=\"og:image:height\" content=\"464\" \/>\n\t<meta property=\"og:image:type\" content=\"image\/webp\" \/>\n<meta name=\"twitter:card\" content=\"summary_large_image\" \/>\n<meta name=\"twitter:label1\" content=\"Tiempo de lectura\" \/>\n\t<meta name=\"twitter:data1\" content=\"2 minutos\" \/>\n<script type=\"application\/ld+json\" class=\"yoast-schema-graph\">{\"@context\":\"https:\/\/schema.org\",\"@graph\":[{\"@type\":\"WebPage\",\"@id\":\"https:\/\/www.casadelectores.com\/index.php\/producto\/franco-con-franqueza-anecdotario-privado-del-personaje-mas-publico-zavala-jose-maria-neuheit-39003\/\",\"url\":\"https:\/\/www.casadelectores.com\/index.php\/producto\/franco-con-franqueza-anecdotario-privado-del-personaje-mas-publico-zavala-jose-maria-neuheit-39003\/\",\"name\":\"FRANCO CON FRANQUEZA. ANECDOTARIO PRIVADO DEL PERSONAJE M\u00c1S P\u00daBLICO, ZAVALA, JOS\u00c9 MAR\u00cdA Neuheit - casadelectores\",\"isPartOf\":{\"@id\":\"https:\/\/www.casadelectores.com\/#website\"},\"primaryImageOfPage\":{\"@id\":\"https:\/\/www.casadelectores.com\/index.php\/producto\/franco-con-franqueza-anecdotario-privado-del-personaje-mas-publico-zavala-jose-maria-neuheit-39003\/#primaryimage\"},\"image\":{\"@id\":\"https:\/\/www.casadelectores.com\/index.php\/producto\/franco-con-franqueza-anecdotario-privado-del-personaje-mas-publico-zavala-jose-maria-neuheit-39003\/#primaryimage\"},\"thumbnailUrl\":\"https:\/\/www.casadelectores.com\/wp-content\/uploads\/2025\/SK0018864-DE20251119-101215-0-1763518342-978840101546.webp\",\"datePublished\":\"2025-11-25T09:05:34+00:00\",\"breadcrumb\":{\"@id\":\"https:\/\/www.casadelectores.com\/index.php\/producto\/franco-con-franqueza-anecdotario-privado-del-personaje-mas-publico-zavala-jose-maria-neuheit-39003\/#breadcrumb\"},\"inLanguage\":\"es\",\"potentialAction\":[{\"@type\":\"ReadAction\",\"target\":[\"https:\/\/www.casadelectores.com\/index.php\/producto\/franco-con-franqueza-anecdotario-privado-del-personaje-mas-publico-zavala-jose-maria-neuheit-39003\/\"]}]},{\"@type\":\"ImageObject\",\"inLanguage\":\"es\",\"@id\":\"https:\/\/www.casadelectores.com\/index.php\/producto\/franco-con-franqueza-anecdotario-privado-del-personaje-mas-publico-zavala-jose-maria-neuheit-39003\/#primaryimage\",\"url\":\"https:\/\/www.casadelectores.com\/wp-content\/uploads\/2025\/SK0018864-DE20251119-101215-0-1763518342-978840101546.webp\",\"contentUrl\":\"https:\/\/www.casadelectores.com\/wp-content\/uploads\/2025\/SK0018864-DE20251119-101215-0-1763518342-978840101546.webp\",\"width\":300,\"height\":464},{\"@type\":\"BreadcrumbList\",\"@id\":\"https:\/\/www.casadelectores.com\/index.php\/producto\/franco-con-franqueza-anecdotario-privado-del-personaje-mas-publico-zavala-jose-maria-neuheit-39003\/#breadcrumb\",\"itemListElement\":[{\"@type\":\"ListItem\",\"position\":1,\"name\":\"Portada\",\"item\":\"https:\/\/www.casadelectores.com\/\"},{\"@type\":\"ListItem\",\"position\":2,\"name\":\"Shop\",\"item\":\"https:\/\/www.casadelectores.com\/index.php\/shop\/\"},{\"@type\":\"ListItem\",\"position\":3,\"name\":\"FRANCO CON FRANQUEZA. ANECDOTARIO PRIVADO DEL PERSONAJE M\u00c1S P\u00daBLICO, ZAVALA, JOS\u00c9 MAR\u00cdA Neuheit\"}]},{\"@type\":\"WebSite\",\"@id\":\"https:\/\/www.casadelectores.com\/#website\",\"url\":\"https:\/\/www.casadelectores.com\/\",\"name\":\"Enam\u00f3rate de las compras\",\"description\":\"\",\"publisher\":{\"@id\":\"https:\/\/www.casadelectores.com\/#organization\"},\"potentialAction\":[{\"@type\":\"SearchAction\",\"target\":{\"@type\":\"EntryPoint\",\"urlTemplate\":\"https:\/\/www.casadelectores.com\/?s={search_term_string}\"},\"query-input\":{\"@type\":\"PropertyValueSpecification\",\"valueRequired\":true,\"valueName\":\"search_term_string\"}}],\"inLanguage\":\"es\"},{\"@type\":\"Organization\",\"@id\":\"https:\/\/www.casadelectores.com\/#organization\",\"name\":\"Enam\u00f3rate de las compras\",\"url\":\"https:\/\/www.casadelectores.com\/\",\"logo\":{\"@type\":\"ImageObject\",\"inLanguage\":\"es\",\"@id\":\"https:\/\/www.casadelectores.com\/#\/schema\/logo\/image\/\",\"url\":\"https:\/\/www.casadelectores.com\/wp-content\/uploads\/2020\/10\/shop-icon.png\",\"contentUrl\":\"https:\/\/www.casadelectores.com\/wp-content\/uploads\/2020\/10\/shop-icon.png\",\"width\":512,\"height\":512,\"caption\":\"Enam\u00f3rate de las compras\"},\"image\":{\"@id\":\"https:\/\/www.casadelectores.com\/#\/schema\/logo\/image\/\"}}]}<\/script>\n<!-- \/ Yoast SEO plugin. -->","yoast_head_json":{"title":"FRANCO CON FRANQUEZA. ANECDOTARIO PRIVADO DEL PERSONAJE M\u00c1S P\u00daBLICO, ZAVALA, JOS\u00c9 MAR\u00cdA Neuheit - casadelectores","robots":{"index":"index","follow":"follow","max-snippet":"max-snippet:-1","max-image-preview":"max-image-preview:large","max-video-preview":"max-video-preview:-1"},"canonical":"https:\/\/www.casadelectores.com\/index.php\/producto\/franco-con-franqueza-anecdotario-privado-del-personaje-mas-publico-zavala-jose-maria-neuheit-39003\/","og_locale":"es_ES","og_type":"article","og_title":"FRANCO CON FRANQUEZA. ANECDOTARIO PRIVADO DEL PERSONAJE M\u00c1S P\u00daBLICO, ZAVALA, JOS\u00c9 MAR\u00cdA Neuheit - casadelectores","og_description":"Si cre\u00edas saberlo todo sobre Franco, este libro confirmar\u00e1 que, todav\u00eda a d\u00eda de hoy, permanecen ocultos o silenciados muchos aspectos esenciales de su vida.Pese a ser el personaje espa\u00f1ol m\u00e1s biografiado del siglo XX, Francisco Franco Bahamonde sigue siendo en la actualidad un completo desconocido en muchos aspectos de su vida p\u00fablica y privada.\u00bfConoc\u00eda&hellip;&nbsp;FRANCO CON FRANQUEZA. ANECDOTARIO PRIVADO DEL PERSONAJE M\u00c1S P\u00daBLICO, ZAVALA, JOS\u00c9 MAR\u00cdA Neuheit","og_url":"https:\/\/www.casadelectores.com\/index.php\/producto\/franco-con-franqueza-anecdotario-privado-del-personaje-mas-publico-zavala-jose-maria-neuheit-39003\/","og_site_name":"casadelectores","og_image":[{"width":300,"height":464,"url":"https:\/\/www.casadelectores.com\/wp-content\/uploads\/2025\/SK0018864-DE20251119-101215-0-1763518342-978840101546.webp","type":"image\/webp"}],"twitter_card":"summary_large_image","twitter_misc":{"Tiempo de lectura":"2 minutos"},"schema":{"@context":"https:\/\/schema.org","@graph":[{"@type":"WebPage","@id":"https:\/\/www.casadelectores.com\/index.php\/producto\/franco-con-franqueza-anecdotario-privado-del-personaje-mas-publico-zavala-jose-maria-neuheit-39003\/","url":"https:\/\/www.casadelectores.com\/index.php\/producto\/franco-con-franqueza-anecdotario-privado-del-personaje-mas-publico-zavala-jose-maria-neuheit-39003\/","name":"FRANCO CON FRANQUEZA. ANECDOTARIO PRIVADO DEL PERSONAJE M\u00c1S P\u00daBLICO, ZAVALA, JOS\u00c9 MAR\u00cdA Neuheit - casadelectores","isPartOf":{"@id":"https:\/\/www.casadelectores.com\/#website"},"primaryImageOfPage":{"@id":"https:\/\/www.casadelectores.com\/index.php\/producto\/franco-con-franqueza-anecdotario-privado-del-personaje-mas-publico-zavala-jose-maria-neuheit-39003\/#primaryimage"},"image":{"@id":"https:\/\/www.casadelectores.com\/index.php\/producto\/franco-con-franqueza-anecdotario-privado-del-personaje-mas-publico-zavala-jose-maria-neuheit-39003\/#primaryimage"},"thumbnailUrl":"https:\/\/www.casadelectores.com\/wp-content\/uploads\/2025\/SK0018864-DE20251119-101215-0-1763518342-978840101546.webp","datePublished":"2025-11-25T09:05:34+00:00","breadcrumb":{"@id":"https:\/\/www.casadelectores.com\/index.php\/producto\/franco-con-franqueza-anecdotario-privado-del-personaje-mas-publico-zavala-jose-maria-neuheit-39003\/#breadcrumb"},"inLanguage":"es","potentialAction":[{"@type":"ReadAction","target":["https:\/\/www.casadelectores.com\/index.php\/producto\/franco-con-franqueza-anecdotario-privado-del-personaje-mas-publico-zavala-jose-maria-neuheit-39003\/"]}]},{"@type":"ImageObject","inLanguage":"es","@id":"https:\/\/www.casadelectores.com\/index.php\/producto\/franco-con-franqueza-anecdotario-privado-del-personaje-mas-publico-zavala-jose-maria-neuheit-39003\/#primaryimage","url":"https:\/\/www.casadelectores.com\/wp-content\/uploads\/2025\/SK0018864-DE20251119-101215-0-1763518342-978840101546.webp","contentUrl":"https:\/\/www.casadelectores.com\/wp-content\/uploads\/2025\/SK0018864-DE20251119-101215-0-1763518342-978840101546.webp","width":300,"height":464},{"@type":"BreadcrumbList","@id":"https:\/\/www.casadelectores.com\/index.php\/producto\/franco-con-franqueza-anecdotario-privado-del-personaje-mas-publico-zavala-jose-maria-neuheit-39003\/#breadcrumb","itemListElement":[{"@type":"ListItem","position":1,"name":"Portada","item":"https:\/\/www.casadelectores.com\/"},{"@type":"ListItem","position":2,"name":"Shop","item":"https:\/\/www.casadelectores.com\/index.php\/shop\/"},{"@type":"ListItem","position":3,"name":"FRANCO CON FRANQUEZA. ANECDOTARIO PRIVADO DEL PERSONAJE M\u00c1S P\u00daBLICO, ZAVALA, JOS\u00c9 MAR\u00cdA Neuheit"}]},{"@type":"WebSite","@id":"https:\/\/www.casadelectores.com\/#website","url":"https:\/\/www.casadelectores.com\/","name":"Enam\u00f3rate de las compras","description":"","publisher":{"@id":"https:\/\/www.casadelectores.com\/#organization"},"potentialAction":[{"@type":"SearchAction","target":{"@type":"EntryPoint","urlTemplate":"https:\/\/www.casadelectores.com\/?s={search_term_string}"},"query-input":{"@type":"PropertyValueSpecification","valueRequired":true,"valueName":"search_term_string"}}],"inLanguage":"es"},{"@type":"Organization","@id":"https:\/\/www.casadelectores.com\/#organization","name":"Enam\u00f3rate de las compras","url":"https:\/\/www.casadelectores.com\/","logo":{"@type":"ImageObject","inLanguage":"es","@id":"https:\/\/www.casadelectores.com\/#\/schema\/logo\/image\/","url":"https:\/\/www.casadelectores.com\/wp-content\/uploads\/2020\/10\/shop-icon.png","contentUrl":"https:\/\/www.casadelectores.com\/wp-content\/uploads\/2020\/10\/shop-icon.png","width":512,"height":512,"caption":"Enam\u00f3rate de las compras"},"image":{"@id":"https:\/\/www.casadelectores.com\/#\/schema\/logo\/image\/"}}]}},"_links":{"self":[{"href":"https:\/\/www.casadelectores.com\/index.php\/wp-json\/wp\/v2\/product\/39003","targetHints":{"allow":["GET"]}}],"collection":[{"href":"https:\/\/www.casadelectores.com\/index.php\/wp-json\/wp\/v2\/product"}],"about":[{"href":"https:\/\/www.casadelectores.com\/index.php\/wp-json\/wp\/v2\/types\/product"}],"wp:featuredmedia":[{"embeddable":true,"href":"https:\/\/www.casadelectores.com\/index.php\/wp-json\/wp\/v2\/media\/39103"}],"wp:attachment":[{"href":"https:\/\/www.casadelectores.com\/index.php\/wp-json\/wp\/v2\/media?parent=39003"}],"wp:term":[{"taxonomy":"product_brand","embeddable":true,"href":"https:\/\/www.casadelectores.com\/index.php\/wp-json\/wp\/v2\/product_brand?post=39003"},{"taxonomy":"product_cat","embeddable":true,"href":"https:\/\/www.casadelectores.com\/index.php\/wp-json\/wp\/v2\/product_cat?post=39003"},{"taxonomy":"product_tag","embeddable":true,"href":"https:\/\/www.casadelectores.com\/index.php\/wp-json\/wp\/v2\/product_tag?post=39003"}],"curies":[{"name":"wp","href":"https:\/\/api.w.org\/{rel}","templated":true}]}}