{"id":37996,"date":"2025-11-25T09:05:33","date_gmt":"2025-11-25T09:05:33","guid":{"rendered":""},"modified":"2025-11-25T09:05:33","modified_gmt":"2025-11-25T09:05:33","slug":"finale-aktion-la-noche-sonada-premio-primavera-de-novela-2014-huerta-maxim-37996","status":"publish","type":"product","link":"https:\/\/www.casadelectores.com\/index.php\/producto\/finale-aktion-la-noche-sonada-premio-primavera-de-novela-2014-huerta-maxim-37996\/","title":{"rendered":"Finale Aktion LA NOCHE SO\u00d1ADA. PREMIO PRIMAVERA DE NOVELA 2014, HUERTA, M\u00c0XIM"},"content":{"rendered":"<p>En la v\u00edspera de San Juan de 1980, los habitantes de Calabella, en la Costa Brava, esperan a la m\u00edtica Ava Gardner, que va a inaugurar el cine de verano del pueblo. Todo el mundo est\u00e1 pendiente de la actriz, salvo Justo, el benjam\u00edn de la peculiar familia Brightman. En el d\u00eda m\u00e1s m\u00e1gico del a\u00f1o, el muchacho ha decidido que, en vez de pedir un deseo, va a hacer todo lo que est\u00e9 en su mano por cambiar el destino de los suyos.La noche so\u00f1ada es una historia sobre la b\u00fasqueda de la felicidad.De la mano de M\u00e0xim Huerta, el lector descubrir\u00e1 que el viaje m\u00e1s arriesgado es el que se emprende hacia el amor, tantas veces doloroso e imposible, pero con el que nunca deber\u00edamos dejar de so\u00f1ar.<\/p>\n","protected":false},"excerpt":{"rendered":"<p>En la v\u00edspera de San Juan de 1980, los habitantes de Calabella, en la Costa Brava, esperan a la m\u00edtica Ava Gardner, que va a inaugurar el cine de verano del pueblo. Todo el mundo est\u00e1 pendiente de la actriz, salvo Justo, el benjam\u00edn de la peculiar familia Brightman. En el d\u00eda m\u00e1s m\u00e1gico del&hellip;&nbsp;<a href=\"https:\/\/www.casadelectores.com\/index.php\/producto\/finale-aktion-la-noche-sonada-premio-primavera-de-novela-2014-huerta-maxim-37996\/\" rel=\"bookmark\"><span class=\"screen-reader-text\">Finale Aktion LA NOCHE SO\u00d1ADA. PREMIO PRIMAVERA DE NOVELA 2014, HUERTA, M\u00c0XIM<\/span><\/a><\/p>\n","protected":false},"featured_media":38096,"template":"","meta":{"neve_meta_sidebar":"","neve_meta_container":"","neve_meta_enable_content_width":"","neve_meta_content_width":0,"neve_meta_title_alignment":"","neve_meta_author_avatar":"","neve_post_elements_order":"","neve_meta_disable_header":"","neve_meta_disable_footer":"","neve_meta_disable_title":"","_themeisle_gutenberg_block_has_review":false},"product_brand":[],"product_cat":[26],"product_tag":[],"class_list":["post-37996","product","type-product","status-publish","has-post-thumbnail","product_cat-publicaciones-de-libros","first","instock","sale","shipping-taxable","purchasable","product-type-simple"],"yoast_head":"<!-- This site is optimized with the Yoast SEO plugin v26.3 - https:\/\/yoast.com\/wordpress\/plugins\/seo\/ -->\n<title>Finale Aktion LA NOCHE SO\u00d1ADA. PREMIO PRIMAVERA DE NOVELA 2014, HUERTA, M\u00c0XIM - casadelectores<\/title>\n<meta name=\"robots\" content=\"index, follow, max-snippet:-1, max-image-preview:large, max-video-preview:-1\" \/>\n<link rel=\"canonical\" href=\"https:\/\/www.casadelectores.com\/index.php\/producto\/finale-aktion-la-noche-sonada-premio-primavera-de-novela-2014-huerta-maxim-37996\/\" \/>\n<meta property=\"og:locale\" content=\"es_ES\" \/>\n<meta property=\"og:type\" content=\"article\" \/>\n<meta property=\"og:title\" content=\"Finale Aktion LA NOCHE SO\u00d1ADA. PREMIO PRIMAVERA DE NOVELA 2014, HUERTA, M\u00c0XIM - casadelectores\" \/>\n<meta property=\"og:description\" content=\"En la v\u00edspera de San Juan de 1980, los habitantes de Calabella, en la Costa Brava, esperan a la m\u00edtica Ava Gardner, que va a inaugurar el cine de verano del pueblo. Todo el mundo est\u00e1 pendiente de la actriz, salvo Justo, el benjam\u00edn de la peculiar familia Brightman. En el d\u00eda m\u00e1s m\u00e1gico del&hellip;&nbsp;Finale Aktion LA NOCHE SO\u00d1ADA. PREMIO PRIMAVERA DE NOVELA 2014, HUERTA, M\u00c0XIM\" \/>\n<meta property=\"og:url\" content=\"https:\/\/www.casadelectores.com\/index.php\/producto\/finale-aktion-la-noche-sonada-premio-primavera-de-novela-2014-huerta-maxim-37996\/\" \/>\n<meta property=\"og:site_name\" content=\"casadelectores\" \/>\n<meta property=\"og:image\" content=\"https:\/\/www.casadelectores.com\/wp-content\/uploads\/2025\/SK0018232-DE20251119-101215-0-1763518342-978846704546.webp\" \/>\n\t<meta property=\"og:image:width\" content=\"300\" \/>\n\t<meta property=\"og:image:height\" content=\"457\" \/>\n\t<meta property=\"og:image:type\" content=\"image\/webp\" \/>\n<meta name=\"twitter:card\" content=\"summary_large_image\" \/>\n<meta name=\"twitter:label1\" content=\"Tiempo de lectura\" \/>\n\t<meta name=\"twitter:data1\" content=\"1 minuto\" \/>\n<script type=\"application\/ld+json\" class=\"yoast-schema-graph\">{\"@context\":\"https:\/\/schema.org\",\"@graph\":[{\"@type\":\"WebPage\",\"@id\":\"https:\/\/www.casadelectores.com\/index.php\/producto\/finale-aktion-la-noche-sonada-premio-primavera-de-novela-2014-huerta-maxim-37996\/\",\"url\":\"https:\/\/www.casadelectores.com\/index.php\/producto\/finale-aktion-la-noche-sonada-premio-primavera-de-novela-2014-huerta-maxim-37996\/\",\"name\":\"Finale Aktion LA NOCHE SO\u00d1ADA. PREMIO PRIMAVERA DE NOVELA 2014, HUERTA, M\u00c0XIM - casadelectores\",\"isPartOf\":{\"@id\":\"https:\/\/www.casadelectores.com\/#website\"},\"primaryImageOfPage\":{\"@id\":\"https:\/\/www.casadelectores.com\/index.php\/producto\/finale-aktion-la-noche-sonada-premio-primavera-de-novela-2014-huerta-maxim-37996\/#primaryimage\"},\"image\":{\"@id\":\"https:\/\/www.casadelectores.com\/index.php\/producto\/finale-aktion-la-noche-sonada-premio-primavera-de-novela-2014-huerta-maxim-37996\/#primaryimage\"},\"thumbnailUrl\":\"https:\/\/www.casadelectores.com\/wp-content\/uploads\/2025\/SK0018232-DE20251119-101215-0-1763518342-978846704546.webp\",\"datePublished\":\"2025-11-25T09:05:33+00:00\",\"breadcrumb\":{\"@id\":\"https:\/\/www.casadelectores.com\/index.php\/producto\/finale-aktion-la-noche-sonada-premio-primavera-de-novela-2014-huerta-maxim-37996\/#breadcrumb\"},\"inLanguage\":\"es\",\"potentialAction\":[{\"@type\":\"ReadAction\",\"target\":[\"https:\/\/www.casadelectores.com\/index.php\/producto\/finale-aktion-la-noche-sonada-premio-primavera-de-novela-2014-huerta-maxim-37996\/\"]}]},{\"@type\":\"ImageObject\",\"inLanguage\":\"es\",\"@id\":\"https:\/\/www.casadelectores.com\/index.php\/producto\/finale-aktion-la-noche-sonada-premio-primavera-de-novela-2014-huerta-maxim-37996\/#primaryimage\",\"url\":\"https:\/\/www.casadelectores.com\/wp-content\/uploads\/2025\/SK0018232-DE20251119-101215-0-1763518342-978846704546.webp\",\"contentUrl\":\"https:\/\/www.casadelectores.com\/wp-content\/uploads\/2025\/SK0018232-DE20251119-101215-0-1763518342-978846704546.webp\",\"width\":300,\"height\":457},{\"@type\":\"BreadcrumbList\",\"@id\":\"https:\/\/www.casadelectores.com\/index.php\/producto\/finale-aktion-la-noche-sonada-premio-primavera-de-novela-2014-huerta-maxim-37996\/#breadcrumb\",\"itemListElement\":[{\"@type\":\"ListItem\",\"position\":1,\"name\":\"Portada\",\"item\":\"https:\/\/www.casadelectores.com\/\"},{\"@type\":\"ListItem\",\"position\":2,\"name\":\"Shop\",\"item\":\"https:\/\/www.casadelectores.com\/index.php\/shop\/\"},{\"@type\":\"ListItem\",\"position\":3,\"name\":\"Finale Aktion LA NOCHE SO\u00d1ADA. PREMIO PRIMAVERA DE NOVELA 2014, HUERTA, M\u00c0XIM\"}]},{\"@type\":\"WebSite\",\"@id\":\"https:\/\/www.casadelectores.com\/#website\",\"url\":\"https:\/\/www.casadelectores.com\/\",\"name\":\"Enam\u00f3rate de las compras\",\"description\":\"\",\"publisher\":{\"@id\":\"https:\/\/www.casadelectores.com\/#organization\"},\"potentialAction\":[{\"@type\":\"SearchAction\",\"target\":{\"@type\":\"EntryPoint\",\"urlTemplate\":\"https:\/\/www.casadelectores.com\/?s={search_term_string}\"},\"query-input\":{\"@type\":\"PropertyValueSpecification\",\"valueRequired\":true,\"valueName\":\"search_term_string\"}}],\"inLanguage\":\"es\"},{\"@type\":\"Organization\",\"@id\":\"https:\/\/www.casadelectores.com\/#organization\",\"name\":\"Enam\u00f3rate de las compras\",\"url\":\"https:\/\/www.casadelectores.com\/\",\"logo\":{\"@type\":\"ImageObject\",\"inLanguage\":\"es\",\"@id\":\"https:\/\/www.casadelectores.com\/#\/schema\/logo\/image\/\",\"url\":\"https:\/\/www.casadelectores.com\/wp-content\/uploads\/2020\/10\/shop-icon.png\",\"contentUrl\":\"https:\/\/www.casadelectores.com\/wp-content\/uploads\/2020\/10\/shop-icon.png\",\"width\":512,\"height\":512,\"caption\":\"Enam\u00f3rate de las compras\"},\"image\":{\"@id\":\"https:\/\/www.casadelectores.com\/#\/schema\/logo\/image\/\"}}]}<\/script>\n<!-- \/ Yoast SEO plugin. -->","yoast_head_json":{"title":"Finale Aktion LA NOCHE SO\u00d1ADA. PREMIO PRIMAVERA DE NOVELA 2014, HUERTA, M\u00c0XIM - casadelectores","robots":{"index":"index","follow":"follow","max-snippet":"max-snippet:-1","max-image-preview":"max-image-preview:large","max-video-preview":"max-video-preview:-1"},"canonical":"https:\/\/www.casadelectores.com\/index.php\/producto\/finale-aktion-la-noche-sonada-premio-primavera-de-novela-2014-huerta-maxim-37996\/","og_locale":"es_ES","og_type":"article","og_title":"Finale Aktion LA NOCHE SO\u00d1ADA. PREMIO PRIMAVERA DE NOVELA 2014, HUERTA, M\u00c0XIM - casadelectores","og_description":"En la v\u00edspera de San Juan de 1980, los habitantes de Calabella, en la Costa Brava, esperan a la m\u00edtica Ava Gardner, que va a inaugurar el cine de verano del pueblo. Todo el mundo est\u00e1 pendiente de la actriz, salvo Justo, el benjam\u00edn de la peculiar familia Brightman. En el d\u00eda m\u00e1s m\u00e1gico del&hellip;&nbsp;Finale Aktion LA NOCHE SO\u00d1ADA. PREMIO PRIMAVERA DE NOVELA 2014, HUERTA, M\u00c0XIM","og_url":"https:\/\/www.casadelectores.com\/index.php\/producto\/finale-aktion-la-noche-sonada-premio-primavera-de-novela-2014-huerta-maxim-37996\/","og_site_name":"casadelectores","og_image":[{"width":300,"height":457,"url":"https:\/\/www.casadelectores.com\/wp-content\/uploads\/2025\/SK0018232-DE20251119-101215-0-1763518342-978846704546.webp","type":"image\/webp"}],"twitter_card":"summary_large_image","twitter_misc":{"Tiempo de lectura":"1 minuto"},"schema":{"@context":"https:\/\/schema.org","@graph":[{"@type":"WebPage","@id":"https:\/\/www.casadelectores.com\/index.php\/producto\/finale-aktion-la-noche-sonada-premio-primavera-de-novela-2014-huerta-maxim-37996\/","url":"https:\/\/www.casadelectores.com\/index.php\/producto\/finale-aktion-la-noche-sonada-premio-primavera-de-novela-2014-huerta-maxim-37996\/","name":"Finale Aktion LA NOCHE SO\u00d1ADA. PREMIO PRIMAVERA DE NOVELA 2014, HUERTA, M\u00c0XIM - casadelectores","isPartOf":{"@id":"https:\/\/www.casadelectores.com\/#website"},"primaryImageOfPage":{"@id":"https:\/\/www.casadelectores.com\/index.php\/producto\/finale-aktion-la-noche-sonada-premio-primavera-de-novela-2014-huerta-maxim-37996\/#primaryimage"},"image":{"@id":"https:\/\/www.casadelectores.com\/index.php\/producto\/finale-aktion-la-noche-sonada-premio-primavera-de-novela-2014-huerta-maxim-37996\/#primaryimage"},"thumbnailUrl":"https:\/\/www.casadelectores.com\/wp-content\/uploads\/2025\/SK0018232-DE20251119-101215-0-1763518342-978846704546.webp","datePublished":"2025-11-25T09:05:33+00:00","breadcrumb":{"@id":"https:\/\/www.casadelectores.com\/index.php\/producto\/finale-aktion-la-noche-sonada-premio-primavera-de-novela-2014-huerta-maxim-37996\/#breadcrumb"},"inLanguage":"es","potentialAction":[{"@type":"ReadAction","target":["https:\/\/www.casadelectores.com\/index.php\/producto\/finale-aktion-la-noche-sonada-premio-primavera-de-novela-2014-huerta-maxim-37996\/"]}]},{"@type":"ImageObject","inLanguage":"es","@id":"https:\/\/www.casadelectores.com\/index.php\/producto\/finale-aktion-la-noche-sonada-premio-primavera-de-novela-2014-huerta-maxim-37996\/#primaryimage","url":"https:\/\/www.casadelectores.com\/wp-content\/uploads\/2025\/SK0018232-DE20251119-101215-0-1763518342-978846704546.webp","contentUrl":"https:\/\/www.casadelectores.com\/wp-content\/uploads\/2025\/SK0018232-DE20251119-101215-0-1763518342-978846704546.webp","width":300,"height":457},{"@type":"BreadcrumbList","@id":"https:\/\/www.casadelectores.com\/index.php\/producto\/finale-aktion-la-noche-sonada-premio-primavera-de-novela-2014-huerta-maxim-37996\/#breadcrumb","itemListElement":[{"@type":"ListItem","position":1,"name":"Portada","item":"https:\/\/www.casadelectores.com\/"},{"@type":"ListItem","position":2,"name":"Shop","item":"https:\/\/www.casadelectores.com\/index.php\/shop\/"},{"@type":"ListItem","position":3,"name":"Finale Aktion LA NOCHE SO\u00d1ADA. PREMIO PRIMAVERA DE NOVELA 2014, HUERTA, M\u00c0XIM"}]},{"@type":"WebSite","@id":"https:\/\/www.casadelectores.com\/#website","url":"https:\/\/www.casadelectores.com\/","name":"Enam\u00f3rate de las compras","description":"","publisher":{"@id":"https:\/\/www.casadelectores.com\/#organization"},"potentialAction":[{"@type":"SearchAction","target":{"@type":"EntryPoint","urlTemplate":"https:\/\/www.casadelectores.com\/?s={search_term_string}"},"query-input":{"@type":"PropertyValueSpecification","valueRequired":true,"valueName":"search_term_string"}}],"inLanguage":"es"},{"@type":"Organization","@id":"https:\/\/www.casadelectores.com\/#organization","name":"Enam\u00f3rate de las compras","url":"https:\/\/www.casadelectores.com\/","logo":{"@type":"ImageObject","inLanguage":"es","@id":"https:\/\/www.casadelectores.com\/#\/schema\/logo\/image\/","url":"https:\/\/www.casadelectores.com\/wp-content\/uploads\/2020\/10\/shop-icon.png","contentUrl":"https:\/\/www.casadelectores.com\/wp-content\/uploads\/2020\/10\/shop-icon.png","width":512,"height":512,"caption":"Enam\u00f3rate de las compras"},"image":{"@id":"https:\/\/www.casadelectores.com\/#\/schema\/logo\/image\/"}}]}},"_links":{"self":[{"href":"https:\/\/www.casadelectores.com\/index.php\/wp-json\/wp\/v2\/product\/37996","targetHints":{"allow":["GET"]}}],"collection":[{"href":"https:\/\/www.casadelectores.com\/index.php\/wp-json\/wp\/v2\/product"}],"about":[{"href":"https:\/\/www.casadelectores.com\/index.php\/wp-json\/wp\/v2\/types\/product"}],"wp:featuredmedia":[{"embeddable":true,"href":"https:\/\/www.casadelectores.com\/index.php\/wp-json\/wp\/v2\/media\/38096"}],"wp:attachment":[{"href":"https:\/\/www.casadelectores.com\/index.php\/wp-json\/wp\/v2\/media?parent=37996"}],"wp:term":[{"taxonomy":"product_brand","embeddable":true,"href":"https:\/\/www.casadelectores.com\/index.php\/wp-json\/wp\/v2\/product_brand?post=37996"},{"taxonomy":"product_cat","embeddable":true,"href":"https:\/\/www.casadelectores.com\/index.php\/wp-json\/wp\/v2\/product_cat?post=37996"},{"taxonomy":"product_tag","embeddable":true,"href":"https:\/\/www.casadelectores.com\/index.php\/wp-json\/wp\/v2\/product_tag?post=37996"}],"curies":[{"name":"wp","href":"https:\/\/api.w.org\/{rel}","templated":true}]}}