{"id":36487,"date":"2025-11-25T09:05:26","date_gmt":"2025-11-25T09:05:26","guid":{"rendered":""},"modified":"2025-11-25T09:05:26","modified_gmt":"2025-11-25T09:05:26","slug":"etica-para-amador-75-aniversario-de-ariel-preisreduziert-36487","status":"publish","type":"product","link":"https:\/\/www.casadelectores.com\/index.php\/producto\/etica-para-amador-75-aniversario-de-ariel-preisreduziert-36487\/","title":{"rendered":"\u00c9TICA PARA AMADOR &#8211; 75 ANIVERSARIO DE ARIEL Preisreduziert"},"content":{"rendered":"<p>Siguiendo la estructura de una larga carta dirigida a un adolescente, el autor analiza algunas de las cuestiones \u00e9ticas m\u00e1s esenciales para la sociedad actual: el correcto ejercicio de la libertad, la aceptaci\u00f3n de la responsabilidad, la necesidad de la convivencia entre humanos para poder llevar una vida plena, el saludable deseo de disfrutar de la vida y de los placeres que \u00e9sta nos ofrece, la ineludible relaci\u00f3n entre \u00e9tica y pol\u00edtica y la obligada reflexi\u00f3n acerca de cuestiones como la conservaci\u00f3n del planeta o la realidad de la inmigraci\u00f3n.Mediante un lenguaje accesible y cercano, Savater logra que seamos conscientes de la relevancia que tienen en nuestra vida las consecuencias derivadas de nuestras decisiones diarias. \u00ab,<\/p>\n","protected":false},"excerpt":{"rendered":"<p>Siguiendo la estructura de una larga carta dirigida a un adolescente, el autor analiza algunas de las cuestiones \u00e9ticas m\u00e1s esenciales para la sociedad actual: el correcto ejercicio de la libertad, la aceptaci\u00f3n de la responsabilidad, la necesidad de la convivencia entre humanos para poder llevar una vida plena, el saludable deseo de disfrutar de&hellip;&nbsp;<a href=\"https:\/\/www.casadelectores.com\/index.php\/producto\/etica-para-amador-75-aniversario-de-ariel-preisreduziert-36487\/\" rel=\"bookmark\"><span class=\"screen-reader-text\">\u00c9TICA PARA AMADOR &#8211; 75 ANIVERSARIO DE ARIEL Preisreduziert<\/span><\/a><\/p>\n","protected":false},"featured_media":36539,"template":"","meta":{"neve_meta_sidebar":"","neve_meta_container":"","neve_meta_enable_content_width":"","neve_meta_content_width":0,"neve_meta_title_alignment":"","neve_meta_author_avatar":"","neve_post_elements_order":"","neve_meta_disable_header":"","neve_meta_disable_footer":"","neve_meta_disable_title":"","_themeisle_gutenberg_block_has_review":false},"product_brand":[],"product_cat":[26],"product_tag":[],"class_list":["post-36487","product","type-product","status-publish","has-post-thumbnail","product_cat-publicaciones-de-libros","first","instock","sale","shipping-taxable","purchasable","product-type-simple"],"yoast_head":"<!-- This site is optimized with the Yoast SEO plugin v26.3 - https:\/\/yoast.com\/wordpress\/plugins\/seo\/ -->\n<title>\u00c9TICA PARA AMADOR - 75 ANIVERSARIO DE ARIEL Preisreduziert - casadelectores<\/title>\n<meta name=\"robots\" content=\"index, follow, max-snippet:-1, max-image-preview:large, max-video-preview:-1\" \/>\n<link rel=\"canonical\" href=\"https:\/\/www.casadelectores.com\/index.php\/producto\/etica-para-amador-75-aniversario-de-ariel-preisreduziert-36487\/\" \/>\n<meta property=\"og:locale\" content=\"es_ES\" \/>\n<meta property=\"og:type\" content=\"article\" \/>\n<meta property=\"og:title\" content=\"\u00c9TICA PARA AMADOR - 75 ANIVERSARIO DE ARIEL Preisreduziert - casadelectores\" \/>\n<meta property=\"og:description\" content=\"Siguiendo la estructura de una larga carta dirigida a un adolescente, el autor analiza algunas de las cuestiones \u00e9ticas m\u00e1s esenciales para la sociedad actual: el correcto ejercicio de la libertad, la aceptaci\u00f3n de la responsabilidad, la necesidad de la convivencia entre humanos para poder llevar una vida plena, el saludable deseo de disfrutar de&hellip;&nbsp;\u00c9TICA PARA AMADOR &#8211; 75 ANIVERSARIO DE ARIEL Preisreduziert\" \/>\n<meta property=\"og:url\" content=\"https:\/\/www.casadelectores.com\/index.php\/producto\/etica-para-amador-75-aniversario-de-ariel-preisreduziert-36487\/\" \/>\n<meta property=\"og:site_name\" content=\"casadelectores\" \/>\n<meta property=\"og:image\" content=\"https:\/\/www.casadelectores.com\/wp-content\/uploads\/2025\/SK0195030-DE20251119-101116-0-1763518286-978843442697.webp\" \/>\n\t<meta property=\"og:image:width\" content=\"300\" \/>\n\t<meta property=\"og:image:height\" content=\"476\" \/>\n\t<meta property=\"og:image:type\" content=\"image\/webp\" \/>\n<meta name=\"twitter:card\" content=\"summary_large_image\" \/>\n<meta name=\"twitter:label1\" content=\"Tiempo de lectura\" \/>\n\t<meta name=\"twitter:data1\" content=\"1 minuto\" \/>\n<script type=\"application\/ld+json\" class=\"yoast-schema-graph\">{\"@context\":\"https:\/\/schema.org\",\"@graph\":[{\"@type\":\"WebPage\",\"@id\":\"https:\/\/www.casadelectores.com\/index.php\/producto\/etica-para-amador-75-aniversario-de-ariel-preisreduziert-36487\/\",\"url\":\"https:\/\/www.casadelectores.com\/index.php\/producto\/etica-para-amador-75-aniversario-de-ariel-preisreduziert-36487\/\",\"name\":\"\u00c9TICA PARA AMADOR - 75 ANIVERSARIO DE ARIEL Preisreduziert - casadelectores\",\"isPartOf\":{\"@id\":\"https:\/\/www.casadelectores.com\/#website\"},\"primaryImageOfPage\":{\"@id\":\"https:\/\/www.casadelectores.com\/index.php\/producto\/etica-para-amador-75-aniversario-de-ariel-preisreduziert-36487\/#primaryimage\"},\"image\":{\"@id\":\"https:\/\/www.casadelectores.com\/index.php\/producto\/etica-para-amador-75-aniversario-de-ariel-preisreduziert-36487\/#primaryimage\"},\"thumbnailUrl\":\"https:\/\/www.casadelectores.com\/wp-content\/uploads\/2025\/SK0195030-DE20251119-101116-0-1763518286-978843442697.webp\",\"datePublished\":\"2025-11-25T09:05:26+00:00\",\"breadcrumb\":{\"@id\":\"https:\/\/www.casadelectores.com\/index.php\/producto\/etica-para-amador-75-aniversario-de-ariel-preisreduziert-36487\/#breadcrumb\"},\"inLanguage\":\"es\",\"potentialAction\":[{\"@type\":\"ReadAction\",\"target\":[\"https:\/\/www.casadelectores.com\/index.php\/producto\/etica-para-amador-75-aniversario-de-ariel-preisreduziert-36487\/\"]}]},{\"@type\":\"ImageObject\",\"inLanguage\":\"es\",\"@id\":\"https:\/\/www.casadelectores.com\/index.php\/producto\/etica-para-amador-75-aniversario-de-ariel-preisreduziert-36487\/#primaryimage\",\"url\":\"https:\/\/www.casadelectores.com\/wp-content\/uploads\/2025\/SK0195030-DE20251119-101116-0-1763518286-978843442697.webp\",\"contentUrl\":\"https:\/\/www.casadelectores.com\/wp-content\/uploads\/2025\/SK0195030-DE20251119-101116-0-1763518286-978843442697.webp\",\"width\":300,\"height\":476},{\"@type\":\"BreadcrumbList\",\"@id\":\"https:\/\/www.casadelectores.com\/index.php\/producto\/etica-para-amador-75-aniversario-de-ariel-preisreduziert-36487\/#breadcrumb\",\"itemListElement\":[{\"@type\":\"ListItem\",\"position\":1,\"name\":\"Portada\",\"item\":\"https:\/\/www.casadelectores.com\/\"},{\"@type\":\"ListItem\",\"position\":2,\"name\":\"Shop\",\"item\":\"https:\/\/www.casadelectores.com\/index.php\/shop\/\"},{\"@type\":\"ListItem\",\"position\":3,\"name\":\"\u00c9TICA PARA AMADOR &#8211; 75 ANIVERSARIO DE ARIEL Preisreduziert\"}]},{\"@type\":\"WebSite\",\"@id\":\"https:\/\/www.casadelectores.com\/#website\",\"url\":\"https:\/\/www.casadelectores.com\/\",\"name\":\"Enam\u00f3rate de las compras\",\"description\":\"\",\"publisher\":{\"@id\":\"https:\/\/www.casadelectores.com\/#organization\"},\"potentialAction\":[{\"@type\":\"SearchAction\",\"target\":{\"@type\":\"EntryPoint\",\"urlTemplate\":\"https:\/\/www.casadelectores.com\/?s={search_term_string}\"},\"query-input\":{\"@type\":\"PropertyValueSpecification\",\"valueRequired\":true,\"valueName\":\"search_term_string\"}}],\"inLanguage\":\"es\"},{\"@type\":\"Organization\",\"@id\":\"https:\/\/www.casadelectores.com\/#organization\",\"name\":\"Enam\u00f3rate de las compras\",\"url\":\"https:\/\/www.casadelectores.com\/\",\"logo\":{\"@type\":\"ImageObject\",\"inLanguage\":\"es\",\"@id\":\"https:\/\/www.casadelectores.com\/#\/schema\/logo\/image\/\",\"url\":\"https:\/\/www.casadelectores.com\/wp-content\/uploads\/2020\/10\/shop-icon.png\",\"contentUrl\":\"https:\/\/www.casadelectores.com\/wp-content\/uploads\/2020\/10\/shop-icon.png\",\"width\":512,\"height\":512,\"caption\":\"Enam\u00f3rate de las compras\"},\"image\":{\"@id\":\"https:\/\/www.casadelectores.com\/#\/schema\/logo\/image\/\"}}]}<\/script>\n<!-- \/ Yoast SEO plugin. -->","yoast_head_json":{"title":"\u00c9TICA PARA AMADOR - 75 ANIVERSARIO DE ARIEL Preisreduziert - casadelectores","robots":{"index":"index","follow":"follow","max-snippet":"max-snippet:-1","max-image-preview":"max-image-preview:large","max-video-preview":"max-video-preview:-1"},"canonical":"https:\/\/www.casadelectores.com\/index.php\/producto\/etica-para-amador-75-aniversario-de-ariel-preisreduziert-36487\/","og_locale":"es_ES","og_type":"article","og_title":"\u00c9TICA PARA AMADOR - 75 ANIVERSARIO DE ARIEL Preisreduziert - casadelectores","og_description":"Siguiendo la estructura de una larga carta dirigida a un adolescente, el autor analiza algunas de las cuestiones \u00e9ticas m\u00e1s esenciales para la sociedad actual: el correcto ejercicio de la libertad, la aceptaci\u00f3n de la responsabilidad, la necesidad de la convivencia entre humanos para poder llevar una vida plena, el saludable deseo de disfrutar de&hellip;&nbsp;\u00c9TICA PARA AMADOR &#8211; 75 ANIVERSARIO DE ARIEL Preisreduziert","og_url":"https:\/\/www.casadelectores.com\/index.php\/producto\/etica-para-amador-75-aniversario-de-ariel-preisreduziert-36487\/","og_site_name":"casadelectores","og_image":[{"width":300,"height":476,"url":"https:\/\/www.casadelectores.com\/wp-content\/uploads\/2025\/SK0195030-DE20251119-101116-0-1763518286-978843442697.webp","type":"image\/webp"}],"twitter_card":"summary_large_image","twitter_misc":{"Tiempo de lectura":"1 minuto"},"schema":{"@context":"https:\/\/schema.org","@graph":[{"@type":"WebPage","@id":"https:\/\/www.casadelectores.com\/index.php\/producto\/etica-para-amador-75-aniversario-de-ariel-preisreduziert-36487\/","url":"https:\/\/www.casadelectores.com\/index.php\/producto\/etica-para-amador-75-aniversario-de-ariel-preisreduziert-36487\/","name":"\u00c9TICA PARA AMADOR - 75 ANIVERSARIO DE ARIEL Preisreduziert - casadelectores","isPartOf":{"@id":"https:\/\/www.casadelectores.com\/#website"},"primaryImageOfPage":{"@id":"https:\/\/www.casadelectores.com\/index.php\/producto\/etica-para-amador-75-aniversario-de-ariel-preisreduziert-36487\/#primaryimage"},"image":{"@id":"https:\/\/www.casadelectores.com\/index.php\/producto\/etica-para-amador-75-aniversario-de-ariel-preisreduziert-36487\/#primaryimage"},"thumbnailUrl":"https:\/\/www.casadelectores.com\/wp-content\/uploads\/2025\/SK0195030-DE20251119-101116-0-1763518286-978843442697.webp","datePublished":"2025-11-25T09:05:26+00:00","breadcrumb":{"@id":"https:\/\/www.casadelectores.com\/index.php\/producto\/etica-para-amador-75-aniversario-de-ariel-preisreduziert-36487\/#breadcrumb"},"inLanguage":"es","potentialAction":[{"@type":"ReadAction","target":["https:\/\/www.casadelectores.com\/index.php\/producto\/etica-para-amador-75-aniversario-de-ariel-preisreduziert-36487\/"]}]},{"@type":"ImageObject","inLanguage":"es","@id":"https:\/\/www.casadelectores.com\/index.php\/producto\/etica-para-amador-75-aniversario-de-ariel-preisreduziert-36487\/#primaryimage","url":"https:\/\/www.casadelectores.com\/wp-content\/uploads\/2025\/SK0195030-DE20251119-101116-0-1763518286-978843442697.webp","contentUrl":"https:\/\/www.casadelectores.com\/wp-content\/uploads\/2025\/SK0195030-DE20251119-101116-0-1763518286-978843442697.webp","width":300,"height":476},{"@type":"BreadcrumbList","@id":"https:\/\/www.casadelectores.com\/index.php\/producto\/etica-para-amador-75-aniversario-de-ariel-preisreduziert-36487\/#breadcrumb","itemListElement":[{"@type":"ListItem","position":1,"name":"Portada","item":"https:\/\/www.casadelectores.com\/"},{"@type":"ListItem","position":2,"name":"Shop","item":"https:\/\/www.casadelectores.com\/index.php\/shop\/"},{"@type":"ListItem","position":3,"name":"\u00c9TICA PARA AMADOR &#8211; 75 ANIVERSARIO DE ARIEL Preisreduziert"}]},{"@type":"WebSite","@id":"https:\/\/www.casadelectores.com\/#website","url":"https:\/\/www.casadelectores.com\/","name":"Enam\u00f3rate de las compras","description":"","publisher":{"@id":"https:\/\/www.casadelectores.com\/#organization"},"potentialAction":[{"@type":"SearchAction","target":{"@type":"EntryPoint","urlTemplate":"https:\/\/www.casadelectores.com\/?s={search_term_string}"},"query-input":{"@type":"PropertyValueSpecification","valueRequired":true,"valueName":"search_term_string"}}],"inLanguage":"es"},{"@type":"Organization","@id":"https:\/\/www.casadelectores.com\/#organization","name":"Enam\u00f3rate de las compras","url":"https:\/\/www.casadelectores.com\/","logo":{"@type":"ImageObject","inLanguage":"es","@id":"https:\/\/www.casadelectores.com\/#\/schema\/logo\/image\/","url":"https:\/\/www.casadelectores.com\/wp-content\/uploads\/2020\/10\/shop-icon.png","contentUrl":"https:\/\/www.casadelectores.com\/wp-content\/uploads\/2020\/10\/shop-icon.png","width":512,"height":512,"caption":"Enam\u00f3rate de las compras"},"image":{"@id":"https:\/\/www.casadelectores.com\/#\/schema\/logo\/image\/"}}]}},"_links":{"self":[{"href":"https:\/\/www.casadelectores.com\/index.php\/wp-json\/wp\/v2\/product\/36487","targetHints":{"allow":["GET"]}}],"collection":[{"href":"https:\/\/www.casadelectores.com\/index.php\/wp-json\/wp\/v2\/product"}],"about":[{"href":"https:\/\/www.casadelectores.com\/index.php\/wp-json\/wp\/v2\/types\/product"}],"wp:featuredmedia":[{"embeddable":true,"href":"https:\/\/www.casadelectores.com\/index.php\/wp-json\/wp\/v2\/media\/36539"}],"wp:attachment":[{"href":"https:\/\/www.casadelectores.com\/index.php\/wp-json\/wp\/v2\/media?parent=36487"}],"wp:term":[{"taxonomy":"product_brand","embeddable":true,"href":"https:\/\/www.casadelectores.com\/index.php\/wp-json\/wp\/v2\/product_brand?post=36487"},{"taxonomy":"product_cat","embeddable":true,"href":"https:\/\/www.casadelectores.com\/index.php\/wp-json\/wp\/v2\/product_cat?post=36487"},{"taxonomy":"product_tag","embeddable":true,"href":"https:\/\/www.casadelectores.com\/index.php\/wp-json\/wp\/v2\/product_tag?post=36487"}],"curies":[{"name":"wp","href":"https:\/\/api.w.org\/{rel}","templated":true}]}}