{"id":36353,"date":"2025-11-25T09:05:26","date_gmt":"2025-11-25T09:05:26","guid":{"rendered":""},"modified":"2025-11-25T09:05:26","modified_gmt":"2025-11-25T09:05:26","slug":"fotografia-toda-la-historia-2023-solange-der-vorrat-reicht-36353","status":"publish","type":"product","link":"https:\/\/www.casadelectores.com\/index.php\/producto\/fotografia-toda-la-historia-2023-solange-der-vorrat-reicht-36353\/","title":{"rendered":"FOTOGRAF\u00cdA. TODA LA HISTORIA (2023) Solange Der Vorrat Reicht"},"content":{"rendered":"<p>* Las fotograf\u00edas m\u00e1s representativas del mundo: im\u00e1genes innovadoras que se han convertido en puntos de referencia en nuestra concepci\u00f3n de nosotros mismos y del mundo que nos rodea, con textos redactados por un equipo internacional de cr\u00edticos de arte, periodistas y expertos.* Organizado cronol\u00f3gicamente, el libro repasa la evoluci\u00f3n de la fotograf\u00eda creativa en cada \u00e9poca, con su correspondientemarco hist\u00f3rico, y sit\u00faa las obras en el contexto de los avances culturales y sociales, con informaci\u00f3n sobre obras, influenciasy hechos fundamentales.* Destaca a los fot\u00f3grafos que mejor ejemplifican cada g\u00e9nero fotogr\u00e1fico, con un an\u00e1lisis detallado de su trabajo.Un homenaje a las fotograf\u00edas m\u00e1s hermosas, significativas e inspiradoras que ha dado este medio moderno (cuyo nombre,que significa literalmente \u00abescribir con luz\u00bb, sugiere su potencial para captar los momentos destacados de nuestras vidas). El librocomienza con una visi\u00f3n general de la fotograf\u00eda, situ\u00e1ndola en el contexto de los avances sociales y culturales que han tenidolugar en todo el mundo desde su aparici\u00f3n.A continuaci\u00f3n, se traza la r\u00e1pida evoluci\u00f3n del estilo fotogr\u00e1fico, \u00e9poca a \u00e9poca y movimiento a movimiento. Los diferentes apartados, con sus correspondientes fotograf\u00edas, abarcan todos los g\u00e9neros, desde los primeros retratos y escenas hasta los montajes manipulados por medios digitales, las im\u00e1genes deportivas tomadas en d\u00e9cimas de segundo y las fotograf\u00edas conceptuales m\u00e1s actuales. Asimismo, se analizan las ideas y los trabajos de fot\u00f3grafos destacados para revelar sus motivaciones, sus influencias y sus objetivos. \u00ab,<\/p>\n","protected":false},"excerpt":{"rendered":"<p>* Las fotograf\u00edas m\u00e1s representativas del mundo: im\u00e1genes innovadoras que se han convertido en puntos de referencia en nuestra concepci\u00f3n de nosotros mismos y del mundo que nos rodea, con textos redactados por un equipo internacional de cr\u00edticos de arte, periodistas y expertos.* Organizado cronol\u00f3gicamente, el libro repasa la evoluci\u00f3n de la fotograf\u00eda creativa en&hellip;&nbsp;<a href=\"https:\/\/www.casadelectores.com\/index.php\/producto\/fotografia-toda-la-historia-2023-solange-der-vorrat-reicht-36353\/\" rel=\"bookmark\"><span class=\"screen-reader-text\">FOTOGRAF\u00cdA. TODA LA HISTORIA (2023) Solange Der Vorrat Reicht<\/span><\/a><\/p>\n","protected":false},"featured_media":36453,"template":"","meta":{"neve_meta_sidebar":"","neve_meta_container":"","neve_meta_enable_content_width":"","neve_meta_content_width":0,"neve_meta_title_alignment":"","neve_meta_author_avatar":"","neve_post_elements_order":"","neve_meta_disable_header":"","neve_meta_disable_footer":"","neve_meta_disable_title":"","_themeisle_gutenberg_block_has_review":false},"product_brand":[],"product_cat":[26],"product_tag":[],"class_list":["post-36353","product","type-product","status-publish","has-post-thumbnail","product_cat-publicaciones-de-libros","first","instock","sale","shipping-taxable","purchasable","product-type-simple"],"yoast_head":"<!-- This site is optimized with the Yoast SEO plugin v26.3 - https:\/\/yoast.com\/wordpress\/plugins\/seo\/ -->\n<title>FOTOGRAF\u00cdA. TODA LA HISTORIA (2023) Solange Der Vorrat Reicht - casadelectores<\/title>\n<meta name=\"robots\" content=\"index, follow, max-snippet:-1, max-image-preview:large, max-video-preview:-1\" \/>\n<link rel=\"canonical\" href=\"https:\/\/www.casadelectores.com\/index.php\/producto\/fotografia-toda-la-historia-2023-solange-der-vorrat-reicht-36353\/\" \/>\n<meta property=\"og:locale\" content=\"es_ES\" \/>\n<meta property=\"og:type\" content=\"article\" \/>\n<meta property=\"og:title\" content=\"FOTOGRAF\u00cdA. TODA LA HISTORIA (2023) Solange Der Vorrat Reicht - casadelectores\" \/>\n<meta property=\"og:description\" content=\"* Las fotograf\u00edas m\u00e1s representativas del mundo: im\u00e1genes innovadoras que se han convertido en puntos de referencia en nuestra concepci\u00f3n de nosotros mismos y del mundo que nos rodea, con textos redactados por un equipo internacional de cr\u00edticos de arte, periodistas y expertos.* Organizado cronol\u00f3gicamente, el libro repasa la evoluci\u00f3n de la fotograf\u00eda creativa en&hellip;&nbsp;FOTOGRAF\u00cdA. TODA LA HISTORIA (2023) Solange Der Vorrat Reicht\" \/>\n<meta property=\"og:url\" content=\"https:\/\/www.casadelectores.com\/index.php\/producto\/fotografia-toda-la-historia-2023-solange-der-vorrat-reicht-36353\/\" \/>\n<meta property=\"og:site_name\" content=\"casadelectores\" \/>\n<meta property=\"og:image\" content=\"https:\/\/www.casadelectores.com\/wp-content\/uploads\/2025\/SK0194982-DE20251119-101116-0-1763518286-978841949959.webp\" \/>\n\t<meta property=\"og:image:width\" content=\"245\" \/>\n\t<meta property=\"og:image:height\" content=\"350\" \/>\n\t<meta property=\"og:image:type\" content=\"image\/webp\" \/>\n<meta name=\"twitter:card\" content=\"summary_large_image\" \/>\n<meta name=\"twitter:label1\" content=\"Tiempo de lectura\" \/>\n\t<meta name=\"twitter:data1\" content=\"1 minuto\" \/>\n<script type=\"application\/ld+json\" class=\"yoast-schema-graph\">{\"@context\":\"https:\/\/schema.org\",\"@graph\":[{\"@type\":\"WebPage\",\"@id\":\"https:\/\/www.casadelectores.com\/index.php\/producto\/fotografia-toda-la-historia-2023-solange-der-vorrat-reicht-36353\/\",\"url\":\"https:\/\/www.casadelectores.com\/index.php\/producto\/fotografia-toda-la-historia-2023-solange-der-vorrat-reicht-36353\/\",\"name\":\"FOTOGRAF\u00cdA. TODA LA HISTORIA (2023) Solange Der Vorrat Reicht - casadelectores\",\"isPartOf\":{\"@id\":\"https:\/\/www.casadelectores.com\/#website\"},\"primaryImageOfPage\":{\"@id\":\"https:\/\/www.casadelectores.com\/index.php\/producto\/fotografia-toda-la-historia-2023-solange-der-vorrat-reicht-36353\/#primaryimage\"},\"image\":{\"@id\":\"https:\/\/www.casadelectores.com\/index.php\/producto\/fotografia-toda-la-historia-2023-solange-der-vorrat-reicht-36353\/#primaryimage\"},\"thumbnailUrl\":\"https:\/\/www.casadelectores.com\/wp-content\/uploads\/2025\/SK0194982-DE20251119-101116-0-1763518286-978841949959.webp\",\"datePublished\":\"2025-11-25T09:05:26+00:00\",\"breadcrumb\":{\"@id\":\"https:\/\/www.casadelectores.com\/index.php\/producto\/fotografia-toda-la-historia-2023-solange-der-vorrat-reicht-36353\/#breadcrumb\"},\"inLanguage\":\"es\",\"potentialAction\":[{\"@type\":\"ReadAction\",\"target\":[\"https:\/\/www.casadelectores.com\/index.php\/producto\/fotografia-toda-la-historia-2023-solange-der-vorrat-reicht-36353\/\"]}]},{\"@type\":\"ImageObject\",\"inLanguage\":\"es\",\"@id\":\"https:\/\/www.casadelectores.com\/index.php\/producto\/fotografia-toda-la-historia-2023-solange-der-vorrat-reicht-36353\/#primaryimage\",\"url\":\"https:\/\/www.casadelectores.com\/wp-content\/uploads\/2025\/SK0194982-DE20251119-101116-0-1763518286-978841949959.webp\",\"contentUrl\":\"https:\/\/www.casadelectores.com\/wp-content\/uploads\/2025\/SK0194982-DE20251119-101116-0-1763518286-978841949959.webp\",\"width\":245,\"height\":350},{\"@type\":\"BreadcrumbList\",\"@id\":\"https:\/\/www.casadelectores.com\/index.php\/producto\/fotografia-toda-la-historia-2023-solange-der-vorrat-reicht-36353\/#breadcrumb\",\"itemListElement\":[{\"@type\":\"ListItem\",\"position\":1,\"name\":\"Portada\",\"item\":\"https:\/\/www.casadelectores.com\/\"},{\"@type\":\"ListItem\",\"position\":2,\"name\":\"Shop\",\"item\":\"https:\/\/www.casadelectores.com\/index.php\/shop\/\"},{\"@type\":\"ListItem\",\"position\":3,\"name\":\"FOTOGRAF\u00cdA. TODA LA HISTORIA (2023) Solange Der Vorrat Reicht\"}]},{\"@type\":\"WebSite\",\"@id\":\"https:\/\/www.casadelectores.com\/#website\",\"url\":\"https:\/\/www.casadelectores.com\/\",\"name\":\"Enam\u00f3rate de las compras\",\"description\":\"\",\"publisher\":{\"@id\":\"https:\/\/www.casadelectores.com\/#organization\"},\"potentialAction\":[{\"@type\":\"SearchAction\",\"target\":{\"@type\":\"EntryPoint\",\"urlTemplate\":\"https:\/\/www.casadelectores.com\/?s={search_term_string}\"},\"query-input\":{\"@type\":\"PropertyValueSpecification\",\"valueRequired\":true,\"valueName\":\"search_term_string\"}}],\"inLanguage\":\"es\"},{\"@type\":\"Organization\",\"@id\":\"https:\/\/www.casadelectores.com\/#organization\",\"name\":\"Enam\u00f3rate de las compras\",\"url\":\"https:\/\/www.casadelectores.com\/\",\"logo\":{\"@type\":\"ImageObject\",\"inLanguage\":\"es\",\"@id\":\"https:\/\/www.casadelectores.com\/#\/schema\/logo\/image\/\",\"url\":\"https:\/\/www.casadelectores.com\/wp-content\/uploads\/2020\/10\/shop-icon.png\",\"contentUrl\":\"https:\/\/www.casadelectores.com\/wp-content\/uploads\/2020\/10\/shop-icon.png\",\"width\":512,\"height\":512,\"caption\":\"Enam\u00f3rate de las compras\"},\"image\":{\"@id\":\"https:\/\/www.casadelectores.com\/#\/schema\/logo\/image\/\"}}]}<\/script>\n<!-- \/ Yoast SEO plugin. -->","yoast_head_json":{"title":"FOTOGRAF\u00cdA. TODA LA HISTORIA (2023) Solange Der Vorrat Reicht - casadelectores","robots":{"index":"index","follow":"follow","max-snippet":"max-snippet:-1","max-image-preview":"max-image-preview:large","max-video-preview":"max-video-preview:-1"},"canonical":"https:\/\/www.casadelectores.com\/index.php\/producto\/fotografia-toda-la-historia-2023-solange-der-vorrat-reicht-36353\/","og_locale":"es_ES","og_type":"article","og_title":"FOTOGRAF\u00cdA. TODA LA HISTORIA (2023) Solange Der Vorrat Reicht - casadelectores","og_description":"* Las fotograf\u00edas m\u00e1s representativas del mundo: im\u00e1genes innovadoras que se han convertido en puntos de referencia en nuestra concepci\u00f3n de nosotros mismos y del mundo que nos rodea, con textos redactados por un equipo internacional de cr\u00edticos de arte, periodistas y expertos.* Organizado cronol\u00f3gicamente, el libro repasa la evoluci\u00f3n de la fotograf\u00eda creativa en&hellip;&nbsp;FOTOGRAF\u00cdA. TODA LA HISTORIA (2023) Solange Der Vorrat Reicht","og_url":"https:\/\/www.casadelectores.com\/index.php\/producto\/fotografia-toda-la-historia-2023-solange-der-vorrat-reicht-36353\/","og_site_name":"casadelectores","og_image":[{"width":245,"height":350,"url":"https:\/\/www.casadelectores.com\/wp-content\/uploads\/2025\/SK0194982-DE20251119-101116-0-1763518286-978841949959.webp","type":"image\/webp"}],"twitter_card":"summary_large_image","twitter_misc":{"Tiempo de lectura":"1 minuto"},"schema":{"@context":"https:\/\/schema.org","@graph":[{"@type":"WebPage","@id":"https:\/\/www.casadelectores.com\/index.php\/producto\/fotografia-toda-la-historia-2023-solange-der-vorrat-reicht-36353\/","url":"https:\/\/www.casadelectores.com\/index.php\/producto\/fotografia-toda-la-historia-2023-solange-der-vorrat-reicht-36353\/","name":"FOTOGRAF\u00cdA. TODA LA HISTORIA (2023) Solange Der Vorrat Reicht - casadelectores","isPartOf":{"@id":"https:\/\/www.casadelectores.com\/#website"},"primaryImageOfPage":{"@id":"https:\/\/www.casadelectores.com\/index.php\/producto\/fotografia-toda-la-historia-2023-solange-der-vorrat-reicht-36353\/#primaryimage"},"image":{"@id":"https:\/\/www.casadelectores.com\/index.php\/producto\/fotografia-toda-la-historia-2023-solange-der-vorrat-reicht-36353\/#primaryimage"},"thumbnailUrl":"https:\/\/www.casadelectores.com\/wp-content\/uploads\/2025\/SK0194982-DE20251119-101116-0-1763518286-978841949959.webp","datePublished":"2025-11-25T09:05:26+00:00","breadcrumb":{"@id":"https:\/\/www.casadelectores.com\/index.php\/producto\/fotografia-toda-la-historia-2023-solange-der-vorrat-reicht-36353\/#breadcrumb"},"inLanguage":"es","potentialAction":[{"@type":"ReadAction","target":["https:\/\/www.casadelectores.com\/index.php\/producto\/fotografia-toda-la-historia-2023-solange-der-vorrat-reicht-36353\/"]}]},{"@type":"ImageObject","inLanguage":"es","@id":"https:\/\/www.casadelectores.com\/index.php\/producto\/fotografia-toda-la-historia-2023-solange-der-vorrat-reicht-36353\/#primaryimage","url":"https:\/\/www.casadelectores.com\/wp-content\/uploads\/2025\/SK0194982-DE20251119-101116-0-1763518286-978841949959.webp","contentUrl":"https:\/\/www.casadelectores.com\/wp-content\/uploads\/2025\/SK0194982-DE20251119-101116-0-1763518286-978841949959.webp","width":245,"height":350},{"@type":"BreadcrumbList","@id":"https:\/\/www.casadelectores.com\/index.php\/producto\/fotografia-toda-la-historia-2023-solange-der-vorrat-reicht-36353\/#breadcrumb","itemListElement":[{"@type":"ListItem","position":1,"name":"Portada","item":"https:\/\/www.casadelectores.com\/"},{"@type":"ListItem","position":2,"name":"Shop","item":"https:\/\/www.casadelectores.com\/index.php\/shop\/"},{"@type":"ListItem","position":3,"name":"FOTOGRAF\u00cdA. TODA LA HISTORIA (2023) Solange Der Vorrat Reicht"}]},{"@type":"WebSite","@id":"https:\/\/www.casadelectores.com\/#website","url":"https:\/\/www.casadelectores.com\/","name":"Enam\u00f3rate de las compras","description":"","publisher":{"@id":"https:\/\/www.casadelectores.com\/#organization"},"potentialAction":[{"@type":"SearchAction","target":{"@type":"EntryPoint","urlTemplate":"https:\/\/www.casadelectores.com\/?s={search_term_string}"},"query-input":{"@type":"PropertyValueSpecification","valueRequired":true,"valueName":"search_term_string"}}],"inLanguage":"es"},{"@type":"Organization","@id":"https:\/\/www.casadelectores.com\/#organization","name":"Enam\u00f3rate de las compras","url":"https:\/\/www.casadelectores.com\/","logo":{"@type":"ImageObject","inLanguage":"es","@id":"https:\/\/www.casadelectores.com\/#\/schema\/logo\/image\/","url":"https:\/\/www.casadelectores.com\/wp-content\/uploads\/2020\/10\/shop-icon.png","contentUrl":"https:\/\/www.casadelectores.com\/wp-content\/uploads\/2020\/10\/shop-icon.png","width":512,"height":512,"caption":"Enam\u00f3rate de las compras"},"image":{"@id":"https:\/\/www.casadelectores.com\/#\/schema\/logo\/image\/"}}]}},"_links":{"self":[{"href":"https:\/\/www.casadelectores.com\/index.php\/wp-json\/wp\/v2\/product\/36353","targetHints":{"allow":["GET"]}}],"collection":[{"href":"https:\/\/www.casadelectores.com\/index.php\/wp-json\/wp\/v2\/product"}],"about":[{"href":"https:\/\/www.casadelectores.com\/index.php\/wp-json\/wp\/v2\/types\/product"}],"wp:featuredmedia":[{"embeddable":true,"href":"https:\/\/www.casadelectores.com\/index.php\/wp-json\/wp\/v2\/media\/36453"}],"wp:attachment":[{"href":"https:\/\/www.casadelectores.com\/index.php\/wp-json\/wp\/v2\/media?parent=36353"}],"wp:term":[{"taxonomy":"product_brand","embeddable":true,"href":"https:\/\/www.casadelectores.com\/index.php\/wp-json\/wp\/v2\/product_brand?post=36353"},{"taxonomy":"product_cat","embeddable":true,"href":"https:\/\/www.casadelectores.com\/index.php\/wp-json\/wp\/v2\/product_cat?post=36353"},{"taxonomy":"product_tag","embeddable":true,"href":"https:\/\/www.casadelectores.com\/index.php\/wp-json\/wp\/v2\/product_tag?post=36353"}],"curies":[{"name":"wp","href":"https:\/\/api.w.org\/{rel}","templated":true}]}}