{"id":36346,"date":"2025-11-25T09:05:26","date_gmt":"2025-11-25T09:05:26","guid":{"rendered":""},"modified":"2025-11-25T09:05:26","modified_gmt":"2025-11-25T09:05:26","slug":"entre-els-deus-i-el-no-res-religions-espiritualitats-ateismes-ab-werk-36346","status":"publish","type":"product","link":"https:\/\/www.casadelectores.com\/index.php\/producto\/entre-els-deus-i-el-no-res-religions-espiritualitats-ateismes-ab-werk-36346\/","title":{"rendered":"ENTRE ELS D\u00c9US I EL NO-RES. RELIGIONS, ESPIRITUALITATS, ATEISMES Ab Werk"},"content":{"rendered":"<p>\u00c9s possible viure sense creure en res? \u00bfQu\u00e8 volen dir termes com espiritualitat, religi\u00f3 o no creient? \u00bfSeria millor un m\u00f3n sense ateus o sense reli\u00adgions? \u00bfEls ateus no creuen en res? \u00bfPot haver-hi una espiritualitat atea? \u00bfLa indifer\u00e8ncia \u00e9s una perspectiva tan raonable com les altres? \u00bfTots els d\u00e9us s&#8217;assemblen? \u00bfEl budisme originari \u00e9s una religi\u00f3? \u00bfL&#8217;estat-naci\u00f3 pot esdevenir una substituci\u00f3 dels d\u00e9us? \u00bfPot la ci\u00e8n\u00adcia donar sentit a la vida de les persones? Mai com avui hav\u00edem viscut en un m\u00f3n amb tantes possibilitats d&#8217;optar entre diferents creences i alhora de perdre&#8217;ns completament en la confusi\u00f3 de termes, plantejaments i ofertes de sentit. Aquest llibre vol ser com un mapa a gran escala per orientar-nos i ordenar la complexitat, un mapa on s&#8217;hi dibuixen algunes de les creences atees, indiferents, agn\u00f2stiques, religioses i espirituals m\u00e9s pregones, alguns dels camins m\u00e9s transitats de la humanitat, remarcant sobretot all\u00f2 que \u00e9s m\u00e9s propi de cada viarany, per\u00f2 tamb\u00e9 els punts de contacte entre les cosmovisions m\u00e9s inconciliables.L&#8217;obra inclou una selecci\u00f3 de textos de les traces deixades per aquestes tradicions espirituals i filos\u00f2fiques que a voltes divergeixen i a voltes s&#8217;entrecreuen i s&#8217;enriqueixen en la marxa a les palpentes de la humanitat des de la nit dels temps. \u00ab,<\/p>\n","protected":false},"excerpt":{"rendered":"<p>\u00c9s possible viure sense creure en res? \u00bfQu\u00e8 volen dir termes com espiritualitat, religi\u00f3 o no creient? \u00bfSeria millor un m\u00f3n sense ateus o sense reli\u00adgions? \u00bfEls ateus no creuen en res? \u00bfPot haver-hi una espiritualitat atea? \u00bfLa indifer\u00e8ncia \u00e9s una perspectiva tan raonable com les altres? \u00bfTots els d\u00e9us s&#8217;assemblen? \u00bfEl budisme originari \u00e9s&hellip;&nbsp;<a href=\"https:\/\/www.casadelectores.com\/index.php\/producto\/entre-els-deus-i-el-no-res-religions-espiritualitats-ateismes-ab-werk-36346\/\" rel=\"bookmark\"><span class=\"screen-reader-text\">ENTRE ELS D\u00c9US I EL NO-RES. RELIGIONS, ESPIRITUALITATS, ATEISMES Ab Werk<\/span><\/a><\/p>\n","protected":false},"featured_media":36446,"template":"","meta":{"neve_meta_sidebar":"","neve_meta_container":"","neve_meta_enable_content_width":"","neve_meta_content_width":0,"neve_meta_title_alignment":"","neve_meta_author_avatar":"","neve_post_elements_order":"","neve_meta_disable_header":"","neve_meta_disable_footer":"","neve_meta_disable_title":"","_themeisle_gutenberg_block_has_review":false},"product_brand":[],"product_cat":[26],"product_tag":[],"class_list":["post-36346","product","type-product","status-publish","has-post-thumbnail","product_cat-publicaciones-de-libros","first","instock","sale","shipping-taxable","purchasable","product-type-simple"],"yoast_head":"<!-- This site is optimized with the Yoast SEO plugin v26.3 - https:\/\/yoast.com\/wordpress\/plugins\/seo\/ -->\n<title>ENTRE ELS D\u00c9US I EL NO-RES. RELIGIONS, ESPIRITUALITATS, ATEISMES Ab Werk - casadelectores<\/title>\n<meta name=\"robots\" content=\"index, follow, max-snippet:-1, max-image-preview:large, max-video-preview:-1\" \/>\n<link rel=\"canonical\" href=\"https:\/\/www.casadelectores.com\/index.php\/producto\/entre-els-deus-i-el-no-res-religions-espiritualitats-ateismes-ab-werk-36346\/\" \/>\n<meta property=\"og:locale\" content=\"es_ES\" \/>\n<meta property=\"og:type\" content=\"article\" \/>\n<meta property=\"og:title\" content=\"ENTRE ELS D\u00c9US I EL NO-RES. RELIGIONS, ESPIRITUALITATS, ATEISMES Ab Werk - casadelectores\" \/>\n<meta property=\"og:description\" content=\"\u00c9s possible viure sense creure en res? \u00bfQu\u00e8 volen dir termes com espiritualitat, religi\u00f3 o no creient? \u00bfSeria millor un m\u00f3n sense ateus o sense reli\u00adgions? \u00bfEls ateus no creuen en res? \u00bfPot haver-hi una espiritualitat atea? \u00bfLa indifer\u00e8ncia \u00e9s una perspectiva tan raonable com les altres? \u00bfTots els d\u00e9us s&#8217;assemblen? \u00bfEl budisme originari \u00e9s&hellip;&nbsp;ENTRE ELS D\u00c9US I EL NO-RES. RELIGIONS, ESPIRITUALITATS, ATEISMES Ab Werk\" \/>\n<meta property=\"og:url\" content=\"https:\/\/www.casadelectores.com\/index.php\/producto\/entre-els-deus-i-el-no-res-religions-espiritualitats-ateismes-ab-werk-36346\/\" \/>\n<meta property=\"og:site_name\" content=\"casadelectores\" \/>\n<meta property=\"og:image\" content=\"https:\/\/www.casadelectores.com\/wp-content\/uploads\/2025\/SK0194974-DE20251119-101116-0-1763518286-978841779677.webp\" \/>\n\t<meta property=\"og:image:width\" content=\"300\" \/>\n\t<meta property=\"og:image:height\" content=\"477\" \/>\n\t<meta property=\"og:image:type\" content=\"image\/webp\" \/>\n<meta name=\"twitter:card\" content=\"summary_large_image\" \/>\n<meta name=\"twitter:label1\" content=\"Tiempo de lectura\" \/>\n\t<meta name=\"twitter:data1\" content=\"1 minuto\" \/>\n<script type=\"application\/ld+json\" class=\"yoast-schema-graph\">{\"@context\":\"https:\/\/schema.org\",\"@graph\":[{\"@type\":\"WebPage\",\"@id\":\"https:\/\/www.casadelectores.com\/index.php\/producto\/entre-els-deus-i-el-no-res-religions-espiritualitats-ateismes-ab-werk-36346\/\",\"url\":\"https:\/\/www.casadelectores.com\/index.php\/producto\/entre-els-deus-i-el-no-res-religions-espiritualitats-ateismes-ab-werk-36346\/\",\"name\":\"ENTRE ELS D\u00c9US I EL NO-RES. RELIGIONS, ESPIRITUALITATS, ATEISMES Ab Werk - casadelectores\",\"isPartOf\":{\"@id\":\"https:\/\/www.casadelectores.com\/#website\"},\"primaryImageOfPage\":{\"@id\":\"https:\/\/www.casadelectores.com\/index.php\/producto\/entre-els-deus-i-el-no-res-religions-espiritualitats-ateismes-ab-werk-36346\/#primaryimage\"},\"image\":{\"@id\":\"https:\/\/www.casadelectores.com\/index.php\/producto\/entre-els-deus-i-el-no-res-religions-espiritualitats-ateismes-ab-werk-36346\/#primaryimage\"},\"thumbnailUrl\":\"https:\/\/www.casadelectores.com\/wp-content\/uploads\/2025\/SK0194974-DE20251119-101116-0-1763518286-978841779677.webp\",\"datePublished\":\"2025-11-25T09:05:26+00:00\",\"breadcrumb\":{\"@id\":\"https:\/\/www.casadelectores.com\/index.php\/producto\/entre-els-deus-i-el-no-res-religions-espiritualitats-ateismes-ab-werk-36346\/#breadcrumb\"},\"inLanguage\":\"es\",\"potentialAction\":[{\"@type\":\"ReadAction\",\"target\":[\"https:\/\/www.casadelectores.com\/index.php\/producto\/entre-els-deus-i-el-no-res-religions-espiritualitats-ateismes-ab-werk-36346\/\"]}]},{\"@type\":\"ImageObject\",\"inLanguage\":\"es\",\"@id\":\"https:\/\/www.casadelectores.com\/index.php\/producto\/entre-els-deus-i-el-no-res-religions-espiritualitats-ateismes-ab-werk-36346\/#primaryimage\",\"url\":\"https:\/\/www.casadelectores.com\/wp-content\/uploads\/2025\/SK0194974-DE20251119-101116-0-1763518286-978841779677.webp\",\"contentUrl\":\"https:\/\/www.casadelectores.com\/wp-content\/uploads\/2025\/SK0194974-DE20251119-101116-0-1763518286-978841779677.webp\",\"width\":300,\"height\":477},{\"@type\":\"BreadcrumbList\",\"@id\":\"https:\/\/www.casadelectores.com\/index.php\/producto\/entre-els-deus-i-el-no-res-religions-espiritualitats-ateismes-ab-werk-36346\/#breadcrumb\",\"itemListElement\":[{\"@type\":\"ListItem\",\"position\":1,\"name\":\"Portada\",\"item\":\"https:\/\/www.casadelectores.com\/\"},{\"@type\":\"ListItem\",\"position\":2,\"name\":\"Shop\",\"item\":\"https:\/\/www.casadelectores.com\/index.php\/shop\/\"},{\"@type\":\"ListItem\",\"position\":3,\"name\":\"ENTRE ELS D\u00c9US I EL NO-RES. RELIGIONS, ESPIRITUALITATS, ATEISMES Ab Werk\"}]},{\"@type\":\"WebSite\",\"@id\":\"https:\/\/www.casadelectores.com\/#website\",\"url\":\"https:\/\/www.casadelectores.com\/\",\"name\":\"Enam\u00f3rate de las compras\",\"description\":\"\",\"publisher\":{\"@id\":\"https:\/\/www.casadelectores.com\/#organization\"},\"potentialAction\":[{\"@type\":\"SearchAction\",\"target\":{\"@type\":\"EntryPoint\",\"urlTemplate\":\"https:\/\/www.casadelectores.com\/?s={search_term_string}\"},\"query-input\":{\"@type\":\"PropertyValueSpecification\",\"valueRequired\":true,\"valueName\":\"search_term_string\"}}],\"inLanguage\":\"es\"},{\"@type\":\"Organization\",\"@id\":\"https:\/\/www.casadelectores.com\/#organization\",\"name\":\"Enam\u00f3rate de las compras\",\"url\":\"https:\/\/www.casadelectores.com\/\",\"logo\":{\"@type\":\"ImageObject\",\"inLanguage\":\"es\",\"@id\":\"https:\/\/www.casadelectores.com\/#\/schema\/logo\/image\/\",\"url\":\"https:\/\/www.casadelectores.com\/wp-content\/uploads\/2020\/10\/shop-icon.png\",\"contentUrl\":\"https:\/\/www.casadelectores.com\/wp-content\/uploads\/2020\/10\/shop-icon.png\",\"width\":512,\"height\":512,\"caption\":\"Enam\u00f3rate de las compras\"},\"image\":{\"@id\":\"https:\/\/www.casadelectores.com\/#\/schema\/logo\/image\/\"}}]}<\/script>\n<!-- \/ Yoast SEO plugin. -->","yoast_head_json":{"title":"ENTRE ELS D\u00c9US I EL NO-RES. RELIGIONS, ESPIRITUALITATS, ATEISMES Ab Werk - casadelectores","robots":{"index":"index","follow":"follow","max-snippet":"max-snippet:-1","max-image-preview":"max-image-preview:large","max-video-preview":"max-video-preview:-1"},"canonical":"https:\/\/www.casadelectores.com\/index.php\/producto\/entre-els-deus-i-el-no-res-religions-espiritualitats-ateismes-ab-werk-36346\/","og_locale":"es_ES","og_type":"article","og_title":"ENTRE ELS D\u00c9US I EL NO-RES. RELIGIONS, ESPIRITUALITATS, ATEISMES Ab Werk - casadelectores","og_description":"\u00c9s possible viure sense creure en res? \u00bfQu\u00e8 volen dir termes com espiritualitat, religi\u00f3 o no creient? \u00bfSeria millor un m\u00f3n sense ateus o sense reli\u00adgions? \u00bfEls ateus no creuen en res? \u00bfPot haver-hi una espiritualitat atea? \u00bfLa indifer\u00e8ncia \u00e9s una perspectiva tan raonable com les altres? \u00bfTots els d\u00e9us s&#8217;assemblen? \u00bfEl budisme originari \u00e9s&hellip;&nbsp;ENTRE ELS D\u00c9US I EL NO-RES. RELIGIONS, ESPIRITUALITATS, ATEISMES Ab Werk","og_url":"https:\/\/www.casadelectores.com\/index.php\/producto\/entre-els-deus-i-el-no-res-religions-espiritualitats-ateismes-ab-werk-36346\/","og_site_name":"casadelectores","og_image":[{"width":300,"height":477,"url":"https:\/\/www.casadelectores.com\/wp-content\/uploads\/2025\/SK0194974-DE20251119-101116-0-1763518286-978841779677.webp","type":"image\/webp"}],"twitter_card":"summary_large_image","twitter_misc":{"Tiempo de lectura":"1 minuto"},"schema":{"@context":"https:\/\/schema.org","@graph":[{"@type":"WebPage","@id":"https:\/\/www.casadelectores.com\/index.php\/producto\/entre-els-deus-i-el-no-res-religions-espiritualitats-ateismes-ab-werk-36346\/","url":"https:\/\/www.casadelectores.com\/index.php\/producto\/entre-els-deus-i-el-no-res-religions-espiritualitats-ateismes-ab-werk-36346\/","name":"ENTRE ELS D\u00c9US I EL NO-RES. RELIGIONS, ESPIRITUALITATS, ATEISMES Ab Werk - casadelectores","isPartOf":{"@id":"https:\/\/www.casadelectores.com\/#website"},"primaryImageOfPage":{"@id":"https:\/\/www.casadelectores.com\/index.php\/producto\/entre-els-deus-i-el-no-res-religions-espiritualitats-ateismes-ab-werk-36346\/#primaryimage"},"image":{"@id":"https:\/\/www.casadelectores.com\/index.php\/producto\/entre-els-deus-i-el-no-res-religions-espiritualitats-ateismes-ab-werk-36346\/#primaryimage"},"thumbnailUrl":"https:\/\/www.casadelectores.com\/wp-content\/uploads\/2025\/SK0194974-DE20251119-101116-0-1763518286-978841779677.webp","datePublished":"2025-11-25T09:05:26+00:00","breadcrumb":{"@id":"https:\/\/www.casadelectores.com\/index.php\/producto\/entre-els-deus-i-el-no-res-religions-espiritualitats-ateismes-ab-werk-36346\/#breadcrumb"},"inLanguage":"es","potentialAction":[{"@type":"ReadAction","target":["https:\/\/www.casadelectores.com\/index.php\/producto\/entre-els-deus-i-el-no-res-religions-espiritualitats-ateismes-ab-werk-36346\/"]}]},{"@type":"ImageObject","inLanguage":"es","@id":"https:\/\/www.casadelectores.com\/index.php\/producto\/entre-els-deus-i-el-no-res-religions-espiritualitats-ateismes-ab-werk-36346\/#primaryimage","url":"https:\/\/www.casadelectores.com\/wp-content\/uploads\/2025\/SK0194974-DE20251119-101116-0-1763518286-978841779677.webp","contentUrl":"https:\/\/www.casadelectores.com\/wp-content\/uploads\/2025\/SK0194974-DE20251119-101116-0-1763518286-978841779677.webp","width":300,"height":477},{"@type":"BreadcrumbList","@id":"https:\/\/www.casadelectores.com\/index.php\/producto\/entre-els-deus-i-el-no-res-religions-espiritualitats-ateismes-ab-werk-36346\/#breadcrumb","itemListElement":[{"@type":"ListItem","position":1,"name":"Portada","item":"https:\/\/www.casadelectores.com\/"},{"@type":"ListItem","position":2,"name":"Shop","item":"https:\/\/www.casadelectores.com\/index.php\/shop\/"},{"@type":"ListItem","position":3,"name":"ENTRE ELS D\u00c9US I EL NO-RES. RELIGIONS, ESPIRITUALITATS, ATEISMES Ab Werk"}]},{"@type":"WebSite","@id":"https:\/\/www.casadelectores.com\/#website","url":"https:\/\/www.casadelectores.com\/","name":"Enam\u00f3rate de las compras","description":"","publisher":{"@id":"https:\/\/www.casadelectores.com\/#organization"},"potentialAction":[{"@type":"SearchAction","target":{"@type":"EntryPoint","urlTemplate":"https:\/\/www.casadelectores.com\/?s={search_term_string}"},"query-input":{"@type":"PropertyValueSpecification","valueRequired":true,"valueName":"search_term_string"}}],"inLanguage":"es"},{"@type":"Organization","@id":"https:\/\/www.casadelectores.com\/#organization","name":"Enam\u00f3rate de las compras","url":"https:\/\/www.casadelectores.com\/","logo":{"@type":"ImageObject","inLanguage":"es","@id":"https:\/\/www.casadelectores.com\/#\/schema\/logo\/image\/","url":"https:\/\/www.casadelectores.com\/wp-content\/uploads\/2020\/10\/shop-icon.png","contentUrl":"https:\/\/www.casadelectores.com\/wp-content\/uploads\/2020\/10\/shop-icon.png","width":512,"height":512,"caption":"Enam\u00f3rate de las compras"},"image":{"@id":"https:\/\/www.casadelectores.com\/#\/schema\/logo\/image\/"}}]}},"_links":{"self":[{"href":"https:\/\/www.casadelectores.com\/index.php\/wp-json\/wp\/v2\/product\/36346","targetHints":{"allow":["GET"]}}],"collection":[{"href":"https:\/\/www.casadelectores.com\/index.php\/wp-json\/wp\/v2\/product"}],"about":[{"href":"https:\/\/www.casadelectores.com\/index.php\/wp-json\/wp\/v2\/types\/product"}],"wp:featuredmedia":[{"embeddable":true,"href":"https:\/\/www.casadelectores.com\/index.php\/wp-json\/wp\/v2\/media\/36446"}],"wp:attachment":[{"href":"https:\/\/www.casadelectores.com\/index.php\/wp-json\/wp\/v2\/media?parent=36346"}],"wp:term":[{"taxonomy":"product_brand","embeddable":true,"href":"https:\/\/www.casadelectores.com\/index.php\/wp-json\/wp\/v2\/product_brand?post=36346"},{"taxonomy":"product_cat","embeddable":true,"href":"https:\/\/www.casadelectores.com\/index.php\/wp-json\/wp\/v2\/product_cat?post=36346"},{"taxonomy":"product_tag","embeddable":true,"href":"https:\/\/www.casadelectores.com\/index.php\/wp-json\/wp\/v2\/product_tag?post=36346"}],"curies":[{"name":"wp","href":"https:\/\/api.w.org\/{rel}","templated":true}]}}