{"id":36322,"date":"2025-11-25T09:05:26","date_gmt":"2025-11-25T09:05:26","guid":{"rendered":""},"modified":"2025-11-25T09:05:26","modified_gmt":"2025-11-25T09:05:26","slug":"entre-la-politica-y-las-artes-senoras-del-poder-senoras-del-poder-geld-zuruck-garantie-36322","status":"publish","type":"product","link":"https:\/\/www.casadelectores.com\/index.php\/producto\/entre-la-politica-y-las-artes-senoras-del-poder-senoras-del-poder-geld-zuruck-garantie-36322\/","title":{"rendered":"ENTRE LA POL\u00cdTICA Y LAS ARTES. SE\u00d1ORAS DEL PODER. SE\u00d1ORAS DEL PODER Geld-Zur\u00fcck-Garantie"},"content":{"rendered":"<p>Aunque no son pocos los estudios que se han realizado sobre la relaci\u00f3n de las mujeres y las artes, solo en los \u00faltimos tiempos se ha comenzado a tener conciencia de que su papel no fue una mera extensi\u00f3n del proceder de sus esposos. La historiograf\u00eda no ha indagado en la actividad como artistas de las mujeres porque se trataba de un oficio propio de los hombres. En la Antig\u00fcedad cl\u00e1sica, en la Edad Media, y hasta finales de la Edad Moderna, las artes visuales eran artesan\u00eda, no Artes Liberales. Sin embargo, que las mujeres no fuesen artistas no supone que careciesen de importancia en el desarrollo de las artes. Ellas se ocuparon de construir la imagen de la familia a la que pertenec\u00edan: levantaron capillas funerarias, palacios, contrataron retablos y adquirieron tapices y pinturas. Un patronato que tal vez les correspond\u00eda, al considerarse tales desempe\u00f1os como algo propio del entorno dom\u00e9stico. Este aspecto es el que se quiere destacar en esta publicaci\u00f3n que lleva un subt\u00edtulo esclarecedor: Se\u00f1oras del poder, pues sin esas damas poderosas las artes ser\u00edan otra cosa. \u00ab,<\/p>\n","protected":false},"excerpt":{"rendered":"<p>Aunque no son pocos los estudios que se han realizado sobre la relaci\u00f3n de las mujeres y las artes, solo en los \u00faltimos tiempos se ha comenzado a tener conciencia de que su papel no fue una mera extensi\u00f3n del proceder de sus esposos. La historiograf\u00eda no ha indagado en la actividad como artistas de&hellip;&nbsp;<a href=\"https:\/\/www.casadelectores.com\/index.php\/producto\/entre-la-politica-y-las-artes-senoras-del-poder-senoras-del-poder-geld-zuruck-garantie-36322\/\" rel=\"bookmark\"><span class=\"screen-reader-text\">ENTRE LA POL\u00cdTICA Y LAS ARTES. SE\u00d1ORAS DEL PODER. SE\u00d1ORAS DEL PODER Geld-Zur\u00fcck-Garantie<\/span><\/a><\/p>\n","protected":false},"featured_media":36422,"template":"","meta":{"neve_meta_sidebar":"","neve_meta_container":"","neve_meta_enable_content_width":"","neve_meta_content_width":0,"neve_meta_title_alignment":"","neve_meta_author_avatar":"","neve_post_elements_order":"","neve_meta_disable_header":"","neve_meta_disable_footer":"","neve_meta_disable_title":"","_themeisle_gutenberg_block_has_review":false},"product_brand":[],"product_cat":[26],"product_tag":[],"class_list":["post-36322","product","type-product","status-publish","has-post-thumbnail","product_cat-publicaciones-de-libros","first","instock","sale","shipping-taxable","purchasable","product-type-simple"],"yoast_head":"<!-- This site is optimized with the Yoast SEO plugin v26.3 - https:\/\/yoast.com\/wordpress\/plugins\/seo\/ -->\n<title>ENTRE LA POL\u00cdTICA Y LAS ARTES. SE\u00d1ORAS DEL PODER. SE\u00d1ORAS DEL PODER Geld-Zur\u00fcck-Garantie - casadelectores<\/title>\n<meta name=\"robots\" content=\"index, follow, max-snippet:-1, max-image-preview:large, max-video-preview:-1\" \/>\n<link rel=\"canonical\" href=\"https:\/\/www.casadelectores.com\/index.php\/producto\/entre-la-politica-y-las-artes-senoras-del-poder-senoras-del-poder-geld-zuruck-garantie-36322\/\" \/>\n<meta property=\"og:locale\" content=\"es_ES\" \/>\n<meta property=\"og:type\" content=\"article\" \/>\n<meta property=\"og:title\" content=\"ENTRE LA POL\u00cdTICA Y LAS ARTES. SE\u00d1ORAS DEL PODER. SE\u00d1ORAS DEL PODER Geld-Zur\u00fcck-Garantie - casadelectores\" \/>\n<meta property=\"og:description\" content=\"Aunque no son pocos los estudios que se han realizado sobre la relaci\u00f3n de las mujeres y las artes, solo en los \u00faltimos tiempos se ha comenzado a tener conciencia de que su papel no fue una mera extensi\u00f3n del proceder de sus esposos. La historiograf\u00eda no ha indagado en la actividad como artistas de&hellip;&nbsp;ENTRE LA POL\u00cdTICA Y LAS ARTES. SE\u00d1ORAS DEL PODER. SE\u00d1ORAS DEL PODER Geld-Zur\u00fcck-Garantie\" \/>\n<meta property=\"og:url\" content=\"https:\/\/www.casadelectores.com\/index.php\/producto\/entre-la-politica-y-las-artes-senoras-del-poder-senoras-del-poder-geld-zuruck-garantie-36322\/\" \/>\n<meta property=\"og:site_name\" content=\"casadelectores\" \/>\n<meta property=\"og:image\" content=\"https:\/\/www.casadelectores.com\/wp-content\/uploads\/2025\/SK0194950-DE20251119-101116-0-1763518286-978849192323.webp\" \/>\n\t<meta property=\"og:image:width\" content=\"226\" \/>\n\t<meta property=\"og:image:height\" content=\"350\" \/>\n\t<meta property=\"og:image:type\" content=\"image\/webp\" \/>\n<meta name=\"twitter:card\" content=\"summary_large_image\" \/>\n<meta name=\"twitter:label1\" content=\"Tiempo de lectura\" \/>\n\t<meta name=\"twitter:data1\" content=\"1 minuto\" \/>\n<script type=\"application\/ld+json\" class=\"yoast-schema-graph\">{\"@context\":\"https:\/\/schema.org\",\"@graph\":[{\"@type\":\"WebPage\",\"@id\":\"https:\/\/www.casadelectores.com\/index.php\/producto\/entre-la-politica-y-las-artes-senoras-del-poder-senoras-del-poder-geld-zuruck-garantie-36322\/\",\"url\":\"https:\/\/www.casadelectores.com\/index.php\/producto\/entre-la-politica-y-las-artes-senoras-del-poder-senoras-del-poder-geld-zuruck-garantie-36322\/\",\"name\":\"ENTRE LA POL\u00cdTICA Y LAS ARTES. SE\u00d1ORAS DEL PODER. SE\u00d1ORAS DEL PODER Geld-Zur\u00fcck-Garantie - casadelectores\",\"isPartOf\":{\"@id\":\"https:\/\/www.casadelectores.com\/#website\"},\"primaryImageOfPage\":{\"@id\":\"https:\/\/www.casadelectores.com\/index.php\/producto\/entre-la-politica-y-las-artes-senoras-del-poder-senoras-del-poder-geld-zuruck-garantie-36322\/#primaryimage\"},\"image\":{\"@id\":\"https:\/\/www.casadelectores.com\/index.php\/producto\/entre-la-politica-y-las-artes-senoras-del-poder-senoras-del-poder-geld-zuruck-garantie-36322\/#primaryimage\"},\"thumbnailUrl\":\"https:\/\/www.casadelectores.com\/wp-content\/uploads\/2025\/SK0194950-DE20251119-101116-0-1763518286-978849192323.webp\",\"datePublished\":\"2025-11-25T09:05:26+00:00\",\"breadcrumb\":{\"@id\":\"https:\/\/www.casadelectores.com\/index.php\/producto\/entre-la-politica-y-las-artes-senoras-del-poder-senoras-del-poder-geld-zuruck-garantie-36322\/#breadcrumb\"},\"inLanguage\":\"es\",\"potentialAction\":[{\"@type\":\"ReadAction\",\"target\":[\"https:\/\/www.casadelectores.com\/index.php\/producto\/entre-la-politica-y-las-artes-senoras-del-poder-senoras-del-poder-geld-zuruck-garantie-36322\/\"]}]},{\"@type\":\"ImageObject\",\"inLanguage\":\"es\",\"@id\":\"https:\/\/www.casadelectores.com\/index.php\/producto\/entre-la-politica-y-las-artes-senoras-del-poder-senoras-del-poder-geld-zuruck-garantie-36322\/#primaryimage\",\"url\":\"https:\/\/www.casadelectores.com\/wp-content\/uploads\/2025\/SK0194950-DE20251119-101116-0-1763518286-978849192323.webp\",\"contentUrl\":\"https:\/\/www.casadelectores.com\/wp-content\/uploads\/2025\/SK0194950-DE20251119-101116-0-1763518286-978849192323.webp\",\"width\":226,\"height\":350},{\"@type\":\"BreadcrumbList\",\"@id\":\"https:\/\/www.casadelectores.com\/index.php\/producto\/entre-la-politica-y-las-artes-senoras-del-poder-senoras-del-poder-geld-zuruck-garantie-36322\/#breadcrumb\",\"itemListElement\":[{\"@type\":\"ListItem\",\"position\":1,\"name\":\"Portada\",\"item\":\"https:\/\/www.casadelectores.com\/\"},{\"@type\":\"ListItem\",\"position\":2,\"name\":\"Shop\",\"item\":\"https:\/\/www.casadelectores.com\/index.php\/shop\/\"},{\"@type\":\"ListItem\",\"position\":3,\"name\":\"ENTRE LA POL\u00cdTICA Y LAS ARTES. SE\u00d1ORAS DEL PODER. SE\u00d1ORAS DEL PODER Geld-Zur\u00fcck-Garantie\"}]},{\"@type\":\"WebSite\",\"@id\":\"https:\/\/www.casadelectores.com\/#website\",\"url\":\"https:\/\/www.casadelectores.com\/\",\"name\":\"Enam\u00f3rate de las compras\",\"description\":\"\",\"publisher\":{\"@id\":\"https:\/\/www.casadelectores.com\/#organization\"},\"potentialAction\":[{\"@type\":\"SearchAction\",\"target\":{\"@type\":\"EntryPoint\",\"urlTemplate\":\"https:\/\/www.casadelectores.com\/?s={search_term_string}\"},\"query-input\":{\"@type\":\"PropertyValueSpecification\",\"valueRequired\":true,\"valueName\":\"search_term_string\"}}],\"inLanguage\":\"es\"},{\"@type\":\"Organization\",\"@id\":\"https:\/\/www.casadelectores.com\/#organization\",\"name\":\"Enam\u00f3rate de las compras\",\"url\":\"https:\/\/www.casadelectores.com\/\",\"logo\":{\"@type\":\"ImageObject\",\"inLanguage\":\"es\",\"@id\":\"https:\/\/www.casadelectores.com\/#\/schema\/logo\/image\/\",\"url\":\"https:\/\/www.casadelectores.com\/wp-content\/uploads\/2020\/10\/shop-icon.png\",\"contentUrl\":\"https:\/\/www.casadelectores.com\/wp-content\/uploads\/2020\/10\/shop-icon.png\",\"width\":512,\"height\":512,\"caption\":\"Enam\u00f3rate de las compras\"},\"image\":{\"@id\":\"https:\/\/www.casadelectores.com\/#\/schema\/logo\/image\/\"}}]}<\/script>\n<!-- \/ Yoast SEO plugin. -->","yoast_head_json":{"title":"ENTRE LA POL\u00cdTICA Y LAS ARTES. SE\u00d1ORAS DEL PODER. SE\u00d1ORAS DEL PODER Geld-Zur\u00fcck-Garantie - casadelectores","robots":{"index":"index","follow":"follow","max-snippet":"max-snippet:-1","max-image-preview":"max-image-preview:large","max-video-preview":"max-video-preview:-1"},"canonical":"https:\/\/www.casadelectores.com\/index.php\/producto\/entre-la-politica-y-las-artes-senoras-del-poder-senoras-del-poder-geld-zuruck-garantie-36322\/","og_locale":"es_ES","og_type":"article","og_title":"ENTRE LA POL\u00cdTICA Y LAS ARTES. SE\u00d1ORAS DEL PODER. SE\u00d1ORAS DEL PODER Geld-Zur\u00fcck-Garantie - casadelectores","og_description":"Aunque no son pocos los estudios que se han realizado sobre la relaci\u00f3n de las mujeres y las artes, solo en los \u00faltimos tiempos se ha comenzado a tener conciencia de que su papel no fue una mera extensi\u00f3n del proceder de sus esposos. La historiograf\u00eda no ha indagado en la actividad como artistas de&hellip;&nbsp;ENTRE LA POL\u00cdTICA Y LAS ARTES. SE\u00d1ORAS DEL PODER. SE\u00d1ORAS DEL PODER Geld-Zur\u00fcck-Garantie","og_url":"https:\/\/www.casadelectores.com\/index.php\/producto\/entre-la-politica-y-las-artes-senoras-del-poder-senoras-del-poder-geld-zuruck-garantie-36322\/","og_site_name":"casadelectores","og_image":[{"width":226,"height":350,"url":"https:\/\/www.casadelectores.com\/wp-content\/uploads\/2025\/SK0194950-DE20251119-101116-0-1763518286-978849192323.webp","type":"image\/webp"}],"twitter_card":"summary_large_image","twitter_misc":{"Tiempo de lectura":"1 minuto"},"schema":{"@context":"https:\/\/schema.org","@graph":[{"@type":"WebPage","@id":"https:\/\/www.casadelectores.com\/index.php\/producto\/entre-la-politica-y-las-artes-senoras-del-poder-senoras-del-poder-geld-zuruck-garantie-36322\/","url":"https:\/\/www.casadelectores.com\/index.php\/producto\/entre-la-politica-y-las-artes-senoras-del-poder-senoras-del-poder-geld-zuruck-garantie-36322\/","name":"ENTRE LA POL\u00cdTICA Y LAS ARTES. SE\u00d1ORAS DEL PODER. SE\u00d1ORAS DEL PODER Geld-Zur\u00fcck-Garantie - casadelectores","isPartOf":{"@id":"https:\/\/www.casadelectores.com\/#website"},"primaryImageOfPage":{"@id":"https:\/\/www.casadelectores.com\/index.php\/producto\/entre-la-politica-y-las-artes-senoras-del-poder-senoras-del-poder-geld-zuruck-garantie-36322\/#primaryimage"},"image":{"@id":"https:\/\/www.casadelectores.com\/index.php\/producto\/entre-la-politica-y-las-artes-senoras-del-poder-senoras-del-poder-geld-zuruck-garantie-36322\/#primaryimage"},"thumbnailUrl":"https:\/\/www.casadelectores.com\/wp-content\/uploads\/2025\/SK0194950-DE20251119-101116-0-1763518286-978849192323.webp","datePublished":"2025-11-25T09:05:26+00:00","breadcrumb":{"@id":"https:\/\/www.casadelectores.com\/index.php\/producto\/entre-la-politica-y-las-artes-senoras-del-poder-senoras-del-poder-geld-zuruck-garantie-36322\/#breadcrumb"},"inLanguage":"es","potentialAction":[{"@type":"ReadAction","target":["https:\/\/www.casadelectores.com\/index.php\/producto\/entre-la-politica-y-las-artes-senoras-del-poder-senoras-del-poder-geld-zuruck-garantie-36322\/"]}]},{"@type":"ImageObject","inLanguage":"es","@id":"https:\/\/www.casadelectores.com\/index.php\/producto\/entre-la-politica-y-las-artes-senoras-del-poder-senoras-del-poder-geld-zuruck-garantie-36322\/#primaryimage","url":"https:\/\/www.casadelectores.com\/wp-content\/uploads\/2025\/SK0194950-DE20251119-101116-0-1763518286-978849192323.webp","contentUrl":"https:\/\/www.casadelectores.com\/wp-content\/uploads\/2025\/SK0194950-DE20251119-101116-0-1763518286-978849192323.webp","width":226,"height":350},{"@type":"BreadcrumbList","@id":"https:\/\/www.casadelectores.com\/index.php\/producto\/entre-la-politica-y-las-artes-senoras-del-poder-senoras-del-poder-geld-zuruck-garantie-36322\/#breadcrumb","itemListElement":[{"@type":"ListItem","position":1,"name":"Portada","item":"https:\/\/www.casadelectores.com\/"},{"@type":"ListItem","position":2,"name":"Shop","item":"https:\/\/www.casadelectores.com\/index.php\/shop\/"},{"@type":"ListItem","position":3,"name":"ENTRE LA POL\u00cdTICA Y LAS ARTES. SE\u00d1ORAS DEL PODER. SE\u00d1ORAS DEL PODER Geld-Zur\u00fcck-Garantie"}]},{"@type":"WebSite","@id":"https:\/\/www.casadelectores.com\/#website","url":"https:\/\/www.casadelectores.com\/","name":"Enam\u00f3rate de las compras","description":"","publisher":{"@id":"https:\/\/www.casadelectores.com\/#organization"},"potentialAction":[{"@type":"SearchAction","target":{"@type":"EntryPoint","urlTemplate":"https:\/\/www.casadelectores.com\/?s={search_term_string}"},"query-input":{"@type":"PropertyValueSpecification","valueRequired":true,"valueName":"search_term_string"}}],"inLanguage":"es"},{"@type":"Organization","@id":"https:\/\/www.casadelectores.com\/#organization","name":"Enam\u00f3rate de las compras","url":"https:\/\/www.casadelectores.com\/","logo":{"@type":"ImageObject","inLanguage":"es","@id":"https:\/\/www.casadelectores.com\/#\/schema\/logo\/image\/","url":"https:\/\/www.casadelectores.com\/wp-content\/uploads\/2020\/10\/shop-icon.png","contentUrl":"https:\/\/www.casadelectores.com\/wp-content\/uploads\/2020\/10\/shop-icon.png","width":512,"height":512,"caption":"Enam\u00f3rate de las compras"},"image":{"@id":"https:\/\/www.casadelectores.com\/#\/schema\/logo\/image\/"}}]}},"_links":{"self":[{"href":"https:\/\/www.casadelectores.com\/index.php\/wp-json\/wp\/v2\/product\/36322","targetHints":{"allow":["GET"]}}],"collection":[{"href":"https:\/\/www.casadelectores.com\/index.php\/wp-json\/wp\/v2\/product"}],"about":[{"href":"https:\/\/www.casadelectores.com\/index.php\/wp-json\/wp\/v2\/types\/product"}],"wp:featuredmedia":[{"embeddable":true,"href":"https:\/\/www.casadelectores.com\/index.php\/wp-json\/wp\/v2\/media\/36422"}],"wp:attachment":[{"href":"https:\/\/www.casadelectores.com\/index.php\/wp-json\/wp\/v2\/media?parent=36322"}],"wp:term":[{"taxonomy":"product_brand","embeddable":true,"href":"https:\/\/www.casadelectores.com\/index.php\/wp-json\/wp\/v2\/product_brand?post=36322"},{"taxonomy":"product_cat","embeddable":true,"href":"https:\/\/www.casadelectores.com\/index.php\/wp-json\/wp\/v2\/product_cat?post=36322"},{"taxonomy":"product_tag","embeddable":true,"href":"https:\/\/www.casadelectores.com\/index.php\/wp-json\/wp\/v2\/product_tag?post=36322"}],"curies":[{"name":"wp","href":"https:\/\/api.w.org\/{rel}","templated":true}]}}