{"id":35923,"date":"2025-11-25T09:05:25","date_gmt":"2025-11-25T09:05:25","guid":{"rendered":""},"modified":"2025-11-25T09:05:25","modified_gmt":"2025-11-25T09:05:25","slug":"estuche-coleccion-ana-la-de-tejas-verdes-5aed-ana-la-de-tejas-verdes-ana-la-de-avonlea-ana-la-de-la-grosshandel-35923","status":"publish","type":"product","link":"https:\/\/www.casadelectores.com\/index.php\/producto\/estuche-coleccion-ana-la-de-tejas-verdes-5aed-ana-la-de-tejas-verdes-ana-la-de-avonlea-ana-la-de-la-grosshandel-35923\/","title":{"rendered":"ESTUCHE COLECCI\u00d3N ANA, LA DE TEJAS VERDES (5\u00aaED). ANA, LA DE TEJAS VERDES &#8211; ANA, LA DE AVONLEA &#8211; ANA, LA DE LA Gro\u00dfhandel"},"content":{"rendered":"<p>Precioso estuche regalo que incluye los tres t\u00edtulos de Ana, la de Tejas Verdes +50.000 ejemplares vendidos de las nuevas ediciones que inspiraron la serie de NetflixEstuche colecci\u00f3n Ana, la de Tejas verdes. Incluye los tres t\u00edtulos del cl\u00e1sico que vuelve para robarnos el coraz\u00f3n.Matthew y Marilla llevan una vida tranquila y rutinaria en el peque\u00f1o pueblo de Avonlea.Ya ancianos, deciden adoptar un hu\u00e9rfano para que los ayude con las tareas de la granja. Pero en vez del ni\u00f1o prometido por el orfanato, a casa de los Cuthbert llega Ana, una ni\u00f1a valiente y apasionada con una imaginaci\u00f3n desbordante que conquistar\u00e1 a todo el mundo. \u00ab,<\/p>\n","protected":false},"excerpt":{"rendered":"<p>Precioso estuche regalo que incluye los tres t\u00edtulos de Ana, la de Tejas Verdes +50.000 ejemplares vendidos de las nuevas ediciones que inspiraron la serie de NetflixEstuche colecci\u00f3n Ana, la de Tejas verdes. Incluye los tres t\u00edtulos del cl\u00e1sico que vuelve para robarnos el coraz\u00f3n.Matthew y Marilla llevan una vida tranquila y rutinaria en el&hellip;&nbsp;<a href=\"https:\/\/www.casadelectores.com\/index.php\/producto\/estuche-coleccion-ana-la-de-tejas-verdes-5aed-ana-la-de-tejas-verdes-ana-la-de-avonlea-ana-la-de-la-grosshandel-35923\/\" rel=\"bookmark\"><span class=\"screen-reader-text\">ESTUCHE COLECCI\u00d3N ANA, LA DE TEJAS VERDES (5\u00aaED). ANA, LA DE TEJAS VERDES &#8211; ANA, LA DE AVONLEA &#8211; ANA, LA DE LA Gro\u00dfhandel<\/span><\/a><\/p>\n","protected":false},"featured_media":36023,"template":"","meta":{"neve_meta_sidebar":"","neve_meta_container":"","neve_meta_enable_content_width":"","neve_meta_content_width":0,"neve_meta_title_alignment":"","neve_meta_author_avatar":"","neve_post_elements_order":"","neve_meta_disable_header":"","neve_meta_disable_footer":"","neve_meta_disable_title":"","_themeisle_gutenberg_block_has_review":false},"product_brand":[],"product_cat":[26],"product_tag":[],"class_list":["post-35923","product","type-product","status-publish","has-post-thumbnail","product_cat-publicaciones-de-libros","first","instock","sale","shipping-taxable","purchasable","product-type-simple"],"yoast_head":"<!-- This site is optimized with the Yoast SEO plugin v26.3 - https:\/\/yoast.com\/wordpress\/plugins\/seo\/ -->\n<title>ESTUCHE COLECCI\u00d3N ANA, LA DE TEJAS VERDES (5\u00aaED). ANA, LA DE TEJAS VERDES - ANA, LA DE AVONLEA - ANA, LA DE LA Gro\u00dfhandel - casadelectores<\/title>\n<meta name=\"robots\" content=\"index, follow, max-snippet:-1, max-image-preview:large, max-video-preview:-1\" \/>\n<link rel=\"canonical\" href=\"https:\/\/www.casadelectores.com\/index.php\/producto\/estuche-coleccion-ana-la-de-tejas-verdes-5aed-ana-la-de-tejas-verdes-ana-la-de-avonlea-ana-la-de-la-grosshandel-35923\/\" \/>\n<meta property=\"og:locale\" content=\"es_ES\" \/>\n<meta property=\"og:type\" content=\"article\" \/>\n<meta property=\"og:title\" content=\"ESTUCHE COLECCI\u00d3N ANA, LA DE TEJAS VERDES (5\u00aaED). ANA, LA DE TEJAS VERDES - ANA, LA DE AVONLEA - ANA, LA DE LA Gro\u00dfhandel - casadelectores\" \/>\n<meta property=\"og:description\" content=\"Precioso estuche regalo que incluye los tres t\u00edtulos de Ana, la de Tejas Verdes +50.000 ejemplares vendidos de las nuevas ediciones que inspiraron la serie de NetflixEstuche colecci\u00f3n Ana, la de Tejas verdes. Incluye los tres t\u00edtulos del cl\u00e1sico que vuelve para robarnos el coraz\u00f3n.Matthew y Marilla llevan una vida tranquila y rutinaria en el&hellip;&nbsp;ESTUCHE COLECCI\u00d3N ANA, LA DE TEJAS VERDES (5\u00aaED). ANA, LA DE TEJAS VERDES &#8211; ANA, LA DE AVONLEA &#8211; ANA, LA DE LA Gro\u00dfhandel\" \/>\n<meta property=\"og:url\" content=\"https:\/\/www.casadelectores.com\/index.php\/producto\/estuche-coleccion-ana-la-de-tejas-verdes-5aed-ana-la-de-tejas-verdes-ana-la-de-avonlea-ana-la-de-la-grosshandel-35923\/\" \/>\n<meta property=\"og:site_name\" content=\"casadelectores\" \/>\n<meta property=\"og:image\" content=\"https:\/\/www.casadelectores.com\/wp-content\/uploads\/2025\/SK0194729-DE20251119-101116-0-1763518286-978841900407.webp\" \/>\n\t<meta property=\"og:image:width\" content=\"300\" \/>\n\t<meta property=\"og:image:height\" content=\"445\" \/>\n\t<meta property=\"og:image:type\" content=\"image\/webp\" \/>\n<meta name=\"twitter:card\" content=\"summary_large_image\" \/>\n<meta name=\"twitter:label1\" content=\"Tiempo de lectura\" \/>\n\t<meta name=\"twitter:data1\" content=\"1 minuto\" \/>\n<script type=\"application\/ld+json\" class=\"yoast-schema-graph\">{\"@context\":\"https:\/\/schema.org\",\"@graph\":[{\"@type\":\"WebPage\",\"@id\":\"https:\/\/www.casadelectores.com\/index.php\/producto\/estuche-coleccion-ana-la-de-tejas-verdes-5aed-ana-la-de-tejas-verdes-ana-la-de-avonlea-ana-la-de-la-grosshandel-35923\/\",\"url\":\"https:\/\/www.casadelectores.com\/index.php\/producto\/estuche-coleccion-ana-la-de-tejas-verdes-5aed-ana-la-de-tejas-verdes-ana-la-de-avonlea-ana-la-de-la-grosshandel-35923\/\",\"name\":\"ESTUCHE COLECCI\u00d3N ANA, LA DE TEJAS VERDES (5\u00aaED). ANA, LA DE TEJAS VERDES - ANA, LA DE AVONLEA - ANA, LA DE LA Gro\u00dfhandel - casadelectores\",\"isPartOf\":{\"@id\":\"https:\/\/www.casadelectores.com\/#website\"},\"primaryImageOfPage\":{\"@id\":\"https:\/\/www.casadelectores.com\/index.php\/producto\/estuche-coleccion-ana-la-de-tejas-verdes-5aed-ana-la-de-tejas-verdes-ana-la-de-avonlea-ana-la-de-la-grosshandel-35923\/#primaryimage\"},\"image\":{\"@id\":\"https:\/\/www.casadelectores.com\/index.php\/producto\/estuche-coleccion-ana-la-de-tejas-verdes-5aed-ana-la-de-tejas-verdes-ana-la-de-avonlea-ana-la-de-la-grosshandel-35923\/#primaryimage\"},\"thumbnailUrl\":\"https:\/\/www.casadelectores.com\/wp-content\/uploads\/2025\/SK0194729-DE20251119-101116-0-1763518286-978841900407.webp\",\"datePublished\":\"2025-11-25T09:05:25+00:00\",\"breadcrumb\":{\"@id\":\"https:\/\/www.casadelectores.com\/index.php\/producto\/estuche-coleccion-ana-la-de-tejas-verdes-5aed-ana-la-de-tejas-verdes-ana-la-de-avonlea-ana-la-de-la-grosshandel-35923\/#breadcrumb\"},\"inLanguage\":\"es\",\"potentialAction\":[{\"@type\":\"ReadAction\",\"target\":[\"https:\/\/www.casadelectores.com\/index.php\/producto\/estuche-coleccion-ana-la-de-tejas-verdes-5aed-ana-la-de-tejas-verdes-ana-la-de-avonlea-ana-la-de-la-grosshandel-35923\/\"]}]},{\"@type\":\"ImageObject\",\"inLanguage\":\"es\",\"@id\":\"https:\/\/www.casadelectores.com\/index.php\/producto\/estuche-coleccion-ana-la-de-tejas-verdes-5aed-ana-la-de-tejas-verdes-ana-la-de-avonlea-ana-la-de-la-grosshandel-35923\/#primaryimage\",\"url\":\"https:\/\/www.casadelectores.com\/wp-content\/uploads\/2025\/SK0194729-DE20251119-101116-0-1763518286-978841900407.webp\",\"contentUrl\":\"https:\/\/www.casadelectores.com\/wp-content\/uploads\/2025\/SK0194729-DE20251119-101116-0-1763518286-978841900407.webp\",\"width\":300,\"height\":445},{\"@type\":\"BreadcrumbList\",\"@id\":\"https:\/\/www.casadelectores.com\/index.php\/producto\/estuche-coleccion-ana-la-de-tejas-verdes-5aed-ana-la-de-tejas-verdes-ana-la-de-avonlea-ana-la-de-la-grosshandel-35923\/#breadcrumb\",\"itemListElement\":[{\"@type\":\"ListItem\",\"position\":1,\"name\":\"Portada\",\"item\":\"https:\/\/www.casadelectores.com\/\"},{\"@type\":\"ListItem\",\"position\":2,\"name\":\"Shop\",\"item\":\"https:\/\/www.casadelectores.com\/index.php\/shop\/\"},{\"@type\":\"ListItem\",\"position\":3,\"name\":\"ESTUCHE COLECCI\u00d3N ANA, LA DE TEJAS VERDES (5\u00aaED). ANA, LA DE TEJAS VERDES &#8211; ANA, LA DE AVONLEA &#8211; ANA, LA DE LA Gro\u00dfhandel\"}]},{\"@type\":\"WebSite\",\"@id\":\"https:\/\/www.casadelectores.com\/#website\",\"url\":\"https:\/\/www.casadelectores.com\/\",\"name\":\"Enam\u00f3rate de las compras\",\"description\":\"\",\"publisher\":{\"@id\":\"https:\/\/www.casadelectores.com\/#organization\"},\"potentialAction\":[{\"@type\":\"SearchAction\",\"target\":{\"@type\":\"EntryPoint\",\"urlTemplate\":\"https:\/\/www.casadelectores.com\/?s={search_term_string}\"},\"query-input\":{\"@type\":\"PropertyValueSpecification\",\"valueRequired\":true,\"valueName\":\"search_term_string\"}}],\"inLanguage\":\"es\"},{\"@type\":\"Organization\",\"@id\":\"https:\/\/www.casadelectores.com\/#organization\",\"name\":\"Enam\u00f3rate de las compras\",\"url\":\"https:\/\/www.casadelectores.com\/\",\"logo\":{\"@type\":\"ImageObject\",\"inLanguage\":\"es\",\"@id\":\"https:\/\/www.casadelectores.com\/#\/schema\/logo\/image\/\",\"url\":\"https:\/\/www.casadelectores.com\/wp-content\/uploads\/2020\/10\/shop-icon.png\",\"contentUrl\":\"https:\/\/www.casadelectores.com\/wp-content\/uploads\/2020\/10\/shop-icon.png\",\"width\":512,\"height\":512,\"caption\":\"Enam\u00f3rate de las compras\"},\"image\":{\"@id\":\"https:\/\/www.casadelectores.com\/#\/schema\/logo\/image\/\"}}]}<\/script>\n<!-- \/ Yoast SEO plugin. -->","yoast_head_json":{"title":"ESTUCHE COLECCI\u00d3N ANA, LA DE TEJAS VERDES (5\u00aaED). ANA, LA DE TEJAS VERDES - ANA, LA DE AVONLEA - ANA, LA DE LA Gro\u00dfhandel - casadelectores","robots":{"index":"index","follow":"follow","max-snippet":"max-snippet:-1","max-image-preview":"max-image-preview:large","max-video-preview":"max-video-preview:-1"},"canonical":"https:\/\/www.casadelectores.com\/index.php\/producto\/estuche-coleccion-ana-la-de-tejas-verdes-5aed-ana-la-de-tejas-verdes-ana-la-de-avonlea-ana-la-de-la-grosshandel-35923\/","og_locale":"es_ES","og_type":"article","og_title":"ESTUCHE COLECCI\u00d3N ANA, LA DE TEJAS VERDES (5\u00aaED). ANA, LA DE TEJAS VERDES - ANA, LA DE AVONLEA - ANA, LA DE LA Gro\u00dfhandel - casadelectores","og_description":"Precioso estuche regalo que incluye los tres t\u00edtulos de Ana, la de Tejas Verdes +50.000 ejemplares vendidos de las nuevas ediciones que inspiraron la serie de NetflixEstuche colecci\u00f3n Ana, la de Tejas verdes. Incluye los tres t\u00edtulos del cl\u00e1sico que vuelve para robarnos el coraz\u00f3n.Matthew y Marilla llevan una vida tranquila y rutinaria en el&hellip;&nbsp;ESTUCHE COLECCI\u00d3N ANA, LA DE TEJAS VERDES (5\u00aaED). ANA, LA DE TEJAS VERDES &#8211; ANA, LA DE AVONLEA &#8211; ANA, LA DE LA Gro\u00dfhandel","og_url":"https:\/\/www.casadelectores.com\/index.php\/producto\/estuche-coleccion-ana-la-de-tejas-verdes-5aed-ana-la-de-tejas-verdes-ana-la-de-avonlea-ana-la-de-la-grosshandel-35923\/","og_site_name":"casadelectores","og_image":[{"width":300,"height":445,"url":"https:\/\/www.casadelectores.com\/wp-content\/uploads\/2025\/SK0194729-DE20251119-101116-0-1763518286-978841900407.webp","type":"image\/webp"}],"twitter_card":"summary_large_image","twitter_misc":{"Tiempo de lectura":"1 minuto"},"schema":{"@context":"https:\/\/schema.org","@graph":[{"@type":"WebPage","@id":"https:\/\/www.casadelectores.com\/index.php\/producto\/estuche-coleccion-ana-la-de-tejas-verdes-5aed-ana-la-de-tejas-verdes-ana-la-de-avonlea-ana-la-de-la-grosshandel-35923\/","url":"https:\/\/www.casadelectores.com\/index.php\/producto\/estuche-coleccion-ana-la-de-tejas-verdes-5aed-ana-la-de-tejas-verdes-ana-la-de-avonlea-ana-la-de-la-grosshandel-35923\/","name":"ESTUCHE COLECCI\u00d3N ANA, LA DE TEJAS VERDES (5\u00aaED). ANA, LA DE TEJAS VERDES - ANA, LA DE AVONLEA - ANA, LA DE LA Gro\u00dfhandel - casadelectores","isPartOf":{"@id":"https:\/\/www.casadelectores.com\/#website"},"primaryImageOfPage":{"@id":"https:\/\/www.casadelectores.com\/index.php\/producto\/estuche-coleccion-ana-la-de-tejas-verdes-5aed-ana-la-de-tejas-verdes-ana-la-de-avonlea-ana-la-de-la-grosshandel-35923\/#primaryimage"},"image":{"@id":"https:\/\/www.casadelectores.com\/index.php\/producto\/estuche-coleccion-ana-la-de-tejas-verdes-5aed-ana-la-de-tejas-verdes-ana-la-de-avonlea-ana-la-de-la-grosshandel-35923\/#primaryimage"},"thumbnailUrl":"https:\/\/www.casadelectores.com\/wp-content\/uploads\/2025\/SK0194729-DE20251119-101116-0-1763518286-978841900407.webp","datePublished":"2025-11-25T09:05:25+00:00","breadcrumb":{"@id":"https:\/\/www.casadelectores.com\/index.php\/producto\/estuche-coleccion-ana-la-de-tejas-verdes-5aed-ana-la-de-tejas-verdes-ana-la-de-avonlea-ana-la-de-la-grosshandel-35923\/#breadcrumb"},"inLanguage":"es","potentialAction":[{"@type":"ReadAction","target":["https:\/\/www.casadelectores.com\/index.php\/producto\/estuche-coleccion-ana-la-de-tejas-verdes-5aed-ana-la-de-tejas-verdes-ana-la-de-avonlea-ana-la-de-la-grosshandel-35923\/"]}]},{"@type":"ImageObject","inLanguage":"es","@id":"https:\/\/www.casadelectores.com\/index.php\/producto\/estuche-coleccion-ana-la-de-tejas-verdes-5aed-ana-la-de-tejas-verdes-ana-la-de-avonlea-ana-la-de-la-grosshandel-35923\/#primaryimage","url":"https:\/\/www.casadelectores.com\/wp-content\/uploads\/2025\/SK0194729-DE20251119-101116-0-1763518286-978841900407.webp","contentUrl":"https:\/\/www.casadelectores.com\/wp-content\/uploads\/2025\/SK0194729-DE20251119-101116-0-1763518286-978841900407.webp","width":300,"height":445},{"@type":"BreadcrumbList","@id":"https:\/\/www.casadelectores.com\/index.php\/producto\/estuche-coleccion-ana-la-de-tejas-verdes-5aed-ana-la-de-tejas-verdes-ana-la-de-avonlea-ana-la-de-la-grosshandel-35923\/#breadcrumb","itemListElement":[{"@type":"ListItem","position":1,"name":"Portada","item":"https:\/\/www.casadelectores.com\/"},{"@type":"ListItem","position":2,"name":"Shop","item":"https:\/\/www.casadelectores.com\/index.php\/shop\/"},{"@type":"ListItem","position":3,"name":"ESTUCHE COLECCI\u00d3N ANA, LA DE TEJAS VERDES (5\u00aaED). ANA, LA DE TEJAS VERDES &#8211; ANA, LA DE AVONLEA &#8211; ANA, LA DE LA Gro\u00dfhandel"}]},{"@type":"WebSite","@id":"https:\/\/www.casadelectores.com\/#website","url":"https:\/\/www.casadelectores.com\/","name":"Enam\u00f3rate de las compras","description":"","publisher":{"@id":"https:\/\/www.casadelectores.com\/#organization"},"potentialAction":[{"@type":"SearchAction","target":{"@type":"EntryPoint","urlTemplate":"https:\/\/www.casadelectores.com\/?s={search_term_string}"},"query-input":{"@type":"PropertyValueSpecification","valueRequired":true,"valueName":"search_term_string"}}],"inLanguage":"es"},{"@type":"Organization","@id":"https:\/\/www.casadelectores.com\/#organization","name":"Enam\u00f3rate de las compras","url":"https:\/\/www.casadelectores.com\/","logo":{"@type":"ImageObject","inLanguage":"es","@id":"https:\/\/www.casadelectores.com\/#\/schema\/logo\/image\/","url":"https:\/\/www.casadelectores.com\/wp-content\/uploads\/2020\/10\/shop-icon.png","contentUrl":"https:\/\/www.casadelectores.com\/wp-content\/uploads\/2020\/10\/shop-icon.png","width":512,"height":512,"caption":"Enam\u00f3rate de las compras"},"image":{"@id":"https:\/\/www.casadelectores.com\/#\/schema\/logo\/image\/"}}]}},"_links":{"self":[{"href":"https:\/\/www.casadelectores.com\/index.php\/wp-json\/wp\/v2\/product\/35923","targetHints":{"allow":["GET"]}}],"collection":[{"href":"https:\/\/www.casadelectores.com\/index.php\/wp-json\/wp\/v2\/product"}],"about":[{"href":"https:\/\/www.casadelectores.com\/index.php\/wp-json\/wp\/v2\/types\/product"}],"wp:featuredmedia":[{"embeddable":true,"href":"https:\/\/www.casadelectores.com\/index.php\/wp-json\/wp\/v2\/media\/36023"}],"wp:attachment":[{"href":"https:\/\/www.casadelectores.com\/index.php\/wp-json\/wp\/v2\/media?parent=35923"}],"wp:term":[{"taxonomy":"product_brand","embeddable":true,"href":"https:\/\/www.casadelectores.com\/index.php\/wp-json\/wp\/v2\/product_brand?post=35923"},{"taxonomy":"product_cat","embeddable":true,"href":"https:\/\/www.casadelectores.com\/index.php\/wp-json\/wp\/v2\/product_cat?post=35923"},{"taxonomy":"product_tag","embeddable":true,"href":"https:\/\/www.casadelectores.com\/index.php\/wp-json\/wp\/v2\/product_tag?post=35923"}],"curies":[{"name":"wp","href":"https:\/\/api.w.org\/{rel}","templated":true}]}}