{"id":35779,"date":"2025-11-25T09:05:24","date_gmt":"2025-11-25T09:05:24","guid":{"rendered":""},"modified":"2025-11-25T09:05:24","modified_gmt":"2025-11-25T09:05:24","slug":"entre-la-segunda-y-la-tercera-republica-highlight-35779","status":"publish","type":"product","link":"https:\/\/www.casadelectores.com\/index.php\/producto\/entre-la-segunda-y-la-tercera-republica-highlight-35779\/","title":{"rendered":"ENTRE LA SEGUNDA Y LA TERCERA REP\u00daBLICA Highlight"},"content":{"rendered":"<p>La aprobaci\u00f3n de la Ley de Memoria Democr\u00e1tica explica la urgencia de la publicaci\u00f3n de este libro que, redactado sin conocimiento de aqu\u00e9lla, pone de manifiesto una contradicci\u00f3n extrema de actitudes.  El desvalor m\u00e1s grave de esta Ley no se encuentra en su evidente sectarismo ideol\u00f3gico sino en los enormes errores t\u00e9cnicos.  Despu\u00e9s de anunciar que se refiere \u00aba lo largo de la historia contempor\u00e1nea de Espa\u00f1a\u00bb, se centra en el \u00abper\u00edodo comprendido entre el golpe de Estado de 18 de julio de 1936, la Guerra de Espa\u00f1a y la Dictadura franquista hasta la entrada en vigor de la Constituci\u00f3n espa\u00f1ola de 1978\u00bb. No es peque\u00f1o el disparate de acotar un per\u00edodo hist\u00f3rico. Como si el Gobierno de Pedro S\u00e1nchez, por ejemplo, no perteneciese a la historia contempor\u00e1nea de Espa\u00f1a; pero todav\u00eda es m\u00e1s grave romper la relaci\u00f3n entre el 18 de julio de 1936 con los d\u00edas, meses y a\u00f1os inmediatamente anteriores.  Flota hoy en los turbulentos horizontes pol\u00edticos de Espa\u00f1a una pregunta ?Monarqu\u00eda o Rep\u00fablica? que cada d\u00eda parece m\u00e1s inquietante y que pronto habr\u00e1 que abordar seriamente para poder dar una respuesta razonada, dad \u00ab,<\/p>\n","protected":false},"excerpt":{"rendered":"<p>La aprobaci\u00f3n de la Ley de Memoria Democr\u00e1tica explica la urgencia de la publicaci\u00f3n de este libro que, redactado sin conocimiento de aqu\u00e9lla, pone de manifiesto una contradicci\u00f3n extrema de actitudes. El desvalor m\u00e1s grave de esta Ley no se encuentra en su evidente sectarismo ideol\u00f3gico sino en los enormes errores t\u00e9cnicos. Despu\u00e9s de anunciar&hellip;&nbsp;<a href=\"https:\/\/www.casadelectores.com\/index.php\/producto\/entre-la-segunda-y-la-tercera-republica-highlight-35779\/\" rel=\"bookmark\"><span class=\"screen-reader-text\">ENTRE LA SEGUNDA Y LA TERCERA REP\u00daBLICA Highlight<\/span><\/a><\/p>\n","protected":false},"featured_media":35879,"template":"","meta":{"neve_meta_sidebar":"","neve_meta_container":"","neve_meta_enable_content_width":"","neve_meta_content_width":0,"neve_meta_title_alignment":"","neve_meta_author_avatar":"","neve_post_elements_order":"","neve_meta_disable_header":"","neve_meta_disable_footer":"","neve_meta_disable_title":"","_themeisle_gutenberg_block_has_review":false},"product_brand":[],"product_cat":[26],"product_tag":[],"class_list":["post-35779","product","type-product","status-publish","has-post-thumbnail","product_cat-publicaciones-de-libros","first","instock","sale","shipping-taxable","purchasable","product-type-simple"],"yoast_head":"<!-- This site is optimized with the Yoast SEO plugin v26.3 - https:\/\/yoast.com\/wordpress\/plugins\/seo\/ -->\n<title>ENTRE LA SEGUNDA Y LA TERCERA REP\u00daBLICA Highlight - casadelectores<\/title>\n<meta name=\"robots\" content=\"index, follow, max-snippet:-1, max-image-preview:large, max-video-preview:-1\" \/>\n<link rel=\"canonical\" href=\"https:\/\/www.casadelectores.com\/index.php\/producto\/entre-la-segunda-y-la-tercera-republica-highlight-35779\/\" \/>\n<meta property=\"og:locale\" content=\"es_ES\" \/>\n<meta property=\"og:type\" content=\"article\" \/>\n<meta property=\"og:title\" content=\"ENTRE LA SEGUNDA Y LA TERCERA REP\u00daBLICA Highlight - casadelectores\" \/>\n<meta property=\"og:description\" content=\"La aprobaci\u00f3n de la Ley de Memoria Democr\u00e1tica explica la urgencia de la publicaci\u00f3n de este libro que, redactado sin conocimiento de aqu\u00e9lla, pone de manifiesto una contradicci\u00f3n extrema de actitudes. El desvalor m\u00e1s grave de esta Ley no se encuentra en su evidente sectarismo ideol\u00f3gico sino en los enormes errores t\u00e9cnicos. Despu\u00e9s de anunciar&hellip;&nbsp;ENTRE LA SEGUNDA Y LA TERCERA REP\u00daBLICA Highlight\" \/>\n<meta property=\"og:url\" content=\"https:\/\/www.casadelectores.com\/index.php\/producto\/entre-la-segunda-y-la-tercera-republica-highlight-35779\/\" \/>\n<meta property=\"og:site_name\" content=\"casadelectores\" \/>\n<meta property=\"og:image\" content=\"https:\/\/www.casadelectores.com\/wp-content\/uploads\/2025\/SK0194682-DE20251119-101116-0-1763518286-978841369494.webp\" \/>\n\t<meta property=\"og:image:width\" content=\"236\" \/>\n\t<meta property=\"og:image:height\" content=\"367\" \/>\n\t<meta property=\"og:image:type\" content=\"image\/webp\" \/>\n<meta name=\"twitter:card\" content=\"summary_large_image\" \/>\n<meta name=\"twitter:label1\" content=\"Tiempo de lectura\" \/>\n\t<meta name=\"twitter:data1\" content=\"1 minuto\" \/>\n<script type=\"application\/ld+json\" class=\"yoast-schema-graph\">{\"@context\":\"https:\/\/schema.org\",\"@graph\":[{\"@type\":\"WebPage\",\"@id\":\"https:\/\/www.casadelectores.com\/index.php\/producto\/entre-la-segunda-y-la-tercera-republica-highlight-35779\/\",\"url\":\"https:\/\/www.casadelectores.com\/index.php\/producto\/entre-la-segunda-y-la-tercera-republica-highlight-35779\/\",\"name\":\"ENTRE LA SEGUNDA Y LA TERCERA REP\u00daBLICA Highlight - casadelectores\",\"isPartOf\":{\"@id\":\"https:\/\/www.casadelectores.com\/#website\"},\"primaryImageOfPage\":{\"@id\":\"https:\/\/www.casadelectores.com\/index.php\/producto\/entre-la-segunda-y-la-tercera-republica-highlight-35779\/#primaryimage\"},\"image\":{\"@id\":\"https:\/\/www.casadelectores.com\/index.php\/producto\/entre-la-segunda-y-la-tercera-republica-highlight-35779\/#primaryimage\"},\"thumbnailUrl\":\"https:\/\/www.casadelectores.com\/wp-content\/uploads\/2025\/SK0194682-DE20251119-101116-0-1763518286-978841369494.webp\",\"datePublished\":\"2025-11-25T09:05:24+00:00\",\"breadcrumb\":{\"@id\":\"https:\/\/www.casadelectores.com\/index.php\/producto\/entre-la-segunda-y-la-tercera-republica-highlight-35779\/#breadcrumb\"},\"inLanguage\":\"es\",\"potentialAction\":[{\"@type\":\"ReadAction\",\"target\":[\"https:\/\/www.casadelectores.com\/index.php\/producto\/entre-la-segunda-y-la-tercera-republica-highlight-35779\/\"]}]},{\"@type\":\"ImageObject\",\"inLanguage\":\"es\",\"@id\":\"https:\/\/www.casadelectores.com\/index.php\/producto\/entre-la-segunda-y-la-tercera-republica-highlight-35779\/#primaryimage\",\"url\":\"https:\/\/www.casadelectores.com\/wp-content\/uploads\/2025\/SK0194682-DE20251119-101116-0-1763518286-978841369494.webp\",\"contentUrl\":\"https:\/\/www.casadelectores.com\/wp-content\/uploads\/2025\/SK0194682-DE20251119-101116-0-1763518286-978841369494.webp\",\"width\":236,\"height\":367},{\"@type\":\"BreadcrumbList\",\"@id\":\"https:\/\/www.casadelectores.com\/index.php\/producto\/entre-la-segunda-y-la-tercera-republica-highlight-35779\/#breadcrumb\",\"itemListElement\":[{\"@type\":\"ListItem\",\"position\":1,\"name\":\"Portada\",\"item\":\"https:\/\/www.casadelectores.com\/\"},{\"@type\":\"ListItem\",\"position\":2,\"name\":\"Shop\",\"item\":\"https:\/\/www.casadelectores.com\/index.php\/shop\/\"},{\"@type\":\"ListItem\",\"position\":3,\"name\":\"ENTRE LA SEGUNDA Y LA TERCERA REP\u00daBLICA Highlight\"}]},{\"@type\":\"WebSite\",\"@id\":\"https:\/\/www.casadelectores.com\/#website\",\"url\":\"https:\/\/www.casadelectores.com\/\",\"name\":\"Enam\u00f3rate de las compras\",\"description\":\"\",\"publisher\":{\"@id\":\"https:\/\/www.casadelectores.com\/#organization\"},\"potentialAction\":[{\"@type\":\"SearchAction\",\"target\":{\"@type\":\"EntryPoint\",\"urlTemplate\":\"https:\/\/www.casadelectores.com\/?s={search_term_string}\"},\"query-input\":{\"@type\":\"PropertyValueSpecification\",\"valueRequired\":true,\"valueName\":\"search_term_string\"}}],\"inLanguage\":\"es\"},{\"@type\":\"Organization\",\"@id\":\"https:\/\/www.casadelectores.com\/#organization\",\"name\":\"Enam\u00f3rate de las compras\",\"url\":\"https:\/\/www.casadelectores.com\/\",\"logo\":{\"@type\":\"ImageObject\",\"inLanguage\":\"es\",\"@id\":\"https:\/\/www.casadelectores.com\/#\/schema\/logo\/image\/\",\"url\":\"https:\/\/www.casadelectores.com\/wp-content\/uploads\/2020\/10\/shop-icon.png\",\"contentUrl\":\"https:\/\/www.casadelectores.com\/wp-content\/uploads\/2020\/10\/shop-icon.png\",\"width\":512,\"height\":512,\"caption\":\"Enam\u00f3rate de las compras\"},\"image\":{\"@id\":\"https:\/\/www.casadelectores.com\/#\/schema\/logo\/image\/\"}}]}<\/script>\n<!-- \/ Yoast SEO plugin. -->","yoast_head_json":{"title":"ENTRE LA SEGUNDA Y LA TERCERA REP\u00daBLICA Highlight - casadelectores","robots":{"index":"index","follow":"follow","max-snippet":"max-snippet:-1","max-image-preview":"max-image-preview:large","max-video-preview":"max-video-preview:-1"},"canonical":"https:\/\/www.casadelectores.com\/index.php\/producto\/entre-la-segunda-y-la-tercera-republica-highlight-35779\/","og_locale":"es_ES","og_type":"article","og_title":"ENTRE LA SEGUNDA Y LA TERCERA REP\u00daBLICA Highlight - casadelectores","og_description":"La aprobaci\u00f3n de la Ley de Memoria Democr\u00e1tica explica la urgencia de la publicaci\u00f3n de este libro que, redactado sin conocimiento de aqu\u00e9lla, pone de manifiesto una contradicci\u00f3n extrema de actitudes. El desvalor m\u00e1s grave de esta Ley no se encuentra en su evidente sectarismo ideol\u00f3gico sino en los enormes errores t\u00e9cnicos. Despu\u00e9s de anunciar&hellip;&nbsp;ENTRE LA SEGUNDA Y LA TERCERA REP\u00daBLICA Highlight","og_url":"https:\/\/www.casadelectores.com\/index.php\/producto\/entre-la-segunda-y-la-tercera-republica-highlight-35779\/","og_site_name":"casadelectores","og_image":[{"width":236,"height":367,"url":"https:\/\/www.casadelectores.com\/wp-content\/uploads\/2025\/SK0194682-DE20251119-101116-0-1763518286-978841369494.webp","type":"image\/webp"}],"twitter_card":"summary_large_image","twitter_misc":{"Tiempo de lectura":"1 minuto"},"schema":{"@context":"https:\/\/schema.org","@graph":[{"@type":"WebPage","@id":"https:\/\/www.casadelectores.com\/index.php\/producto\/entre-la-segunda-y-la-tercera-republica-highlight-35779\/","url":"https:\/\/www.casadelectores.com\/index.php\/producto\/entre-la-segunda-y-la-tercera-republica-highlight-35779\/","name":"ENTRE LA SEGUNDA Y LA TERCERA REP\u00daBLICA Highlight - casadelectores","isPartOf":{"@id":"https:\/\/www.casadelectores.com\/#website"},"primaryImageOfPage":{"@id":"https:\/\/www.casadelectores.com\/index.php\/producto\/entre-la-segunda-y-la-tercera-republica-highlight-35779\/#primaryimage"},"image":{"@id":"https:\/\/www.casadelectores.com\/index.php\/producto\/entre-la-segunda-y-la-tercera-republica-highlight-35779\/#primaryimage"},"thumbnailUrl":"https:\/\/www.casadelectores.com\/wp-content\/uploads\/2025\/SK0194682-DE20251119-101116-0-1763518286-978841369494.webp","datePublished":"2025-11-25T09:05:24+00:00","breadcrumb":{"@id":"https:\/\/www.casadelectores.com\/index.php\/producto\/entre-la-segunda-y-la-tercera-republica-highlight-35779\/#breadcrumb"},"inLanguage":"es","potentialAction":[{"@type":"ReadAction","target":["https:\/\/www.casadelectores.com\/index.php\/producto\/entre-la-segunda-y-la-tercera-republica-highlight-35779\/"]}]},{"@type":"ImageObject","inLanguage":"es","@id":"https:\/\/www.casadelectores.com\/index.php\/producto\/entre-la-segunda-y-la-tercera-republica-highlight-35779\/#primaryimage","url":"https:\/\/www.casadelectores.com\/wp-content\/uploads\/2025\/SK0194682-DE20251119-101116-0-1763518286-978841369494.webp","contentUrl":"https:\/\/www.casadelectores.com\/wp-content\/uploads\/2025\/SK0194682-DE20251119-101116-0-1763518286-978841369494.webp","width":236,"height":367},{"@type":"BreadcrumbList","@id":"https:\/\/www.casadelectores.com\/index.php\/producto\/entre-la-segunda-y-la-tercera-republica-highlight-35779\/#breadcrumb","itemListElement":[{"@type":"ListItem","position":1,"name":"Portada","item":"https:\/\/www.casadelectores.com\/"},{"@type":"ListItem","position":2,"name":"Shop","item":"https:\/\/www.casadelectores.com\/index.php\/shop\/"},{"@type":"ListItem","position":3,"name":"ENTRE LA SEGUNDA Y LA TERCERA REP\u00daBLICA Highlight"}]},{"@type":"WebSite","@id":"https:\/\/www.casadelectores.com\/#website","url":"https:\/\/www.casadelectores.com\/","name":"Enam\u00f3rate de las compras","description":"","publisher":{"@id":"https:\/\/www.casadelectores.com\/#organization"},"potentialAction":[{"@type":"SearchAction","target":{"@type":"EntryPoint","urlTemplate":"https:\/\/www.casadelectores.com\/?s={search_term_string}"},"query-input":{"@type":"PropertyValueSpecification","valueRequired":true,"valueName":"search_term_string"}}],"inLanguage":"es"},{"@type":"Organization","@id":"https:\/\/www.casadelectores.com\/#organization","name":"Enam\u00f3rate de las compras","url":"https:\/\/www.casadelectores.com\/","logo":{"@type":"ImageObject","inLanguage":"es","@id":"https:\/\/www.casadelectores.com\/#\/schema\/logo\/image\/","url":"https:\/\/www.casadelectores.com\/wp-content\/uploads\/2020\/10\/shop-icon.png","contentUrl":"https:\/\/www.casadelectores.com\/wp-content\/uploads\/2020\/10\/shop-icon.png","width":512,"height":512,"caption":"Enam\u00f3rate de las compras"},"image":{"@id":"https:\/\/www.casadelectores.com\/#\/schema\/logo\/image\/"}}]}},"_links":{"self":[{"href":"https:\/\/www.casadelectores.com\/index.php\/wp-json\/wp\/v2\/product\/35779","targetHints":{"allow":["GET"]}}],"collection":[{"href":"https:\/\/www.casadelectores.com\/index.php\/wp-json\/wp\/v2\/product"}],"about":[{"href":"https:\/\/www.casadelectores.com\/index.php\/wp-json\/wp\/v2\/types\/product"}],"wp:featuredmedia":[{"embeddable":true,"href":"https:\/\/www.casadelectores.com\/index.php\/wp-json\/wp\/v2\/media\/35879"}],"wp:attachment":[{"href":"https:\/\/www.casadelectores.com\/index.php\/wp-json\/wp\/v2\/media?parent=35779"}],"wp:term":[{"taxonomy":"product_brand","embeddable":true,"href":"https:\/\/www.casadelectores.com\/index.php\/wp-json\/wp\/v2\/product_brand?post=35779"},{"taxonomy":"product_cat","embeddable":true,"href":"https:\/\/www.casadelectores.com\/index.php\/wp-json\/wp\/v2\/product_cat?post=35779"},{"taxonomy":"product_tag","embeddable":true,"href":"https:\/\/www.casadelectores.com\/index.php\/wp-json\/wp\/v2\/product_tag?post=35779"}],"curies":[{"name":"wp","href":"https:\/\/api.w.org\/{rel}","templated":true}]}}