{"id":35379,"date":"2025-11-25T09:05:24","date_gmt":"2025-11-25T09:05:24","guid":{"rendered":""},"modified":"2025-11-25T09:05:24","modified_gmt":"2025-11-25T09:05:24","slug":"en-el-marco-politico-del-pactismo-la-clientela-regia-aragonesa-que-sirvio-a-los-austrias-en-la-corte-los-dominios-neue-kollektion-35379","status":"publish","type":"product","link":"https:\/\/www.casadelectores.com\/index.php\/producto\/en-el-marco-politico-del-pactismo-la-clientela-regia-aragonesa-que-sirvio-a-los-austrias-en-la-corte-los-dominios-neue-kollektion-35379\/","title":{"rendered":"EN EL MARCO POL\u00cdTICO DEL PACTISMO.. LA CLIENTELA REGIA ARAGONESA QUE SIRVI\u00d3 A LOS AUSTRIAS EN LA CORTE, LOS DOMINIOS Neue Kollektion"},"content":{"rendered":"<p>El estudio de los miembros de la clientela regia aragonesa que sirvieron en la corte, en algunos consejos del Estado y en diversos dominios de la Monarqu\u00eda hisp\u00e1nica en los siglos xvi y xvii supone un complemento del trabajo Patronazgo y clientelismo. Estas \u00e9lites trabajaron en las administraciones de los territorios donde se permit\u00eda la presencia \u00abextranjera\u00bb: en algunos reinos de la antigua Corona de Arag\u00f3n (Mallorca y los dominios italianos), en el Ducado de Mil\u00e1n y en las Indias. El hecho se produjo especialmente en el siglo xvii, cuando en las sucesivas Cortes aragonesas se aprobaron una serie de leyes por las que se reservaban puntuales oficios para los hijos de Arag\u00f3n. Estos acuerdos del rey y del reino (\u00abpactismo\u00bb) se fijaron para compensar los \u00abservicios\u00bb aprobados en las Cortes y para gratificar a la clientela regia por sus prestaciones econ\u00f3micas y militares. Las \u00e9lites aragonesas tambi\u00e9n se beneficiaron de los oficios que otorgaba el rey en los reinos de Mallorca y de Cerde\u00f1a, unos territorios que acogieron a muchos aragoneses, catalanes y valencianos. Todo ello, sin olvidar que el Reino de Arag\u00f3n no fue ajeno a la \u00abinflaci\u00f3n de los honores\u00bb que encontramos en la Espa\u00f1a de los reinados de Felipe IV y Carlos II, y que favoreci\u00f3 la \u00abaristocratizaci\u00f3n\u00bb de la sociedad. \u00ab,<\/p>\n","protected":false},"excerpt":{"rendered":"<p>El estudio de los miembros de la clientela regia aragonesa que sirvieron en la corte, en algunos consejos del Estado y en diversos dominios de la Monarqu\u00eda hisp\u00e1nica en los siglos xvi y xvii supone un complemento del trabajo Patronazgo y clientelismo. Estas \u00e9lites trabajaron en las administraciones de los territorios donde se permit\u00eda la&hellip;&nbsp;<a href=\"https:\/\/www.casadelectores.com\/index.php\/producto\/en-el-marco-politico-del-pactismo-la-clientela-regia-aragonesa-que-sirvio-a-los-austrias-en-la-corte-los-dominios-neue-kollektion-35379\/\" rel=\"bookmark\"><span class=\"screen-reader-text\">EN EL MARCO POL\u00cdTICO DEL PACTISMO.. LA CLIENTELA REGIA ARAGONESA QUE SIRVI\u00d3 A LOS AUSTRIAS EN LA CORTE, LOS DOMINIOS Neue Kollektion<\/span><\/a><\/p>\n","protected":false},"featured_media":35479,"template":"","meta":{"neve_meta_sidebar":"","neve_meta_container":"","neve_meta_enable_content_width":"","neve_meta_content_width":0,"neve_meta_title_alignment":"","neve_meta_author_avatar":"","neve_post_elements_order":"","neve_meta_disable_header":"","neve_meta_disable_footer":"","neve_meta_disable_title":"","_themeisle_gutenberg_block_has_review":false},"product_brand":[],"product_cat":[26],"product_tag":[],"class_list":["post-35379","product","type-product","status-publish","has-post-thumbnail","product_cat-publicaciones-de-libros","first","instock","sale","shipping-taxable","purchasable","product-type-simple"],"yoast_head":"<!-- This site is optimized with the Yoast SEO plugin v26.3 - https:\/\/yoast.com\/wordpress\/plugins\/seo\/ -->\n<title>EN EL MARCO POL\u00cdTICO DEL PACTISMO.. LA CLIENTELA REGIA ARAGONESA QUE SIRVI\u00d3 A LOS AUSTRIAS EN LA CORTE, LOS DOMINIOS Neue Kollektion - casadelectores<\/title>\n<meta name=\"robots\" content=\"index, follow, max-snippet:-1, max-image-preview:large, max-video-preview:-1\" \/>\n<link rel=\"canonical\" href=\"https:\/\/www.casadelectores.com\/index.php\/producto\/en-el-marco-politico-del-pactismo-la-clientela-regia-aragonesa-que-sirvio-a-los-austrias-en-la-corte-los-dominios-neue-kollektion-35379\/\" \/>\n<meta property=\"og:locale\" content=\"es_ES\" \/>\n<meta property=\"og:type\" content=\"article\" \/>\n<meta property=\"og:title\" content=\"EN EL MARCO POL\u00cdTICO DEL PACTISMO.. LA CLIENTELA REGIA ARAGONESA QUE SIRVI\u00d3 A LOS AUSTRIAS EN LA CORTE, LOS DOMINIOS Neue Kollektion - casadelectores\" \/>\n<meta property=\"og:description\" content=\"El estudio de los miembros de la clientela regia aragonesa que sirvieron en la corte, en algunos consejos del Estado y en diversos dominios de la Monarqu\u00eda hisp\u00e1nica en los siglos xvi y xvii supone un complemento del trabajo Patronazgo y clientelismo. Estas \u00e9lites trabajaron en las administraciones de los territorios donde se permit\u00eda la&hellip;&nbsp;EN EL MARCO POL\u00cdTICO DEL PACTISMO.. LA CLIENTELA REGIA ARAGONESA QUE SIRVI\u00d3 A LOS AUSTRIAS EN LA CORTE, LOS DOMINIOS Neue Kollektion\" \/>\n<meta property=\"og:url\" content=\"https:\/\/www.casadelectores.com\/index.php\/producto\/en-el-marco-politico-del-pactismo-la-clientela-regia-aragonesa-que-sirvio-a-los-austrias-en-la-corte-los-dominios-neue-kollektion-35379\/\" \/>\n<meta property=\"og:site_name\" content=\"casadelectores\" \/>\n<meta property=\"og:image\" content=\"https:\/\/www.casadelectores.com\/wp-content\/uploads\/2025\/SK0194414-DE20251119-101116-0-1763518286-978841340535.webp\" \/>\n\t<meta property=\"og:image:width\" content=\"300\" \/>\n\t<meta property=\"og:image:height\" content=\"430\" \/>\n\t<meta property=\"og:image:type\" content=\"image\/webp\" \/>\n<meta name=\"twitter:card\" content=\"summary_large_image\" \/>\n<meta name=\"twitter:label1\" content=\"Tiempo de lectura\" \/>\n\t<meta name=\"twitter:data1\" content=\"1 minuto\" \/>\n<script type=\"application\/ld+json\" class=\"yoast-schema-graph\">{\"@context\":\"https:\/\/schema.org\",\"@graph\":[{\"@type\":\"WebPage\",\"@id\":\"https:\/\/www.casadelectores.com\/index.php\/producto\/en-el-marco-politico-del-pactismo-la-clientela-regia-aragonesa-que-sirvio-a-los-austrias-en-la-corte-los-dominios-neue-kollektion-35379\/\",\"url\":\"https:\/\/www.casadelectores.com\/index.php\/producto\/en-el-marco-politico-del-pactismo-la-clientela-regia-aragonesa-que-sirvio-a-los-austrias-en-la-corte-los-dominios-neue-kollektion-35379\/\",\"name\":\"EN EL MARCO POL\u00cdTICO DEL PACTISMO.. LA CLIENTELA REGIA ARAGONESA QUE SIRVI\u00d3 A LOS AUSTRIAS EN LA CORTE, LOS DOMINIOS Neue Kollektion - casadelectores\",\"isPartOf\":{\"@id\":\"https:\/\/www.casadelectores.com\/#website\"},\"primaryImageOfPage\":{\"@id\":\"https:\/\/www.casadelectores.com\/index.php\/producto\/en-el-marco-politico-del-pactismo-la-clientela-regia-aragonesa-que-sirvio-a-los-austrias-en-la-corte-los-dominios-neue-kollektion-35379\/#primaryimage\"},\"image\":{\"@id\":\"https:\/\/www.casadelectores.com\/index.php\/producto\/en-el-marco-politico-del-pactismo-la-clientela-regia-aragonesa-que-sirvio-a-los-austrias-en-la-corte-los-dominios-neue-kollektion-35379\/#primaryimage\"},\"thumbnailUrl\":\"https:\/\/www.casadelectores.com\/wp-content\/uploads\/2025\/SK0194414-DE20251119-101116-0-1763518286-978841340535.webp\",\"datePublished\":\"2025-11-25T09:05:24+00:00\",\"breadcrumb\":{\"@id\":\"https:\/\/www.casadelectores.com\/index.php\/producto\/en-el-marco-politico-del-pactismo-la-clientela-regia-aragonesa-que-sirvio-a-los-austrias-en-la-corte-los-dominios-neue-kollektion-35379\/#breadcrumb\"},\"inLanguage\":\"es\",\"potentialAction\":[{\"@type\":\"ReadAction\",\"target\":[\"https:\/\/www.casadelectores.com\/index.php\/producto\/en-el-marco-politico-del-pactismo-la-clientela-regia-aragonesa-que-sirvio-a-los-austrias-en-la-corte-los-dominios-neue-kollektion-35379\/\"]}]},{\"@type\":\"ImageObject\",\"inLanguage\":\"es\",\"@id\":\"https:\/\/www.casadelectores.com\/index.php\/producto\/en-el-marco-politico-del-pactismo-la-clientela-regia-aragonesa-que-sirvio-a-los-austrias-en-la-corte-los-dominios-neue-kollektion-35379\/#primaryimage\",\"url\":\"https:\/\/www.casadelectores.com\/wp-content\/uploads\/2025\/SK0194414-DE20251119-101116-0-1763518286-978841340535.webp\",\"contentUrl\":\"https:\/\/www.casadelectores.com\/wp-content\/uploads\/2025\/SK0194414-DE20251119-101116-0-1763518286-978841340535.webp\",\"width\":300,\"height\":430},{\"@type\":\"BreadcrumbList\",\"@id\":\"https:\/\/www.casadelectores.com\/index.php\/producto\/en-el-marco-politico-del-pactismo-la-clientela-regia-aragonesa-que-sirvio-a-los-austrias-en-la-corte-los-dominios-neue-kollektion-35379\/#breadcrumb\",\"itemListElement\":[{\"@type\":\"ListItem\",\"position\":1,\"name\":\"Portada\",\"item\":\"https:\/\/www.casadelectores.com\/\"},{\"@type\":\"ListItem\",\"position\":2,\"name\":\"Shop\",\"item\":\"https:\/\/www.casadelectores.com\/index.php\/shop\/\"},{\"@type\":\"ListItem\",\"position\":3,\"name\":\"EN EL MARCO POL\u00cdTICO DEL PACTISMO.. LA CLIENTELA REGIA ARAGONESA QUE SIRVI\u00d3 A LOS AUSTRIAS EN LA CORTE, LOS DOMINIOS Neue Kollektion\"}]},{\"@type\":\"WebSite\",\"@id\":\"https:\/\/www.casadelectores.com\/#website\",\"url\":\"https:\/\/www.casadelectores.com\/\",\"name\":\"Enam\u00f3rate de las compras\",\"description\":\"\",\"publisher\":{\"@id\":\"https:\/\/www.casadelectores.com\/#organization\"},\"potentialAction\":[{\"@type\":\"SearchAction\",\"target\":{\"@type\":\"EntryPoint\",\"urlTemplate\":\"https:\/\/www.casadelectores.com\/?s={search_term_string}\"},\"query-input\":{\"@type\":\"PropertyValueSpecification\",\"valueRequired\":true,\"valueName\":\"search_term_string\"}}],\"inLanguage\":\"es\"},{\"@type\":\"Organization\",\"@id\":\"https:\/\/www.casadelectores.com\/#organization\",\"name\":\"Enam\u00f3rate de las compras\",\"url\":\"https:\/\/www.casadelectores.com\/\",\"logo\":{\"@type\":\"ImageObject\",\"inLanguage\":\"es\",\"@id\":\"https:\/\/www.casadelectores.com\/#\/schema\/logo\/image\/\",\"url\":\"https:\/\/www.casadelectores.com\/wp-content\/uploads\/2020\/10\/shop-icon.png\",\"contentUrl\":\"https:\/\/www.casadelectores.com\/wp-content\/uploads\/2020\/10\/shop-icon.png\",\"width\":512,\"height\":512,\"caption\":\"Enam\u00f3rate de las compras\"},\"image\":{\"@id\":\"https:\/\/www.casadelectores.com\/#\/schema\/logo\/image\/\"}}]}<\/script>\n<!-- \/ Yoast SEO plugin. -->","yoast_head_json":{"title":"EN EL MARCO POL\u00cdTICO DEL PACTISMO.. LA CLIENTELA REGIA ARAGONESA QUE SIRVI\u00d3 A LOS AUSTRIAS EN LA CORTE, LOS DOMINIOS Neue Kollektion - casadelectores","robots":{"index":"index","follow":"follow","max-snippet":"max-snippet:-1","max-image-preview":"max-image-preview:large","max-video-preview":"max-video-preview:-1"},"canonical":"https:\/\/www.casadelectores.com\/index.php\/producto\/en-el-marco-politico-del-pactismo-la-clientela-regia-aragonesa-que-sirvio-a-los-austrias-en-la-corte-los-dominios-neue-kollektion-35379\/","og_locale":"es_ES","og_type":"article","og_title":"EN EL MARCO POL\u00cdTICO DEL PACTISMO.. LA CLIENTELA REGIA ARAGONESA QUE SIRVI\u00d3 A LOS AUSTRIAS EN LA CORTE, LOS DOMINIOS Neue Kollektion - casadelectores","og_description":"El estudio de los miembros de la clientela regia aragonesa que sirvieron en la corte, en algunos consejos del Estado y en diversos dominios de la Monarqu\u00eda hisp\u00e1nica en los siglos xvi y xvii supone un complemento del trabajo Patronazgo y clientelismo. Estas \u00e9lites trabajaron en las administraciones de los territorios donde se permit\u00eda la&hellip;&nbsp;EN EL MARCO POL\u00cdTICO DEL PACTISMO.. LA CLIENTELA REGIA ARAGONESA QUE SIRVI\u00d3 A LOS AUSTRIAS EN LA CORTE, LOS DOMINIOS Neue Kollektion","og_url":"https:\/\/www.casadelectores.com\/index.php\/producto\/en-el-marco-politico-del-pactismo-la-clientela-regia-aragonesa-que-sirvio-a-los-austrias-en-la-corte-los-dominios-neue-kollektion-35379\/","og_site_name":"casadelectores","og_image":[{"width":300,"height":430,"url":"https:\/\/www.casadelectores.com\/wp-content\/uploads\/2025\/SK0194414-DE20251119-101116-0-1763518286-978841340535.webp","type":"image\/webp"}],"twitter_card":"summary_large_image","twitter_misc":{"Tiempo de lectura":"1 minuto"},"schema":{"@context":"https:\/\/schema.org","@graph":[{"@type":"WebPage","@id":"https:\/\/www.casadelectores.com\/index.php\/producto\/en-el-marco-politico-del-pactismo-la-clientela-regia-aragonesa-que-sirvio-a-los-austrias-en-la-corte-los-dominios-neue-kollektion-35379\/","url":"https:\/\/www.casadelectores.com\/index.php\/producto\/en-el-marco-politico-del-pactismo-la-clientela-regia-aragonesa-que-sirvio-a-los-austrias-en-la-corte-los-dominios-neue-kollektion-35379\/","name":"EN EL MARCO POL\u00cdTICO DEL PACTISMO.. LA CLIENTELA REGIA ARAGONESA QUE SIRVI\u00d3 A LOS AUSTRIAS EN LA CORTE, LOS DOMINIOS Neue Kollektion - casadelectores","isPartOf":{"@id":"https:\/\/www.casadelectores.com\/#website"},"primaryImageOfPage":{"@id":"https:\/\/www.casadelectores.com\/index.php\/producto\/en-el-marco-politico-del-pactismo-la-clientela-regia-aragonesa-que-sirvio-a-los-austrias-en-la-corte-los-dominios-neue-kollektion-35379\/#primaryimage"},"image":{"@id":"https:\/\/www.casadelectores.com\/index.php\/producto\/en-el-marco-politico-del-pactismo-la-clientela-regia-aragonesa-que-sirvio-a-los-austrias-en-la-corte-los-dominios-neue-kollektion-35379\/#primaryimage"},"thumbnailUrl":"https:\/\/www.casadelectores.com\/wp-content\/uploads\/2025\/SK0194414-DE20251119-101116-0-1763518286-978841340535.webp","datePublished":"2025-11-25T09:05:24+00:00","breadcrumb":{"@id":"https:\/\/www.casadelectores.com\/index.php\/producto\/en-el-marco-politico-del-pactismo-la-clientela-regia-aragonesa-que-sirvio-a-los-austrias-en-la-corte-los-dominios-neue-kollektion-35379\/#breadcrumb"},"inLanguage":"es","potentialAction":[{"@type":"ReadAction","target":["https:\/\/www.casadelectores.com\/index.php\/producto\/en-el-marco-politico-del-pactismo-la-clientela-regia-aragonesa-que-sirvio-a-los-austrias-en-la-corte-los-dominios-neue-kollektion-35379\/"]}]},{"@type":"ImageObject","inLanguage":"es","@id":"https:\/\/www.casadelectores.com\/index.php\/producto\/en-el-marco-politico-del-pactismo-la-clientela-regia-aragonesa-que-sirvio-a-los-austrias-en-la-corte-los-dominios-neue-kollektion-35379\/#primaryimage","url":"https:\/\/www.casadelectores.com\/wp-content\/uploads\/2025\/SK0194414-DE20251119-101116-0-1763518286-978841340535.webp","contentUrl":"https:\/\/www.casadelectores.com\/wp-content\/uploads\/2025\/SK0194414-DE20251119-101116-0-1763518286-978841340535.webp","width":300,"height":430},{"@type":"BreadcrumbList","@id":"https:\/\/www.casadelectores.com\/index.php\/producto\/en-el-marco-politico-del-pactismo-la-clientela-regia-aragonesa-que-sirvio-a-los-austrias-en-la-corte-los-dominios-neue-kollektion-35379\/#breadcrumb","itemListElement":[{"@type":"ListItem","position":1,"name":"Portada","item":"https:\/\/www.casadelectores.com\/"},{"@type":"ListItem","position":2,"name":"Shop","item":"https:\/\/www.casadelectores.com\/index.php\/shop\/"},{"@type":"ListItem","position":3,"name":"EN EL MARCO POL\u00cdTICO DEL PACTISMO.. LA CLIENTELA REGIA ARAGONESA QUE SIRVI\u00d3 A LOS AUSTRIAS EN LA CORTE, LOS DOMINIOS Neue Kollektion"}]},{"@type":"WebSite","@id":"https:\/\/www.casadelectores.com\/#website","url":"https:\/\/www.casadelectores.com\/","name":"Enam\u00f3rate de las compras","description":"","publisher":{"@id":"https:\/\/www.casadelectores.com\/#organization"},"potentialAction":[{"@type":"SearchAction","target":{"@type":"EntryPoint","urlTemplate":"https:\/\/www.casadelectores.com\/?s={search_term_string}"},"query-input":{"@type":"PropertyValueSpecification","valueRequired":true,"valueName":"search_term_string"}}],"inLanguage":"es"},{"@type":"Organization","@id":"https:\/\/www.casadelectores.com\/#organization","name":"Enam\u00f3rate de las compras","url":"https:\/\/www.casadelectores.com\/","logo":{"@type":"ImageObject","inLanguage":"es","@id":"https:\/\/www.casadelectores.com\/#\/schema\/logo\/image\/","url":"https:\/\/www.casadelectores.com\/wp-content\/uploads\/2020\/10\/shop-icon.png","contentUrl":"https:\/\/www.casadelectores.com\/wp-content\/uploads\/2020\/10\/shop-icon.png","width":512,"height":512,"caption":"Enam\u00f3rate de las compras"},"image":{"@id":"https:\/\/www.casadelectores.com\/#\/schema\/logo\/image\/"}}]}},"_links":{"self":[{"href":"https:\/\/www.casadelectores.com\/index.php\/wp-json\/wp\/v2\/product\/35379","targetHints":{"allow":["GET"]}}],"collection":[{"href":"https:\/\/www.casadelectores.com\/index.php\/wp-json\/wp\/v2\/product"}],"about":[{"href":"https:\/\/www.casadelectores.com\/index.php\/wp-json\/wp\/v2\/types\/product"}],"wp:featuredmedia":[{"embeddable":true,"href":"https:\/\/www.casadelectores.com\/index.php\/wp-json\/wp\/v2\/media\/35479"}],"wp:attachment":[{"href":"https:\/\/www.casadelectores.com\/index.php\/wp-json\/wp\/v2\/media?parent=35379"}],"wp:term":[{"taxonomy":"product_brand","embeddable":true,"href":"https:\/\/www.casadelectores.com\/index.php\/wp-json\/wp\/v2\/product_brand?post=35379"},{"taxonomy":"product_cat","embeddable":true,"href":"https:\/\/www.casadelectores.com\/index.php\/wp-json\/wp\/v2\/product_cat?post=35379"},{"taxonomy":"product_tag","embeddable":true,"href":"https:\/\/www.casadelectores.com\/index.php\/wp-json\/wp\/v2\/product_tag?post=35379"}],"curies":[{"name":"wp","href":"https:\/\/api.w.org\/{rel}","templated":true}]}}