{"id":34707,"date":"2025-11-25T09:05:23","date_gmt":"2025-11-25T09:05:23","guid":{"rendered":""},"modified":"2025-11-25T09:05:23","modified_gmt":"2025-11-25T09:05:23","slug":"finale-aktion-la-presencia-de-la-ausencia-terapia-con-familias-y-fantasmas-34707","status":"publish","type":"product","link":"https:\/\/www.casadelectores.com\/index.php\/producto\/finale-aktion-la-presencia-de-la-ausencia-terapia-con-familias-y-fantasmas-34707\/","title":{"rendered":"Finale Aktion LA PRESENCIA DE LA AUSENCIA. TERAPIA CON FAMILIAS Y FANTASMAS"},"content":{"rendered":"<p>Vivimos rodeados por recuerdos que nos acompa\u00f1an. Nuestros progenitores y los progenitores de nuestros progenitores, en muchos casos ya muertos, nos acompa\u00f1an en la presencia de sus legados. En el encuentro con la familia, Carlos Sluzki se permite entramparse en las narrativas que le proponen, serpenteando a trav\u00e9s de territorios extra\u00f1os, prestando atenci\u00f3n cuidadosa a los detalles y agregando notas ligeramente discordantes que introducen ambig\u00fcedad en la historia familiar. Otras situaciones presentadas en el libro son m\u00e1s complejas, ya que incluyen muchos niveles de trauma social, pol\u00edtico, relacional e individual.Todas estas narrativas tienen en com\u00fan la presencia incontrovertible de ausentes, la corporizaci\u00f3n de emociones intensas, la activaci\u00f3n de ritos, rituales o silencios que intentan detener el tiempo y devolver la vida a seres queridos ausentes. Tal vez algunas de ellas resuenen al lector con vestigios de sus propias presencias fantasmales, o de alg\u00fan recuerdo capaz de materializarse, o de las mil y una maneras en las que las fronteras de nuestro self muestran su permeabilidad. Tal vez tambi\u00e9n desplieguen muestras del poder de los procesos terap\u00e9uticos para anclar o desanclarlas de las tramas narrativas que mantienen su presencia, as\u00ed como del respeto con que debemos tratarlas, ya que algunas merecen y pueden ser exorcizadas, en tanto que otras retienen su presencia, en general por alguna buena raz\u00f3n.Carlos Sluzki tiene fe en que la familia posee recursos que puede utilizar y en sus intervenciones les otorga su esperanza. En algunas situaciones, su mensaje de \u00abno mates los sue\u00f1os, puede da\u00f1ar al so\u00f1ador\u00bb se expande y sugiere, m\u00e1s bien, una formulaci\u00f3n positiva: \u00abcultiva tus sue\u00f1os, traer\u00e1n consigo cambios que querr\u00e1s aceptar\u00bb. \u00ab,<\/p>\n","protected":false},"excerpt":{"rendered":"<p>Vivimos rodeados por recuerdos que nos acompa\u00f1an. Nuestros progenitores y los progenitores de nuestros progenitores, en muchos casos ya muertos, nos acompa\u00f1an en la presencia de sus legados. En el encuentro con la familia, Carlos Sluzki se permite entramparse en las narrativas que le proponen, serpenteando a trav\u00e9s de territorios extra\u00f1os, prestando atenci\u00f3n cuidadosa a&hellip;&nbsp;<a href=\"https:\/\/www.casadelectores.com\/index.php\/producto\/finale-aktion-la-presencia-de-la-ausencia-terapia-con-familias-y-fantasmas-34707\/\" rel=\"bookmark\"><span class=\"screen-reader-text\">Finale Aktion LA PRESENCIA DE LA AUSENCIA. TERAPIA CON FAMILIAS Y FANTASMAS<\/span><\/a><\/p>\n","protected":false},"featured_media":34807,"template":"","meta":{"neve_meta_sidebar":"","neve_meta_container":"","neve_meta_enable_content_width":"","neve_meta_content_width":0,"neve_meta_title_alignment":"","neve_meta_author_avatar":"","neve_post_elements_order":"","neve_meta_disable_header":"","neve_meta_disable_footer":"","neve_meta_disable_title":"","_themeisle_gutenberg_block_has_review":false},"product_brand":[],"product_cat":[26],"product_tag":[],"class_list":["post-34707","product","type-product","status-publish","has-post-thumbnail","product_cat-publicaciones-de-libros","first","instock","sale","shipping-taxable","purchasable","product-type-simple"],"yoast_head":"<!-- This site is optimized with the Yoast SEO plugin v26.3 - https:\/\/yoast.com\/wordpress\/plugins\/seo\/ -->\n<title>Finale Aktion LA PRESENCIA DE LA AUSENCIA. TERAPIA CON FAMILIAS Y FANTASMAS - casadelectores<\/title>\n<meta name=\"robots\" content=\"index, follow, max-snippet:-1, max-image-preview:large, max-video-preview:-1\" \/>\n<link rel=\"canonical\" href=\"https:\/\/www.casadelectores.com\/index.php\/producto\/finale-aktion-la-presencia-de-la-ausencia-terapia-con-familias-y-fantasmas-34707\/\" \/>\n<meta property=\"og:locale\" content=\"es_ES\" \/>\n<meta property=\"og:type\" content=\"article\" \/>\n<meta property=\"og:title\" content=\"Finale Aktion LA PRESENCIA DE LA AUSENCIA. TERAPIA CON FAMILIAS Y FANTASMAS - casadelectores\" \/>\n<meta property=\"og:description\" content=\"Vivimos rodeados por recuerdos que nos acompa\u00f1an. Nuestros progenitores y los progenitores de nuestros progenitores, en muchos casos ya muertos, nos acompa\u00f1an en la presencia de sus legados. En el encuentro con la familia, Carlos Sluzki se permite entramparse en las narrativas que le proponen, serpenteando a trav\u00e9s de territorios extra\u00f1os, prestando atenci\u00f3n cuidadosa a&hellip;&nbsp;Finale Aktion LA PRESENCIA DE LA AUSENCIA. TERAPIA CON FAMILIAS Y FANTASMAS\" \/>\n<meta property=\"og:url\" content=\"https:\/\/www.casadelectores.com\/index.php\/producto\/finale-aktion-la-presencia-de-la-ausencia-terapia-con-familias-y-fantasmas-34707\/\" \/>\n<meta property=\"og:site_name\" content=\"casadelectores\" \/>\n<meta property=\"og:image\" content=\"https:\/\/www.casadelectores.com\/wp-content\/uploads\/2025\/SK0193999-DE20251119-101116-0-1763518286-978849784656.webp\" \/>\n\t<meta property=\"og:image:width\" content=\"185\" \/>\n\t<meta property=\"og:image:height\" content=\"275\" \/>\n\t<meta property=\"og:image:type\" content=\"image\/webp\" \/>\n<meta name=\"twitter:card\" content=\"summary_large_image\" \/>\n<meta name=\"twitter:label1\" content=\"Tiempo de lectura\" \/>\n\t<meta name=\"twitter:data1\" content=\"1 minuto\" \/>\n<script type=\"application\/ld+json\" class=\"yoast-schema-graph\">{\"@context\":\"https:\/\/schema.org\",\"@graph\":[{\"@type\":\"WebPage\",\"@id\":\"https:\/\/www.casadelectores.com\/index.php\/producto\/finale-aktion-la-presencia-de-la-ausencia-terapia-con-familias-y-fantasmas-34707\/\",\"url\":\"https:\/\/www.casadelectores.com\/index.php\/producto\/finale-aktion-la-presencia-de-la-ausencia-terapia-con-familias-y-fantasmas-34707\/\",\"name\":\"Finale Aktion LA PRESENCIA DE LA AUSENCIA. TERAPIA CON FAMILIAS Y FANTASMAS - casadelectores\",\"isPartOf\":{\"@id\":\"https:\/\/www.casadelectores.com\/#website\"},\"primaryImageOfPage\":{\"@id\":\"https:\/\/www.casadelectores.com\/index.php\/producto\/finale-aktion-la-presencia-de-la-ausencia-terapia-con-familias-y-fantasmas-34707\/#primaryimage\"},\"image\":{\"@id\":\"https:\/\/www.casadelectores.com\/index.php\/producto\/finale-aktion-la-presencia-de-la-ausencia-terapia-con-familias-y-fantasmas-34707\/#primaryimage\"},\"thumbnailUrl\":\"https:\/\/www.casadelectores.com\/wp-content\/uploads\/2025\/SK0193999-DE20251119-101116-0-1763518286-978849784656.webp\",\"datePublished\":\"2025-11-25T09:05:23+00:00\",\"breadcrumb\":{\"@id\":\"https:\/\/www.casadelectores.com\/index.php\/producto\/finale-aktion-la-presencia-de-la-ausencia-terapia-con-familias-y-fantasmas-34707\/#breadcrumb\"},\"inLanguage\":\"es\",\"potentialAction\":[{\"@type\":\"ReadAction\",\"target\":[\"https:\/\/www.casadelectores.com\/index.php\/producto\/finale-aktion-la-presencia-de-la-ausencia-terapia-con-familias-y-fantasmas-34707\/\"]}]},{\"@type\":\"ImageObject\",\"inLanguage\":\"es\",\"@id\":\"https:\/\/www.casadelectores.com\/index.php\/producto\/finale-aktion-la-presencia-de-la-ausencia-terapia-con-familias-y-fantasmas-34707\/#primaryimage\",\"url\":\"https:\/\/www.casadelectores.com\/wp-content\/uploads\/2025\/SK0193999-DE20251119-101116-0-1763518286-978849784656.webp\",\"contentUrl\":\"https:\/\/www.casadelectores.com\/wp-content\/uploads\/2025\/SK0193999-DE20251119-101116-0-1763518286-978849784656.webp\",\"width\":185,\"height\":275},{\"@type\":\"BreadcrumbList\",\"@id\":\"https:\/\/www.casadelectores.com\/index.php\/producto\/finale-aktion-la-presencia-de-la-ausencia-terapia-con-familias-y-fantasmas-34707\/#breadcrumb\",\"itemListElement\":[{\"@type\":\"ListItem\",\"position\":1,\"name\":\"Portada\",\"item\":\"https:\/\/www.casadelectores.com\/\"},{\"@type\":\"ListItem\",\"position\":2,\"name\":\"Shop\",\"item\":\"https:\/\/www.casadelectores.com\/index.php\/shop\/\"},{\"@type\":\"ListItem\",\"position\":3,\"name\":\"Finale Aktion LA PRESENCIA DE LA AUSENCIA. TERAPIA CON FAMILIAS Y FANTASMAS\"}]},{\"@type\":\"WebSite\",\"@id\":\"https:\/\/www.casadelectores.com\/#website\",\"url\":\"https:\/\/www.casadelectores.com\/\",\"name\":\"Enam\u00f3rate de las compras\",\"description\":\"\",\"publisher\":{\"@id\":\"https:\/\/www.casadelectores.com\/#organization\"},\"potentialAction\":[{\"@type\":\"SearchAction\",\"target\":{\"@type\":\"EntryPoint\",\"urlTemplate\":\"https:\/\/www.casadelectores.com\/?s={search_term_string}\"},\"query-input\":{\"@type\":\"PropertyValueSpecification\",\"valueRequired\":true,\"valueName\":\"search_term_string\"}}],\"inLanguage\":\"es\"},{\"@type\":\"Organization\",\"@id\":\"https:\/\/www.casadelectores.com\/#organization\",\"name\":\"Enam\u00f3rate de las compras\",\"url\":\"https:\/\/www.casadelectores.com\/\",\"logo\":{\"@type\":\"ImageObject\",\"inLanguage\":\"es\",\"@id\":\"https:\/\/www.casadelectores.com\/#\/schema\/logo\/image\/\",\"url\":\"https:\/\/www.casadelectores.com\/wp-content\/uploads\/2020\/10\/shop-icon.png\",\"contentUrl\":\"https:\/\/www.casadelectores.com\/wp-content\/uploads\/2020\/10\/shop-icon.png\",\"width\":512,\"height\":512,\"caption\":\"Enam\u00f3rate de las compras\"},\"image\":{\"@id\":\"https:\/\/www.casadelectores.com\/#\/schema\/logo\/image\/\"}}]}<\/script>\n<!-- \/ Yoast SEO plugin. -->","yoast_head_json":{"title":"Finale Aktion LA PRESENCIA DE LA AUSENCIA. TERAPIA CON FAMILIAS Y FANTASMAS - casadelectores","robots":{"index":"index","follow":"follow","max-snippet":"max-snippet:-1","max-image-preview":"max-image-preview:large","max-video-preview":"max-video-preview:-1"},"canonical":"https:\/\/www.casadelectores.com\/index.php\/producto\/finale-aktion-la-presencia-de-la-ausencia-terapia-con-familias-y-fantasmas-34707\/","og_locale":"es_ES","og_type":"article","og_title":"Finale Aktion LA PRESENCIA DE LA AUSENCIA. TERAPIA CON FAMILIAS Y FANTASMAS - casadelectores","og_description":"Vivimos rodeados por recuerdos que nos acompa\u00f1an. Nuestros progenitores y los progenitores de nuestros progenitores, en muchos casos ya muertos, nos acompa\u00f1an en la presencia de sus legados. En el encuentro con la familia, Carlos Sluzki se permite entramparse en las narrativas que le proponen, serpenteando a trav\u00e9s de territorios extra\u00f1os, prestando atenci\u00f3n cuidadosa a&hellip;&nbsp;Finale Aktion LA PRESENCIA DE LA AUSENCIA. TERAPIA CON FAMILIAS Y FANTASMAS","og_url":"https:\/\/www.casadelectores.com\/index.php\/producto\/finale-aktion-la-presencia-de-la-ausencia-terapia-con-familias-y-fantasmas-34707\/","og_site_name":"casadelectores","og_image":[{"width":185,"height":275,"url":"https:\/\/www.casadelectores.com\/wp-content\/uploads\/2025\/SK0193999-DE20251119-101116-0-1763518286-978849784656.webp","type":"image\/webp"}],"twitter_card":"summary_large_image","twitter_misc":{"Tiempo de lectura":"1 minuto"},"schema":{"@context":"https:\/\/schema.org","@graph":[{"@type":"WebPage","@id":"https:\/\/www.casadelectores.com\/index.php\/producto\/finale-aktion-la-presencia-de-la-ausencia-terapia-con-familias-y-fantasmas-34707\/","url":"https:\/\/www.casadelectores.com\/index.php\/producto\/finale-aktion-la-presencia-de-la-ausencia-terapia-con-familias-y-fantasmas-34707\/","name":"Finale Aktion LA PRESENCIA DE LA AUSENCIA. TERAPIA CON FAMILIAS Y FANTASMAS - casadelectores","isPartOf":{"@id":"https:\/\/www.casadelectores.com\/#website"},"primaryImageOfPage":{"@id":"https:\/\/www.casadelectores.com\/index.php\/producto\/finale-aktion-la-presencia-de-la-ausencia-terapia-con-familias-y-fantasmas-34707\/#primaryimage"},"image":{"@id":"https:\/\/www.casadelectores.com\/index.php\/producto\/finale-aktion-la-presencia-de-la-ausencia-terapia-con-familias-y-fantasmas-34707\/#primaryimage"},"thumbnailUrl":"https:\/\/www.casadelectores.com\/wp-content\/uploads\/2025\/SK0193999-DE20251119-101116-0-1763518286-978849784656.webp","datePublished":"2025-11-25T09:05:23+00:00","breadcrumb":{"@id":"https:\/\/www.casadelectores.com\/index.php\/producto\/finale-aktion-la-presencia-de-la-ausencia-terapia-con-familias-y-fantasmas-34707\/#breadcrumb"},"inLanguage":"es","potentialAction":[{"@type":"ReadAction","target":["https:\/\/www.casadelectores.com\/index.php\/producto\/finale-aktion-la-presencia-de-la-ausencia-terapia-con-familias-y-fantasmas-34707\/"]}]},{"@type":"ImageObject","inLanguage":"es","@id":"https:\/\/www.casadelectores.com\/index.php\/producto\/finale-aktion-la-presencia-de-la-ausencia-terapia-con-familias-y-fantasmas-34707\/#primaryimage","url":"https:\/\/www.casadelectores.com\/wp-content\/uploads\/2025\/SK0193999-DE20251119-101116-0-1763518286-978849784656.webp","contentUrl":"https:\/\/www.casadelectores.com\/wp-content\/uploads\/2025\/SK0193999-DE20251119-101116-0-1763518286-978849784656.webp","width":185,"height":275},{"@type":"BreadcrumbList","@id":"https:\/\/www.casadelectores.com\/index.php\/producto\/finale-aktion-la-presencia-de-la-ausencia-terapia-con-familias-y-fantasmas-34707\/#breadcrumb","itemListElement":[{"@type":"ListItem","position":1,"name":"Portada","item":"https:\/\/www.casadelectores.com\/"},{"@type":"ListItem","position":2,"name":"Shop","item":"https:\/\/www.casadelectores.com\/index.php\/shop\/"},{"@type":"ListItem","position":3,"name":"Finale Aktion LA PRESENCIA DE LA AUSENCIA. TERAPIA CON FAMILIAS Y FANTASMAS"}]},{"@type":"WebSite","@id":"https:\/\/www.casadelectores.com\/#website","url":"https:\/\/www.casadelectores.com\/","name":"Enam\u00f3rate de las compras","description":"","publisher":{"@id":"https:\/\/www.casadelectores.com\/#organization"},"potentialAction":[{"@type":"SearchAction","target":{"@type":"EntryPoint","urlTemplate":"https:\/\/www.casadelectores.com\/?s={search_term_string}"},"query-input":{"@type":"PropertyValueSpecification","valueRequired":true,"valueName":"search_term_string"}}],"inLanguage":"es"},{"@type":"Organization","@id":"https:\/\/www.casadelectores.com\/#organization","name":"Enam\u00f3rate de las compras","url":"https:\/\/www.casadelectores.com\/","logo":{"@type":"ImageObject","inLanguage":"es","@id":"https:\/\/www.casadelectores.com\/#\/schema\/logo\/image\/","url":"https:\/\/www.casadelectores.com\/wp-content\/uploads\/2020\/10\/shop-icon.png","contentUrl":"https:\/\/www.casadelectores.com\/wp-content\/uploads\/2020\/10\/shop-icon.png","width":512,"height":512,"caption":"Enam\u00f3rate de las compras"},"image":{"@id":"https:\/\/www.casadelectores.com\/#\/schema\/logo\/image\/"}}]}},"_links":{"self":[{"href":"https:\/\/www.casadelectores.com\/index.php\/wp-json\/wp\/v2\/product\/34707","targetHints":{"allow":["GET"]}}],"collection":[{"href":"https:\/\/www.casadelectores.com\/index.php\/wp-json\/wp\/v2\/product"}],"about":[{"href":"https:\/\/www.casadelectores.com\/index.php\/wp-json\/wp\/v2\/types\/product"}],"wp:featuredmedia":[{"embeddable":true,"href":"https:\/\/www.casadelectores.com\/index.php\/wp-json\/wp\/v2\/media\/34807"}],"wp:attachment":[{"href":"https:\/\/www.casadelectores.com\/index.php\/wp-json\/wp\/v2\/media?parent=34707"}],"wp:term":[{"taxonomy":"product_brand","embeddable":true,"href":"https:\/\/www.casadelectores.com\/index.php\/wp-json\/wp\/v2\/product_brand?post=34707"},{"taxonomy":"product_cat","embeddable":true,"href":"https:\/\/www.casadelectores.com\/index.php\/wp-json\/wp\/v2\/product_cat?post=34707"},{"taxonomy":"product_tag","embeddable":true,"href":"https:\/\/www.casadelectores.com\/index.php\/wp-json\/wp\/v2\/product_tag?post=34707"}],"curies":[{"name":"wp","href":"https:\/\/api.w.org\/{rel}","templated":true}]}}