{"id":34320,"date":"2025-11-25T09:05:22","date_gmt":"2025-11-25T09:05:22","guid":{"rendered":""},"modified":"2025-11-25T09:05:22","modified_gmt":"2025-11-25T09:05:22","slug":"exklusiv-construya-su-marca-personal-34320","status":"publish","type":"product","link":"https:\/\/www.casadelectores.com\/index.php\/producto\/exklusiv-construya-su-marca-personal-34320\/","title":{"rendered":"Exklusiv CONSTRUYA SU MARCA PERSONAL"},"content":{"rendered":"<p>*IMPULSE SU CARRERA *MEJORE SUS HABILIDADES COMUNICATIVAS *CAUSE UN GRAN IMPACTO Las marcas de \u00e9xito siempre se recuerdan. Por ello la marca personal de un candidato o empleado tambi\u00e9n tiene que ser fuerte si quiere triunfar. Una imagen y un estilo personal pueden ser decisivos en el desarrollo de cualquier carrera. Construya su marca personal es una gu\u00eda imprescindible para causar el impacto apropiado en cualquier situaci\u00f3n profesional. Incluye consejos, herramientas y t\u00e9cnicas para hacer un uso adecuado de su atuendo, voz y lenguaje corporal. En \u00e9l encontrar\u00e1 la ayuda necesaria para: \u00b7 comunicar con efectividad \u00b7 proteger su imagen personal \u00b7 elegir su vestuario \u00b7 construir su estilo personal Este libro combina de forma clara los ejercicios pr\u00e1cticos con el consejo experto y aporta as\u00ed el complemento necesario para alcanzar el \u00e9xito en su carrera. \u00ab,<\/p>\n","protected":false},"excerpt":{"rendered":"<p>*IMPULSE SU CARRERA *MEJORE SUS HABILIDADES COMUNICATIVAS *CAUSE UN GRAN IMPACTO Las marcas de \u00e9xito siempre se recuerdan. Por ello la marca personal de un candidato o empleado tambi\u00e9n tiene que ser fuerte si quiere triunfar. Una imagen y un estilo personal pueden ser decisivos en el desarrollo de cualquier carrera. Construya su marca personal&hellip;&nbsp;<a href=\"https:\/\/www.casadelectores.com\/index.php\/producto\/exklusiv-construya-su-marca-personal-34320\/\" rel=\"bookmark\"><span class=\"screen-reader-text\">Exklusiv CONSTRUYA SU MARCA PERSONAL<\/span><\/a><\/p>\n","protected":false},"featured_media":34420,"template":"","meta":{"neve_meta_sidebar":"","neve_meta_container":"","neve_meta_enable_content_width":"","neve_meta_content_width":0,"neve_meta_title_alignment":"","neve_meta_author_avatar":"","neve_post_elements_order":"","neve_meta_disable_header":"","neve_meta_disable_footer":"","neve_meta_disable_title":"","_themeisle_gutenberg_block_has_review":false},"product_brand":[],"product_cat":[26],"product_tag":[],"class_list":["post-34320","product","type-product","status-publish","has-post-thumbnail","product_cat-publicaciones-de-libros","first","instock","sale","shipping-taxable","purchasable","product-type-simple"],"yoast_head":"<!-- This site is optimized with the Yoast SEO plugin v26.3 - https:\/\/yoast.com\/wordpress\/plugins\/seo\/ -->\n<title>Exklusiv CONSTRUYA SU MARCA PERSONAL - casadelectores<\/title>\n<meta name=\"robots\" content=\"index, follow, max-snippet:-1, max-image-preview:large, max-video-preview:-1\" \/>\n<link rel=\"canonical\" href=\"https:\/\/www.casadelectores.com\/index.php\/producto\/exklusiv-construya-su-marca-personal-34320\/\" \/>\n<meta property=\"og:locale\" content=\"es_ES\" \/>\n<meta property=\"og:type\" content=\"article\" \/>\n<meta property=\"og:title\" content=\"Exklusiv CONSTRUYA SU MARCA PERSONAL - casadelectores\" \/>\n<meta property=\"og:description\" content=\"*IMPULSE SU CARRERA *MEJORE SUS HABILIDADES COMUNICATIVAS *CAUSE UN GRAN IMPACTO Las marcas de \u00e9xito siempre se recuerdan. Por ello la marca personal de un candidato o empleado tambi\u00e9n tiene que ser fuerte si quiere triunfar. Una imagen y un estilo personal pueden ser decisivos en el desarrollo de cualquier carrera. Construya su marca personal&hellip;&nbsp;Exklusiv CONSTRUYA SU MARCA PERSONAL\" \/>\n<meta property=\"og:url\" content=\"https:\/\/www.casadelectores.com\/index.php\/producto\/exklusiv-construya-su-marca-personal-34320\/\" \/>\n<meta property=\"og:site_name\" content=\"casadelectores\" \/>\n<meta property=\"og:image\" content=\"https:\/\/www.casadelectores.com\/wp-content\/uploads\/2025\/SK0193810-DE20251119-101116-0-1763518286-978849784065.webp\" \/>\n\t<meta property=\"og:image:width\" content=\"100\" \/>\n\t<meta property=\"og:image:height\" content=\"150\" \/>\n\t<meta property=\"og:image:type\" content=\"image\/webp\" \/>\n<meta name=\"twitter:card\" content=\"summary_large_image\" \/>\n<meta name=\"twitter:label1\" content=\"Tiempo de lectura\" \/>\n\t<meta name=\"twitter:data1\" content=\"1 minuto\" \/>\n<script type=\"application\/ld+json\" class=\"yoast-schema-graph\">{\"@context\":\"https:\/\/schema.org\",\"@graph\":[{\"@type\":\"WebPage\",\"@id\":\"https:\/\/www.casadelectores.com\/index.php\/producto\/exklusiv-construya-su-marca-personal-34320\/\",\"url\":\"https:\/\/www.casadelectores.com\/index.php\/producto\/exklusiv-construya-su-marca-personal-34320\/\",\"name\":\"Exklusiv CONSTRUYA SU MARCA PERSONAL - casadelectores\",\"isPartOf\":{\"@id\":\"https:\/\/www.casadelectores.com\/#website\"},\"primaryImageOfPage\":{\"@id\":\"https:\/\/www.casadelectores.com\/index.php\/producto\/exklusiv-construya-su-marca-personal-34320\/#primaryimage\"},\"image\":{\"@id\":\"https:\/\/www.casadelectores.com\/index.php\/producto\/exklusiv-construya-su-marca-personal-34320\/#primaryimage\"},\"thumbnailUrl\":\"https:\/\/www.casadelectores.com\/wp-content\/uploads\/2025\/SK0193810-DE20251119-101116-0-1763518286-978849784065.webp\",\"datePublished\":\"2025-11-25T09:05:22+00:00\",\"breadcrumb\":{\"@id\":\"https:\/\/www.casadelectores.com\/index.php\/producto\/exklusiv-construya-su-marca-personal-34320\/#breadcrumb\"},\"inLanguage\":\"es\",\"potentialAction\":[{\"@type\":\"ReadAction\",\"target\":[\"https:\/\/www.casadelectores.com\/index.php\/producto\/exklusiv-construya-su-marca-personal-34320\/\"]}]},{\"@type\":\"ImageObject\",\"inLanguage\":\"es\",\"@id\":\"https:\/\/www.casadelectores.com\/index.php\/producto\/exklusiv-construya-su-marca-personal-34320\/#primaryimage\",\"url\":\"https:\/\/www.casadelectores.com\/wp-content\/uploads\/2025\/SK0193810-DE20251119-101116-0-1763518286-978849784065.webp\",\"contentUrl\":\"https:\/\/www.casadelectores.com\/wp-content\/uploads\/2025\/SK0193810-DE20251119-101116-0-1763518286-978849784065.webp\",\"width\":100,\"height\":150},{\"@type\":\"BreadcrumbList\",\"@id\":\"https:\/\/www.casadelectores.com\/index.php\/producto\/exklusiv-construya-su-marca-personal-34320\/#breadcrumb\",\"itemListElement\":[{\"@type\":\"ListItem\",\"position\":1,\"name\":\"Portada\",\"item\":\"https:\/\/www.casadelectores.com\/\"},{\"@type\":\"ListItem\",\"position\":2,\"name\":\"Shop\",\"item\":\"https:\/\/www.casadelectores.com\/index.php\/shop\/\"},{\"@type\":\"ListItem\",\"position\":3,\"name\":\"Exklusiv CONSTRUYA SU MARCA PERSONAL\"}]},{\"@type\":\"WebSite\",\"@id\":\"https:\/\/www.casadelectores.com\/#website\",\"url\":\"https:\/\/www.casadelectores.com\/\",\"name\":\"Enam\u00f3rate de las compras\",\"description\":\"\",\"publisher\":{\"@id\":\"https:\/\/www.casadelectores.com\/#organization\"},\"potentialAction\":[{\"@type\":\"SearchAction\",\"target\":{\"@type\":\"EntryPoint\",\"urlTemplate\":\"https:\/\/www.casadelectores.com\/?s={search_term_string}\"},\"query-input\":{\"@type\":\"PropertyValueSpecification\",\"valueRequired\":true,\"valueName\":\"search_term_string\"}}],\"inLanguage\":\"es\"},{\"@type\":\"Organization\",\"@id\":\"https:\/\/www.casadelectores.com\/#organization\",\"name\":\"Enam\u00f3rate de las compras\",\"url\":\"https:\/\/www.casadelectores.com\/\",\"logo\":{\"@type\":\"ImageObject\",\"inLanguage\":\"es\",\"@id\":\"https:\/\/www.casadelectores.com\/#\/schema\/logo\/image\/\",\"url\":\"https:\/\/www.casadelectores.com\/wp-content\/uploads\/2020\/10\/shop-icon.png\",\"contentUrl\":\"https:\/\/www.casadelectores.com\/wp-content\/uploads\/2020\/10\/shop-icon.png\",\"width\":512,\"height\":512,\"caption\":\"Enam\u00f3rate de las compras\"},\"image\":{\"@id\":\"https:\/\/www.casadelectores.com\/#\/schema\/logo\/image\/\"}}]}<\/script>\n<!-- \/ Yoast SEO plugin. -->","yoast_head_json":{"title":"Exklusiv CONSTRUYA SU MARCA PERSONAL - casadelectores","robots":{"index":"index","follow":"follow","max-snippet":"max-snippet:-1","max-image-preview":"max-image-preview:large","max-video-preview":"max-video-preview:-1"},"canonical":"https:\/\/www.casadelectores.com\/index.php\/producto\/exklusiv-construya-su-marca-personal-34320\/","og_locale":"es_ES","og_type":"article","og_title":"Exklusiv CONSTRUYA SU MARCA PERSONAL - casadelectores","og_description":"*IMPULSE SU CARRERA *MEJORE SUS HABILIDADES COMUNICATIVAS *CAUSE UN GRAN IMPACTO Las marcas de \u00e9xito siempre se recuerdan. Por ello la marca personal de un candidato o empleado tambi\u00e9n tiene que ser fuerte si quiere triunfar. Una imagen y un estilo personal pueden ser decisivos en el desarrollo de cualquier carrera. Construya su marca personal&hellip;&nbsp;Exklusiv CONSTRUYA SU MARCA PERSONAL","og_url":"https:\/\/www.casadelectores.com\/index.php\/producto\/exklusiv-construya-su-marca-personal-34320\/","og_site_name":"casadelectores","og_image":[{"width":100,"height":150,"url":"https:\/\/www.casadelectores.com\/wp-content\/uploads\/2025\/SK0193810-DE20251119-101116-0-1763518286-978849784065.webp","type":"image\/webp"}],"twitter_card":"summary_large_image","twitter_misc":{"Tiempo de lectura":"1 minuto"},"schema":{"@context":"https:\/\/schema.org","@graph":[{"@type":"WebPage","@id":"https:\/\/www.casadelectores.com\/index.php\/producto\/exklusiv-construya-su-marca-personal-34320\/","url":"https:\/\/www.casadelectores.com\/index.php\/producto\/exklusiv-construya-su-marca-personal-34320\/","name":"Exklusiv CONSTRUYA SU MARCA PERSONAL - casadelectores","isPartOf":{"@id":"https:\/\/www.casadelectores.com\/#website"},"primaryImageOfPage":{"@id":"https:\/\/www.casadelectores.com\/index.php\/producto\/exklusiv-construya-su-marca-personal-34320\/#primaryimage"},"image":{"@id":"https:\/\/www.casadelectores.com\/index.php\/producto\/exklusiv-construya-su-marca-personal-34320\/#primaryimage"},"thumbnailUrl":"https:\/\/www.casadelectores.com\/wp-content\/uploads\/2025\/SK0193810-DE20251119-101116-0-1763518286-978849784065.webp","datePublished":"2025-11-25T09:05:22+00:00","breadcrumb":{"@id":"https:\/\/www.casadelectores.com\/index.php\/producto\/exklusiv-construya-su-marca-personal-34320\/#breadcrumb"},"inLanguage":"es","potentialAction":[{"@type":"ReadAction","target":["https:\/\/www.casadelectores.com\/index.php\/producto\/exklusiv-construya-su-marca-personal-34320\/"]}]},{"@type":"ImageObject","inLanguage":"es","@id":"https:\/\/www.casadelectores.com\/index.php\/producto\/exklusiv-construya-su-marca-personal-34320\/#primaryimage","url":"https:\/\/www.casadelectores.com\/wp-content\/uploads\/2025\/SK0193810-DE20251119-101116-0-1763518286-978849784065.webp","contentUrl":"https:\/\/www.casadelectores.com\/wp-content\/uploads\/2025\/SK0193810-DE20251119-101116-0-1763518286-978849784065.webp","width":100,"height":150},{"@type":"BreadcrumbList","@id":"https:\/\/www.casadelectores.com\/index.php\/producto\/exklusiv-construya-su-marca-personal-34320\/#breadcrumb","itemListElement":[{"@type":"ListItem","position":1,"name":"Portada","item":"https:\/\/www.casadelectores.com\/"},{"@type":"ListItem","position":2,"name":"Shop","item":"https:\/\/www.casadelectores.com\/index.php\/shop\/"},{"@type":"ListItem","position":3,"name":"Exklusiv CONSTRUYA SU MARCA PERSONAL"}]},{"@type":"WebSite","@id":"https:\/\/www.casadelectores.com\/#website","url":"https:\/\/www.casadelectores.com\/","name":"Enam\u00f3rate de las compras","description":"","publisher":{"@id":"https:\/\/www.casadelectores.com\/#organization"},"potentialAction":[{"@type":"SearchAction","target":{"@type":"EntryPoint","urlTemplate":"https:\/\/www.casadelectores.com\/?s={search_term_string}"},"query-input":{"@type":"PropertyValueSpecification","valueRequired":true,"valueName":"search_term_string"}}],"inLanguage":"es"},{"@type":"Organization","@id":"https:\/\/www.casadelectores.com\/#organization","name":"Enam\u00f3rate de las compras","url":"https:\/\/www.casadelectores.com\/","logo":{"@type":"ImageObject","inLanguage":"es","@id":"https:\/\/www.casadelectores.com\/#\/schema\/logo\/image\/","url":"https:\/\/www.casadelectores.com\/wp-content\/uploads\/2020\/10\/shop-icon.png","contentUrl":"https:\/\/www.casadelectores.com\/wp-content\/uploads\/2020\/10\/shop-icon.png","width":512,"height":512,"caption":"Enam\u00f3rate de las compras"},"image":{"@id":"https:\/\/www.casadelectores.com\/#\/schema\/logo\/image\/"}}]}},"_links":{"self":[{"href":"https:\/\/www.casadelectores.com\/index.php\/wp-json\/wp\/v2\/product\/34320","targetHints":{"allow":["GET"]}}],"collection":[{"href":"https:\/\/www.casadelectores.com\/index.php\/wp-json\/wp\/v2\/product"}],"about":[{"href":"https:\/\/www.casadelectores.com\/index.php\/wp-json\/wp\/v2\/types\/product"}],"wp:featuredmedia":[{"embeddable":true,"href":"https:\/\/www.casadelectores.com\/index.php\/wp-json\/wp\/v2\/media\/34420"}],"wp:attachment":[{"href":"https:\/\/www.casadelectores.com\/index.php\/wp-json\/wp\/v2\/media?parent=34320"}],"wp:term":[{"taxonomy":"product_brand","embeddable":true,"href":"https:\/\/www.casadelectores.com\/index.php\/wp-json\/wp\/v2\/product_brand?post=34320"},{"taxonomy":"product_cat","embeddable":true,"href":"https:\/\/www.casadelectores.com\/index.php\/wp-json\/wp\/v2\/product_cat?post=34320"},{"taxonomy":"product_tag","embeddable":true,"href":"https:\/\/www.casadelectores.com\/index.php\/wp-json\/wp\/v2\/product_tag?post=34320"}],"curies":[{"name":"wp","href":"https:\/\/api.w.org\/{rel}","templated":true}]}}