{"id":34310,"date":"2025-11-25T09:05:22","date_gmt":"2025-11-25T09:05:22","guid":{"rendered":""},"modified":"2025-11-25T09:05:22","modified_gmt":"2025-11-25T09:05:22","slug":"foucault-y-la-teoria-queer-premium-34310","status":"publish","type":"product","link":"https:\/\/www.casadelectores.com\/index.php\/producto\/foucault-y-la-teoria-queer-premium-34310\/","title":{"rendered":"FOUCAULT Y LA TEOR\u00cdA QUEER Premium"},"content":{"rendered":"<p>Michel Foucault es la celebridad m\u00e1s venerada del posestructuralismo franc\u00e9s. Algunos que antes se llamaban lesbianas o gays reivindican con orgullo el insulto homof\u00f3bico \u00abqueer\u00bb. \u00bfQu\u00e9 conexi\u00f3n hay entre estos dos hechos? Este texto es un encuentro contempor\u00e1neo entre las teor\u00edas de Foucault sobre la sexualidad, el poder y el discurso, por un lado y, por el otro, los actuales representantes del pensamiento queer que han adoptado, revisado y criticado las ideas de Foucault. Este encuentro entre figuras transgresoras cambiar\u00e1 radicalmente nuestra manera de entender el g\u00e9nero, la identidad, la sexualidad y la pol\u00edtica cultural. Foucault y la teor\u00eda \u00abqueer\u00bb sobresale como una breve introducci\u00f3n a las fascinantes ideas de Foucault y al desarrollo de la cultura queer con sus propios puntos de vista expl\u00edcitos sobre la heteronormatividad, el sado-masoquismo, el travestismo, el cambio de sexo, el final de los g\u00e9neros, la liberaci\u00f3n en oposici\u00f3n a la diferencia, el capitalismo tard\u00edo y el impacto del sida en las teor\u00edas y las pr\u00e1cticas. \u00ab,<\/p>\n","protected":false},"excerpt":{"rendered":"<p>Michel Foucault es la celebridad m\u00e1s venerada del posestructuralismo franc\u00e9s. Algunos que antes se llamaban lesbianas o gays reivindican con orgullo el insulto homof\u00f3bico \u00abqueer\u00bb. \u00bfQu\u00e9 conexi\u00f3n hay entre estos dos hechos? Este texto es un encuentro contempor\u00e1neo entre las teor\u00edas de Foucault sobre la sexualidad, el poder y el discurso, por un lado y,&hellip;&nbsp;<a href=\"https:\/\/www.casadelectores.com\/index.php\/producto\/foucault-y-la-teoria-queer-premium-34310\/\" rel=\"bookmark\"><span class=\"screen-reader-text\">FOUCAULT Y LA TEOR\u00cdA QUEER Premium<\/span><\/a><\/p>\n","protected":false},"featured_media":34410,"template":"","meta":{"neve_meta_sidebar":"","neve_meta_container":"","neve_meta_enable_content_width":"","neve_meta_content_width":0,"neve_meta_title_alignment":"","neve_meta_author_avatar":"","neve_post_elements_order":"","neve_meta_disable_header":"","neve_meta_disable_footer":"","neve_meta_disable_title":"","_themeisle_gutenberg_block_has_review":false},"product_brand":[],"product_cat":[26],"product_tag":[],"class_list":["post-34310","product","type-product","status-publish","has-post-thumbnail","product_cat-publicaciones-de-libros","first","instock","sale","shipping-taxable","purchasable","product-type-simple"],"yoast_head":"<!-- This site is optimized with the Yoast SEO plugin v26.3 - https:\/\/yoast.com\/wordpress\/plugins\/seo\/ -->\n<title>FOUCAULT Y LA TEOR\u00cdA QUEER Premium - casadelectores<\/title>\n<meta name=\"robots\" content=\"index, follow, max-snippet:-1, max-image-preview:large, max-video-preview:-1\" \/>\n<link rel=\"canonical\" href=\"https:\/\/www.casadelectores.com\/index.php\/producto\/foucault-y-la-teoria-queer-premium-34310\/\" \/>\n<meta property=\"og:locale\" content=\"es_ES\" \/>\n<meta property=\"og:type\" content=\"article\" \/>\n<meta property=\"og:title\" content=\"FOUCAULT Y LA TEOR\u00cdA QUEER Premium - casadelectores\" \/>\n<meta property=\"og:description\" content=\"Michel Foucault es la celebridad m\u00e1s venerada del posestructuralismo franc\u00e9s. Algunos que antes se llamaban lesbianas o gays reivindican con orgullo el insulto homof\u00f3bico \u00abqueer\u00bb. \u00bfQu\u00e9 conexi\u00f3n hay entre estos dos hechos? Este texto es un encuentro contempor\u00e1neo entre las teor\u00edas de Foucault sobre la sexualidad, el poder y el discurso, por un lado y,&hellip;&nbsp;FOUCAULT Y LA TEOR\u00cdA QUEER Premium\" \/>\n<meta property=\"og:url\" content=\"https:\/\/www.casadelectores.com\/index.php\/producto\/foucault-y-la-teoria-queer-premium-34310\/\" \/>\n<meta property=\"og:site_name\" content=\"casadelectores\" \/>\n<meta property=\"og:image\" content=\"https:\/\/www.casadelectores.com\/wp-content\/uploads\/2025\/SK0193800-DE20251119-101116-0-1763518286-978849784050.webp\" \/>\n\t<meta property=\"og:image:width\" content=\"300\" \/>\n\t<meta property=\"og:image:height\" content=\"446\" \/>\n\t<meta property=\"og:image:type\" content=\"image\/webp\" \/>\n<meta name=\"twitter:card\" content=\"summary_large_image\" \/>\n<meta name=\"twitter:label1\" content=\"Tiempo de lectura\" \/>\n\t<meta name=\"twitter:data1\" content=\"1 minuto\" \/>\n<script type=\"application\/ld+json\" class=\"yoast-schema-graph\">{\"@context\":\"https:\/\/schema.org\",\"@graph\":[{\"@type\":\"WebPage\",\"@id\":\"https:\/\/www.casadelectores.com\/index.php\/producto\/foucault-y-la-teoria-queer-premium-34310\/\",\"url\":\"https:\/\/www.casadelectores.com\/index.php\/producto\/foucault-y-la-teoria-queer-premium-34310\/\",\"name\":\"FOUCAULT Y LA TEOR\u00cdA QUEER Premium - casadelectores\",\"isPartOf\":{\"@id\":\"https:\/\/www.casadelectores.com\/#website\"},\"primaryImageOfPage\":{\"@id\":\"https:\/\/www.casadelectores.com\/index.php\/producto\/foucault-y-la-teoria-queer-premium-34310\/#primaryimage\"},\"image\":{\"@id\":\"https:\/\/www.casadelectores.com\/index.php\/producto\/foucault-y-la-teoria-queer-premium-34310\/#primaryimage\"},\"thumbnailUrl\":\"https:\/\/www.casadelectores.com\/wp-content\/uploads\/2025\/SK0193800-DE20251119-101116-0-1763518286-978849784050.webp\",\"datePublished\":\"2025-11-25T09:05:22+00:00\",\"breadcrumb\":{\"@id\":\"https:\/\/www.casadelectores.com\/index.php\/producto\/foucault-y-la-teoria-queer-premium-34310\/#breadcrumb\"},\"inLanguage\":\"es\",\"potentialAction\":[{\"@type\":\"ReadAction\",\"target\":[\"https:\/\/www.casadelectores.com\/index.php\/producto\/foucault-y-la-teoria-queer-premium-34310\/\"]}]},{\"@type\":\"ImageObject\",\"inLanguage\":\"es\",\"@id\":\"https:\/\/www.casadelectores.com\/index.php\/producto\/foucault-y-la-teoria-queer-premium-34310\/#primaryimage\",\"url\":\"https:\/\/www.casadelectores.com\/wp-content\/uploads\/2025\/SK0193800-DE20251119-101116-0-1763518286-978849784050.webp\",\"contentUrl\":\"https:\/\/www.casadelectores.com\/wp-content\/uploads\/2025\/SK0193800-DE20251119-101116-0-1763518286-978849784050.webp\",\"width\":300,\"height\":446},{\"@type\":\"BreadcrumbList\",\"@id\":\"https:\/\/www.casadelectores.com\/index.php\/producto\/foucault-y-la-teoria-queer-premium-34310\/#breadcrumb\",\"itemListElement\":[{\"@type\":\"ListItem\",\"position\":1,\"name\":\"Portada\",\"item\":\"https:\/\/www.casadelectores.com\/\"},{\"@type\":\"ListItem\",\"position\":2,\"name\":\"Shop\",\"item\":\"https:\/\/www.casadelectores.com\/index.php\/shop\/\"},{\"@type\":\"ListItem\",\"position\":3,\"name\":\"FOUCAULT Y LA TEOR\u00cdA QUEER Premium\"}]},{\"@type\":\"WebSite\",\"@id\":\"https:\/\/www.casadelectores.com\/#website\",\"url\":\"https:\/\/www.casadelectores.com\/\",\"name\":\"Enam\u00f3rate de las compras\",\"description\":\"\",\"publisher\":{\"@id\":\"https:\/\/www.casadelectores.com\/#organization\"},\"potentialAction\":[{\"@type\":\"SearchAction\",\"target\":{\"@type\":\"EntryPoint\",\"urlTemplate\":\"https:\/\/www.casadelectores.com\/?s={search_term_string}\"},\"query-input\":{\"@type\":\"PropertyValueSpecification\",\"valueRequired\":true,\"valueName\":\"search_term_string\"}}],\"inLanguage\":\"es\"},{\"@type\":\"Organization\",\"@id\":\"https:\/\/www.casadelectores.com\/#organization\",\"name\":\"Enam\u00f3rate de las compras\",\"url\":\"https:\/\/www.casadelectores.com\/\",\"logo\":{\"@type\":\"ImageObject\",\"inLanguage\":\"es\",\"@id\":\"https:\/\/www.casadelectores.com\/#\/schema\/logo\/image\/\",\"url\":\"https:\/\/www.casadelectores.com\/wp-content\/uploads\/2020\/10\/shop-icon.png\",\"contentUrl\":\"https:\/\/www.casadelectores.com\/wp-content\/uploads\/2020\/10\/shop-icon.png\",\"width\":512,\"height\":512,\"caption\":\"Enam\u00f3rate de las compras\"},\"image\":{\"@id\":\"https:\/\/www.casadelectores.com\/#\/schema\/logo\/image\/\"}}]}<\/script>\n<!-- \/ Yoast SEO plugin. -->","yoast_head_json":{"title":"FOUCAULT Y LA TEOR\u00cdA QUEER Premium - casadelectores","robots":{"index":"index","follow":"follow","max-snippet":"max-snippet:-1","max-image-preview":"max-image-preview:large","max-video-preview":"max-video-preview:-1"},"canonical":"https:\/\/www.casadelectores.com\/index.php\/producto\/foucault-y-la-teoria-queer-premium-34310\/","og_locale":"es_ES","og_type":"article","og_title":"FOUCAULT Y LA TEOR\u00cdA QUEER Premium - casadelectores","og_description":"Michel Foucault es la celebridad m\u00e1s venerada del posestructuralismo franc\u00e9s. Algunos que antes se llamaban lesbianas o gays reivindican con orgullo el insulto homof\u00f3bico \u00abqueer\u00bb. \u00bfQu\u00e9 conexi\u00f3n hay entre estos dos hechos? Este texto es un encuentro contempor\u00e1neo entre las teor\u00edas de Foucault sobre la sexualidad, el poder y el discurso, por un lado y,&hellip;&nbsp;FOUCAULT Y LA TEOR\u00cdA QUEER Premium","og_url":"https:\/\/www.casadelectores.com\/index.php\/producto\/foucault-y-la-teoria-queer-premium-34310\/","og_site_name":"casadelectores","og_image":[{"width":300,"height":446,"url":"https:\/\/www.casadelectores.com\/wp-content\/uploads\/2025\/SK0193800-DE20251119-101116-0-1763518286-978849784050.webp","type":"image\/webp"}],"twitter_card":"summary_large_image","twitter_misc":{"Tiempo de lectura":"1 minuto"},"schema":{"@context":"https:\/\/schema.org","@graph":[{"@type":"WebPage","@id":"https:\/\/www.casadelectores.com\/index.php\/producto\/foucault-y-la-teoria-queer-premium-34310\/","url":"https:\/\/www.casadelectores.com\/index.php\/producto\/foucault-y-la-teoria-queer-premium-34310\/","name":"FOUCAULT Y LA TEOR\u00cdA QUEER Premium - casadelectores","isPartOf":{"@id":"https:\/\/www.casadelectores.com\/#website"},"primaryImageOfPage":{"@id":"https:\/\/www.casadelectores.com\/index.php\/producto\/foucault-y-la-teoria-queer-premium-34310\/#primaryimage"},"image":{"@id":"https:\/\/www.casadelectores.com\/index.php\/producto\/foucault-y-la-teoria-queer-premium-34310\/#primaryimage"},"thumbnailUrl":"https:\/\/www.casadelectores.com\/wp-content\/uploads\/2025\/SK0193800-DE20251119-101116-0-1763518286-978849784050.webp","datePublished":"2025-11-25T09:05:22+00:00","breadcrumb":{"@id":"https:\/\/www.casadelectores.com\/index.php\/producto\/foucault-y-la-teoria-queer-premium-34310\/#breadcrumb"},"inLanguage":"es","potentialAction":[{"@type":"ReadAction","target":["https:\/\/www.casadelectores.com\/index.php\/producto\/foucault-y-la-teoria-queer-premium-34310\/"]}]},{"@type":"ImageObject","inLanguage":"es","@id":"https:\/\/www.casadelectores.com\/index.php\/producto\/foucault-y-la-teoria-queer-premium-34310\/#primaryimage","url":"https:\/\/www.casadelectores.com\/wp-content\/uploads\/2025\/SK0193800-DE20251119-101116-0-1763518286-978849784050.webp","contentUrl":"https:\/\/www.casadelectores.com\/wp-content\/uploads\/2025\/SK0193800-DE20251119-101116-0-1763518286-978849784050.webp","width":300,"height":446},{"@type":"BreadcrumbList","@id":"https:\/\/www.casadelectores.com\/index.php\/producto\/foucault-y-la-teoria-queer-premium-34310\/#breadcrumb","itemListElement":[{"@type":"ListItem","position":1,"name":"Portada","item":"https:\/\/www.casadelectores.com\/"},{"@type":"ListItem","position":2,"name":"Shop","item":"https:\/\/www.casadelectores.com\/index.php\/shop\/"},{"@type":"ListItem","position":3,"name":"FOUCAULT Y LA TEOR\u00cdA QUEER Premium"}]},{"@type":"WebSite","@id":"https:\/\/www.casadelectores.com\/#website","url":"https:\/\/www.casadelectores.com\/","name":"Enam\u00f3rate de las compras","description":"","publisher":{"@id":"https:\/\/www.casadelectores.com\/#organization"},"potentialAction":[{"@type":"SearchAction","target":{"@type":"EntryPoint","urlTemplate":"https:\/\/www.casadelectores.com\/?s={search_term_string}"},"query-input":{"@type":"PropertyValueSpecification","valueRequired":true,"valueName":"search_term_string"}}],"inLanguage":"es"},{"@type":"Organization","@id":"https:\/\/www.casadelectores.com\/#organization","name":"Enam\u00f3rate de las compras","url":"https:\/\/www.casadelectores.com\/","logo":{"@type":"ImageObject","inLanguage":"es","@id":"https:\/\/www.casadelectores.com\/#\/schema\/logo\/image\/","url":"https:\/\/www.casadelectores.com\/wp-content\/uploads\/2020\/10\/shop-icon.png","contentUrl":"https:\/\/www.casadelectores.com\/wp-content\/uploads\/2020\/10\/shop-icon.png","width":512,"height":512,"caption":"Enam\u00f3rate de las compras"},"image":{"@id":"https:\/\/www.casadelectores.com\/#\/schema\/logo\/image\/"}}]}},"_links":{"self":[{"href":"https:\/\/www.casadelectores.com\/index.php\/wp-json\/wp\/v2\/product\/34310","targetHints":{"allow":["GET"]}}],"collection":[{"href":"https:\/\/www.casadelectores.com\/index.php\/wp-json\/wp\/v2\/product"}],"about":[{"href":"https:\/\/www.casadelectores.com\/index.php\/wp-json\/wp\/v2\/types\/product"}],"wp:featuredmedia":[{"embeddable":true,"href":"https:\/\/www.casadelectores.com\/index.php\/wp-json\/wp\/v2\/media\/34410"}],"wp:attachment":[{"href":"https:\/\/www.casadelectores.com\/index.php\/wp-json\/wp\/v2\/media?parent=34310"}],"wp:term":[{"taxonomy":"product_brand","embeddable":true,"href":"https:\/\/www.casadelectores.com\/index.php\/wp-json\/wp\/v2\/product_brand?post=34310"},{"taxonomy":"product_cat","embeddable":true,"href":"https:\/\/www.casadelectores.com\/index.php\/wp-json\/wp\/v2\/product_cat?post=34310"},{"taxonomy":"product_tag","embeddable":true,"href":"https:\/\/www.casadelectores.com\/index.php\/wp-json\/wp\/v2\/product_tag?post=34310"}],"curies":[{"name":"wp","href":"https:\/\/api.w.org\/{rel}","templated":true}]}}