{"id":33959,"date":"2025-11-25T09:05:21","date_gmt":"2025-11-25T09:05:21","guid":{"rendered":""},"modified":"2025-11-25T09:05:21","modified_gmt":"2025-11-25T09:05:21","slug":"finale-aktion-introduccion-a-la-filosofia-analitica-33959","status":"publish","type":"product","link":"https:\/\/www.casadelectores.com\/index.php\/producto\/finale-aktion-introduccion-a-la-filosofia-analitica-33959\/","title":{"rendered":"Finale Aktion INTRODUCCI\u00d3N A LA FILOSOF\u00cdA ANAL\u00cdTICA"},"content":{"rendered":"<p>Hasta la d\u00e9cada de 1980, la filosof\u00eda anal\u00edtica del lenguaje no ten\u00eda un prestigio especial en la Europa continental. Se la consideraba como buena herramienta de la l\u00f3gica y la teor\u00eda de la ciencia pero, fuera de \u00e9stas, como juego sofisticado e in\u00fatil.Inspirada en la l\u00f3gica filos\u00f3fica del C\u00edrculo de Viena y en el an\u00e1lisis del lenguaje de Wittgenstein, la filosof\u00eda anal\u00edtica se entendi\u00f3 como tradici\u00f3n aparte y volvi\u00f3 la espalda a la filosof\u00eda tradicional europea, a la que calificaba como pura narraci\u00f3n de historias sin valor cient\u00edfico e imposibles de probar l\u00f3gicamente.En su Introducci\u00f3n a la filosof\u00eda anal\u00edtica, Ernst Tugendhat se propone superar este distanciamiento al mostrar que la \u00abprimera filosof\u00eda\u00bb, es decir, la antigua ontolog\u00eda y la moderna filosof\u00eda trascendental, s\u00f3lo se pueden renovar desde la base de la filosof\u00eda anal\u00edtica del lenguaje. El trabajo con las nociones tradiciones \u0096como a priori, ser, objeto, verdad o raz\u00f3n\u0096 obliga a admitirlo cuando se intenta definir estos conceptos con una precisi\u00f3n mayor de la alcanzable con los medios tradicionales.Emprendiendo este camino, que lleva de la posici\u00f3n fundamental tradicional a la filosof\u00eda anal\u00edtica, Ernst Tugendhat sugiere que esta \u00faltima tambi\u00e9n saldr\u00e1 ganando si se somete a un proceso de reflexi\u00f3n acerca de sus m\u00e9todos y preguntas fundamentales, pues una investigaci\u00f3n rigurosa demuestra que la filosof\u00eda anal\u00edtica se ocupa de una cuesti\u00f3n que est\u00e1 en la base de toda filosof\u00eda: la aclaraci\u00f3n del uso del lenguaje y de los conceptos.Esta obra sigue siendo \u00fanica en su enfoque porque propone un nuevo camino de acercamiento entre las dos corrientes principales de la filosof\u00eda, lo que puede dar un vigor innovador a ambas. \u00ab,<\/p>\n","protected":false},"excerpt":{"rendered":"<p>Hasta la d\u00e9cada de 1980, la filosof\u00eda anal\u00edtica del lenguaje no ten\u00eda un prestigio especial en la Europa continental. Se la consideraba como buena herramienta de la l\u00f3gica y la teor\u00eda de la ciencia pero, fuera de \u00e9stas, como juego sofisticado e in\u00fatil.Inspirada en la l\u00f3gica filos\u00f3fica del C\u00edrculo de Viena y en el an\u00e1lisis&hellip;&nbsp;<a href=\"https:\/\/www.casadelectores.com\/index.php\/producto\/finale-aktion-introduccion-a-la-filosofia-analitica-33959\/\" rel=\"bookmark\"><span class=\"screen-reader-text\">Finale Aktion INTRODUCCI\u00d3N A LA FILOSOF\u00cdA ANAL\u00cdTICA<\/span><\/a><\/p>\n","protected":false},"featured_media":34059,"template":"","meta":{"neve_meta_sidebar":"","neve_meta_container":"","neve_meta_enable_content_width":"","neve_meta_content_width":0,"neve_meta_title_alignment":"","neve_meta_author_avatar":"","neve_post_elements_order":"","neve_meta_disable_header":"","neve_meta_disable_footer":"","neve_meta_disable_title":"","_themeisle_gutenberg_block_has_review":false},"product_brand":[],"product_cat":[26],"product_tag":[],"class_list":["post-33959","product","type-product","status-publish","has-post-thumbnail","product_cat-publicaciones-de-libros","first","instock","sale","shipping-taxable","purchasable","product-type-simple"],"yoast_head":"<!-- This site is optimized with the Yoast SEO plugin v26.3 - https:\/\/yoast.com\/wordpress\/plugins\/seo\/ -->\n<title>Finale Aktion INTRODUCCI\u00d3N A LA FILOSOF\u00cdA ANAL\u00cdTICA - casadelectores<\/title>\n<meta name=\"robots\" content=\"index, follow, max-snippet:-1, max-image-preview:large, max-video-preview:-1\" \/>\n<link rel=\"canonical\" href=\"https:\/\/www.casadelectores.com\/index.php\/producto\/finale-aktion-introduccion-a-la-filosofia-analitica-33959\/\" \/>\n<meta property=\"og:locale\" content=\"es_ES\" \/>\n<meta property=\"og:type\" content=\"article\" \/>\n<meta property=\"og:title\" content=\"Finale Aktion INTRODUCCI\u00d3N A LA FILOSOF\u00cdA ANAL\u00cdTICA - casadelectores\" \/>\n<meta property=\"og:description\" content=\"Hasta la d\u00e9cada de 1980, la filosof\u00eda anal\u00edtica del lenguaje no ten\u00eda un prestigio especial en la Europa continental. Se la consideraba como buena herramienta de la l\u00f3gica y la teor\u00eda de la ciencia pero, fuera de \u00e9stas, como juego sofisticado e in\u00fatil.Inspirada en la l\u00f3gica filos\u00f3fica del C\u00edrculo de Viena y en el an\u00e1lisis&hellip;&nbsp;Finale Aktion INTRODUCCI\u00d3N A LA FILOSOF\u00cdA ANAL\u00cdTICA\" \/>\n<meta property=\"og:url\" content=\"https:\/\/www.casadelectores.com\/index.php\/producto\/finale-aktion-introduccion-a-la-filosofia-analitica-33959\/\" \/>\n<meta property=\"og:site_name\" content=\"casadelectores\" \/>\n<meta property=\"og:image\" content=\"https:\/\/www.casadelectores.com\/wp-content\/uploads\/2025\/SK0193646-DE20251119-101116-0-1763518286-978847432904.webp\" \/>\n\t<meta property=\"og:image:width\" content=\"300\" \/>\n\t<meta property=\"og:image:height\" content=\"444\" \/>\n\t<meta property=\"og:image:type\" content=\"image\/webp\" \/>\n<meta name=\"twitter:card\" content=\"summary_large_image\" \/>\n<meta name=\"twitter:label1\" content=\"Tiempo de lectura\" \/>\n\t<meta name=\"twitter:data1\" content=\"2 minutos\" \/>\n<script type=\"application\/ld+json\" class=\"yoast-schema-graph\">{\"@context\":\"https:\/\/schema.org\",\"@graph\":[{\"@type\":\"WebPage\",\"@id\":\"https:\/\/www.casadelectores.com\/index.php\/producto\/finale-aktion-introduccion-a-la-filosofia-analitica-33959\/\",\"url\":\"https:\/\/www.casadelectores.com\/index.php\/producto\/finale-aktion-introduccion-a-la-filosofia-analitica-33959\/\",\"name\":\"Finale Aktion INTRODUCCI\u00d3N A LA FILOSOF\u00cdA ANAL\u00cdTICA - casadelectores\",\"isPartOf\":{\"@id\":\"https:\/\/www.casadelectores.com\/#website\"},\"primaryImageOfPage\":{\"@id\":\"https:\/\/www.casadelectores.com\/index.php\/producto\/finale-aktion-introduccion-a-la-filosofia-analitica-33959\/#primaryimage\"},\"image\":{\"@id\":\"https:\/\/www.casadelectores.com\/index.php\/producto\/finale-aktion-introduccion-a-la-filosofia-analitica-33959\/#primaryimage\"},\"thumbnailUrl\":\"https:\/\/www.casadelectores.com\/wp-content\/uploads\/2025\/SK0193646-DE20251119-101116-0-1763518286-978847432904.webp\",\"datePublished\":\"2025-11-25T09:05:21+00:00\",\"breadcrumb\":{\"@id\":\"https:\/\/www.casadelectores.com\/index.php\/producto\/finale-aktion-introduccion-a-la-filosofia-analitica-33959\/#breadcrumb\"},\"inLanguage\":\"es\",\"potentialAction\":[{\"@type\":\"ReadAction\",\"target\":[\"https:\/\/www.casadelectores.com\/index.php\/producto\/finale-aktion-introduccion-a-la-filosofia-analitica-33959\/\"]}]},{\"@type\":\"ImageObject\",\"inLanguage\":\"es\",\"@id\":\"https:\/\/www.casadelectores.com\/index.php\/producto\/finale-aktion-introduccion-a-la-filosofia-analitica-33959\/#primaryimage\",\"url\":\"https:\/\/www.casadelectores.com\/wp-content\/uploads\/2025\/SK0193646-DE20251119-101116-0-1763518286-978847432904.webp\",\"contentUrl\":\"https:\/\/www.casadelectores.com\/wp-content\/uploads\/2025\/SK0193646-DE20251119-101116-0-1763518286-978847432904.webp\",\"width\":300,\"height\":444},{\"@type\":\"BreadcrumbList\",\"@id\":\"https:\/\/www.casadelectores.com\/index.php\/producto\/finale-aktion-introduccion-a-la-filosofia-analitica-33959\/#breadcrumb\",\"itemListElement\":[{\"@type\":\"ListItem\",\"position\":1,\"name\":\"Portada\",\"item\":\"https:\/\/www.casadelectores.com\/\"},{\"@type\":\"ListItem\",\"position\":2,\"name\":\"Shop\",\"item\":\"https:\/\/www.casadelectores.com\/index.php\/shop\/\"},{\"@type\":\"ListItem\",\"position\":3,\"name\":\"Finale Aktion INTRODUCCI\u00d3N A LA FILOSOF\u00cdA ANAL\u00cdTICA\"}]},{\"@type\":\"WebSite\",\"@id\":\"https:\/\/www.casadelectores.com\/#website\",\"url\":\"https:\/\/www.casadelectores.com\/\",\"name\":\"Enam\u00f3rate de las compras\",\"description\":\"\",\"publisher\":{\"@id\":\"https:\/\/www.casadelectores.com\/#organization\"},\"potentialAction\":[{\"@type\":\"SearchAction\",\"target\":{\"@type\":\"EntryPoint\",\"urlTemplate\":\"https:\/\/www.casadelectores.com\/?s={search_term_string}\"},\"query-input\":{\"@type\":\"PropertyValueSpecification\",\"valueRequired\":true,\"valueName\":\"search_term_string\"}}],\"inLanguage\":\"es\"},{\"@type\":\"Organization\",\"@id\":\"https:\/\/www.casadelectores.com\/#organization\",\"name\":\"Enam\u00f3rate de las compras\",\"url\":\"https:\/\/www.casadelectores.com\/\",\"logo\":{\"@type\":\"ImageObject\",\"inLanguage\":\"es\",\"@id\":\"https:\/\/www.casadelectores.com\/#\/schema\/logo\/image\/\",\"url\":\"https:\/\/www.casadelectores.com\/wp-content\/uploads\/2020\/10\/shop-icon.png\",\"contentUrl\":\"https:\/\/www.casadelectores.com\/wp-content\/uploads\/2020\/10\/shop-icon.png\",\"width\":512,\"height\":512,\"caption\":\"Enam\u00f3rate de las compras\"},\"image\":{\"@id\":\"https:\/\/www.casadelectores.com\/#\/schema\/logo\/image\/\"}}]}<\/script>\n<!-- \/ Yoast SEO plugin. -->","yoast_head_json":{"title":"Finale Aktion INTRODUCCI\u00d3N A LA FILOSOF\u00cdA ANAL\u00cdTICA - casadelectores","robots":{"index":"index","follow":"follow","max-snippet":"max-snippet:-1","max-image-preview":"max-image-preview:large","max-video-preview":"max-video-preview:-1"},"canonical":"https:\/\/www.casadelectores.com\/index.php\/producto\/finale-aktion-introduccion-a-la-filosofia-analitica-33959\/","og_locale":"es_ES","og_type":"article","og_title":"Finale Aktion INTRODUCCI\u00d3N A LA FILOSOF\u00cdA ANAL\u00cdTICA - casadelectores","og_description":"Hasta la d\u00e9cada de 1980, la filosof\u00eda anal\u00edtica del lenguaje no ten\u00eda un prestigio especial en la Europa continental. Se la consideraba como buena herramienta de la l\u00f3gica y la teor\u00eda de la ciencia pero, fuera de \u00e9stas, como juego sofisticado e in\u00fatil.Inspirada en la l\u00f3gica filos\u00f3fica del C\u00edrculo de Viena y en el an\u00e1lisis&hellip;&nbsp;Finale Aktion INTRODUCCI\u00d3N A LA FILOSOF\u00cdA ANAL\u00cdTICA","og_url":"https:\/\/www.casadelectores.com\/index.php\/producto\/finale-aktion-introduccion-a-la-filosofia-analitica-33959\/","og_site_name":"casadelectores","og_image":[{"width":300,"height":444,"url":"https:\/\/www.casadelectores.com\/wp-content\/uploads\/2025\/SK0193646-DE20251119-101116-0-1763518286-978847432904.webp","type":"image\/webp"}],"twitter_card":"summary_large_image","twitter_misc":{"Tiempo de lectura":"2 minutos"},"schema":{"@context":"https:\/\/schema.org","@graph":[{"@type":"WebPage","@id":"https:\/\/www.casadelectores.com\/index.php\/producto\/finale-aktion-introduccion-a-la-filosofia-analitica-33959\/","url":"https:\/\/www.casadelectores.com\/index.php\/producto\/finale-aktion-introduccion-a-la-filosofia-analitica-33959\/","name":"Finale Aktion INTRODUCCI\u00d3N A LA FILOSOF\u00cdA ANAL\u00cdTICA - casadelectores","isPartOf":{"@id":"https:\/\/www.casadelectores.com\/#website"},"primaryImageOfPage":{"@id":"https:\/\/www.casadelectores.com\/index.php\/producto\/finale-aktion-introduccion-a-la-filosofia-analitica-33959\/#primaryimage"},"image":{"@id":"https:\/\/www.casadelectores.com\/index.php\/producto\/finale-aktion-introduccion-a-la-filosofia-analitica-33959\/#primaryimage"},"thumbnailUrl":"https:\/\/www.casadelectores.com\/wp-content\/uploads\/2025\/SK0193646-DE20251119-101116-0-1763518286-978847432904.webp","datePublished":"2025-11-25T09:05:21+00:00","breadcrumb":{"@id":"https:\/\/www.casadelectores.com\/index.php\/producto\/finale-aktion-introduccion-a-la-filosofia-analitica-33959\/#breadcrumb"},"inLanguage":"es","potentialAction":[{"@type":"ReadAction","target":["https:\/\/www.casadelectores.com\/index.php\/producto\/finale-aktion-introduccion-a-la-filosofia-analitica-33959\/"]}]},{"@type":"ImageObject","inLanguage":"es","@id":"https:\/\/www.casadelectores.com\/index.php\/producto\/finale-aktion-introduccion-a-la-filosofia-analitica-33959\/#primaryimage","url":"https:\/\/www.casadelectores.com\/wp-content\/uploads\/2025\/SK0193646-DE20251119-101116-0-1763518286-978847432904.webp","contentUrl":"https:\/\/www.casadelectores.com\/wp-content\/uploads\/2025\/SK0193646-DE20251119-101116-0-1763518286-978847432904.webp","width":300,"height":444},{"@type":"BreadcrumbList","@id":"https:\/\/www.casadelectores.com\/index.php\/producto\/finale-aktion-introduccion-a-la-filosofia-analitica-33959\/#breadcrumb","itemListElement":[{"@type":"ListItem","position":1,"name":"Portada","item":"https:\/\/www.casadelectores.com\/"},{"@type":"ListItem","position":2,"name":"Shop","item":"https:\/\/www.casadelectores.com\/index.php\/shop\/"},{"@type":"ListItem","position":3,"name":"Finale Aktion INTRODUCCI\u00d3N A LA FILOSOF\u00cdA ANAL\u00cdTICA"}]},{"@type":"WebSite","@id":"https:\/\/www.casadelectores.com\/#website","url":"https:\/\/www.casadelectores.com\/","name":"Enam\u00f3rate de las compras","description":"","publisher":{"@id":"https:\/\/www.casadelectores.com\/#organization"},"potentialAction":[{"@type":"SearchAction","target":{"@type":"EntryPoint","urlTemplate":"https:\/\/www.casadelectores.com\/?s={search_term_string}"},"query-input":{"@type":"PropertyValueSpecification","valueRequired":true,"valueName":"search_term_string"}}],"inLanguage":"es"},{"@type":"Organization","@id":"https:\/\/www.casadelectores.com\/#organization","name":"Enam\u00f3rate de las compras","url":"https:\/\/www.casadelectores.com\/","logo":{"@type":"ImageObject","inLanguage":"es","@id":"https:\/\/www.casadelectores.com\/#\/schema\/logo\/image\/","url":"https:\/\/www.casadelectores.com\/wp-content\/uploads\/2020\/10\/shop-icon.png","contentUrl":"https:\/\/www.casadelectores.com\/wp-content\/uploads\/2020\/10\/shop-icon.png","width":512,"height":512,"caption":"Enam\u00f3rate de las compras"},"image":{"@id":"https:\/\/www.casadelectores.com\/#\/schema\/logo\/image\/"}}]}},"_links":{"self":[{"href":"https:\/\/www.casadelectores.com\/index.php\/wp-json\/wp\/v2\/product\/33959","targetHints":{"allow":["GET"]}}],"collection":[{"href":"https:\/\/www.casadelectores.com\/index.php\/wp-json\/wp\/v2\/product"}],"about":[{"href":"https:\/\/www.casadelectores.com\/index.php\/wp-json\/wp\/v2\/types\/product"}],"wp:featuredmedia":[{"embeddable":true,"href":"https:\/\/www.casadelectores.com\/index.php\/wp-json\/wp\/v2\/media\/34059"}],"wp:attachment":[{"href":"https:\/\/www.casadelectores.com\/index.php\/wp-json\/wp\/v2\/media?parent=33959"}],"wp:term":[{"taxonomy":"product_brand","embeddable":true,"href":"https:\/\/www.casadelectores.com\/index.php\/wp-json\/wp\/v2\/product_brand?post=33959"},{"taxonomy":"product_cat","embeddable":true,"href":"https:\/\/www.casadelectores.com\/index.php\/wp-json\/wp\/v2\/product_cat?post=33959"},{"taxonomy":"product_tag","embeddable":true,"href":"https:\/\/www.casadelectores.com\/index.php\/wp-json\/wp\/v2\/product_tag?post=33959"}],"curies":[{"name":"wp","href":"https:\/\/api.w.org\/{rel}","templated":true}]}}