{"id":33576,"date":"2025-11-25T09:05:20","date_gmt":"2025-11-25T09:05:20","guid":{"rendered":""},"modified":"2025-11-25T09:05:20","modified_gmt":"2025-11-25T09:05:20","slug":"espacios-publicos-en-imagenes-beliebt-33576","status":"publish","type":"product","link":"https:\/\/www.casadelectores.com\/index.php\/producto\/espacios-publicos-en-imagenes-beliebt-33576\/","title":{"rendered":"ESPACIOS PUBLICOS EN IMAGENES Beliebt"},"content":{"rendered":"<p>\u00ab. . . La imagen fija y luego animada de la cual desconf\u00eda la cultura occidental ya desde la \u00e9poca de los griegos, ha triunfado definitivamente. Omnipresente en la vida privada tanto como en la vida p\u00fablica, la imagen organiza los destinos, hace y deshace los poderes, extiende hasta el infinito las fronteras de lo imaginario y amalgama definitivamente la realidad, la ficci\u00f3n y la virtualidad&#8230;. La civilizaci\u00f3n de la imagen ha creado finalmente al hombre de im\u00e1genes\u00bb (Dominique Wolton). No hay que tomar este hecho con optimismo ni con pesimismo, sino analizar cr\u00edticamente de qu\u00e9 manera se entrelazan en este imperio de la imagen los recursos, las intenciones y lo imaginario de los productores, c\u00f3mo se escenifican los hechos en la transmisi\u00f3n y hasta qu\u00e9 punto los receptores tienen recursos para hacer uso de su libertad de opini\u00f3n. La primera parte del volumen ofrece reflexiones sobre el estatuto de la imagen, sobre sus condiciones analizadas desde puntos de vista est\u00e9ticos, semiol\u00f3gicos, ideol\u00f3gicos, pol\u00edticos y jur\u00eddicos. En la segunda parte se analizan los usos de im\u00e1genes en algunos grandes acontecimientos de la actualidad, como la Guerra del Golfo vista desde Estados Unidos y desde Ginebra, el cambio pol\u00edtico de la antigua RDA y las cumbres Reagan-Gorbachev. La tercera parte estudia las escenificaciones medi\u00e1ticas de acontecimientos pol\u00edticos y su funci\u00f3n como espacio p\u00fablico. \u00abEn el pasado la imagen fue &#8230; el medio esencial de comunicaci\u00f3n entre las diversas categor\u00edas sociales. En cambio en el mundo actual es un recurso que se disputan una multiplicidad de medios de comunicaci\u00f3n&#8230; De la sucesi\u00f3n de trabajos del presente volumen se desprende una conclusi\u00f3n: las im\u00e1genes de la televisi\u00f3n, aun siendo llamativas y espectaculares, a veces son contradictorias, poco cre\u00edbles y finalmente poco apremiantes. As\u00ed, este volumen ataca la falsedad de las teor\u00edas tecnicistas y del lugar com\u00fan que sostiene la omnipotencia de la imagen\u00bb (Isabelle Veyrat-Masson). Los autores de este volumen son:  John Durham Peters y Eric W. Rothenbuhler John, Eliseo Ver\u00f3n, Dominique Mehl, John David Viera, Dan Hallin, Marc Ferro, Dominique Wolton, Daniele Caramani, V\u00e9ronique Mottier, William Ossipow, Kurt Hesse, Paolo Mancini, Marie-Fran\u00e7oise L\u00e9vy, Peter Dahlgen, Jean Mouchon, Michel Gheude, Agn\u00e8s Chauveau, Michael Schudson, Philippe Marion \u00ab,<\/p>\n","protected":false},"excerpt":{"rendered":"<p>\u00ab. . . La imagen fija y luego animada de la cual desconf\u00eda la cultura occidental ya desde la \u00e9poca de los griegos, ha triunfado definitivamente. Omnipresente en la vida privada tanto como en la vida p\u00fablica, la imagen organiza los destinos, hace y deshace los poderes, extiende hasta el infinito las fronteras de lo&hellip;&nbsp;<a href=\"https:\/\/www.casadelectores.com\/index.php\/producto\/espacios-publicos-en-imagenes-beliebt-33576\/\" rel=\"bookmark\"><span class=\"screen-reader-text\">ESPACIOS PUBLICOS EN IMAGENES Beliebt<\/span><\/a><\/p>\n","protected":false},"featured_media":33676,"template":"","meta":{"neve_meta_sidebar":"","neve_meta_container":"","neve_meta_enable_content_width":"","neve_meta_content_width":0,"neve_meta_title_alignment":"","neve_meta_author_avatar":"","neve_post_elements_order":"","neve_meta_disable_header":"","neve_meta_disable_footer":"","neve_meta_disable_title":"","_themeisle_gutenberg_block_has_review":false},"product_brand":[],"product_cat":[26],"product_tag":[],"class_list":["post-33576","product","type-product","status-publish","has-post-thumbnail","product_cat-publicaciones-de-libros","first","instock","sale","shipping-taxable","purchasable","product-type-simple"],"yoast_head":"<!-- This site is optimized with the Yoast SEO plugin v26.3 - https:\/\/yoast.com\/wordpress\/plugins\/seo\/ -->\n<title>ESPACIOS PUBLICOS EN IMAGENES Beliebt - casadelectores<\/title>\n<meta name=\"robots\" content=\"index, follow, max-snippet:-1, max-image-preview:large, max-video-preview:-1\" \/>\n<link rel=\"canonical\" href=\"https:\/\/www.casadelectores.com\/index.php\/producto\/espacios-publicos-en-imagenes-beliebt-33576\/\" \/>\n<meta property=\"og:locale\" content=\"es_ES\" \/>\n<meta property=\"og:type\" content=\"article\" \/>\n<meta property=\"og:title\" content=\"ESPACIOS PUBLICOS EN IMAGENES Beliebt - casadelectores\" \/>\n<meta property=\"og:description\" content=\"\u00ab. . . La imagen fija y luego animada de la cual desconf\u00eda la cultura occidental ya desde la \u00e9poca de los griegos, ha triunfado definitivamente. Omnipresente en la vida privada tanto como en la vida p\u00fablica, la imagen organiza los destinos, hace y deshace los poderes, extiende hasta el infinito las fronteras de lo&hellip;&nbsp;ESPACIOS PUBLICOS EN IMAGENES Beliebt\" \/>\n<meta property=\"og:url\" content=\"https:\/\/www.casadelectores.com\/index.php\/producto\/espacios-publicos-en-imagenes-beliebt-33576\/\" \/>\n<meta property=\"og:site_name\" content=\"casadelectores\" \/>\n<meta property=\"og:image\" content=\"https:\/\/www.casadelectores.com\/wp-content\/uploads\/2025\/SK0193463-DE20251119-101116-0-1763518286-978847432624.webp\" \/>\n\t<meta property=\"og:image:width\" content=\"100\" \/>\n\t<meta property=\"og:image:height\" content=\"150\" \/>\n\t<meta property=\"og:image:type\" content=\"image\/webp\" \/>\n<meta name=\"twitter:card\" content=\"summary_large_image\" \/>\n<meta name=\"twitter:label1\" content=\"Tiempo de lectura\" \/>\n\t<meta name=\"twitter:data1\" content=\"2 minutos\" \/>\n<script type=\"application\/ld+json\" class=\"yoast-schema-graph\">{\"@context\":\"https:\/\/schema.org\",\"@graph\":[{\"@type\":\"WebPage\",\"@id\":\"https:\/\/www.casadelectores.com\/index.php\/producto\/espacios-publicos-en-imagenes-beliebt-33576\/\",\"url\":\"https:\/\/www.casadelectores.com\/index.php\/producto\/espacios-publicos-en-imagenes-beliebt-33576\/\",\"name\":\"ESPACIOS PUBLICOS EN IMAGENES Beliebt - casadelectores\",\"isPartOf\":{\"@id\":\"https:\/\/www.casadelectores.com\/#website\"},\"primaryImageOfPage\":{\"@id\":\"https:\/\/www.casadelectores.com\/index.php\/producto\/espacios-publicos-en-imagenes-beliebt-33576\/#primaryimage\"},\"image\":{\"@id\":\"https:\/\/www.casadelectores.com\/index.php\/producto\/espacios-publicos-en-imagenes-beliebt-33576\/#primaryimage\"},\"thumbnailUrl\":\"https:\/\/www.casadelectores.com\/wp-content\/uploads\/2025\/SK0193463-DE20251119-101116-0-1763518286-978847432624.webp\",\"datePublished\":\"2025-11-25T09:05:20+00:00\",\"breadcrumb\":{\"@id\":\"https:\/\/www.casadelectores.com\/index.php\/producto\/espacios-publicos-en-imagenes-beliebt-33576\/#breadcrumb\"},\"inLanguage\":\"es\",\"potentialAction\":[{\"@type\":\"ReadAction\",\"target\":[\"https:\/\/www.casadelectores.com\/index.php\/producto\/espacios-publicos-en-imagenes-beliebt-33576\/\"]}]},{\"@type\":\"ImageObject\",\"inLanguage\":\"es\",\"@id\":\"https:\/\/www.casadelectores.com\/index.php\/producto\/espacios-publicos-en-imagenes-beliebt-33576\/#primaryimage\",\"url\":\"https:\/\/www.casadelectores.com\/wp-content\/uploads\/2025\/SK0193463-DE20251119-101116-0-1763518286-978847432624.webp\",\"contentUrl\":\"https:\/\/www.casadelectores.com\/wp-content\/uploads\/2025\/SK0193463-DE20251119-101116-0-1763518286-978847432624.webp\",\"width\":100,\"height\":150},{\"@type\":\"BreadcrumbList\",\"@id\":\"https:\/\/www.casadelectores.com\/index.php\/producto\/espacios-publicos-en-imagenes-beliebt-33576\/#breadcrumb\",\"itemListElement\":[{\"@type\":\"ListItem\",\"position\":1,\"name\":\"Portada\",\"item\":\"https:\/\/www.casadelectores.com\/\"},{\"@type\":\"ListItem\",\"position\":2,\"name\":\"Shop\",\"item\":\"https:\/\/www.casadelectores.com\/index.php\/shop\/\"},{\"@type\":\"ListItem\",\"position\":3,\"name\":\"ESPACIOS PUBLICOS EN IMAGENES Beliebt\"}]},{\"@type\":\"WebSite\",\"@id\":\"https:\/\/www.casadelectores.com\/#website\",\"url\":\"https:\/\/www.casadelectores.com\/\",\"name\":\"Enam\u00f3rate de las compras\",\"description\":\"\",\"publisher\":{\"@id\":\"https:\/\/www.casadelectores.com\/#organization\"},\"potentialAction\":[{\"@type\":\"SearchAction\",\"target\":{\"@type\":\"EntryPoint\",\"urlTemplate\":\"https:\/\/www.casadelectores.com\/?s={search_term_string}\"},\"query-input\":{\"@type\":\"PropertyValueSpecification\",\"valueRequired\":true,\"valueName\":\"search_term_string\"}}],\"inLanguage\":\"es\"},{\"@type\":\"Organization\",\"@id\":\"https:\/\/www.casadelectores.com\/#organization\",\"name\":\"Enam\u00f3rate de las compras\",\"url\":\"https:\/\/www.casadelectores.com\/\",\"logo\":{\"@type\":\"ImageObject\",\"inLanguage\":\"es\",\"@id\":\"https:\/\/www.casadelectores.com\/#\/schema\/logo\/image\/\",\"url\":\"https:\/\/www.casadelectores.com\/wp-content\/uploads\/2020\/10\/shop-icon.png\",\"contentUrl\":\"https:\/\/www.casadelectores.com\/wp-content\/uploads\/2020\/10\/shop-icon.png\",\"width\":512,\"height\":512,\"caption\":\"Enam\u00f3rate de las compras\"},\"image\":{\"@id\":\"https:\/\/www.casadelectores.com\/#\/schema\/logo\/image\/\"}}]}<\/script>\n<!-- \/ Yoast SEO plugin. -->","yoast_head_json":{"title":"ESPACIOS PUBLICOS EN IMAGENES Beliebt - casadelectores","robots":{"index":"index","follow":"follow","max-snippet":"max-snippet:-1","max-image-preview":"max-image-preview:large","max-video-preview":"max-video-preview:-1"},"canonical":"https:\/\/www.casadelectores.com\/index.php\/producto\/espacios-publicos-en-imagenes-beliebt-33576\/","og_locale":"es_ES","og_type":"article","og_title":"ESPACIOS PUBLICOS EN IMAGENES Beliebt - casadelectores","og_description":"\u00ab. . . La imagen fija y luego animada de la cual desconf\u00eda la cultura occidental ya desde la \u00e9poca de los griegos, ha triunfado definitivamente. Omnipresente en la vida privada tanto como en la vida p\u00fablica, la imagen organiza los destinos, hace y deshace los poderes, extiende hasta el infinito las fronteras de lo&hellip;&nbsp;ESPACIOS PUBLICOS EN IMAGENES Beliebt","og_url":"https:\/\/www.casadelectores.com\/index.php\/producto\/espacios-publicos-en-imagenes-beliebt-33576\/","og_site_name":"casadelectores","og_image":[{"width":100,"height":150,"url":"https:\/\/www.casadelectores.com\/wp-content\/uploads\/2025\/SK0193463-DE20251119-101116-0-1763518286-978847432624.webp","type":"image\/webp"}],"twitter_card":"summary_large_image","twitter_misc":{"Tiempo de lectura":"2 minutos"},"schema":{"@context":"https:\/\/schema.org","@graph":[{"@type":"WebPage","@id":"https:\/\/www.casadelectores.com\/index.php\/producto\/espacios-publicos-en-imagenes-beliebt-33576\/","url":"https:\/\/www.casadelectores.com\/index.php\/producto\/espacios-publicos-en-imagenes-beliebt-33576\/","name":"ESPACIOS PUBLICOS EN IMAGENES Beliebt - casadelectores","isPartOf":{"@id":"https:\/\/www.casadelectores.com\/#website"},"primaryImageOfPage":{"@id":"https:\/\/www.casadelectores.com\/index.php\/producto\/espacios-publicos-en-imagenes-beliebt-33576\/#primaryimage"},"image":{"@id":"https:\/\/www.casadelectores.com\/index.php\/producto\/espacios-publicos-en-imagenes-beliebt-33576\/#primaryimage"},"thumbnailUrl":"https:\/\/www.casadelectores.com\/wp-content\/uploads\/2025\/SK0193463-DE20251119-101116-0-1763518286-978847432624.webp","datePublished":"2025-11-25T09:05:20+00:00","breadcrumb":{"@id":"https:\/\/www.casadelectores.com\/index.php\/producto\/espacios-publicos-en-imagenes-beliebt-33576\/#breadcrumb"},"inLanguage":"es","potentialAction":[{"@type":"ReadAction","target":["https:\/\/www.casadelectores.com\/index.php\/producto\/espacios-publicos-en-imagenes-beliebt-33576\/"]}]},{"@type":"ImageObject","inLanguage":"es","@id":"https:\/\/www.casadelectores.com\/index.php\/producto\/espacios-publicos-en-imagenes-beliebt-33576\/#primaryimage","url":"https:\/\/www.casadelectores.com\/wp-content\/uploads\/2025\/SK0193463-DE20251119-101116-0-1763518286-978847432624.webp","contentUrl":"https:\/\/www.casadelectores.com\/wp-content\/uploads\/2025\/SK0193463-DE20251119-101116-0-1763518286-978847432624.webp","width":100,"height":150},{"@type":"BreadcrumbList","@id":"https:\/\/www.casadelectores.com\/index.php\/producto\/espacios-publicos-en-imagenes-beliebt-33576\/#breadcrumb","itemListElement":[{"@type":"ListItem","position":1,"name":"Portada","item":"https:\/\/www.casadelectores.com\/"},{"@type":"ListItem","position":2,"name":"Shop","item":"https:\/\/www.casadelectores.com\/index.php\/shop\/"},{"@type":"ListItem","position":3,"name":"ESPACIOS PUBLICOS EN IMAGENES Beliebt"}]},{"@type":"WebSite","@id":"https:\/\/www.casadelectores.com\/#website","url":"https:\/\/www.casadelectores.com\/","name":"Enam\u00f3rate de las compras","description":"","publisher":{"@id":"https:\/\/www.casadelectores.com\/#organization"},"potentialAction":[{"@type":"SearchAction","target":{"@type":"EntryPoint","urlTemplate":"https:\/\/www.casadelectores.com\/?s={search_term_string}"},"query-input":{"@type":"PropertyValueSpecification","valueRequired":true,"valueName":"search_term_string"}}],"inLanguage":"es"},{"@type":"Organization","@id":"https:\/\/www.casadelectores.com\/#organization","name":"Enam\u00f3rate de las compras","url":"https:\/\/www.casadelectores.com\/","logo":{"@type":"ImageObject","inLanguage":"es","@id":"https:\/\/www.casadelectores.com\/#\/schema\/logo\/image\/","url":"https:\/\/www.casadelectores.com\/wp-content\/uploads\/2020\/10\/shop-icon.png","contentUrl":"https:\/\/www.casadelectores.com\/wp-content\/uploads\/2020\/10\/shop-icon.png","width":512,"height":512,"caption":"Enam\u00f3rate de las compras"},"image":{"@id":"https:\/\/www.casadelectores.com\/#\/schema\/logo\/image\/"}}]}},"_links":{"self":[{"href":"https:\/\/www.casadelectores.com\/index.php\/wp-json\/wp\/v2\/product\/33576","targetHints":{"allow":["GET"]}}],"collection":[{"href":"https:\/\/www.casadelectores.com\/index.php\/wp-json\/wp\/v2\/product"}],"about":[{"href":"https:\/\/www.casadelectores.com\/index.php\/wp-json\/wp\/v2\/types\/product"}],"wp:featuredmedia":[{"embeddable":true,"href":"https:\/\/www.casadelectores.com\/index.php\/wp-json\/wp\/v2\/media\/33676"}],"wp:attachment":[{"href":"https:\/\/www.casadelectores.com\/index.php\/wp-json\/wp\/v2\/media?parent=33576"}],"wp:term":[{"taxonomy":"product_brand","embeddable":true,"href":"https:\/\/www.casadelectores.com\/index.php\/wp-json\/wp\/v2\/product_brand?post=33576"},{"taxonomy":"product_cat","embeddable":true,"href":"https:\/\/www.casadelectores.com\/index.php\/wp-json\/wp\/v2\/product_cat?post=33576"},{"taxonomy":"product_tag","embeddable":true,"href":"https:\/\/www.casadelectores.com\/index.php\/wp-json\/wp\/v2\/product_tag?post=33576"}],"curies":[{"name":"wp","href":"https:\/\/api.w.org\/{rel}","templated":true}]}}