{"id":33575,"date":"2025-11-25T09:05:20","date_gmt":"2025-11-25T09:05:20","guid":{"rendered":""},"modified":"2025-11-25T09:05:20","modified_gmt":"2025-11-25T09:05:20","slug":"en-busca-del-publico-zertifiziert-33575","status":"publish","type":"product","link":"https:\/\/www.casadelectores.com\/index.php\/producto\/en-busca-del-publico-zertifiziert-33575\/","title":{"rendered":"EN BUSCA DEL P\u00daBLICO Zertifiziert"},"content":{"rendered":"<p>El interrogante sobre la relaci\u00f3n entre oferta y demanda en el \u00e1mbito de los contenidos de los mass media, especialmente la televisi\u00f3n, no se resuelve a trav\u00e9s de sondeos de audiencia, ya que estos s\u00f3lo pueden basarse en reacciones a la oferta de programas. Para saber qui\u00e9n es el p\u00fablico y cu\u00e1les son sus demandas hay que construir en la actualidad un nuevo concepto del p\u00fablico y especialmente del gran p\u00fablico, que en el \u00e1mbito de la cultura y la comunicaci\u00f3n equivale hoy a la figura del sufragio universal. Los datos sobre los gustos, las expectativas o los comportamientos de los p\u00fablicos no son m\u00e1s que una respuesta parcial a la pregunta, importante y compleja, sobre \u00bfqu\u00e9 es el p\u00fablico? Los diferentes relatos de los investigadores sobre el p\u00fablico denotan un ambiente crepuscular de los trabajos de la Escuela de Francfort y constituyen un lamento continuo que sit\u00faa la cultura de masas en un una atm\u00f3sfera de cataclismo, lo que Dick Hebdige describe como el \u00ablargo gemido\u00bb de Adorno.El objetivo global de este volumen es tratar de dar nuevas definiciones del p\u00fablico de la televisi\u00f3n y de sus actitudes como receptor. El conjunto de los estudios est\u00e1 agrupado en tres secciones. La primera se presenta expl\u00edcitamente como un debate en torno a la historia de los estudios sobre la televisi\u00f3n, sobre los aportes, las problem\u00e1ticas y las consecuencias de los estudios de la recepci\u00f3n. La segunda parte analiza desde distintos lugares y enfoques las actitudes del p\u00fablico y muestra lo que se puede aprender cuando se le da la palabra. La tercera parte toma una cierta distancia con respecto a los estudios de la recepci\u00f3n, y plantea el problema de los l\u00edmites de la reflexividad del p\u00fablico, confrontando la palabra de \u00e9ste con los conocimientos que las diferentes disciplinas elaboraron sobre \u00e9l. Este libro no pretende ser exhaustivo, sino que privilegia dos grandes corrientes de investigaci\u00f3n, la tradici\u00f3n dominante durante varios decenios de los estudios emp\u00edricos estadounidenses y la tradici\u00f3n culturalista brit\u00e1nica que toma aqu\u00ed la ofensiva y que aparece en cabeza de diversas corrientes espec\u00edficamente europeas. Este estudio sociol\u00f3gico de la recepci\u00f3n recapitula los esfuerzos pioneros de los \u00faltimos a\u00f1os en este campo cada vez m\u00e1s importante como espacio de representaci\u00f3n de la civilizaci\u00f3n actual. Los autores de este volumen son:  David Morley, James Curran, Ien Ang, Kim Schroder, John Corn Tamar Liebes, Elihu Katz, Sonia Livingstone, Peter Lund, Eric Mac\u00e9, Peter Dahlgren, Jer\u00f4me Bourdon, Mauro Wolf, Michel Souchon, Rodolphe Ghiglione, Klaus Bruhn Jensen, Karl Erik Rosengren y Nicole Ramognino. \u00ab,<\/p>\n","protected":false},"excerpt":{"rendered":"<p>El interrogante sobre la relaci\u00f3n entre oferta y demanda en el \u00e1mbito de los contenidos de los mass media, especialmente la televisi\u00f3n, no se resuelve a trav\u00e9s de sondeos de audiencia, ya que estos s\u00f3lo pueden basarse en reacciones a la oferta de programas. Para saber qui\u00e9n es el p\u00fablico y cu\u00e1les son sus demandas&hellip;&nbsp;<a href=\"https:\/\/www.casadelectores.com\/index.php\/producto\/en-busca-del-publico-zertifiziert-33575\/\" rel=\"bookmark\"><span class=\"screen-reader-text\">EN BUSCA DEL P\u00daBLICO Zertifiziert<\/span><\/a><\/p>\n","protected":false},"featured_media":33675,"template":"","meta":{"neve_meta_sidebar":"","neve_meta_container":"","neve_meta_enable_content_width":"","neve_meta_content_width":0,"neve_meta_title_alignment":"","neve_meta_author_avatar":"","neve_post_elements_order":"","neve_meta_disable_header":"","neve_meta_disable_footer":"","neve_meta_disable_title":"","_themeisle_gutenberg_block_has_review":false},"product_brand":[],"product_cat":[26],"product_tag":[],"class_list":["post-33575","product","type-product","status-publish","has-post-thumbnail","product_cat-publicaciones-de-libros","first","instock","sale","shipping-taxable","purchasable","product-type-simple"],"yoast_head":"<!-- This site is optimized with the Yoast SEO plugin v26.3 - https:\/\/yoast.com\/wordpress\/plugins\/seo\/ -->\n<title>EN BUSCA DEL P\u00daBLICO Zertifiziert - casadelectores<\/title>\n<meta name=\"robots\" content=\"index, follow, max-snippet:-1, max-image-preview:large, max-video-preview:-1\" \/>\n<link rel=\"canonical\" href=\"https:\/\/www.casadelectores.com\/index.php\/producto\/en-busca-del-publico-zertifiziert-33575\/\" \/>\n<meta property=\"og:locale\" content=\"es_ES\" \/>\n<meta property=\"og:type\" content=\"article\" \/>\n<meta property=\"og:title\" content=\"EN BUSCA DEL P\u00daBLICO Zertifiziert - casadelectores\" \/>\n<meta property=\"og:description\" content=\"El interrogante sobre la relaci\u00f3n entre oferta y demanda en el \u00e1mbito de los contenidos de los mass media, especialmente la televisi\u00f3n, no se resuelve a trav\u00e9s de sondeos de audiencia, ya que estos s\u00f3lo pueden basarse en reacciones a la oferta de programas. Para saber qui\u00e9n es el p\u00fablico y cu\u00e1les son sus demandas&hellip;&nbsp;EN BUSCA DEL P\u00daBLICO Zertifiziert\" \/>\n<meta property=\"og:url\" content=\"https:\/\/www.casadelectores.com\/index.php\/producto\/en-busca-del-publico-zertifiziert-33575\/\" \/>\n<meta property=\"og:site_name\" content=\"casadelectores\" \/>\n<meta property=\"og:image\" content=\"https:\/\/www.casadelectores.com\/wp-content\/uploads\/2025\/SK0193462-DE20251119-101116-0-1763518286-978847432623.webp\" \/>\n\t<meta property=\"og:image:width\" content=\"191\" \/>\n\t<meta property=\"og:image:height\" content=\"280\" \/>\n\t<meta property=\"og:image:type\" content=\"image\/webp\" \/>\n<meta name=\"twitter:card\" content=\"summary_large_image\" \/>\n<meta name=\"twitter:label1\" content=\"Tiempo de lectura\" \/>\n\t<meta name=\"twitter:data1\" content=\"2 minutos\" \/>\n<script type=\"application\/ld+json\" class=\"yoast-schema-graph\">{\"@context\":\"https:\/\/schema.org\",\"@graph\":[{\"@type\":\"WebPage\",\"@id\":\"https:\/\/www.casadelectores.com\/index.php\/producto\/en-busca-del-publico-zertifiziert-33575\/\",\"url\":\"https:\/\/www.casadelectores.com\/index.php\/producto\/en-busca-del-publico-zertifiziert-33575\/\",\"name\":\"EN BUSCA DEL P\u00daBLICO Zertifiziert - casadelectores\",\"isPartOf\":{\"@id\":\"https:\/\/www.casadelectores.com\/#website\"},\"primaryImageOfPage\":{\"@id\":\"https:\/\/www.casadelectores.com\/index.php\/producto\/en-busca-del-publico-zertifiziert-33575\/#primaryimage\"},\"image\":{\"@id\":\"https:\/\/www.casadelectores.com\/index.php\/producto\/en-busca-del-publico-zertifiziert-33575\/#primaryimage\"},\"thumbnailUrl\":\"https:\/\/www.casadelectores.com\/wp-content\/uploads\/2025\/SK0193462-DE20251119-101116-0-1763518286-978847432623.webp\",\"datePublished\":\"2025-11-25T09:05:20+00:00\",\"breadcrumb\":{\"@id\":\"https:\/\/www.casadelectores.com\/index.php\/producto\/en-busca-del-publico-zertifiziert-33575\/#breadcrumb\"},\"inLanguage\":\"es\",\"potentialAction\":[{\"@type\":\"ReadAction\",\"target\":[\"https:\/\/www.casadelectores.com\/index.php\/producto\/en-busca-del-publico-zertifiziert-33575\/\"]}]},{\"@type\":\"ImageObject\",\"inLanguage\":\"es\",\"@id\":\"https:\/\/www.casadelectores.com\/index.php\/producto\/en-busca-del-publico-zertifiziert-33575\/#primaryimage\",\"url\":\"https:\/\/www.casadelectores.com\/wp-content\/uploads\/2025\/SK0193462-DE20251119-101116-0-1763518286-978847432623.webp\",\"contentUrl\":\"https:\/\/www.casadelectores.com\/wp-content\/uploads\/2025\/SK0193462-DE20251119-101116-0-1763518286-978847432623.webp\",\"width\":191,\"height\":280},{\"@type\":\"BreadcrumbList\",\"@id\":\"https:\/\/www.casadelectores.com\/index.php\/producto\/en-busca-del-publico-zertifiziert-33575\/#breadcrumb\",\"itemListElement\":[{\"@type\":\"ListItem\",\"position\":1,\"name\":\"Portada\",\"item\":\"https:\/\/www.casadelectores.com\/\"},{\"@type\":\"ListItem\",\"position\":2,\"name\":\"Shop\",\"item\":\"https:\/\/www.casadelectores.com\/index.php\/shop\/\"},{\"@type\":\"ListItem\",\"position\":3,\"name\":\"EN BUSCA DEL P\u00daBLICO Zertifiziert\"}]},{\"@type\":\"WebSite\",\"@id\":\"https:\/\/www.casadelectores.com\/#website\",\"url\":\"https:\/\/www.casadelectores.com\/\",\"name\":\"Enam\u00f3rate de las compras\",\"description\":\"\",\"publisher\":{\"@id\":\"https:\/\/www.casadelectores.com\/#organization\"},\"potentialAction\":[{\"@type\":\"SearchAction\",\"target\":{\"@type\":\"EntryPoint\",\"urlTemplate\":\"https:\/\/www.casadelectores.com\/?s={search_term_string}\"},\"query-input\":{\"@type\":\"PropertyValueSpecification\",\"valueRequired\":true,\"valueName\":\"search_term_string\"}}],\"inLanguage\":\"es\"},{\"@type\":\"Organization\",\"@id\":\"https:\/\/www.casadelectores.com\/#organization\",\"name\":\"Enam\u00f3rate de las compras\",\"url\":\"https:\/\/www.casadelectores.com\/\",\"logo\":{\"@type\":\"ImageObject\",\"inLanguage\":\"es\",\"@id\":\"https:\/\/www.casadelectores.com\/#\/schema\/logo\/image\/\",\"url\":\"https:\/\/www.casadelectores.com\/wp-content\/uploads\/2020\/10\/shop-icon.png\",\"contentUrl\":\"https:\/\/www.casadelectores.com\/wp-content\/uploads\/2020\/10\/shop-icon.png\",\"width\":512,\"height\":512,\"caption\":\"Enam\u00f3rate de las compras\"},\"image\":{\"@id\":\"https:\/\/www.casadelectores.com\/#\/schema\/logo\/image\/\"}}]}<\/script>\n<!-- \/ Yoast SEO plugin. -->","yoast_head_json":{"title":"EN BUSCA DEL P\u00daBLICO Zertifiziert - casadelectores","robots":{"index":"index","follow":"follow","max-snippet":"max-snippet:-1","max-image-preview":"max-image-preview:large","max-video-preview":"max-video-preview:-1"},"canonical":"https:\/\/www.casadelectores.com\/index.php\/producto\/en-busca-del-publico-zertifiziert-33575\/","og_locale":"es_ES","og_type":"article","og_title":"EN BUSCA DEL P\u00daBLICO Zertifiziert - casadelectores","og_description":"El interrogante sobre la relaci\u00f3n entre oferta y demanda en el \u00e1mbito de los contenidos de los mass media, especialmente la televisi\u00f3n, no se resuelve a trav\u00e9s de sondeos de audiencia, ya que estos s\u00f3lo pueden basarse en reacciones a la oferta de programas. Para saber qui\u00e9n es el p\u00fablico y cu\u00e1les son sus demandas&hellip;&nbsp;EN BUSCA DEL P\u00daBLICO Zertifiziert","og_url":"https:\/\/www.casadelectores.com\/index.php\/producto\/en-busca-del-publico-zertifiziert-33575\/","og_site_name":"casadelectores","og_image":[{"width":191,"height":280,"url":"https:\/\/www.casadelectores.com\/wp-content\/uploads\/2025\/SK0193462-DE20251119-101116-0-1763518286-978847432623.webp","type":"image\/webp"}],"twitter_card":"summary_large_image","twitter_misc":{"Tiempo de lectura":"2 minutos"},"schema":{"@context":"https:\/\/schema.org","@graph":[{"@type":"WebPage","@id":"https:\/\/www.casadelectores.com\/index.php\/producto\/en-busca-del-publico-zertifiziert-33575\/","url":"https:\/\/www.casadelectores.com\/index.php\/producto\/en-busca-del-publico-zertifiziert-33575\/","name":"EN BUSCA DEL P\u00daBLICO Zertifiziert - casadelectores","isPartOf":{"@id":"https:\/\/www.casadelectores.com\/#website"},"primaryImageOfPage":{"@id":"https:\/\/www.casadelectores.com\/index.php\/producto\/en-busca-del-publico-zertifiziert-33575\/#primaryimage"},"image":{"@id":"https:\/\/www.casadelectores.com\/index.php\/producto\/en-busca-del-publico-zertifiziert-33575\/#primaryimage"},"thumbnailUrl":"https:\/\/www.casadelectores.com\/wp-content\/uploads\/2025\/SK0193462-DE20251119-101116-0-1763518286-978847432623.webp","datePublished":"2025-11-25T09:05:20+00:00","breadcrumb":{"@id":"https:\/\/www.casadelectores.com\/index.php\/producto\/en-busca-del-publico-zertifiziert-33575\/#breadcrumb"},"inLanguage":"es","potentialAction":[{"@type":"ReadAction","target":["https:\/\/www.casadelectores.com\/index.php\/producto\/en-busca-del-publico-zertifiziert-33575\/"]}]},{"@type":"ImageObject","inLanguage":"es","@id":"https:\/\/www.casadelectores.com\/index.php\/producto\/en-busca-del-publico-zertifiziert-33575\/#primaryimage","url":"https:\/\/www.casadelectores.com\/wp-content\/uploads\/2025\/SK0193462-DE20251119-101116-0-1763518286-978847432623.webp","contentUrl":"https:\/\/www.casadelectores.com\/wp-content\/uploads\/2025\/SK0193462-DE20251119-101116-0-1763518286-978847432623.webp","width":191,"height":280},{"@type":"BreadcrumbList","@id":"https:\/\/www.casadelectores.com\/index.php\/producto\/en-busca-del-publico-zertifiziert-33575\/#breadcrumb","itemListElement":[{"@type":"ListItem","position":1,"name":"Portada","item":"https:\/\/www.casadelectores.com\/"},{"@type":"ListItem","position":2,"name":"Shop","item":"https:\/\/www.casadelectores.com\/index.php\/shop\/"},{"@type":"ListItem","position":3,"name":"EN BUSCA DEL P\u00daBLICO Zertifiziert"}]},{"@type":"WebSite","@id":"https:\/\/www.casadelectores.com\/#website","url":"https:\/\/www.casadelectores.com\/","name":"Enam\u00f3rate de las compras","description":"","publisher":{"@id":"https:\/\/www.casadelectores.com\/#organization"},"potentialAction":[{"@type":"SearchAction","target":{"@type":"EntryPoint","urlTemplate":"https:\/\/www.casadelectores.com\/?s={search_term_string}"},"query-input":{"@type":"PropertyValueSpecification","valueRequired":true,"valueName":"search_term_string"}}],"inLanguage":"es"},{"@type":"Organization","@id":"https:\/\/www.casadelectores.com\/#organization","name":"Enam\u00f3rate de las compras","url":"https:\/\/www.casadelectores.com\/","logo":{"@type":"ImageObject","inLanguage":"es","@id":"https:\/\/www.casadelectores.com\/#\/schema\/logo\/image\/","url":"https:\/\/www.casadelectores.com\/wp-content\/uploads\/2020\/10\/shop-icon.png","contentUrl":"https:\/\/www.casadelectores.com\/wp-content\/uploads\/2020\/10\/shop-icon.png","width":512,"height":512,"caption":"Enam\u00f3rate de las compras"},"image":{"@id":"https:\/\/www.casadelectores.com\/#\/schema\/logo\/image\/"}}]}},"_links":{"self":[{"href":"https:\/\/www.casadelectores.com\/index.php\/wp-json\/wp\/v2\/product\/33575","targetHints":{"allow":["GET"]}}],"collection":[{"href":"https:\/\/www.casadelectores.com\/index.php\/wp-json\/wp\/v2\/product"}],"about":[{"href":"https:\/\/www.casadelectores.com\/index.php\/wp-json\/wp\/v2\/types\/product"}],"wp:featuredmedia":[{"embeddable":true,"href":"https:\/\/www.casadelectores.com\/index.php\/wp-json\/wp\/v2\/media\/33675"}],"wp:attachment":[{"href":"https:\/\/www.casadelectores.com\/index.php\/wp-json\/wp\/v2\/media?parent=33575"}],"wp:term":[{"taxonomy":"product_brand","embeddable":true,"href":"https:\/\/www.casadelectores.com\/index.php\/wp-json\/wp\/v2\/product_brand?post=33575"},{"taxonomy":"product_cat","embeddable":true,"href":"https:\/\/www.casadelectores.com\/index.php\/wp-json\/wp\/v2\/product_cat?post=33575"},{"taxonomy":"product_tag","embeddable":true,"href":"https:\/\/www.casadelectores.com\/index.php\/wp-json\/wp\/v2\/product_tag?post=33575"}],"curies":[{"name":"wp","href":"https:\/\/api.w.org\/{rel}","templated":true}]}}