{"id":33089,"date":"2025-11-25T09:05:20","date_gmt":"2025-11-25T09:05:20","guid":{"rendered":""},"modified":"2025-11-25T09:05:20","modified_gmt":"2025-11-25T09:05:20","slug":"finale-aktion-gestion-del-marketing-y-comunidades-virtuales-comm060po-especialidades-format-33089","status":"publish","type":"product","link":"https:\/\/www.casadelectores.com\/index.php\/producto\/finale-aktion-gestion-del-marketing-y-comunidades-virtuales-comm060po-especialidades-format-33089\/","title":{"rendered":"Finale Aktion GESTI\u00d3N DEL MARKETING Y COMUNIDADES VIRTUALES (COMM060PO). ESPECIALIDADES FORMAT"},"content":{"rendered":"<p>Se entiende por Especialidad formativa la agrupaci\u00f3n de contenidos, competencias profesionales y especificaciones t\u00e9cnicas que responde a un conjunto de actividades de trabajo enmarcadas en una fase del proceso de producci\u00f3n y con funciones afines.  Las especialidades formativas se encuadran dentro de las familias profesionales establecidas en el Cat\u00e1logo Nacional de Calificaciones Profesionales, y sirven como referente para la programaci\u00f3n de acciones en el marco del subsistema de formaci\u00f3n profesional para el empleo. El presente volumen incluye el desarrollo de contenido basado en el programa de la especialidad COMM060PO, ?Gesti\u00f3n del marketing y comunidades virtuales?, el cual puede ser de aplicaci\u00f3n en la programaci\u00f3n de acciones formativas relacionadas. Su estructura es la siguiente: &#8211; Ficha t\u00e9cnica &#8211; Objetivos generales y espec\u00edficos &#8211; Desarrollo te\u00f3rico de programa &#8211; Resumen por tema &#8211; Glosario de t\u00e9rminos &#8211; Bibliograf\u00eda &#8211; Ejercicios de autoevaluaci\u00f3n por tema: test y actividades \u00ab,<\/p>\n","protected":false},"excerpt":{"rendered":"<p>Se entiende por Especialidad formativa la agrupaci\u00f3n de contenidos, competencias profesionales y especificaciones t\u00e9cnicas que responde a un conjunto de actividades de trabajo enmarcadas en una fase del proceso de producci\u00f3n y con funciones afines. Las especialidades formativas se encuadran dentro de las familias profesionales establecidas en el Cat\u00e1logo Nacional de Calificaciones Profesionales, y sirven&hellip;&nbsp;<a href=\"https:\/\/www.casadelectores.com\/index.php\/producto\/finale-aktion-gestion-del-marketing-y-comunidades-virtuales-comm060po-especialidades-format-33089\/\" rel=\"bookmark\"><span class=\"screen-reader-text\">Finale Aktion GESTI\u00d3N DEL MARKETING Y COMUNIDADES VIRTUALES (COMM060PO). ESPECIALIDADES FORMAT<\/span><\/a><\/p>\n","protected":false},"featured_media":33189,"template":"","meta":{"neve_meta_sidebar":"","neve_meta_container":"","neve_meta_enable_content_width":"","neve_meta_content_width":0,"neve_meta_title_alignment":"","neve_meta_author_avatar":"","neve_post_elements_order":"","neve_meta_disable_header":"","neve_meta_disable_footer":"","neve_meta_disable_title":"","_themeisle_gutenberg_block_has_review":false},"product_brand":[],"product_cat":[26],"product_tag":[],"class_list":["post-33089","product","type-product","status-publish","has-post-thumbnail","product_cat-publicaciones-de-libros","first","instock","sale","shipping-taxable","purchasable","product-type-simple"],"yoast_head":"<!-- This site is optimized with the Yoast SEO plugin v26.3 - https:\/\/yoast.com\/wordpress\/plugins\/seo\/ -->\n<title>Finale Aktion GESTI\u00d3N DEL MARKETING Y COMUNIDADES VIRTUALES (COMM060PO). ESPECIALIDADES FORMAT - casadelectores<\/title>\n<meta name=\"robots\" content=\"index, follow, max-snippet:-1, max-image-preview:large, max-video-preview:-1\" \/>\n<link rel=\"canonical\" href=\"https:\/\/www.casadelectores.com\/index.php\/producto\/finale-aktion-gestion-del-marketing-y-comunidades-virtuales-comm060po-especialidades-format-33089\/\" \/>\n<meta property=\"og:locale\" content=\"es_ES\" \/>\n<meta property=\"og:type\" content=\"article\" \/>\n<meta property=\"og:title\" content=\"Finale Aktion GESTI\u00d3N DEL MARKETING Y COMUNIDADES VIRTUALES (COMM060PO). ESPECIALIDADES FORMAT - casadelectores\" \/>\n<meta property=\"og:description\" content=\"Se entiende por Especialidad formativa la agrupaci\u00f3n de contenidos, competencias profesionales y especificaciones t\u00e9cnicas que responde a un conjunto de actividades de trabajo enmarcadas en una fase del proceso de producci\u00f3n y con funciones afines. Las especialidades formativas se encuadran dentro de las familias profesionales establecidas en el Cat\u00e1logo Nacional de Calificaciones Profesionales, y sirven&hellip;&nbsp;Finale Aktion GESTI\u00d3N DEL MARKETING Y COMUNIDADES VIRTUALES (COMM060PO). ESPECIALIDADES FORMAT\" \/>\n<meta property=\"og:url\" content=\"https:\/\/www.casadelectores.com\/index.php\/producto\/finale-aktion-gestion-del-marketing-y-comunidades-virtuales-comm060po-especialidades-format-33089\/\" \/>\n<meta property=\"og:site_name\" content=\"casadelectores\" \/>\n<meta property=\"og:image\" content=\"https:\/\/www.casadelectores.com\/wp-content\/uploads\/2025\/SK0193175-DE20251119-101116-0-1763518286-978846819743.webp\" \/>\n\t<meta property=\"og:image:width\" content=\"300\" \/>\n\t<meta property=\"og:image:height\" content=\"343\" \/>\n\t<meta property=\"og:image:type\" content=\"image\/webp\" \/>\n<meta name=\"twitter:card\" content=\"summary_large_image\" \/>\n<meta name=\"twitter:label1\" content=\"Tiempo de lectura\" \/>\n\t<meta name=\"twitter:data1\" content=\"1 minuto\" \/>\n<script type=\"application\/ld+json\" class=\"yoast-schema-graph\">{\"@context\":\"https:\/\/schema.org\",\"@graph\":[{\"@type\":\"WebPage\",\"@id\":\"https:\/\/www.casadelectores.com\/index.php\/producto\/finale-aktion-gestion-del-marketing-y-comunidades-virtuales-comm060po-especialidades-format-33089\/\",\"url\":\"https:\/\/www.casadelectores.com\/index.php\/producto\/finale-aktion-gestion-del-marketing-y-comunidades-virtuales-comm060po-especialidades-format-33089\/\",\"name\":\"Finale Aktion GESTI\u00d3N DEL MARKETING Y COMUNIDADES VIRTUALES (COMM060PO). ESPECIALIDADES FORMAT - casadelectores\",\"isPartOf\":{\"@id\":\"https:\/\/www.casadelectores.com\/#website\"},\"primaryImageOfPage\":{\"@id\":\"https:\/\/www.casadelectores.com\/index.php\/producto\/finale-aktion-gestion-del-marketing-y-comunidades-virtuales-comm060po-especialidades-format-33089\/#primaryimage\"},\"image\":{\"@id\":\"https:\/\/www.casadelectores.com\/index.php\/producto\/finale-aktion-gestion-del-marketing-y-comunidades-virtuales-comm060po-especialidades-format-33089\/#primaryimage\"},\"thumbnailUrl\":\"https:\/\/www.casadelectores.com\/wp-content\/uploads\/2025\/SK0193175-DE20251119-101116-0-1763518286-978846819743.webp\",\"datePublished\":\"2025-11-25T09:05:20+00:00\",\"breadcrumb\":{\"@id\":\"https:\/\/www.casadelectores.com\/index.php\/producto\/finale-aktion-gestion-del-marketing-y-comunidades-virtuales-comm060po-especialidades-format-33089\/#breadcrumb\"},\"inLanguage\":\"es\",\"potentialAction\":[{\"@type\":\"ReadAction\",\"target\":[\"https:\/\/www.casadelectores.com\/index.php\/producto\/finale-aktion-gestion-del-marketing-y-comunidades-virtuales-comm060po-especialidades-format-33089\/\"]}]},{\"@type\":\"ImageObject\",\"inLanguage\":\"es\",\"@id\":\"https:\/\/www.casadelectores.com\/index.php\/producto\/finale-aktion-gestion-del-marketing-y-comunidades-virtuales-comm060po-especialidades-format-33089\/#primaryimage\",\"url\":\"https:\/\/www.casadelectores.com\/wp-content\/uploads\/2025\/SK0193175-DE20251119-101116-0-1763518286-978846819743.webp\",\"contentUrl\":\"https:\/\/www.casadelectores.com\/wp-content\/uploads\/2025\/SK0193175-DE20251119-101116-0-1763518286-978846819743.webp\",\"width\":300,\"height\":343},{\"@type\":\"BreadcrumbList\",\"@id\":\"https:\/\/www.casadelectores.com\/index.php\/producto\/finale-aktion-gestion-del-marketing-y-comunidades-virtuales-comm060po-especialidades-format-33089\/#breadcrumb\",\"itemListElement\":[{\"@type\":\"ListItem\",\"position\":1,\"name\":\"Portada\",\"item\":\"https:\/\/www.casadelectores.com\/\"},{\"@type\":\"ListItem\",\"position\":2,\"name\":\"Shop\",\"item\":\"https:\/\/www.casadelectores.com\/index.php\/shop\/\"},{\"@type\":\"ListItem\",\"position\":3,\"name\":\"Finale Aktion GESTI\u00d3N DEL MARKETING Y COMUNIDADES VIRTUALES (COMM060PO). ESPECIALIDADES FORMAT\"}]},{\"@type\":\"WebSite\",\"@id\":\"https:\/\/www.casadelectores.com\/#website\",\"url\":\"https:\/\/www.casadelectores.com\/\",\"name\":\"Enam\u00f3rate de las compras\",\"description\":\"\",\"publisher\":{\"@id\":\"https:\/\/www.casadelectores.com\/#organization\"},\"potentialAction\":[{\"@type\":\"SearchAction\",\"target\":{\"@type\":\"EntryPoint\",\"urlTemplate\":\"https:\/\/www.casadelectores.com\/?s={search_term_string}\"},\"query-input\":{\"@type\":\"PropertyValueSpecification\",\"valueRequired\":true,\"valueName\":\"search_term_string\"}}],\"inLanguage\":\"es\"},{\"@type\":\"Organization\",\"@id\":\"https:\/\/www.casadelectores.com\/#organization\",\"name\":\"Enam\u00f3rate de las compras\",\"url\":\"https:\/\/www.casadelectores.com\/\",\"logo\":{\"@type\":\"ImageObject\",\"inLanguage\":\"es\",\"@id\":\"https:\/\/www.casadelectores.com\/#\/schema\/logo\/image\/\",\"url\":\"https:\/\/www.casadelectores.com\/wp-content\/uploads\/2020\/10\/shop-icon.png\",\"contentUrl\":\"https:\/\/www.casadelectores.com\/wp-content\/uploads\/2020\/10\/shop-icon.png\",\"width\":512,\"height\":512,\"caption\":\"Enam\u00f3rate de las compras\"},\"image\":{\"@id\":\"https:\/\/www.casadelectores.com\/#\/schema\/logo\/image\/\"}}]}<\/script>\n<!-- \/ Yoast SEO plugin. -->","yoast_head_json":{"title":"Finale Aktion GESTI\u00d3N DEL MARKETING Y COMUNIDADES VIRTUALES (COMM060PO). ESPECIALIDADES FORMAT - casadelectores","robots":{"index":"index","follow":"follow","max-snippet":"max-snippet:-1","max-image-preview":"max-image-preview:large","max-video-preview":"max-video-preview:-1"},"canonical":"https:\/\/www.casadelectores.com\/index.php\/producto\/finale-aktion-gestion-del-marketing-y-comunidades-virtuales-comm060po-especialidades-format-33089\/","og_locale":"es_ES","og_type":"article","og_title":"Finale Aktion GESTI\u00d3N DEL MARKETING Y COMUNIDADES VIRTUALES (COMM060PO). ESPECIALIDADES FORMAT - casadelectores","og_description":"Se entiende por Especialidad formativa la agrupaci\u00f3n de contenidos, competencias profesionales y especificaciones t\u00e9cnicas que responde a un conjunto de actividades de trabajo enmarcadas en una fase del proceso de producci\u00f3n y con funciones afines. Las especialidades formativas se encuadran dentro de las familias profesionales establecidas en el Cat\u00e1logo Nacional de Calificaciones Profesionales, y sirven&hellip;&nbsp;Finale Aktion GESTI\u00d3N DEL MARKETING Y COMUNIDADES VIRTUALES (COMM060PO). ESPECIALIDADES FORMAT","og_url":"https:\/\/www.casadelectores.com\/index.php\/producto\/finale-aktion-gestion-del-marketing-y-comunidades-virtuales-comm060po-especialidades-format-33089\/","og_site_name":"casadelectores","og_image":[{"width":300,"height":343,"url":"https:\/\/www.casadelectores.com\/wp-content\/uploads\/2025\/SK0193175-DE20251119-101116-0-1763518286-978846819743.webp","type":"image\/webp"}],"twitter_card":"summary_large_image","twitter_misc":{"Tiempo de lectura":"1 minuto"},"schema":{"@context":"https:\/\/schema.org","@graph":[{"@type":"WebPage","@id":"https:\/\/www.casadelectores.com\/index.php\/producto\/finale-aktion-gestion-del-marketing-y-comunidades-virtuales-comm060po-especialidades-format-33089\/","url":"https:\/\/www.casadelectores.com\/index.php\/producto\/finale-aktion-gestion-del-marketing-y-comunidades-virtuales-comm060po-especialidades-format-33089\/","name":"Finale Aktion GESTI\u00d3N DEL MARKETING Y COMUNIDADES VIRTUALES (COMM060PO). ESPECIALIDADES FORMAT - casadelectores","isPartOf":{"@id":"https:\/\/www.casadelectores.com\/#website"},"primaryImageOfPage":{"@id":"https:\/\/www.casadelectores.com\/index.php\/producto\/finale-aktion-gestion-del-marketing-y-comunidades-virtuales-comm060po-especialidades-format-33089\/#primaryimage"},"image":{"@id":"https:\/\/www.casadelectores.com\/index.php\/producto\/finale-aktion-gestion-del-marketing-y-comunidades-virtuales-comm060po-especialidades-format-33089\/#primaryimage"},"thumbnailUrl":"https:\/\/www.casadelectores.com\/wp-content\/uploads\/2025\/SK0193175-DE20251119-101116-0-1763518286-978846819743.webp","datePublished":"2025-11-25T09:05:20+00:00","breadcrumb":{"@id":"https:\/\/www.casadelectores.com\/index.php\/producto\/finale-aktion-gestion-del-marketing-y-comunidades-virtuales-comm060po-especialidades-format-33089\/#breadcrumb"},"inLanguage":"es","potentialAction":[{"@type":"ReadAction","target":["https:\/\/www.casadelectores.com\/index.php\/producto\/finale-aktion-gestion-del-marketing-y-comunidades-virtuales-comm060po-especialidades-format-33089\/"]}]},{"@type":"ImageObject","inLanguage":"es","@id":"https:\/\/www.casadelectores.com\/index.php\/producto\/finale-aktion-gestion-del-marketing-y-comunidades-virtuales-comm060po-especialidades-format-33089\/#primaryimage","url":"https:\/\/www.casadelectores.com\/wp-content\/uploads\/2025\/SK0193175-DE20251119-101116-0-1763518286-978846819743.webp","contentUrl":"https:\/\/www.casadelectores.com\/wp-content\/uploads\/2025\/SK0193175-DE20251119-101116-0-1763518286-978846819743.webp","width":300,"height":343},{"@type":"BreadcrumbList","@id":"https:\/\/www.casadelectores.com\/index.php\/producto\/finale-aktion-gestion-del-marketing-y-comunidades-virtuales-comm060po-especialidades-format-33089\/#breadcrumb","itemListElement":[{"@type":"ListItem","position":1,"name":"Portada","item":"https:\/\/www.casadelectores.com\/"},{"@type":"ListItem","position":2,"name":"Shop","item":"https:\/\/www.casadelectores.com\/index.php\/shop\/"},{"@type":"ListItem","position":3,"name":"Finale Aktion GESTI\u00d3N DEL MARKETING Y COMUNIDADES VIRTUALES (COMM060PO). ESPECIALIDADES FORMAT"}]},{"@type":"WebSite","@id":"https:\/\/www.casadelectores.com\/#website","url":"https:\/\/www.casadelectores.com\/","name":"Enam\u00f3rate de las compras","description":"","publisher":{"@id":"https:\/\/www.casadelectores.com\/#organization"},"potentialAction":[{"@type":"SearchAction","target":{"@type":"EntryPoint","urlTemplate":"https:\/\/www.casadelectores.com\/?s={search_term_string}"},"query-input":{"@type":"PropertyValueSpecification","valueRequired":true,"valueName":"search_term_string"}}],"inLanguage":"es"},{"@type":"Organization","@id":"https:\/\/www.casadelectores.com\/#organization","name":"Enam\u00f3rate de las compras","url":"https:\/\/www.casadelectores.com\/","logo":{"@type":"ImageObject","inLanguage":"es","@id":"https:\/\/www.casadelectores.com\/#\/schema\/logo\/image\/","url":"https:\/\/www.casadelectores.com\/wp-content\/uploads\/2020\/10\/shop-icon.png","contentUrl":"https:\/\/www.casadelectores.com\/wp-content\/uploads\/2020\/10\/shop-icon.png","width":512,"height":512,"caption":"Enam\u00f3rate de las compras"},"image":{"@id":"https:\/\/www.casadelectores.com\/#\/schema\/logo\/image\/"}}]}},"_links":{"self":[{"href":"https:\/\/www.casadelectores.com\/index.php\/wp-json\/wp\/v2\/product\/33089","targetHints":{"allow":["GET"]}}],"collection":[{"href":"https:\/\/www.casadelectores.com\/index.php\/wp-json\/wp\/v2\/product"}],"about":[{"href":"https:\/\/www.casadelectores.com\/index.php\/wp-json\/wp\/v2\/types\/product"}],"wp:featuredmedia":[{"embeddable":true,"href":"https:\/\/www.casadelectores.com\/index.php\/wp-json\/wp\/v2\/media\/33189"}],"wp:attachment":[{"href":"https:\/\/www.casadelectores.com\/index.php\/wp-json\/wp\/v2\/media?parent=33089"}],"wp:term":[{"taxonomy":"product_brand","embeddable":true,"href":"https:\/\/www.casadelectores.com\/index.php\/wp-json\/wp\/v2\/product_brand?post=33089"},{"taxonomy":"product_cat","embeddable":true,"href":"https:\/\/www.casadelectores.com\/index.php\/wp-json\/wp\/v2\/product_cat?post=33089"},{"taxonomy":"product_tag","embeddable":true,"href":"https:\/\/www.casadelectores.com\/index.php\/wp-json\/wp\/v2\/product_tag?post=33089"}],"curies":[{"name":"wp","href":"https:\/\/api.w.org\/{rel}","templated":true}]}}