{"id":30926,"date":"2025-11-25T09:05:16","date_gmt":"2025-11-25T09:05:16","guid":{"rendered":""},"modified":"2025-11-25T09:05:16","modified_gmt":"2025-11-25T09:05:16","slug":"figura-d-assaig-literatura-critica-cultura-1948-1992-top-angebot-30926","status":"publish","type":"product","link":"https:\/\/www.casadelectores.com\/index.php\/producto\/figura-d-assaig-literatura-critica-cultura-1948-1992-top-angebot-30926\/","title":{"rendered":"FIGURA D&#8217;ASSAIG. LITERATURA, CR\u00cdTICA, CULTURA (1948-1992) Top-Angebot"},"content":{"rendered":"<p>\u00abLa cr\u00edtica dona a una societat consci\u00e8ncia de la seva literatura, en revelar-li que sota la funci\u00f3 hedon\u00edstica del poema, de la novel\u00b7la, del drama, hi ha un fort entrellat d&#8217;implicacions morals, i lafigura exacta d&#8217;un poble que tamb\u00e9 aix\u00ed fa la seva hist\u00f2ria\u00bb.Si Joan Fuster \u00e9s \u00abun aut\u00e8ntic professor de lectura\u00bb, com ens diu Antoni Mart\u00ed Monterde al seu pr\u00f2leg, aquest volum voldria esdevenir-ne una escola; una escola de lectura. Per a un llibre hi ha  pocs reptes tan importants com aquest. Des del seu escriptori, l&#8217;autor de Sueca va ser un dels grans creadors de llibertat que han tingut les lletres catalanes, un escriptor maj\u00fascul que no acabarem mai de celebrar. Aquesta antologia se centra en aquest Fuster lector, el m\u00e9s ric i apassionant; el que conjuga el comentari hist\u00f2ric i pol\u00edtic en la seva passi\u00f3 central, la literatura, i m\u00e9s concretament l&#8217;assaig. Perqu\u00e8 Fuster \u00e9s, per damunt de tot, una figura d&#8217;assaig. \u00ab,<\/p>\n","protected":false},"excerpt":{"rendered":"<p>\u00abLa cr\u00edtica dona a una societat consci\u00e8ncia de la seva literatura, en revelar-li que sota la funci\u00f3 hedon\u00edstica del poema, de la novel\u00b7la, del drama, hi ha un fort entrellat d&#8217;implicacions morals, i lafigura exacta d&#8217;un poble que tamb\u00e9 aix\u00ed fa la seva hist\u00f2ria\u00bb.Si Joan Fuster \u00e9s \u00abun aut\u00e8ntic professor de lectura\u00bb, com ens diu&hellip;&nbsp;<a href=\"https:\/\/www.casadelectores.com\/index.php\/producto\/figura-d-assaig-literatura-critica-cultura-1948-1992-top-angebot-30926\/\" rel=\"bookmark\"><span class=\"screen-reader-text\">FIGURA D&#8217;ASSAIG. LITERATURA, CR\u00cdTICA, CULTURA (1948-1992) Top-Angebot<\/span><\/a><\/p>\n","protected":false},"featured_media":31026,"template":"","meta":{"neve_meta_sidebar":"","neve_meta_container":"","neve_meta_enable_content_width":"","neve_meta_content_width":0,"neve_meta_title_alignment":"","neve_meta_author_avatar":"","neve_post_elements_order":"","neve_meta_disable_header":"","neve_meta_disable_footer":"","neve_meta_disable_title":"","_themeisle_gutenberg_block_has_review":false},"product_brand":[],"product_cat":[26],"product_tag":[],"class_list":["post-30926","product","type-product","status-publish","has-post-thumbnail","product_cat-publicaciones-de-libros","first","instock","sale","shipping-taxable","purchasable","product-type-simple"],"yoast_head":"<!-- This site is optimized with the Yoast SEO plugin v26.3 - https:\/\/yoast.com\/wordpress\/plugins\/seo\/ -->\n<title>FIGURA D&#039;ASSAIG. LITERATURA, CR\u00cdTICA, CULTURA (1948-1992) Top-Angebot - casadelectores<\/title>\n<meta name=\"robots\" content=\"index, follow, max-snippet:-1, max-image-preview:large, max-video-preview:-1\" \/>\n<link rel=\"canonical\" href=\"https:\/\/www.casadelectores.com\/index.php\/producto\/figura-d-assaig-literatura-critica-cultura-1948-1992-top-angebot-30926\/\" \/>\n<meta property=\"og:locale\" content=\"es_ES\" \/>\n<meta property=\"og:type\" content=\"article\" \/>\n<meta property=\"og:title\" content=\"FIGURA D&#039;ASSAIG. LITERATURA, CR\u00cdTICA, CULTURA (1948-1992) Top-Angebot - casadelectores\" \/>\n<meta property=\"og:description\" content=\"\u00abLa cr\u00edtica dona a una societat consci\u00e8ncia de la seva literatura, en revelar-li que sota la funci\u00f3 hedon\u00edstica del poema, de la novel\u00b7la, del drama, hi ha un fort entrellat d&#8217;implicacions morals, i lafigura exacta d&#8217;un poble que tamb\u00e9 aix\u00ed fa la seva hist\u00f2ria\u00bb.Si Joan Fuster \u00e9s \u00abun aut\u00e8ntic professor de lectura\u00bb, com ens diu&hellip;&nbsp;FIGURA D&#8217;ASSAIG. LITERATURA, CR\u00cdTICA, CULTURA (1948-1992) Top-Angebot\" \/>\n<meta property=\"og:url\" content=\"https:\/\/www.casadelectores.com\/index.php\/producto\/figura-d-assaig-literatura-critica-cultura-1948-1992-top-angebot-30926\/\" \/>\n<meta property=\"og:site_name\" content=\"casadelectores\" \/>\n<meta property=\"og:image\" content=\"https:\/\/www.casadelectores.com\/wp-content\/uploads\/2025\/SK0191998-DE20251119-101116-0-1763518286-978841885702.webp\" \/>\n\t<meta property=\"og:image:width\" content=\"234\" \/>\n\t<meta property=\"og:image:height\" content=\"350\" \/>\n\t<meta property=\"og:image:type\" content=\"image\/webp\" \/>\n<meta name=\"twitter:card\" content=\"summary_large_image\" \/>\n<meta name=\"twitter:label1\" content=\"Tiempo de lectura\" \/>\n\t<meta name=\"twitter:data1\" content=\"1 minuto\" \/>\n<script type=\"application\/ld+json\" class=\"yoast-schema-graph\">{\"@context\":\"https:\/\/schema.org\",\"@graph\":[{\"@type\":\"WebPage\",\"@id\":\"https:\/\/www.casadelectores.com\/index.php\/producto\/figura-d-assaig-literatura-critica-cultura-1948-1992-top-angebot-30926\/\",\"url\":\"https:\/\/www.casadelectores.com\/index.php\/producto\/figura-d-assaig-literatura-critica-cultura-1948-1992-top-angebot-30926\/\",\"name\":\"FIGURA D'ASSAIG. LITERATURA, CR\u00cdTICA, CULTURA (1948-1992) Top-Angebot - casadelectores\",\"isPartOf\":{\"@id\":\"https:\/\/www.casadelectores.com\/#website\"},\"primaryImageOfPage\":{\"@id\":\"https:\/\/www.casadelectores.com\/index.php\/producto\/figura-d-assaig-literatura-critica-cultura-1948-1992-top-angebot-30926\/#primaryimage\"},\"image\":{\"@id\":\"https:\/\/www.casadelectores.com\/index.php\/producto\/figura-d-assaig-literatura-critica-cultura-1948-1992-top-angebot-30926\/#primaryimage\"},\"thumbnailUrl\":\"https:\/\/www.casadelectores.com\/wp-content\/uploads\/2025\/SK0191998-DE20251119-101116-0-1763518286-978841885702.webp\",\"datePublished\":\"2025-11-25T09:05:16+00:00\",\"breadcrumb\":{\"@id\":\"https:\/\/www.casadelectores.com\/index.php\/producto\/figura-d-assaig-literatura-critica-cultura-1948-1992-top-angebot-30926\/#breadcrumb\"},\"inLanguage\":\"es\",\"potentialAction\":[{\"@type\":\"ReadAction\",\"target\":[\"https:\/\/www.casadelectores.com\/index.php\/producto\/figura-d-assaig-literatura-critica-cultura-1948-1992-top-angebot-30926\/\"]}]},{\"@type\":\"ImageObject\",\"inLanguage\":\"es\",\"@id\":\"https:\/\/www.casadelectores.com\/index.php\/producto\/figura-d-assaig-literatura-critica-cultura-1948-1992-top-angebot-30926\/#primaryimage\",\"url\":\"https:\/\/www.casadelectores.com\/wp-content\/uploads\/2025\/SK0191998-DE20251119-101116-0-1763518286-978841885702.webp\",\"contentUrl\":\"https:\/\/www.casadelectores.com\/wp-content\/uploads\/2025\/SK0191998-DE20251119-101116-0-1763518286-978841885702.webp\",\"width\":234,\"height\":350},{\"@type\":\"BreadcrumbList\",\"@id\":\"https:\/\/www.casadelectores.com\/index.php\/producto\/figura-d-assaig-literatura-critica-cultura-1948-1992-top-angebot-30926\/#breadcrumb\",\"itemListElement\":[{\"@type\":\"ListItem\",\"position\":1,\"name\":\"Portada\",\"item\":\"https:\/\/www.casadelectores.com\/\"},{\"@type\":\"ListItem\",\"position\":2,\"name\":\"Shop\",\"item\":\"https:\/\/www.casadelectores.com\/index.php\/shop\/\"},{\"@type\":\"ListItem\",\"position\":3,\"name\":\"FIGURA D&#8217;ASSAIG. LITERATURA, CR\u00cdTICA, CULTURA (1948-1992) Top-Angebot\"}]},{\"@type\":\"WebSite\",\"@id\":\"https:\/\/www.casadelectores.com\/#website\",\"url\":\"https:\/\/www.casadelectores.com\/\",\"name\":\"Enam\u00f3rate de las compras\",\"description\":\"\",\"publisher\":{\"@id\":\"https:\/\/www.casadelectores.com\/#organization\"},\"potentialAction\":[{\"@type\":\"SearchAction\",\"target\":{\"@type\":\"EntryPoint\",\"urlTemplate\":\"https:\/\/www.casadelectores.com\/?s={search_term_string}\"},\"query-input\":{\"@type\":\"PropertyValueSpecification\",\"valueRequired\":true,\"valueName\":\"search_term_string\"}}],\"inLanguage\":\"es\"},{\"@type\":\"Organization\",\"@id\":\"https:\/\/www.casadelectores.com\/#organization\",\"name\":\"Enam\u00f3rate de las compras\",\"url\":\"https:\/\/www.casadelectores.com\/\",\"logo\":{\"@type\":\"ImageObject\",\"inLanguage\":\"es\",\"@id\":\"https:\/\/www.casadelectores.com\/#\/schema\/logo\/image\/\",\"url\":\"https:\/\/www.casadelectores.com\/wp-content\/uploads\/2020\/10\/shop-icon.png\",\"contentUrl\":\"https:\/\/www.casadelectores.com\/wp-content\/uploads\/2020\/10\/shop-icon.png\",\"width\":512,\"height\":512,\"caption\":\"Enam\u00f3rate de las compras\"},\"image\":{\"@id\":\"https:\/\/www.casadelectores.com\/#\/schema\/logo\/image\/\"}}]}<\/script>\n<!-- \/ Yoast SEO plugin. -->","yoast_head_json":{"title":"FIGURA D'ASSAIG. LITERATURA, CR\u00cdTICA, CULTURA (1948-1992) Top-Angebot - casadelectores","robots":{"index":"index","follow":"follow","max-snippet":"max-snippet:-1","max-image-preview":"max-image-preview:large","max-video-preview":"max-video-preview:-1"},"canonical":"https:\/\/www.casadelectores.com\/index.php\/producto\/figura-d-assaig-literatura-critica-cultura-1948-1992-top-angebot-30926\/","og_locale":"es_ES","og_type":"article","og_title":"FIGURA D'ASSAIG. LITERATURA, CR\u00cdTICA, CULTURA (1948-1992) Top-Angebot - casadelectores","og_description":"\u00abLa cr\u00edtica dona a una societat consci\u00e8ncia de la seva literatura, en revelar-li que sota la funci\u00f3 hedon\u00edstica del poema, de la novel\u00b7la, del drama, hi ha un fort entrellat d&#8217;implicacions morals, i lafigura exacta d&#8217;un poble que tamb\u00e9 aix\u00ed fa la seva hist\u00f2ria\u00bb.Si Joan Fuster \u00e9s \u00abun aut\u00e8ntic professor de lectura\u00bb, com ens diu&hellip;&nbsp;FIGURA D&#8217;ASSAIG. LITERATURA, CR\u00cdTICA, CULTURA (1948-1992) Top-Angebot","og_url":"https:\/\/www.casadelectores.com\/index.php\/producto\/figura-d-assaig-literatura-critica-cultura-1948-1992-top-angebot-30926\/","og_site_name":"casadelectores","og_image":[{"width":234,"height":350,"url":"https:\/\/www.casadelectores.com\/wp-content\/uploads\/2025\/SK0191998-DE20251119-101116-0-1763518286-978841885702.webp","type":"image\/webp"}],"twitter_card":"summary_large_image","twitter_misc":{"Tiempo de lectura":"1 minuto"},"schema":{"@context":"https:\/\/schema.org","@graph":[{"@type":"WebPage","@id":"https:\/\/www.casadelectores.com\/index.php\/producto\/figura-d-assaig-literatura-critica-cultura-1948-1992-top-angebot-30926\/","url":"https:\/\/www.casadelectores.com\/index.php\/producto\/figura-d-assaig-literatura-critica-cultura-1948-1992-top-angebot-30926\/","name":"FIGURA D'ASSAIG. LITERATURA, CR\u00cdTICA, CULTURA (1948-1992) Top-Angebot - casadelectores","isPartOf":{"@id":"https:\/\/www.casadelectores.com\/#website"},"primaryImageOfPage":{"@id":"https:\/\/www.casadelectores.com\/index.php\/producto\/figura-d-assaig-literatura-critica-cultura-1948-1992-top-angebot-30926\/#primaryimage"},"image":{"@id":"https:\/\/www.casadelectores.com\/index.php\/producto\/figura-d-assaig-literatura-critica-cultura-1948-1992-top-angebot-30926\/#primaryimage"},"thumbnailUrl":"https:\/\/www.casadelectores.com\/wp-content\/uploads\/2025\/SK0191998-DE20251119-101116-0-1763518286-978841885702.webp","datePublished":"2025-11-25T09:05:16+00:00","breadcrumb":{"@id":"https:\/\/www.casadelectores.com\/index.php\/producto\/figura-d-assaig-literatura-critica-cultura-1948-1992-top-angebot-30926\/#breadcrumb"},"inLanguage":"es","potentialAction":[{"@type":"ReadAction","target":["https:\/\/www.casadelectores.com\/index.php\/producto\/figura-d-assaig-literatura-critica-cultura-1948-1992-top-angebot-30926\/"]}]},{"@type":"ImageObject","inLanguage":"es","@id":"https:\/\/www.casadelectores.com\/index.php\/producto\/figura-d-assaig-literatura-critica-cultura-1948-1992-top-angebot-30926\/#primaryimage","url":"https:\/\/www.casadelectores.com\/wp-content\/uploads\/2025\/SK0191998-DE20251119-101116-0-1763518286-978841885702.webp","contentUrl":"https:\/\/www.casadelectores.com\/wp-content\/uploads\/2025\/SK0191998-DE20251119-101116-0-1763518286-978841885702.webp","width":234,"height":350},{"@type":"BreadcrumbList","@id":"https:\/\/www.casadelectores.com\/index.php\/producto\/figura-d-assaig-literatura-critica-cultura-1948-1992-top-angebot-30926\/#breadcrumb","itemListElement":[{"@type":"ListItem","position":1,"name":"Portada","item":"https:\/\/www.casadelectores.com\/"},{"@type":"ListItem","position":2,"name":"Shop","item":"https:\/\/www.casadelectores.com\/index.php\/shop\/"},{"@type":"ListItem","position":3,"name":"FIGURA D&#8217;ASSAIG. LITERATURA, CR\u00cdTICA, CULTURA (1948-1992) Top-Angebot"}]},{"@type":"WebSite","@id":"https:\/\/www.casadelectores.com\/#website","url":"https:\/\/www.casadelectores.com\/","name":"Enam\u00f3rate de las compras","description":"","publisher":{"@id":"https:\/\/www.casadelectores.com\/#organization"},"potentialAction":[{"@type":"SearchAction","target":{"@type":"EntryPoint","urlTemplate":"https:\/\/www.casadelectores.com\/?s={search_term_string}"},"query-input":{"@type":"PropertyValueSpecification","valueRequired":true,"valueName":"search_term_string"}}],"inLanguage":"es"},{"@type":"Organization","@id":"https:\/\/www.casadelectores.com\/#organization","name":"Enam\u00f3rate de las compras","url":"https:\/\/www.casadelectores.com\/","logo":{"@type":"ImageObject","inLanguage":"es","@id":"https:\/\/www.casadelectores.com\/#\/schema\/logo\/image\/","url":"https:\/\/www.casadelectores.com\/wp-content\/uploads\/2020\/10\/shop-icon.png","contentUrl":"https:\/\/www.casadelectores.com\/wp-content\/uploads\/2020\/10\/shop-icon.png","width":512,"height":512,"caption":"Enam\u00f3rate de las compras"},"image":{"@id":"https:\/\/www.casadelectores.com\/#\/schema\/logo\/image\/"}}]}},"_links":{"self":[{"href":"https:\/\/www.casadelectores.com\/index.php\/wp-json\/wp\/v2\/product\/30926","targetHints":{"allow":["GET"]}}],"collection":[{"href":"https:\/\/www.casadelectores.com\/index.php\/wp-json\/wp\/v2\/product"}],"about":[{"href":"https:\/\/www.casadelectores.com\/index.php\/wp-json\/wp\/v2\/types\/product"}],"wp:featuredmedia":[{"embeddable":true,"href":"https:\/\/www.casadelectores.com\/index.php\/wp-json\/wp\/v2\/media\/31026"}],"wp:attachment":[{"href":"https:\/\/www.casadelectores.com\/index.php\/wp-json\/wp\/v2\/media?parent=30926"}],"wp:term":[{"taxonomy":"product_brand","embeddable":true,"href":"https:\/\/www.casadelectores.com\/index.php\/wp-json\/wp\/v2\/product_brand?post=30926"},{"taxonomy":"product_cat","embeddable":true,"href":"https:\/\/www.casadelectores.com\/index.php\/wp-json\/wp\/v2\/product_cat?post=30926"},{"taxonomy":"product_tag","embeddable":true,"href":"https:\/\/www.casadelectores.com\/index.php\/wp-json\/wp\/v2\/product_tag?post=30926"}],"curies":[{"name":"wp","href":"https:\/\/api.w.org\/{rel}","templated":true}]}}