{"id":30330,"date":"2025-11-25T09:05:16","date_gmt":"2025-11-25T09:05:16","guid":{"rendered":""},"modified":"2025-11-25T09:05:16","modified_gmt":"2025-11-25T09:05:16","slug":"entre-tiranos-la-guerra-civil-de-cesar-hochwertig-30330","status":"publish","type":"product","link":"https:\/\/www.casadelectores.com\/index.php\/producto\/entre-tiranos-la-guerra-civil-de-cesar-hochwertig-30330\/","title":{"rendered":"ENTRE TIRANOS. LA GUERRA CIVIL DE C\u00c9SAR Hochwertig"},"content":{"rendered":"<p>La guerra civil como concepto, pero tambi\u00e9n como experiencia angustiosamente sufrida es lo que nos ofrece el testimonio de quien afirmaba haber vivido cinco de ellas y tuvo que elegir a su caudillo entre los tiranos que ambicionaban apoderarse de la Rep\u00fablica: Marco Tulio Cicer\u00f3n. Sus cartas nos conservan las dudas y los argumentos de quienes ?entonces como ahora? se ven obligados a tomar partido en un conflicto armado en el que los enemigos son tambi\u00e9n conciudadanos. Con \u00e9l como principal gu\u00eda, podemos reconstruir algunos aspectos de la Italia de aquellos doce a\u00f1os, desde el terrible 52 a. C., preludio de mayores males, hasta la cruel guerra de Perusia en enero del 40. Tres elementos formaron la trama sobre la que aquellos arist\u00f3cratas fundaron su decisi\u00f3n: los conflictos ideol\u00f3gicos entre optimates y dem\u00f3cratas, el recuerdo de las v\u00edctimas y el miedo, no s\u00f3lo a la venganza o la ruina, sino tambi\u00e9n al juicio y la cr\u00edtica de sus iguales. Causa, memoria y miedo articulan una interpretaci\u00f3n de la guerra civil romana que la sit\u00faa en l\u00ednea con las interpretaciones elaboradas por las ciencias sociales para este tipo de conflictos, a los que se ha prestado una especial atenci\u00f3n en fecha reciente. \u00ab,<\/p>\n","protected":false},"excerpt":{"rendered":"<p>La guerra civil como concepto, pero tambi\u00e9n como experiencia angustiosamente sufrida es lo que nos ofrece el testimonio de quien afirmaba haber vivido cinco de ellas y tuvo que elegir a su caudillo entre los tiranos que ambicionaban apoderarse de la Rep\u00fablica: Marco Tulio Cicer\u00f3n. Sus cartas nos conservan las dudas y los argumentos de&hellip;&nbsp;<a href=\"https:\/\/www.casadelectores.com\/index.php\/producto\/entre-tiranos-la-guerra-civil-de-cesar-hochwertig-30330\/\" rel=\"bookmark\"><span class=\"screen-reader-text\">ENTRE TIRANOS. LA GUERRA CIVIL DE C\u00c9SAR Hochwertig<\/span><\/a><\/p>\n","protected":false},"featured_media":30430,"template":"","meta":{"neve_meta_sidebar":"","neve_meta_container":"","neve_meta_enable_content_width":"","neve_meta_content_width":0,"neve_meta_title_alignment":"","neve_meta_author_avatar":"","neve_post_elements_order":"","neve_meta_disable_header":"","neve_meta_disable_footer":"","neve_meta_disable_title":"","_themeisle_gutenberg_block_has_review":false},"product_brand":[],"product_cat":[26],"product_tag":[],"class_list":["post-30330","product","type-product","status-publish","has-post-thumbnail","product_cat-publicaciones-de-libros","first","instock","sale","shipping-taxable","purchasable","product-type-simple"],"yoast_head":"<!-- This site is optimized with the Yoast SEO plugin v26.3 - https:\/\/yoast.com\/wordpress\/plugins\/seo\/ -->\n<title>ENTRE TIRANOS. LA GUERRA CIVIL DE C\u00c9SAR Hochwertig - casadelectores<\/title>\n<meta name=\"robots\" content=\"index, follow, max-snippet:-1, max-image-preview:large, max-video-preview:-1\" \/>\n<link rel=\"canonical\" href=\"https:\/\/www.casadelectores.com\/index.php\/producto\/entre-tiranos-la-guerra-civil-de-cesar-hochwertig-30330\/\" \/>\n<meta property=\"og:locale\" content=\"es_ES\" \/>\n<meta property=\"og:type\" content=\"article\" \/>\n<meta property=\"og:title\" content=\"ENTRE TIRANOS. LA GUERRA CIVIL DE C\u00c9SAR Hochwertig - casadelectores\" \/>\n<meta property=\"og:description\" content=\"La guerra civil como concepto, pero tambi\u00e9n como experiencia angustiosamente sufrida es lo que nos ofrece el testimonio de quien afirmaba haber vivido cinco de ellas y tuvo que elegir a su caudillo entre los tiranos que ambicionaban apoderarse de la Rep\u00fablica: Marco Tulio Cicer\u00f3n. Sus cartas nos conservan las dudas y los argumentos de&hellip;&nbsp;ENTRE TIRANOS. LA GUERRA CIVIL DE C\u00c9SAR Hochwertig\" \/>\n<meta property=\"og:url\" content=\"https:\/\/www.casadelectores.com\/index.php\/producto\/entre-tiranos-la-guerra-civil-de-cesar-hochwertig-30330\/\" \/>\n<meta property=\"og:site_name\" content=\"casadelectores\" \/>\n<meta property=\"og:image\" content=\"https:\/\/www.casadelectores.com\/wp-content\/uploads\/2025\/SK0191902-DE20251119-101116-0-1763518286-978841875200.webp\" \/>\n\t<meta property=\"og:image:width\" content=\"300\" \/>\n\t<meta property=\"og:image:height\" content=\"455\" \/>\n\t<meta property=\"og:image:type\" content=\"image\/webp\" \/>\n<meta name=\"twitter:card\" content=\"summary_large_image\" \/>\n<meta name=\"twitter:label1\" content=\"Tiempo de lectura\" \/>\n\t<meta name=\"twitter:data1\" content=\"1 minuto\" \/>\n<script type=\"application\/ld+json\" class=\"yoast-schema-graph\">{\"@context\":\"https:\/\/schema.org\",\"@graph\":[{\"@type\":\"WebPage\",\"@id\":\"https:\/\/www.casadelectores.com\/index.php\/producto\/entre-tiranos-la-guerra-civil-de-cesar-hochwertig-30330\/\",\"url\":\"https:\/\/www.casadelectores.com\/index.php\/producto\/entre-tiranos-la-guerra-civil-de-cesar-hochwertig-30330\/\",\"name\":\"ENTRE TIRANOS. LA GUERRA CIVIL DE C\u00c9SAR Hochwertig - casadelectores\",\"isPartOf\":{\"@id\":\"https:\/\/www.casadelectores.com\/#website\"},\"primaryImageOfPage\":{\"@id\":\"https:\/\/www.casadelectores.com\/index.php\/producto\/entre-tiranos-la-guerra-civil-de-cesar-hochwertig-30330\/#primaryimage\"},\"image\":{\"@id\":\"https:\/\/www.casadelectores.com\/index.php\/producto\/entre-tiranos-la-guerra-civil-de-cesar-hochwertig-30330\/#primaryimage\"},\"thumbnailUrl\":\"https:\/\/www.casadelectores.com\/wp-content\/uploads\/2025\/SK0191902-DE20251119-101116-0-1763518286-978841875200.webp\",\"datePublished\":\"2025-11-25T09:05:16+00:00\",\"breadcrumb\":{\"@id\":\"https:\/\/www.casadelectores.com\/index.php\/producto\/entre-tiranos-la-guerra-civil-de-cesar-hochwertig-30330\/#breadcrumb\"},\"inLanguage\":\"es\",\"potentialAction\":[{\"@type\":\"ReadAction\",\"target\":[\"https:\/\/www.casadelectores.com\/index.php\/producto\/entre-tiranos-la-guerra-civil-de-cesar-hochwertig-30330\/\"]}]},{\"@type\":\"ImageObject\",\"inLanguage\":\"es\",\"@id\":\"https:\/\/www.casadelectores.com\/index.php\/producto\/entre-tiranos-la-guerra-civil-de-cesar-hochwertig-30330\/#primaryimage\",\"url\":\"https:\/\/www.casadelectores.com\/wp-content\/uploads\/2025\/SK0191902-DE20251119-101116-0-1763518286-978841875200.webp\",\"contentUrl\":\"https:\/\/www.casadelectores.com\/wp-content\/uploads\/2025\/SK0191902-DE20251119-101116-0-1763518286-978841875200.webp\",\"width\":300,\"height\":455},{\"@type\":\"BreadcrumbList\",\"@id\":\"https:\/\/www.casadelectores.com\/index.php\/producto\/entre-tiranos-la-guerra-civil-de-cesar-hochwertig-30330\/#breadcrumb\",\"itemListElement\":[{\"@type\":\"ListItem\",\"position\":1,\"name\":\"Portada\",\"item\":\"https:\/\/www.casadelectores.com\/\"},{\"@type\":\"ListItem\",\"position\":2,\"name\":\"Shop\",\"item\":\"https:\/\/www.casadelectores.com\/index.php\/shop\/\"},{\"@type\":\"ListItem\",\"position\":3,\"name\":\"ENTRE TIRANOS. LA GUERRA CIVIL DE C\u00c9SAR Hochwertig\"}]},{\"@type\":\"WebSite\",\"@id\":\"https:\/\/www.casadelectores.com\/#website\",\"url\":\"https:\/\/www.casadelectores.com\/\",\"name\":\"Enam\u00f3rate de las compras\",\"description\":\"\",\"publisher\":{\"@id\":\"https:\/\/www.casadelectores.com\/#organization\"},\"potentialAction\":[{\"@type\":\"SearchAction\",\"target\":{\"@type\":\"EntryPoint\",\"urlTemplate\":\"https:\/\/www.casadelectores.com\/?s={search_term_string}\"},\"query-input\":{\"@type\":\"PropertyValueSpecification\",\"valueRequired\":true,\"valueName\":\"search_term_string\"}}],\"inLanguage\":\"es\"},{\"@type\":\"Organization\",\"@id\":\"https:\/\/www.casadelectores.com\/#organization\",\"name\":\"Enam\u00f3rate de las compras\",\"url\":\"https:\/\/www.casadelectores.com\/\",\"logo\":{\"@type\":\"ImageObject\",\"inLanguage\":\"es\",\"@id\":\"https:\/\/www.casadelectores.com\/#\/schema\/logo\/image\/\",\"url\":\"https:\/\/www.casadelectores.com\/wp-content\/uploads\/2020\/10\/shop-icon.png\",\"contentUrl\":\"https:\/\/www.casadelectores.com\/wp-content\/uploads\/2020\/10\/shop-icon.png\",\"width\":512,\"height\":512,\"caption\":\"Enam\u00f3rate de las compras\"},\"image\":{\"@id\":\"https:\/\/www.casadelectores.com\/#\/schema\/logo\/image\/\"}}]}<\/script>\n<!-- \/ Yoast SEO plugin. -->","yoast_head_json":{"title":"ENTRE TIRANOS. LA GUERRA CIVIL DE C\u00c9SAR Hochwertig - casadelectores","robots":{"index":"index","follow":"follow","max-snippet":"max-snippet:-1","max-image-preview":"max-image-preview:large","max-video-preview":"max-video-preview:-1"},"canonical":"https:\/\/www.casadelectores.com\/index.php\/producto\/entre-tiranos-la-guerra-civil-de-cesar-hochwertig-30330\/","og_locale":"es_ES","og_type":"article","og_title":"ENTRE TIRANOS. LA GUERRA CIVIL DE C\u00c9SAR Hochwertig - casadelectores","og_description":"La guerra civil como concepto, pero tambi\u00e9n como experiencia angustiosamente sufrida es lo que nos ofrece el testimonio de quien afirmaba haber vivido cinco de ellas y tuvo que elegir a su caudillo entre los tiranos que ambicionaban apoderarse de la Rep\u00fablica: Marco Tulio Cicer\u00f3n. Sus cartas nos conservan las dudas y los argumentos de&hellip;&nbsp;ENTRE TIRANOS. LA GUERRA CIVIL DE C\u00c9SAR Hochwertig","og_url":"https:\/\/www.casadelectores.com\/index.php\/producto\/entre-tiranos-la-guerra-civil-de-cesar-hochwertig-30330\/","og_site_name":"casadelectores","og_image":[{"width":300,"height":455,"url":"https:\/\/www.casadelectores.com\/wp-content\/uploads\/2025\/SK0191902-DE20251119-101116-0-1763518286-978841875200.webp","type":"image\/webp"}],"twitter_card":"summary_large_image","twitter_misc":{"Tiempo de lectura":"1 minuto"},"schema":{"@context":"https:\/\/schema.org","@graph":[{"@type":"WebPage","@id":"https:\/\/www.casadelectores.com\/index.php\/producto\/entre-tiranos-la-guerra-civil-de-cesar-hochwertig-30330\/","url":"https:\/\/www.casadelectores.com\/index.php\/producto\/entre-tiranos-la-guerra-civil-de-cesar-hochwertig-30330\/","name":"ENTRE TIRANOS. LA GUERRA CIVIL DE C\u00c9SAR Hochwertig - casadelectores","isPartOf":{"@id":"https:\/\/www.casadelectores.com\/#website"},"primaryImageOfPage":{"@id":"https:\/\/www.casadelectores.com\/index.php\/producto\/entre-tiranos-la-guerra-civil-de-cesar-hochwertig-30330\/#primaryimage"},"image":{"@id":"https:\/\/www.casadelectores.com\/index.php\/producto\/entre-tiranos-la-guerra-civil-de-cesar-hochwertig-30330\/#primaryimage"},"thumbnailUrl":"https:\/\/www.casadelectores.com\/wp-content\/uploads\/2025\/SK0191902-DE20251119-101116-0-1763518286-978841875200.webp","datePublished":"2025-11-25T09:05:16+00:00","breadcrumb":{"@id":"https:\/\/www.casadelectores.com\/index.php\/producto\/entre-tiranos-la-guerra-civil-de-cesar-hochwertig-30330\/#breadcrumb"},"inLanguage":"es","potentialAction":[{"@type":"ReadAction","target":["https:\/\/www.casadelectores.com\/index.php\/producto\/entre-tiranos-la-guerra-civil-de-cesar-hochwertig-30330\/"]}]},{"@type":"ImageObject","inLanguage":"es","@id":"https:\/\/www.casadelectores.com\/index.php\/producto\/entre-tiranos-la-guerra-civil-de-cesar-hochwertig-30330\/#primaryimage","url":"https:\/\/www.casadelectores.com\/wp-content\/uploads\/2025\/SK0191902-DE20251119-101116-0-1763518286-978841875200.webp","contentUrl":"https:\/\/www.casadelectores.com\/wp-content\/uploads\/2025\/SK0191902-DE20251119-101116-0-1763518286-978841875200.webp","width":300,"height":455},{"@type":"BreadcrumbList","@id":"https:\/\/www.casadelectores.com\/index.php\/producto\/entre-tiranos-la-guerra-civil-de-cesar-hochwertig-30330\/#breadcrumb","itemListElement":[{"@type":"ListItem","position":1,"name":"Portada","item":"https:\/\/www.casadelectores.com\/"},{"@type":"ListItem","position":2,"name":"Shop","item":"https:\/\/www.casadelectores.com\/index.php\/shop\/"},{"@type":"ListItem","position":3,"name":"ENTRE TIRANOS. LA GUERRA CIVIL DE C\u00c9SAR Hochwertig"}]},{"@type":"WebSite","@id":"https:\/\/www.casadelectores.com\/#website","url":"https:\/\/www.casadelectores.com\/","name":"Enam\u00f3rate de las compras","description":"","publisher":{"@id":"https:\/\/www.casadelectores.com\/#organization"},"potentialAction":[{"@type":"SearchAction","target":{"@type":"EntryPoint","urlTemplate":"https:\/\/www.casadelectores.com\/?s={search_term_string}"},"query-input":{"@type":"PropertyValueSpecification","valueRequired":true,"valueName":"search_term_string"}}],"inLanguage":"es"},{"@type":"Organization","@id":"https:\/\/www.casadelectores.com\/#organization","name":"Enam\u00f3rate de las compras","url":"https:\/\/www.casadelectores.com\/","logo":{"@type":"ImageObject","inLanguage":"es","@id":"https:\/\/www.casadelectores.com\/#\/schema\/logo\/image\/","url":"https:\/\/www.casadelectores.com\/wp-content\/uploads\/2020\/10\/shop-icon.png","contentUrl":"https:\/\/www.casadelectores.com\/wp-content\/uploads\/2020\/10\/shop-icon.png","width":512,"height":512,"caption":"Enam\u00f3rate de las compras"},"image":{"@id":"https:\/\/www.casadelectores.com\/#\/schema\/logo\/image\/"}}]}},"_links":{"self":[{"href":"https:\/\/www.casadelectores.com\/index.php\/wp-json\/wp\/v2\/product\/30330","targetHints":{"allow":["GET"]}}],"collection":[{"href":"https:\/\/www.casadelectores.com\/index.php\/wp-json\/wp\/v2\/product"}],"about":[{"href":"https:\/\/www.casadelectores.com\/index.php\/wp-json\/wp\/v2\/types\/product"}],"wp:featuredmedia":[{"embeddable":true,"href":"https:\/\/www.casadelectores.com\/index.php\/wp-json\/wp\/v2\/media\/30430"}],"wp:attachment":[{"href":"https:\/\/www.casadelectores.com\/index.php\/wp-json\/wp\/v2\/media?parent=30330"}],"wp:term":[{"taxonomy":"product_brand","embeddable":true,"href":"https:\/\/www.casadelectores.com\/index.php\/wp-json\/wp\/v2\/product_brand?post=30330"},{"taxonomy":"product_cat","embeddable":true,"href":"https:\/\/www.casadelectores.com\/index.php\/wp-json\/wp\/v2\/product_cat?post=30330"},{"taxonomy":"product_tag","embeddable":true,"href":"https:\/\/www.casadelectores.com\/index.php\/wp-json\/wp\/v2\/product_tag?post=30330"}],"curies":[{"name":"wp","href":"https:\/\/api.w.org\/{rel}","templated":true}]}}