{"id":29757,"date":"2025-11-25T09:05:16","date_gmt":"2025-11-25T09:05:16","guid":{"rendered":""},"modified":"2025-11-25T09:05:16","modified_gmt":"2025-11-25T09:05:16","slug":"expressversand-derechos-fragiles-autobiografia-de-una-generacion-de-mujeres-29757","status":"publish","type":"product","link":"https:\/\/www.casadelectores.com\/index.php\/producto\/expressversand-derechos-fragiles-autobiografia-de-una-generacion-de-mujeres-29757\/","title":{"rendered":"Expressversand DERECHOS FR\u00c1GILES. AUTOBIOGRAF\u00cdA DE UNA GENERACI\u00d3N DE MUJERES"},"content":{"rendered":"<p>\u00bfSab\u00edas que la Constituci\u00f3n espa\u00f1ola de 1931 declaraba a mujeres y hombres iguales ante la ley? \u00bfSab\u00edas que en 1932 se proclam\u00f3 la Ley del Divorcio? Todo ello, sin embargo, cambi\u00f3 de la noche a la ma\u00f1ana con la Dictadura franquista. Franco restableci\u00f3 el C\u00f3digo civil de 1889, en el que, por ejemplo, se determinaba que la mujer necesitaba la protecci\u00f3n del marido, a quien ten\u00eda que obedecer, y se resolv\u00eda que solo \u00e9l ten\u00eda la patria potestad de los hijos. A los pocos a\u00f1os de morir Franco, se constituy\u00f3 un r\u00e9gimen democr\u00e1tico. Sin embargo, pese a que el dictador muri\u00f3 en 1975, el aborto, por ejemplo, no se despenaliz\u00f3 hasta 1985.Desde la mirada de una ni\u00f1a que naci\u00f3 a principios de los cincuenta del siglo xx, que fue mujer joven en la Transici\u00f3n y primeros a\u00f1os de la democracia, y mayor en la \u00e9poca de ataques organizados contra el feminismo, Derechos fr\u00e1giles evoca la historia de una generaci\u00f3n de mujeres que lucharon para que la igualdad entre mujeres y hombres fuera legal y real. Y pretende ser memoria para las j\u00f3venes, para que no olviden que los derechos conquistados por las mujeres son fr\u00e1giles y se pueden perder en cualquier momento. \u00ab,<\/p>\n","protected":false},"excerpt":{"rendered":"<p>\u00bfSab\u00edas que la Constituci\u00f3n espa\u00f1ola de 1931 declaraba a mujeres y hombres iguales ante la ley? \u00bfSab\u00edas que en 1932 se proclam\u00f3 la Ley del Divorcio? Todo ello, sin embargo, cambi\u00f3 de la noche a la ma\u00f1ana con la Dictadura franquista. Franco restableci\u00f3 el C\u00f3digo civil de 1889, en el que, por ejemplo, se determinaba&hellip;&nbsp;<a href=\"https:\/\/www.casadelectores.com\/index.php\/producto\/expressversand-derechos-fragiles-autobiografia-de-una-generacion-de-mujeres-29757\/\" rel=\"bookmark\"><span class=\"screen-reader-text\">Expressversand DERECHOS FR\u00c1GILES. AUTOBIOGRAF\u00cdA DE UNA GENERACI\u00d3N DE MUJERES<\/span><\/a><\/p>\n","protected":false},"featured_media":29857,"template":"","meta":{"neve_meta_sidebar":"","neve_meta_container":"","neve_meta_enable_content_width":"","neve_meta_content_width":0,"neve_meta_title_alignment":"","neve_meta_author_avatar":"","neve_post_elements_order":"","neve_meta_disable_header":"","neve_meta_disable_footer":"","neve_meta_disable_title":"","_themeisle_gutenberg_block_has_review":false},"product_brand":[],"product_cat":[26],"product_tag":[],"class_list":["post-29757","product","type-product","status-publish","has-post-thumbnail","product_cat-publicaciones-de-libros","first","instock","sale","shipping-taxable","purchasable","product-type-simple"],"yoast_head":"<!-- This site is optimized with the Yoast SEO plugin v26.3 - https:\/\/yoast.com\/wordpress\/plugins\/seo\/ -->\n<title>Expressversand DERECHOS FR\u00c1GILES. AUTOBIOGRAF\u00cdA DE UNA GENERACI\u00d3N DE MUJERES - casadelectores<\/title>\n<meta name=\"robots\" content=\"index, follow, max-snippet:-1, max-image-preview:large, max-video-preview:-1\" \/>\n<link rel=\"canonical\" href=\"https:\/\/www.casadelectores.com\/index.php\/producto\/expressversand-derechos-fragiles-autobiografia-de-una-generacion-de-mujeres-29757\/\" \/>\n<meta property=\"og:locale\" content=\"es_ES\" \/>\n<meta property=\"og:type\" content=\"article\" \/>\n<meta property=\"og:title\" content=\"Expressversand DERECHOS FR\u00c1GILES. AUTOBIOGRAF\u00cdA DE UNA GENERACI\u00d3N DE MUJERES - casadelectores\" \/>\n<meta property=\"og:description\" content=\"\u00bfSab\u00edas que la Constituci\u00f3n espa\u00f1ola de 1931 declaraba a mujeres y hombres iguales ante la ley? \u00bfSab\u00edas que en 1932 se proclam\u00f3 la Ley del Divorcio? Todo ello, sin embargo, cambi\u00f3 de la noche a la ma\u00f1ana con la Dictadura franquista. Franco restableci\u00f3 el C\u00f3digo civil de 1889, en el que, por ejemplo, se determinaba&hellip;&nbsp;Expressversand DERECHOS FR\u00c1GILES. AUTOBIOGRAF\u00cdA DE UNA GENERACI\u00d3N DE MUJERES\" \/>\n<meta property=\"og:url\" content=\"https:\/\/www.casadelectores.com\/index.php\/producto\/expressversand-derechos-fragiles-autobiografia-de-una-generacion-de-mujeres-29757\/\" \/>\n<meta property=\"og:site_name\" content=\"casadelectores\" \/>\n<meta property=\"og:image\" content=\"https:\/\/www.casadelectores.com\/wp-content\/uploads\/2025\/SK0190573-DE20251119-101116-0-1763518286-978841834831.webp\" \/>\n\t<meta property=\"og:image:width\" content=\"300\" \/>\n\t<meta property=\"og:image:height\" content=\"414\" \/>\n\t<meta property=\"og:image:type\" content=\"image\/webp\" \/>\n<meta name=\"twitter:card\" content=\"summary_large_image\" \/>\n<meta name=\"twitter:label1\" content=\"Tiempo de lectura\" \/>\n\t<meta name=\"twitter:data1\" content=\"1 minuto\" \/>\n<script type=\"application\/ld+json\" class=\"yoast-schema-graph\">{\"@context\":\"https:\/\/schema.org\",\"@graph\":[{\"@type\":\"WebPage\",\"@id\":\"https:\/\/www.casadelectores.com\/index.php\/producto\/expressversand-derechos-fragiles-autobiografia-de-una-generacion-de-mujeres-29757\/\",\"url\":\"https:\/\/www.casadelectores.com\/index.php\/producto\/expressversand-derechos-fragiles-autobiografia-de-una-generacion-de-mujeres-29757\/\",\"name\":\"Expressversand DERECHOS FR\u00c1GILES. AUTOBIOGRAF\u00cdA DE UNA GENERACI\u00d3N DE MUJERES - casadelectores\",\"isPartOf\":{\"@id\":\"https:\/\/www.casadelectores.com\/#website\"},\"primaryImageOfPage\":{\"@id\":\"https:\/\/www.casadelectores.com\/index.php\/producto\/expressversand-derechos-fragiles-autobiografia-de-una-generacion-de-mujeres-29757\/#primaryimage\"},\"image\":{\"@id\":\"https:\/\/www.casadelectores.com\/index.php\/producto\/expressversand-derechos-fragiles-autobiografia-de-una-generacion-de-mujeres-29757\/#primaryimage\"},\"thumbnailUrl\":\"https:\/\/www.casadelectores.com\/wp-content\/uploads\/2025\/SK0190573-DE20251119-101116-0-1763518286-978841834831.webp\",\"datePublished\":\"2025-11-25T09:05:16+00:00\",\"breadcrumb\":{\"@id\":\"https:\/\/www.casadelectores.com\/index.php\/producto\/expressversand-derechos-fragiles-autobiografia-de-una-generacion-de-mujeres-29757\/#breadcrumb\"},\"inLanguage\":\"es\",\"potentialAction\":[{\"@type\":\"ReadAction\",\"target\":[\"https:\/\/www.casadelectores.com\/index.php\/producto\/expressversand-derechos-fragiles-autobiografia-de-una-generacion-de-mujeres-29757\/\"]}]},{\"@type\":\"ImageObject\",\"inLanguage\":\"es\",\"@id\":\"https:\/\/www.casadelectores.com\/index.php\/producto\/expressversand-derechos-fragiles-autobiografia-de-una-generacion-de-mujeres-29757\/#primaryimage\",\"url\":\"https:\/\/www.casadelectores.com\/wp-content\/uploads\/2025\/SK0190573-DE20251119-101116-0-1763518286-978841834831.webp\",\"contentUrl\":\"https:\/\/www.casadelectores.com\/wp-content\/uploads\/2025\/SK0190573-DE20251119-101116-0-1763518286-978841834831.webp\",\"width\":300,\"height\":414},{\"@type\":\"BreadcrumbList\",\"@id\":\"https:\/\/www.casadelectores.com\/index.php\/producto\/expressversand-derechos-fragiles-autobiografia-de-una-generacion-de-mujeres-29757\/#breadcrumb\",\"itemListElement\":[{\"@type\":\"ListItem\",\"position\":1,\"name\":\"Portada\",\"item\":\"https:\/\/www.casadelectores.com\/\"},{\"@type\":\"ListItem\",\"position\":2,\"name\":\"Shop\",\"item\":\"https:\/\/www.casadelectores.com\/index.php\/shop\/\"},{\"@type\":\"ListItem\",\"position\":3,\"name\":\"Expressversand DERECHOS FR\u00c1GILES. AUTOBIOGRAF\u00cdA DE UNA GENERACI\u00d3N DE MUJERES\"}]},{\"@type\":\"WebSite\",\"@id\":\"https:\/\/www.casadelectores.com\/#website\",\"url\":\"https:\/\/www.casadelectores.com\/\",\"name\":\"Enam\u00f3rate de las compras\",\"description\":\"\",\"publisher\":{\"@id\":\"https:\/\/www.casadelectores.com\/#organization\"},\"potentialAction\":[{\"@type\":\"SearchAction\",\"target\":{\"@type\":\"EntryPoint\",\"urlTemplate\":\"https:\/\/www.casadelectores.com\/?s={search_term_string}\"},\"query-input\":{\"@type\":\"PropertyValueSpecification\",\"valueRequired\":true,\"valueName\":\"search_term_string\"}}],\"inLanguage\":\"es\"},{\"@type\":\"Organization\",\"@id\":\"https:\/\/www.casadelectores.com\/#organization\",\"name\":\"Enam\u00f3rate de las compras\",\"url\":\"https:\/\/www.casadelectores.com\/\",\"logo\":{\"@type\":\"ImageObject\",\"inLanguage\":\"es\",\"@id\":\"https:\/\/www.casadelectores.com\/#\/schema\/logo\/image\/\",\"url\":\"https:\/\/www.casadelectores.com\/wp-content\/uploads\/2020\/10\/shop-icon.png\",\"contentUrl\":\"https:\/\/www.casadelectores.com\/wp-content\/uploads\/2020\/10\/shop-icon.png\",\"width\":512,\"height\":512,\"caption\":\"Enam\u00f3rate de las compras\"},\"image\":{\"@id\":\"https:\/\/www.casadelectores.com\/#\/schema\/logo\/image\/\"}}]}<\/script>\n<!-- \/ Yoast SEO plugin. -->","yoast_head_json":{"title":"Expressversand DERECHOS FR\u00c1GILES. AUTOBIOGRAF\u00cdA DE UNA GENERACI\u00d3N DE MUJERES - casadelectores","robots":{"index":"index","follow":"follow","max-snippet":"max-snippet:-1","max-image-preview":"max-image-preview:large","max-video-preview":"max-video-preview:-1"},"canonical":"https:\/\/www.casadelectores.com\/index.php\/producto\/expressversand-derechos-fragiles-autobiografia-de-una-generacion-de-mujeres-29757\/","og_locale":"es_ES","og_type":"article","og_title":"Expressversand DERECHOS FR\u00c1GILES. AUTOBIOGRAF\u00cdA DE UNA GENERACI\u00d3N DE MUJERES - casadelectores","og_description":"\u00bfSab\u00edas que la Constituci\u00f3n espa\u00f1ola de 1931 declaraba a mujeres y hombres iguales ante la ley? \u00bfSab\u00edas que en 1932 se proclam\u00f3 la Ley del Divorcio? Todo ello, sin embargo, cambi\u00f3 de la noche a la ma\u00f1ana con la Dictadura franquista. Franco restableci\u00f3 el C\u00f3digo civil de 1889, en el que, por ejemplo, se determinaba&hellip;&nbsp;Expressversand DERECHOS FR\u00c1GILES. AUTOBIOGRAF\u00cdA DE UNA GENERACI\u00d3N DE MUJERES","og_url":"https:\/\/www.casadelectores.com\/index.php\/producto\/expressversand-derechos-fragiles-autobiografia-de-una-generacion-de-mujeres-29757\/","og_site_name":"casadelectores","og_image":[{"width":300,"height":414,"url":"https:\/\/www.casadelectores.com\/wp-content\/uploads\/2025\/SK0190573-DE20251119-101116-0-1763518286-978841834831.webp","type":"image\/webp"}],"twitter_card":"summary_large_image","twitter_misc":{"Tiempo de lectura":"1 minuto"},"schema":{"@context":"https:\/\/schema.org","@graph":[{"@type":"WebPage","@id":"https:\/\/www.casadelectores.com\/index.php\/producto\/expressversand-derechos-fragiles-autobiografia-de-una-generacion-de-mujeres-29757\/","url":"https:\/\/www.casadelectores.com\/index.php\/producto\/expressversand-derechos-fragiles-autobiografia-de-una-generacion-de-mujeres-29757\/","name":"Expressversand DERECHOS FR\u00c1GILES. AUTOBIOGRAF\u00cdA DE UNA GENERACI\u00d3N DE MUJERES - casadelectores","isPartOf":{"@id":"https:\/\/www.casadelectores.com\/#website"},"primaryImageOfPage":{"@id":"https:\/\/www.casadelectores.com\/index.php\/producto\/expressversand-derechos-fragiles-autobiografia-de-una-generacion-de-mujeres-29757\/#primaryimage"},"image":{"@id":"https:\/\/www.casadelectores.com\/index.php\/producto\/expressversand-derechos-fragiles-autobiografia-de-una-generacion-de-mujeres-29757\/#primaryimage"},"thumbnailUrl":"https:\/\/www.casadelectores.com\/wp-content\/uploads\/2025\/SK0190573-DE20251119-101116-0-1763518286-978841834831.webp","datePublished":"2025-11-25T09:05:16+00:00","breadcrumb":{"@id":"https:\/\/www.casadelectores.com\/index.php\/producto\/expressversand-derechos-fragiles-autobiografia-de-una-generacion-de-mujeres-29757\/#breadcrumb"},"inLanguage":"es","potentialAction":[{"@type":"ReadAction","target":["https:\/\/www.casadelectores.com\/index.php\/producto\/expressversand-derechos-fragiles-autobiografia-de-una-generacion-de-mujeres-29757\/"]}]},{"@type":"ImageObject","inLanguage":"es","@id":"https:\/\/www.casadelectores.com\/index.php\/producto\/expressversand-derechos-fragiles-autobiografia-de-una-generacion-de-mujeres-29757\/#primaryimage","url":"https:\/\/www.casadelectores.com\/wp-content\/uploads\/2025\/SK0190573-DE20251119-101116-0-1763518286-978841834831.webp","contentUrl":"https:\/\/www.casadelectores.com\/wp-content\/uploads\/2025\/SK0190573-DE20251119-101116-0-1763518286-978841834831.webp","width":300,"height":414},{"@type":"BreadcrumbList","@id":"https:\/\/www.casadelectores.com\/index.php\/producto\/expressversand-derechos-fragiles-autobiografia-de-una-generacion-de-mujeres-29757\/#breadcrumb","itemListElement":[{"@type":"ListItem","position":1,"name":"Portada","item":"https:\/\/www.casadelectores.com\/"},{"@type":"ListItem","position":2,"name":"Shop","item":"https:\/\/www.casadelectores.com\/index.php\/shop\/"},{"@type":"ListItem","position":3,"name":"Expressversand DERECHOS FR\u00c1GILES. AUTOBIOGRAF\u00cdA DE UNA GENERACI\u00d3N DE MUJERES"}]},{"@type":"WebSite","@id":"https:\/\/www.casadelectores.com\/#website","url":"https:\/\/www.casadelectores.com\/","name":"Enam\u00f3rate de las compras","description":"","publisher":{"@id":"https:\/\/www.casadelectores.com\/#organization"},"potentialAction":[{"@type":"SearchAction","target":{"@type":"EntryPoint","urlTemplate":"https:\/\/www.casadelectores.com\/?s={search_term_string}"},"query-input":{"@type":"PropertyValueSpecification","valueRequired":true,"valueName":"search_term_string"}}],"inLanguage":"es"},{"@type":"Organization","@id":"https:\/\/www.casadelectores.com\/#organization","name":"Enam\u00f3rate de las compras","url":"https:\/\/www.casadelectores.com\/","logo":{"@type":"ImageObject","inLanguage":"es","@id":"https:\/\/www.casadelectores.com\/#\/schema\/logo\/image\/","url":"https:\/\/www.casadelectores.com\/wp-content\/uploads\/2020\/10\/shop-icon.png","contentUrl":"https:\/\/www.casadelectores.com\/wp-content\/uploads\/2020\/10\/shop-icon.png","width":512,"height":512,"caption":"Enam\u00f3rate de las compras"},"image":{"@id":"https:\/\/www.casadelectores.com\/#\/schema\/logo\/image\/"}}]}},"_links":{"self":[{"href":"https:\/\/www.casadelectores.com\/index.php\/wp-json\/wp\/v2\/product\/29757","targetHints":{"allow":["GET"]}}],"collection":[{"href":"https:\/\/www.casadelectores.com\/index.php\/wp-json\/wp\/v2\/product"}],"about":[{"href":"https:\/\/www.casadelectores.com\/index.php\/wp-json\/wp\/v2\/types\/product"}],"wp:featuredmedia":[{"embeddable":true,"href":"https:\/\/www.casadelectores.com\/index.php\/wp-json\/wp\/v2\/media\/29857"}],"wp:attachment":[{"href":"https:\/\/www.casadelectores.com\/index.php\/wp-json\/wp\/v2\/media?parent=29757"}],"wp:term":[{"taxonomy":"product_brand","embeddable":true,"href":"https:\/\/www.casadelectores.com\/index.php\/wp-json\/wp\/v2\/product_brand?post=29757"},{"taxonomy":"product_cat","embeddable":true,"href":"https:\/\/www.casadelectores.com\/index.php\/wp-json\/wp\/v2\/product_cat?post=29757"},{"taxonomy":"product_tag","embeddable":true,"href":"https:\/\/www.casadelectores.com\/index.php\/wp-json\/wp\/v2\/product_tag?post=29757"}],"curies":[{"name":"wp","href":"https:\/\/api.w.org\/{rel}","templated":true}]}}