{"id":29295,"date":"2025-11-25T09:05:15","date_gmt":"2025-11-25T09:05:15","guid":{"rendered":""},"modified":"2025-11-25T09:05:15","modified_gmt":"2025-11-25T09:05:15","slug":"estetica-de-la-interaccion-visual-la-imagen-avatar-y-performance-en-las-redes-sociales-grosshandel-29295","status":"publish","type":"product","link":"https:\/\/www.casadelectores.com\/index.php\/producto\/estetica-de-la-interaccion-visual-la-imagen-avatar-y-performance-en-las-redes-sociales-grosshandel-29295\/","title":{"rendered":"EST\u00c9TICA DE LA INTERACCI\u00d3N VISUAL. LA IMAGEN-AVATAR Y PERFORMANCE EN LAS REDES SOCIALES Gro\u00dfhandel"},"content":{"rendered":"<p>Est\u00e9tica de la interacci\u00f3n visual es un libro que intenta comprender y complejizar el tema de la imagen como paradigma de interacci\u00f3n en la sociedad digital. Basado en la figura del avatar, imagen gr\u00e1fica destinada para interactuar en los mundos 3D, elabora un mapa de la transformaci\u00f3n de ese tipo particular de imagen hacia una avatarizaci\u00f3n en la cultura de las redes sociodigitales.  La propuesta central consiste en proponer el concepto de imagen-avatar como un tipo de imagen digital dispuesta a un proceso de colaboraci\u00f3n, propensa a procesos de alta interpretaci\u00f3n, sujeta a elaborar campos est\u00e9ticos de interacci\u00f3n m\u00e1s que campos de veridicci\u00f3n.  La imagen-avatar en la pr\u00e1ctica de las redes sociodigitales pasa por los performance de la auto-actuaci\u00f3n y de la auto-representaci\u00f3n, alterando los procesos de veridicci\u00f3n de s\u00ed. Es sabido que el avatar en la \u00e9poca de la cultura virtual produc\u00eda un marco de abstracci\u00f3n del sujeto, la imagen-avatar por su disgregaci\u00f3n m\u00faltiple en ecolog\u00edas visuales diversas, enfatiza el s\u00ed mismo y al replicarse pasando por muchos espacios de reinterpretaci\u00f3n, elabora un perfor \u00ab,<\/p>\n","protected":false},"excerpt":{"rendered":"<p>Est\u00e9tica de la interacci\u00f3n visual es un libro que intenta comprender y complejizar el tema de la imagen como paradigma de interacci\u00f3n en la sociedad digital. Basado en la figura del avatar, imagen gr\u00e1fica destinada para interactuar en los mundos 3D, elabora un mapa de la transformaci\u00f3n de ese tipo particular de imagen hacia una&hellip;&nbsp;<a href=\"https:\/\/www.casadelectores.com\/index.php\/producto\/estetica-de-la-interaccion-visual-la-imagen-avatar-y-performance-en-las-redes-sociales-grosshandel-29295\/\" rel=\"bookmark\"><span class=\"screen-reader-text\">EST\u00c9TICA DE LA INTERACCI\u00d3N VISUAL. LA IMAGEN-AVATAR Y PERFORMANCE EN LAS REDES SOCIALES Gro\u00dfhandel<\/span><\/a><\/p>\n","protected":false},"featured_media":29395,"template":"","meta":{"neve_meta_sidebar":"","neve_meta_container":"","neve_meta_enable_content_width":"","neve_meta_content_width":0,"neve_meta_title_alignment":"","neve_meta_author_avatar":"","neve_post_elements_order":"","neve_meta_disable_header":"","neve_meta_disable_footer":"","neve_meta_disable_title":"","_themeisle_gutenberg_block_has_review":false},"product_brand":[],"product_cat":[26],"product_tag":[],"class_list":["post-29295","product","type-product","status-publish","has-post-thumbnail","product_cat-publicaciones-de-libros","first","instock","sale","shipping-taxable","purchasable","product-type-simple"],"yoast_head":"<!-- This site is optimized with the Yoast SEO plugin v26.3 - https:\/\/yoast.com\/wordpress\/plugins\/seo\/ -->\n<title>EST\u00c9TICA DE LA INTERACCI\u00d3N VISUAL. LA IMAGEN-AVATAR Y PERFORMANCE EN LAS REDES SOCIALES Gro\u00dfhandel - casadelectores<\/title>\n<meta name=\"robots\" content=\"index, follow, max-snippet:-1, max-image-preview:large, max-video-preview:-1\" \/>\n<link rel=\"canonical\" href=\"https:\/\/www.casadelectores.com\/index.php\/producto\/estetica-de-la-interaccion-visual-la-imagen-avatar-y-performance-en-las-redes-sociales-grosshandel-29295\/\" \/>\n<meta property=\"og:locale\" content=\"es_ES\" \/>\n<meta property=\"og:type\" content=\"article\" \/>\n<meta property=\"og:title\" content=\"EST\u00c9TICA DE LA INTERACCI\u00d3N VISUAL. LA IMAGEN-AVATAR Y PERFORMANCE EN LAS REDES SOCIALES Gro\u00dfhandel - casadelectores\" \/>\n<meta property=\"og:description\" content=\"Est\u00e9tica de la interacci\u00f3n visual es un libro que intenta comprender y complejizar el tema de la imagen como paradigma de interacci\u00f3n en la sociedad digital. Basado en la figura del avatar, imagen gr\u00e1fica destinada para interactuar en los mundos 3D, elabora un mapa de la transformaci\u00f3n de ese tipo particular de imagen hacia una&hellip;&nbsp;EST\u00c9TICA DE LA INTERACCI\u00d3N VISUAL. LA IMAGEN-AVATAR Y PERFORMANCE EN LAS REDES SOCIALES Gro\u00dfhandel\" \/>\n<meta property=\"og:url\" content=\"https:\/\/www.casadelectores.com\/index.php\/producto\/estetica-de-la-interaccion-visual-la-imagen-avatar-y-performance-en-las-redes-sociales-grosshandel-29295\/\" \/>\n<meta property=\"og:site_name\" content=\"casadelectores\" \/>\n<meta property=\"og:image\" content=\"https:\/\/www.casadelectores.com\/wp-content\/uploads\/2025\/SK0191343-DE20251119-101116-0-1763518286-978841769046.webp\" \/>\n\t<meta property=\"og:image:width\" content=\"300\" \/>\n\t<meta property=\"og:image:height\" content=\"441\" \/>\n\t<meta property=\"og:image:type\" content=\"image\/webp\" \/>\n<meta name=\"twitter:card\" content=\"summary_large_image\" \/>\n<meta name=\"twitter:label1\" content=\"Tiempo de lectura\" \/>\n\t<meta name=\"twitter:data1\" content=\"1 minuto\" \/>\n<script type=\"application\/ld+json\" class=\"yoast-schema-graph\">{\"@context\":\"https:\/\/schema.org\",\"@graph\":[{\"@type\":\"WebPage\",\"@id\":\"https:\/\/www.casadelectores.com\/index.php\/producto\/estetica-de-la-interaccion-visual-la-imagen-avatar-y-performance-en-las-redes-sociales-grosshandel-29295\/\",\"url\":\"https:\/\/www.casadelectores.com\/index.php\/producto\/estetica-de-la-interaccion-visual-la-imagen-avatar-y-performance-en-las-redes-sociales-grosshandel-29295\/\",\"name\":\"EST\u00c9TICA DE LA INTERACCI\u00d3N VISUAL. LA IMAGEN-AVATAR Y PERFORMANCE EN LAS REDES SOCIALES Gro\u00dfhandel - casadelectores\",\"isPartOf\":{\"@id\":\"https:\/\/www.casadelectores.com\/#website\"},\"primaryImageOfPage\":{\"@id\":\"https:\/\/www.casadelectores.com\/index.php\/producto\/estetica-de-la-interaccion-visual-la-imagen-avatar-y-performance-en-las-redes-sociales-grosshandel-29295\/#primaryimage\"},\"image\":{\"@id\":\"https:\/\/www.casadelectores.com\/index.php\/producto\/estetica-de-la-interaccion-visual-la-imagen-avatar-y-performance-en-las-redes-sociales-grosshandel-29295\/#primaryimage\"},\"thumbnailUrl\":\"https:\/\/www.casadelectores.com\/wp-content\/uploads\/2025\/SK0191343-DE20251119-101116-0-1763518286-978841769046.webp\",\"datePublished\":\"2025-11-25T09:05:15+00:00\",\"breadcrumb\":{\"@id\":\"https:\/\/www.casadelectores.com\/index.php\/producto\/estetica-de-la-interaccion-visual-la-imagen-avatar-y-performance-en-las-redes-sociales-grosshandel-29295\/#breadcrumb\"},\"inLanguage\":\"es\",\"potentialAction\":[{\"@type\":\"ReadAction\",\"target\":[\"https:\/\/www.casadelectores.com\/index.php\/producto\/estetica-de-la-interaccion-visual-la-imagen-avatar-y-performance-en-las-redes-sociales-grosshandel-29295\/\"]}]},{\"@type\":\"ImageObject\",\"inLanguage\":\"es\",\"@id\":\"https:\/\/www.casadelectores.com\/index.php\/producto\/estetica-de-la-interaccion-visual-la-imagen-avatar-y-performance-en-las-redes-sociales-grosshandel-29295\/#primaryimage\",\"url\":\"https:\/\/www.casadelectores.com\/wp-content\/uploads\/2025\/SK0191343-DE20251119-101116-0-1763518286-978841769046.webp\",\"contentUrl\":\"https:\/\/www.casadelectores.com\/wp-content\/uploads\/2025\/SK0191343-DE20251119-101116-0-1763518286-978841769046.webp\",\"width\":300,\"height\":441},{\"@type\":\"BreadcrumbList\",\"@id\":\"https:\/\/www.casadelectores.com\/index.php\/producto\/estetica-de-la-interaccion-visual-la-imagen-avatar-y-performance-en-las-redes-sociales-grosshandel-29295\/#breadcrumb\",\"itemListElement\":[{\"@type\":\"ListItem\",\"position\":1,\"name\":\"Portada\",\"item\":\"https:\/\/www.casadelectores.com\/\"},{\"@type\":\"ListItem\",\"position\":2,\"name\":\"Shop\",\"item\":\"https:\/\/www.casadelectores.com\/index.php\/shop\/\"},{\"@type\":\"ListItem\",\"position\":3,\"name\":\"EST\u00c9TICA DE LA INTERACCI\u00d3N VISUAL. LA IMAGEN-AVATAR Y PERFORMANCE EN LAS REDES SOCIALES Gro\u00dfhandel\"}]},{\"@type\":\"WebSite\",\"@id\":\"https:\/\/www.casadelectores.com\/#website\",\"url\":\"https:\/\/www.casadelectores.com\/\",\"name\":\"Enam\u00f3rate de las compras\",\"description\":\"\",\"publisher\":{\"@id\":\"https:\/\/www.casadelectores.com\/#organization\"},\"potentialAction\":[{\"@type\":\"SearchAction\",\"target\":{\"@type\":\"EntryPoint\",\"urlTemplate\":\"https:\/\/www.casadelectores.com\/?s={search_term_string}\"},\"query-input\":{\"@type\":\"PropertyValueSpecification\",\"valueRequired\":true,\"valueName\":\"search_term_string\"}}],\"inLanguage\":\"es\"},{\"@type\":\"Organization\",\"@id\":\"https:\/\/www.casadelectores.com\/#organization\",\"name\":\"Enam\u00f3rate de las compras\",\"url\":\"https:\/\/www.casadelectores.com\/\",\"logo\":{\"@type\":\"ImageObject\",\"inLanguage\":\"es\",\"@id\":\"https:\/\/www.casadelectores.com\/#\/schema\/logo\/image\/\",\"url\":\"https:\/\/www.casadelectores.com\/wp-content\/uploads\/2020\/10\/shop-icon.png\",\"contentUrl\":\"https:\/\/www.casadelectores.com\/wp-content\/uploads\/2020\/10\/shop-icon.png\",\"width\":512,\"height\":512,\"caption\":\"Enam\u00f3rate de las compras\"},\"image\":{\"@id\":\"https:\/\/www.casadelectores.com\/#\/schema\/logo\/image\/\"}}]}<\/script>\n<!-- \/ Yoast SEO plugin. -->","yoast_head_json":{"title":"EST\u00c9TICA DE LA INTERACCI\u00d3N VISUAL. LA IMAGEN-AVATAR Y PERFORMANCE EN LAS REDES SOCIALES Gro\u00dfhandel - casadelectores","robots":{"index":"index","follow":"follow","max-snippet":"max-snippet:-1","max-image-preview":"max-image-preview:large","max-video-preview":"max-video-preview:-1"},"canonical":"https:\/\/www.casadelectores.com\/index.php\/producto\/estetica-de-la-interaccion-visual-la-imagen-avatar-y-performance-en-las-redes-sociales-grosshandel-29295\/","og_locale":"es_ES","og_type":"article","og_title":"EST\u00c9TICA DE LA INTERACCI\u00d3N VISUAL. LA IMAGEN-AVATAR Y PERFORMANCE EN LAS REDES SOCIALES Gro\u00dfhandel - casadelectores","og_description":"Est\u00e9tica de la interacci\u00f3n visual es un libro que intenta comprender y complejizar el tema de la imagen como paradigma de interacci\u00f3n en la sociedad digital. Basado en la figura del avatar, imagen gr\u00e1fica destinada para interactuar en los mundos 3D, elabora un mapa de la transformaci\u00f3n de ese tipo particular de imagen hacia una&hellip;&nbsp;EST\u00c9TICA DE LA INTERACCI\u00d3N VISUAL. LA IMAGEN-AVATAR Y PERFORMANCE EN LAS REDES SOCIALES Gro\u00dfhandel","og_url":"https:\/\/www.casadelectores.com\/index.php\/producto\/estetica-de-la-interaccion-visual-la-imagen-avatar-y-performance-en-las-redes-sociales-grosshandel-29295\/","og_site_name":"casadelectores","og_image":[{"width":300,"height":441,"url":"https:\/\/www.casadelectores.com\/wp-content\/uploads\/2025\/SK0191343-DE20251119-101116-0-1763518286-978841769046.webp","type":"image\/webp"}],"twitter_card":"summary_large_image","twitter_misc":{"Tiempo de lectura":"1 minuto"},"schema":{"@context":"https:\/\/schema.org","@graph":[{"@type":"WebPage","@id":"https:\/\/www.casadelectores.com\/index.php\/producto\/estetica-de-la-interaccion-visual-la-imagen-avatar-y-performance-en-las-redes-sociales-grosshandel-29295\/","url":"https:\/\/www.casadelectores.com\/index.php\/producto\/estetica-de-la-interaccion-visual-la-imagen-avatar-y-performance-en-las-redes-sociales-grosshandel-29295\/","name":"EST\u00c9TICA DE LA INTERACCI\u00d3N VISUAL. LA IMAGEN-AVATAR Y PERFORMANCE EN LAS REDES SOCIALES Gro\u00dfhandel - casadelectores","isPartOf":{"@id":"https:\/\/www.casadelectores.com\/#website"},"primaryImageOfPage":{"@id":"https:\/\/www.casadelectores.com\/index.php\/producto\/estetica-de-la-interaccion-visual-la-imagen-avatar-y-performance-en-las-redes-sociales-grosshandel-29295\/#primaryimage"},"image":{"@id":"https:\/\/www.casadelectores.com\/index.php\/producto\/estetica-de-la-interaccion-visual-la-imagen-avatar-y-performance-en-las-redes-sociales-grosshandel-29295\/#primaryimage"},"thumbnailUrl":"https:\/\/www.casadelectores.com\/wp-content\/uploads\/2025\/SK0191343-DE20251119-101116-0-1763518286-978841769046.webp","datePublished":"2025-11-25T09:05:15+00:00","breadcrumb":{"@id":"https:\/\/www.casadelectores.com\/index.php\/producto\/estetica-de-la-interaccion-visual-la-imagen-avatar-y-performance-en-las-redes-sociales-grosshandel-29295\/#breadcrumb"},"inLanguage":"es","potentialAction":[{"@type":"ReadAction","target":["https:\/\/www.casadelectores.com\/index.php\/producto\/estetica-de-la-interaccion-visual-la-imagen-avatar-y-performance-en-las-redes-sociales-grosshandel-29295\/"]}]},{"@type":"ImageObject","inLanguage":"es","@id":"https:\/\/www.casadelectores.com\/index.php\/producto\/estetica-de-la-interaccion-visual-la-imagen-avatar-y-performance-en-las-redes-sociales-grosshandel-29295\/#primaryimage","url":"https:\/\/www.casadelectores.com\/wp-content\/uploads\/2025\/SK0191343-DE20251119-101116-0-1763518286-978841769046.webp","contentUrl":"https:\/\/www.casadelectores.com\/wp-content\/uploads\/2025\/SK0191343-DE20251119-101116-0-1763518286-978841769046.webp","width":300,"height":441},{"@type":"BreadcrumbList","@id":"https:\/\/www.casadelectores.com\/index.php\/producto\/estetica-de-la-interaccion-visual-la-imagen-avatar-y-performance-en-las-redes-sociales-grosshandel-29295\/#breadcrumb","itemListElement":[{"@type":"ListItem","position":1,"name":"Portada","item":"https:\/\/www.casadelectores.com\/"},{"@type":"ListItem","position":2,"name":"Shop","item":"https:\/\/www.casadelectores.com\/index.php\/shop\/"},{"@type":"ListItem","position":3,"name":"EST\u00c9TICA DE LA INTERACCI\u00d3N VISUAL. LA IMAGEN-AVATAR Y PERFORMANCE EN LAS REDES SOCIALES Gro\u00dfhandel"}]},{"@type":"WebSite","@id":"https:\/\/www.casadelectores.com\/#website","url":"https:\/\/www.casadelectores.com\/","name":"Enam\u00f3rate de las compras","description":"","publisher":{"@id":"https:\/\/www.casadelectores.com\/#organization"},"potentialAction":[{"@type":"SearchAction","target":{"@type":"EntryPoint","urlTemplate":"https:\/\/www.casadelectores.com\/?s={search_term_string}"},"query-input":{"@type":"PropertyValueSpecification","valueRequired":true,"valueName":"search_term_string"}}],"inLanguage":"es"},{"@type":"Organization","@id":"https:\/\/www.casadelectores.com\/#organization","name":"Enam\u00f3rate de las compras","url":"https:\/\/www.casadelectores.com\/","logo":{"@type":"ImageObject","inLanguage":"es","@id":"https:\/\/www.casadelectores.com\/#\/schema\/logo\/image\/","url":"https:\/\/www.casadelectores.com\/wp-content\/uploads\/2020\/10\/shop-icon.png","contentUrl":"https:\/\/www.casadelectores.com\/wp-content\/uploads\/2020\/10\/shop-icon.png","width":512,"height":512,"caption":"Enam\u00f3rate de las compras"},"image":{"@id":"https:\/\/www.casadelectores.com\/#\/schema\/logo\/image\/"}}]}},"_links":{"self":[{"href":"https:\/\/www.casadelectores.com\/index.php\/wp-json\/wp\/v2\/product\/29295","targetHints":{"allow":["GET"]}}],"collection":[{"href":"https:\/\/www.casadelectores.com\/index.php\/wp-json\/wp\/v2\/product"}],"about":[{"href":"https:\/\/www.casadelectores.com\/index.php\/wp-json\/wp\/v2\/types\/product"}],"wp:featuredmedia":[{"embeddable":true,"href":"https:\/\/www.casadelectores.com\/index.php\/wp-json\/wp\/v2\/media\/29395"}],"wp:attachment":[{"href":"https:\/\/www.casadelectores.com\/index.php\/wp-json\/wp\/v2\/media?parent=29295"}],"wp:term":[{"taxonomy":"product_brand","embeddable":true,"href":"https:\/\/www.casadelectores.com\/index.php\/wp-json\/wp\/v2\/product_brand?post=29295"},{"taxonomy":"product_cat","embeddable":true,"href":"https:\/\/www.casadelectores.com\/index.php\/wp-json\/wp\/v2\/product_cat?post=29295"},{"taxonomy":"product_tag","embeddable":true,"href":"https:\/\/www.casadelectores.com\/index.php\/wp-json\/wp\/v2\/product_tag?post=29295"}],"curies":[{"name":"wp","href":"https:\/\/api.w.org\/{rel}","templated":true}]}}