{"id":29161,"date":"2025-11-25T09:05:15","date_gmt":"2025-11-25T09:05:15","guid":{"rendered":""},"modified":"2025-11-25T09:05:15","modified_gmt":"2025-11-25T09:05:15","slug":"etica-de-la-comunicacion-sonderangebot-29161","status":"publish","type":"product","link":"https:\/\/www.casadelectores.com\/index.php\/producto\/etica-de-la-comunicacion-sonderangebot-29161\/","title":{"rendered":"\u00c9TICA DE LA COMUNICACI\u00d3N Sonderangebot"},"content":{"rendered":"<p>\u00c9tica de la comunicaci\u00f3n conecta la acci\u00f3n con el sentido de la vida. La condici\u00f3n existencial del comunicador est\u00e1 vinculada necesariamente a la generaci\u00f3n de un capital simb\u00f3lico que sostiene la vida de la sociedad. No es un tratado exclusivo de normas deontol\u00f3gicas, sino una reflexi\u00f3n de por qu\u00e9 ser \u00e9tico, en su expresi\u00f3n aristot\u00e9lica de alcanzar en mayor medida aquello que uno aspira a ser.  Frente a la \u00e9tica l\u00edquida de una posmodernidad sujeta a las oportunidades de las circunstancias, \u00c9tica de la comunicaci\u00f3n desarrolla los argumentos bas\u00e1ndose en la convicci\u00f3n de la dignidad de las personas por encima de cualquier inter\u00e9s particular. Porque el n\u00facleo de la vida es la \u00e9tica humana, el compromiso con sus valores, y una acci\u00f3n que priorice la verdad de estos valores. Todo lo cual culmina con el derecho y el deber de procurar una comunicaci\u00f3n basada en la verdad y la justicia social. \u00ab,<\/p>\n","protected":false},"excerpt":{"rendered":"<p>\u00c9tica de la comunicaci\u00f3n conecta la acci\u00f3n con el sentido de la vida. La condici\u00f3n existencial del comunicador est\u00e1 vinculada necesariamente a la generaci\u00f3n de un capital simb\u00f3lico que sostiene la vida de la sociedad. No es un tratado exclusivo de normas deontol\u00f3gicas, sino una reflexi\u00f3n de por qu\u00e9 ser \u00e9tico, en su expresi\u00f3n aristot\u00e9lica&hellip;&nbsp;<a href=\"https:\/\/www.casadelectores.com\/index.php\/producto\/etica-de-la-comunicacion-sonderangebot-29161\/\" rel=\"bookmark\"><span class=\"screen-reader-text\">\u00c9TICA DE LA COMUNICACI\u00d3N Sonderangebot<\/span><\/a><\/p>\n","protected":false},"featured_media":29261,"template":"","meta":{"neve_meta_sidebar":"","neve_meta_container":"","neve_meta_enable_content_width":"","neve_meta_content_width":0,"neve_meta_title_alignment":"","neve_meta_author_avatar":"","neve_post_elements_order":"","neve_meta_disable_header":"","neve_meta_disable_footer":"","neve_meta_disable_title":"","_themeisle_gutenberg_block_has_review":false},"product_brand":[],"product_cat":[26],"product_tag":[],"class_list":["post-29161","product","type-product","status-publish","has-post-thumbnail","product_cat-publicaciones-de-libros","first","instock","sale","shipping-taxable","purchasable","product-type-simple"],"yoast_head":"<!-- This site is optimized with the Yoast SEO plugin v26.3 - https:\/\/yoast.com\/wordpress\/plugins\/seo\/ -->\n<title>\u00c9TICA DE LA COMUNICACI\u00d3N Sonderangebot - casadelectores<\/title>\n<meta name=\"robots\" content=\"index, follow, max-snippet:-1, max-image-preview:large, max-video-preview:-1\" \/>\n<link rel=\"canonical\" href=\"https:\/\/www.casadelectores.com\/index.php\/producto\/etica-de-la-comunicacion-sonderangebot-29161\/\" \/>\n<meta property=\"og:locale\" content=\"es_ES\" \/>\n<meta property=\"og:type\" content=\"article\" \/>\n<meta property=\"og:title\" content=\"\u00c9TICA DE LA COMUNICACI\u00d3N Sonderangebot - casadelectores\" \/>\n<meta property=\"og:description\" content=\"\u00c9tica de la comunicaci\u00f3n conecta la acci\u00f3n con el sentido de la vida. La condici\u00f3n existencial del comunicador est\u00e1 vinculada necesariamente a la generaci\u00f3n de un capital simb\u00f3lico que sostiene la vida de la sociedad. No es un tratado exclusivo de normas deontol\u00f3gicas, sino una reflexi\u00f3n de por qu\u00e9 ser \u00e9tico, en su expresi\u00f3n aristot\u00e9lica&hellip;&nbsp;\u00c9TICA DE LA COMUNICACI\u00d3N Sonderangebot\" \/>\n<meta property=\"og:url\" content=\"https:\/\/www.casadelectores.com\/index.php\/producto\/etica-de-la-comunicacion-sonderangebot-29161\/\" \/>\n<meta property=\"og:site_name\" content=\"casadelectores\" \/>\n<meta property=\"og:image\" content=\"https:\/\/www.casadelectores.com\/wp-content\/uploads\/2025\/SK0191207-DE20251119-101116-0-1763518286-978841734159.webp\" \/>\n\t<meta property=\"og:image:width\" content=\"300\" \/>\n\t<meta property=\"og:image:height\" content=\"445\" \/>\n\t<meta property=\"og:image:type\" content=\"image\/webp\" \/>\n<meta name=\"twitter:card\" content=\"summary_large_image\" \/>\n<meta name=\"twitter:label1\" content=\"Tiempo de lectura\" \/>\n\t<meta name=\"twitter:data1\" content=\"1 minuto\" \/>\n<script type=\"application\/ld+json\" class=\"yoast-schema-graph\">{\"@context\":\"https:\/\/schema.org\",\"@graph\":[{\"@type\":\"WebPage\",\"@id\":\"https:\/\/www.casadelectores.com\/index.php\/producto\/etica-de-la-comunicacion-sonderangebot-29161\/\",\"url\":\"https:\/\/www.casadelectores.com\/index.php\/producto\/etica-de-la-comunicacion-sonderangebot-29161\/\",\"name\":\"\u00c9TICA DE LA COMUNICACI\u00d3N Sonderangebot - casadelectores\",\"isPartOf\":{\"@id\":\"https:\/\/www.casadelectores.com\/#website\"},\"primaryImageOfPage\":{\"@id\":\"https:\/\/www.casadelectores.com\/index.php\/producto\/etica-de-la-comunicacion-sonderangebot-29161\/#primaryimage\"},\"image\":{\"@id\":\"https:\/\/www.casadelectores.com\/index.php\/producto\/etica-de-la-comunicacion-sonderangebot-29161\/#primaryimage\"},\"thumbnailUrl\":\"https:\/\/www.casadelectores.com\/wp-content\/uploads\/2025\/SK0191207-DE20251119-101116-0-1763518286-978841734159.webp\",\"datePublished\":\"2025-11-25T09:05:15+00:00\",\"breadcrumb\":{\"@id\":\"https:\/\/www.casadelectores.com\/index.php\/producto\/etica-de-la-comunicacion-sonderangebot-29161\/#breadcrumb\"},\"inLanguage\":\"es\",\"potentialAction\":[{\"@type\":\"ReadAction\",\"target\":[\"https:\/\/www.casadelectores.com\/index.php\/producto\/etica-de-la-comunicacion-sonderangebot-29161\/\"]}]},{\"@type\":\"ImageObject\",\"inLanguage\":\"es\",\"@id\":\"https:\/\/www.casadelectores.com\/index.php\/producto\/etica-de-la-comunicacion-sonderangebot-29161\/#primaryimage\",\"url\":\"https:\/\/www.casadelectores.com\/wp-content\/uploads\/2025\/SK0191207-DE20251119-101116-0-1763518286-978841734159.webp\",\"contentUrl\":\"https:\/\/www.casadelectores.com\/wp-content\/uploads\/2025\/SK0191207-DE20251119-101116-0-1763518286-978841734159.webp\",\"width\":300,\"height\":445},{\"@type\":\"BreadcrumbList\",\"@id\":\"https:\/\/www.casadelectores.com\/index.php\/producto\/etica-de-la-comunicacion-sonderangebot-29161\/#breadcrumb\",\"itemListElement\":[{\"@type\":\"ListItem\",\"position\":1,\"name\":\"Portada\",\"item\":\"https:\/\/www.casadelectores.com\/\"},{\"@type\":\"ListItem\",\"position\":2,\"name\":\"Shop\",\"item\":\"https:\/\/www.casadelectores.com\/index.php\/shop\/\"},{\"@type\":\"ListItem\",\"position\":3,\"name\":\"\u00c9TICA DE LA COMUNICACI\u00d3N Sonderangebot\"}]},{\"@type\":\"WebSite\",\"@id\":\"https:\/\/www.casadelectores.com\/#website\",\"url\":\"https:\/\/www.casadelectores.com\/\",\"name\":\"Enam\u00f3rate de las compras\",\"description\":\"\",\"publisher\":{\"@id\":\"https:\/\/www.casadelectores.com\/#organization\"},\"potentialAction\":[{\"@type\":\"SearchAction\",\"target\":{\"@type\":\"EntryPoint\",\"urlTemplate\":\"https:\/\/www.casadelectores.com\/?s={search_term_string}\"},\"query-input\":{\"@type\":\"PropertyValueSpecification\",\"valueRequired\":true,\"valueName\":\"search_term_string\"}}],\"inLanguage\":\"es\"},{\"@type\":\"Organization\",\"@id\":\"https:\/\/www.casadelectores.com\/#organization\",\"name\":\"Enam\u00f3rate de las compras\",\"url\":\"https:\/\/www.casadelectores.com\/\",\"logo\":{\"@type\":\"ImageObject\",\"inLanguage\":\"es\",\"@id\":\"https:\/\/www.casadelectores.com\/#\/schema\/logo\/image\/\",\"url\":\"https:\/\/www.casadelectores.com\/wp-content\/uploads\/2020\/10\/shop-icon.png\",\"contentUrl\":\"https:\/\/www.casadelectores.com\/wp-content\/uploads\/2020\/10\/shop-icon.png\",\"width\":512,\"height\":512,\"caption\":\"Enam\u00f3rate de las compras\"},\"image\":{\"@id\":\"https:\/\/www.casadelectores.com\/#\/schema\/logo\/image\/\"}}]}<\/script>\n<!-- \/ Yoast SEO plugin. -->","yoast_head_json":{"title":"\u00c9TICA DE LA COMUNICACI\u00d3N Sonderangebot - casadelectores","robots":{"index":"index","follow":"follow","max-snippet":"max-snippet:-1","max-image-preview":"max-image-preview:large","max-video-preview":"max-video-preview:-1"},"canonical":"https:\/\/www.casadelectores.com\/index.php\/producto\/etica-de-la-comunicacion-sonderangebot-29161\/","og_locale":"es_ES","og_type":"article","og_title":"\u00c9TICA DE LA COMUNICACI\u00d3N Sonderangebot - casadelectores","og_description":"\u00c9tica de la comunicaci\u00f3n conecta la acci\u00f3n con el sentido de la vida. La condici\u00f3n existencial del comunicador est\u00e1 vinculada necesariamente a la generaci\u00f3n de un capital simb\u00f3lico que sostiene la vida de la sociedad. No es un tratado exclusivo de normas deontol\u00f3gicas, sino una reflexi\u00f3n de por qu\u00e9 ser \u00e9tico, en su expresi\u00f3n aristot\u00e9lica&hellip;&nbsp;\u00c9TICA DE LA COMUNICACI\u00d3N Sonderangebot","og_url":"https:\/\/www.casadelectores.com\/index.php\/producto\/etica-de-la-comunicacion-sonderangebot-29161\/","og_site_name":"casadelectores","og_image":[{"width":300,"height":445,"url":"https:\/\/www.casadelectores.com\/wp-content\/uploads\/2025\/SK0191207-DE20251119-101116-0-1763518286-978841734159.webp","type":"image\/webp"}],"twitter_card":"summary_large_image","twitter_misc":{"Tiempo de lectura":"1 minuto"},"schema":{"@context":"https:\/\/schema.org","@graph":[{"@type":"WebPage","@id":"https:\/\/www.casadelectores.com\/index.php\/producto\/etica-de-la-comunicacion-sonderangebot-29161\/","url":"https:\/\/www.casadelectores.com\/index.php\/producto\/etica-de-la-comunicacion-sonderangebot-29161\/","name":"\u00c9TICA DE LA COMUNICACI\u00d3N Sonderangebot - casadelectores","isPartOf":{"@id":"https:\/\/www.casadelectores.com\/#website"},"primaryImageOfPage":{"@id":"https:\/\/www.casadelectores.com\/index.php\/producto\/etica-de-la-comunicacion-sonderangebot-29161\/#primaryimage"},"image":{"@id":"https:\/\/www.casadelectores.com\/index.php\/producto\/etica-de-la-comunicacion-sonderangebot-29161\/#primaryimage"},"thumbnailUrl":"https:\/\/www.casadelectores.com\/wp-content\/uploads\/2025\/SK0191207-DE20251119-101116-0-1763518286-978841734159.webp","datePublished":"2025-11-25T09:05:15+00:00","breadcrumb":{"@id":"https:\/\/www.casadelectores.com\/index.php\/producto\/etica-de-la-comunicacion-sonderangebot-29161\/#breadcrumb"},"inLanguage":"es","potentialAction":[{"@type":"ReadAction","target":["https:\/\/www.casadelectores.com\/index.php\/producto\/etica-de-la-comunicacion-sonderangebot-29161\/"]}]},{"@type":"ImageObject","inLanguage":"es","@id":"https:\/\/www.casadelectores.com\/index.php\/producto\/etica-de-la-comunicacion-sonderangebot-29161\/#primaryimage","url":"https:\/\/www.casadelectores.com\/wp-content\/uploads\/2025\/SK0191207-DE20251119-101116-0-1763518286-978841734159.webp","contentUrl":"https:\/\/www.casadelectores.com\/wp-content\/uploads\/2025\/SK0191207-DE20251119-101116-0-1763518286-978841734159.webp","width":300,"height":445},{"@type":"BreadcrumbList","@id":"https:\/\/www.casadelectores.com\/index.php\/producto\/etica-de-la-comunicacion-sonderangebot-29161\/#breadcrumb","itemListElement":[{"@type":"ListItem","position":1,"name":"Portada","item":"https:\/\/www.casadelectores.com\/"},{"@type":"ListItem","position":2,"name":"Shop","item":"https:\/\/www.casadelectores.com\/index.php\/shop\/"},{"@type":"ListItem","position":3,"name":"\u00c9TICA DE LA COMUNICACI\u00d3N Sonderangebot"}]},{"@type":"WebSite","@id":"https:\/\/www.casadelectores.com\/#website","url":"https:\/\/www.casadelectores.com\/","name":"Enam\u00f3rate de las compras","description":"","publisher":{"@id":"https:\/\/www.casadelectores.com\/#organization"},"potentialAction":[{"@type":"SearchAction","target":{"@type":"EntryPoint","urlTemplate":"https:\/\/www.casadelectores.com\/?s={search_term_string}"},"query-input":{"@type":"PropertyValueSpecification","valueRequired":true,"valueName":"search_term_string"}}],"inLanguage":"es"},{"@type":"Organization","@id":"https:\/\/www.casadelectores.com\/#organization","name":"Enam\u00f3rate de las compras","url":"https:\/\/www.casadelectores.com\/","logo":{"@type":"ImageObject","inLanguage":"es","@id":"https:\/\/www.casadelectores.com\/#\/schema\/logo\/image\/","url":"https:\/\/www.casadelectores.com\/wp-content\/uploads\/2020\/10\/shop-icon.png","contentUrl":"https:\/\/www.casadelectores.com\/wp-content\/uploads\/2020\/10\/shop-icon.png","width":512,"height":512,"caption":"Enam\u00f3rate de las compras"},"image":{"@id":"https:\/\/www.casadelectores.com\/#\/schema\/logo\/image\/"}}]}},"_links":{"self":[{"href":"https:\/\/www.casadelectores.com\/index.php\/wp-json\/wp\/v2\/product\/29161","targetHints":{"allow":["GET"]}}],"collection":[{"href":"https:\/\/www.casadelectores.com\/index.php\/wp-json\/wp\/v2\/product"}],"about":[{"href":"https:\/\/www.casadelectores.com\/index.php\/wp-json\/wp\/v2\/types\/product"}],"wp:featuredmedia":[{"embeddable":true,"href":"https:\/\/www.casadelectores.com\/index.php\/wp-json\/wp\/v2\/media\/29261"}],"wp:attachment":[{"href":"https:\/\/www.casadelectores.com\/index.php\/wp-json\/wp\/v2\/media?parent=29161"}],"wp:term":[{"taxonomy":"product_brand","embeddable":true,"href":"https:\/\/www.casadelectores.com\/index.php\/wp-json\/wp\/v2\/product_brand?post=29161"},{"taxonomy":"product_cat","embeddable":true,"href":"https:\/\/www.casadelectores.com\/index.php\/wp-json\/wp\/v2\/product_cat?post=29161"},{"taxonomy":"product_tag","embeddable":true,"href":"https:\/\/www.casadelectores.com\/index.php\/wp-json\/wp\/v2\/product_tag?post=29161"}],"curies":[{"name":"wp","href":"https:\/\/api.w.org\/{rel}","templated":true}]}}